{"id":7006,"date":"2021-08-26T15:21:08","date_gmt":"2021-08-26T13:21:08","guid":{"rendered":"https:\/\/www.kosiceregion.com\/?post_type=ambassador&#038;p=7006"},"modified":"2023-07-18T16:49:47","modified_gmt":"2023-07-18T14:49:47","slug":"milan-kolcun-bummel-durch-die-stadt-kosice","status":"publish","type":"ambassador","link":"https:\/\/www.kosiceregion.com\/de\/ambassador\/milan-kolcun-bummel-durch-die-stadt-kosice\/","title":{"rendered":"Milan Kolc\u00fan \u2013 BUMMEL DURCH DIE STADT KO\u0160ICE","raw":"Milan Kolc\u00fan \u2013 BUMMEL DURCH DIE STADT KO\u0160ICE"},"excerpt":{"rendered":"","protected":false,"raw":""},"author":10,"menu_order":0,"template":"","format":"standard","meta":{"_acf_changed":false,"_sk_post_content":"","_sk_post_name":"milan-kolcun-potulky-mestom-kosice","_sk_post_excerpt":"","_sk_post_title":"Milan Kolc\u00fan - POTULKY MESTOM KO\u0160ICE","_en_post_content":"","_en_post_name":"milan-kolcun-potulky-mestom-kosice","_en_post_excerpt":"","_en_post_title":"Milan Kolc\u00fan \u2013 RAMBLES THROUGH THE CITY OF KO\u0160ICE","_hu_post_content":"","_hu_post_name":"milan-kolcun-potulky-mestom-kosice","_hu_post_excerpt":"","_hu_post_title":"Milan Kolc\u00fan - KASSAI BARANGOL\u00c1SOK","_es_post_content":"","_es_post_name":"","_es_post_excerpt":"","_es_post_title":"","_de_post_content":"","_de_post_name":"milan-kolcun-bummel-durch-die-stadt-kosice","_de_post_excerpt":"","_de_post_title":"Milan Kolc\u00fan \u2013 BUMMEL DURCH DIE STADT KO\u0160ICE","_pl_post_content":"","_pl_post_name":"milan-kolcun-potulky-mestom-kosice","_pl_post_excerpt":"","_pl_post_title":"","_it_post_content":"","_it_post_name":"","_it_post_excerpt":"","_it_post_title":"","edit_language":"de"},"topic_group":[431],"class_list":["post-7006","ambassador","type-ambassador","status-publish","format-standard","hentry","topic_group-mesto-ako-galeria"],"acf":[],"yoast_head":"<!-- This site is optimized with the Yoast SEO Premium plugin v25.5 (Yoast SEO v27.4) - https:\/\/yoast.com\/product\/yoast-seo-premium-wordpress\/ -->\n<title>Ko\u0161ice Regi\u00f3n<\/title>\n<meta name=\"description\" content=\"Nyelvtud\u00e1s\u00e1nak \u00e9s ismereteinek k\u00f6sz\u00f6nhet\u0151en az \u00fatik\u00f6nyveken is t\u00faltesz. Angolul, oroszul, spanyolul \u00e9s szlov\u00e1kul tartja izgalmas v\u00e1rosn\u00e9z\u0151 s\u00e9t\u00e1it, seg\u00edti a t\u00e1j\u00e9koz\u00f3d\u00e1st \u00e9s ak\u00e1r a hazaiaknak is tud \u00fajat mondani arr\u00f3l, hogy mi volt, mi van \u00e9s mi lehet m\u00e9g Kass\u00e1n.\u00a0 \u201eS\u00fag\u00f3 n\u00e9lk\u00fcl\u201d \/Bez \u0161epk\u00e1ra\/ c. saj\u00e1t talkshowj\u00e1ban ismert szem\u00e9lyis\u00e9geket faggat.\" \/>\n<meta name=\"robots\" content=\"index, follow, max-snippet:-1, max-image-preview:large, max-video-preview:-1\" \/>\n<link rel=\"canonical\" href=\"https:\/\/www.kosiceregion.com\/pl\/ambassador\/milan-kolcun-potulky-mestom-kosice\/\" \/>\n<meta property=\"og:locale\" content=\"de_DE\" \/>\n<meta property=\"og:type\" content=\"article\" \/>\n<meta property=\"og:title\" content=\"Milan Kolc\u00fan - POTULKY MESTOM KO\u0160ICE\" \/>\n<meta property=\"og:description\" content=\"Nyelvtud\u00e1s\u00e1nak \u00e9s ismereteinek k\u00f6sz\u00f6nhet\u0151en az \u00fatik\u00f6nyveken is t\u00faltesz. Angolul, oroszul, spanyolul \u00e9s szlov\u00e1kul tartja izgalmas v\u00e1rosn\u00e9z\u0151 s\u00e9t\u00e1it, seg\u00edti a t\u00e1j\u00e9koz\u00f3d\u00e1st \u00e9s ak\u00e1r a hazaiaknak is tud \u00fajat mondani arr\u00f3l, hogy mi volt, mi van \u00e9s mi lehet m\u00e9g Kass\u00e1n.\u00a0 \u201eS\u00fag\u00f3 n\u00e9lk\u00fcl\u201d \/Bez \u0161epk\u00e1ra\/ c. saj\u00e1t talkshowj\u00e1ban ismert szem\u00e9lyis\u00e9geket faggat.\" \/>\n<meta property=\"og:url\" content=\"https:\/\/www.kosiceregion.com\/de\/wp-json\/wp\/v2\/ambassador\/7006\" \/>\n<meta property=\"og:site_name\" content=\"Ko\u0161ice Regi\u00f3n\" \/>\n<meta property=\"article:publisher\" content=\"https:\/\/www.facebook.com\/kosiceregion\" \/>\n<meta property=\"article:modified_time\" content=\"2023-07-18T14:49:47+00:00\" \/>\n<meta property=\"og:image\" content=\"https:\/\/www.kosiceregion.com\/wp-content\/uploads\/2019\/03\/logo-web-sk.png\" \/>\n\t<meta property=\"og:image:width\" content=\"225\" \/>\n\t<meta property=\"og:image:height\" content=\"100\" \/>\n\t<meta property=\"og:image:type\" content=\"image\/png\" \/>\n<meta name=\"twitter:card\" content=\"summary_large_image\" \/>\n<meta name=\"twitter:site\" content=\"@KOSICEREGION\" \/>\n<script type=\"application\/ld+json\" class=\"yoast-schema-graph\">{\"@context\":\"https:\\\/\\\/schema.org\",\"@graph\":[{\"@type\":\"WebPage\",\"@id\":\"https:\\\/\\\/www.kosiceregion.com\\\/pl\\\/ambassador\\\/milan-kolcun-potulky-mestom-kosice\\\/\",\"url\":\"https:\\\/\\\/www.kosiceregion.com\\\/pl\\\/ambassador\\\/milan-kolcun-potulky-mestom-kosice\\\/\",\"name\":\"Milan Kolc\u00fan - POTULKY MESTOM KO\u0160ICE - Ko\u0161ice Regi\u00f3n\",\"isPartOf\":{\"@id\":\"https:\\\/\\\/www.kosiceregion.com\\\/#website\"},\"datePublished\":\"2021-08-26T13:21:08+00:00\",\"dateModified\":\"2023-07-18T14:49:47+00:00\",\"description\":\"Nyelvtud\u00e1s\u00e1nak \u00e9s ismereteinek k\u00f6sz\u00f6nhet\u0151en az \u00fatik\u00f6nyveken is t\u00faltesz. Angolul, oroszul, spanyolul \u00e9s szlov\u00e1kul tartja izgalmas v\u00e1rosn\u00e9z\u0151 s\u00e9t\u00e1it, seg\u00edti a t\u00e1j\u00e9koz\u00f3d\u00e1st \u00e9s ak\u00e1r a hazaiaknak is tud \u00fajat mondani arr\u00f3l, hogy mi volt, mi van \u00e9s mi lehet m\u00e9g Kass\u00e1n.\u00a0 \u201eS\u00fag\u00f3 n\u00e9lk\u00fcl\u201d \\\/Bez \u0161epk\u00e1ra\\\/ c. saj\u00e1t talkshowj\u00e1ban ismert szem\u00e9lyis\u00e9geket faggat.\",\"breadcrumb\":{\"@id\":\"https:\\\/\\\/www.kosiceregion.com\\\/pl\\\/ambassador\\\/milan-kolcun-potulky-mestom-kosice\\\/#breadcrumb\"},\"inLanguage\":\"de-DE\",\"potentialAction\":[{\"@type\":\"ReadAction\",\"target\":[\"https:\\\/\\\/www.kosiceregion.com\\\/pl\\\/ambassador\\\/milan-kolcun-potulky-mestom-kosice\\\/\"]}]},{\"@type\":\"BreadcrumbList\",\"@id\":\"https:\\\/\\\/www.kosiceregion.com\\\/pl\\\/ambassador\\\/milan-kolcun-potulky-mestom-kosice\\\/#breadcrumb\",\"itemListElement\":[{\"@type\":\"ListItem\",\"position\":1,\"name\":\"Home\",\"item\":\"https:\\\/\\\/www.kosiceregion.com\\\/sk\\\/\"},{\"@type\":\"ListItem\",\"position\":2,\"name\":\"Milan Kolc\u00fan &#8211; POTULKY MESTOM KO\u0160ICE\"}]},{\"@type\":\"WebSite\",\"@id\":\"https:\\\/\\\/www.kosiceregion.com\\\/#website\",\"url\":\"https:\\\/\\\/www.kosiceregion.com\\\/\",\"name\":\"Ko\u0161ice Regi\u00f3n\",\"description\":\"Turistick\u00fd sprievodca Ko\u0161ick\u00fdm krajom\",\"publisher\":{\"@id\":\"https:\\\/\\\/www.kosiceregion.com\\\/#organization\"},\"potentialAction\":[{\"@type\":\"SearchAction\",\"target\":{\"@type\":\"EntryPoint\",\"urlTemplate\":\"https:\\\/\\\/www.kosiceregion.com\\\/?s={search_term_string}\"},\"query-input\":{\"@type\":\"PropertyValueSpecification\",\"valueRequired\":true,\"valueName\":\"search_term_string\"}}],\"inLanguage\":\"de-DE\"},{\"@type\":\"Organization\",\"@id\":\"https:\\\/\\\/www.kosiceregion.com\\\/#organization\",\"name\":\"Ko\u0161ice Regi\u00f3n Turizmus\",\"url\":\"https:\\\/\\\/www.kosiceregion.com\\\/\",\"logo\":{\"@type\":\"ImageObject\",\"inLanguage\":\"de-DE\",\"@id\":\"https:\\\/\\\/www.kosiceregion.com\\\/#\\\/schema\\\/logo\\\/image\\\/\",\"url\":\"https:\\\/\\\/www.kosiceregion.com\\\/wp-content\\\/uploads\\\/2019\\\/03\\\/logo-web-sk.png\",\"contentUrl\":\"https:\\\/\\\/www.kosiceregion.com\\\/wp-content\\\/uploads\\\/2019\\\/03\\\/logo-web-sk.png\",\"width\":225,\"height\":100,\"caption\":\"Ko\u0161ice Regi\u00f3n Turizmus\"},\"image\":{\"@id\":\"https:\\\/\\\/www.kosiceregion.com\\\/#\\\/schema\\\/logo\\\/image\\\/\"},\"sameAs\":[\"https:\\\/\\\/www.facebook.com\\\/kosiceregion\",\"https:\\\/\\\/x.com\\\/KOSICEREGION\",\"https:\\\/\\\/www.instagram.com\\\/kosiceregion\",\"https:\\\/\\\/www.youtube.com\\\/kosiceregion\"]}]}<\/script>\n<!-- \/ Yoast SEO Premium plugin. -->","yoast_head_json":{"title":"Ko\u0161ice Regi\u00f3n","description":"Nyelvtud\u00e1s\u00e1nak \u00e9s ismereteinek k\u00f6sz\u00f6nhet\u0151en az \u00fatik\u00f6nyveken is t\u00faltesz. Angolul, oroszul, spanyolul \u00e9s szlov\u00e1kul tartja izgalmas v\u00e1rosn\u00e9z\u0151 s\u00e9t\u00e1it, seg\u00edti a t\u00e1j\u00e9koz\u00f3d\u00e1st \u00e9s ak\u00e1r a hazaiaknak is tud \u00fajat mondani arr\u00f3l, hogy mi volt, mi van \u00e9s mi lehet m\u00e9g Kass\u00e1n.\u00a0 \u201eS\u00fag\u00f3 n\u00e9lk\u00fcl\u201d \/Bez \u0161epk\u00e1ra\/ c. saj\u00e1t talkshowj\u00e1ban ismert szem\u00e9lyis\u00e9geket faggat.","robots":{"index":"index","follow":"follow","max-snippet":"max-snippet:-1","max-image-preview":"max-image-preview:large","max-video-preview":"max-video-preview:-1"},"canonical":"https:\/\/www.kosiceregion.com\/pl\/ambassador\/milan-kolcun-potulky-mestom-kosice\/","og_locale":"de_DE","og_type":"article","og_title":"Milan Kolc\u00fan - POTULKY MESTOM KO\u0160ICE","og_description":"Nyelvtud\u00e1s\u00e1nak \u00e9s ismereteinek k\u00f6sz\u00f6nhet\u0151en az \u00fatik\u00f6nyveken is t\u00faltesz. Angolul, oroszul, spanyolul \u00e9s szlov\u00e1kul tartja izgalmas v\u00e1rosn\u00e9z\u0151 s\u00e9t\u00e1it, seg\u00edti a t\u00e1j\u00e9koz\u00f3d\u00e1st \u00e9s ak\u00e1r a hazaiaknak is tud \u00fajat mondani arr\u00f3l, hogy mi volt, mi van \u00e9s mi lehet m\u00e9g Kass\u00e1n.\u00a0 \u201eS\u00fag\u00f3 n\u00e9lk\u00fcl\u201d \/Bez \u0161epk\u00e1ra\/ c. saj\u00e1t talkshowj\u00e1ban ismert szem\u00e9lyis\u00e9geket faggat.","og_url":"https:\/\/www.kosiceregion.com\/de\/wp-json\/wp\/v2\/ambassador\/7006","og_site_name":"Ko\u0161ice Regi\u00f3n","article_publisher":"https:\/\/www.facebook.com\/kosiceregion","article_modified_time":"2023-07-18T14:49:47+00:00","og_image":[{"width":225,"height":100,"url":"https:\/\/www.kosiceregion.com\/wp-content\/uploads\/2019\/03\/logo-web-sk.png","type":"image\/png"}],"twitter_card":"summary_large_image","twitter_site":"@KOSICEREGION","schema":{"@context":"https:\/\/schema.org","@graph":[{"@type":"WebPage","@id":"https:\/\/www.kosiceregion.com\/pl\/ambassador\/milan-kolcun-potulky-mestom-kosice\/","url":"https:\/\/www.kosiceregion.com\/pl\/ambassador\/milan-kolcun-potulky-mestom-kosice\/","name":"Milan Kolc\u00fan - POTULKY MESTOM KO\u0160ICE - Ko\u0161ice Regi\u00f3n","isPartOf":{"@id":"https:\/\/www.kosiceregion.com\/#website"},"datePublished":"2021-08-26T13:21:08+00:00","dateModified":"2023-07-18T14:49:47+00:00","description":"Nyelvtud\u00e1s\u00e1nak \u00e9s ismereteinek k\u00f6sz\u00f6nhet\u0151en az \u00fatik\u00f6nyveken is t\u00faltesz. Angolul, oroszul, spanyolul \u00e9s szlov\u00e1kul tartja izgalmas v\u00e1rosn\u00e9z\u0151 s\u00e9t\u00e1it, seg\u00edti a t\u00e1j\u00e9koz\u00f3d\u00e1st \u00e9s ak\u00e1r a hazaiaknak is tud \u00fajat mondani arr\u00f3l, hogy mi volt, mi van \u00e9s mi lehet m\u00e9g Kass\u00e1n.\u00a0 \u201eS\u00fag\u00f3 n\u00e9lk\u00fcl\u201d \/Bez \u0161epk\u00e1ra\/ c. saj\u00e1t talkshowj\u00e1ban ismert szem\u00e9lyis\u00e9geket faggat.","breadcrumb":{"@id":"https:\/\/www.kosiceregion.com\/pl\/ambassador\/milan-kolcun-potulky-mestom-kosice\/#breadcrumb"},"inLanguage":"de-DE","potentialAction":[{"@type":"ReadAction","target":["https:\/\/www.kosiceregion.com\/pl\/ambassador\/milan-kolcun-potulky-mestom-kosice\/"]}]},{"@type":"BreadcrumbList","@id":"https:\/\/www.kosiceregion.com\/pl\/ambassador\/milan-kolcun-potulky-mestom-kosice\/#breadcrumb","itemListElement":[{"@type":"ListItem","position":1,"name":"Home","item":"https:\/\/www.kosiceregion.com\/sk\/"},{"@type":"ListItem","position":2,"name":"Milan Kolc\u00fan &#8211; POTULKY MESTOM KO\u0160ICE"}]},{"@type":"WebSite","@id":"https:\/\/www.kosiceregion.com\/#website","url":"https:\/\/www.kosiceregion.com\/","name":"Ko\u0161ice Regi\u00f3n","description":"Turistick\u00fd sprievodca Ko\u0161ick\u00fdm krajom","publisher":{"@id":"https:\/\/www.kosiceregion.com\/#organization"},"potentialAction":[{"@type":"SearchAction","target":{"@type":"EntryPoint","urlTemplate":"https:\/\/www.kosiceregion.com\/?s={search_term_string}"},"query-input":{"@type":"PropertyValueSpecification","valueRequired":true,"valueName":"search_term_string"}}],"inLanguage":"de-DE"},{"@type":"Organization","@id":"https:\/\/www.kosiceregion.com\/#organization","name":"Ko\u0161ice Regi\u00f3n Turizmus","url":"https:\/\/www.kosiceregion.com\/","logo":{"@type":"ImageObject","inLanguage":"de-DE","@id":"https:\/\/www.kosiceregion.com\/#\/schema\/logo\/image\/","url":"https:\/\/www.kosiceregion.com\/wp-content\/uploads\/2019\/03\/logo-web-sk.png","contentUrl":"https:\/\/www.kosiceregion.com\/wp-content\/uploads\/2019\/03\/logo-web-sk.png","width":225,"height":100,"caption":"Ko\u0161ice Regi\u00f3n Turizmus"},"image":{"@id":"https:\/\/www.kosiceregion.com\/#\/schema\/logo\/image\/"},"sameAs":["https:\/\/www.facebook.com\/kosiceregion","https:\/\/x.com\/KOSICEREGION","https:\/\/www.instagram.com\/kosiceregion","https:\/\/www.youtube.com\/kosiceregion"]}]}},"content":{"raw":"","rendered":""},"_links":{"self":[{"href":"https:\/\/www.kosiceregion.com\/de\/wp-json\/wp\/v2\/ambassador\/7006","targetHints":{"allow":["GET"]}}],"collection":[{"href":"https:\/\/www.kosiceregion.com\/de\/wp-json\/wp\/v2\/ambassador"}],"about":[{"href":"https:\/\/www.kosiceregion.com\/de\/wp-json\/wp\/v2\/types\/ambassador"}],"author":[{"embeddable":true,"href":"https:\/\/www.kosiceregion.com\/de\/wp-json\/wp\/v2\/users\/10"}],"version-history":[{"count":6,"href":"https:\/\/www.kosiceregion.com\/de\/wp-json\/wp\/v2\/ambassador\/7006\/revisions"}],"predecessor-version":[{"id":11295,"href":"https:\/\/www.kosiceregion.com\/de\/wp-json\/wp\/v2\/ambassador\/7006\/revisions\/11295"}],"wp:attachment":[{"href":"https:\/\/www.kosiceregion.com\/de\/wp-json\/wp\/v2\/media?parent=7006"}],"wp:term":[{"taxonomy":"topic_group","embeddable":true,"href":"https:\/\/www.kosiceregion.com\/de\/wp-json\/wp\/v2\/topic_group?post=7006"}],"curies":[{"name":"wp","href":"https:\/\/api.w.org\/{rel}","templated":true}]}}