{"id":7182,"date":"2021-12-09T14:29:30","date_gmt":"2021-12-09T13:29:30","guid":{"rendered":"https:\/\/www.kosiceregion.com\/?post_type=topic&#038;p=7182"},"modified":"2023-09-11T13:18:09","modified_gmt":"2023-09-11T11:18:09","slug":"","status":"publish","type":"topic","link":"https:\/\/www.kosiceregion.com\/de\/topic\/galaxia-gemer\/","title":{"rendered":"Galaxie Gemer","raw":"Galaxie Gemer"},"content":{"rendered":"\n<div id=\"common-text-3-4-left-block_6525c3d9c7014db478c038d2a9fd139a\" class=\"common-text-3-4-left col-lg-10 offset-lg-1 col-xl-8 offset-xl-2 col-12\">\n    <div class=\"col-sm-8 col-12 px-0\">\n        <p><p><strong>Die unerforschte Region Gemer, eine Karstlandschaft, die die Ost- und Westslowakei \u00fcberbr\u00fcckt, das auserw\u00e4hlte Land des ungarischen Adels und die Heimat der slowakischen F\u00f6rderer des nationalen Bewusstseins. Ein akribisch konstruierter Teil der Welt des Eisernen Grafen Andr\u00e1ssy ist heute ein Hipster-Traum f\u00fcr Urbex-Selfies. Ein Graph namens Authentizit\u00e4t verbindet alle H\u00f6hen- und Tiefenpunkte dieser \u201ePeripherie\u201c fernab der intergalaktischen Autobahn. Es liegt an dir, ob der Luxus der Adelsresidenz der Andr\u00e1ssys in Betliar, das slowakische \u201eTaj Mahal\u201c in Kr\u00e1snohorsk\u00e9 Podhradie oder die \u201eschwarzen L\u00f6cher\u201c (fr\u00fcher erstaunliche technische Bauwerke, die hier eine in Europa wohlbekannte Adelsfamilie hinterlassen hat) zum Ziel deiner Reise werden. Lass dir das Beste zwischen Ost und West nicht entgehen und lande mit deinem Raumschiff am Gotischen sakralen Weg von Gemer. Ehe du Gemer vollst\u00e4ndig kennengelernt hast, werden ein paar Sonnen aufleuchten, ein paar Sterne erl\u00f6schen, du wirst schlicht nie genug davon haben.<\/strong><\/p>\n<\/p>\n    <\/div>\n    <style type=\"text\/css\">\n        #common-text-3-4-left-block_6525c3d9c7014db478c038d2a9fd139a {\n            margin-top: 3rem;\n        }\n    <\/style>\n<\/div>\n\n\n<div id=\"common-text-3-4-right-block_284af3c15810c3ad1b43f64f4f559f24\" class=\"common-text-3-4-right col-lg-10 offset-lg-1 col-xl-8 offset-xl-2 col-12\">\n<div class=\"col-sm-8 col-12 offset-sm-4 px-0\">\n        <p><p><span data-sheets-value=\"{&quot;1&quot;:2,&quot;2&quot;:&quot;Die Kirchen sind normalerweise nicht f\u00fcr die \u00d6ffentlichkeit zug\u00e4nglich. Sie \u00f6ffnen ihre T\u00fcren jedoch regelm\u00e4\u00dfig w\u00e4hrend organisierter Veranstaltungen. Einige haben w\u00e4hrend der Sommersaison feste \u00d6ffnungszeiten. Informationen und Karten zu den einzelnen Denkm\u00e4lern des Gotischen Wegs findest du auf der Website https:\/\/gotickacesta.sk\/.&quot;}\" data-sheets-userformat=\"{&quot;2&quot;:12737,&quot;3&quot;:{&quot;1&quot;:0,&quot;3&quot;:1},&quot;9&quot;:0,&quot;10&quot;:1,&quot;11&quot;:4,&quot;15&quot;:&quot;Calibri&quot;,&quot;16&quot;:11}\">Die Kirchen sind normalerweise nicht f\u00fcr die \u00d6ffentlichkeit zug\u00e4nglich. Sie \u00f6ffnen ihre T\u00fcren jedoch regelm\u00e4\u00dfig w\u00e4hrend organisierter Veranstaltungen. Einige haben w\u00e4hrend der Sommersaison feste \u00d6ffnungszeiten. Informationen und Karten zu den einzelnen Denkm\u00e4lern des Gotischen Wegs findest du auf der Website <a href=\"https:\/\/gotickacesta.sk\/\">https:\/\/gotickacesta.sk\/<\/a>.<\/span><\/p>\n<\/p>\n    <\/div>\n    <style type=\"text\/css\">\n        #common-text-3-4-right-block_284af3c15810c3ad1b43f64f4f559f24 {\n            margin-top: 3rem;\n        }\n    <\/style>\n<\/div>\n\n\n<div id=\"common-image-3-4-left-block_add8aa6007333b29c073f4d73fd6cc05\" class=\"common-image-3-4-left col-lg-10 offset-lg-1 col-xl-8 offset-xl-2 col-12\">\n    <div class=\"col-sm-8 col-12 offset-sm-4 px-0\">\n        <div class=\"image-container\">\n            <img decoding=\"async\" src=\"https:\/\/www.kosiceregion.com\/wp-content\/uploads\/2021\/07\/KP_0023-1024x683.jpg\" \/>\n        <\/div>\n    <\/div>\n    <style type=\"text\/css\">\n        #common-image-3-4-left-block_add8aa6007333b29c073f4d73fd6cc05 {\n            margin-top: 3rem;\n        }\n        #common-image-3-4-left-block_add8aa6007333b29c073f4d73fd6cc05 .image-container { \n            position: relative; \n            padding-bottom: 56.25%;\n            overflow: hidden;\n            max-width: 100%;\n            height: auto;\n        } \n        #common-image-3-4-left-block_add8aa6007333b29c073f4d73fd6cc05 .image-container img { \n            position: absolute;\n            top: 0;\n            left: 0;\n            width: 100%;\n            height: 100%;\n            object-fit: cover;\n        }\n    <\/style>\n<\/div>\n\n\n<div id=\"common-image-3-4-left-block_87af9e2a6a5a6d0a3127b0956354055b\" class=\"common-image-3-4-left col-lg-10 offset-lg-1 col-xl-8 offset-xl-2 col-12\">\n    <div class=\"col-sm-8 col-12 px-0\">\n        <div class=\"image-container\">\n            <img decoding=\"async\" src=\"https:\/\/www.kosiceregion.com\/wp-content\/uploads\/2021\/07\/KP_0027-1024x683.jpg\" \/>\n        <\/div>\n    <\/div>\n    <style type=\"text\/css\">\n        #common-image-3-4-left-block_87af9e2a6a5a6d0a3127b0956354055b {\n            margin-top: 3rem;\n        }\n        #common-image-3-4-left-block_87af9e2a6a5a6d0a3127b0956354055b .image-container { \n            position: relative; \n            padding-bottom: 56.25%;\n            overflow: hidden;\n            max-width: 100%;\n            height: auto;\n        } \n        #common-image-3-4-left-block_87af9e2a6a5a6d0a3127b0956354055b .image-container img { \n            position: absolute;\n            top: 0;\n            left: 0;\n            width: 100%;\n            height: 100%;\n            object-fit: cover;\n        }\n    <\/style>\n<\/div>\n\n\n<div id=\"common-text-3-4-left-block_3c823d1c9a1d58887bfacdf76a75345d\" class=\"common-text-3-4-left col-lg-10 offset-lg-1 col-xl-8 offset-xl-2 col-12\">\n    <div class=\"col-sm-8 col-12 px-0\">\n        <p><p><strong>Gemerer Odysee<\/strong><\/p>\n<p><span data-sheets-value=\"{&quot;1&quot;:2,&quot;2&quot;:&quot;Begib dich auf eine Odyssee zum Erkunden von Gemer und in Gesellschaft von Reisebegleitern, die dir die Region in ihrer wahren Gestalt zeigen. Es ist eine Zeitreise, die vor langer Zeit begann und heute noch nicht zu Ende ist. In Begleitung von Mi\u0161o Hud\u00e1k, f\u00fcr den Gemer eines seiner Lieblingsuniversen ist, findest du dich an Orten - schwarzen L\u00f6chern - wieder, die man mit Schrift nur schwer beschreiben kann.&quot;}\" data-sheets-userformat=\"{&quot;2&quot;:12737,&quot;3&quot;:{&quot;1&quot;:0,&quot;3&quot;:1},&quot;9&quot;:0,&quot;10&quot;:1,&quot;11&quot;:4,&quot;15&quot;:&quot;Calibri&quot;,&quot;16&quot;:11}\">Begib dich auf eine Odyssee zum Erkunden von Gemer und in Gesellschaft von Reisebegleitern, die dir die Region in ihrer wahren Gestalt zeigen. Es ist eine Zeitreise, die vor langer Zeit begann und heute noch nicht zu Ende ist. In Begleitung von Mi\u0161o Hud\u00e1k, f\u00fcr den Gemer eines seiner Lieblingsuniversen ist, findest du dich an Orten &#8211; schwarzen L\u00f6chern &#8211; wieder, die man mit Schrift nur schwer beschreiben kann.<\/span><\/p>\n<p><span data-sheets-value=\"{&quot;1&quot;:2,&quot;2&quot;:&quot;Auf dem Gotischen Weg durch Gemer entdeckst du wiederum in Begleitung eines Reiseleiters von OZ Gotick\u00e1 cesta (dt. B\u00fcrgervereinigung Gotischer Weg) unter der grauen Ablagerungsschicht aus Sternenstaub die wahren gotischen Sch\u00e4tze der Gemerer Kirchen. Im Sternennebel am RAND DER WELT, hinter den dicken Kirchenmauern, erkennst du gotische Fresken, epische Wandmalereien mit starkem Akzent italienischer Meister.&quot;}\" data-sheets-userformat=\"{&quot;2&quot;:12737,&quot;3&quot;:{&quot;1&quot;:0,&quot;3&quot;:1},&quot;9&quot;:0,&quot;10&quot;:1,&quot;11&quot;:4,&quot;15&quot;:&quot;Calibri&quot;,&quot;16&quot;:11}\" data-sheets-textstyleruns=\"{&quot;1&quot;:0}\uee10{&quot;1&quot;:111,&quot;2&quot;:{&quot;3&quot;:&quot;Calibri&quot;,&quot;4&quot;:11,&quot;6&quot;:1}}\uee10{&quot;1&quot;:146,&quot;2&quot;:{&quot;3&quot;:&quot;Calibri&quot;,&quot;4&quot;:11}}\">Auf dem Gotischen Weg durch Gemer entdeckst du wiederum in Begleitung eines Reiseleiters von OZ Gotick\u00e1 cesta (dt. B\u00fcrgervereinigung Gotischer Weg) unter der grauen Ablagerungsschicht aus Sternenstaub die wahren gotischen Sch\u00e4tze der Gemerer Kirchen. Im Sternennebel am RAND DER WELT, hinter den dicken Kirchenmauern, erkennst du gotische Fresken, epische Wandmalereien mit starkem Akzent italienischer Meister.<\/span><\/p>\n<\/p>\n    <\/div>\n    <style type=\"text\/css\">\n        #common-text-3-4-left-block_3c823d1c9a1d58887bfacdf76a75345d {\n            margin-top: 3rem;\n        }\n    <\/style>\n<\/div>\n\n\n<div id=\"common-image-3-4-left-block_8a33f40cafebdd3a5f39b956895935f3\" class=\"common-image-3-4-left col-lg-10 offset-lg-1 col-xl-8 offset-xl-2 col-12\">\n    <div class=\"col-sm-8 col-12 offset-sm-4 px-0\">\n        <div class=\"image-container\">\n            <img decoding=\"async\" src=\"https:\/\/www.kosiceregion.com\/wp-content\/uploads\/2021\/07\/KP_0020-1024x683.jpg\" \/>\n        <\/div>\n    <\/div>\n    <style type=\"text\/css\">\n        #common-image-3-4-left-block_8a33f40cafebdd3a5f39b956895935f3 {\n            margin-top: 3rem;\n        }\n        #common-image-3-4-left-block_8a33f40cafebdd3a5f39b956895935f3 .image-container { \n            position: relative; \n            padding-bottom: 56.25%;\n            overflow: hidden;\n            max-width: 100%;\n            height: auto;\n        } \n        #common-image-3-4-left-block_8a33f40cafebdd3a5f39b956895935f3 .image-container img { \n            position: absolute;\n            top: 0;\n            left: 0;\n            width: 100%;\n            height: 100%;\n            object-fit: cover;\n        }\n    <\/style>\n<\/div>\n\n\n<div id=\"common-text-3-4-right-block_89f0b2c7bb2895ec067f4e20e23a9b54\" class=\"common-text-3-4-right col-lg-10 offset-lg-1 col-xl-8 offset-xl-2 col-12\">\n<div class=\"col-sm-8 col-12 offset-sm-4 px-0\">\n        <p><p><strong>Gotische Basilika in \u0160t\u00edtnik<\/strong><\/p>\n<p><span data-sheets-value=\"{&quot;1&quot;:2,&quot;2&quot;:&quot;Es handelt sich um eine urspr\u00fcnglich dreischiffige Basilika aus dem 14. und 15. Jahrhundert mit wundersch\u00f6nen Stern- und Netzgew\u00f6lben. Die Kirche hat einen massiven Turm und ist ein markantes Wahrzeichen des gesamten Tals von \u0160t\u00edtnik. An den W\u00e4nden befinden sich mehr als 200 Quadratmeter Wandmalereien (Secco- und Freskomalerei), die verschiedene, meist religi\u00f6se Themen darstellen. Ein einzigartiges gotisches Bronzetaufbecken aus dem Jahr 1454, die \u00e4lteste Orgel in der Slowakei aus dem Jahr 1492, handbemalte Kirchenb\u00e4nke oder die letzte Ruhest\u00e4tte der Nachkommen der Familie Bebek \u2013 all das verbirgt sich in einer einzigen Basilika.&quot;}\" data-sheets-userformat=\"{&quot;2&quot;:12737,&quot;3&quot;:{&quot;1&quot;:0,&quot;3&quot;:1},&quot;9&quot;:0,&quot;10&quot;:1,&quot;11&quot;:4,&quot;15&quot;:&quot;Calibri&quot;,&quot;16&quot;:11}\">Es handelt sich um eine urspr\u00fcnglich dreischiffige Basilika aus dem 14. und 15. Jahrhundert mit wundersch\u00f6nen Stern- und Netzgew\u00f6lben. Die Kirche hat einen massiven Turm und ist ein markantes Wahrzeichen des gesamten Tals von \u0160t\u00edtnik. An den W\u00e4nden befinden sich mehr als 200 Quadratmeter Wandmalereien (Secco- und Freskomalerei), die verschiedene, meist religi\u00f6se Themen darstellen. Ein einzigartiges gotisches Bronzetaufbecken aus dem Jahr 1454, die \u00e4lteste Orgel in der Slowakei aus dem Jahr 1492, handbemalte Kirchenb\u00e4nke oder die letzte Ruhest\u00e4tte der Nachkommen der Familie Bebek \u2013 all das verbirgt sich in einer einzigen Basilika.<\/span><\/p>\n<p><span data-sheets-value=\"{&quot;1&quot;:2,&quot;2&quot;:&quot;Praktische Informationen: Um Zugang zum Denkmal zu erhalten, wende dich vor deinem Besuch an Mgr. Jana Il\u010diskov\u00e1 \u2013 Gemeindepfarrerin unter +421 907 337 855 oder an Mgr. Mat\u00fa\u0161 Moln\u00e1r \u2013 Kirchenvorsteher unter +421 918 783 356 , stitnik@ecav.sk.&quot;}\" data-sheets-userformat=\"{&quot;2&quot;:12737,&quot;3&quot;:{&quot;1&quot;:0,&quot;3&quot;:1},&quot;9&quot;:0,&quot;10&quot;:1,&quot;11&quot;:4,&quot;15&quot;:&quot;Calibri&quot;,&quot;16&quot;:11}\" data-sheets-hyperlink=\"mailto:stitnik@ecav.sk\">Praktische Informationen: Um Zugang zum Denkmal zu erhalten, wende dich vor deinem Besuch an Mgr. Jana Il\u010diskov\u00e1 \u2013 Gemeindepfarrerin unter +421 907 337 855 oder an Mgr. Mat\u00fa\u0161 Moln\u00e1r \u2013 Kirchenvorsteher unter +421 918 783 356 , stitnik@ecav.sk.<\/span><\/p>\n<\/p>\n    <\/div>\n    <style type=\"text\/css\">\n        #common-text-3-4-right-block_89f0b2c7bb2895ec067f4e20e23a9b54 {\n            margin-top: 3rem;\n        }\n    <\/style>\n<\/div>\n\n\n<div id=\"common-image-3-4-left-block_a301560c7bbadbd030b1ee0feaa7dec4\" class=\"common-image-3-4-left col-lg-10 offset-lg-1 col-xl-8 offset-xl-2 col-12\">\n    <div class=\"col-sm-8 col-12 px-0\">\n        <div class=\"image-container\">\n            <img decoding=\"async\" src=\"https:\/\/www.kosiceregion.com\/wp-content\/uploads\/2021\/07\/KP_0021-1024x683.jpg\" \/>\n        <\/div>\n    <\/div>\n    <style type=\"text\/css\">\n        #common-image-3-4-left-block_a301560c7bbadbd030b1ee0feaa7dec4 {\n            margin-top: 3rem;\n        }\n        #common-image-3-4-left-block_a301560c7bbadbd030b1ee0feaa7dec4 .image-container { \n            position: relative; \n            padding-bottom: 56.25%;\n            overflow: hidden;\n            max-width: 100%;\n            height: auto;\n        } \n        #common-image-3-4-left-block_a301560c7bbadbd030b1ee0feaa7dec4 .image-container img { \n            position: absolute;\n            top: 0;\n            left: 0;\n            width: 100%;\n            height: 100%;\n            object-fit: cover;\n        }\n    <\/style>\n<\/div>\n\n\n<div id=\"common-text-3-4-left-block_33ec059da949605c4834530230664f37\" class=\"common-text-3-4-left col-lg-10 offset-lg-1 col-xl-8 offset-xl-2 col-12\">\n    <div class=\"col-sm-8 col-12 px-0\">\n        <p><p><strong>Kirche in Koce\u013eovce<\/strong><\/p>\n<p><span data-sheets-value=\"{&quot;1&quot;:2,&quot;2&quot;:&quot;Sie geh\u00f6rt zu den bedeutendsten Denkm\u00e4lern der mittelalterlichen Architektur und insbesondere der Wandmalerei in der Slowakei. Die Kirche wurde ungef\u00e4hr in der ersten H\u00e4lfte des 14. Jahrhunderts erbaut und dem Hl. Bartholom\u00e4us geweiht. Dem Besucher f\u00e4llt sofort der unkonventionell gestaltete Turm auf, \u00e4hnlich dem n\u00f6rdlichen Sigismund-Turm des St.-Elisabeth-Doms in Ko\u0161ice. Die wertvollen Fresken im italienisch-byzantinischen Stil mit Motiven aus dem Leben Jesu Christi und der Jungfrau Maria sind 150 Jahre \u00e4lter als Da Vincis Letztes Abendmahl oder Michelangelos J\u00fcngstes Gericht in der Sixtinischen Kapelle.&quot;}\" data-sheets-userformat=\"{&quot;2&quot;:12737,&quot;3&quot;:{&quot;1&quot;:0,&quot;3&quot;:1},&quot;9&quot;:0,&quot;10&quot;:1,&quot;11&quot;:4,&quot;15&quot;:&quot;Calibri&quot;,&quot;16&quot;:11}\">Sie geh\u00f6rt zu den bedeutendsten Denkm\u00e4lern der mittelalterlichen Architektur und insbesondere der Wandmalerei in der Slowakei. Die Kirche wurde ungef\u00e4hr in der ersten H\u00e4lfte des 14. Jahrhunderts erbaut und dem Hl. Bartholom\u00e4us geweiht. Dem Besucher f\u00e4llt sofort der unkonventionell gestaltete Turm auf, \u00e4hnlich dem n\u00f6rdlichen Sigismund-Turm des St.-Elisabeth-Doms in Ko\u0161ice. Die wertvollen Fresken im italienisch-byzantinischen Stil mit Motiven aus dem Leben Jesu Christi und der Jungfrau Maria sind 150 Jahre \u00e4lter als Da Vincis Letztes Abendmahl oder Michelangelos J\u00fcngstes Gericht in der Sixtinischen Kapelle.<\/span><\/p>\n<p><span data-sheets-value=\"{&quot;1&quot;:2,&quot;2&quot;:&quot;Praktische Informationen: Um Zugang zum Denkmal zu erhalten, wende dich vor deinem Besuch an Mgr. Em\u00edlia Veleb\u00edrov\u00e1, Pfarrerin, +421 911 747 211&quot;}\" data-sheets-userformat=\"{&quot;2&quot;:12737,&quot;3&quot;:{&quot;1&quot;:0,&quot;3&quot;:1},&quot;9&quot;:0,&quot;10&quot;:1,&quot;11&quot;:4,&quot;15&quot;:&quot;Calibri&quot;,&quot;16&quot;:11}\">Praktische Informationen: Um Zugang zum Denkmal zu erhalten, wende dich vor deinem Besuch an Mgr. Em\u00edlia Veleb\u00edrov\u00e1, Pfarrerin, +421 911 747 211<\/span><\/p>\n<\/p>\n    <\/div>\n    <style type=\"text\/css\">\n        #common-text-3-4-left-block_33ec059da949605c4834530230664f37 {\n            margin-top: 3rem;\n        }\n    <\/style>\n<\/div>\n\n\n<div id=\"common-image-3-4-left-block_a50bf488e292430d43360abeacd1685d\" class=\"common-image-3-4-left col-lg-10 offset-lg-1 col-xl-8 offset-xl-2 col-12\">\n    <div class=\"col-sm-8 col-12 offset-sm-4 px-0\">\n        <div class=\"image-container\">\n            <img decoding=\"async\" src=\"https:\/\/www.kosiceregion.com\/wp-content\/uploads\/2021\/07\/KP_0022-1024x683.jpg\" \/>\n        <\/div>\n    <\/div>\n    <style type=\"text\/css\">\n        #common-image-3-4-left-block_a50bf488e292430d43360abeacd1685d {\n            margin-top: 3rem;\n        }\n        #common-image-3-4-left-block_a50bf488e292430d43360abeacd1685d .image-container { \n            position: relative; \n            padding-bottom: 56.25%;\n            overflow: hidden;\n            max-width: 100%;\n            height: auto;\n        } \n        #common-image-3-4-left-block_a50bf488e292430d43360abeacd1685d .image-container img { \n            position: absolute;\n            top: 0;\n            left: 0;\n            width: 100%;\n            height: 100%;\n            object-fit: cover;\n        }\n    <\/style>\n<\/div>\n\n\n<div id=\"common-text-3-4-right-block_5e7ed61261d1016a253f31f3c9a3da36\" class=\"common-text-3-4-right col-lg-10 offset-lg-1 col-xl-8 offset-xl-2 col-12\">\n<div class=\"col-sm-8 col-12 offset-sm-4 px-0\">\n        <p><p><strong>Kirche in Ochtin\u00e1<\/strong><\/p>\n<p><span data-sheets-value=\"{&quot;1&quot;:2,&quot;2&quot;:&quot;Die Kirche birgt figurative Freskenmalerei aus der Mitte des 14. Jahrhunderts, die die gesamte Fl\u00e4che des Presbyteriums und den Triumphbogen bedeckt und sich auch im Dachbodenraum erhalten hat. In den Jahren 1976-1977 wurde in der Kirche eine Restaurierungsforschung an den Gem\u00e4lden durchgef\u00fchrt. Der Professor Milan Togner und der akademische Maler Ji\u0159\u00ed Josef\u00edk f\u00fchrten f\u00fcr den Autor dieser Fresken den Begriff \u201eMeister des Presbyteriums von Ochtin\u00e1\u201c ein.&quot;}\" data-sheets-userformat=\"{&quot;2&quot;:12737,&quot;3&quot;:{&quot;1&quot;:0,&quot;3&quot;:1},&quot;9&quot;:0,&quot;10&quot;:1,&quot;11&quot;:4,&quot;15&quot;:&quot;Calibri&quot;,&quot;16&quot;:11}\">Die Kirche birgt figurative Freskenmalerei aus der Mitte des 14. Jahrhunderts, die die gesamte Fl\u00e4che des Presbyteriums und den Triumphbogen bedeckt und sich auch im Dachbodenraum erhalten hat. In den Jahren 1976-1977 wurde in der Kirche eine Restaurierungsforschung an den Gem\u00e4lden durchgef\u00fchrt. Der Professor Milan Togner und der akademische Maler Ji\u0159\u00ed Josef\u00edk f\u00fchrten f\u00fcr den Autor dieser Fresken den Begriff \u201eMeister des Presbyteriums von Ochtin\u00e1\u201c ein.<\/span><\/p>\n<p><span data-sheets-value=\"{&quot;1&quot;:2,&quot;2&quot;:&quot;Praktische Informationen: Um Zugang zum Denkmal zu erhalten, wende dich vor deinem Besuch an Martin Dud\u00e1\u0161, Diakon, +421 905 874 096&quot;}\" data-sheets-userformat=\"{&quot;2&quot;:12737,&quot;3&quot;:{&quot;1&quot;:0,&quot;3&quot;:1},&quot;9&quot;:0,&quot;10&quot;:1,&quot;11&quot;:4,&quot;15&quot;:&quot;Calibri&quot;,&quot;16&quot;:11}\">Praktische Informationen: Um Zugang zum Denkmal zu erhalten, wende dich vor deinem Besuch an Martin Dud\u00e1\u0161, Diakon, +421 905 874 096<\/span><\/p>\n<\/p>\n    <\/div>\n    <style type=\"text\/css\">\n        #common-text-3-4-right-block_5e7ed61261d1016a253f31f3c9a3da36 {\n            margin-top: 3rem;\n        }\n    <\/style>\n<\/div>\n\n\n<div id=\"common-image-3-4-left-block_cd4dacef955cac794f399f13c2af10ba\" class=\"common-image-3-4-left col-lg-10 offset-lg-1 col-xl-8 offset-xl-2 col-12\">\n    <div class=\"col-sm-8 col-12 px-0\">\n        <div class=\"image-container\">\n            <img decoding=\"async\" src=\"https:\/\/www.kosiceregion.com\/wp-content\/uploads\/2021\/07\/KP_0007-1024x683.jpg\" \/>\n        <\/div>\n    <\/div>\n    <style type=\"text\/css\">\n        #common-image-3-4-left-block_cd4dacef955cac794f399f13c2af10ba {\n            margin-top: 3rem;\n        }\n        #common-image-3-4-left-block_cd4dacef955cac794f399f13c2af10ba .image-container { \n            position: relative; \n            padding-bottom: 56.25%;\n            overflow: hidden;\n            max-width: 100%;\n            height: auto;\n        } \n        #common-image-3-4-left-block_cd4dacef955cac794f399f13c2af10ba .image-container img { \n            position: absolute;\n            top: 0;\n            left: 0;\n            width: 100%;\n            height: 100%;\n            object-fit: cover;\n        }\n    <\/style>\n<\/div>\n\n\n<div id=\"common-text-3-4-left-block_4bc886a6697514b894e5120f0d8df398\" class=\"common-text-3-4-left col-lg-10 offset-lg-1 col-xl-8 offset-xl-2 col-12\">\n    <div class=\"col-sm-8 col-12 px-0\">\n        <p><p><strong>Hochofen Karl in Vlachovo<\/strong><\/p>\n<p><span data-sheets-value=\"{&quot;1&quot;:2,&quot;2&quot;:&quot;1870 wurde der Bau des Hochofens Karl (slow. Karlova huta) abgeschlossen. Er wurde im Auftrag von Emanuel Andr\u00e1ssy (1821 \u2013 1891), dem Sohn von Karl III., gebaut, nach dem der Ofen benannt wurde. Laut der Universit\u00e4t Sheffield ist dieser Hochofen \u2013 Karlsh\u00fctte \u2013 einer der bedeutendsten historischen Hoch\u00f6fen Europas. F\u00fcr die Slowakei ist es ein nationales Kulturdenkmal. Jedoch verf\u00e4llt es allm\u00e4hlich.&quot;}\" data-sheets-userformat=\"{&quot;2&quot;:12737,&quot;3&quot;:{&quot;1&quot;:0,&quot;3&quot;:1},&quot;9&quot;:0,&quot;10&quot;:1,&quot;11&quot;:4,&quot;15&quot;:&quot;Calibri&quot;,&quot;16&quot;:11}\" data-sheets-textstyleruns=\"{&quot;1&quot;:0}\uee10{&quot;1&quot;:39,&quot;2&quot;:{&quot;3&quot;:&quot;Calibri&quot;,&quot;4&quot;:11,&quot;6&quot;:1}}\uee10{&quot;1&quot;:57,&quot;2&quot;:{&quot;3&quot;:&quot;Calibri&quot;,&quot;4&quot;:11}}\">1870 wurde der Bau des Hochofens Karl (slow. Karlova huta) abgeschlossen. Er wurde im Auftrag von Emanuel Andr\u00e1ssy (1821 \u2013 1891), dem Sohn von Karl III., gebaut, nach dem der Ofen benannt wurde. Laut der Universit\u00e4t Sheffield ist dieser Hochofen \u2013 Karlsh\u00fctte \u2013 einer der bedeutendsten historischen Hoch\u00f6fen Europas. F\u00fcr die Slowakei ist es ein nationales Kulturdenkmal. Jedoch verf\u00e4llt es allm\u00e4hlich.<\/span><\/p>\n<p><span data-sheets-value=\"{&quot;1&quot;:2,&quot;2&quot;:&quot;Praktische Informationen: Der Hochofen Karl (Karlsh\u00fctte) in der Gemeinde Vlachovo am Standort Dob\u0161insk\u00e1 P\u00edla ist geschlossen und f\u00fcr die \u00d6ffentlichkeit nicht zug\u00e4nglich. Aus einiger Entfernung, ohne das Privatgrundst\u00fcck zu betreten, kannst du dir jedoch ein paar Ansichten und Schnappsch\u00fcsse ergattern.&quot;}\" data-sheets-userformat=\"{&quot;2&quot;:12737,&quot;3&quot;:{&quot;1&quot;:0,&quot;3&quot;:1},&quot;9&quot;:0,&quot;10&quot;:1,&quot;11&quot;:4,&quot;15&quot;:&quot;Calibri&quot;,&quot;16&quot;:11}\">Praktische Informationen: Der Hochofen Karl (Karlsh\u00fctte) in der Gemeinde Vlachovo am Standort Dob\u0161insk\u00e1 P\u00edla ist geschlossen und f\u00fcr die \u00d6ffentlichkeit nicht zug\u00e4nglich. Aus einiger Entfernung, ohne das Privatgrundst\u00fcck zu betreten, kannst du dir jedoch ein paar Ansichten und Schnappsch\u00fcsse ergattern.<\/span><\/p>\n<\/p>\n    <\/div>\n    <style type=\"text\/css\">\n        #common-text-3-4-left-block_4bc886a6697514b894e5120f0d8df398 {\n            margin-top: 3rem;\n        }\n    <\/style>\n<\/div>\n\n\n<div id=\"common-image-3-4-left-block_847a783e4aa915025155944f417bb05d\" class=\"common-image-3-4-left col-lg-10 offset-lg-1 col-xl-8 offset-xl-2 col-12\">\n    <div class=\"col-sm-8 col-12 offset-sm-4 px-0\">\n        <div class=\"image-container\">\n            <img decoding=\"async\" src=\"https:\/\/www.kosiceregion.com\/wp-content\/uploads\/2021\/07\/KP_0122-ok-1024x683.jpg\" \/>\n        <\/div>\n    <\/div>\n    <style type=\"text\/css\">\n        #common-image-3-4-left-block_847a783e4aa915025155944f417bb05d {\n            margin-top: 3rem;\n        }\n        #common-image-3-4-left-block_847a783e4aa915025155944f417bb05d .image-container { \n            position: relative; \n            padding-bottom: 56.25%;\n            overflow: hidden;\n            max-width: 100%;\n            height: auto;\n        } \n        #common-image-3-4-left-block_847a783e4aa915025155944f417bb05d .image-container img { \n            position: absolute;\n            top: 0;\n            left: 0;\n            width: 100%;\n            height: 100%;\n            object-fit: cover;\n        }\n    <\/style>\n<\/div>\n\n\n<div id=\"common-text-3-4-right-block_c5f6879234b1cb6a7873fd321aaa373f\" class=\"common-text-3-4-right col-lg-10 offset-lg-1 col-xl-8 offset-xl-2 col-12\">\n<div class=\"col-sm-8 col-12 offset-sm-4 px-0\">\n        <p><p><strong>H\u00fctte Etelka in Ni\u017en\u00e1 Slan\u00e1<\/strong><\/p>\n<p><span data-sheets-value=\"{&quot;1&quot;:2,&quot;2&quot;:&quot;Die Etelka-H\u00fctte in Ni\u017en\u00e1 Slan\u00e1 lie\u00df im Jahr 1867 ebenfalls Graf Emanuel Andr\u00e1ssy an der Stelle zweier \u00e4lterer \u00d6fen erbauen, diesmal benannte er die H\u00fctte nach seiner Mutter, und vielleicht gerade deshalb ist das Geb\u00e4ude noch sch\u00f6ner, mit einer anmutigeren Architektur. Etelka war 1867 \u2013 1907, in der Zeit des gr\u00f6\u00dften Aufschwungs des H\u00fcttenwesens und Bergbaus, in Betrieb. Von dem gro\u00dfangelegten H\u00fcttenbetrieb hat sich gerade mal das H\u00fcttengeb\u00e4ude mit einem Hochofen erhalten. Die B\u00fcrgervereinigung Barbora engagiert sich f\u00fcr den Erhalt der H\u00fcte und deren ann\u00e4hernde R\u00fcckf\u00fchrung in den Zustand von 1910. Das Geb\u00e4ude ist umz\u00e4unt und f\u00fcr die \u00d6ffentlichkeit unzug\u00e4nglich. Man kann Etelka aus der Ferne betrachten und sie mit einer Kamera festhalten.&quot;}\" data-sheets-userformat=\"{&quot;2&quot;:12737,&quot;3&quot;:{&quot;1&quot;:0,&quot;3&quot;:1},&quot;9&quot;:0,&quot;10&quot;:1,&quot;11&quot;:4,&quot;15&quot;:&quot;Calibri&quot;,&quot;16&quot;:11}\" data-sheets-textstyleruns=\"{&quot;1&quot;:0}\uee10{&quot;1&quot;:597,&quot;2&quot;:{&quot;3&quot;:&quot;Arial&quot;,&quot;4&quot;:10}}\uee10{&quot;1&quot;:598,&quot;2&quot;:{&quot;3&quot;:&quot;Calibri&quot;,&quot;4&quot;:11}}\uee10{&quot;1&quot;:602,&quot;2&quot;:{&quot;3&quot;:&quot;Arial&quot;,&quot;4&quot;:10}}\uee10{&quot;1&quot;:604,&quot;2&quot;:{&quot;3&quot;:&quot;Calibri&quot;,&quot;4&quot;:11}}\">Die Etelka-H\u00fctte in Ni\u017en\u00e1 Slan\u00e1 lie\u00df im Jahr 1867 ebenfalls Graf Emanuel Andr\u00e1ssy an der Stelle zweier \u00e4lterer \u00d6fen erbauen, diesmal benannte er die H\u00fctte nach seiner Mutter, und vielleicht gerade deshalb ist das Geb\u00e4ude noch sch\u00f6ner, mit einer anmutigeren Architektur. Etelka war 1867 \u2013 1907, in der Zeit des gr\u00f6\u00dften Aufschwungs des H\u00fcttenwesens und Bergbaus, in Betrieb. Von dem gro\u00dfangelegten H\u00fcttenbetrieb hat sich gerade mal das H\u00fcttengeb\u00e4ude mit einem Hochofen erhalten. Die B\u00fcrgervereinigung Barbora engagiert sich f\u00fcr den Erhalt der H\u00fcte und deren ann\u00e4hernde R\u00fcckf\u00fchrung in den Zustand von 1910. Das Geb\u00e4ude ist umz\u00e4unt und f\u00fcr die \u00d6ffentlichkeit unzug\u00e4nglich. Man kann Etelka aus der Ferne betrachten und sie mit einer Kamera festhalten.<\/span><\/p>\n<p><span data-sheets-value=\"{&quot;1&quot;:2,&quot;2&quot;:&quot;Praktische Informationen: Das technische Denkmal wird verwaltet von: OZ Barbora, Mgr. Andrea Heldov\u00e1 unter +421 948 933 999, geoparkmalekarpaty@gmail.com, heldovaandrea@gmail.com. Etelka befindet sich nahe der Stra\u00dfe von Go\u010dovo nach Ni\u017en\u00e1 Slan\u00e1. GPS 48.74202784660421, 20.416439258926914&quot;}\" data-sheets-userformat=\"{&quot;2&quot;:12737,&quot;3&quot;:{&quot;1&quot;:0,&quot;3&quot;:1},&quot;9&quot;:0,&quot;10&quot;:1,&quot;11&quot;:4,&quot;15&quot;:&quot;Calibri&quot;,&quot;16&quot;:11}\">Praktische Informationen: Das technische Denkmal wird verwaltet von: OZ Barbora, Mgr. Andrea Heldov\u00e1 unter +421 948 933 999, geoparkmalekarpaty@gmail.com, heldovaandrea@gmail.com. Etelka befindet sich nahe der Stra\u00dfe von Go\u010dovo nach Ni\u017en\u00e1 Slan\u00e1. GPS 48.74202784660421, 20.416439258926914<\/span><\/p>\n<\/p>\n    <\/div>\n    <style type=\"text\/css\">\n        #common-text-3-4-right-block_c5f6879234b1cb6a7873fd321aaa373f {\n            margin-top: 3rem;\n        }\n    <\/style>\n<\/div>\n\n\n<div id=\"common-image-3-4-left-block_373f0a46ee94e6ec7151873ae8b76288\" class=\"common-image-3-4-left col-lg-10 offset-lg-1 col-xl-8 offset-xl-2 col-12\">\n    <div class=\"col-sm-8 col-12 px-0\">\n        <div class=\"image-container\">\n            <img decoding=\"async\" src=\"https:\/\/www.kosiceregion.com\/wp-content\/uploads\/2021\/07\/KP_0026-1024x683.jpg\" \/>\n        <\/div>\n    <\/div>\n    <style type=\"text\/css\">\n        #common-image-3-4-left-block_373f0a46ee94e6ec7151873ae8b76288 {\n            margin-top: 3rem;\n        }\n        #common-image-3-4-left-block_373f0a46ee94e6ec7151873ae8b76288 .image-container { \n            position: relative; \n            padding-bottom: 56.25%;\n            overflow: hidden;\n            max-width: 100%;\n            height: auto;\n        } \n        #common-image-3-4-left-block_373f0a46ee94e6ec7151873ae8b76288 .image-container img { \n            position: absolute;\n            top: 0;\n            left: 0;\n            width: 100%;\n            height: 100%;\n            object-fit: cover;\n        }\n    <\/style>\n<\/div>\n\n\n<div id=\"common-text-3-4-left-block_9f30e85b9ae4fcdc3eab14d7ad252b2c\" class=\"common-text-3-4-left col-lg-10 offset-lg-1 col-xl-8 offset-xl-2 col-12\">\n    <div class=\"col-sm-8 col-12 px-0\">\n        <p><p><strong>Gr\u00e4flicher Eiskeller in Vlachovo<\/strong><\/p>\n<p><span data-sheets-value=\"{&quot;1&quot;:2,&quot;2&quot;:&quot;Eiskeller, die damaligen K\u00fchlschr\u00e4nke (zur Aufbewahrung von Fleisch\/ Fang von den ber\u00fchmten Jagden von Betliar) sind niedrigere, dickwandige Bauwerke, die mithilfe von im Winter eingelagertem Eis aus Fl\u00fcssen und Teichen das Fleisch auch in den Sommermonaten in der n\u00f6tigen K\u00fchle hielten. Doch dieses Bauwerk kann nicht wirklich als Eiskeller bezeichnet werden. Seine Architektur erinnert stark an einen \u00e4gyptischen pyramidenf\u00f6rmigen Bau aus massiven Steinen auf zwei Etagen. Es ist von zwei Seiten \u00fcber Seitentreppen zug\u00e4nglich. Das Obergeschoss mit einem Gew\u00f6lbe m\u00fcndet in eine H\u00f6hle, in der das Eis gelagert wurde. Das Bauwerk richtet sich effektiv gegen Norden. Auf einem Gem\u00e4lde im Schloss von Betliar sind dort noch vier Skulpturen in Gestalt der Sphinx zu sehen, doch in Wirklichkeit findet man diese am Eiskeller heute nicht mehr. Sie gingen verloren, noch bevor der gr\u00e4fliche Eiskeller 2004 von der \u00d6ffentlichkeit entdeckt wurde. Das Portal erinnert an den Eingang zu einer Mastaba - einem \u00e4gyptischen Grabbau.&quot;}\" data-sheets-userformat=\"{&quot;2&quot;:12737,&quot;3&quot;:{&quot;1&quot;:0,&quot;3&quot;:1},&quot;9&quot;:0,&quot;10&quot;:1,&quot;11&quot;:4,&quot;15&quot;:&quot;Calibri&quot;,&quot;16&quot;:11}\">Eiskeller, die damaligen K\u00fchlschr\u00e4nke (zur Aufbewahrung von Fleisch\/ Fang von den ber\u00fchmten Jagden von Betliar) sind niedrigere, dickwandige Bauwerke, die mithilfe von im Winter eingelagertem Eis aus Fl\u00fcssen und Teichen das Fleisch auch in den Sommermonaten in der n\u00f6tigen K\u00fchle hielten. Doch dieses Bauwerk kann nicht wirklich als Eiskeller bezeichnet werden. Seine Architektur erinnert stark an einen \u00e4gyptischen pyramidenf\u00f6rmigen Bau aus massiven Steinen auf zwei Etagen. Es ist von zwei Seiten \u00fcber Seitentreppen zug\u00e4nglich. Das Obergeschoss mit einem Gew\u00f6lbe m\u00fcndet in eine H\u00f6hle, in der das Eis gelagert wurde. Das Bauwerk richtet sich effektiv gegen Norden. Auf einem Gem\u00e4lde im Schloss von Betliar sind dort noch vier Skulpturen in Gestalt der Sphinx zu sehen, doch in Wirklichkeit findet man diese am Eiskeller heute nicht mehr. Sie gingen verloren, noch bevor der gr\u00e4fliche Eiskeller 2004 von der \u00d6ffentlichkeit entdeckt wurde. Das Portal erinnert an den Eingang zu einer Mastaba &#8211; einem \u00e4gyptischen Grabbau.<\/span><\/p>\n<p><span data-sheets-value=\"{&quot;1&quot;:2,&quot;2&quot;:&quot;Praktische Informationen: Der Eiskeller ist vom Andr\u00e1ssy-Herrenhaus in der Gemeinde Vlachovo in etwa 10 Minuten zu Fu\u00df erreichbar. Durch eine Abbiegung nach links gelangt man auf einen Weg zwischen Familienh\u00e4usern und entlang des Bahndamms, nach einigen Metern kommt man rechts zu einer kleinen Eisenbahnbr\u00fccke, von der man dann sofort wieder nach links abbiegt. Bereits von der Br\u00fccke aus erblickt man den Eiskeller, der in einen felsigen H\u00fcgel gesetzt wurde. In der N\u00e4he des Denkmals befindet sich ein Wanderunterstand mit einer Informationstafel.&quot;}\" data-sheets-userformat=\"{&quot;2&quot;:12737,&quot;3&quot;:{&quot;1&quot;:0,&quot;3&quot;:1},&quot;9&quot;:0,&quot;10&quot;:1,&quot;11&quot;:4,&quot;15&quot;:&quot;Calibri&quot;,&quot;16&quot;:11}\">Praktische Informationen: Der Eiskeller ist vom Andr\u00e1ssy-Herrenhaus in der Gemeinde Vlachovo in etwa 10 Minuten zu Fu\u00df erreichbar. Durch eine Abbiegung nach links gelangt man auf einen Weg zwischen Familienh\u00e4usern und entlang des Bahndamms, nach einigen Metern kommt man rechts zu einer kleinen Eisenbahnbr\u00fccke, von der man dann sofort wieder nach links abbiegt. Bereits von der Br\u00fccke aus erblickt man den Eiskeller, der in einen felsigen H\u00fcgel gesetzt wurde. In der N\u00e4he des Denkmals befindet sich ein Wanderunterstand mit einer Informationstafel.<\/span><\/p>\n<\/p>\n    <\/div>\n    <style type=\"text\/css\">\n        #common-text-3-4-left-block_9f30e85b9ae4fcdc3eab14d7ad252b2c {\n            margin-top: 3rem;\n        }\n    <\/style>\n<\/div>\n\n\n<div id=\"theme-ambassador-section-block_b46fe259278c37bfa5cc54baf54598f0\" class=\"theme-ambassador-section\" style=\"background-color: #64e42b;\">\n    <div class=\" col-lg-10 offset-lg-1 col-xl-8 offset-xl-2 col-12\">\n        <div id=\"carouselAmbassadors\" class=\"carousel slide col-12\" data-ride=\"carousel\" data-interval=\"7000\">\n            <div class=\"carousel-inner pt-4\">\n                                <div class=\"carousel-item active\">\n                        <div class=\"row col-12 py-5\">\n                            <div class=\"col-sm-4 col-12\">\n                                <div class=\"img-square\" style=\"background-image: url(https:\/\/www.kosiceregion.com\/wp-content\/uploads\/2021\/07\/Sabovcik-1024x683.jpg);\"><\/div>\n                            <\/div>\n                            <div class=\"col-sm-8 col-12 mt-sm-0 mt-3\">\n                                <h3>Michal Sabov\u010d\u00edk \u2013 ADRENALIN<\/h3>\n                                <p><p><strong>Tags<\/strong><\/p>\n<p>Berge, wilde Natur, Adrenalin<\/p>\n<p><strong>\u00dcber Michal<\/strong><\/p>\n<p>Dank seiner Erfolge im Bergsteigen kann Michal ruhig in den Wolken fliegen, und das tut er auch! Bereits in seinen jungen Jahren erklomm er H\u00f6hen von 7134 m. \u00fc. M. und stand auf dem Gipfel des Pik Lenin. Mit Demut bezwang er die Spitze des patagonischen Cerro Torre und es gelang ihm auch, den legend\u00e4ren Fitz Roy zu besteigen. Sein Mut und sein Sportgeist wurden auch vom Bergsteigerverband JAMES gew\u00fcrdigt, wo ihm mehrere Auszeichnungen verliehen wurden, zudem war er auch Mitglied in der slowakischen Bergsteiger-Nationalmannschaft. Mit Michal wird aus jedem \u201eStadtkind\u201c ein Abenteurer, der sich in die wilde Natur verliebt!<\/p>\n<p><strong>Mehr Informationen<\/strong><\/p>\n<p><a href=\"http:\/\/michalsabovcik.com\/\">http:\/\/michalsabovcik.com\/<\/a><\/p>\n<\/p>\n                            <\/div>\n                        <\/div>\n                    <\/div>\n                                                            <\/div>\n        <\/div>\n    <\/div>\n    <style type=\"text\/css\">\n        #theme-ambassador-section-block_b46fe259278c37bfa5cc54baf54598f0 {\n            margin-top: 5rem;\n        }\n        #theme-ambassador-section-block_b46fe259278c37bfa5cc54baf54598f0 h3 {\n            color: #fff;\n            margin-top: .5rem;\n            margin-bottom: .5rem;\n        }\n        #theme-ambassador-section-block_b46fe259278c37bfa5cc54baf54598f0 p {\n            color: #000;\n        }\n    <\/style>\n<\/div>\n\n<div class=\"section-front\">\n    <div class=\"row col-12 center-horizontal max-width\">\n        <div class=\"section-title mt-sm-3 mt-5 mb-5\">Botschafter von Kraj Sveta<\/div>\n        <div class=\"ambassadors-top-nav owl-nav\"><\/div>\n        <div class=\"owl-vl\"><\/div>\n    <\/div>\n\n    <div class=\"row col-12 center-horizontal max-width mb-5\">\n        <div class=\"owl-content\">\n            <div id=\"owl-carousel-ambassadors\" class=\"owl-carousel owl-theme\">\n                        <div class=\"item card-poi-item pb-3 px-2\" style=\"overflow: hidden;\">\n                <a href=\"https:\/\/www.kosiceregion.com\/de\/ambassador\/milan-kolcun-bummel-durch-die-stadt-kosice\/\">\n                    <div style=\"position: relative; background-image: url('https:\/\/www.kosiceregion.com\/wp-content\/uploads\/2021\/07\/AA_8256-1024x683.jpg')\" class=\"img-square hvr-grow\"><\/div>\n                    <div style=\"position: absolute; bottom: 1rem; left: 1.5rem; right: 45%; color: #fff;\">\n                        <h5 style=\"font-size: 1.1rem; text-shadow: 0 3px 6px rgb(0 0 0 \/ 36%);\">Milan Kolc\u00fan \u2013 BUMMEL DURCH DIE STADT KO\u0160ICE<\/h5>\n                    <\/div>\n                    <div class=\"p-sm-3 p-2\" style=\"position: absolute; bottom: -1rem; right: 1.5rem; width: 30%; height: 30%; color: #fff; background-color: #00c5fe;\">\n                        <img decoding=\"async\" class=\"topic-icon\" src=\"https:\/\/www.kosiceregion.com\/wp-content\/uploads\/2021\/12\/mesto.png\" \/>\n                    <\/div>\n                <\/a>\n            <\/div>\n                        <div class=\"item card-poi-item pb-3 px-2\" style=\"overflow: hidden;\">\n                <a href=\"https:\/\/www.kosiceregion.com\/de\/ambassador\/miso-hudak-vychodne-pobrezie\/\">\n                    <div style=\"position: relative; background-image: url('https:\/\/www.kosiceregion.com\/wp-content\/uploads\/2021\/07\/AA_8269-1-1024x683.jpg')\" class=\"img-square hvr-grow\"><\/div>\n                    <div style=\"position: absolute; bottom: 1rem; left: 1.5rem; right: 45%; color: #fff;\">\n                        <h5 style=\"font-size: 1.1rem; text-shadow: 0 3px 6px rgb(0 0 0 \/ 36%);\">Mi\u0161o Hud\u00e1k \u2013 V\u00ddCHODN\u00c9 POBRE\u017dIE<\/h5>\n                    <\/div>\n                    <div class=\"p-sm-3 p-2\" style=\"position: absolute; bottom: -1rem; right: 1.5rem; width: 30%; height: 30%; color: #fff; background-color: #00c5fe;\">\n                        <img decoding=\"async\" class=\"topic-icon\" src=\"https:\/\/www.kosiceregion.com\/wp-content\/uploads\/2021\/12\/mesto.png\" \/>\n                    <\/div>\n                <\/a>\n            <\/div>\n                        <div class=\"item card-poi-item pb-3 px-2\" style=\"overflow: hidden;\">\n                <a href=\"https:\/\/www.kosiceregion.com\/de\/ambassador\/viktor-feher-street-art-communication-sac\/\">\n                    <div style=\"position: relative; background-image: url('https:\/\/www.kosiceregion.com\/wp-content\/uploads\/2021\/07\/AA_8245-1-1024x683.jpg')\" class=\"img-square hvr-grow\"><\/div>\n                    <div style=\"position: absolute; bottom: 1rem; left: 1.5rem; right: 45%; color: #fff;\">\n                        <h5 style=\"font-size: 1.1rem; text-shadow: 0 3px 6px rgb(0 0 0 \/ 36%);\">Viktor Feher \u2013 STREET ART COMMUNICATION (SAC)<\/h5>\n                    <\/div>\n                    <div class=\"p-sm-3 p-2\" style=\"position: absolute; bottom: -1rem; right: 1.5rem; width: 30%; height: 30%; color: #fff; background-color: #00c5fe;\">\n                        <img decoding=\"async\" class=\"topic-icon\" src=\"https:\/\/www.kosiceregion.com\/wp-content\/uploads\/2021\/12\/mesto.png\" \/>\n                    <\/div>\n                <\/a>\n            <\/div>\n                        <div class=\"item card-poi-item pb-3 px-2\" style=\"overflow: hidden;\">\n                <a href=\"https:\/\/www.kosiceregion.com\/de\/ambassador\/berta-staskova-lesny-kupel\/\">\n                    <div style=\"position: relative; background-image: url('https:\/\/www.kosiceregion.com\/wp-content\/uploads\/2024\/09\/1553DF71-9D43-461D-86A3-6CACCFA486A7-1024x683.jpg')\" class=\"img-square hvr-grow\"><\/div>\n                    <div style=\"position: absolute; bottom: 1rem; left: 1.5rem; right: 45%; color: #fff;\">\n                        <h5 style=\"font-size: 1.1rem; text-shadow: 0 3px 6px rgb(0 0 0 \/ 36%);\">Berta Sta\u0161kov\u00e1 &#8211; Lesn\u00fd k\u00fape\u013e<\/h5>\n                    <\/div>\n                    <div class=\"p-sm-3 p-2\" style=\"position: absolute; bottom: -1rem; right: 1.5rem; width: 30%; height: 30%; color: #fff; background-color: #fedd00;\">\n                        <img decoding=\"async\" class=\"topic-icon\" src=\"https:\/\/www.kosiceregion.com\/wp-content\/uploads\/2021\/12\/tradicie.png\" \/>\n                    <\/div>\n                <\/a>\n            <\/div>\n                        <div class=\"item card-poi-item pb-3 px-2\" style=\"overflow: hidden;\">\n                <a href=\"https:\/\/www.kosiceregion.com\/de\/ambassador\/martin-jakub-kubbo-select\/\">\n                    <div style=\"position: relative; background-image: url('https:\/\/www.kosiceregion.com\/wp-content\/uploads\/2021\/07\/AA_7756-1-1024x683.jpg')\" class=\"img-square hvr-grow\"><\/div>\n                    <div style=\"position: absolute; bottom: 1rem; left: 1.5rem; right: 45%; color: #fff;\">\n                        <h5 style=\"font-size: 1.1rem; text-shadow: 0 3px 6px rgb(0 0 0 \/ 36%);\">Martin Jakub \u2013 KUBBO SELECT<\/h5>\n                    <\/div>\n                    <div class=\"p-sm-3 p-2\" style=\"position: absolute; bottom: -1rem; right: 1.5rem; width: 30%; height: 30%; color: #fff; background-color: #ff7800;\">\n                        <img decoding=\"async\" class=\"topic-icon\" src=\"https:\/\/www.kosiceregion.com\/wp-content\/uploads\/2021\/12\/den-noc.png\" \/>\n                    <\/div>\n                <\/a>\n            <\/div>\n                        <div class=\"item card-poi-item pb-3 px-2\" style=\"overflow: hidden;\">\n                <a href=\"https:\/\/www.kosiceregion.com\/de\/ambassador\/marcel-slivka-bienen-des-paradieses\/\">\n                    <div style=\"position: relative; background-image: url('https:\/\/www.kosiceregion.com\/wp-content\/uploads\/2021\/07\/AA_8218-2-1024x683.jpg')\" class=\"img-square hvr-grow\"><\/div>\n                    <div style=\"position: absolute; bottom: 1rem; left: 1.5rem; right: 45%; color: #fff;\">\n                        <h5 style=\"font-size: 1.1rem; text-shadow: 0 3px 6px rgb(0 0 0 \/ 36%);\">Marcel Slivka \u2013 BIENEN DES PARADIESES<\/h5>\n                    <\/div>\n                    <div class=\"p-sm-3 p-2\" style=\"position: absolute; bottom: -1rem; right: 1.5rem; width: 30%; height: 30%; color: #fff; background-color: #fedd00;\">\n                        <img decoding=\"async\" class=\"topic-icon\" src=\"https:\/\/www.kosiceregion.com\/wp-content\/uploads\/2021\/12\/tradicie.png\" \/>\n                    <\/div>\n                <\/a>\n            <\/div>\n                        <div class=\"item card-poi-item pb-3 px-2\" style=\"overflow: hidden;\">\n                <a href=\"https:\/\/www.kosiceregion.com\/de\/ambassador\/katerina-krnanska-katerina-je-ina-veganstvo-vsade-snima\/\">\n                    <div style=\"position: relative; background-image: url('https:\/\/www.kosiceregion.com\/wp-content\/uploads\/2024\/09\/CB98BADF-380D-495A-A289-365751D9BEA6-1024x683.jpg')\" class=\"img-square hvr-grow\"><\/div>\n                    <div style=\"position: absolute; bottom: 1rem; left: 1.5rem; right: 45%; color: #fff;\">\n                        <h5 style=\"font-size: 1.1rem; text-shadow: 0 3px 6px rgb(0 0 0 \/ 36%);\">Kate\u0159ina Kr\u0148ansk\u00e1 &#8211; Veganius<\/h5>\n                    <\/div>\n                    <div class=\"p-sm-3 p-2\" style=\"position: absolute; bottom: -1rem; right: 1.5rem; width: 30%; height: 30%; color: #fff; background-color: #fedd00;\">\n                        <img decoding=\"async\" class=\"topic-icon\" src=\"https:\/\/www.kosiceregion.com\/wp-content\/uploads\/2021\/12\/tradicie.png\" \/>\n                    <\/div>\n                <\/a>\n            <\/div>\n                        <div class=\"item card-poi-item pb-3 px-2\" style=\"overflow: hidden;\">\n                <a href=\"https:\/\/www.kosiceregion.com\/de\/ambassador\/gabriel-oprendek-mellos-opre\/\">\n                    <div style=\"position: relative; background-image: url('https:\/\/www.kosiceregion.com\/wp-content\/uploads\/2021\/07\/AA_7737-1-1024x683.jpg')\" class=\"img-square hvr-grow\"><\/div>\n                    <div style=\"position: absolute; bottom: 1rem; left: 1.5rem; right: 45%; color: #fff;\">\n                        <h5 style=\"font-size: 1.1rem; text-shadow: 0 3px 6px rgb(0 0 0 \/ 36%);\">Gabriel Oprendek &#8211; MELLOS, OPRE\u00b4<\/h5>\n                    <\/div>\n                    <div class=\"p-sm-3 p-2\" style=\"position: absolute; bottom: -1rem; right: 1.5rem; width: 30%; height: 30%; color: #fff; background-color: #ff7800;\">\n                        <img decoding=\"async\" class=\"topic-icon\" src=\"https:\/\/www.kosiceregion.com\/wp-content\/uploads\/2021\/12\/den-noc.png\" \/>\n                    <\/div>\n                <\/a>\n            <\/div>\n                        <div class=\"item card-poi-item pb-3 px-2\" style=\"overflow: hidden;\">\n                <a href=\"https:\/\/www.kosiceregion.com\/de\/ambassador\/dana-oprendek-robin-street-food\/\">\n                    <div style=\"position: relative; background-image: url('https:\/\/www.kosiceregion.com\/wp-content\/uploads\/2021\/07\/AA_7769-1-1024x683.jpg')\" class=\"img-square hvr-grow\"><\/div>\n                    <div style=\"position: absolute; bottom: 1rem; left: 1.5rem; right: 45%; color: #fff;\">\n                        <h5 style=\"font-size: 1.1rem; text-shadow: 0 3px 6px rgb(0 0 0 \/ 36%);\">Dana Oprendek \u2013 ROBIN STREET FOOD<\/h5>\n                    <\/div>\n                    <div class=\"p-sm-3 p-2\" style=\"position: absolute; bottom: -1rem; right: 1.5rem; width: 30%; height: 30%; color: #fff; background-color: #ff7800;\">\n                        <img decoding=\"async\" class=\"topic-icon\" src=\"https:\/\/www.kosiceregion.com\/wp-content\/uploads\/2021\/12\/den-noc.png\" \/>\n                    <\/div>\n                <\/a>\n            <\/div>\n                        <div class=\"item card-poi-item pb-3 px-2\" style=\"overflow: hidden;\">\n                <a href=\"https:\/\/www.kosiceregion.com\/de\/ambassador\/juraj-hidveghy-hladac-hudobnych-pokladov\/\">\n                    <div style=\"position: relative; background-image: url('https:\/\/www.kosiceregion.com\/wp-content\/uploads\/2025\/09\/A064554B-3D3E-43D7-8CF2-0E6D669BF7E9-1024x683.jpg')\" class=\"img-square hvr-grow\"><\/div>\n                    <div style=\"position: absolute; bottom: 1rem; left: 1.5rem; right: 45%; color: #fff;\">\n                        <h5 style=\"font-size: 1.1rem; text-shadow: 0 3px 6px rgb(0 0 0 \/ 36%);\">Juraj Hidv\u00e9ghy \u2013 h\u013eada\u010d hudobn\u00fdch pokladov<\/h5>\n                    <\/div>\n                    <div class=\"p-sm-3 p-2\" style=\"position: absolute; bottom: -1rem; right: 1.5rem; width: 30%; height: 30%; color: #fff; background-color: ;\">\n                        <img decoding=\"async\" class=\"topic-icon\" src=\"\" \/>\n                    <\/div>\n                <\/a>\n            <\/div>\n                        <div class=\"item card-poi-item pb-3 px-2\" style=\"overflow: hidden;\">\n                <a href=\"https:\/\/www.kosiceregion.com\/de\/ambassador\/matus-vdovjak-vinarstvo-vdovjak\/\">\n                    <div style=\"position: relative; background-image: url('https:\/\/www.kosiceregion.com\/wp-content\/uploads\/2021\/08\/AA_8229-1024x683.jpg')\" class=\"img-square hvr-grow\"><\/div>\n                    <div style=\"position: absolute; bottom: 1rem; left: 1.5rem; right: 45%; color: #fff;\">\n                        <h5 style=\"font-size: 1.1rem; text-shadow: 0 3px 6px rgb(0 0 0 \/ 36%);\">Mat\u00fa\u0161 Vdovjak \u2013 WEINGUT VDOVJAK<\/h5>\n                    <\/div>\n                    <div class=\"p-sm-3 p-2\" style=\"position: absolute; bottom: -1rem; right: 1.5rem; width: 30%; height: 30%; color: #fff; background-color: #fedd00;\">\n                        <img decoding=\"async\" class=\"topic-icon\" src=\"https:\/\/www.kosiceregion.com\/wp-content\/uploads\/2021\/12\/tradicie.png\" \/>\n                    <\/div>\n                <\/a>\n            <\/div>\n                        <div class=\"item card-poi-item pb-3 px-2\" style=\"overflow: hidden;\">\n                <a href=\"https:\/\/www.kosiceregion.com\/de\/ambassador\/erik-sikora-dzumelec\/\">\n                    <div style=\"position: relative; background-image: url('https:\/\/www.kosiceregion.com\/wp-content\/uploads\/2021\/07\/Sikora-1-1-1024x683.jpg')\" class=\"img-square hvr-grow\"><\/div>\n                    <div style=\"position: absolute; bottom: 1rem; left: 1.5rem; right: 45%; color: #fff;\">\n                        <h5 style=\"font-size: 1.1rem; text-shadow: 0 3px 6px rgb(0 0 0 \/ 36%);\">Erik Sikora &#8211; D\u017dUMELEC<\/h5>\n                    <\/div>\n                    <div class=\"p-sm-3 p-2\" style=\"position: absolute; bottom: -1rem; right: 1.5rem; width: 30%; height: 30%; color: #fff; background-color: #00c5fe;\">\n                        <img decoding=\"async\" class=\"topic-icon\" src=\"https:\/\/www.kosiceregion.com\/wp-content\/uploads\/2021\/12\/mesto.png\" \/>\n                    <\/div>\n                <\/a>\n            <\/div>\n                        <\/div>\n            <div class=\"owl-theme\">\n                <div class=\"owl-controls\">\n                <\/div>\n            <\/div>\n        <\/div>\n    <\/div>\n<\/div>\n\n<script type=\"text\/javascript\"\n        src=\"https:\/\/www.kosiceregion.com\/wp-content\/themes\/kscregion\/js\/custom-owl-slider.js?version=20211208\"><\/script>","protected":false,"raw":"<!-- wp:acf\/common-text-left-section {\"name\":\"acf\/common-text-left-section\",\"data\":{\"field_60c66a6067e54\":\"\\u003cstrong\\u003eDie unerforschte Region Gemer, eine Karstlandschaft, die die Ost- und Westslowakei \u00fcberbr\u00fcckt, das auserw\u00e4hlte Land des ungarischen Adels und die Heimat der slowakischen F\u00f6rderer des nationalen Bewusstseins. Ein akribisch konstruierter Teil der Welt des Eisernen Grafen Andr\u00e1ssy ist heute ein Hipster-Traum f\u00fcr Urbex-Selfies. Ein Graph namens Authentizit\u00e4t verbindet alle H\u00f6hen- und Tiefenpunkte dieser \u201ePeripherie\u201c fernab der intergalaktischen Autobahn. Es liegt an dir, ob der Luxus der Adelsresidenz der Andr\u00e1ssys in Betliar, das slowakische \u201eTaj Mahal\u201c in Kr\u00e1snohorsk\u00e9 Podhradie oder die \u201eschwarzen L\u00f6cher\u201c (fr\u00fcher erstaunliche technische Bauwerke, die hier eine in Europa wohlbekannte Adelsfamilie hinterlassen hat) zum Ziel deiner Reise werden. Lass dir das Beste zwischen Ost und West nicht entgehen und lande mit deinem Raumschiff am Gotischen sakralen Weg von Gemer. Ehe du Gemer vollst\u00e4ndig kennengelernt hast, werden ein paar Sonnen aufleuchten, ein paar Sterne erl\u00f6schen, du wirst schlicht nie genug davon haben.\\u003c\/strong\\u003e\"},\"mode\":\"preview\"} \/-->\n\n<!-- wp:acf\/common-text-right-section {\"name\":\"acf\/common-text-right-section\",\"data\":{\"field_60c66a6067e54\":\"\\u003cspan data-sheets-value=\\u0022{\\u0026quot;1\\u0026quot;:2,\\u0026quot;2\\u0026quot;:\\u0026quot;Die Kirchen sind normalerweise nicht f\u00fcr die \u00d6ffentlichkeit zug\u00e4nglich. Sie \u00f6ffnen ihre T\u00fcren jedoch regelm\u00e4\u00dfig w\u00e4hrend organisierter Veranstaltungen. Einige haben w\u00e4hrend der Sommersaison feste \u00d6ffnungszeiten. Informationen und Karten zu den einzelnen Denkm\u00e4lern des Gotischen Wegs findest du auf der Website https:\/\/gotickacesta.sk\/.\\u0026quot;}\\u0022 data-sheets-userformat=\\u0022{\\u0026quot;2\\u0026quot;:12737,\\u0026quot;3\\u0026quot;:{\\u0026quot;1\\u0026quot;:0,\\u0026quot;3\\u0026quot;:1},\\u0026quot;9\\u0026quot;:0,\\u0026quot;10\\u0026quot;:1,\\u0026quot;11\\u0026quot;:4,\\u0026quot;15\\u0026quot;:\\u0026quot;Calibri\\u0026quot;,\\u0026quot;16\\u0026quot;:11}\\u0022\\u003eDie Kirchen sind normalerweise nicht f\u00fcr die \u00d6ffentlichkeit zug\u00e4nglich. Sie \u00f6ffnen ihre T\u00fcren jedoch regelm\u00e4\u00dfig w\u00e4hrend organisierter Veranstaltungen. Einige haben w\u00e4hrend der Sommersaison feste \u00d6ffnungszeiten. Informationen und Karten zu den einzelnen Denkm\u00e4lern des Gotischen Wegs findest du auf der Website \\u003ca href=\\u0022https:\/\/gotickacesta.sk\/\\u0022\\u003ehttps:\/\/gotickacesta.sk\/\\u003c\/a\\u003e.\\u003c\/span\\u003e\"},\"mode\":\"preview\"} \/-->\n\n<!-- wp:acf\/common-image-right-section {\"name\":\"acf\/common-image-right-section\",\"data\":{\"image\":7195,\"_image\":\"field_60c66ddbbdafe\"},\"mode\":\"preview\"} \/-->\n\n<!-- wp:acf\/common-image-left-section {\"name\":\"acf\/common-image-left-section\",\"data\":{\"image\":7196,\"_image\":\"field_60c66ddbbdafe\"},\"mode\":\"preview\"} \/-->\n\n<!-- wp:acf\/common-text-left-section {\"name\":\"acf\/common-text-left-section\",\"data\":{\"field_60c66a6067e54\":\"\\u003cstrong\\u003eGemerer Odysee\\u003c\/strong\\u003e\\r\\n\\r\\n\\u003cspan data-sheets-value=\\u0022{\\u0026quot;1\\u0026quot;:2,\\u0026quot;2\\u0026quot;:\\u0026quot;Begib dich auf eine Odyssee zum Erkunden von Gemer und in Gesellschaft von Reisebegleitern, die dir die Region in ihrer wahren Gestalt zeigen. Es ist eine Zeitreise, die vor langer Zeit begann und heute noch nicht zu Ende ist. In Begleitung von Mi\u0161o Hud\u00e1k, f\u00fcr den Gemer eines seiner Lieblingsuniversen ist, findest du dich an Orten - schwarzen L\u00f6chern - wieder, die man mit Schrift nur schwer beschreiben kann.\\u0026quot;}\\u0022 data-sheets-userformat=\\u0022{\\u0026quot;2\\u0026quot;:12737,\\u0026quot;3\\u0026quot;:{\\u0026quot;1\\u0026quot;:0,\\u0026quot;3\\u0026quot;:1},\\u0026quot;9\\u0026quot;:0,\\u0026quot;10\\u0026quot;:1,\\u0026quot;11\\u0026quot;:4,\\u0026quot;15\\u0026quot;:\\u0026quot;Calibri\\u0026quot;,\\u0026quot;16\\u0026quot;:11}\\u0022\\u003eBegib dich auf eine Odyssee zum Erkunden von Gemer und in Gesellschaft von Reisebegleitern, die dir die Region in ihrer wahren Gestalt zeigen. Es ist eine Zeitreise, die vor langer Zeit begann und heute noch nicht zu Ende ist. In Begleitung von Mi\u0161o Hud\u00e1k, f\u00fcr den Gemer eines seiner Lieblingsuniversen ist, findest du dich an Orten - schwarzen L\u00f6chern - wieder, die man mit Schrift nur schwer beschreiben kann.\\u003c\/span\\u003e\\r\\n\\r\\n\\u003cspan data-sheets-value=\\u0022{\\u0026quot;1\\u0026quot;:2,\\u0026quot;2\\u0026quot;:\\u0026quot;Auf dem Gotischen Weg durch Gemer entdeckst du wiederum in Begleitung eines Reiseleiters von OZ Gotick\u00e1 cesta (dt. B\u00fcrgervereinigung Gotischer Weg) unter der grauen Ablagerungsschicht aus Sternenstaub die wahren gotischen Sch\u00e4tze der Gemerer Kirchen. Im Sternennebel am RAND DER WELT, hinter den dicken Kirchenmauern, erkennst du gotische Fresken, epische Wandmalereien mit starkem Akzent italienischer Meister.\\u0026quot;}\\u0022 data-sheets-userformat=\\u0022{\\u0026quot;2\\u0026quot;:12737,\\u0026quot;3\\u0026quot;:{\\u0026quot;1\\u0026quot;:0,\\u0026quot;3\\u0026quot;:1},\\u0026quot;9\\u0026quot;:0,\\u0026quot;10\\u0026quot;:1,\\u0026quot;11\\u0026quot;:4,\\u0026quot;15\\u0026quot;:\\u0026quot;Calibri\\u0026quot;,\\u0026quot;16\\u0026quot;:11}\\u0022 data-sheets-textstyleruns=\\u0022{\\u0026quot;1\\u0026quot;:0}\uee10{\\u0026quot;1\\u0026quot;:111,\\u0026quot;2\\u0026quot;:{\\u0026quot;3\\u0026quot;:\\u0026quot;Calibri\\u0026quot;,\\u0026quot;4\\u0026quot;:11,\\u0026quot;6\\u0026quot;:1}}\uee10{\\u0026quot;1\\u0026quot;:146,\\u0026quot;2\\u0026quot;:{\\u0026quot;3\\u0026quot;:\\u0026quot;Calibri\\u0026quot;,\\u0026quot;4\\u0026quot;:11}}\\u0022\\u003eAuf dem Gotischen Weg durch Gemer entdeckst du wiederum in Begleitung eines Reiseleiters von OZ Gotick\u00e1 cesta (dt. B\u00fcrgervereinigung Gotischer Weg) unter der grauen Ablagerungsschicht aus Sternenstaub die wahren gotischen Sch\u00e4tze der Gemerer Kirchen. Im Sternennebel am RAND DER WELT, hinter den dicken Kirchenmauern, erkennst du gotische Fresken, epische Wandmalereien mit starkem Akzent italienischer Meister.\\u003c\/span\\u003e\"},\"mode\":\"preview\"} \/-->\n\n<!-- wp:acf\/common-image-right-section {\"name\":\"acf\/common-image-right-section\",\"data\":{\"image\":7197,\"_image\":\"field_60c66ddbbdafe\"},\"mode\":\"preview\"} \/-->\n\n<!-- wp:acf\/common-text-right-section {\"name\":\"acf\/common-text-right-section\",\"data\":{\"field_60c66a6067e54\":\"\\u003cstrong\\u003eGotische Basilika in \u0160t\u00edtnik\\u003c\/strong\\u003e\\r\\n\\r\\n\\u003cspan data-sheets-value=\\u0022{\\u0026quot;1\\u0026quot;:2,\\u0026quot;2\\u0026quot;:\\u0026quot;Es handelt sich um eine urspr\u00fcnglich dreischiffige Basilika aus dem 14. und 15. Jahrhundert mit wundersch\u00f6nen Stern- und Netzgew\u00f6lben. Die Kirche hat einen massiven Turm und ist ein markantes Wahrzeichen des gesamten Tals von \u0160t\u00edtnik. An den W\u00e4nden befinden sich mehr als 200 Quadratmeter Wandmalereien (Secco- und Freskomalerei), die verschiedene, meist religi\u00f6se Themen darstellen. Ein einzigartiges gotisches Bronzetaufbecken aus dem Jahr 1454, die \u00e4lteste Orgel in der Slowakei aus dem Jahr 1492, handbemalte Kirchenb\u00e4nke oder die letzte Ruhest\u00e4tte der Nachkommen der Familie Bebek \u2013 all das verbirgt sich in einer einzigen Basilika.\\u0026quot;}\\u0022 data-sheets-userformat=\\u0022{\\u0026quot;2\\u0026quot;:12737,\\u0026quot;3\\u0026quot;:{\\u0026quot;1\\u0026quot;:0,\\u0026quot;3\\u0026quot;:1},\\u0026quot;9\\u0026quot;:0,\\u0026quot;10\\u0026quot;:1,\\u0026quot;11\\u0026quot;:4,\\u0026quot;15\\u0026quot;:\\u0026quot;Calibri\\u0026quot;,\\u0026quot;16\\u0026quot;:11}\\u0022\\u003eEs handelt sich um eine urspr\u00fcnglich dreischiffige Basilika aus dem 14. und 15. Jahrhundert mit wundersch\u00f6nen Stern- und Netzgew\u00f6lben. Die Kirche hat einen massiven Turm und ist ein markantes Wahrzeichen des gesamten Tals von \u0160t\u00edtnik. An den W\u00e4nden befinden sich mehr als 200 Quadratmeter Wandmalereien (Secco- und Freskomalerei), die verschiedene, meist religi\u00f6se Themen darstellen. Ein einzigartiges gotisches Bronzetaufbecken aus dem Jahr 1454, die \u00e4lteste Orgel in der Slowakei aus dem Jahr 1492, handbemalte Kirchenb\u00e4nke oder die letzte Ruhest\u00e4tte der Nachkommen der Familie Bebek \u2013 all das verbirgt sich in einer einzigen Basilika.\\u003c\/span\\u003e\\r\\n\\r\\n\\u003cspan data-sheets-value=\\u0022{\\u0026quot;1\\u0026quot;:2,\\u0026quot;2\\u0026quot;:\\u0026quot;Praktische Informationen: Um Zugang zum Denkmal zu erhalten, wende dich vor deinem Besuch an Mgr. Jana Il\u010diskov\u00e1 \u2013 Gemeindepfarrerin unter +421 907 337 855 oder an Mgr. Mat\u00fa\u0161 Moln\u00e1r \u2013 Kirchenvorsteher unter +421 918 783 356 , stitnik@ecav.sk.\\u0026quot;}\\u0022 data-sheets-userformat=\\u0022{\\u0026quot;2\\u0026quot;:12737,\\u0026quot;3\\u0026quot;:{\\u0026quot;1\\u0026quot;:0,\\u0026quot;3\\u0026quot;:1},\\u0026quot;9\\u0026quot;:0,\\u0026quot;10\\u0026quot;:1,\\u0026quot;11\\u0026quot;:4,\\u0026quot;15\\u0026quot;:\\u0026quot;Calibri\\u0026quot;,\\u0026quot;16\\u0026quot;:11}\\u0022 data-sheets-hyperlink=\\u0022mailto:stitnik@ecav.sk\\u0022\\u003ePraktische Informationen: Um Zugang zum Denkmal zu erhalten, wende dich vor deinem Besuch an Mgr. Jana Il\u010diskov\u00e1 \u2013 Gemeindepfarrerin unter +421 907 337 855 oder an Mgr. Mat\u00fa\u0161 Moln\u00e1r \u2013 Kirchenvorsteher unter +421 918 783 356 , stitnik@ecav.sk.\\u003c\/span\\u003e\"},\"mode\":\"preview\"} \/-->\n\n<!-- wp:acf\/common-image-left-section {\"name\":\"acf\/common-image-left-section\",\"data\":{\"image\":7198,\"_image\":\"field_60c66ddbbdafe\"},\"mode\":\"preview\"} \/-->\n\n<!-- wp:acf\/common-text-left-section {\"name\":\"acf\/common-text-left-section\",\"data\":{\"field_60c66a6067e54\":\"\\u003cstrong\\u003eKirche in Koce\u013eovce\\u003c\/strong\\u003e\\r\\n\\r\\n\\u003cspan data-sheets-value=\\u0022{\\u0026quot;1\\u0026quot;:2,\\u0026quot;2\\u0026quot;:\\u0026quot;Sie geh\u00f6rt zu den bedeutendsten Denkm\u00e4lern der mittelalterlichen Architektur und insbesondere der Wandmalerei in der Slowakei. Die Kirche wurde ungef\u00e4hr in der ersten H\u00e4lfte des 14. Jahrhunderts erbaut und dem Hl. Bartholom\u00e4us geweiht. Dem Besucher f\u00e4llt sofort der unkonventionell gestaltete Turm auf, \u00e4hnlich dem n\u00f6rdlichen Sigismund-Turm des St.-Elisabeth-Doms in Ko\u0161ice. Die wertvollen Fresken im italienisch-byzantinischen Stil mit Motiven aus dem Leben Jesu Christi und der Jungfrau Maria sind 150 Jahre \u00e4lter als Da Vincis Letztes Abendmahl oder Michelangelos J\u00fcngstes Gericht in der Sixtinischen Kapelle.\\u0026quot;}\\u0022 data-sheets-userformat=\\u0022{\\u0026quot;2\\u0026quot;:12737,\\u0026quot;3\\u0026quot;:{\\u0026quot;1\\u0026quot;:0,\\u0026quot;3\\u0026quot;:1},\\u0026quot;9\\u0026quot;:0,\\u0026quot;10\\u0026quot;:1,\\u0026quot;11\\u0026quot;:4,\\u0026quot;15\\u0026quot;:\\u0026quot;Calibri\\u0026quot;,\\u0026quot;16\\u0026quot;:11}\\u0022\\u003eSie geh\u00f6rt zu den bedeutendsten Denkm\u00e4lern der mittelalterlichen Architektur und insbesondere der Wandmalerei in der Slowakei. Die Kirche wurde ungef\u00e4hr in der ersten H\u00e4lfte des 14. Jahrhunderts erbaut und dem Hl. Bartholom\u00e4us geweiht. Dem Besucher f\u00e4llt sofort der unkonventionell gestaltete Turm auf, \u00e4hnlich dem n\u00f6rdlichen Sigismund-Turm des St.-Elisabeth-Doms in Ko\u0161ice. Die wertvollen Fresken im italienisch-byzantinischen Stil mit Motiven aus dem Leben Jesu Christi und der Jungfrau Maria sind 150 Jahre \u00e4lter als Da Vincis Letztes Abendmahl oder Michelangelos J\u00fcngstes Gericht in der Sixtinischen Kapelle.\\u003c\/span\\u003e\\r\\n\\r\\n\\u003cspan data-sheets-value=\\u0022{\\u0026quot;1\\u0026quot;:2,\\u0026quot;2\\u0026quot;:\\u0026quot;Praktische Informationen: Um Zugang zum Denkmal zu erhalten, wende dich vor deinem Besuch an Mgr. Em\u00edlia Veleb\u00edrov\u00e1, Pfarrerin, +421 911 747 211\\u0026quot;}\\u0022 data-sheets-userformat=\\u0022{\\u0026quot;2\\u0026quot;:12737,\\u0026quot;3\\u0026quot;:{\\u0026quot;1\\u0026quot;:0,\\u0026quot;3\\u0026quot;:1},\\u0026quot;9\\u0026quot;:0,\\u0026quot;10\\u0026quot;:1,\\u0026quot;11\\u0026quot;:4,\\u0026quot;15\\u0026quot;:\\u0026quot;Calibri\\u0026quot;,\\u0026quot;16\\u0026quot;:11}\\u0022\\u003ePraktische Informationen: Um Zugang zum Denkmal zu erhalten, wende dich vor deinem Besuch an Mgr. Em\u00edlia Veleb\u00edrov\u00e1, Pfarrerin, +421 911 747 211\\u003c\/span\\u003e\"},\"mode\":\"preview\"} \/-->\n\n<!-- wp:acf\/common-image-right-section {\"name\":\"acf\/common-image-right-section\",\"data\":{\"image\":7201,\"_image\":\"field_60c66ddbbdafe\"},\"mode\":\"preview\"} \/-->\n\n<!-- wp:acf\/common-text-right-section {\"name\":\"acf\/common-text-right-section\",\"data\":{\"field_60c66a6067e54\":\"\\u003cstrong\\u003eKirche in Ochtin\u00e1\\u003c\/strong\\u003e\\r\\n\\r\\n\\u003cspan data-sheets-value=\\u0022{\\u0026quot;1\\u0026quot;:2,\\u0026quot;2\\u0026quot;:\\u0026quot;Die Kirche birgt figurative Freskenmalerei aus der Mitte des 14. Jahrhunderts, die die gesamte Fl\u00e4che des Presbyteriums und den Triumphbogen bedeckt und sich auch im Dachbodenraum erhalten hat. In den Jahren 1976-1977 wurde in der Kirche eine Restaurierungsforschung an den Gem\u00e4lden durchgef\u00fchrt. Der Professor Milan Togner und der akademische Maler Ji\u0159\u00ed Josef\u00edk f\u00fchrten f\u00fcr den Autor dieser Fresken den Begriff \u201eMeister des Presbyteriums von Ochtin\u00e1\u201c ein.\\u0026quot;}\\u0022 data-sheets-userformat=\\u0022{\\u0026quot;2\\u0026quot;:12737,\\u0026quot;3\\u0026quot;:{\\u0026quot;1\\u0026quot;:0,\\u0026quot;3\\u0026quot;:1},\\u0026quot;9\\u0026quot;:0,\\u0026quot;10\\u0026quot;:1,\\u0026quot;11\\u0026quot;:4,\\u0026quot;15\\u0026quot;:\\u0026quot;Calibri\\u0026quot;,\\u0026quot;16\\u0026quot;:11}\\u0022\\u003eDie Kirche birgt figurative Freskenmalerei aus der Mitte des 14. Jahrhunderts, die die gesamte Fl\u00e4che des Presbyteriums und den Triumphbogen bedeckt und sich auch im Dachbodenraum erhalten hat. In den Jahren 1976-1977 wurde in der Kirche eine Restaurierungsforschung an den Gem\u00e4lden durchgef\u00fchrt. Der Professor Milan Togner und der akademische Maler Ji\u0159\u00ed Josef\u00edk f\u00fchrten f\u00fcr den Autor dieser Fresken den Begriff \u201eMeister des Presbyteriums von Ochtin\u00e1\u201c ein.\\u003c\/span\\u003e\\r\\n\\r\\n\\u003cspan data-sheets-value=\\u0022{\\u0026quot;1\\u0026quot;:2,\\u0026quot;2\\u0026quot;:\\u0026quot;Praktische Informationen: Um Zugang zum Denkmal zu erhalten, wende dich vor deinem Besuch an Martin Dud\u00e1\u0161, Diakon, +421 905 874 096\\u0026quot;}\\u0022 data-sheets-userformat=\\u0022{\\u0026quot;2\\u0026quot;:12737,\\u0026quot;3\\u0026quot;:{\\u0026quot;1\\u0026quot;:0,\\u0026quot;3\\u0026quot;:1},\\u0026quot;9\\u0026quot;:0,\\u0026quot;10\\u0026quot;:1,\\u0026quot;11\\u0026quot;:4,\\u0026quot;15\\u0026quot;:\\u0026quot;Calibri\\u0026quot;,\\u0026quot;16\\u0026quot;:11}\\u0022\\u003ePraktische Informationen: Um Zugang zum Denkmal zu erhalten, wende dich vor deinem Besuch an Martin Dud\u00e1\u0161, Diakon, +421 905 874 096\\u003c\/span\\u003e\"},\"mode\":\"preview\"} \/-->\n\n<!-- wp:acf\/common-image-left-section {\"name\":\"acf\/common-image-left-section\",\"data\":{\"image\":7355,\"_image\":\"field_60c66ddbbdafe\"},\"mode\":\"preview\"} \/-->\n\n<!-- wp:acf\/common-text-left-section {\"name\":\"acf\/common-text-left-section\",\"data\":{\"field_60c66a6067e54\":\"\\u003cstrong\\u003eHochofen Karl in Vlachovo\\u003c\/strong\\u003e\\r\\n\\r\\n\\u003cspan data-sheets-value=\\u0022{\\u0026quot;1\\u0026quot;:2,\\u0026quot;2\\u0026quot;:\\u0026quot;1870 wurde der Bau des Hochofens Karl (slow. Karlova huta) abgeschlossen. Er wurde im Auftrag von Emanuel Andr\u00e1ssy (1821 \u2013 1891), dem Sohn von Karl III., gebaut, nach dem der Ofen benannt wurde. Laut der Universit\u00e4t Sheffield ist dieser Hochofen \u2013 Karlsh\u00fctte \u2013 einer der bedeutendsten historischen Hoch\u00f6fen Europas. F\u00fcr die Slowakei ist es ein nationales Kulturdenkmal. Jedoch verf\u00e4llt es allm\u00e4hlich.\\u0026quot;}\\u0022 data-sheets-userformat=\\u0022{\\u0026quot;2\\u0026quot;:12737,\\u0026quot;3\\u0026quot;:{\\u0026quot;1\\u0026quot;:0,\\u0026quot;3\\u0026quot;:1},\\u0026quot;9\\u0026quot;:0,\\u0026quot;10\\u0026quot;:1,\\u0026quot;11\\u0026quot;:4,\\u0026quot;15\\u0026quot;:\\u0026quot;Calibri\\u0026quot;,\\u0026quot;16\\u0026quot;:11}\\u0022 data-sheets-textstyleruns=\\u0022{\\u0026quot;1\\u0026quot;:0}\uee10{\\u0026quot;1\\u0026quot;:39,\\u0026quot;2\\u0026quot;:{\\u0026quot;3\\u0026quot;:\\u0026quot;Calibri\\u0026quot;,\\u0026quot;4\\u0026quot;:11,\\u0026quot;6\\u0026quot;:1}}\uee10{\\u0026quot;1\\u0026quot;:57,\\u0026quot;2\\u0026quot;:{\\u0026quot;3\\u0026quot;:\\u0026quot;Calibri\\u0026quot;,\\u0026quot;4\\u0026quot;:11}}\\u0022\\u003e1870 wurde der Bau des Hochofens Karl (slow. Karlova huta) abgeschlossen. Er wurde im Auftrag von Emanuel Andr\u00e1ssy (1821 \u2013 1891), dem Sohn von Karl III., gebaut, nach dem der Ofen benannt wurde. Laut der Universit\u00e4t Sheffield ist dieser Hochofen \u2013 Karlsh\u00fctte \u2013 einer der bedeutendsten historischen Hoch\u00f6fen Europas. F\u00fcr die Slowakei ist es ein nationales Kulturdenkmal. Jedoch verf\u00e4llt es allm\u00e4hlich.\\u003c\/span\\u003e\\r\\n\\r\\n\\u003cspan data-sheets-value=\\u0022{\\u0026quot;1\\u0026quot;:2,\\u0026quot;2\\u0026quot;:\\u0026quot;Praktische Informationen: Der Hochofen Karl (Karlsh\u00fctte) in der Gemeinde Vlachovo am Standort Dob\u0161insk\u00e1 P\u00edla ist geschlossen und f\u00fcr die \u00d6ffentlichkeit nicht zug\u00e4nglich. Aus einiger Entfernung, ohne das Privatgrundst\u00fcck zu betreten, kannst du dir jedoch ein paar Ansichten und Schnappsch\u00fcsse ergattern.\\u0026quot;}\\u0022 data-sheets-userformat=\\u0022{\\u0026quot;2\\u0026quot;:12737,\\u0026quot;3\\u0026quot;:{\\u0026quot;1\\u0026quot;:0,\\u0026quot;3\\u0026quot;:1},\\u0026quot;9\\u0026quot;:0,\\u0026quot;10\\u0026quot;:1,\\u0026quot;11\\u0026quot;:4,\\u0026quot;15\\u0026quot;:\\u0026quot;Calibri\\u0026quot;,\\u0026quot;16\\u0026quot;:11}\\u0022\\u003ePraktische Informationen: Der Hochofen Karl (Karlsh\u00fctte) in der Gemeinde Vlachovo am Standort Dob\u0161insk\u00e1 P\u00edla ist geschlossen und f\u00fcr die \u00d6ffentlichkeit nicht zug\u00e4nglich. Aus einiger Entfernung, ohne das Privatgrundst\u00fcck zu betreten, kannst du dir jedoch ein paar Ansichten und Schnappsch\u00fcsse ergattern.\\u003c\/span\\u003e\"},\"mode\":\"preview\"} \/-->\n\n<!-- wp:acf\/common-image-right-section {\"name\":\"acf\/common-image-right-section\",\"data\":{\"image\":7353,\"_image\":\"field_60c66ddbbdafe\"},\"mode\":\"preview\"} \/-->\n\n<!-- wp:acf\/common-text-right-section {\"name\":\"acf\/common-text-right-section\",\"data\":{\"field_60c66a6067e54\":\"\\u003cstrong\\u003eH\u00fctte Etelka in Ni\u017en\u00e1 Slan\u00e1\\u003c\/strong\\u003e\\r\\n\\r\\n\\u003cspan data-sheets-value=\\u0022{\\u0026quot;1\\u0026quot;:2,\\u0026quot;2\\u0026quot;:\\u0026quot;Die Etelka-H\u00fctte in Ni\u017en\u00e1 Slan\u00e1 lie\u00df im Jahr 1867 ebenfalls Graf Emanuel Andr\u00e1ssy an der Stelle zweier \u00e4lterer \u00d6fen erbauen, diesmal benannte er die H\u00fctte nach seiner Mutter, und vielleicht gerade deshalb ist das Geb\u00e4ude noch sch\u00f6ner, mit einer anmutigeren Architektur. Etelka war 1867 \u2013 1907, in der Zeit des gr\u00f6\u00dften Aufschwungs des H\u00fcttenwesens und Bergbaus, in Betrieb. Von dem gro\u00dfangelegten H\u00fcttenbetrieb hat sich gerade mal das H\u00fcttengeb\u00e4ude mit einem Hochofen erhalten. Die B\u00fcrgervereinigung Barbora engagiert sich f\u00fcr den Erhalt der H\u00fcte und deren ann\u00e4hernde R\u00fcckf\u00fchrung in den Zustand von 1910. Das Geb\u00e4ude ist umz\u00e4unt und f\u00fcr die \u00d6ffentlichkeit unzug\u00e4nglich. Man kann Etelka aus der Ferne betrachten und sie mit einer Kamera festhalten.\\u0026quot;}\\u0022 data-sheets-userformat=\\u0022{\\u0026quot;2\\u0026quot;:12737,\\u0026quot;3\\u0026quot;:{\\u0026quot;1\\u0026quot;:0,\\u0026quot;3\\u0026quot;:1},\\u0026quot;9\\u0026quot;:0,\\u0026quot;10\\u0026quot;:1,\\u0026quot;11\\u0026quot;:4,\\u0026quot;15\\u0026quot;:\\u0026quot;Calibri\\u0026quot;,\\u0026quot;16\\u0026quot;:11}\\u0022 data-sheets-textstyleruns=\\u0022{\\u0026quot;1\\u0026quot;:0}\uee10{\\u0026quot;1\\u0026quot;:597,\\u0026quot;2\\u0026quot;:{\\u0026quot;3\\u0026quot;:\\u0026quot;Arial\\u0026quot;,\\u0026quot;4\\u0026quot;:10}}\uee10{\\u0026quot;1\\u0026quot;:598,\\u0026quot;2\\u0026quot;:{\\u0026quot;3\\u0026quot;:\\u0026quot;Calibri\\u0026quot;,\\u0026quot;4\\u0026quot;:11}}\uee10{\\u0026quot;1\\u0026quot;:602,\\u0026quot;2\\u0026quot;:{\\u0026quot;3\\u0026quot;:\\u0026quot;Arial\\u0026quot;,\\u0026quot;4\\u0026quot;:10}}\uee10{\\u0026quot;1\\u0026quot;:604,\\u0026quot;2\\u0026quot;:{\\u0026quot;3\\u0026quot;:\\u0026quot;Calibri\\u0026quot;,\\u0026quot;4\\u0026quot;:11}}\\u0022\\u003eDie Etelka-H\u00fctte in Ni\u017en\u00e1 Slan\u00e1 lie\u00df im Jahr 1867 ebenfalls Graf Emanuel Andr\u00e1ssy an der Stelle zweier \u00e4lterer \u00d6fen erbauen, diesmal benannte er die H\u00fctte nach seiner Mutter, und vielleicht gerade deshalb ist das Geb\u00e4ude noch sch\u00f6ner, mit einer anmutigeren Architektur. Etelka war 1867 \u2013 1907, in der Zeit des gr\u00f6\u00dften Aufschwungs des H\u00fcttenwesens und Bergbaus, in Betrieb. Von dem gro\u00dfangelegten H\u00fcttenbetrieb hat sich gerade mal das H\u00fcttengeb\u00e4ude mit einem Hochofen erhalten. Die B\u00fcrgervereinigung Barbora engagiert sich f\u00fcr den Erhalt der H\u00fcte und deren ann\u00e4hernde R\u00fcckf\u00fchrung in den Zustand von 1910. Das Geb\u00e4ude ist umz\u00e4unt und f\u00fcr die \u00d6ffentlichkeit unzug\u00e4nglich. Man kann Etelka aus der Ferne betrachten und sie mit einer Kamera festhalten.\\u003c\/span\\u003e\\r\\n\\r\\n\\u003cspan data-sheets-value=\\u0022{\\u0026quot;1\\u0026quot;:2,\\u0026quot;2\\u0026quot;:\\u0026quot;Praktische Informationen: Das technische Denkmal wird verwaltet von: OZ Barbora, Mgr. Andrea Heldov\u00e1 unter +421 948 933 999, geoparkmalekarpaty@gmail.com, heldovaandrea@gmail.com. Etelka befindet sich nahe der Stra\u00dfe von Go\u010dovo nach Ni\u017en\u00e1 Slan\u00e1. GPS 48.74202784660421, 20.416439258926914\\u0026quot;}\\u0022 data-sheets-userformat=\\u0022{\\u0026quot;2\\u0026quot;:12737,\\u0026quot;3\\u0026quot;:{\\u0026quot;1\\u0026quot;:0,\\u0026quot;3\\u0026quot;:1},\\u0026quot;9\\u0026quot;:0,\\u0026quot;10\\u0026quot;:1,\\u0026quot;11\\u0026quot;:4,\\u0026quot;15\\u0026quot;:\\u0026quot;Calibri\\u0026quot;,\\u0026quot;16\\u0026quot;:11}\\u0022\\u003ePraktische Informationen: Das technische Denkmal wird verwaltet von: OZ Barbora, Mgr. Andrea Heldov\u00e1 unter +421 948 933 999, geoparkmalekarpaty@gmail.com, heldovaandrea@gmail.com. Etelka befindet sich nahe der Stra\u00dfe von Go\u010dovo nach Ni\u017en\u00e1 Slan\u00e1. GPS 48.74202784660421, 20.416439258926914\\u003c\/span\\u003e\"},\"mode\":\"preview\"} \/-->\n\n<!-- wp:acf\/common-image-left-section {\"name\":\"acf\/common-image-left-section\",\"data\":{\"image\":7354,\"_image\":\"field_60c66ddbbdafe\"},\"mode\":\"preview\"} \/-->\n\n<!-- wp:acf\/common-text-left-section {\"name\":\"acf\/common-text-left-section\",\"data\":{\"field_60c66a6067e54\":\"\\u003cstrong\\u003eGr\u00e4flicher Eiskeller in Vlachovo\\u003c\/strong\\u003e\\r\\n\\r\\n\\u003cspan data-sheets-value=\\u0022{\\u0026quot;1\\u0026quot;:2,\\u0026quot;2\\u0026quot;:\\u0026quot;Eiskeller, die damaligen K\u00fchlschr\u00e4nke (zur Aufbewahrung von Fleisch\/ Fang von den ber\u00fchmten Jagden von Betliar) sind niedrigere, dickwandige Bauwerke, die mithilfe von im Winter eingelagertem Eis aus Fl\u00fcssen und Teichen das Fleisch auch in den Sommermonaten in der n\u00f6tigen K\u00fchle hielten. Doch dieses Bauwerk kann nicht wirklich als Eiskeller bezeichnet werden. Seine Architektur erinnert stark an einen \u00e4gyptischen pyramidenf\u00f6rmigen Bau aus massiven Steinen auf zwei Etagen. Es ist von zwei Seiten \u00fcber Seitentreppen zug\u00e4nglich. Das Obergeschoss mit einem Gew\u00f6lbe m\u00fcndet in eine H\u00f6hle, in der das Eis gelagert wurde. Das Bauwerk richtet sich effektiv gegen Norden. Auf einem Gem\u00e4lde im Schloss von Betliar sind dort noch vier Skulpturen in Gestalt der Sphinx zu sehen, doch in Wirklichkeit findet man diese am Eiskeller heute nicht mehr. Sie gingen verloren, noch bevor der gr\u00e4fliche Eiskeller 2004 von der \u00d6ffentlichkeit entdeckt wurde. Das Portal erinnert an den Eingang zu einer Mastaba - einem \u00e4gyptischen Grabbau.\\u0026quot;}\\u0022 data-sheets-userformat=\\u0022{\\u0026quot;2\\u0026quot;:12737,\\u0026quot;3\\u0026quot;:{\\u0026quot;1\\u0026quot;:0,\\u0026quot;3\\u0026quot;:1},\\u0026quot;9\\u0026quot;:0,\\u0026quot;10\\u0026quot;:1,\\u0026quot;11\\u0026quot;:4,\\u0026quot;15\\u0026quot;:\\u0026quot;Calibri\\u0026quot;,\\u0026quot;16\\u0026quot;:11}\\u0022\\u003eEiskeller, die damaligen K\u00fchlschr\u00e4nke (zur Aufbewahrung von Fleisch\/ Fang von den ber\u00fchmten Jagden von Betliar) sind niedrigere, dickwandige Bauwerke, die mithilfe von im Winter eingelagertem Eis aus Fl\u00fcssen und Teichen das Fleisch auch in den Sommermonaten in der n\u00f6tigen K\u00fchle hielten. Doch dieses Bauwerk kann nicht wirklich als Eiskeller bezeichnet werden. Seine Architektur erinnert stark an einen \u00e4gyptischen pyramidenf\u00f6rmigen Bau aus massiven Steinen auf zwei Etagen. Es ist von zwei Seiten \u00fcber Seitentreppen zug\u00e4nglich. Das Obergeschoss mit einem Gew\u00f6lbe m\u00fcndet in eine H\u00f6hle, in der das Eis gelagert wurde. Das Bauwerk richtet sich effektiv gegen Norden. Auf einem Gem\u00e4lde im Schloss von Betliar sind dort noch vier Skulpturen in Gestalt der Sphinx zu sehen, doch in Wirklichkeit findet man diese am Eiskeller heute nicht mehr. Sie gingen verloren, noch bevor der gr\u00e4fliche Eiskeller 2004 von der \u00d6ffentlichkeit entdeckt wurde. Das Portal erinnert an den Eingang zu einer Mastaba - einem \u00e4gyptischen Grabbau.\\u003c\/span\\u003e\\r\\n\\r\\n\\u003cspan data-sheets-value=\\u0022{\\u0026quot;1\\u0026quot;:2,\\u0026quot;2\\u0026quot;:\\u0026quot;Praktische Informationen: Der Eiskeller ist vom Andr\u00e1ssy-Herrenhaus in der Gemeinde Vlachovo in etwa 10 Minuten zu Fu\u00df erreichbar. Durch eine Abbiegung nach links gelangt man auf einen Weg zwischen Familienh\u00e4usern und entlang des Bahndamms, nach einigen Metern kommt man rechts zu einer kleinen Eisenbahnbr\u00fccke, von der man dann sofort wieder nach links abbiegt. Bereits von der Br\u00fccke aus erblickt man den Eiskeller, der in einen felsigen H\u00fcgel gesetzt wurde. In der N\u00e4he des Denkmals befindet sich ein Wanderunterstand mit einer Informationstafel.\\u0026quot;}\\u0022 data-sheets-userformat=\\u0022{\\u0026quot;2\\u0026quot;:12737,\\u0026quot;3\\u0026quot;:{\\u0026quot;1\\u0026quot;:0,\\u0026quot;3\\u0026quot;:1},\\u0026quot;9\\u0026quot;:0,\\u0026quot;10\\u0026quot;:1,\\u0026quot;11\\u0026quot;:4,\\u0026quot;15\\u0026quot;:\\u0026quot;Calibri\\u0026quot;,\\u0026quot;16\\u0026quot;:11}\\u0022\\u003ePraktische Informationen: Der Eiskeller ist vom Andr\u00e1ssy-Herrenhaus in der Gemeinde Vlachovo in etwa 10 Minuten zu Fu\u00df erreichbar. Durch eine Abbiegung nach links gelangt man auf einen Weg zwischen Familienh\u00e4usern und entlang des Bahndamms, nach einigen Metern kommt man rechts zu einer kleinen Eisenbahnbr\u00fccke, von der man dann sofort wieder nach links abbiegt. Bereits von der Br\u00fccke aus erblickt man den Eiskeller, der in einen felsigen H\u00fcgel gesetzt wurde. In der N\u00e4he des Denkmals befindet sich ein Wanderunterstand mit einer Informationstafel.\\u003c\/span\\u003e\"},\"mode\":\"preview\"} \/-->\n\n<!-- wp:acf\/theme-ambassador-section {\"name\":\"acf\/theme-ambassador-section\",\"mode\":\"preview\"} \/-->"},"excerpt":{"rendered":"","protected":false,"raw":""},"author":10,"featured_media":8840,"menu_order":0,"template":"","format":"standard","meta":{"_acf_changed":false,"_sk_post_content":"<!-- wp:acf\/common-text-left-section {\"name\":\"acf\/common-text-left-section\",\"data\":{\"text\":\"\\u003cstrong\\u003eNepreb\u00e1dan\u00fd Gemer, krasov\u00e1 krajina premos\u0165uj\u00faca v\u00fdchod a z\u00e1pad Slovenska, vyvolen\u00e1 zem uhorskej \u0161\u013eachty a domov slovensk\u00fdch n\u00e1rodn\u00fdch budite\u013eov. Prec\u00edzne budovan\u00fd kus sveta \u017eelezn\u00e9ho gr\u00f3fa Andr\u00e1ssyho je teraz hipstersk\u00fdm snom pre urb-ex selfie. Graf s n\u00e1zvom autenticita sp\u00e1ja v\u0161etky body vzletov a p\u00e1dov tejto \\u0022perif\u00e9rie\\u0022 ve\u013emi vzdialenej od intergalaktickej dia\u013enice. \u010ci sa vyd\u00e1te za luxusom aristokratick\u00e9ho s\u00eddla Andr\u00e1ssyovcov v Betliari, do slovensk\u00e9ho \\u0022Tad\u017e Mah\u00e1lu\\u0022 v\u00a0 Kr\u00e1snohorskom Podhrad\u00ed alebo bude va\u0161a cesta smerova\u0165 za \\u0022\u010diernymi dierami\\u0022, (v minulosti \u00fa\u017easn\u00fdmi technick\u00fdmi stavbami, ktor\u00e9 tu po v Eur\u00f3pe dobre zn\u00e1mom \u0161\u013eachtickom rode zostali) je len na v\u00e1s. Nenechajte si ujs\u0165 to najlep\u0161ie medzi z\u00e1padom a v\u00fdchodom a zaparkujte va\u0161u kozmick\u00fa lo\u010f na gotickej sakr\u00e1lnej ceste Gemera. K\u00fdm \u00faplne spozn\u00e1te Gemer, p\u00e1r s\u013ank vzb\u013akne, p\u00e1r hviezd vyhasne, nebudete ho ma\u0165 nikdy dos\u0165.\\u003c\/strong\\u003e\",\"_text\":\"field_60c66a6067e54\"},\"mode\":\"preview\"} \/-->\n\n<!-- wp:acf\/common-text-right-section {\"name\":\"acf\/common-text-right-section\",\"data\":{\"text\":\"Kostoly nie s\u00fa be\u017ene otvoren\u00e9 pre verejnos\u0165. Otv\u00e1raj\u00fa v\u0161ak svoje br\u00e1ny pravidelne po\u010das organizovan\u00fdch podujat\u00ed. Niektor\u00e9 maj\u00fa po\u010das letnej sez\u00f3ny stanoven\u00e9 otv\u00e1racie hodiny. Inform\u00e1cie a mapky\u00a0 k jednotliv\u00fdm pamiatkam gotickej cesty n\u00e1jdete na webe https:\/\/gotickacesta.sk\/.\",\"_text\":\"field_60c66a6067e54\"},\"mode\":\"preview\"} \/-->\n\n<!-- wp:acf\/common-image-right-section {\"name\":\"acf\/common-image-right-section\",\"data\":{\"image\":7195,\"_image\":\"field_60c66ddbbdafe\"},\"mode\":\"preview\"} \/-->\n\n<!-- wp:acf\/common-image-left-section {\"name\":\"acf\/common-image-left-section\",\"data\":{\"image\":7196,\"_image\":\"field_60c66ddbbdafe\"},\"mode\":\"preview\"} \/-->\n\n<!-- wp:acf\/common-text-left-section {\"name\":\"acf\/common-text-left-section\",\"data\":{\"text\":\"\\u003cstrong\\u003eGemersk\u00e1 odysea\\u003c\/strong\\u003e\\r\\n\\r\\nVydajte sa na pozn\u00e1vaciu odyseu Gemerom v spolo\u010dnosti sprievodcov, ktor\u00ed v\u00e1m uk\u00e1\u017eu tento regi\u00f3n tak\u00fd, ako naozaj je. Je to cesta v \u010dase, za\u010d\u00ednaj\u00faca ve\u013emi d\u00e1vno a nekon\u010diaca v t\u00fdchto d\u0148och. V spolo\u010dnosti Mi\u0161a Hud\u00e1ka, pre ktor\u00e9ho je Gemer jedn\u00fdm z ob\u013e\u00faben\u00fdch vesm\u00edrov, sa ocitnete na miestach - \u010diernych dierach, ku ktor\u00fdm sa len \u0165a\u017eko vyjadrova\u0165 p\u00edsmom.\\r\\n\\r\\nNa gotickej ceste Gemerom, zas v spolo\u010dnosti sprievodcu z OZ Gotick\u00e1 cesta, objav\u00edte pod \u0161ed\u00fdm n\u00e1nosom hviezdneho prachu skuto\u010dn\u00e9 gotick\u00e9 poklady gemersk\u00fdch kostol\u00edkov. V hviezdnej hmlovine na KRAJI SVETA , za hrub\u00fdmi kostoln\u00fdmi m\u00farmi, spozn\u00e1te gotick\u00e9 fresky, epick\u00e9 n\u00e1stenn\u00e9 ma\u013eby so siln\u00fdm akcentom talianskych majstrov.\",\"_text\":\"field_60c66a6067e54\"},\"mode\":\"preview\"} \/-->\n\n<!-- wp:acf\/common-image-right-section {\"name\":\"acf\/common-image-right-section\",\"data\":{\"image\":7197,\"_image\":\"field_60c66ddbbdafe\"},\"mode\":\"preview\"} \/-->\n\n<!-- wp:acf\/common-text-right-section {\"name\":\"acf\/common-text-right-section\",\"data\":{\"text\":\"\\u003cstrong\\u003eGotick\u00e1 bazilika v \u0160t\u00edtniku \\u003c\/strong\\u003e\\r\\n\\r\\nJe p\u00f4vodne trojlo\u010fov\u00e1 bazilika zo 14. a 15. storo\u010dia s kr\u00e1snymi hviezdicov\u00fdmi a sie\u0165ov\u00fdmi klenbami. Kostol m\u00e1 mohutn\u00fa ve\u017eu a tvor\u00ed v\u00fdrazn\u00fa dominantu celej \u0161t\u00edtnickej doliny. Na sten\u00e1ch je viac ako 200 \u0161tvorcov\u00fdch metrov n\u00e1stenn\u00fdch (secco i fresco) malieb, ktor\u00e9 zn\u00e1zor\u0148uj\u00fa r\u00f4zne, preva\u017ene n\u00e1bo\u017eensk\u00e9 n\u00e1mety. Unik\u00e1tna gotick\u00e1 bronzov\u00e1 krstite\u013enica z roku 1454, najstar\u0161\u00ed organ na Slovensku z roku 1492, ru\u010dne ma\u013eovan\u00e9 lavice \u010di miesto posledn\u00e9ho odpo\u010dinku potomkov Bebekovcov \u2013 to v\u0161etko ukr\u00fdva jedin\u00e1 bazilika.\\r\\n\\r\\nPraktick\u00e9 inform\u00e1cie: pred n\u00e1v\u0161tevou kostola kontaktujte pre zabezpe\u010denie otvorenia pamiatky 0907 337 855 - Mgr. Jana Il\u010diskov\u00e1 - zborov\u00e1 far\u00e1rka, 0918 783 356 - Mgr. Mat\u00fa\u0161 Moln\u00e1r - zborov\u00fd dozorca, stitnik@ecav.sk.\",\"_text\":\"field_60c66a6067e54\"},\"mode\":\"preview\"} \/-->\n\n<!-- wp:acf\/common-image-left-section {\"name\":\"acf\/common-image-left-section\",\"data\":{\"image\":7198,\"_image\":\"field_60c66ddbbdafe\"},\"mode\":\"preview\"} \/-->\n\n<!-- wp:acf\/common-text-left-section {\"name\":\"acf\/common-text-left-section\",\"data\":{\"text\":\"\\u003cstrong\\u003eKostol v Koce\u013eovciach \\u003c\/strong\\u003e\\r\\n\\r\\nPatr\u00ed medzi najv\u00fdznamnej\u0161ie pamiatky stredovekej architekt\u00fary a najm\u00e4 n\u00e1stenn\u00e9ho maliarstva na Slovensku. Chr\u00e1m postavili pribli\u017ene v prvej polovici 14. storo\u010dia a zasv\u00e4tili ho sv. Bartolomejovi. Na prv\u00fd poh\u013ead n\u00e1v\u0161tevn\u00edka zaujme netradi\u010dne rie\u0161en\u00e1 ve\u017ea, podobn\u00e1 severnej \u017digmundovej ve\u017ei D\u00f3mu sv. Al\u017ebety v Ko\u0161iciach. Vz\u00e1cne fresky v taliansko-byzantskom \u0161t\u00fdle s mot\u00edvmi zo \u017eivota Je\u017ei\u0161a Krista a Panny M\u00e1rie s\u00fa o 150 rokov star\u0161ie ako Da Vinciho Posledn\u00e1 ve\u010dera, \u010di Michelangelov Posledn\u00fd s\u00fad v Sixt\u00ednskej kaplnke.\\r\\n\\r\\nPraktick\u00e9 inform\u00e1cie: pred n\u00e1v\u0161tevou kostola kontaktujte pre zabezpe\u010denie otvorenia pamiatky +421 911 747 211 Mgr. Em\u00edlia Veleb\u00edrov\u00e1, far\u00e1rka\",\"_text\":\"field_60c66a6067e54\"},\"mode\":\"preview\"} \/-->\n\n<!-- wp:acf\/common-image-right-section {\"name\":\"acf\/common-image-right-section\",\"data\":{\"image\":7201,\"_image\":\"field_60c66ddbbdafe\"},\"mode\":\"preview\"} \/-->\n\n<!-- wp:acf\/common-text-right-section {\"name\":\"acf\/common-text-right-section\",\"data\":{\"text\":\"\\u003cstrong\\u003eKostol v\u00a0Ochtinej\\u003c\/strong\\u003e\\r\\n\\r\\nUkr\u00fdva figur\u00e1lnu freskov\u00fa v\u00fdma\u013ebu z polovice 14. storo\u010dia, ktor\u00e1 pokr\u00fdva cel\u00fd povrch presbyt\u00e9ria, v\u00ed\u0165azn\u00fd obl\u00fak a je dochovan\u00e1 aj v podkrovnom priestore. V rokoch 1976 \u2013 1977 sa v kostole uskuto\u010dnil re\u0161taur\u00e1torsk\u00fd v\u00fdskum malieb. Profesor Milan Togner a akademick\u00fd maliar Ji\u0159\u00ed Josef\u00edk zaviedli pojem \u201eMajster ochtinsk\u00e9ho presbyt\u00e9ria\u201c pre autora t\u00fdchto fresiek.\\r\\n\\r\\nPraktick\u00e9 inform\u00e1cie: pred n\u00e1v\u0161tevou kostola kontaktujte pre zabezpe\u010denie otvorenia pamiatky\u00a0 +421 905 874 096 - Martin Dud\u00e1\u0161, diakon\",\"_text\":\"field_60c66a6067e54\"},\"mode\":\"preview\"} \/-->\n\n<!-- wp:acf\/common-image-left-section {\"name\":\"acf\/common-image-left-section\",\"data\":{\"image\":7355,\"_image\":\"field_60c66ddbbdafe\"},\"mode\":\"preview\"} \/-->\n\n<!-- wp:acf\/common-text-left-section {\"name\":\"acf\/common-text-left-section\",\"data\":{\"text\":\"\\u003cstrong\\u003eVysok\u00e1 pec Karol vo Vlachove\\u003c\/strong\\u003e\\r\\n\\r\\nV roku 1870 bola dokon\u010den\u00e1 stavba vysokej pece Karol. T\u00fato dal postavi\u0165 Emanuel Andr\u00e1\u0161i (1821 \u2013 1891) syn Karola III, po ktorom pec pomenoval. T\u00e1to vysok\u00e1 pec \u2013 Karlova huta je pod\u013ea Sheffildskej univerzity pova\u017eovan\u00e1 za jednu z najv\u00fdznamnej\u0161\u00edch historick\u00fdch vysok\u00fdch pec\u00ed v Eur\u00f3pe. Pre Slovensko je to n\u00e1rodn\u00e1 kult\u00farna pamiatka. Pomaly ch\u00e1tra.\\r\\n\\r\\nPraktick\u00e9 inform\u00e1cie: Vysok\u00e1 pec Karol (Karlova huta) v obci Vlachovo v lokalite Dob\u0161insk\u00e1 P\u00edla je uzavret\u00e1 a pre verejnos\u0165 nepr\u00edstupn\u00e1. Z dia\u013eky, bez vstupu na s\u00fakromn\u00fd pozemok ulov\u00edte v\u0161ak p\u00e1r poh\u013eadov a z\u00e1berov.\",\"_text\":\"field_60c66a6067e54\"},\"mode\":\"preview\"} \/-->\n\n<!-- wp:acf\/common-image-right-section {\"name\":\"acf\/common-image-right-section\",\"data\":{\"image\":7353,\"_image\":\"field_60c66ddbbdafe\"},\"mode\":\"preview\"} \/-->\n\n<!-- wp:acf\/common-text-right-section {\"name\":\"acf\/common-text-right-section\",\"data\":{\"text\":\"\\u003cstrong\\u003eHuta Etelka v Ni\u017enej Slanej\\u003c\/strong\\u003e\\r\\n\\r\\nEtelka hutu v Ni\u017enej Slanej dal postavi\u0165 v roku 1867\u00a0 tie\u017e gr\u00f3f Emanuel Andr\u00e1ssy na mieste dvoch star\u0161\u00edch pec\u00ed, tentokr\u00e1t hutu pomenoval po svojej mamke, mo\u017eno preto je samotn\u00e1 stavba e\u0161te kraj\u0161ia, s ne\u017enej\u0161ou architekt\u00farou. Etelka bola v prev\u00e1dzke v \u010dase najv\u00e4\u010d\u0161ieho rozmachu hutn\u00edctva a ban\u00edctva, v rokoch 1867 \u2013 1907. Z rozsiahleho podniku sa ako-tak zachovala hutn\u00e1 budova s vysokou pecou. O jej z\u00e1chranu a prinavr\u00e1tenie do pribli\u017en\u00e9ho stavu, ako to bolo v roku 1910, vyvinulo snahu ob\u010dianske zdru\u017eenie Barbora, objekt je oploten\u00fd, uzatvoren\u00fd pre verejnos\u0165. Etelku si m\u00f4\u017eete pozrie\u0165 z dia\u013eky, d\u00e1 sa dobre zachyti\u0165 fotoapar\u00e1tom.\\r\\n\\r\\nPraktick\u00e9 inform\u00e1cie: Technick\u00e1 pamiatka je v spr\u00e1ve OZ Barbara, Mgr. Andrea Heldov\u00e1 +421 948 933 999, geoparkmalekarpaty@gmail.com, heldovaandrea@gmail.com. Etelku n\u00e1jdete v bl\u00edzkosti cesty z Go\u010dova do Ni\u017enej Slanej. GPS 48.74202784660421, 20.416439258926914\",\"_text\":\"field_60c66a6067e54\"},\"mode\":\"preview\"} \/-->\n\n<!-- wp:acf\/common-image-left-section {\"name\":\"acf\/common-image-left-section\",\"data\":{\"image\":7354,\"_image\":\"field_60c66ddbbdafe\"},\"mode\":\"preview\"} \/-->\n\n<!-- wp:acf\/common-text-left-section {\"name\":\"acf\/common-text-left-section\",\"data\":{\"text\":\"\\u003cstrong\\u003eGr\u00f3fska \u013eadov\u0148a vo Vlachove\\u003c\/strong\\u003e\\r\\n\\r\\n\u013dadov\u00e9 jamy, vtedaj\u0161ie chladni\u010dky, (na uskladnenie m\u00e4sa\/\u00falovkov zo sl\u00e1vnych betliarskych po\u013eova\u010diek) s\u00fa ni\u017e\u0161ie hrubostenn\u00e9 stavby, ktor\u00e9 v\u010faka nanosen\u00e9mu \u013eadu v zimnom obdob\u00ed z riek a rybn\u00edkov udr\u017eiavali aj v letn\u00fdm mesiacoch m\u00e4so v potrebnom chlade. T\u00fato stavbu naozaj nemo\u017eno nazva\u0165 \u013eadovou jamou. Jej architekt\u00fara silno pripom\u00edna egyptsk\u00fa stavbu ihlanov\u00e9ho tvaru z mocn\u00fdch kame\u0148ov v dvoch podla\u017eiach. Je pr\u00edstupn\u00e1 z oboch str\u00e1n bo\u010dn\u00fdmi schodiskami. Horn\u00e9 poschodie s klenbou \u00fasti do jaskyne, kde sa uchov\u00e1val \u013ead. Stavba je \u00fa\u010dinne orientovan\u00e1 na sever. Na obraze v Betliari je e\u0161te vidite\u013en\u00e1 pr\u00edtomnos\u0165 \u0161tyroch s\u00f4ch v tvare sf\u00edng, tie sa u\u017e v skuto\u010dnosti pri \u013eadovni nenach\u00e1dzaj\u00fa, stratili sa v \u010dase, k\u00fdm si gr\u00f3fsku \u013eadov\u0148u v roku 2004 v\u0161imla verejnos\u0165. Port\u00e1l pripom\u00edna vstup do mastaby \u2013 egyptskej hrobky.\\r\\n\\r\\nPraktick\u00e9 inform\u00e1cie: K \u013eadovni sa dostane pe\u0161i asi za 10 min\u00fat od ka\u0161tie\u013ea Andr\u00e1ssyovcov v obci\u00a0 Vlachovo. Odbo\u010den\u00edm v\u013eavo, po chodn\u00edku pomedzi rodinn\u00e9 domy a po \u017eelezni\u010dnom n\u00e1sype prejdete p\u00e1r metrov vpravo na mal\u00fd \u017eelezni\u010dn\u00fd most, z ktor\u00e9ho odbo\u010d\u00edte hne\u010f v\u013eavo. Z mosta u\u017e \u013eadov\u0148u zasaden\u00fa v skalnatom kopci uvid\u00edte. Pri pamiatke sa nach\u00e1dza turistick\u00fd pr\u00edstre\u0161ok s informa\u010dnou tabu\u013eou.\\r\\n\\r\\nGPS: N48\u00b046'16'' E20\u00b024'32''\",\"_text\":\"field_60c66a6067e54\"},\"mode\":\"preview\"} \/-->\n\n<!-- wp:acf\/theme-ambassador-section {\"name\":\"acf\/theme-ambassador-section\",\"mode\":\"preview\"} \/-->","_sk_post_name":"galaxia-gemer","_sk_post_excerpt":"","_sk_post_title":"Galaxia Gemer","_en_post_content":"<!-- wp:acf\/common-text-left-section {\"name\":\"acf\/common-text-left-section\",\"data\":{\"field_60c66a6067e54\":\"\\u003cb\\u003eThe unexplored Gemer, a karst countryside bridging the east and the west of Slovakia, the chosen land of the Hungarian nobility and the home of Slovak national awakeners. A precisely built piece of the world of Iron Count Andr\u00e1ssy is now a hipster dream for an urb-ex selfie. A chart called Authenticity connects all the rise and fall points of this \\u0022periphery\\u0022 very distant from the intergalactic highway. It is up to you to decide whether you go for the luxury of the aristocratic residence of the Andr\u00e1ssy family in Betliar, to the Slovak \\u0022Taj Mahal\\u0022 in Kr\u00e1snohorsk\u00e9 Podhradie, or your path will go beyond the \\u0022black holes\\u0022. Don't miss the best between west and east and park your spaceship on the Gothic Sacred Way of the Gemer. Until you get to know Gemer completely, a few suns will rise, a few stars will go out, you will never have enough of it.\\u003c\/b\\u003e\"},\"mode\":\"preview\"} \/-->\n\n<!-- wp:acf\/common-text-right-section {\"name\":\"acf\/common-text-right-section\",\"data\":{\"field_60c66a6067e54\":\"Churches are not normally open to the public. However, they open their gates regularly during organised events. Some have opening hours during the summer season. Information and maps of the individual monuments of the Gothic Way may be found on the website https:\/\/gotickacesta.sk\/.\"},\"mode\":\"preview\"} \/-->\n\n<!-- wp:acf\/common-image-right-section {\"name\":\"acf\/common-image-right-section\",\"data\":{\"image\":7195,\"_image\":\"field_60c66ddbbdafe\"},\"mode\":\"preview\"} \/-->\n\n<!-- wp:acf\/common-image-left-section {\"name\":\"acf\/common-image-left-section\",\"data\":{\"image\":7196,\"_image\":\"field_60c66ddbbdafe\"},\"mode\":\"preview\"} \/-->\n\n<!-- wp:acf\/common-text-left-section {\"name\":\"acf\/common-text-left-section\",\"data\":{\"field_60c66a6067e54\":\"\\u003cstrong\\u003eGemer odyssey\\u003c\/strong\\u003e\\r\\n\\r\\nEmbark on a sightseeing odyssey of the Gemer in the company of guides who will show you this region as it really is. It is a journey in time, beginning a long time ago and ending these days. In the company of Mi\u0161o Hud\u00e1k, for whom Gemer is one of the favourite universes, you will find yourself in places - black holes that are difficult to express in writing.\\r\\n\\r\\nOn the Gothic route through Gemer, again in the company of a guide from the Gemersk\u00e1 Cesta Civic Association, you will discover the real Gothic treasures of Gemer churches under a grey layer of stardust. In the star nebula on the EDGE OF THE WORLD, behind the rough church walls, you will recognise Gothic frescoes, epic murals with a strong accent of Italian masters.\"},\"mode\":\"preview\"} \/-->\n\n<!-- wp:acf\/common-image-right-section {\"name\":\"acf\/common-image-right-section\",\"data\":{\"image\":7197,\"_image\":\"field_60c66ddbbdafe\"},\"mode\":\"preview\"} \/-->\n\n<!-- wp:acf\/common-text-right-section {\"name\":\"acf\/common-text-right-section\",\"data\":{\"field_60c66a6067e54\":\"\\u003cstrong\\u003eGothic Basilica in \u0160t\u00edtnik\\u003c\/strong\\u003e\\r\\n\\r\\nIt is originally a three-nave basilica from the 14th and 15th centuries with beautiful star and net vaults. The church has a massive tower and forms a significant dominant feature of the entire \u0160t\u00edtnik valley. There are more than 200 square metres of murals (secco and fresco) on the walls, depicting various, predominantly religious themes. A unique Gothic bronze baptistery from 1454, the oldest organ in Slovakia from 1492, hand-painted benches or the last resting place of the descendants of the Bebek family - all this is hidden in a single basilica.\\r\\n\\r\\nPractical information: before visiting the church, contact 0907 337 855 - Mgr. Jana Il\u010diskov\u00e1 - choir priest, 0918 783 356 - Mgr. Mat\u00fa\u0161 Moln\u00e1r - choir supervisor, stitnik@ecav.sk.\"},\"mode\":\"preview\"} \/-->\n\n<!-- wp:acf\/common-image-left-section {\"name\":\"acf\/common-image-left-section\",\"data\":{\"image\":7198,\"_image\":\"field_60c66ddbbdafe\"},\"mode\":\"preview\"} \/-->\n\n<!-- wp:acf\/common-text-left-section {\"name\":\"acf\/common-text-left-section\",\"data\":{\"field_60c66a6067e54\":\"\\u003cstrong\\u003eChurch in Koce\u013eovce\\u003c\/strong\\u003e\\r\\n\\r\\nIt is one of the most important monuments of medieval architecture and especially wall painting in Slovakia. The church was built in the first half of the 14th century and dedicated to St. Bartholomew. At first glance, the visitor will be interested in an untraditionally designed tower, similar to the northern Sigismund's Tower, the St. Elizabeth's Dome in Ko\u0161ice. Rare frescoes in the Italian-Byzantine style with motifs from the life of Jesus Christ and the Virgin Mary are 150 years older than Da Vinci's Last Supper or Michelangelo's Last Judgment in the Sistine Chapel.\\r\\n\\r\\nPractical information: before visiting the church, contact to ensure the opening of the monument +421 911 747 211 Mgr. Em\u00edlia Veleb\u00edrov\u00e1, pastor\"},\"mode\":\"preview\"} \/-->\n\n<!-- wp:acf\/common-image-right-section {\"name\":\"acf\/common-image-right-section\",\"data\":{\"image\":7201,\"_image\":\"field_60c66ddbbdafe\"},\"mode\":\"preview\"} \/-->\n\n<!-- wp:acf\/common-text-right-section {\"name\":\"acf\/common-text-right-section\",\"data\":{\"field_60c66a6067e54\":\"\\u003cstrong\\u003eChurch in Ochtin\u00e1\\u003c\/strong\\u003e\\r\\n\\r\\nIt hides a figural fresco from the mid-14\\u003csup\\u003eth\\u003c\/sup\\u003e century, which covers the entire surface of the presbytery, the triumphal arch, and is also preserved in the attic. In the years 1976 - 1977, restoration research of the paintings took place in the church. Professor Milan Togner and academic painter Ji\u0159\u00ed Josef\u00edk introduced the term \\u0022Master of the Ochtin\u00e1 Presbytery\\u0022 for the author of these frescoes.\\r\\n\\r\\nPractical information: before visiting the church, contact to ensure the opening of the monument +421 905 874 096 - Martin Dud\u00e1\u0161, Deacon\"},\"mode\":\"preview\"} \/-->\n\n<!-- wp:acf\/common-image-left-section {\"name\":\"acf\/common-image-left-section\",\"data\":{\"image\":7355,\"_image\":\"field_60c66ddbbdafe\"},\"mode\":\"preview\"} \/-->\n\n<!-- wp:acf\/common-text-left-section {\"name\":\"acf\/common-text-left-section\",\"data\":{\"field_60c66a6067e54\":\"\\u003cstrong\\u003eKarol Smelter in Vlachovo\\u003c\/strong\\u003e\\r\\n\\r\\nIn 1870, the construction of the Karol Smelter was completed. This was built by Emanuel Andr\u00e1ssy (1821 - 1891) the son of Charles III, after whom he named the furnace. According to Sheffild University, this blast furnace - Karlova Huta - is considered one of the most important historical blast furnaces in Europe. It is a national cultural monument for Slovakia. Slowly decaying.\\r\\n\\r\\nPractical information: Karol Smelter (Karlova huta) in the village of Vlachovo in the Dob\u0161insk\u00e1 P\u00edla locality is closed and inaccessible to the public. However, from a distance, without entering a private plot, you will catch a few views and shots.\"},\"mode\":\"preview\"} \/-->\n\n<!-- wp:acf\/common-image-right-section {\"name\":\"acf\/common-image-right-section\",\"data\":{\"image\":7353,\"_image\":\"field_60c66ddbbdafe\"},\"mode\":\"preview\"} \/-->\n\n<!-- wp:acf\/common-text-right-section {\"name\":\"acf\/common-text-right-section\",\"data\":{\"field_60c66a6067e54\":\"\\u003cstrong\\u003eHuta Etelka in Ni\u017en\u00e1 Slan\u00e1\\u003c\/strong\\u003e\\r\\n\\r\\nThe Etelka\u00a0 Huta in Ni\u017en\u00e1 Slan\u00e1 was also built in 1867 by Count Emanuel Andr\u00e1ssy on the site of two older furnaces, this time he named the smelter after his mother, maybe this is why the building itself is even more beautiful, with a gentler architecture. Etelka was in operation at the time of the greatest expansion of metallurgy and mining in the years 1867 - 1907. From the large company, a smelter building with a blast furnace has been preserved. The Barbora Civic Association made an effort to save it and return it to an approximate state as it was in 1910, the building is fenced, closed to the public. You may watch Etelka from a distance, it can be captured well with a camera.\\r\\n\\r\\nPractical information: The technical monument is managed by the Barbara Civic Association, Mgr. Andrea Heldov\u00e1 +421 948 933 999, geoparkmalekarpaty@gmail.com, heldovaandrea@gmail.com. You will find Etelka near the road from Go\u010dov to Ni\u017en\u00e1 Slan\u00e1. GPS 48.74202784660421, 20.416439258926914\"},\"mode\":\"preview\"} \/-->\n\n<!-- wp:acf\/common-image-left-section {\"name\":\"acf\/common-image-left-section\",\"data\":{\"image\":7354,\"_image\":\"field_60c66ddbbdafe\"},\"mode\":\"preview\"} \/-->\n\n<!-- wp:acf\/common-text-left-section {\"name\":\"acf\/common-text-left-section\",\"data\":{\"field_60c66a6067e54\":\"\\u003cstrong\\u003eCount's Ice Cave in Vlachovo\\u003c\/strong\\u003e\\r\\n\\r\\nIce pits, then refrigerators, (for storing meat\/catches from the famous Betliar gamings) are lower thick-walled structures, which, thanks to the applied ice in the winter from rivers and ponds, kept the meat in the necessary cool even in the summer months. This building really can't be called an ice pit. Its architecture is strongly reminiscent of an Egyptian pyramidal building made of mighty stones on two floors. It is accessible from both sides by side stairs. The upper floor with a vault opens into a cave where ice was stored. The building is effectively oriented to the north. The painting in Betliar still shows the presence of four sphinx-shaped statues, which are in fact no longer near the ice cave, they disappeared until the Count's Ice Cave was noticed by the public in 2004. The portal commemorates the entrance to the mastaba - the Egyptian tomb.\\r\\n\\r\\nPractical information: The ice cave can be reached on foot in about 10 minutes from the Andr\u00e1ssy manor in the village of Vlachovo. By turning left, along the sidewalk between the family houses and along the railway embankment, you will walk a few metres to the right to a small railway bridge, from which you will turn immediately to the left. From the bridge. you will see an ice cave set in a rocky hill. At the monument, there is a tourist canopy and an information board.\\r\\n\\r\\nGPS: N48\u00b046\u201916\u201d E20\u00b024\u201932\u201d\"},\"mode\":\"preview\"} \/-->\n\n<!-- wp:acf\/theme-ambassador-section {\"name\":\"acf\/theme-ambassador-section\",\"mode\":\"preview\"} \/-->","_en_post_name":"","_en_post_excerpt":"","_en_post_title":"Gemer Galaxy","_hu_post_content":"<!-- wp:acf\/common-text-left-section {\"name\":\"acf\/common-text-left-section\",\"data\":{\"field_60c66a6067e54\":\"\\u003cstrong\\u003eA titkokat rejt\u0151 G\u00f6m\u00f6r, Szlov\u00e1kia keleti \u00e9s nyugati v\u00e9g\u00e9t \u00f6sszek\u00f6t\u0151 karsztos vid\u00e9k, a magyar nemesek v\u00e1lasztott f\u00f6ldje \u00e9s a szlov\u00e1k nemzet\u00e9breszt\u0151k otthona. Andr\u00e1ssy vasgr\u00f3f apr\u00f3l\u00e9kos pontoss\u00e1ggal fel\u00e9p\u00edtett vil\u00e1g\u00e1ban ma a hipsterek v\u00e1ltj\u00e1k val\u00f3ra a legjobb urbex szelfir\u0151l sz\u0151tt \u00e1lmaikat.\u00a0 Az intergalaktikus p\u00e1ly\u00e1kt\u00f3l nagyon is t\u00e1vol es\u0151 \u201eperemvid\u00e9k\u201d valaha felt\u00f6r\u0151 \u00e9s ma m\u00e1r olykor szunnyad\u00f3 csillagait az autentikuss\u00e1g fonala k\u00f6ti \u00f6ssze. Csakis \u00d6n\u00f6n m\u00falik, hogy az Andr\u00e1ssyak pomp\u00e1s nemesi sz\u00e9khely\u00e9re l\u00e1togat el Betl\u00e9rben, a szlov\u00e1k \u201eTadzs Mahalt\u201d tekinti meg Krasznahorkav\u00e1ralj\u00e1n vagy ink\u00e1bb a \u201efekete lyukakat\u201d v\u00e1lasztja (a r\u00e9gm\u00falt leny\u0171g\u00f6z\u0151 ipari \u00e9p\u00edtm\u00e9nyei, a kiv\u00e1l\u00f3 eur\u00f3pai nemesi csal\u00e1d \u00f6r\u00f6ks\u00e9ge).\u00a0 Ne maradjon ki abb\u00f3l, ami a legjobb nyugat \u00e9s kelet k\u00f6z\u00f6tt, parkolja le \u0171rhaj\u00f3j\u00e1t a G\u00f6m\u00f6ri g\u00f3tikus szakr\u00e1lis \u00faton. Mire G\u00f6m\u00f6rt megismeri, kigy\u00fal \u00e9s kihuny n\u00e9h\u00e1ny csillag, \u00e9s m\u00e9g \u00edgy sem lesz bel\u0151le elege. \\u003c\/strong\\u003e\\r\\n\\r\\n\\u003cstrong\\u003e\u00a0\\u003c\/strong\\u003e\"},\"mode\":\"preview\"} \/-->\n\n<!-- wp:acf\/common-text-right-section {\"name\":\"acf\/common-text-right-section\",\"data\":{\"field_60c66a6067e54\":\"\\u003cstrong\\u003ekigy\u00fal \u00e9s kihuny n\u00e9h\u00e1ny csillag, \u00e9s m\u00e9g \u00edgy sem lesz bel\u0151le elege. \\u003c\/strong\\u003e\\r\\n\\r\\nA templomok rendszerint nem \u00e1llnak nyitva a nyilv\u00e1noss\u00e1g sz\u00e1m\u00e1ra. Szervezett rendezv\u00e9nyek alkalm\u00e1val azonban rendszeresen megnyitj\u00e1k kapuikat. Egyesek a ny\u00e1ri szezonban meghat\u00e1rozott nyitvatart\u00e1s szerint fogadj\u00e1k a l\u00e1togat\u00f3kat.\\r\\n\\r\\nA g\u00f3tikus \u00faton tal\u00e1lhat\u00f3 eml\u00e9khelyekr\u0151l sz\u00f3l\u00f3 t\u00e1j\u00e9koztat\u00f3t \u00e9s t\u00e9rk\u00e9peket a https:\/\/gotickacesta.sk\/ weboldalon tal\u00e1lja.\"},\"mode\":\"preview\"} \/-->\n\n<!-- wp:acf\/common-image-right-section {\"name\":\"acf\/common-image-right-section\",\"data\":{\"image\":7195,\"_image\":\"field_60c66ddbbdafe\"},\"mode\":\"preview\"} \/-->\n\n<!-- wp:acf\/common-image-left-section {\"name\":\"acf\/common-image-left-section\",\"data\":{\"image\":7196,\"_image\":\"field_60c66ddbbdafe\"},\"mode\":\"preview\"} \/-->\n\n<!-- wp:acf\/common-text-left-section {\"name\":\"acf\/common-text-left-section\",\"data\":{\"field_60c66a6067e54\":\"\\u003cstrong\\u003eA G\u00f6m\u00f6r-galaxis\\u003c\/strong\\u003e\\r\\n\\r\\nInduljon el od\u00fcsszeuszi \u00fatj\u00e1ra G\u00f6m\u00f6rben olyan vezet\u0151k k\u00eds\u00e9ret\u00e9ben, akik teljes val\u00f3j\u00e1ban mutatj\u00e1k meg a r\u00e9gi\u00f3t. Az \u00fat egy id\u0151utaz\u00e1s, nagyon r\u00e9gen kezd\u0151d\u00f6tt \u00e9s ma sem \u00e9r m\u00e9g v\u00e9get.\u00a0 Mi\u0161o Hud\u00e1k t\u00e1rsas\u00e1g\u00e1ban, akinek G\u00f6m\u00f6r a sz\u00edve cs\u00fccske, olyan helysz\u00edneken - fekete lyukakban tal\u00e1ljuk magunkat, amelyekre sokszor szavakat is nehezen tal\u00e1lunk.\\r\\n\\r\\nA G\u00f6m\u00f6ri g\u00f3tikus \u00faton, imm\u00e1r a G\u00f6m\u00f6ri \u00dat civil egyes\u00fclet idegenvezet\u0151j\u00e9nek k\u00eds\u00e9ret\u00e9ben a csillagpor sz\u00fcrke r\u00e9tege alatt igazi g\u00f3tikus kincseket fedezhet\u00fcnk fel, a g\u00f6m\u00f6ri templomokat. A vastag templomfalak m\u00f6g\u00f6tt, a vil\u00e1gv\u00e9gi csillagk\u00f6dben g\u00f3tikus fresk\u00f3k \u00e9s epikus falfestm\u00e9nyek t\u00e1rulnak el\u00e9nk, az olasz mesterek tan\u00edt\u00e1sa alapj\u00e1n.\"},\"mode\":\"preview\"} \/-->\n\n<!-- wp:acf\/common-image-right-section {\"name\":\"acf\/common-image-right-section\",\"data\":{\"image\":7197,\"_image\":\"field_60c66ddbbdafe\"},\"mode\":\"preview\"} \/-->\n\n<!-- wp:acf\/common-text-right-section {\"name\":\"acf\/common-text-right-section\",\"data\":{\"field_60c66a6067e54\":\"\\u003cstrong\\u003eA csetneki g\u00f3tikus bazilika\\u003c\/strong\\u003e\\r\\n\\r\\nEredetileg egy h\u00e1romhaj\u00f3s bazilika a 14. \u00e9s 15. sz\u00e1zadb\u00f3l, gy\u00f6ny\u00f6r\u0171 csillag-\u00e9s h\u00e1l\u00f3boltozattal. A templom magas, er\u0151t sug\u00e1rz\u00f3 tornya a csetneki v\u00f6lgy l\u00e1tk\u00e9p\u00e9nek meghat\u00e1roz\u00f3 eleme. A falak t\u00f6bb, mint 200 n\u00e9gyzetm\u00e9ternyi ter\u00fclet\u00e9t festm\u00e9nyek bor\u00edtj\u00e1k (szekk\u00f3k \u00e9s fresk\u00f3k), k\u00fcl\u00f6nf\u00e9le, t\u00f6bbs\u00e9g\u00e9ben vall\u00e1sos \u00e1br\u00e1zol\u00e1sokkal. Ebben a bazilik\u00e1ban tal\u00e1lhat\u00f3 egy egyedi, 1454-b\u0151l sz\u00e1rmaz\u00f3 g\u00f3tikus bronz keresztel\u0151medence, valamint Szlov\u00e1kia legr\u00e9gebbi orgon\u00e1ja 1492-b\u0151l. A padok mind k\u00e9zzel festettek. Itt nyugszanak a Bebek-csal\u00e1d lesz\u00e1rmazottai.\\r\\n\\r\\nPraktikus tudnival\u00f3k: a l\u00e1togat\u00e1s el\u0151tt, a templom kinyit\u00e1sa \u00e9rdek\u00e9ben keresse fel Mgr. Il\u010di\u0161kov\u00e1 Jana lelk\u00e9sz asszonyt a 0907 337 855-\u00f6s vagy Mgr. Moln\u00e1r Mat\u00fa\u0161 egyh\u00e1zi gondnokot a 0918 783 356-os telefonsz\u00e1mon vagy a stitnik@ecav.sk e-mail c\u00edmen.\"},\"mode\":\"preview\"} \/-->\n\n<!-- wp:acf\/common-image-left-section {\"name\":\"acf\/common-image-left-section\",\"data\":{\"image\":7198,\"_image\":\"field_60c66ddbbdafe\"},\"mode\":\"preview\"} \/-->\n\n<!-- wp:acf\/common-text-left-section {\"name\":\"acf\/common-text-left-section\",\"data\":{\"field_60c66a6067e54\":\"\\u003cstrong\\u003eA Gecelfalvi templom\\u003c\/strong\\u003e\\r\\n\\r\\nA k\u00f6z\u00e9pkori \u00e9p\u00edt\u00e9szet \u00e9s a falfestm\u00e9nyek legjelent\u0151sebb eml\u00e9khelyei k\u00f6z\u00f6tt tartj\u00e1k sz\u00e1mon Szlov\u00e1ki\u00e1ban. A templom megk\u00f6zel\u00edt\u0151leg a 14. sz\u00e1zad els\u0151 fel\u00e9ben \u00e9p\u00fclt \u00e9s Szent Bertalannak szentelt\u00e9k. M\u00e1r els\u0151 pillant\u00e1sra felt\u0171nik a rendhagy\u00f3 m\u00f3don \u00e9p\u00edtett torony, amely a kassai Szent Erzs\u00e9bet-d\u00f3m Zsigmond-torny\u00e1hoz hasonl\u00f3. Az olasz-biz\u00e1nci st\u00edlus\u00fa \u00e9rt\u00e9kes fresk\u00f3k J\u00e9zus Krisztus \u00e9s Sz\u0171z M\u00e1ria \u00e9let\u00e9nek jeleneteit \u00e1br\u00e1zolj\u00e1k \u00e9s 150 \u00e9vvel id\u0151sebbek Leonardo da Vinci Utols\u00f3 vacsor\u00e1j\u00e1n\u00e1l vagy Michelangelo Utols\u00f3 \u00edt\u00e9let\u00e9t\u00e9n\u00e9l a Sixtusi k\u00e1polna mennyezet\u00e9n.\\r\\n\\r\\nPraktikus tudnival\u00f3k: a l\u00e1togat\u00e1s el\u0151tt, a templom kinyit\u00e1sa \u00e9rdek\u00e9ben keresse fel Mgr. Veleb\u00edrov\u00e1 Em\u00edlia lelk\u00e9sz asszonyt a 0907 +421\u00a0911\u00a0747\u00a0211-es telefonsz\u00e1mon.\"},\"mode\":\"preview\"} \/-->\n\n<!-- wp:acf\/common-image-right-section {\"name\":\"acf\/common-image-right-section\",\"data\":{\"image\":7201,\"_image\":\"field_60c66ddbbdafe\"},\"mode\":\"preview\"} \/-->\n\n<!-- wp:acf\/common-text-right-section {\"name\":\"acf\/common-text-right-section\",\"data\":{\"field_60c66a6067e54\":\"\\u003cstrong\\u003eA Martonh\u00e1zi templom\\u003c\/strong\\u003e\\r\\n\\r\\nA szent\u00e9ly\u00e9nek falai \u00e9s a diadal\u00edv a 14. sz\u00e1zadb\u00f3l sz\u00e1rmaz\u00f3 figur\u00e1lis fresk\u00f3kkal bor\u00edtott, amelyek a tet\u0151t\u00e9r\u00e9ben is fennmaradtak.\u00a0 1976-1977 k\u00f6z\u00f6tt restaur\u00e1torok v\u00e9gezt\u00e9k el a festm\u00e9nyek kutat\u00e1s\u00e1t.\u00a0 Togner Milan professzor \u00e9s Josef\u00edk Jir\u00ed fest\u0151m\u0171v\u00e9sz a fresk\u00f3k ismeretlen alkot\u00f3j\u00e1nak neves\u00edt\u00e9sek\u00e9ppen bevezett\u00e9k a \u201eMartonh\u00e1zi szent\u00e9ly mestere\u201d hivatkoz\u00e1st.\\r\\n\\r\\nPraktikus tudnival\u00f3k: a l\u00e1togat\u00e1s el\u0151tt, a templom kinyit\u00e1sa \u00e9rdek\u00e9ben keresse fel Dud\u00e1s Martin diak\u00f3nust a +421 905 874 096-os telefonsz\u00e1mon.\"},\"mode\":\"preview\"} \/-->\n\n<!-- wp:acf\/common-image-left-section {\"name\":\"acf\/common-image-left-section\",\"data\":{\"image\":7355,\"_image\":\"field_60c66ddbbdafe\"},\"mode\":\"preview\"} \/-->\n\n<!-- wp:acf\/common-text-left-section {\"name\":\"acf\/common-text-left-section\",\"data\":{\"field_60c66a6067e54\":\"\\u003cstrong\\u003eAz ol\u00e1hpataki K\u00e1roly-koh\u00f3 \\u003c\/strong\\u003e\\r\\n\\r\\nA koh\u00f3 \u00e9p\u00edt\u00e9s\u00e9t 1870-ben fejezt\u00e9k be. \u00c9p\u00edttet\u0151je Andr\u00e1ssy Man\u00f3 (1821-1891) volt, III. K\u00e1roly fia, \u00edgy kapta a K\u00e1roly nevet. A Sheffieldi Egyetem v\u00e9lem\u00e9nye szerint az a koh\u00f3 Eur\u00f3pa egyik legjelent\u0151sebb t\u00f6rt\u00e9neti koh\u00f3ja. Szlov\u00e1kia sz\u00e1m\u00e1ra nemzeti kultur\u00e1lis m\u0171eml\u00e9k. \u00c1llapota hanyatlik.\\r\\n\\r\\nPraktikus tudnival\u00f3k: Az ol\u00e1hpataki K\u00e1roly-koh\u00f3 a dobsinai f\u0171r\u00e9sztelep ter\u00fclet\u00e9n \u00e1ll, a nyilv\u00e1noss\u00e1g sz\u00e1m\u00e1ra nem hozz\u00e1f\u00e9rhet\u0151.\u00a0 A t\u00e1volb\u00f3l is, idegen ter\u00fcletre val\u00f3 bel\u00e9p\u00e9s n\u00e9lk\u00fcl, k\u00e9sz\u00edthet\u00fcnk azonban n\u00e9h\u00e1ny j\u00f3 felv\u00e9telt.\"},\"mode\":\"preview\"} \/-->\n\n<!-- wp:acf\/common-image-right-section {\"name\":\"acf\/common-image-right-section\",\"data\":{\"image\":7353,\"_image\":\"field_60c66ddbbdafe\"},\"mode\":\"preview\"} \/-->\n\n<!-- wp:acf\/common-text-right-section {\"name\":\"acf\/common-text-right-section\",\"data\":{\"field_60c66a6067e54\":\"\\u003cstrong\\u003eA gr\u00f3fi j\u00e9gverem Ol\u00e1hpatakon\\u003c\/strong\\u003e\\r\\n\\r\\nA j\u00e9gvermek, a korabeli h\u0171t\u0151k (a h\u00edres betl\u00e9ri vad\u00e1szatokon elejtett h\u00fas, zs\u00e1km\u00e1ny t\u00e1rol\u00e1s\u00e1hoz) alacsony, vastaga fal\u00fa \u00e9p\u00edtm\u00e9nyek, amelyek a t\u00e9li id\u0151szakban a foly\u00f3kb\u00f3l \u00e9s halastavakb\u00f3l \u00f6sszegy\u0171lt j\u00e9gnek k\u00f6sz\u00f6nhet\u0151en a ny\u00e1ri h\u00f3napokban biztos\u00edtani tudt\u00e1k a h\u00fas sz\u00e1m\u00e1ra a sz\u00fcks\u00e9ges hideg h\u0151m\u00e9rs\u00e9kletet. \u00a0Ez az \u00e9p\u00edtm\u00e9ny azonban val\u00f3j\u00e1ban aligha nevezhet\u0151 egyszer\u0171 j\u00e9gveremnek. \u00c9p\u00edt\u00e9szete er\u0151sen eml\u00e9keztet egy g\u00fala alak\u00fa, nagy szikl\u00e1kb\u00f3l emelt k\u00e9tszintes egyiptomi \u00e9p\u00edtm\u00e9nyre. Mindk\u00e9t oldalr\u00f3l hozz\u00e1f\u00e9rhet\u0151, oldals\u00f3 l\u00e9pcs\u0151k seg\u00edts\u00e9g\u00e9vel.\u00a0 A fels\u0151 bolt\u00edves szint a barlangba torkollik, ahol a jeget t\u00e1rolt\u00e1k. A hat\u00e9konys\u00e1g \u00e9rdek\u00e9ben az \u00e9p\u00edtm\u00e9nyt \u00e9szak fel\u00e9 t\u00e1jolt\u00e1k. A Betl\u00e9ri kast\u00e9lyban l\u00e1that\u00f3 festm\u00e9nyen m\u00e9g l\u00e9tszik a n\u00e9gy szfinx alak\u00fa szobor, ezeknek id\u0151k\u00f6zben nyoma veszett, mire 2004-ben a nyilv\u00e1noss\u00e1g is megismerte a gr\u00f3fi h\u0171t\u0151t. A kapu az egyiptomi s\u00edrboltok, a masztab\u00e1k bej\u00e1rat\u00e1t id\u00e9zi.\\r\\n\\r\\nPraktikus tudnival\u00f3k: A j\u00e9gveremhez 10 perces s\u00e9ta vezet az Andr\u00e1ssyak ol\u00e1hpataki kast\u00e9ly\u00e1t\u00f3l.\u00a0 Balra fordulva, a csal\u00e1di h\u00e1zak k\u00f6z\u00f6tti j\u00e1rd\u00e1kon \u00e9s a vas\u00fati t\u00f6lt\u00e9sen n\u00e9h\u00e1ny m\u00e9tert haladva egy vas\u00fati h\u00eddra t\u00e9r\u00fcnk, amelyr\u0151l r\u00f6gt\u00f6n balra kell let\u00e9rn\u00fcnk.\u00a0 A h\u00eddr\u00f3l m\u00e1r l\u00e1that\u00f3 lesz a szikl\u00e1s dombok k\u00f6z\u00f6tt megb\u00fav\u00f3 j\u00e9gverem. Az eml\u00e9khely mellett egy turista -pihen\u0151 \u00e1ll, t\u00e1j\u00e9koztat\u00f3 t\u00e1bl\u00e1val.\\r\\n\\r\\nGPS: N48\u00b046\u201916\u201c E20\u00b024\u201932\u201c\"},\"mode\":\"preview\"} \/-->\n\n<!-- wp:acf\/common-image-left-section {\"name\":\"acf\/common-image-left-section\",\"data\":{\"image\":7354,\"_image\":\"field_60c66ddbbdafe\"},\"mode\":\"preview\"} \/-->\n\n<!-- wp:acf\/common-text-left-section {\"name\":\"acf\/common-text-left-section\",\"data\":{\"field_60c66a6067e54\":\"\\u003cstrong\\u003eA gr\u00f3fi j\u00e9gverem Ol\u00e1hpatakon\\u003c\/strong\\u003e\\r\\n\\r\\nA j\u00e9gvermek, a korabeli h\u0171t\u0151k (a h\u00edres betl\u00e9ri vad\u00e1szatokon elejtett h\u00fas, zs\u00e1km\u00e1ny t\u00e1rol\u00e1s\u00e1hoz) alacsony, vastaga fal\u00fa \u00e9p\u00edtm\u00e9nyek, amelyek a t\u00e9li id\u0151szakban a foly\u00f3kb\u00f3l \u00e9s halastavakb\u00f3l \u00f6sszegy\u0171lt j\u00e9gnek k\u00f6sz\u00f6nhet\u0151en a ny\u00e1ri h\u00f3napokban biztos\u00edtani tudt\u00e1k a h\u00fas sz\u00e1m\u00e1ra a sz\u00fcks\u00e9ges hideg h\u0151m\u00e9rs\u00e9kletet. \u00a0Ez az \u00e9p\u00edtm\u00e9ny azonban val\u00f3j\u00e1ban aligha nevezhet\u0151 egyszer\u0171 j\u00e9gveremnek. \u00c9p\u00edt\u00e9szete er\u0151sen eml\u00e9keztet egy g\u00fala alak\u00fa, nagy szikl\u00e1kb\u00f3l emelt k\u00e9tszintes egyiptomi \u00e9p\u00edtm\u00e9nyre. Mindk\u00e9t oldalr\u00f3l hozz\u00e1f\u00e9rhet\u0151, oldals\u00f3 l\u00e9pcs\u0151k seg\u00edts\u00e9g\u00e9vel.\u00a0 A fels\u0151 bolt\u00edves szint a barlangba torkollik, ahol a jeget t\u00e1rolt\u00e1k. A hat\u00e9konys\u00e1g \u00e9rdek\u00e9ben az \u00e9p\u00edtm\u00e9nyt \u00e9szak fel\u00e9 t\u00e1jolt\u00e1k. A Betl\u00e9ri kast\u00e9lyban l\u00e1that\u00f3 festm\u00e9nyen m\u00e9g l\u00e9tszik a n\u00e9gy szfinx alak\u00fa szobor, ezeknek id\u0151k\u00f6zben nyoma veszett, mire 2004-ben a nyilv\u00e1noss\u00e1g is megismerte a gr\u00f3fi h\u0171t\u0151t. A kapu az egyiptomi s\u00edrboltok, a masztab\u00e1k bej\u00e1rat\u00e1t id\u00e9zi.\\r\\n\\r\\nPraktikus tudnival\u00f3k: A j\u00e9gveremhez 10 perces s\u00e9ta vezet az Andr\u00e1ssyak ol\u00e1hpataki kast\u00e9ly\u00e1t\u00f3l.\u00a0 Balra fordulva, a csal\u00e1di h\u00e1zak k\u00f6z\u00f6tti j\u00e1rd\u00e1kon \u00e9s a vas\u00fati t\u00f6lt\u00e9sen n\u00e9h\u00e1ny m\u00e9tert haladva egy vas\u00fati h\u00eddra t\u00e9r\u00fcnk, amelyr\u0151l r\u00f6gt\u00f6n balra kell let\u00e9rn\u00fcnk.\u00a0 A h\u00eddr\u00f3l m\u00e1r l\u00e1that\u00f3 lesz a szikl\u00e1s dombok k\u00f6z\u00f6tt megb\u00fav\u00f3 j\u00e9gverem. Az eml\u00e9khely mellett egy turista -pihen\u0151 \u00e1ll, t\u00e1j\u00e9koztat\u00f3 t\u00e1bl\u00e1val.\\r\\n\\r\\nGPS: N48\u00b046\u201916\u201c E20\u00b024\u201932\u201c\"},\"mode\":\"preview\"} \/-->\n\n<!-- wp:acf\/theme-ambassador-section {\"name\":\"acf\/theme-ambassador-section\",\"data\":{},\"mode\":\"preview\"} \/-->\n\n<!-- wp:tadv\/classic-paragraph \/-->","_hu_post_name":"a-gomor-galaxis","_hu_post_excerpt":"","_hu_post_title":"A G\u00f6m\u00f6r-galaxis","_es_post_content":"","_es_post_name":"","_es_post_excerpt":"","_es_post_title":"","_de_post_content":"<!-- wp:acf\/common-text-left-section {\"name\":\"acf\/common-text-left-section\",\"data\":{\"field_60c66a6067e54\":\"\\u003cstrong\\u003eDie unerforschte Region Gemer, eine Karstlandschaft, die die Ost- und Westslowakei \u00fcberbr\u00fcckt, das auserw\u00e4hlte Land des ungarischen Adels und die Heimat der slowakischen F\u00f6rderer des nationalen Bewusstseins. Ein akribisch konstruierter Teil der Welt des Eisernen Grafen Andr\u00e1ssy ist heute ein Hipster-Traum f\u00fcr Urbex-Selfies. Ein Graph namens Authentizit\u00e4t verbindet alle H\u00f6hen- und Tiefenpunkte dieser \u201ePeripherie\u201c fernab der intergalaktischen Autobahn. Es liegt an dir, ob der Luxus der Adelsresidenz der Andr\u00e1ssys in Betliar, das slowakische \u201eTaj Mahal\u201c in Kr\u00e1snohorsk\u00e9 Podhradie oder die \u201eschwarzen L\u00f6cher\u201c (fr\u00fcher erstaunliche technische Bauwerke, die hier eine in Europa wohlbekannte Adelsfamilie hinterlassen hat) zum Ziel deiner Reise werden. Lass dir das Beste zwischen Ost und West nicht entgehen und lande mit deinem Raumschiff am Gotischen sakralen Weg von Gemer. Ehe du Gemer vollst\u00e4ndig kennengelernt hast, werden ein paar Sonnen aufleuchten, ein paar Sterne erl\u00f6schen, du wirst schlicht nie genug davon haben.\\u003c\/strong\\u003e\"},\"mode\":\"preview\"} \/-->\n\n<!-- wp:acf\/common-text-right-section {\"name\":\"acf\/common-text-right-section\",\"data\":{\"field_60c66a6067e54\":\"\\u003cspan data-sheets-value=\\u0022{\\u0026quot;1\\u0026quot;:2,\\u0026quot;2\\u0026quot;:\\u0026quot;Die Kirchen sind normalerweise nicht f\u00fcr die \u00d6ffentlichkeit zug\u00e4nglich. Sie \u00f6ffnen ihre T\u00fcren jedoch regelm\u00e4\u00dfig w\u00e4hrend organisierter Veranstaltungen. Einige haben w\u00e4hrend der Sommersaison feste \u00d6ffnungszeiten. Informationen und Karten zu den einzelnen Denkm\u00e4lern des Gotischen Wegs findest du auf der Website https:\/\/gotickacesta.sk\/.\\u0026quot;}\\u0022 data-sheets-userformat=\\u0022{\\u0026quot;2\\u0026quot;:12737,\\u0026quot;3\\u0026quot;:{\\u0026quot;1\\u0026quot;:0,\\u0026quot;3\\u0026quot;:1},\\u0026quot;9\\u0026quot;:0,\\u0026quot;10\\u0026quot;:1,\\u0026quot;11\\u0026quot;:4,\\u0026quot;15\\u0026quot;:\\u0026quot;Calibri\\u0026quot;,\\u0026quot;16\\u0026quot;:11}\\u0022\\u003eDie Kirchen sind normalerweise nicht f\u00fcr die \u00d6ffentlichkeit zug\u00e4nglich. Sie \u00f6ffnen ihre T\u00fcren jedoch regelm\u00e4\u00dfig w\u00e4hrend organisierter Veranstaltungen. Einige haben w\u00e4hrend der Sommersaison feste \u00d6ffnungszeiten. Informationen und Karten zu den einzelnen Denkm\u00e4lern des Gotischen Wegs findest du auf der Website \\u003ca href=\\u0022https:\/\/gotickacesta.sk\/\\u0022\\u003ehttps:\/\/gotickacesta.sk\/\\u003c\/a\\u003e.\\u003c\/span\\u003e\"},\"mode\":\"preview\"} \/-->\n\n<!-- wp:acf\/common-image-right-section {\"name\":\"acf\/common-image-right-section\",\"data\":{\"image\":7195,\"_image\":\"field_60c66ddbbdafe\"},\"mode\":\"preview\"} \/-->\n\n<!-- wp:acf\/common-image-left-section {\"name\":\"acf\/common-image-left-section\",\"data\":{\"image\":7196,\"_image\":\"field_60c66ddbbdafe\"},\"mode\":\"preview\"} \/-->\n\n<!-- wp:acf\/common-text-left-section {\"name\":\"acf\/common-text-left-section\",\"data\":{\"field_60c66a6067e54\":\"\\u003cstrong\\u003eGemerer Odysee\\u003c\/strong\\u003e\\r\\n\\r\\n\\u003cspan data-sheets-value=\\u0022{\\u0026quot;1\\u0026quot;:2,\\u0026quot;2\\u0026quot;:\\u0026quot;Begib dich auf eine Odyssee zum Erkunden von Gemer und in Gesellschaft von Reisebegleitern, die dir die Region in ihrer wahren Gestalt zeigen. Es ist eine Zeitreise, die vor langer Zeit begann und heute noch nicht zu Ende ist. In Begleitung von Mi\u0161o Hud\u00e1k, f\u00fcr den Gemer eines seiner Lieblingsuniversen ist, findest du dich an Orten - schwarzen L\u00f6chern - wieder, die man mit Schrift nur schwer beschreiben kann.\\u0026quot;}\\u0022 data-sheets-userformat=\\u0022{\\u0026quot;2\\u0026quot;:12737,\\u0026quot;3\\u0026quot;:{\\u0026quot;1\\u0026quot;:0,\\u0026quot;3\\u0026quot;:1},\\u0026quot;9\\u0026quot;:0,\\u0026quot;10\\u0026quot;:1,\\u0026quot;11\\u0026quot;:4,\\u0026quot;15\\u0026quot;:\\u0026quot;Calibri\\u0026quot;,\\u0026quot;16\\u0026quot;:11}\\u0022\\u003eBegib dich auf eine Odyssee zum Erkunden von Gemer und in Gesellschaft von Reisebegleitern, die dir die Region in ihrer wahren Gestalt zeigen. Es ist eine Zeitreise, die vor langer Zeit begann und heute noch nicht zu Ende ist. In Begleitung von Mi\u0161o Hud\u00e1k, f\u00fcr den Gemer eines seiner Lieblingsuniversen ist, findest du dich an Orten - schwarzen L\u00f6chern - wieder, die man mit Schrift nur schwer beschreiben kann.\\u003c\/span\\u003e\\r\\n\\r\\n\\u003cspan data-sheets-value=\\u0022{\\u0026quot;1\\u0026quot;:2,\\u0026quot;2\\u0026quot;:\\u0026quot;Auf dem Gotischen Weg durch Gemer entdeckst du wiederum in Begleitung eines Reiseleiters von OZ Gotick\u00e1 cesta (dt. B\u00fcrgervereinigung Gotischer Weg) unter der grauen Ablagerungsschicht aus Sternenstaub die wahren gotischen Sch\u00e4tze der Gemerer Kirchen. Im Sternennebel am RAND DER WELT, hinter den dicken Kirchenmauern, erkennst du gotische Fresken, epische Wandmalereien mit starkem Akzent italienischer Meister.\\u0026quot;}\\u0022 data-sheets-userformat=\\u0022{\\u0026quot;2\\u0026quot;:12737,\\u0026quot;3\\u0026quot;:{\\u0026quot;1\\u0026quot;:0,\\u0026quot;3\\u0026quot;:1},\\u0026quot;9\\u0026quot;:0,\\u0026quot;10\\u0026quot;:1,\\u0026quot;11\\u0026quot;:4,\\u0026quot;15\\u0026quot;:\\u0026quot;Calibri\\u0026quot;,\\u0026quot;16\\u0026quot;:11}\\u0022 data-sheets-textstyleruns=\\u0022{\\u0026quot;1\\u0026quot;:0}\uee10{\\u0026quot;1\\u0026quot;:111,\\u0026quot;2\\u0026quot;:{\\u0026quot;3\\u0026quot;:\\u0026quot;Calibri\\u0026quot;,\\u0026quot;4\\u0026quot;:11,\\u0026quot;6\\u0026quot;:1}}\uee10{\\u0026quot;1\\u0026quot;:146,\\u0026quot;2\\u0026quot;:{\\u0026quot;3\\u0026quot;:\\u0026quot;Calibri\\u0026quot;,\\u0026quot;4\\u0026quot;:11}}\\u0022\\u003eAuf dem Gotischen Weg durch Gemer entdeckst du wiederum in Begleitung eines Reiseleiters von OZ Gotick\u00e1 cesta (dt. B\u00fcrgervereinigung Gotischer Weg) unter der grauen Ablagerungsschicht aus Sternenstaub die wahren gotischen Sch\u00e4tze der Gemerer Kirchen. Im Sternennebel am RAND DER WELT, hinter den dicken Kirchenmauern, erkennst du gotische Fresken, epische Wandmalereien mit starkem Akzent italienischer Meister.\\u003c\/span\\u003e\"},\"mode\":\"preview\"} \/-->\n\n<!-- wp:acf\/common-image-right-section {\"name\":\"acf\/common-image-right-section\",\"data\":{\"image\":7197,\"_image\":\"field_60c66ddbbdafe\"},\"mode\":\"preview\"} \/-->\n\n<!-- wp:acf\/common-text-right-section {\"name\":\"acf\/common-text-right-section\",\"data\":{\"field_60c66a6067e54\":\"\\u003cstrong\\u003eGotische Basilika in \u0160t\u00edtnik\\u003c\/strong\\u003e\\r\\n\\r\\n\\u003cspan data-sheets-value=\\u0022{\\u0026quot;1\\u0026quot;:2,\\u0026quot;2\\u0026quot;:\\u0026quot;Es handelt sich um eine urspr\u00fcnglich dreischiffige Basilika aus dem 14. und 15. Jahrhundert mit wundersch\u00f6nen Stern- und Netzgew\u00f6lben. Die Kirche hat einen massiven Turm und ist ein markantes Wahrzeichen des gesamten Tals von \u0160t\u00edtnik. An den W\u00e4nden befinden sich mehr als 200 Quadratmeter Wandmalereien (Secco- und Freskomalerei), die verschiedene, meist religi\u00f6se Themen darstellen. Ein einzigartiges gotisches Bronzetaufbecken aus dem Jahr 1454, die \u00e4lteste Orgel in der Slowakei aus dem Jahr 1492, handbemalte Kirchenb\u00e4nke oder die letzte Ruhest\u00e4tte der Nachkommen der Familie Bebek \u2013 all das verbirgt sich in einer einzigen Basilika.\\u0026quot;}\\u0022 data-sheets-userformat=\\u0022{\\u0026quot;2\\u0026quot;:12737,\\u0026quot;3\\u0026quot;:{\\u0026quot;1\\u0026quot;:0,\\u0026quot;3\\u0026quot;:1},\\u0026quot;9\\u0026quot;:0,\\u0026quot;10\\u0026quot;:1,\\u0026quot;11\\u0026quot;:4,\\u0026quot;15\\u0026quot;:\\u0026quot;Calibri\\u0026quot;,\\u0026quot;16\\u0026quot;:11}\\u0022\\u003eEs handelt sich um eine urspr\u00fcnglich dreischiffige Basilika aus dem 14. und 15. Jahrhundert mit wundersch\u00f6nen Stern- und Netzgew\u00f6lben. Die Kirche hat einen massiven Turm und ist ein markantes Wahrzeichen des gesamten Tals von \u0160t\u00edtnik. An den W\u00e4nden befinden sich mehr als 200 Quadratmeter Wandmalereien (Secco- und Freskomalerei), die verschiedene, meist religi\u00f6se Themen darstellen. Ein einzigartiges gotisches Bronzetaufbecken aus dem Jahr 1454, die \u00e4lteste Orgel in der Slowakei aus dem Jahr 1492, handbemalte Kirchenb\u00e4nke oder die letzte Ruhest\u00e4tte der Nachkommen der Familie Bebek \u2013 all das verbirgt sich in einer einzigen Basilika.\\u003c\/span\\u003e\\r\\n\\r\\n\\u003cspan data-sheets-value=\\u0022{\\u0026quot;1\\u0026quot;:2,\\u0026quot;2\\u0026quot;:\\u0026quot;Praktische Informationen: Um Zugang zum Denkmal zu erhalten, wende dich vor deinem Besuch an Mgr. Jana Il\u010diskov\u00e1 \u2013 Gemeindepfarrerin unter +421 907 337 855 oder an Mgr. Mat\u00fa\u0161 Moln\u00e1r \u2013 Kirchenvorsteher unter +421 918 783 356 , stitnik@ecav.sk.\\u0026quot;}\\u0022 data-sheets-userformat=\\u0022{\\u0026quot;2\\u0026quot;:12737,\\u0026quot;3\\u0026quot;:{\\u0026quot;1\\u0026quot;:0,\\u0026quot;3\\u0026quot;:1},\\u0026quot;9\\u0026quot;:0,\\u0026quot;10\\u0026quot;:1,\\u0026quot;11\\u0026quot;:4,\\u0026quot;15\\u0026quot;:\\u0026quot;Calibri\\u0026quot;,\\u0026quot;16\\u0026quot;:11}\\u0022 data-sheets-hyperlink=\\u0022mailto:stitnik@ecav.sk\\u0022\\u003ePraktische Informationen: Um Zugang zum Denkmal zu erhalten, wende dich vor deinem Besuch an Mgr. Jana Il\u010diskov\u00e1 \u2013 Gemeindepfarrerin unter +421 907 337 855 oder an Mgr. Mat\u00fa\u0161 Moln\u00e1r \u2013 Kirchenvorsteher unter +421 918 783 356 , stitnik@ecav.sk.\\u003c\/span\\u003e\"},\"mode\":\"preview\"} \/-->\n\n<!-- wp:acf\/common-image-left-section {\"name\":\"acf\/common-image-left-section\",\"data\":{\"image\":7198,\"_image\":\"field_60c66ddbbdafe\"},\"mode\":\"preview\"} \/-->\n\n<!-- wp:acf\/common-text-left-section {\"name\":\"acf\/common-text-left-section\",\"data\":{\"field_60c66a6067e54\":\"\\u003cstrong\\u003eKirche in Koce\u013eovce\\u003c\/strong\\u003e\\r\\n\\r\\n\\u003cspan data-sheets-value=\\u0022{\\u0026quot;1\\u0026quot;:2,\\u0026quot;2\\u0026quot;:\\u0026quot;Sie geh\u00f6rt zu den bedeutendsten Denkm\u00e4lern der mittelalterlichen Architektur und insbesondere der Wandmalerei in der Slowakei. Die Kirche wurde ungef\u00e4hr in der ersten H\u00e4lfte des 14. Jahrhunderts erbaut und dem Hl. Bartholom\u00e4us geweiht. Dem Besucher f\u00e4llt sofort der unkonventionell gestaltete Turm auf, \u00e4hnlich dem n\u00f6rdlichen Sigismund-Turm des St.-Elisabeth-Doms in Ko\u0161ice. Die wertvollen Fresken im italienisch-byzantinischen Stil mit Motiven aus dem Leben Jesu Christi und der Jungfrau Maria sind 150 Jahre \u00e4lter als Da Vincis Letztes Abendmahl oder Michelangelos J\u00fcngstes Gericht in der Sixtinischen Kapelle.\\u0026quot;}\\u0022 data-sheets-userformat=\\u0022{\\u0026quot;2\\u0026quot;:12737,\\u0026quot;3\\u0026quot;:{\\u0026quot;1\\u0026quot;:0,\\u0026quot;3\\u0026quot;:1},\\u0026quot;9\\u0026quot;:0,\\u0026quot;10\\u0026quot;:1,\\u0026quot;11\\u0026quot;:4,\\u0026quot;15\\u0026quot;:\\u0026quot;Calibri\\u0026quot;,\\u0026quot;16\\u0026quot;:11}\\u0022\\u003eSie geh\u00f6rt zu den bedeutendsten Denkm\u00e4lern der mittelalterlichen Architektur und insbesondere der Wandmalerei in der Slowakei. Die Kirche wurde ungef\u00e4hr in der ersten H\u00e4lfte des 14. Jahrhunderts erbaut und dem Hl. Bartholom\u00e4us geweiht. Dem Besucher f\u00e4llt sofort der unkonventionell gestaltete Turm auf, \u00e4hnlich dem n\u00f6rdlichen Sigismund-Turm des St.-Elisabeth-Doms in Ko\u0161ice. Die wertvollen Fresken im italienisch-byzantinischen Stil mit Motiven aus dem Leben Jesu Christi und der Jungfrau Maria sind 150 Jahre \u00e4lter als Da Vincis Letztes Abendmahl oder Michelangelos J\u00fcngstes Gericht in der Sixtinischen Kapelle.\\u003c\/span\\u003e\\r\\n\\r\\n\\u003cspan data-sheets-value=\\u0022{\\u0026quot;1\\u0026quot;:2,\\u0026quot;2\\u0026quot;:\\u0026quot;Praktische Informationen: Um Zugang zum Denkmal zu erhalten, wende dich vor deinem Besuch an Mgr. Em\u00edlia Veleb\u00edrov\u00e1, Pfarrerin, +421 911 747 211\\u0026quot;}\\u0022 data-sheets-userformat=\\u0022{\\u0026quot;2\\u0026quot;:12737,\\u0026quot;3\\u0026quot;:{\\u0026quot;1\\u0026quot;:0,\\u0026quot;3\\u0026quot;:1},\\u0026quot;9\\u0026quot;:0,\\u0026quot;10\\u0026quot;:1,\\u0026quot;11\\u0026quot;:4,\\u0026quot;15\\u0026quot;:\\u0026quot;Calibri\\u0026quot;,\\u0026quot;16\\u0026quot;:11}\\u0022\\u003ePraktische Informationen: Um Zugang zum Denkmal zu erhalten, wende dich vor deinem Besuch an Mgr. Em\u00edlia Veleb\u00edrov\u00e1, Pfarrerin, +421 911 747 211\\u003c\/span\\u003e\"},\"mode\":\"preview\"} \/-->\n\n<!-- wp:acf\/common-image-right-section {\"name\":\"acf\/common-image-right-section\",\"data\":{\"image\":7201,\"_image\":\"field_60c66ddbbdafe\"},\"mode\":\"preview\"} \/-->\n\n<!-- wp:acf\/common-text-right-section {\"name\":\"acf\/common-text-right-section\",\"data\":{\"field_60c66a6067e54\":\"\\u003cstrong\\u003eKirche in Ochtin\u00e1\\u003c\/strong\\u003e\\r\\n\\r\\n\\u003cspan data-sheets-value=\\u0022{\\u0026quot;1\\u0026quot;:2,\\u0026quot;2\\u0026quot;:\\u0026quot;Die Kirche birgt figurative Freskenmalerei aus der Mitte des 14. Jahrhunderts, die die gesamte Fl\u00e4che des Presbyteriums und den Triumphbogen bedeckt und sich auch im Dachbodenraum erhalten hat. In den Jahren 1976-1977 wurde in der Kirche eine Restaurierungsforschung an den Gem\u00e4lden durchgef\u00fchrt. Der Professor Milan Togner und der akademische Maler Ji\u0159\u00ed Josef\u00edk f\u00fchrten f\u00fcr den Autor dieser Fresken den Begriff \u201eMeister des Presbyteriums von Ochtin\u00e1\u201c ein.\\u0026quot;}\\u0022 data-sheets-userformat=\\u0022{\\u0026quot;2\\u0026quot;:12737,\\u0026quot;3\\u0026quot;:{\\u0026quot;1\\u0026quot;:0,\\u0026quot;3\\u0026quot;:1},\\u0026quot;9\\u0026quot;:0,\\u0026quot;10\\u0026quot;:1,\\u0026quot;11\\u0026quot;:4,\\u0026quot;15\\u0026quot;:\\u0026quot;Calibri\\u0026quot;,\\u0026quot;16\\u0026quot;:11}\\u0022\\u003eDie Kirche birgt figurative Freskenmalerei aus der Mitte des 14. Jahrhunderts, die die gesamte Fl\u00e4che des Presbyteriums und den Triumphbogen bedeckt und sich auch im Dachbodenraum erhalten hat. In den Jahren 1976-1977 wurde in der Kirche eine Restaurierungsforschung an den Gem\u00e4lden durchgef\u00fchrt. Der Professor Milan Togner und der akademische Maler Ji\u0159\u00ed Josef\u00edk f\u00fchrten f\u00fcr den Autor dieser Fresken den Begriff \u201eMeister des Presbyteriums von Ochtin\u00e1\u201c ein.\\u003c\/span\\u003e\\r\\n\\r\\n\\u003cspan data-sheets-value=\\u0022{\\u0026quot;1\\u0026quot;:2,\\u0026quot;2\\u0026quot;:\\u0026quot;Praktische Informationen: Um Zugang zum Denkmal zu erhalten, wende dich vor deinem Besuch an Martin Dud\u00e1\u0161, Diakon, +421 905 874 096\\u0026quot;}\\u0022 data-sheets-userformat=\\u0022{\\u0026quot;2\\u0026quot;:12737,\\u0026quot;3\\u0026quot;:{\\u0026quot;1\\u0026quot;:0,\\u0026quot;3\\u0026quot;:1},\\u0026quot;9\\u0026quot;:0,\\u0026quot;10\\u0026quot;:1,\\u0026quot;11\\u0026quot;:4,\\u0026quot;15\\u0026quot;:\\u0026quot;Calibri\\u0026quot;,\\u0026quot;16\\u0026quot;:11}\\u0022\\u003ePraktische Informationen: Um Zugang zum Denkmal zu erhalten, wende dich vor deinem Besuch an Martin Dud\u00e1\u0161, Diakon, +421 905 874 096\\u003c\/span\\u003e\"},\"mode\":\"preview\"} \/-->\n\n<!-- wp:acf\/common-image-left-section {\"name\":\"acf\/common-image-left-section\",\"data\":{\"image\":7355,\"_image\":\"field_60c66ddbbdafe\"},\"mode\":\"preview\"} \/-->\n\n<!-- wp:acf\/common-text-left-section {\"name\":\"acf\/common-text-left-section\",\"data\":{\"field_60c66a6067e54\":\"\\u003cstrong\\u003eHochofen Karl in Vlachovo\\u003c\/strong\\u003e\\r\\n\\r\\n\\u003cspan data-sheets-value=\\u0022{\\u0026quot;1\\u0026quot;:2,\\u0026quot;2\\u0026quot;:\\u0026quot;1870 wurde der Bau des Hochofens Karl (slow. Karlova huta) abgeschlossen. Er wurde im Auftrag von Emanuel Andr\u00e1ssy (1821 \u2013 1891), dem Sohn von Karl III., gebaut, nach dem der Ofen benannt wurde. Laut der Universit\u00e4t Sheffield ist dieser Hochofen \u2013 Karlsh\u00fctte \u2013 einer der bedeutendsten historischen Hoch\u00f6fen Europas. F\u00fcr die Slowakei ist es ein nationales Kulturdenkmal. Jedoch verf\u00e4llt es allm\u00e4hlich.\\u0026quot;}\\u0022 data-sheets-userformat=\\u0022{\\u0026quot;2\\u0026quot;:12737,\\u0026quot;3\\u0026quot;:{\\u0026quot;1\\u0026quot;:0,\\u0026quot;3\\u0026quot;:1},\\u0026quot;9\\u0026quot;:0,\\u0026quot;10\\u0026quot;:1,\\u0026quot;11\\u0026quot;:4,\\u0026quot;15\\u0026quot;:\\u0026quot;Calibri\\u0026quot;,\\u0026quot;16\\u0026quot;:11}\\u0022 data-sheets-textstyleruns=\\u0022{\\u0026quot;1\\u0026quot;:0}\uee10{\\u0026quot;1\\u0026quot;:39,\\u0026quot;2\\u0026quot;:{\\u0026quot;3\\u0026quot;:\\u0026quot;Calibri\\u0026quot;,\\u0026quot;4\\u0026quot;:11,\\u0026quot;6\\u0026quot;:1}}\uee10{\\u0026quot;1\\u0026quot;:57,\\u0026quot;2\\u0026quot;:{\\u0026quot;3\\u0026quot;:\\u0026quot;Calibri\\u0026quot;,\\u0026quot;4\\u0026quot;:11}}\\u0022\\u003e1870 wurde der Bau des Hochofens Karl (slow. Karlova huta) abgeschlossen. Er wurde im Auftrag von Emanuel Andr\u00e1ssy (1821 \u2013 1891), dem Sohn von Karl III., gebaut, nach dem der Ofen benannt wurde. Laut der Universit\u00e4t Sheffield ist dieser Hochofen \u2013 Karlsh\u00fctte \u2013 einer der bedeutendsten historischen Hoch\u00f6fen Europas. F\u00fcr die Slowakei ist es ein nationales Kulturdenkmal. Jedoch verf\u00e4llt es allm\u00e4hlich.\\u003c\/span\\u003e\\r\\n\\r\\n\\u003cspan data-sheets-value=\\u0022{\\u0026quot;1\\u0026quot;:2,\\u0026quot;2\\u0026quot;:\\u0026quot;Praktische Informationen: Der Hochofen Karl (Karlsh\u00fctte) in der Gemeinde Vlachovo am Standort Dob\u0161insk\u00e1 P\u00edla ist geschlossen und f\u00fcr die \u00d6ffentlichkeit nicht zug\u00e4nglich. Aus einiger Entfernung, ohne das Privatgrundst\u00fcck zu betreten, kannst du dir jedoch ein paar Ansichten und Schnappsch\u00fcsse ergattern.\\u0026quot;}\\u0022 data-sheets-userformat=\\u0022{\\u0026quot;2\\u0026quot;:12737,\\u0026quot;3\\u0026quot;:{\\u0026quot;1\\u0026quot;:0,\\u0026quot;3\\u0026quot;:1},\\u0026quot;9\\u0026quot;:0,\\u0026quot;10\\u0026quot;:1,\\u0026quot;11\\u0026quot;:4,\\u0026quot;15\\u0026quot;:\\u0026quot;Calibri\\u0026quot;,\\u0026quot;16\\u0026quot;:11}\\u0022\\u003ePraktische Informationen: Der Hochofen Karl (Karlsh\u00fctte) in der Gemeinde Vlachovo am Standort Dob\u0161insk\u00e1 P\u00edla ist geschlossen und f\u00fcr die \u00d6ffentlichkeit nicht zug\u00e4nglich. Aus einiger Entfernung, ohne das Privatgrundst\u00fcck zu betreten, kannst du dir jedoch ein paar Ansichten und Schnappsch\u00fcsse ergattern.\\u003c\/span\\u003e\"},\"mode\":\"preview\"} \/-->\n\n<!-- wp:acf\/common-image-right-section {\"name\":\"acf\/common-image-right-section\",\"data\":{\"image\":7353,\"_image\":\"field_60c66ddbbdafe\"},\"mode\":\"preview\"} \/-->\n\n<!-- wp:acf\/common-text-right-section {\"name\":\"acf\/common-text-right-section\",\"data\":{\"field_60c66a6067e54\":\"\\u003cstrong\\u003eH\u00fctte Etelka in Ni\u017en\u00e1 Slan\u00e1\\u003c\/strong\\u003e\\r\\n\\r\\n\\u003cspan data-sheets-value=\\u0022{\\u0026quot;1\\u0026quot;:2,\\u0026quot;2\\u0026quot;:\\u0026quot;Die Etelka-H\u00fctte in Ni\u017en\u00e1 Slan\u00e1 lie\u00df im Jahr 1867 ebenfalls Graf Emanuel Andr\u00e1ssy an der Stelle zweier \u00e4lterer \u00d6fen erbauen, diesmal benannte er die H\u00fctte nach seiner Mutter, und vielleicht gerade deshalb ist das Geb\u00e4ude noch sch\u00f6ner, mit einer anmutigeren Architektur. Etelka war 1867 \u2013 1907, in der Zeit des gr\u00f6\u00dften Aufschwungs des H\u00fcttenwesens und Bergbaus, in Betrieb. Von dem gro\u00dfangelegten H\u00fcttenbetrieb hat sich gerade mal das H\u00fcttengeb\u00e4ude mit einem Hochofen erhalten. Die B\u00fcrgervereinigung Barbora engagiert sich f\u00fcr den Erhalt der H\u00fcte und deren ann\u00e4hernde R\u00fcckf\u00fchrung in den Zustand von 1910. Das Geb\u00e4ude ist umz\u00e4unt und f\u00fcr die \u00d6ffentlichkeit unzug\u00e4nglich. Man kann Etelka aus der Ferne betrachten und sie mit einer Kamera festhalten.\\u0026quot;}\\u0022 data-sheets-userformat=\\u0022{\\u0026quot;2\\u0026quot;:12737,\\u0026quot;3\\u0026quot;:{\\u0026quot;1\\u0026quot;:0,\\u0026quot;3\\u0026quot;:1},\\u0026quot;9\\u0026quot;:0,\\u0026quot;10\\u0026quot;:1,\\u0026quot;11\\u0026quot;:4,\\u0026quot;15\\u0026quot;:\\u0026quot;Calibri\\u0026quot;,\\u0026quot;16\\u0026quot;:11}\\u0022 data-sheets-textstyleruns=\\u0022{\\u0026quot;1\\u0026quot;:0}\uee10{\\u0026quot;1\\u0026quot;:597,\\u0026quot;2\\u0026quot;:{\\u0026quot;3\\u0026quot;:\\u0026quot;Arial\\u0026quot;,\\u0026quot;4\\u0026quot;:10}}\uee10{\\u0026quot;1\\u0026quot;:598,\\u0026quot;2\\u0026quot;:{\\u0026quot;3\\u0026quot;:\\u0026quot;Calibri\\u0026quot;,\\u0026quot;4\\u0026quot;:11}}\uee10{\\u0026quot;1\\u0026quot;:602,\\u0026quot;2\\u0026quot;:{\\u0026quot;3\\u0026quot;:\\u0026quot;Arial\\u0026quot;,\\u0026quot;4\\u0026quot;:10}}\uee10{\\u0026quot;1\\u0026quot;:604,\\u0026quot;2\\u0026quot;:{\\u0026quot;3\\u0026quot;:\\u0026quot;Calibri\\u0026quot;,\\u0026quot;4\\u0026quot;:11}}\\u0022\\u003eDie Etelka-H\u00fctte in Ni\u017en\u00e1 Slan\u00e1 lie\u00df im Jahr 1867 ebenfalls Graf Emanuel Andr\u00e1ssy an der Stelle zweier \u00e4lterer \u00d6fen erbauen, diesmal benannte er die H\u00fctte nach seiner Mutter, und vielleicht gerade deshalb ist das Geb\u00e4ude noch sch\u00f6ner, mit einer anmutigeren Architektur. Etelka war 1867 \u2013 1907, in der Zeit des gr\u00f6\u00dften Aufschwungs des H\u00fcttenwesens und Bergbaus, in Betrieb. Von dem gro\u00dfangelegten H\u00fcttenbetrieb hat sich gerade mal das H\u00fcttengeb\u00e4ude mit einem Hochofen erhalten. Die B\u00fcrgervereinigung Barbora engagiert sich f\u00fcr den Erhalt der H\u00fcte und deren ann\u00e4hernde R\u00fcckf\u00fchrung in den Zustand von 1910. Das Geb\u00e4ude ist umz\u00e4unt und f\u00fcr die \u00d6ffentlichkeit unzug\u00e4nglich. Man kann Etelka aus der Ferne betrachten und sie mit einer Kamera festhalten.\\u003c\/span\\u003e\\r\\n\\r\\n\\u003cspan data-sheets-value=\\u0022{\\u0026quot;1\\u0026quot;:2,\\u0026quot;2\\u0026quot;:\\u0026quot;Praktische Informationen: Das technische Denkmal wird verwaltet von: OZ Barbora, Mgr. Andrea Heldov\u00e1 unter +421 948 933 999, geoparkmalekarpaty@gmail.com, heldovaandrea@gmail.com. Etelka befindet sich nahe der Stra\u00dfe von Go\u010dovo nach Ni\u017en\u00e1 Slan\u00e1. GPS 48.74202784660421, 20.416439258926914\\u0026quot;}\\u0022 data-sheets-userformat=\\u0022{\\u0026quot;2\\u0026quot;:12737,\\u0026quot;3\\u0026quot;:{\\u0026quot;1\\u0026quot;:0,\\u0026quot;3\\u0026quot;:1},\\u0026quot;9\\u0026quot;:0,\\u0026quot;10\\u0026quot;:1,\\u0026quot;11\\u0026quot;:4,\\u0026quot;15\\u0026quot;:\\u0026quot;Calibri\\u0026quot;,\\u0026quot;16\\u0026quot;:11}\\u0022\\u003ePraktische Informationen: Das technische Denkmal wird verwaltet von: OZ Barbora, Mgr. Andrea Heldov\u00e1 unter +421 948 933 999, geoparkmalekarpaty@gmail.com, heldovaandrea@gmail.com. Etelka befindet sich nahe der Stra\u00dfe von Go\u010dovo nach Ni\u017en\u00e1 Slan\u00e1. GPS 48.74202784660421, 20.416439258926914\\u003c\/span\\u003e\"},\"mode\":\"preview\"} \/-->\n\n<!-- wp:acf\/common-image-left-section {\"name\":\"acf\/common-image-left-section\",\"data\":{\"image\":7354,\"_image\":\"field_60c66ddbbdafe\"},\"mode\":\"preview\"} \/-->\n\n<!-- wp:acf\/common-text-left-section {\"name\":\"acf\/common-text-left-section\",\"data\":{\"field_60c66a6067e54\":\"\\u003cstrong\\u003eGr\u00e4flicher Eiskeller in Vlachovo\\u003c\/strong\\u003e\\r\\n\\r\\n\\u003cspan data-sheets-value=\\u0022{\\u0026quot;1\\u0026quot;:2,\\u0026quot;2\\u0026quot;:\\u0026quot;Eiskeller, die damaligen K\u00fchlschr\u00e4nke (zur Aufbewahrung von Fleisch\/ Fang von den ber\u00fchmten Jagden von Betliar) sind niedrigere, dickwandige Bauwerke, die mithilfe von im Winter eingelagertem Eis aus Fl\u00fcssen und Teichen das Fleisch auch in den Sommermonaten in der n\u00f6tigen K\u00fchle hielten. Doch dieses Bauwerk kann nicht wirklich als Eiskeller bezeichnet werden. Seine Architektur erinnert stark an einen \u00e4gyptischen pyramidenf\u00f6rmigen Bau aus massiven Steinen auf zwei Etagen. Es ist von zwei Seiten \u00fcber Seitentreppen zug\u00e4nglich. Das Obergeschoss mit einem Gew\u00f6lbe m\u00fcndet in eine H\u00f6hle, in der das Eis gelagert wurde. Das Bauwerk richtet sich effektiv gegen Norden. Auf einem Gem\u00e4lde im Schloss von Betliar sind dort noch vier Skulpturen in Gestalt der Sphinx zu sehen, doch in Wirklichkeit findet man diese am Eiskeller heute nicht mehr. Sie gingen verloren, noch bevor der gr\u00e4fliche Eiskeller 2004 von der \u00d6ffentlichkeit entdeckt wurde. Das Portal erinnert an den Eingang zu einer Mastaba - einem \u00e4gyptischen Grabbau.\\u0026quot;}\\u0022 data-sheets-userformat=\\u0022{\\u0026quot;2\\u0026quot;:12737,\\u0026quot;3\\u0026quot;:{\\u0026quot;1\\u0026quot;:0,\\u0026quot;3\\u0026quot;:1},\\u0026quot;9\\u0026quot;:0,\\u0026quot;10\\u0026quot;:1,\\u0026quot;11\\u0026quot;:4,\\u0026quot;15\\u0026quot;:\\u0026quot;Calibri\\u0026quot;,\\u0026quot;16\\u0026quot;:11}\\u0022\\u003eEiskeller, die damaligen K\u00fchlschr\u00e4nke (zur Aufbewahrung von Fleisch\/ Fang von den ber\u00fchmten Jagden von Betliar) sind niedrigere, dickwandige Bauwerke, die mithilfe von im Winter eingelagertem Eis aus Fl\u00fcssen und Teichen das Fleisch auch in den Sommermonaten in der n\u00f6tigen K\u00fchle hielten. Doch dieses Bauwerk kann nicht wirklich als Eiskeller bezeichnet werden. Seine Architektur erinnert stark an einen \u00e4gyptischen pyramidenf\u00f6rmigen Bau aus massiven Steinen auf zwei Etagen. Es ist von zwei Seiten \u00fcber Seitentreppen zug\u00e4nglich. Das Obergeschoss mit einem Gew\u00f6lbe m\u00fcndet in eine H\u00f6hle, in der das Eis gelagert wurde. Das Bauwerk richtet sich effektiv gegen Norden. Auf einem Gem\u00e4lde im Schloss von Betliar sind dort noch vier Skulpturen in Gestalt der Sphinx zu sehen, doch in Wirklichkeit findet man diese am Eiskeller heute nicht mehr. Sie gingen verloren, noch bevor der gr\u00e4fliche Eiskeller 2004 von der \u00d6ffentlichkeit entdeckt wurde. Das Portal erinnert an den Eingang zu einer Mastaba - einem \u00e4gyptischen Grabbau.\\u003c\/span\\u003e\\r\\n\\r\\n\\u003cspan data-sheets-value=\\u0022{\\u0026quot;1\\u0026quot;:2,\\u0026quot;2\\u0026quot;:\\u0026quot;Praktische Informationen: Der Eiskeller ist vom Andr\u00e1ssy-Herrenhaus in der Gemeinde Vlachovo in etwa 10 Minuten zu Fu\u00df erreichbar. Durch eine Abbiegung nach links gelangt man auf einen Weg zwischen Familienh\u00e4usern und entlang des Bahndamms, nach einigen Metern kommt man rechts zu einer kleinen Eisenbahnbr\u00fccke, von der man dann sofort wieder nach links abbiegt. Bereits von der Br\u00fccke aus erblickt man den Eiskeller, der in einen felsigen H\u00fcgel gesetzt wurde. In der N\u00e4he des Denkmals befindet sich ein Wanderunterstand mit einer Informationstafel.\\u0026quot;}\\u0022 data-sheets-userformat=\\u0022{\\u0026quot;2\\u0026quot;:12737,\\u0026quot;3\\u0026quot;:{\\u0026quot;1\\u0026quot;:0,\\u0026quot;3\\u0026quot;:1},\\u0026quot;9\\u0026quot;:0,\\u0026quot;10\\u0026quot;:1,\\u0026quot;11\\u0026quot;:4,\\u0026quot;15\\u0026quot;:\\u0026quot;Calibri\\u0026quot;,\\u0026quot;16\\u0026quot;:11}\\u0022\\u003ePraktische Informationen: Der Eiskeller ist vom Andr\u00e1ssy-Herrenhaus in der Gemeinde Vlachovo in etwa 10 Minuten zu Fu\u00df erreichbar. Durch eine Abbiegung nach links gelangt man auf einen Weg zwischen Familienh\u00e4usern und entlang des Bahndamms, nach einigen Metern kommt man rechts zu einer kleinen Eisenbahnbr\u00fccke, von der man dann sofort wieder nach links abbiegt. Bereits von der Br\u00fccke aus erblickt man den Eiskeller, der in einen felsigen H\u00fcgel gesetzt wurde. In der N\u00e4he des Denkmals befindet sich ein Wanderunterstand mit einer Informationstafel.\\u003c\/span\\u003e\"},\"mode\":\"preview\"} \/-->\n\n<!-- wp:acf\/theme-ambassador-section {\"name\":\"acf\/theme-ambassador-section\",\"mode\":\"preview\"} \/-->","_de_post_name":"","_de_post_excerpt":"","_de_post_title":"Galaxie Gemer","_pl_post_content":"<!-- wp:acf\/common-text-left-section {\"name\":\"acf\/common-text-left-section\",\"data\":{\"field_60c66a6067e54\":\"\\u003cp style=\\u0022background: white; margin: 0cm 0cm 18.0pt 0cm;\\u0022\\u003e\\u003cstrong\\u003e\\u003cspan lang=\\u0022PL\\u0022 style=\\u0022font-family: 'Source Sans Pro',sans-serif; color: #3b3b3b;\\u0022\\u003eNiezbadany Gemer, krasowy krajobraz \u0142\u0105cz\u0105cy wschodni\u0105 i zachodni\u0105 S\u0142owacj\u0119, ziemia obiecana w\u0119gierskiej szlachty i ojczyzna s\u0142owackich budzicieli narodowych. Skrawek \u015bwiata z ogromn\u0105 dba\u0142o\u015bci\u0105 zbudowany przez \u017celaznego hrabiego zamieni\u0142 si\u0119 w mokry sen wielbicieli urbexu. Autentyczno\u015b\u0107 to s\u0142owo, kt\u00f3re najpe\u0142niej oddaje ca\u0142e pi\u0119kno i brzydot\u0119 gemerskiego \u201ezadupia\u201d oddalonego od mi\u0119dzygalaktycznej autostrady. Sam wybierz, czy chcesz podziwia\u0107 op\u0142ywaj\u0105c\u0105 w luksusy arystokratyczn\u0105 rezydencj\u0119 rodu Andr\u00e1ssy w Betliarze, czy wyruszysz do s\u0142owackiego \u201eTaj Mahal\u201d w miejscowo\u015bci Kr\u00e1snohorsk\u00e9 Podhradie, czy te\u017c wewn\u0119trzny kompas wska\u017ce Ci drog\u0119 do opustosza\u0142ych cud\u00f3w techniki, jedynym, co pozosta\u0142o po s\u0142ynnej na ca\u0142\u0105 Europ\u0119 rodzinie szlacheckiej. Nie przegap tego, co najlepsze mi\u0119dzy Wschodem a Zachodem. Zaparkuj sw\u00f3j statek kosmiczny na gotyckim szlaku sakralnym i rozgo\u015b\u0107 si\u0119. Zanim przeb\u0119dziesz ca\u0142y Gemer i poznasz go jak w\u0142asn\u0105 kiesze\u0144, s\u0142o\u0144ce jeszcze wiele razy wzejdzie, a gwiazdy wiele razy zgasn\u0105, ale w Tobie ju\u017c na zawsze pozostanie niedosyt.\\u003c\/span\\u003e\\u003c\/strong\\u003e\\u003c\/p\\u003e\"},\"mode\":\"preview\"} \/-->\n\n<!-- wp:acf\/common-text-right-section {\"name\":\"acf\/common-text-right-section\",\"data\":{\"field_60c66a6067e54\":\"Tutejsze ko\u015bcio\u0142y zwykle s\u0105 pozamykane na cztery spusty i otwieraj\u0105 swoje podwoje podczas r\u00f3\u017cnych \u015bwi\u0105t i nabo\u017ce\u0144stw. Niekt\u00f3re maj\u0105 sta\u0142e godziny otwarcia w sezonie letnim. Informacje i mapy z zaznaczonymi zabytkami szlaku gotyckiego znajdziesz na: \\u003ca href=\\u0022http:\/\/www.gotickacesta.sk\\u0022\\u003ewww.gotickacesta.sk\\u003c\/a\\u003e.\"},\"mode\":\"preview\"} \/-->\n\n<!-- wp:acf\/common-image-right-section {\"name\":\"acf\/common-image-right-section\",\"data\":{\"image\":7195,\"_image\":\"field_60c66ddbbdafe\"},\"mode\":\"preview\"} \/-->\n\n<!-- wp:acf\/common-image-left-section {\"name\":\"acf\/common-image-left-section\",\"data\":{\"image\":7196,\"_image\":\"field_60c66ddbbdafe\"},\"mode\":\"preview\"} \/-->\n\n<!-- wp:acf\/common-text-left-section {\"name\":\"acf\/common-text-left-section\",\"data\":{\"field_60c66a6067e54\":\"\\u003cstrong\\u003eOdyseja gemerska\\u003c\/strong\\u003e\\r\\n\\u003cp style=\\u0022background: white; margin: 0cm 0cm 18.0pt 0cm;\\u0022\\u003e\\u003cspan lang=\\u0022PL\\u0022 style=\\u0022font-family: 'Source Sans Pro',sans-serif; color: #3b3b3b;\\u0022\\u003eWyrusz w odysej\u0119 przez Gemer w towarzystwie przewodnik\u00f3w, kt\u00f3rzy poka\u017c\u0105 Ci region z ca\u0142\u0105 jego autentyczno\u015bci\u0105. To prawdziwa podr\u00f3\u017c w czasie, kt\u00f3ra zacz\u0119\u0142a si\u0119 bardzo dawno temu i kt\u00f3ra nigdy si\u0119 nie sko\u0144czy. W towarzystwie Michala Hud\u00e1ka, dla kt\u00f3rego Gemer jest jednym z ulubionych miejsc na Ziemi, odwiedzisz zak\u0105tki, kt\u00f3re trudno opisa\u0107 s\u0142owami.\\u003c\/span\\u003e\\u003c\/p\\u003e\\r\\n\\u003cp style=\\u0022background: white; margin: 0cm 0cm 18.0pt 0cm;\\u0022\\u003e\\u003cspan lang=\\u0022PL\\u0022 style=\\u0022font-family: 'Source Sans Pro',sans-serif; color: #3b3b3b;\\u0022\\u003eNa szlaku gotyckim wiod\u0105cym przez Gemer, w towarzystwie przewodnika ze stowarzyszenia \u201eGotick\u00e1 cesta\u201d pod warstw\u0105 gwiezdnego py\u0142u odkryjesz prawdziwe skarby gotyku. W gwiezdnej mg\u0142awicy na SKRAJU \u015aWIATA, za grubymi murami ko\u015bcio\u0142\u00f3w ujrzysz gotyckie freski, niesamowite malowid\u0142a nawi\u0105zuj\u0105ce do prac w\u0142oskich mistrz\u00f3w.\\u003c\/span\\u003e\\u003c\/p\\u003e\"},\"mode\":\"preview\"} \/-->\n\n<!-- wp:acf\/common-image-right-section {\"name\":\"acf\/common-image-right-section\",\"data\":{\"image\":7197,\"_image\":\"field_60c66ddbbdafe\"},\"mode\":\"preview\"} \/-->\n\n<!-- wp:acf\/common-text-right-section {\"name\":\"acf\/common-text-right-section\",\"data\":{\"field_60c66a6067e54\":\"\\u003cp style=\\u0022background: white; margin: 0cm 0cm 18.0pt 0cm;\\u0022\\u003e\\u003cstrong\\u003e\\u003cspan lang=\\u0022PL\\u0022 style=\\u0022font-family: 'Source Sans Pro',sans-serif; color: #3b3b3b;\\u0022\\u003eGotycka bazylika w \u0160t\u00edtniku\\u003c\/span\\u003e\\u003c\/strong\\u003e\\u003c\/p\\u003e\\r\\nJest to pierwotnie tr\u00f3jnawowa bazylika z XIV i XV wieku z pi\u0119knymi sklepieniami gwia\u017adzistymi i sieciowymi. Masywna wie\u017ca bazyliki stanowi charakterystyczny punkt orientacyjny okolicznego krajobrazu. \u015aciany \u015bwi\u0105tyni pokrywa ponad 200 m2 malowide\u0142 (secco i fresco) przedstawiaj\u0105cych g\u0142\u00f3wnie motywy i tematy religijne. Zwr\u00f3\u0107 uwag\u0119 na unikaln\u0105 gotyck\u0105 chrzcielnic\u0119 wykonan\u0105 z br\u0105zu, pochodz\u0105c\u0105 z 1454 roku, najstarsze organy w S\u0142owacji z 1492 roku, r\u0119cznie malowane \u0142awki czy miejsce ostatniego spoczynku potomk\u00f3w rodziny Bebek\u00f3w \u2013 wszystkie te skarby ukryte s\u0105 w jednym miejscu.\\r\\n\\r\\nInformacje praktyczne:\\r\\n\\r\\nJe\u015bli chcesz zwiedzi\u0107 \u015bwi\u0105tyni\u0119, upewnij si\u0119, czy b\u0119dzie otwarta.\\r\\n\\r\\nJana Il\u010diskov\u00e1 \u2013 proboszczyni, +421 907 337\u00a0855\\r\\n\\r\\nMgr. Mat\u00fa\u0161 Moln\u00e1r \u2013 zakrystian, +421 918 783\u00a0356, \\u003ca href=\\u0022mailto:stitnik@ecav.sk\\u0022\\u003estitnik@ecav.sk\\u003c\/a\\u003e\\r\\n\\r\\n\\u003cstrong\\u003e\u00a0\\u003c\/strong\\u003e\"},\"mode\":\"preview\"} \/-->\n\n<!-- wp:acf\/common-image-left-section {\"name\":\"acf\/common-image-left-section\",\"data\":{\"image\":7198,\"_image\":\"field_60c66ddbbdafe\"},\"mode\":\"preview\"} \/-->\n\n<!-- wp:acf\/common-text-left-section {\"name\":\"acf\/common-text-left-section\",\"data\":{\"field_60c66a6067e54\":\"\\u003cp style=\\u0022margin: 0cm; background: white;\\u0022\\u003e\\u003cstrong\\u003e\\u003cspan lang=\\u0022PL\\u0022 style=\\u0022font-family: 'Source Sans Pro',sans-serif; color: #3b3b3b; letter-spacing: -.05pt; font-weight: normal;\\u0022\\u003e\u00a0\\u003c\/span\\u003e\\u003c\/strong\\u003e\\u003cstrong\\u003e\\u003cspan lang=\\u0022PL\\u0022 style=\\u0022font-family: 'Source Sans Pro',sans-serif; color: #3b3b3b;\\u0022\\u003eKo\u015bci\u00f3\u0142 w Koce\u013eovcach\\u003c\/span\\u003e\\u003c\/strong\\u003e\\u003c\/p\\u003e\\r\\n\\u0026nbsp;\\r\\n\\u003cp style=\\u0022background: white; margin: 0cm 0cm 18.0pt 0cm;\\u0022\\u003e\\u003cspan lang=\\u0022PL\\u0022 style=\\u0022font-family: 'Source Sans Pro',sans-serif; color: #3b3b3b;\\u0022\\u003eJest jednym z najwa\u017cniejszych zabytk\u00f3w architektury \u015bredniowiecznej w S\u0142owacji, zw\u0142aszcza malarstwa \u015bciennego. \u015awi\u0105tynia zosta\u0142a zbudowana mniej wi\u0119cej w pierwszej po\u0142owie XIV wieku, a jej patronem jest \u015bw. Bart\u0142omiej. Uwag\u0119 przykuwa niezwyk\u0142a wie\u017ca przypominaj\u0105ca p\u00f3\u0142nocn\u0105 wie\u017c\u0119 zygmuntowsk\u0105 ko\u015bcio\u0142a \u015bw. El\u017cbiety w Koszycach. Cenne freski w stylu w\u0142osko-bizantyjskim z motywami z \u017cycia Chrystusa i Matki Boskiej s\u0105 o 150 lat starsze ni\u017c Ostatnia Wieczerza Leonarda Da Vinci czy S\u0105d Ostateczny spod p\u0119dzla Micha\u0142a Anio\u0142a w Kaplicy Syksty\u0144skiej.\\u003c\/span\\u003e\\u003c\/p\\u003e\\r\\n\\u003cp style=\\u0022margin: 0cm; background: white;\\u0022\\u003e\\u003cspan lang=\\u0022PL\\u0022 style=\\u0022font-family: 'Source Sans Pro',sans-serif; color: #3b3b3b;\\u0022\\u003eInformacje praktyczne: Je\u015bli chcesz zwiedzi\u0107 \u015bwi\u0105tyni\u0119, upewnij si\u0119, czy b\u0119dzie otwarta.\\u003c\/span\\u003e\\u003c\/p\\u003e\\r\\n\\u003cp style=\\u0022background: white; margin: 0cm 0cm 18.0pt 0cm;\\u0022\\u003e\\u003cspan lang=\\u0022PL\\u0022 style=\\u0022font-family: 'Source Sans Pro',sans-serif; color: #3b3b3b;\\u0022\\u003eEm\u00edlia Veleb\u00edrov\u00e1 \u2013 proboszczyni, +421 911 747 211\\u003c\/span\\u003e\\u003c\/p\\u003e\"},\"mode\":\"preview\"} \/-->\n\n<!-- wp:acf\/common-image-right-section {\"name\":\"acf\/common-image-right-section\",\"data\":{\"image\":7201,\"_image\":\"field_60c66ddbbdafe\"},\"mode\":\"preview\"} \/-->\n\n<!-- wp:acf\/common-text-right-section {\"name\":\"acf\/common-text-right-section\",\"data\":{\"field_60c66a6067e54\":\"\\u003cp style=\\u0022background: white; margin: 0cm 0cm 18.0pt 0cm;\\u0022\\u003e\\u003cstrong\\u003e\\u003cspan lang=\\u0022PL\\u0022 style=\\u0022font-family: 'Source Sans Pro',sans-serif; color: #3b3b3b;\\u0022\\u003eKo\u015bci\u00f3\u0142 w\u00a0Ochtinej\\u003c\/span\\u003e\\u003c\/strong\\u003e\\u003c\/p\\u003e\\r\\n\\u003cp style=\\u0022background: white; margin: 0cm 0cm 18.0pt 0cm;\\u0022\\u003e\\u003cspan lang=\\u0022PL\\u0022 style=\\u0022font-family: 'Source Sans Pro',sans-serif; color: #3b3b3b;\\u0022\\u003eW jego wn\u0119trzu mo\u017cesz podziwia\u0107 figuratywny fresk z po\u0142owy XIV wieku pokrywaj\u0105cy ca\u0142e prezbiterium, \u0142uk triumfalny i zachowany w przestrzeni attyki. W latach 1976 \u2013 1977 przeprowadzono badania konserwatorskie malowide\u0142. Profesor Milan Togner i malarz akademicki Ji\u0159\u00ed Josef\u00edk ukuli poj\u0119cie \u201emistrz prezbiterium ochti\u0144skiego\u201d oznaczaj\u0105ce autora tych fresk\u00f3w.\\u003c\/span\\u003e\\u003c\/p\\u003e\\r\\n\\u003cp style=\\u0022margin: 0cm; background: white;\\u0022\\u003e\\u003cspan lang=\\u0022PL\\u0022 style=\\u0022font-family: 'Source Sans Pro',sans-serif; color: #3b3b3b;\\u0022\\u003eInformacje praktyczne: Je\u015bli chcesz zwiedzi\u0107 \u015bwi\u0105tyni\u0119, upewnij si\u0119, czy b\u0119dzie otwarta.\\u003c\/span\\u003e\\u003c\/p\\u003e\\r\\n\\u003cp style=\\u0022background: white; margin: 0cm 0cm 18.0pt 0cm;\\u0022\\u003e\\u003cspan lang=\\u0022PL\\u0022 style=\\u0022font-family: 'Source Sans Pro',sans-serif; color: #3b3b3b;\\u0022\\u003eMartin Dud\u00e1\u0161 \u2013 diakon, +421 905 874 096\\u003c\/span\\u003e\\u003c\/p\\u003e\"},\"mode\":\"preview\"} \/-->\n\n<!-- wp:acf\/common-image-left-section {\"name\":\"acf\/common-image-left-section\",\"data\":{\"image\":7355,\"_image\":\"field_60c66ddbbdafe\"},\"mode\":\"preview\"} \/-->\n\n<!-- wp:acf\/common-text-left-section {\"name\":\"acf\/common-text-left-section\",\"data\":{\"field_60c66a6067e54\":\"\\u003cp style=\\u0022background: white; margin: 0cm 0cm 18.0pt 0cm;\\u0022\\u003e\\u003cstrong\\u003e\\u003cspan lang=\\u0022PL\\u0022 style=\\u0022font-family: 'Source Sans Pro',sans-serif; color: #3b3b3b;\\u0022\\u003eWielki piec Karol we wsi Vlachovo\\u003c\/span\\u003e\\u003c\/strong\\u003e\\u003c\/p\\u003e\\r\\n\\u003cp style=\\u0022background: white; margin: 0cm 0cm 18.0pt 0cm;\\u0022\\u003e\\u003cspan lang=\\u0022PL\\u0022 style=\\u0022font-family: 'Source Sans Pro',sans-serif; color: #3b3b3b;\\u0022\\u003eW 1870 roku doko\u0144czono budow\u0119 wielkiego pieca, kt\u00f3ry kaza\u0142 zbudowa\u0107 Emanuel Andr\u00e1ssy (1821 \u2013 1891), syn Karola III Andr\u00e1ssy\u2019ego, od kt\u00f3rego pochodzi nazwa pieca. Wielki piec, czyli Huta Karola, zdaniem ekspert\u00f3w z Uniwersytetu w Sheffild jest jednym z najwa\u017cniejszych zabytkowych wielkich piec\u00f3w w Europie. Ma status narodowego zabytku kultury. Niestety, powoli niszczeje.\\u003c\/span\\u003e\\u003c\/p\\u003e\\r\\n\\u003cp style=\\u0022background: white; margin: 0cm 0cm 18.0pt 0cm;\\u0022\\u003e\\u003cspan lang=\\u0022PL\\u0022 style=\\u0022font-family: 'Source Sans Pro',sans-serif; color: #3b3b3b;\\u0022\\u003eInformacje praktyczne: Wielki piec, czyli Huta Karola w lokalizacji Dob\u0161insk\u00e1 P\u00edla jest zamkni\u0119ty i niedost\u0119pny dla zwiedzaj\u0105cych. Z daleka, bez wchodzenia na teren prywatny, mo\u017cna jednak sporo zobaczy\u0107 i pstrykn\u0105\u0107 par\u0119 zdj\u0119\u0107.\\u003c\/span\\u003e\\u003c\/p\\u003e\"},\"mode\":\"preview\"} \/-->\n\n<!-- wp:acf\/common-image-right-section {\"name\":\"acf\/common-image-right-section\",\"data\":{\"image\":7353,\"_image\":\"field_60c66ddbbdafe\"},\"mode\":\"preview\"} \/-->\n\n<!-- wp:acf\/common-text-right-section {\"name\":\"acf\/common-text-right-section\",\"data\":{\"field_60c66a6067e54\":\"\\u003cp style=\\u0022background: white; margin: 0cm 0cm 18.0pt 0cm;\\u0022\\u003e\\u003cstrong\\u003e\\u003cspan lang=\\u0022PL\\u0022 style=\\u0022font-family: 'Source Sans Pro',sans-serif; color: #3b3b3b;\\u0022\\u003eHuta Etelka w Ni\u017enej Slanej\\u003c\/span\\u003e\\u003c\/strong\\u003e\\u003c\/p\\u003e\\r\\n\\u003cp style=\\u0022background: white; margin: 0cm 0cm 18.0pt 0cm;\\u0022\\u003e\\u003cspan lang=\\u0022PL\\u0022 style=\\u0022font-family: 'Source Sans Pro',sans-serif; color: #3b3b3b;\\u0022\\u003eHut\u0119 Etelka w Ni\u017enej Slanej r\u00f3wnie\u017c kaza\u0142 zbudowa\u0107 hrabia Emanuel Andr\u00e1ssy. Stan\u0119\u0142a ona w 1867 roku w miejscu dw\u00f3ch starszych piec\u00f3w. Hut\u0119 nazwa\u0142 imieniem swojej matki i pewnie dlatego sam budynek jest jeszcze pi\u0119kniejszy ni\u017c Huta Karol, bardziej kruchy i delikatny. Etelka dzia\u0142a\u0142a w okresie najwi\u0119kszego rozkwitu g\u00f3rnictwa i hutnictwa w latach 1867 \u2013 1907. Z ogromnego zak\u0142adu zachowa\u0142 si\u0119 jako tako budynek huty z wielkim piecem. Lokalne stowarzyszenie Barbora podj\u0119\u0142o trud ratowania go przed dewastacj\u0105 i przywr\u00f3cenia do stanu z 1910 roku. Budynek jest ogrodzony i zamkni\u0119ty dla zwiedzaj\u0105cych. Hut\u0119 Etelka mo\u017cna jednak podziwia\u0107 z daleka i bez problemu mo\u017cna wykona\u0107 par\u0119 zdj\u0119\u0107.\\u003c\/span\\u003e\\u003c\/p\\u003e\\r\\n\\u003cp style=\\u0022background: white; margin: 0cm 0cm 18.0pt 0cm;\\u0022\\u003e\\u003cspan lang=\\u0022PL\\u0022 style=\\u0022font-family: 'Source Sans Pro',sans-serif; color: #3b3b3b;\\u0022\\u003eInformacje praktyczne: Obiekt znajduje si\u0119 pod zarz\u0105dem stowarzyszenia Barbora (Andrea Heldov\u00e1, +421 948 933 999, geoparkmalekarpaty@gmail.com, holdovaandrea@gmail.com). Hut\u0119 Etelka zobaczysz z drogi jad\u0105c z Go\u010dova do Ni\u017enej Slanej. GPS 48.74202784660421, 20.416439258926914\\u003c\/span\\u003e\\u003c\/p\\u003e\"},\"mode\":\"preview\"} \/-->\n\n<!-- wp:acf\/common-image-left-section {\"name\":\"acf\/common-image-left-section\",\"data\":{\"image\":7354,\"_image\":\"field_60c66ddbbdafe\"},\"mode\":\"preview\"} \/-->\n\n<!-- wp:acf\/common-text-left-section {\"name\":\"acf\/common-text-left-section\",\"data\":{\"field_60c66a6067e54\":\"\\u003cp style=\\u0022background: white; margin: 0cm 0cm 18.0pt 0cm;\\u0022\\u003e\\u003cstrong\\u003e\\u003cspan lang=\\u0022PL\\u0022 style=\\u0022font-family: 'Source Sans Pro',sans-serif; color: #3b3b3b;\\u0022\\u003eLodownia we wsi Vlachovo\\u003c\/span\\u003e\\u003c\/strong\\u003e\\u003c\/p\\u003e\\r\\n\\u003cp style=\\u0022background: white; margin: 0cm 0cm 18.0pt 0cm;\\u0022\\u003e\\u003cspan lang=\\u0022PL\\u0022 style=\\u0022font-family: 'Source Sans Pro',sans-serif; color: #3b3b3b;\\u0022\\u003eLodownie to poprzedniczki ch\u0142odni i lod\u00f3wek s\u0142u\u017c\u0105ce do przechowywania \u017cywno\u015bci i mi\u0119siw pochodz\u0105cych ze s\u0142ynnych polowa\u0144 w Betliarze. S\u0105 to niewysokie budowle o grubych \u015bcianach, w kt\u00f3rych zim\u0105 gromadzono l\u00f3d z rzek i staw\u00f3w. To on pozwala\u0142 na przechowywanie \u017cywno\u015bci w odpowiednich warunkach nawet latem. Dwukondygnacyjny budynek tutejszej lodowni przypomina egipskie piramidy budowane z masywnych kamieni. Do \u015brodka prowadz\u0105 wykonane po dw\u00f3ch stronach schody. G\u00f3rne pi\u0119tro ze sklepieniem przechodzi w jaskini\u0119, w kt\u00f3rej trzymano l\u00f3d. Budynek ma korzystn\u0105 orientacj\u0119 p\u00f3\u0142nocn\u0105. Na obrazie, kt\u00f3ry mo\u017cna zobaczy\u0107 w Betliarze wida\u0107 cztery pos\u0105gi w kszta\u0142cie sfinks\u00f3w. Obecnie nie ma ich ju\u017c w tym miejscu \u2013 zagin\u0119\u0142y jeszcze dawna lodownia hrabiego zosta\u0142a ponownie \u201eodkryta\u201d w 2004 roku. Portal przywodzi na my\u015bl wej\u015bcie do mastaby, egipskiego grobowca.\\u003c\/span\\u003e\\u003c\/p\\u003e\\r\\n\\u003cp style=\\u0022background: white; margin: 0cm 0cm 18.0pt 0cm;\\u0022\\u003e\\u003cspan lang=\\u0022PL\\u0022 style=\\u0022font-family: 'Source Sans Pro',sans-serif; color: #3b3b3b;\\u0022\\u003eInformacje praktyczne: Do lodowni mo\u017cna doj\u015b\u0107 pieszo w oko\u0142o 10 minut z siedziby rodu Andr\u00e1ssy we wsi Vlachovo. Najpierw skr\u0119\u0107 w lewo, id\u017a \u015bcie\u017ck\u0105 mi\u0119dzy domami jednorodzinnymi i wzd\u0142u\u017c nasypu kolejowego, par\u0119 metr\u00f3w dalej w prawo, a\u017c dojdziesz do niewielkiego mostu kolejowego, przy kt\u00f3rym skr\u0119cisz w lewo. Z mostu wida\u0107 ju\u017c lodowni\u0119 wtulon\u0105 w skaliste wzg\u00f3rze. Obok zabytkowej lodowni znajduje si\u0119 wiata turystyczna z tablic\u0105 informacyjn\u0105.\\u003c\/span\\u003e\\u003c\/p\\u003e\\r\\n\\u003cp style=\\u0022background: white; margin: 0cm 0cm 18.0pt 0cm;\\u0022\\u003e\\u003cspan lang=\\u0022PL\\u0022 style=\\u0022font-family: 'Source Sans Pro',sans-serif; color: #3b3b3b;\\u0022\\u003eGPS: N48\u00b046\u201916\u201c E20\u00b024\u201932\u201c\\u003c\/span\\u003e\\u003c\/p\\u003e\"},\"mode\":\"preview\"} \/-->\n\n<!-- wp:acf\/theme-ambassador-section {\"name\":\"acf\/theme-ambassador-section\",\"data\":{},\"mode\":\"preview\"} \/-->","_pl_post_name":"","_pl_post_excerpt":"","_pl_post_title":" Galaktyka Gemer","_it_post_content":"","_it_post_name":"","_it_post_excerpt":"","_it_post_title":"","edit_language":"de","footnotes":""},"topic_group":[430],"class_list":["post-7182","topic","type-topic","status-publish","format-standard","has-post-thumbnail","hentry","topic_group-strat-sa-v-regionoch"],"acf":[],"yoast_head":"<!-- This site is optimized with the Yoast SEO Premium plugin v25.5 (Yoast SEO v27.4) - https:\/\/yoast.com\/product\/yoast-seo-premium-wordpress\/ -->\n<title>Ko\u0161ice Regi\u00f3n<\/title>\n<meta name=\"robots\" content=\"index, follow, max-snippet:-1, max-image-preview:large, max-video-preview:-1\" \/>\n<link rel=\"canonical\" href=\"https:\/\/www.kosiceregion.com\/sk\/topic\/galaxia-gemer\/\" \/>\n<meta property=\"og:locale\" content=\"de_DE\" \/>\n<meta property=\"og:type\" content=\"article\" \/>\n<meta property=\"og:title\" content=\"Galaxia Gemer\" \/>\n<meta property=\"og:url\" content=\"https:\/\/www.kosiceregion.com\/de\/wp-json\/wp\/v2\/topics\/7182\" \/>\n<meta property=\"og:site_name\" content=\"Ko\u0161ice Regi\u00f3n\" \/>\n<meta property=\"article:publisher\" content=\"https:\/\/www.facebook.com\/kosiceregion\" \/>\n<meta property=\"article:modified_time\" content=\"2023-09-11T11:18:09+00:00\" \/>\n<meta property=\"og:image\" content=\"https:\/\/www.kosiceregion.com\/wp-content\/uploads\/2021\/12\/KP_0047-scaled.jpg\" \/>\n\t<meta property=\"og:image:width\" content=\"2560\" \/>\n\t<meta property=\"og:image:height\" content=\"1707\" \/>\n\t<meta property=\"og:image:type\" content=\"image\/jpeg\" \/>\n<meta name=\"twitter:card\" content=\"summary_large_image\" \/>\n<meta name=\"twitter:site\" content=\"@KOSICEREGION\" \/>\n<script type=\"application\/ld+json\" class=\"yoast-schema-graph\">{\"@context\":\"https:\\\/\\\/schema.org\",\"@graph\":[{\"@type\":\"WebPage\",\"@id\":\"https:\\\/\\\/www.kosiceregion.com\\\/sk\\\/topic\\\/galaxia-gemer\\\/\",\"url\":\"https:\\\/\\\/www.kosiceregion.com\\\/sk\\\/topic\\\/galaxia-gemer\\\/\",\"name\":\"Galaxia Gemer - Ko\u0161ice Regi\u00f3n\",\"isPartOf\":{\"@id\":\"https:\\\/\\\/www.kosiceregion.com\\\/#website\"},\"primaryImageOfPage\":{\"@id\":\"https:\\\/\\\/www.kosiceregion.com\\\/sk\\\/topic\\\/galaxia-gemer\\\/#primaryimage\"},\"image\":{\"@id\":\"https:\\\/\\\/www.kosiceregion.com\\\/sk\\\/topic\\\/galaxia-gemer\\\/#primaryimage\"},\"thumbnailUrl\":\"https:\\\/\\\/www.kosiceregion.com\\\/wp-content\\\/uploads\\\/2021\\\/12\\\/KP_0047-scaled.jpg\",\"datePublished\":\"2021-12-09T13:29:30+00:00\",\"dateModified\":\"2023-09-11T11:18:09+00:00\",\"breadcrumb\":{\"@id\":\"https:\\\/\\\/www.kosiceregion.com\\\/sk\\\/topic\\\/galaxia-gemer\\\/#breadcrumb\"},\"inLanguage\":\"de-DE\",\"potentialAction\":[{\"@type\":\"ReadAction\",\"target\":[\"https:\\\/\\\/www.kosiceregion.com\\\/sk\\\/topic\\\/galaxia-gemer\\\/\"]}]},{\"@type\":\"ImageObject\",\"inLanguage\":\"de-DE\",\"@id\":\"https:\\\/\\\/www.kosiceregion.com\\\/sk\\\/topic\\\/galaxia-gemer\\\/#primaryimage\",\"url\":\"https:\\\/\\\/www.kosiceregion.com\\\/wp-content\\\/uploads\\\/2021\\\/12\\\/KP_0047-scaled.jpg\",\"contentUrl\":\"https:\\\/\\\/www.kosiceregion.com\\\/wp-content\\\/uploads\\\/2021\\\/12\\\/KP_0047-scaled.jpg\",\"width\":2560,\"height\":1707},{\"@type\":\"BreadcrumbList\",\"@id\":\"https:\\\/\\\/www.kosiceregion.com\\\/sk\\\/topic\\\/galaxia-gemer\\\/#breadcrumb\",\"itemListElement\":[{\"@type\":\"ListItem\",\"position\":1,\"name\":\"Home\",\"item\":\"https:\\\/\\\/www.kosiceregion.com\\\/sk\\\/\"},{\"@type\":\"ListItem\",\"position\":2,\"name\":\"Galaxia Gemer\"}]},{\"@type\":\"WebSite\",\"@id\":\"https:\\\/\\\/www.kosiceregion.com\\\/#website\",\"url\":\"https:\\\/\\\/www.kosiceregion.com\\\/\",\"name\":\"Ko\u0161ice Regi\u00f3n\",\"description\":\"Turistick\u00fd sprievodca Ko\u0161ick\u00fdm krajom\",\"publisher\":{\"@id\":\"https:\\\/\\\/www.kosiceregion.com\\\/#organization\"},\"potentialAction\":[{\"@type\":\"SearchAction\",\"target\":{\"@type\":\"EntryPoint\",\"urlTemplate\":\"https:\\\/\\\/www.kosiceregion.com\\\/?s={search_term_string}\"},\"query-input\":{\"@type\":\"PropertyValueSpecification\",\"valueRequired\":true,\"valueName\":\"search_term_string\"}}],\"inLanguage\":\"de-DE\"},{\"@type\":\"Organization\",\"@id\":\"https:\\\/\\\/www.kosiceregion.com\\\/#organization\",\"name\":\"Ko\u0161ice Regi\u00f3n Turizmus\",\"url\":\"https:\\\/\\\/www.kosiceregion.com\\\/\",\"logo\":{\"@type\":\"ImageObject\",\"inLanguage\":\"de-DE\",\"@id\":\"https:\\\/\\\/www.kosiceregion.com\\\/#\\\/schema\\\/logo\\\/image\\\/\",\"url\":\"https:\\\/\\\/www.kosiceregion.com\\\/wp-content\\\/uploads\\\/2019\\\/03\\\/logo-web-sk.png\",\"contentUrl\":\"https:\\\/\\\/www.kosiceregion.com\\\/wp-content\\\/uploads\\\/2019\\\/03\\\/logo-web-sk.png\",\"width\":225,\"height\":100,\"caption\":\"Ko\u0161ice Regi\u00f3n Turizmus\"},\"image\":{\"@id\":\"https:\\\/\\\/www.kosiceregion.com\\\/#\\\/schema\\\/logo\\\/image\\\/\"},\"sameAs\":[\"https:\\\/\\\/www.facebook.com\\\/kosiceregion\",\"https:\\\/\\\/x.com\\\/KOSICEREGION\",\"https:\\\/\\\/www.instagram.com\\\/kosiceregion\",\"https:\\\/\\\/www.youtube.com\\\/kosiceregion\"]}]}<\/script>\n<!-- \/ Yoast SEO Premium plugin. -->","yoast_head_json":{"title":"Ko\u0161ice Regi\u00f3n","robots":{"index":"index","follow":"follow","max-snippet":"max-snippet:-1","max-image-preview":"max-image-preview:large","max-video-preview":"max-video-preview:-1"},"canonical":"https:\/\/www.kosiceregion.com\/sk\/topic\/galaxia-gemer\/","og_locale":"de_DE","og_type":"article","og_title":"Galaxia Gemer","og_url":"https:\/\/www.kosiceregion.com\/de\/wp-json\/wp\/v2\/topics\/7182","og_site_name":"Ko\u0161ice Regi\u00f3n","article_publisher":"https:\/\/www.facebook.com\/kosiceregion","article_modified_time":"2023-09-11T11:18:09+00:00","og_image":[{"width":2560,"height":1707,"url":"https:\/\/www.kosiceregion.com\/wp-content\/uploads\/2021\/12\/KP_0047-scaled.jpg","type":"image\/jpeg"}],"twitter_card":"summary_large_image","twitter_site":"@KOSICEREGION","schema":{"@context":"https:\/\/schema.org","@graph":[{"@type":"WebPage","@id":"https:\/\/www.kosiceregion.com\/sk\/topic\/galaxia-gemer\/","url":"https:\/\/www.kosiceregion.com\/sk\/topic\/galaxia-gemer\/","name":"Galaxia Gemer - Ko\u0161ice Regi\u00f3n","isPartOf":{"@id":"https:\/\/www.kosiceregion.com\/#website"},"primaryImageOfPage":{"@id":"https:\/\/www.kosiceregion.com\/sk\/topic\/galaxia-gemer\/#primaryimage"},"image":{"@id":"https:\/\/www.kosiceregion.com\/sk\/topic\/galaxia-gemer\/#primaryimage"},"thumbnailUrl":"https:\/\/www.kosiceregion.com\/wp-content\/uploads\/2021\/12\/KP_0047-scaled.jpg","datePublished":"2021-12-09T13:29:30+00:00","dateModified":"2023-09-11T11:18:09+00:00","breadcrumb":{"@id":"https:\/\/www.kosiceregion.com\/sk\/topic\/galaxia-gemer\/#breadcrumb"},"inLanguage":"de-DE","potentialAction":[{"@type":"ReadAction","target":["https:\/\/www.kosiceregion.com\/sk\/topic\/galaxia-gemer\/"]}]},{"@type":"ImageObject","inLanguage":"de-DE","@id":"https:\/\/www.kosiceregion.com\/sk\/topic\/galaxia-gemer\/#primaryimage","url":"https:\/\/www.kosiceregion.com\/wp-content\/uploads\/2021\/12\/KP_0047-scaled.jpg","contentUrl":"https:\/\/www.kosiceregion.com\/wp-content\/uploads\/2021\/12\/KP_0047-scaled.jpg","width":2560,"height":1707},{"@type":"BreadcrumbList","@id":"https:\/\/www.kosiceregion.com\/sk\/topic\/galaxia-gemer\/#breadcrumb","itemListElement":[{"@type":"ListItem","position":1,"name":"Home","item":"https:\/\/www.kosiceregion.com\/sk\/"},{"@type":"ListItem","position":2,"name":"Galaxia Gemer"}]},{"@type":"WebSite","@id":"https:\/\/www.kosiceregion.com\/#website","url":"https:\/\/www.kosiceregion.com\/","name":"Ko\u0161ice Regi\u00f3n","description":"Turistick\u00fd sprievodca Ko\u0161ick\u00fdm krajom","publisher":{"@id":"https:\/\/www.kosiceregion.com\/#organization"},"potentialAction":[{"@type":"SearchAction","target":{"@type":"EntryPoint","urlTemplate":"https:\/\/www.kosiceregion.com\/?s={search_term_string}"},"query-input":{"@type":"PropertyValueSpecification","valueRequired":true,"valueName":"search_term_string"}}],"inLanguage":"de-DE"},{"@type":"Organization","@id":"https:\/\/www.kosiceregion.com\/#organization","name":"Ko\u0161ice Regi\u00f3n Turizmus","url":"https:\/\/www.kosiceregion.com\/","logo":{"@type":"ImageObject","inLanguage":"de-DE","@id":"https:\/\/www.kosiceregion.com\/#\/schema\/logo\/image\/","url":"https:\/\/www.kosiceregion.com\/wp-content\/uploads\/2019\/03\/logo-web-sk.png","contentUrl":"https:\/\/www.kosiceregion.com\/wp-content\/uploads\/2019\/03\/logo-web-sk.png","width":225,"height":100,"caption":"Ko\u0161ice Regi\u00f3n Turizmus"},"image":{"@id":"https:\/\/www.kosiceregion.com\/#\/schema\/logo\/image\/"},"sameAs":["https:\/\/www.facebook.com\/kosiceregion","https:\/\/x.com\/KOSICEREGION","https:\/\/www.instagram.com\/kosiceregion","https:\/\/www.youtube.com\/kosiceregion"]}]}},"_links":{"self":[{"href":"https:\/\/www.kosiceregion.com\/de\/wp-json\/wp\/v2\/topics\/7182","targetHints":{"allow":["GET"]}}],"collection":[{"href":"https:\/\/www.kosiceregion.com\/de\/wp-json\/wp\/v2\/topics"}],"about":[{"href":"https:\/\/www.kosiceregion.com\/de\/wp-json\/wp\/v2\/types\/topic"}],"author":[{"embeddable":true,"href":"https:\/\/www.kosiceregion.com\/de\/wp-json\/wp\/v2\/users\/10"}],"version-history":[{"count":6,"href":"https:\/\/www.kosiceregion.com\/de\/wp-json\/wp\/v2\/topics\/7182\/revisions"}],"predecessor-version":[{"id":11465,"href":"https:\/\/www.kosiceregion.com\/de\/wp-json\/wp\/v2\/topics\/7182\/revisions\/11465"}],"wp:featuredmedia":[{"embeddable":true,"href":"https:\/\/www.kosiceregion.com\/de\/wp-json\/wp\/v2\/media\/8840"}],"wp:attachment":[{"href":"https:\/\/www.kosiceregion.com\/de\/wp-json\/wp\/v2\/media?parent=7182"}],"wp:term":[{"taxonomy":"topic_group","embeddable":true,"href":"https:\/\/www.kosiceregion.com\/de\/wp-json\/wp\/v2\/topic_group?post=7182"}],"curies":[{"name":"wp","href":"https:\/\/api.w.org\/{rel}","templated":true}]}}