{"id":7174,"date":"2021-12-09T09:05:56","date_gmt":"2021-12-09T08:05:56","guid":{"rendered":"https:\/\/www.kosiceregion.com\/?post_type=topic&#038;p=7174"},"modified":"2023-06-28T15:08:17","modified_gmt":"2023-06-28T13:08:17","slug":"","status":"publish","type":"topic","link":"https:\/\/www.kosiceregion.com\/en\/topic\/vcely-raja\/","title":{"rendered":"Paradise bees","raw":"Paradise bees"},"content":{"rendered":"\n<div id=\"common-text-3-4-left-block_6298acbecea00\" class=\"common-text-3-4-left col-lg-10 offset-lg-1 col-xl-8 offset-xl-2 col-12\">\n    <div class=\"col-sm-8 col-12 px-0\">\n        <p><p><b>Beekeeping &#8211; amateur or professional breeding of bee colonies is one of the oldest crafts in this country and its development may be wonderfully observed. Traditional beekeeping developed in the first millennium from forest beekeeping <\/b><b>&#8211; the stealing and collecting honey from forest bees. Just like the bear has been doing so far. Originally, the bee colony was kept in logs and baskets, from which honey was collected at the cost of exterminating the bees. Rational beekeeping began in Slovakia only in the mid-19<\/b><b>th<\/b><b> century.<\/b><\/p>\n<\/p>\n    <\/div>\n    <style type=\"text\/css\">\n        #common-text-3-4-left-block_6298acbecea00 {\n            margin-top: 3rem;\n        }\n    <\/style>\n<\/div>\n\n\n<div id=\"common-image-3-4-left-block_6297608af426a\" class=\"common-image-3-4-left col-lg-10 offset-lg-1 col-xl-8 offset-xl-2 col-12\">\n    <div class=\"col-sm-8 col-12 offset-sm-4 px-0\">\n        <div class=\"image-container\">\n            <img decoding=\"async\" src=\"https:\/\/www.kosiceregion.com\/wp-content\/uploads\/2021\/08\/KP_0001-1024x683.jpg\" \/>\n        <\/div>\n    <\/div>\n    <style type=\"text\/css\">\n        #common-image-3-4-left-block_6297608af426a {\n            margin-top: 3rem;\n        }\n        #common-image-3-4-left-block_6297608af426a .image-container { \n            position: relative; \n            padding-bottom: 56.25%;\n            overflow: hidden;\n            max-width: 100%;\n            height: auto;\n        } \n        #common-image-3-4-left-block_6297608af426a .image-container img { \n            position: absolute;\n            top: 0;\n            left: 0;\n            width: 100%;\n            height: 100%;\n            object-fit: cover;\n        }\n    <\/style>\n<\/div>\n\n\n<div id=\"common-text-3-4-right-block_6297608af426b\" class=\"common-text-3-4-right col-lg-10 offset-lg-1 col-xl-8 offset-xl-2 col-12\">\n<div class=\"col-sm-8 col-12 offset-sm-4 px-0\">\n        <p><p>The popularity of bee honey for its taste and great health benefits for humans have made the bees &#8211; a hard-working animal &#8211; another &#8220;breeding animal&#8221;. Today, the importance of bees is more significant than ever, many beekeeping enthusiasts are starting small bee families and bottling their own honey. Beekeeping is also popular even in cities, on the roofs of buildings and in city parks. Are you fascinated by the mysterious life of bees, their behaviour and rituals? Or are you just a lover of sweet honey, scented beeswax candles, and you can&#8217;t afford propolis or pollen? We recommend you visit beekeepers from the east and taste honey from flowering meadows, agate groves or honeydew from fir mountains.<\/p>\n<\/p>\n    <\/div>\n    <style type=\"text\/css\">\n        #common-text-3-4-right-block_6297608af426b {\n            margin-top: 3rem;\n        }\n    <\/style>\n<\/div>\n\n\n<div id=\"common-image-3-4-left-block_6297608af426c\" class=\"common-image-3-4-left col-lg-10 offset-lg-1 col-xl-8 offset-xl-2 col-12\">\n    <div class=\"col-sm-8 col-12 px-0\">\n        <div class=\"image-container\">\n            <img decoding=\"async\" src=\"https:\/\/www.kosiceregion.com\/wp-content\/uploads\/2021\/07\/KP_0006-1024x683.jpg\" \/>\n        <\/div>\n    <\/div>\n    <style type=\"text\/css\">\n        #common-image-3-4-left-block_6297608af426c {\n            margin-top: 3rem;\n        }\n        #common-image-3-4-left-block_6297608af426c .image-container { \n            position: relative; \n            padding-bottom: 56.25%;\n            overflow: hidden;\n            max-width: 100%;\n            height: auto;\n        } \n        #common-image-3-4-left-block_6297608af426c .image-container img { \n            position: absolute;\n            top: 0;\n            left: 0;\n            width: 100%;\n            height: 100%;\n            object-fit: cover;\n        }\n    <\/style>\n<\/div>\n\n\n<div id=\"common-image-3-4-left-block_6297608af426d\" class=\"common-image-3-4-left col-lg-10 offset-lg-1 col-xl-8 offset-xl-2 col-12\">\n    <div class=\"col-sm-8 col-12 offset-sm-4 px-0\">\n        <div class=\"image-container\">\n            <img decoding=\"async\" src=\"https:\/\/www.kosiceregion.com\/wp-content\/uploads\/2021\/07\/KP_0012-1024x683.jpg\" \/>\n        <\/div>\n    <\/div>\n    <style type=\"text\/css\">\n        #common-image-3-4-left-block_6297608af426d {\n            margin-top: 3rem;\n        }\n        #common-image-3-4-left-block_6297608af426d .image-container { \n            position: relative; \n            padding-bottom: 56.25%;\n            overflow: hidden;\n            max-width: 100%;\n            height: auto;\n        } \n        #common-image-3-4-left-block_6297608af426d .image-container img { \n            position: absolute;\n            top: 0;\n            left: 0;\n            width: 100%;\n            height: 100%;\n            object-fit: cover;\n        }\n    <\/style>\n<\/div>\n\n\n<div id=\"common-text-3-4-right-block_6297608af426e\" class=\"common-text-3-4-right col-lg-10 offset-lg-1 col-xl-8 offset-xl-2 col-12\">\n<div class=\"col-sm-8 col-12 offset-sm-4 px-0\">\n        <p><p><strong>Mimi Farm Op\u00e1tka<\/strong> &#8211; a small family farm in the picturesque village of Op\u00e1tka, near the Ru\u017e\u00ednska Priehrada dam. 31 km from Ko\u0161ice direction Gelnica, where you may spend time right in the apiary, explore the beehive through a glass observation hive, learn about the process of honey processing, taste honey and mead, learn how to make a candle from beeswax, or just spend time in a pleasant atmosphere of the mini farm with animals and at games on the playground. You may also stop at the farm for a cup of real honey or other farm products.<\/p>\n<p>You may get the current offer of products sold from the yard directly from the farmers on phone No. 0948 030 264 https:\/\/www.mimifarma.eu\/<\/p>\n<p>MIMI Farm Op\u00e1tka 35<\/p>\n<\/p>\n    <\/div>\n    <style type=\"text\/css\">\n        #common-text-3-4-right-block_6297608af426e {\n            margin-top: 3rem;\n        }\n    <\/style>\n<\/div>\n\n\n<div id=\"common-text-3-4-right-block_6297608af426f\" class=\"common-text-3-4-right col-lg-10 offset-lg-1 col-xl-8 offset-xl-2 col-12\">\n<div class=\"col-sm-8 col-12 offset-sm-4 px-0\">\n        <p><p><span style=\"font-weight: 400;\"><strong>Mellifera beekeeping <\/strong>&#8211;<\/span><\/p>\n<p>taste honey from the Silick\u00e1 Planina plateau directly in the Slovak Karst National Park. Sale of bee products directly from the beekeeper in Silica from a family beekeeping with a 25-year tradition.<\/p>\n<p>Phone number 0908 995 659 https:\/\/www.facebook.com\/Mellifera-sro-174598462707696\/<\/p>\n<\/p>\n    <\/div>\n    <style type=\"text\/css\">\n        #common-text-3-4-right-block_6297608af426f {\n            margin-top: 3rem;\n        }\n    <\/style>\n<\/div>\n\n\n<div id=\"common-text-3-4-right-block_6297608af4270\" class=\"common-text-3-4-right col-lg-10 offset-lg-1 col-xl-8 offset-xl-2 col-12\">\n<div class=\"col-sm-8 col-12 offset-sm-4 px-0\">\n        <p><p><span style=\"font-weight: 400;\"><strong>Medot\u00e9ka <\/strong>&#8211; <\/span>health from the nature of Barca meadows and pasture land of Buzica. Apiaries for your honey moments, gift packaging of bee products with poetry. Choose a hand-painted gift box from the online honey shop or buy from the beekeeper directly from the yard in Barca, on Poni\u010danova Street 1.<\/p>\n<p>https:\/\/www.medoteka.sk<\/p>\n<\/p>\n    <\/div>\n    <style type=\"text\/css\">\n        #common-text-3-4-right-block_6297608af4270 {\n            margin-top: 3rem;\n        }\n    <\/style>\n<\/div>\n\n\n<div id=\"common-image-3-4-left-block_6297608af4271\" class=\"common-image-3-4-left col-lg-10 offset-lg-1 col-xl-8 offset-xl-2 col-12\">\n    <div class=\"col-sm-8 col-12 px-0\">\n        <div class=\"image-container\">\n            <img decoding=\"async\" src=\"https:\/\/www.kosiceregion.com\/wp-content\/uploads\/2021\/07\/KP_0016-1024x683.jpg\" \/>\n        <\/div>\n    <\/div>\n    <style type=\"text\/css\">\n        #common-image-3-4-left-block_6297608af4271 {\n            margin-top: 3rem;\n        }\n        #common-image-3-4-left-block_6297608af4271 .image-container { \n            position: relative; \n            padding-bottom: 56.25%;\n            overflow: hidden;\n            max-width: 100%;\n            height: auto;\n        } \n        #common-image-3-4-left-block_6297608af4271 .image-container img { \n            position: absolute;\n            top: 0;\n            left: 0;\n            width: 100%;\n            height: 100%;\n            object-fit: cover;\n        }\n    <\/style>\n<\/div>\n\n\n<div id=\"common-text-3-4-right-block_6297608af4272\" class=\"common-text-3-4-right col-lg-10 offset-lg-1 col-xl-8 offset-xl-2 col-12\">\n<div class=\"col-sm-8 col-12 offset-sm-4 px-0\">\n        <p><p><span style=\"font-weight: 400;\"><strong>Paradise bees <\/strong>&#8211; <\/span>in the apiary in the part of Pamulov\u00e1. In Hrabu\u0161ice in the north of the Slovak Paradise, bees behave a little differently &#8211; friendly. In the new V\u010cELY RAJA (paradise bees) complex, in addition to organic beekeeping, educational workshops are provided to complement adventure tourism, where you will find space for relaxation and apitherapy.\u00a0<a href=\"http:\/\/www.urbariathrabusice.sk\/\">http:\/\/www.urbariathrabusice.sk<\/a><\/p>\n<p>&nbsp;<\/p>\n<\/p>\n    <\/div>\n    <style type=\"text\/css\">\n        #common-text-3-4-right-block_6297608af4272 {\n            margin-top: 3rem;\n        }\n    <\/style>\n<\/div>\n\n\n<div id=\"theme-ambassador-section-block_60f16e65d232f\" class=\"theme-ambassador-section\" style=\"background-color: #fedd00;\">\n    <div class=\" col-lg-10 offset-lg-1 col-xl-8 offset-xl-2 col-12\">\n        <div id=\"carouselAmbassadors\" class=\"carousel slide col-12\" data-ride=\"carousel\" data-interval=\"7000\">\n            <div class=\"carousel-inner pt-4\">\n                                <div class=\"carousel-item active\">\n                        <div class=\"row col-12 py-5\">\n                            <div class=\"col-sm-4 col-12\">\n                                <div class=\"img-square\" style=\"background-image: url(https:\/\/www.kosiceregion.com\/wp-content\/uploads\/2024\/09\/CB98BADF-380D-495A-A289-365751D9BEA6-1024x683.jpg);\"><\/div>\n                            <\/div>\n                            <div class=\"col-sm-8 col-12 mt-sm-0 mt-3\">\n                                <h3>Kate\u0159ina Kr\u0148ansk\u00e1 &#8211; Veganius<\/h3>\n                                <p><p><span style=\"font-weight: 400;\">Zdrav\u00e9 jedlo, strava, bio, veg\u00e1nstvo, kvalita\u00a0<\/span><\/p>\n<p><b>O\u00a0Kate\u0159ine<\/b><\/p>\n<p><span style=\"font-weight: 400;\">Kate\u0159ina na st\u00f4l serv\u00edruje harm\u00f3niu chut\u00ed, nad\u0161tandardn\u00fa kvalitu a\u00a0do mysle poznanie, \u017ee to, \u010do je na tanieri, m\u00f4\u017ee by\u0165 harmonick\u00e9 a\u00a0lie\u010div\u00e9. A\u00a0ako spr\u00e1vna \u017eena &#8211; aj sladkosti pova\u017euje za \u201ekorenie\u201c \u017eivota. Vyvinula p\u00e1r produktov pod\u013ea zdravovedn\u00fdch krit\u00e9ri\u00ed a\u00a0aj z\u00e1visl\u00ed na sladkom m\u00f4\u017eu v\u010faka nej zdravo jes\u0165. Jej lekv\u00e1r sa ani v hor\u00facich bucht\u00e1ch nerozte\u010die! Veg\u00e1nstvo pon\u00faka ako umenie a\u00a0vedu na jednom tanieri. U\u00a0nej e\u0161te aj plody kvasenia pracuj\u00fa a nelenia. V\u0161etko dok\u00e1\u017ee premeni\u0165 na st\u00f4l pln\u00fd nutri\u010dn\u00fdch hodn\u00f4t, stravu podporuj\u00facu l\u00e1tkov\u00fa v\u00fdmenu, pr\u00ednosn\u00fa pre nervov\u00fd syst\u00e9m aj cel\u00fd chod organizmu s rovnov\u00e1hou pH.\u00a0<\/span><\/p>\n<p><b>Viac inform\u00e1ci\u00ed<\/b><\/p>\n<p><a href=\"https:\/\/www.veganius.bio\/\"><span style=\"font-weight: 400;\">https:\/\/www.veganius.bio\/<\/span><\/a><\/p>\n<\/p>\n                            <\/div>\n                        <\/div>\n                    <\/div>\n                                    <div class=\"carousel-item \">\n                        <div class=\"row col-12 py-5\">\n                            <div class=\"col-sm-4 col-12\">\n                                <div class=\"img-square\" style=\"background-image: url(https:\/\/www.kosiceregion.com\/wp-content\/uploads\/2024\/09\/1553DF71-9D43-461D-86A3-6CACCFA486A7-1024x683.jpg);\"><\/div>\n                            <\/div>\n                            <div class=\"col-sm-8 col-12 mt-sm-0 mt-3\">\n                                <h3>Berta Sta\u0161kov\u00e1 &#8211; Lesn\u00fd k\u00fape\u013e<\/h3>\n                                <p><p><span style=\"font-weight: 400;\">Lesn\u00fd k\u00fape\u013e, fytoterapia, zdravie, lesn\u00e1 pedagogika, lesn\u00e1 terapia<\/span><\/p>\n<p><b>O\u00a0Berte<\/b><\/p>\n<p><span style=\"font-weight: 400;\">Verte Berte a berte len to najlep\u0161ie. Berta vie, \u010do pon\u00faka. Vie, \u017ee najlep\u0161ie veci v \u017eivote s\u00fa zadarmo a preto ako lesn\u00ed\u010dka, certifikovan\u00e1 lesn\u00e1 terapeutka a fytoterapeutka v\u00e1m dopraje unik\u00e1tny lesn\u00fd k\u00fape\u013e, pri ktorom sa v\u00f4bec nenamo\u010d\u00edte. Zostanete v\u0161ak presiaknut\u00ed ozdravnou terapiou. Ide o inovat\u00edvny produkt ekologick\u00e9ho turizmu, ktor\u00fd si so svojou dlhou trad\u00edciou vo svetovom meradle nach\u00e1dza st\u00e1le stabilnej\u0161ie miesto v mnoh\u00fdch eur\u00f3pskych krajin\u00e1ch. Berta v\u00e1m sprostredkuje vo\u0148av\u00fd koktail z l\u00e1tok, ktor\u00e9 produkuj\u00fa stromy pre na\u0161e zdravie.\u00a0<\/span><\/p>\n<p><b>Viac inform\u00e1ci\u00ed<\/b><\/p>\n<p><a href=\"https:\/\/www.lesnykupel.sk\/\"><span style=\"font-weight: 400;\">https:\/\/www.lesnykupel.sk\/<\/span><\/a><\/p>\n<\/p>\n                            <\/div>\n                        <\/div>\n                    <\/div>\n                                    <div class=\"carousel-item \">\n                        <div class=\"row col-12 py-5\">\n                            <div class=\"col-sm-4 col-12\">\n                                <div class=\"img-square\" style=\"background-image: url(https:\/\/www.kosiceregion.com\/wp-content\/uploads\/2021\/07\/AA_8218-2-1024x683.jpg);\"><\/div>\n                            <\/div>\n                            <div class=\"col-sm-8 col-12 mt-sm-0 mt-3\">\n                                <h3>Marcel Slivka \u2013 PARADISE BEES<\/h3>\n                                <p><p><strong>Tags<\/strong><\/p>\n<p>Eco, bees, craft honey<\/p>\n<p>On Marcel<\/p>\n<p>Marcel, thanks to his dexterity, gives the bees in the area of the eco-beehive Paradise Bees, the opportunity to fly across the flowering meadows, but also to people, to learn a little more about what bees actually do and taste the results of their work! And even if he is not a physician, he treats people who &#8220;fly in&#8221; to relaxation to api house, where they listen to the buzzing of bees and inhale bee air right from the hive. They get rid of allergies or problems associated with high blood pressure.<\/p>\n<p>More information<strong>\u00a0<\/strong><\/p>\n<p><a href=\"http:\/\/www.urbariathrabusice.sk\/projekt-vcely-raja\/\">http:\/\/www.urbariathrabusice.sk\/projekt-vcely-raja\/<\/a><\/p>\n<\/p>\n                            <\/div>\n                        <\/div>\n                    <\/div>\n                                    <div class=\"carousel-item \">\n                        <div class=\"row col-12 py-5\">\n                            <div class=\"col-sm-4 col-12\">\n                                <div class=\"img-square\" style=\"background-image: url(https:\/\/www.kosiceregion.com\/wp-content\/uploads\/2021\/08\/AA_8229-1024x683.jpg);\"><\/div>\n                            <\/div>\n                            <div class=\"col-sm-8 col-12 mt-sm-0 mt-3\">\n                                <h3>Mat\u00fa\u0161 Vdovjak \u2013 VDOVJAK WINERY<\/h3>\n                                <p><p><strong>Tags<\/strong><\/p>\n<p>Tokaj, wine, traditions<\/p>\n<p><strong>On\u00a0Mat\u00fa\u0161\u00a0<\/strong><\/p>\n<p>Mat\u00fa\u0161 is an important part of the Vdovjak family winery, which by employing its personal approach, honestly and joyfully produces handicraft products, which are always a rare &#8220;limited edition&#8221;. The production is exclusively traditional, without bred yeast or filter interventions in the wine. The story of this quality product in Tokaj began with the reconstruction and cleaning of the old Tokaj pub in Ve\u013ek\u00e1 T\u0159\u0148a, but the spirit of the place remained and traditions such as quality wine in local barrels have matured!<\/p>\n<p>More information<\/p>\n<p><a href=\"http:\/\/vinovdovjak.sk\/index.html\">http:\/\/vinovdovjak.sk\/index.html<\/a><\/p>\n<\/p>\n                            <\/div>\n                        <\/div>\n                    <\/div>\n                                                    <a class=\"carousel-control-prev\" href=\"#carouselAmbassadors\" role=\"button\" data-slide=\"prev\">\n                        <span class=\"carousel-control-prev-icon\" aria-hidden=\"true\"><\/span>\n                        <span class=\"sr-only\">Previous<\/span>\n                    <\/a>\n                    <a class=\"carousel-control-next\" href=\"#carouselAmbassadors\" role=\"button\" data-slide=\"next\">\n                        <span class=\"carousel-control-next-icon\" aria-hidden=\"true\"><\/span>\n                        <span class=\"sr-only\">Next<\/span>\n                    <\/a>\n                                            <\/div>\n        <\/div>\n    <\/div>\n    <style type=\"text\/css\">\n        #theme-ambassador-section-block_60f16e65d232f {\n            margin-top: 5rem;\n        }\n        #theme-ambassador-section-block_60f16e65d232f h3 {\n            color: #fff;\n            margin-top: .5rem;\n            margin-bottom: .5rem;\n        }\n        #theme-ambassador-section-block_60f16e65d232f p {\n            color: #000;\n        }\n    <\/style>\n<\/div>\n\n<div class=\"section-front\">\n    <div class=\"row col-12 center-horizontal max-width\">\n        <div class=\"section-title mt-sm-3 mt-5 mb-5\">ambassadors of kraj sveta<\/div>\n        <div class=\"ambassadors-top-nav owl-nav\"><\/div>\n        <div class=\"owl-vl\"><\/div>\n    <\/div>\n\n    <div class=\"row col-12 center-horizontal max-width mb-5\">\n        <div class=\"owl-content\">\n            <div id=\"owl-carousel-ambassadors\" class=\"owl-carousel owl-theme\">\n                        <div class=\"item card-poi-item pb-3 px-2\" style=\"overflow: hidden;\">\n                <a href=\"https:\/\/www.kosiceregion.com\/en\/ambassador\/miso-hudak-vychodne-pobrezie\/\">\n                    <div style=\"position: relative; background-image: url('https:\/\/www.kosiceregion.com\/wp-content\/uploads\/2021\/07\/AA_8269-1-1024x683.jpg')\" class=\"img-square hvr-grow\"><\/div>\n                    <div style=\"position: absolute; bottom: 1rem; left: 1.5rem; right: 45%; color: #fff;\">\n                        <h5 style=\"font-size: 1.1rem; text-shadow: 0 3px 6px rgb(0 0 0 \/ 36%);\">Mi\u0161o Hud\u00e1k \u2013 EAST COAST<\/h5>\n                    <\/div>\n                    <div class=\"p-sm-3 p-2\" style=\"position: absolute; bottom: -1rem; right: 1.5rem; width: 30%; height: 30%; color: #fff; background-color: #00c5fe;\">\n                        <img decoding=\"async\" class=\"topic-icon\" src=\"https:\/\/www.kosiceregion.com\/wp-content\/uploads\/2021\/12\/mesto.png\" \/>\n                    <\/div>\n                <\/a>\n            <\/div>\n                        <div class=\"item card-poi-item pb-3 px-2\" style=\"overflow: hidden;\">\n                <a href=\"https:\/\/www.kosiceregion.com\/en\/ambassador\/dana-oprendek-robin-street-food\/\">\n                    <div style=\"position: relative; background-image: url('https:\/\/www.kosiceregion.com\/wp-content\/uploads\/2021\/07\/AA_7769-1-1024x683.jpg')\" class=\"img-square hvr-grow\"><\/div>\n                    <div style=\"position: absolute; bottom: 1rem; left: 1.5rem; right: 45%; color: #fff;\">\n                        <h5 style=\"font-size: 1.1rem; text-shadow: 0 3px 6px rgb(0 0 0 \/ 36%);\">Dana Oprendek &#8211; ROBIN STREET FOOD<\/h5>\n                    <\/div>\n                    <div class=\"p-sm-3 p-2\" style=\"position: absolute; bottom: -1rem; right: 1.5rem; width: 30%; height: 30%; color: #fff; background-color: #ff7800;\">\n                        <img decoding=\"async\" class=\"topic-icon\" src=\"https:\/\/www.kosiceregion.com\/wp-content\/uploads\/2021\/12\/den-noc.png\" \/>\n                    <\/div>\n                <\/a>\n            <\/div>\n                        <div class=\"item card-poi-item pb-3 px-2\" style=\"overflow: hidden;\">\n                <a href=\"https:\/\/www.kosiceregion.com\/en\/ambassador\/martin-jakub-kubbo-select\/\">\n                    <div style=\"position: relative; background-image: url('https:\/\/www.kosiceregion.com\/wp-content\/uploads\/2021\/07\/AA_7756-1-1024x683.jpg')\" class=\"img-square hvr-grow\"><\/div>\n                    <div style=\"position: absolute; bottom: 1rem; left: 1.5rem; right: 45%; color: #fff;\">\n                        <h5 style=\"font-size: 1.1rem; text-shadow: 0 3px 6px rgb(0 0 0 \/ 36%);\">Martin Jakub &#8211; KUBBO SELECT<\/h5>\n                    <\/div>\n                    <div class=\"p-sm-3 p-2\" style=\"position: absolute; bottom: -1rem; right: 1.5rem; width: 30%; height: 30%; color: #fff; background-color: #ff7800;\">\n                        <img decoding=\"async\" class=\"topic-icon\" src=\"https:\/\/www.kosiceregion.com\/wp-content\/uploads\/2021\/12\/den-noc.png\" \/>\n                    <\/div>\n                <\/a>\n            <\/div>\n                        <div class=\"item card-poi-item pb-3 px-2\" style=\"overflow: hidden;\">\n                <a href=\"https:\/\/www.kosiceregion.com\/en\/ambassador\/viktor-feher-street-art-communication-sac\/\">\n                    <div style=\"position: relative; background-image: url('https:\/\/www.kosiceregion.com\/wp-content\/uploads\/2021\/07\/AA_8245-1-1024x683.jpg')\" class=\"img-square hvr-grow\"><\/div>\n                    <div style=\"position: absolute; bottom: 1rem; left: 1.5rem; right: 45%; color: #fff;\">\n                        <h5 style=\"font-size: 1.1rem; text-shadow: 0 3px 6px rgb(0 0 0 \/ 36%);\">Viktor Feher &#8211; STREET ART COMMUNICATION (SAC)<\/h5>\n                    <\/div>\n                    <div class=\"p-sm-3 p-2\" style=\"position: absolute; bottom: -1rem; right: 1.5rem; width: 30%; height: 30%; color: #fff; background-color: #00c5fe;\">\n                        <img decoding=\"async\" class=\"topic-icon\" src=\"https:\/\/www.kosiceregion.com\/wp-content\/uploads\/2021\/12\/mesto.png\" \/>\n                    <\/div>\n                <\/a>\n            <\/div>\n                        <div class=\"item card-poi-item pb-3 px-2\" style=\"overflow: hidden;\">\n                <a href=\"https:\/\/www.kosiceregion.com\/en\/ambassador\/erik-sikora-dzumelec\/\">\n                    <div style=\"position: relative; background-image: url('https:\/\/www.kosiceregion.com\/wp-content\/uploads\/2021\/07\/Sikora-1-1-1024x683.jpg')\" class=\"img-square hvr-grow\"><\/div>\n                    <div style=\"position: absolute; bottom: 1rem; left: 1.5rem; right: 45%; color: #fff;\">\n                        <h5 style=\"font-size: 1.1rem; text-shadow: 0 3px 6px rgb(0 0 0 \/ 36%);\">Erik Sikora \u2013 D\u017dUMELEC (JUARTIST)<\/h5>\n                    <\/div>\n                    <div class=\"p-sm-3 p-2\" style=\"position: absolute; bottom: -1rem; right: 1.5rem; width: 30%; height: 30%; color: #fff; background-color: #00c5fe;\">\n                        <img decoding=\"async\" class=\"topic-icon\" src=\"https:\/\/www.kosiceregion.com\/wp-content\/uploads\/2021\/12\/mesto.png\" \/>\n                    <\/div>\n                <\/a>\n            <\/div>\n                        <div class=\"item card-poi-item pb-3 px-2\" style=\"overflow: hidden;\">\n                <a href=\"https:\/\/www.kosiceregion.com\/en\/ambassador\/gabriel-oprendek-mellos-opre\/\">\n                    <div style=\"position: relative; background-image: url('https:\/\/www.kosiceregion.com\/wp-content\/uploads\/2021\/07\/AA_7737-1-1024x683.jpg')\" class=\"img-square hvr-grow\"><\/div>\n                    <div style=\"position: absolute; bottom: 1rem; left: 1.5rem; right: 45%; color: #fff;\">\n                        <h5 style=\"font-size: 1.1rem; text-shadow: 0 3px 6px rgb(0 0 0 \/ 36%);\">Gabriel Oprendek &#8211; MELLOS, OPRE\u00b4<\/h5>\n                    <\/div>\n                    <div class=\"p-sm-3 p-2\" style=\"position: absolute; bottom: -1rem; right: 1.5rem; width: 30%; height: 30%; color: #fff; background-color: #ff7800;\">\n                        <img decoding=\"async\" class=\"topic-icon\" src=\"https:\/\/www.kosiceregion.com\/wp-content\/uploads\/2021\/12\/den-noc.png\" \/>\n                    <\/div>\n                <\/a>\n            <\/div>\n                        <div class=\"item card-poi-item pb-3 px-2\" style=\"overflow: hidden;\">\n                <a href=\"https:\/\/www.kosiceregion.com\/en\/ambassador\/michal-sabovcik-adrenalin\/\">\n                    <div style=\"position: relative; background-image: url('https:\/\/www.kosiceregion.com\/wp-content\/uploads\/2021\/07\/Sabovcik-1024x683.jpg')\" class=\"img-square hvr-grow\"><\/div>\n                    <div style=\"position: absolute; bottom: 1rem; left: 1.5rem; right: 45%; color: #fff;\">\n                        <h5 style=\"font-size: 1.1rem; text-shadow: 0 3px 6px rgb(0 0 0 \/ 36%);\">Michal Sabov\u010d\u00edk \u2013 ADRENALINE<\/h5>\n                    <\/div>\n                    <div class=\"p-sm-3 p-2\" style=\"position: absolute; bottom: -1rem; right: 1.5rem; width: 30%; height: 30%; color: #fff; background-color: #64e42b;\">\n                        <img decoding=\"async\" class=\"topic-icon\" src=\"https:\/\/www.kosiceregion.com\/wp-content\/uploads\/2021\/12\/region.png\" \/>\n                    <\/div>\n                <\/a>\n            <\/div>\n                        <div class=\"item card-poi-item pb-3 px-2\" style=\"overflow: hidden;\">\n                <a href=\"https:\/\/www.kosiceregion.com\/en\/ambassador\/juraj-hidveghy-hladac-hudobnych-pokladov\/\">\n                    <div style=\"position: relative; background-image: url('https:\/\/www.kosiceregion.com\/wp-content\/uploads\/2025\/09\/A064554B-3D3E-43D7-8CF2-0E6D669BF7E9-1024x683.jpg')\" class=\"img-square hvr-grow\"><\/div>\n                    <div style=\"position: absolute; bottom: 1rem; left: 1.5rem; right: 45%; color: #fff;\">\n                        <h5 style=\"font-size: 1.1rem; text-shadow: 0 3px 6px rgb(0 0 0 \/ 36%);\">Juraj Hidv\u00e9ghy \u2013 h\u013eada\u010d hudobn\u00fdch pokladov<\/h5>\n                    <\/div>\n                    <div class=\"p-sm-3 p-2\" style=\"position: absolute; bottom: -1rem; right: 1.5rem; width: 30%; height: 30%; color: #fff; background-color: ;\">\n                        <img decoding=\"async\" class=\"topic-icon\" src=\"\" \/>\n                    <\/div>\n                <\/a>\n            <\/div>\n                        <div class=\"item card-poi-item pb-3 px-2\" style=\"overflow: hidden;\">\n                <a href=\"https:\/\/www.kosiceregion.com\/en\/ambassador\/milan-kolcun-potulky-mestom-kosice\/\">\n                    <div style=\"position: relative; background-image: url('https:\/\/www.kosiceregion.com\/wp-content\/uploads\/2021\/07\/AA_8256-1024x683.jpg')\" class=\"img-square hvr-grow\"><\/div>\n                    <div style=\"position: absolute; bottom: 1rem; left: 1.5rem; right: 45%; color: #fff;\">\n                        <h5 style=\"font-size: 1.1rem; text-shadow: 0 3px 6px rgb(0 0 0 \/ 36%);\">Milan Kolc\u00fan \u2013 RAMBLES THROUGH THE CITY OF KO\u0160ICE<\/h5>\n                    <\/div>\n                    <div class=\"p-sm-3 p-2\" style=\"position: absolute; bottom: -1rem; right: 1.5rem; width: 30%; height: 30%; color: #fff; background-color: #00c5fe;\">\n                        <img decoding=\"async\" class=\"topic-icon\" src=\"https:\/\/www.kosiceregion.com\/wp-content\/uploads\/2021\/12\/mesto.png\" \/>\n                    <\/div>\n                <\/a>\n            <\/div>\n                        <\/div>\n            <div class=\"owl-theme\">\n                <div class=\"owl-controls\">\n                <\/div>\n            <\/div>\n        <\/div>\n    <\/div>\n<\/div>\n\n<script type=\"text\/javascript\"\n        src=\"https:\/\/www.kosiceregion.com\/wp-content\/themes\/kscregion\/js\/custom-owl-slider.js?version=20211208\"><\/script>","protected":false,"raw":"<!-- wp:acf\/common-text-left-section {\"id\":\"block_6298acbecea00\",\"name\":\"acf\/common-text-left-section\",\"data\":{\"field_60c66a6067e54\":\"\\u003cb\\u003eBeekeeping - amateur or professional breeding of bee colonies is one of the oldest crafts in this country and its development may be wonderfully observed. Traditional beekeeping developed in the first millennium from forest beekeeping \\u003c\/b\\u003e\\u003cb\\u003e- the stealing and collecting honey from forest bees. Just like the bear has been doing so far. Originally, the bee colony was kept in logs and baskets, from which honey was collected at the cost of exterminating the bees. Rational beekeeping began in Slovakia only in the mid-19\\u003c\/b\\u003e\\u003cb\\u003eth\\u003c\/b\\u003e\\u003cb\\u003e century.\\u003c\/b\\u003e\"},\"align\":\"\",\"mode\":\"preview\"} \/-->\n\n<!-- wp:acf\/common-image-right-section {\"id\":\"block_6297608af426a\",\"name\":\"acf\/common-image-right-section\",\"data\":{\"image\":7326,\"_image\":\"field_60c66ddbbdafe\"},\"align\":\"\",\"mode\":\"preview\"} \/-->\n\n<!-- wp:acf\/common-text-right-section {\"id\":\"block_6297608af426b\",\"name\":\"acf\/common-text-right-section\",\"data\":{\"field_60c66a6067e54\":\"The popularity of bee honey for its taste and great health benefits for humans have made the bees - a hard-working animal - another \\u0022breeding animal\\u0022. Today, the importance of bees is more significant than ever, many beekeeping enthusiasts are starting small bee families and bottling their own honey. Beekeeping is also popular even in cities, on the roofs of buildings and in city parks. Are you fascinated by the mysterious life of bees, their behaviour and rituals? Or are you just a lover of sweet honey, scented beeswax candles, and you can't afford propolis or pollen? We recommend you visit beekeepers from the east and taste honey from flowering meadows, agate groves or honeydew from fir mountains.\"},\"align\":\"\",\"mode\":\"preview\"} \/-->\n\n<!-- wp:acf\/common-image-left-section {\"id\":\"block_6297608af426c\",\"name\":\"acf\/common-image-left-section\",\"data\":{\"image\":7347,\"_image\":\"field_60c66ddbbdafe\"},\"align\":\"\",\"mode\":\"preview\"} \/-->\n\n<!-- wp:acf\/common-image-right-section {\"id\":\"block_6297608af426d\",\"name\":\"acf\/common-image-right-section\",\"data\":{\"image\":7349,\"_image\":\"field_60c66ddbbdafe\"},\"align\":\"\",\"mode\":\"preview\"} \/-->\n\n<!-- wp:acf\/common-text-right-section {\"id\":\"block_6297608af426e\",\"name\":\"acf\/common-text-right-section\",\"data\":{\"field_60c66a6067e54\":\"\\u003cstrong\\u003eMimi Farm Op\u00e1tka\\u003c\/strong\\u003e - a small family farm in the picturesque village of Op\u00e1tka, near the Ru\u017e\u00ednska Priehrada dam. 31 km from Ko\u0161ice direction Gelnica, where you may spend time right in the apiary, explore the beehive through a glass observation hive, learn about the process of honey processing, taste honey and mead, learn how to make a candle from beeswax, or just spend time in a pleasant atmosphere of the mini farm with animals and at games on the playground. You may also stop at the farm for a cup of real honey or other farm products.\\r\\n\\r\\nYou may get the current offer of products sold from the yard directly from the farmers on phone No. 0948 030 264 https:\/\/www.mimifarma.eu\/\\r\\n\\r\\nMIMI Farm Op\u00e1tka 35\"},\"align\":\"\",\"mode\":\"preview\"} \/-->\n\n<!-- wp:acf\/common-text-right-section {\"id\":\"block_6297608af426f\",\"name\":\"acf\/common-text-right-section\",\"data\":{\"field_60c66a6067e54\":\"\\u003cspan style=\\u0022font-weight: 400;\\u0022\\u003e\\u003cstrong\\u003eMellifera beekeeping \\u003c\/strong\\u003e-\\u003c\/span\\u003e\\r\\n\\r\\ntaste honey from the Silick\u00e1 Planina plateau directly in the Slovak Karst National Park. Sale of bee products directly from the beekeeper in Silica from a family beekeeping with a 25-year tradition.\\r\\n\\r\\nPhone number 0908 995 659 https:\/\/www.facebook.com\/Mellifera-sro-174598462707696\/\"},\"align\":\"\",\"mode\":\"preview\"} \/-->\n\n<!-- wp:acf\/common-text-right-section {\"id\":\"block_6297608af4270\",\"name\":\"acf\/common-text-right-section\",\"data\":{\"field_60c66a6067e54\":\"\\u003cspan style=\\u0022font-weight: 400;\\u0022\\u003e\\u003cstrong\\u003eMedot\u00e9ka \\u003c\/strong\\u003e- \\u003c\/span\\u003ehealth from the nature of Barca meadows and pasture land of Buzica. Apiaries for your honey moments, gift packaging of bee products with poetry. Choose a hand-painted gift box from the online honey shop or buy from the beekeeper directly from the yard in Barca, on Poni\u010danova Street 1.\\r\\n\\r\\nhttps:\/\/www.medoteka.sk\"},\"align\":\"\",\"mode\":\"preview\"} \/-->\n\n<!-- wp:acf\/common-image-left-section {\"id\":\"block_6297608af4271\",\"name\":\"acf\/common-image-left-section\",\"data\":{\"image\":7350,\"_image\":\"field_60c66ddbbdafe\"},\"align\":\"\",\"mode\":\"preview\"} \/-->\n\n<!-- wp:acf\/common-text-right-section {\"id\":\"block_6297608af4272\",\"name\":\"acf\/common-text-right-section\",\"data\":{\"field_60c66a6067e54\":\"\\u003cspan style=\\u0022font-weight: 400;\\u0022\\u003e\\u003cstrong\\u003eParadise bees \\u003c\/strong\\u003e- \\u003c\/span\\u003ein the apiary in the part of Pamulov\u00e1. In Hrabu\u0161ice in the north of the Slovak Paradise, bees behave a little differently - friendly. In the new V\u010cELY RAJA (paradise bees) complex, in addition to organic beekeeping, educational workshops are provided to complement adventure tourism, where you will find space for relaxation and apitherapy.\u00a0\\u003ca href=\\u0022http:\/\/www.urbariathrabusice.sk\/\\u0022\\u003ehttp:\/\/www.urbariathrabusice.sk\\u003c\/a\\u003e\\r\\n\\r\\n\\u0026nbsp;\"},\"align\":\"\",\"mode\":\"preview\"} \/-->\n\n<!-- wp:acf\/theme-ambassador-section {\"id\":\"block_60f16e65d232f\",\"name\":\"acf\/theme-ambassador-section\",\"align\":\"\",\"mode\":\"preview\"} \/-->"},"excerpt":{"rendered":"","protected":false,"raw":""},"author":10,"featured_media":7347,"menu_order":0,"template":"","format":"standard","meta":{"_acf_changed":false,"_sk_post_content":"<!-- wp:acf\/common-text-left-section {\"name\":\"acf\/common-text-left-section\",\"data\":{\"text\":\"\\u003cstrong\\u003eV\u010del\u00e1rstvo - amat\u00e9rsky alebo profesion\u00e1lny chov v\u010del\u00edch kol\u00f3ni\u00ed je jedn\u00fdm z najstar\u0161\u00edch remesiel u n\u00e1s a jeho v\u00fdvoj sa d\u00e1 \u00fa\u017easne pozorova\u0165. Tradi\u010dn\u00e9 v\u010del\u00e1rstvo sa vyvinulo u\u017e v prvom tis\u00edcro\u010d\u00ed z brtn\u00edctva \u2013 lesn\u00e9ho v\u010del\u00e1renia - vykr\u00e1dania a vyberania medu lesn\u00fdch v\u010diel. Presne tak, ako to rob\u00ed medve\u010f doteraz. P\u00f4vodne sa v\u010delstvo chovalo v kl\u00e1toch a ko\u0161och, z ktor\u00fdch sa med vyberal za cenu vyhubenia v\u010diel. Racion\u00e1lne v\u010del\u00e1rstvo sa na Slovensku za\u010dalo presadzova\u0165 a\u017e od polovice 19. storo\u010dia.\u00a0\\u003c\/strong\\u003e\",\"_text\":\"field_60c66a6067e54\"},\"mode\":\"preview\"} \/-->\n\n<!-- wp:acf\/common-image-right-section {\"name\":\"acf\/common-image-right-section\",\"data\":{\"image\":7326,\"_image\":\"field_60c66ddbbdafe\"},\"mode\":\"preview\"} \/-->\n\n<!-- wp:acf\/common-text-right-section {\"name\":\"acf\/common-text-right-section\",\"data\":{\"text\":\"\\u003cspan style=\\u0022font-weight: 400;\\u0022\\u003eOb\u013e\u00fabenos\u0165 v\u010delieho medu pre jeho chu\u0165 a skvel\u00e9 zdravotn\u00e9 benefity pre \u010dloveka, spravili zo v\u010diel pracovit\u00e9ho \u017eivo\u010d\u00edcha \u010fal\u0161ie \u201cchovn\u00e9 zvieratko\u201c. Dnes je v\u00fdznam v\u010diel d\u00f4le\u017eitej\u0161\u00ed viac ako kedyko\u013evek predt\u00fdm, mno\u017estvo v\u010del\u00e1rskych nad\u0161encov si zaklad\u00e1 mal\u00e9 v\u010delie rodiny a st\u00e1\u010da vlastn\u00fd med. Popul\u00e1rny je aj chov v\u010diel priamo v mest\u00e1ch, na strech\u00e1ch budov i v mestsk\u00fdch parkoch. U\u010daroval v\u00e1m z\u00e1hadn\u00fd \u017eivot v\u010diel, ich spr\u00e1vanie a\u00a0ritu\u00e1ly? Alebo ste len milovn\u00edkom sladu\u010dk\u00e9ho medu, vo\u0148av\u00fdch svie\u010dok zo v\u010delieho vosku a ned\u00e1te dopusti\u0165 na propolis alebo obn\u00f4\u017ekov\u00fd pe\u013e? Odpor\u00fa\u010dame v\u00e1m nav\u0161t\u00edvi\u0165 v\u010del\u00e1rov z v\u00fdchodu a ochutna\u0165 med z kvetnat\u00fdch l\u00fak, ag\u00e1tov\u00fdch h\u00e1jov \u010di medovicu z jed\u013eov\u00fdch h\u00f4r. \\u003c\/span\\u003e\",\"_text\":\"field_60c66a6067e54\"},\"mode\":\"preview\"} \/-->\n\n<!-- wp:acf\/common-image-left-section {\"name\":\"acf\/common-image-left-section\",\"data\":{\"image\":7347,\"_image\":\"field_60c66ddbbdafe\"},\"mode\":\"preview\"} \/-->\n\n<!-- wp:acf\/common-image-right-section {\"name\":\"acf\/common-image-right-section\",\"data\":{\"image\":7349,\"_image\":\"field_60c66ddbbdafe\"},\"mode\":\"preview\"} \/-->\n\n<!-- wp:acf\/common-text-right-section {\"name\":\"acf\/common-text-right-section\",\"data\":{\"text\":\"\\u003cspan style=\\u0022font-weight: 400;\\u0022\\u003e\\u003cstrong\\u003eMimifarma Op\u00e1tka\\u003c\/strong\\u003e -\u00a0 mal\u00e1 rodinn\u00fa farma v malebnej obce Op\u00e1tka, ne\u010faleko priehrady Ru\u017e\u00edn. 31 km od Ko\u0161\u00edc smerom na Gelnicu, kde m\u00f4\u017eete str\u00e1vi\u0165 \u010das priamo vo v\u010delnici, sk\u00fama\u0165 v\u010delstvo cez presklen\u00fd pozorovac\u00ed \u00fa\u013e, dozvedie\u0165 sa o procese spracovania medu, ochutna\u0165 med a medovinu, nau\u010di\u0165 sa vyr\u00e1ba\u0165 svie\u010dku zo v\u010delieho vosku, \u010di len str\u00e1vi\u0165 \u010das v pr\u00edjemnej atmosf\u00e9re mini farmy so zvieratkami a pri hr\u00e1ch na ihrisku. Zastavi\u0165 sa m\u00f4\u017eete na farme aj po poh\u00e1r prav\u00e9ho medu, \u010di in\u00fdch farm\u00e1rskych produktov.\u00a0\\u003c\/span\\u003e\\r\\n\\r\\n\\u003cspan style=\\u0022font-weight: 400;\\u0022\\u003eAktu\u00e1lnu ponuku produktov pred\u00e1van\u00fdch z dvora z\u00edskate priamo od farm\u00e1rov na tel. \u010d. 0948 030 264 \\u003ca href=\\u0022https:\/\/www.mimifarma.eu\/\\u0022\\u003ehttps:\/\/www.mimifarma.eu\/\\u003c\/a\\u003e \\u003c\/span\\u003e\\r\\n\\r\\n\\u003cspan style=\\u0022font-weight: 400;\\u0022\\u003eMIMI farma Op\u00e1tka 35\\u003c\/span\\u003e\",\"_text\":\"field_60c66a6067e54\"},\"mode\":\"preview\"} \/-->\n\n<!-- wp:acf\/common-text-right-section {\"name\":\"acf\/common-text-right-section\",\"data\":{\"text\":\"\\u003cspan style=\\u0022font-weight: 400;\\u0022\\u003e\\u003cstrong\\u003eV\u010del\u00e1rstvo Mellifera\\u003c\/strong\\u003e - ochutnajte med zo Silickej planiny priamo v N\u00e1rodnom parku Slovensk\u00fd kras.\u00a0 Predaj v\u010del\u00edch produktov priamo od v\u010del\u00e1ra v Silici z rodinn\u00e9ho v\u010del\u00e1rstva s\u00a025-ro\u010dnou trad\u00edciou.\\u003c\/span\\u003e\\r\\n\\r\\n\\u003cspan style=\\u0022font-weight: 400;\\u0022\\u003eTel. \u010d\u00edslo 0908 995 659 \\u003ca href=\\u0022https:\/\/www.facebook.com\/Mellifera-sro-174598462707696\/\\u0022\\u003ehttps:\/\/www.facebook.com\/Mellifera-sro-174598462707696\/\\u003c\/a\\u003e\\u003c\/span\\u003e\",\"_text\":\"field_60c66a6067e54\"},\"mode\":\"preview\"} \/-->\n\n<!-- wp:acf\/common-text-right-section {\"name\":\"acf\/common-text-right-section\",\"data\":{\"text\":\"\\u003cspan style=\\u0022font-weight: 400;\\u0022\\u003e\\u003cstrong\\u003eMedot\u00e9ka\\u003c\/strong\\u003e\u00a0 - zdravie z pr\u00edrody bar\u010dianskych l\u00fak a pa\u0161e z Buzice. V\u010delovinky pre va\u0161e medov\u00e9 chv\u00edle, dar\u010dekov\u00e9 balenia v\u010del\u00edch produktov s po\u00e9ziou. Vyberte si z online medov\u00e9ho obchod\u00edka ru\u010dne ma\u013eovan\u00fa dar\u010dekov\u00fa kazetku\u00a0 alebo nak\u00fapte od v\u010del\u00e1ra priamo z dvora v Barci, na Poni\u010danovej ulici 1.\u00a0\\u003c\/span\\u003e\\r\\n\\r\\n\\u003ca href=\\u0022https:\/\/www.medoteka.sk\/\\u0022\\u003e\\u003cspan style=\\u0022font-weight: 400;\\u0022\\u003ehttps:\/\/www.medoteka.sk\/\\u003c\/span\\u003e\\u003c\/a\\u003e\",\"_text\":\"field_60c66a6067e54\"},\"mode\":\"preview\"} \/-->\n\n<!-- wp:acf\/common-image-left-section {\"name\":\"acf\/common-image-left-section\",\"data\":{\"image\":7350,\"_image\":\"field_60c66ddbbdafe\"},\"mode\":\"preview\"} \/-->\n\n<!-- wp:acf\/common-text-right-section {\"name\":\"acf\/common-text-right-section\",\"data\":{\"text\":\"\\u003cspan style=\\u0022font-weight: 400;\\u0022\\u003e\\u003cstrong\\u003eV\u010dely raja\\u003c\/strong\\u003e - vo v\u010delnici v lokalite Pamulov\u00e1. V Hrabu\u0161iciach na severe Slovensk\u00e9ho raja sa v\u010dielky chovaj\u00fa trocha inak - pr\u00edvetivo. V novom are\u00e1li V\u010cELY RAJA sa okrem ekologick\u00e9ho chovu v\u010diel poskytuj\u00fa vzdel\u00e1vacie workshopy dop\u013a\u0148aj\u00face z\u00e1\u017eitkov\u00fa turistiku, n\u00e1jdete tam priestor pre oddych a apiterapiu. \\u003ca href=\\u0022http:\/\/www.urbariathrabusice.sk\\u0022\\u003ehttp:\/\/www.urbariathrabusice.sk\\u003c\/a\\u003e\\u003c\/span\\u003e\",\"_text\":\"field_60c66a6067e54\"},\"mode\":\"preview\"} \/-->\n\n<!-- wp:acf\/theme-ambassador-section {\"name\":\"acf\/theme-ambassador-section\",\"mode\":\"preview\"} \/-->","_sk_post_name":"vcely-raja","_sk_post_excerpt":"","_sk_post_title":"V\u010dely raja","_en_post_content":"<!-- wp:acf\/common-text-left-section {\"id\":\"block_6298acbecea00\",\"name\":\"acf\/common-text-left-section\",\"data\":{\"field_60c66a6067e54\":\"\\u003cb\\u003eBeekeeping - amateur or professional breeding of bee colonies is one of the oldest crafts in this country and its development may be wonderfully observed. Traditional beekeeping developed in the first millennium from forest beekeeping \\u003c\/b\\u003e\\u003cb\\u003e- the stealing and collecting honey from forest bees. Just like the bear has been doing so far. Originally, the bee colony was kept in logs and baskets, from which honey was collected at the cost of exterminating the bees. Rational beekeeping began in Slovakia only in the mid-19\\u003c\/b\\u003e\\u003cb\\u003eth\\u003c\/b\\u003e\\u003cb\\u003e century.\\u003c\/b\\u003e\"},\"align\":\"\",\"mode\":\"preview\"} \/-->\n\n<!-- wp:acf\/common-image-right-section {\"id\":\"block_6297608af426a\",\"name\":\"acf\/common-image-right-section\",\"data\":{\"image\":7326,\"_image\":\"field_60c66ddbbdafe\"},\"align\":\"\",\"mode\":\"preview\"} \/-->\n\n<!-- wp:acf\/common-text-right-section {\"id\":\"block_6297608af426b\",\"name\":\"acf\/common-text-right-section\",\"data\":{\"field_60c66a6067e54\":\"The popularity of bee honey for its taste and great health benefits for humans have made the bees - a hard-working animal - another \\u0022breeding animal\\u0022. Today, the importance of bees is more significant than ever, many beekeeping enthusiasts are starting small bee families and bottling their own honey. Beekeeping is also popular even in cities, on the roofs of buildings and in city parks. Are you fascinated by the mysterious life of bees, their behaviour and rituals? Or are you just a lover of sweet honey, scented beeswax candles, and you can't afford propolis or pollen? We recommend you visit beekeepers from the east and taste honey from flowering meadows, agate groves or honeydew from fir mountains.\"},\"align\":\"\",\"mode\":\"preview\"} \/-->\n\n<!-- wp:acf\/common-image-left-section {\"id\":\"block_6297608af426c\",\"name\":\"acf\/common-image-left-section\",\"data\":{\"image\":7347,\"_image\":\"field_60c66ddbbdafe\"},\"align\":\"\",\"mode\":\"preview\"} \/-->\n\n<!-- wp:acf\/common-image-right-section {\"id\":\"block_6297608af426d\",\"name\":\"acf\/common-image-right-section\",\"data\":{\"image\":7349,\"_image\":\"field_60c66ddbbdafe\"},\"align\":\"\",\"mode\":\"preview\"} \/-->\n\n<!-- wp:acf\/common-text-right-section {\"id\":\"block_6297608af426e\",\"name\":\"acf\/common-text-right-section\",\"data\":{\"field_60c66a6067e54\":\"\\u003cstrong\\u003eMimi Farm Op\u00e1tka\\u003c\/strong\\u003e - a small family farm in the picturesque village of Op\u00e1tka, near the Ru\u017e\u00ednska Priehrada dam. 31 km from Ko\u0161ice direction Gelnica, where you may spend time right in the apiary, explore the beehive through a glass observation hive, learn about the process of honey processing, taste honey and mead, learn how to make a candle from beeswax, or just spend time in a pleasant atmosphere of the mini farm with animals and at games on the playground. You may also stop at the farm for a cup of real honey or other farm products.\\r\\n\\r\\nYou may get the current offer of products sold from the yard directly from the farmers on phone No. 0948 030 264 https:\/\/www.mimifarma.eu\/\\r\\n\\r\\nMIMI Farm Op\u00e1tka 35\"},\"align\":\"\",\"mode\":\"preview\"} \/-->\n\n<!-- wp:acf\/common-text-right-section {\"id\":\"block_6297608af426f\",\"name\":\"acf\/common-text-right-section\",\"data\":{\"field_60c66a6067e54\":\"\\u003cspan style=\\u0022font-weight: 400;\\u0022\\u003e\\u003cstrong\\u003eMellifera beekeeping \\u003c\/strong\\u003e-\\u003c\/span\\u003e\\r\\n\\r\\ntaste honey from the Silick\u00e1 Planina plateau directly in the Slovak Karst National Park. Sale of bee products directly from the beekeeper in Silica from a family beekeeping with a 25-year tradition.\\r\\n\\r\\nPhone number 0908 995 659 https:\/\/www.facebook.com\/Mellifera-sro-174598462707696\/\"},\"align\":\"\",\"mode\":\"preview\"} \/-->\n\n<!-- wp:acf\/common-text-right-section {\"id\":\"block_6297608af4270\",\"name\":\"acf\/common-text-right-section\",\"data\":{\"field_60c66a6067e54\":\"\\u003cspan style=\\u0022font-weight: 400;\\u0022\\u003e\\u003cstrong\\u003eMedot\u00e9ka \\u003c\/strong\\u003e- \\u003c\/span\\u003ehealth from the nature of Barca meadows and pasture land of Buzica. Apiaries for your honey moments, gift packaging of bee products with poetry. Choose a hand-painted gift box from the online honey shop or buy from the beekeeper directly from the yard in Barca, on Poni\u010danova Street 1.\\r\\n\\r\\nhttps:\/\/www.medoteka.sk\"},\"align\":\"\",\"mode\":\"preview\"} \/-->\n\n<!-- wp:acf\/common-image-left-section {\"id\":\"block_6297608af4271\",\"name\":\"acf\/common-image-left-section\",\"data\":{\"image\":7350,\"_image\":\"field_60c66ddbbdafe\"},\"align\":\"\",\"mode\":\"preview\"} \/-->\n\n<!-- wp:acf\/common-text-right-section {\"id\":\"block_6297608af4272\",\"name\":\"acf\/common-text-right-section\",\"data\":{\"field_60c66a6067e54\":\"\\u003cspan style=\\u0022font-weight: 400;\\u0022\\u003e\\u003cstrong\\u003eParadise bees \\u003c\/strong\\u003e- \\u003c\/span\\u003ein the apiary in the part of Pamulov\u00e1. In Hrabu\u0161ice in the north of the Slovak Paradise, bees behave a little differently - friendly. In the new V\u010cELY RAJA (paradise bees) complex, in addition to organic beekeeping, educational workshops are provided to complement adventure tourism, where you will find space for relaxation and apitherapy.\u00a0\\u003ca href=\\u0022http:\/\/www.urbariathrabusice.sk\/\\u0022\\u003ehttp:\/\/www.urbariathrabusice.sk\\u003c\/a\\u003e\\r\\n\\r\\n\\u0026nbsp;\"},\"align\":\"\",\"mode\":\"preview\"} \/-->\n\n<!-- wp:acf\/theme-ambassador-section {\"id\":\"block_60f16e65d232f\",\"name\":\"acf\/theme-ambassador-section\",\"align\":\"\",\"mode\":\"preview\"} \/-->","_en_post_name":"","_en_post_excerpt":"","_en_post_title":"Paradise bees","_hu_post_content":"<!-- wp:acf\/common-text-left-section {\"id\":\"block_62753fdbe7fc4\",\"name\":\"acf\/common-text-left-section\",\"data\":{\"field_60c66a6067e54\":\"\\u003cstrong\\u003eA\u00a0m\u00e9h\u00e9szet, vagyis a\u00a0m\u00e9hcsal\u00e1dok amat\u0151r vagy hivat\u00e1sszer\u0171 teny\u00e9szt\u00e9se az egyik leg\u0151sibb mesters\u00e9g orsz\u00e1gunkban \u00e9s a\u00a0fejl\u0151d\u00e9s\u00e9t leny\u0171g\u00f6z\u0151 m\u00f3don k\u00f6vethetj\u00fck figyelemmel. A\u00a0hagyom\u00e1nyos m\u00e9h\u00e9szet m\u00e1r az els\u0151 \u00e9vezredben kialakult, az emberek eleinte a\u00a0vadm\u00e9hek m\u00e9z\u00e9t d\u00e9zsm\u00e1lt\u00e1k meg, ak\u00e1rcsak a\u00a0medve teszi, mind a\u00a0mai napig. A\u00a0m\u00e9heket kezdetben m\u00e9hkasokban tartott\u00e1k \u00e9s a\u00a0m\u00e9zet csak az elpuszt\u00edt\u00e1suk \u00e1r\u00e1n tudt\u00e1k megszerezni. Az \u00e9sszer\u0171 m\u00e9h\u00e9szked\u00e9s Szlov\u00e1ki\u00e1ban csak a\u00a019. sz\u00e1zad fel\u00e9t\u0151l terjedt el.\u00a0\\u003c\/strong\\u003e\"},\"align\":\"\",\"mode\":\"preview\"} \/-->\n\n<!-- wp:acf\/common-image-right-section {\"id\":\"block_60f16e78d2330\",\"name\":\"acf\/common-image-right-section\",\"data\":{\"image\":7326,\"_image\":\"field_60c66ddbbdafe\"},\"align\":\"\",\"mode\":\"preview\"} \/-->\n\n<!-- wp:acf\/common-text-right-section {\"id\":\"block_60f16c5c9855b\",\"name\":\"acf\/common-text-right-section\",\"data\":{\"field_60c66a6067e54\":\"A\u00a0m\u00e9z k\u00f6zkedvelts\u00e9g\u00e9nek k\u00f6sz\u00f6nhet\u0151en, a\u00a0finom \u00edze \u00e9s az eg\u00e9szs\u00e9gre gyakorolt kiv\u00e1l\u00f3 hat\u00e1sa miatt a\u00a0m\u00e9hek szorgos \u201eteny\u00e9sz\u00e1llatk\u00e1k\u201c lettek. Jelent\u0151s\u00e9g\u00fck ma sokkal nagyobb, mint valaha, sok lelkes m\u00e9hrajong\u00f3 fogott hozz\u00e1 a\u00a0m\u00e9h\u00e9szked\u00e9shez \u00e9s saj\u00e1t m\u00e9zet perget. \u00a0K\u00f6zvetlen\u00fcl a\u00a0v\u00e1rosokban is n\u00e9pszer\u0171 a\u00a0m\u00e9h\u00e9szked\u00e9s, a\u00a0h\u00e1ztet\u0151k\u00f6n \u00e9s a\u00a0v\u00e1rosi parkokban.\u00a0 \u00d6nt is rabul ejtette a\u00a0m\u00e9hek titokzatos \u00e9lete, viselked\u00e9s\u00fck \u00e9s ritu\u00e1l\u00e9ik? Vagy csak odavan az \u00e9des m\u00e9z\u00e9rt, az illatos m\u00e9hviasz-gyerty\u00e1k\u00e9rt, esk\u00fcszik a\u00a0propoliszra \u00e9s a\u00a0vir\u00e1gporra? L\u00e1togasson el a\u00a0kelet-szlov\u00e1kiai m\u00e9h\u00e9szekhez \u00e9s k\u00f3stolja meg a\u00a0vir\u00e1gos r\u00e9tek, ak\u00e1cligetek m\u00e9z\u00e9t vagy a\u00a0feny\u0151erd\u0151k m\u00e9zharmat\u00e1t.\\r\\n\\r\\n\\u003cspan style=\\u0022font-weight: 400;\\u0022\\u003e\u00a0\\u003c\/span\\u003e\"},\"align\":\"\",\"mode\":\"preview\"} \/-->\n\n<!-- wp:acf\/common-image-left-section {\"id\":\"block_60f16fedd2331\",\"name\":\"acf\/common-image-left-section\",\"data\":{\"image\":7347,\"_image\":\"field_60c66ddbbdafe\"},\"align\":\"\",\"mode\":\"preview\"} \/-->\n\n<!-- wp:acf\/common-image-right-section {\"id\":\"block_6127995eb24a7\",\"name\":\"acf\/common-image-right-section\",\"data\":{\"image\":7349,\"_image\":\"field_60c66ddbbdafe\"},\"align\":\"\",\"mode\":\"preview\"} \/-->\n\n<!-- wp:acf\/common-text-right-section {\"id\":\"block_60f16c759855c\",\"name\":\"acf\/common-text-right-section\",\"data\":{\"field_60c66a6067e54\":\"\\u003cstrong\\u003eMimifarma Op\u00e1tka\\u003c\/strong\\u003e\u00a0\u2013\u00a0 a\u00a0fest\u0151i sz\u00e9ps\u00e9g\u0171 Ap\u00e1tka k\u00f6zs\u00e9gben, a\u00a0ruzsini v\u00edzt\u00e1roz\u00f3hoz k\u00f6zel m\u0171k\u00f6dik ez a\u00a0csal\u00e1di farm,\u00a0 Kass\u00e1t\u00f3l 31 km-re, G\u00f6lnicb\u00e1nya fel\u00e9. Bej\u00e1rhatjuk a m\u00e9hest, megfigyelhetj\u00fck a\u00a0m\u00e9heket az \u00fcvegfallal ell\u00e1tott m\u00e9hkasban, sok mindent megtudhatunk a\u00a0m\u00e9z feldolgoz\u00e1s\u00e1nak folyamat\u00e1r\u00f3l, megk\u00f3stolhatjuk a\u00a0m\u00e9zet \u00e9s a\u00a0m\u00e9zbort, k\u00e9sz\u00edthet\u00fcnk gyerty\u00e1t m\u00e9hviaszb\u00f3l, vagy egyszer\u0171en csup\u00e1n kellemesen elt\u00f6lthetj\u00fck az id\u0151t, kis\u00e1llatok k\u00f6zels\u00e9g\u00e9ben vagy a j\u00e1tsz\u00f3t\u00e9ren.\u00a0 A\u00a0farmon v\u00e1s\u00e1rolhatunk is, m\u00e9zet vagy m\u00e1s tanyasi term\u00e9ket.\\r\\n\\r\\nA\u00a0helyben \u00e1rus\u00edtott term\u00e9kek aktu\u00e1lis jegyz\u00e9k\u00e9r\u0151l a\u00a0gazd\u00e1kt\u00f3l tudakoz\u00f3dhat a 0948 030\u00a0264 telefonsz\u00e1mon. \u00a0\\u003ca href=\\u0022https:\/\/www.mimifarma.eu\/\\u0022\\u003ehttps:\/\/www.mimifarma.eu\/\\u003c\/a\\u003e\\r\\n\\r\\nMIMI farma Op\u00e1tka 35\"},\"align\":\"\",\"mode\":\"preview\"} \/-->\n\n<!-- wp:acf\/common-text-right-section {\"id\":\"block_60f16d71d232a\",\"name\":\"acf\/common-text-right-section\",\"data\":{\"field_60c66a6067e54\":\"\\u003cstrong\\u003e\u00a0Mellifera M\u00e9h\u00e9szet \\u003c\/strong\\u003e\u00a0\u2013 k\u00f3stolja meg a\u00a0szilicei m\u00e9zet k\u00f6zvetlen\u00fcl a\u00a0Szlov\u00e1k Karszt Nemzeti Parkban. M\u00e9h\u00e9szeti term\u00e9kek \u00e9rt\u00e9kes\u00edt\u00e9se egyenesen 25 \u00e9ves hagyom\u00e1nyra visszatekint\u0151 csal\u00e1di m\u00e9h\u00e9szetben.\\r\\n\\r\\nTel. sz\u00e1m: 0908 995 659\u00a0\\u003ca href=\\u0022https:\/\/www.facebook.com\/Mellifera-sro-174598462707696\/\\u0022\\u003ehttps:\/\/www.facebook.com\/Mellifera-sro-174598462707696\/\\u003c\/a\\u003e\"},\"align\":\"\",\"mode\":\"preview\"} \/-->\n\n<!-- wp:acf\/common-text-right-section {\"id\":\"block_60f16d92d232b\",\"name\":\"acf\/common-text-right-section\",\"data\":{\"field_60c66a6067e54\":\"\\u003cstrong\\u003eMedot\u00e9ka\\u003c\/strong\\u003e\u00a0 \u2013 a\u00a0b\u00e1rcai r\u00e9tek \u00e9s a\u00a0buzitai legel\u0151k \u00e9letereje. M\u00e9zes finoms\u00e1gok m\u00e9z\u00e9des pillanatokhoz, aj\u00e1nd\u00e9kcsomagol\u00e1sban, k\u00f6lt\u0151i st\u00edlusban. Az online m\u00e9zesboltban v\u00e1laszthat p\u00e9ld\u00e1ul a k\u00e9zzel festett aj\u00e1nd\u00e9kdobozok k\u00f6z\u00fcl, vagy v\u00e1s\u00e1roljon k\u00f6zvetlen\u00fcl a\u00a0m\u00e9h\u00e9szt\u0151l B\u00e1rc\u00e1n, a\u00a0Poni\u010danova 1 alatt.\\r\\n\\r\\n\\u003ca href=\\u0022https:\/\/www.medoteka.sk\/\\u0022\\u003ehttps:\/\/www.medoteka.sk\/\\u003c\/a\\u003e\"},\"align\":\"\",\"mode\":\"preview\"} \/-->\n\n<!-- wp:acf\/common-image-left-section {\"id\":\"block_612799f1b24a8\",\"name\":\"acf\/common-image-left-section\",\"data\":{\"image\":7350,\"_image\":\"field_60c66ddbbdafe\"},\"align\":\"\",\"mode\":\"preview\"} \/-->\n\n<!-- wp:acf\/common-text-right-section {\"id\":\"block_60f16dced232d\",\"name\":\"acf\/common-text-right-section\",\"data\":{\"field_60c66a6067e54\":\"\\u003cstrong\\u003eM\u00e9hek a\u00a0paradicsomb\u00f3l \\u003c\/strong\\u003e\u00a0\u2013 a\u00a0Pamulovai m\u00e9hesben. A\u00a0Szlov\u00e1k Paradicsom \u00e9szaki r\u00e9sz\u00e9n, K\u00e1poszt\u00e1sfalv\u00e1n (Hrabu\u0161ice) egy kicsit m\u00e1sk\u00e9pp, sz\u00edv\u00e9lyesebben tartj\u00e1k a\u00a0m\u00e9heket. A\u00a0M\u00e9hek a\u00a0paradicsomb\u00f3l (V\u010cELY RAJA) elnevez\u00e9s\u0171 \u00faj telepen az \u00f6kol\u00f3giai m\u00e9htart\u00e1son k\u00edv\u00fcl oktat\u00f3 m\u0171helyeket is szerveznek, ezzel is kieg\u00e9sz\u00edtve az \u00e9lm\u00e9nyszer\u0171 turizmust. A\u00a0helysz\u00edn kiv\u00e1l\u00f3an alkalmas a\u00a0pihen\u00e9sre \u00e9s ak\u00e1r apiter\u00e1pi\u00e1s kezel\u00e9st is ig\u00e9nybe vehet\u00fcnk. \u00a0\\u003ca href=\\u0022http:\/\/www.urbariathrabusice.sk\/\\u0022\\u003ehttp:\/\/www.urbariathrabusice.sk\\u003c\/a\\u003e\"},\"align\":\"\",\"mode\":\"preview\"} \/-->\n\n<!-- wp:acf\/theme-ambassador-section {\"id\":\"block_60f16e65d232f\",\"name\":\"acf\/theme-ambassador-section\",\"align\":\"\",\"mode\":\"preview\"} \/-->","_hu_post_name":"mehek-a-paradicsombol","_hu_post_excerpt":"","_hu_post_title":"M\u00e9hek a paradicsomb\u00f3l ","_es_post_content":"","_es_post_name":"","_es_post_excerpt":"","_es_post_title":"","_de_post_content":"<!-- wp:acf\/common-text-left-section {\"id\":\"block_63627ff23b8a8\",\"name\":\"acf\/common-text-left-section\",\"data\":{\"field_60c66a6067e54\":\"\\u003cstrong\\u003eImkerei \u2013 die als Hobby oder Beruf betriebene Zucht von Bienenv\u00f6lkern ist eines der \u00e4ltesten Handwerke in unserem Land, und seine Entwicklung l\u00e4sst sich erstaunlich gut nachvollziehen. Die traditionelle Imkerei entwickelte sich bereits im ersten Jahrtausend aus der Zeidlerei \u2013 Waldimkerei \u2013 dem Rauben und Sammeln des Honigs von Waldbienen. So, wie es der B\u00e4r bis heute tut. Urspr\u00fcnglich wurde das Bienenvolk in Bienenst\u00f6cken und K\u00f6rben gehalten, aus denen der Honig auch unter Hinnahme der Bienenvernichtung gewonnen wurde. Die rationale Imkerei begann sich in der Slowakei erst ab Mitte des 19. Jahrhunderts durchzusetzen.\\u003c\/strong\\u003e\"},\"align\":\"\",\"mode\":\"preview\"} \/-->\n\n<!-- wp:acf\/common-image-right-section {\"id\":\"block_6351065085d8b\",\"name\":\"acf\/common-image-right-section\",\"data\":{\"image\":7326,\"_image\":\"field_60c66ddbbdafe\"},\"align\":\"\",\"mode\":\"preview\"} \/-->\n\n<!-- wp:acf\/common-text-right-section {\"id\":\"block_6351065085d8c\",\"name\":\"acf\/common-text-right-section\",\"data\":{\"field_60c66a6067e54\":\"\\u003cspan data-sheets-value=\\u0022{\\u0026quot;1\\u0026quot;:2,\\u0026quot;2\\u0026quot;:\\u0026quot;Die Beliebtheit des Bienenhonigs aufgrund seines Geschmacks und seiner gro\u00dfen gesundheitlichen Vorteile f\u00fcr den Menschen machte die Biene, ein flei\u00dfiges Lebewesen, zu einem weiteren \u201eNutztier\u201c der Menschen. Heute ist die Bedeutung der Bienen wichtiger denn je, viele Imkerfreunde gr\u00fcnden kleine Bienenfamilien und f\u00fcllen ihren eigenen Honig ab. Beliebt ist die Imkerei auch direkt in den St\u00e4dten, auf Hausd\u00e4chern und in Stadtparks. Bist du auch fasziniert vom geheimnisvollen Leben der Bienen, ihrem Verhalten und ihren Ritualen? Oder bist du nur ein Liebhaber des s\u00fc\u00dfen Honigs, duftender Bienenwachskerzen und schw\u00f6rst auf Propolis oder Bienenpollen? Wir empfehlen dir, Imker aus dem Osten zu besuchen und Honig von Blumenwiesen, Robinienhainen oder Honigtauhonig aus Tannenw\u00e4ldern zu probieren.\\u0026quot;}\\u0022 data-sheets-userformat=\\u0022{\\u0026quot;2\\u0026quot;:12737,\\u0026quot;3\\u0026quot;:{\\u0026quot;1\\u0026quot;:0,\\u0026quot;3\\u0026quot;:1},\\u0026quot;9\\u0026quot;:0,\\u0026quot;10\\u0026quot;:1,\\u0026quot;11\\u0026quot;:4,\\u0026quot;15\\u0026quot;:\\u0026quot;Calibri\\u0026quot;,\\u0026quot;16\\u0026quot;:11}\\u0022\\u003eDie Beliebtheit des Bienenhonigs aufgrund seines Geschmacks und seiner gro\u00dfen gesundheitlichen Vorteile f\u00fcr den Menschen machte die Biene, ein flei\u00dfiges Lebewesen, zu einem weiteren \u201eNutztier\u201c der Menschen. Heute ist die Bedeutung der Bienen wichtiger denn je, viele Imkerfreunde gr\u00fcnden kleine Bienenfamilien und f\u00fcllen ihren eigenen Honig ab. Beliebt ist die Imkerei auch direkt in den St\u00e4dten, auf Hausd\u00e4chern und in Stadtparks. Bist du auch fasziniert vom geheimnisvollen Leben der Bienen, ihrem Verhalten und ihren Ritualen? Oder bist du nur ein Liebhaber des s\u00fc\u00dfen Honigs, duftender Bienenwachskerzen und schw\u00f6rst auf Propolis oder Bienenpollen? Wir empfehlen dir, Imker aus dem Osten zu besuchen und Honig von Blumenwiesen, Robinienhainen oder Honigtauhonig aus Tannenw\u00e4ldern zu probieren.\\u003c\/span\\u003e\"},\"align\":\"\",\"mode\":\"preview\"} \/-->\n\n<!-- wp:acf\/common-image-left-section {\"id\":\"block_6351065085d8d\",\"name\":\"acf\/common-image-left-section\",\"data\":{\"image\":7347,\"_image\":\"field_60c66ddbbdafe\"},\"align\":\"\",\"mode\":\"preview\"} \/-->\n\n<!-- wp:acf\/common-image-right-section {\"id\":\"block_6351065085d8e\",\"name\":\"acf\/common-image-right-section\",\"data\":{\"image\":7349,\"_image\":\"field_60c66ddbbdafe\"},\"align\":\"\",\"mode\":\"preview\"} \/-->\n\n<!-- wp:acf\/common-text-right-section {\"id\":\"block_6351065085d8f\",\"name\":\"acf\/common-text-right-section\",\"data\":{\"field_60c66a6067e54\":\"\\u003cspan data-sheets-value=\\u0022{\\u0026quot;1\\u0026quot;:2,\\u0026quot;2\\u0026quot;:\\u0026quot;Mimifarma Op\u00e1tka \u2013 ein kleiner Familienbauernhof in der malerischen Gemeinde Op\u00e1tka, in der N\u00e4he des Stausees Ru\u017e\u00edn, 31 km von Ko\u0161ice in Richtung Gelnica entfernt. Deine Zeit kannst du dort direkt im Bienenhaus verbringen, das Bienenvolk durch einen gl\u00e4sernen Beobachtungsstock erkunden, etwas \u00fcber den Honigverarbeitungsprozess lernen, Honig und Honigwein probieren, lernen, wie man aus Bienenwachs eine Kerze herstellt, oder einfach nur Zeit in der angenehmen Atmosph\u00e4re des Minibauernhofs mit Tieren und beim Spielen auf dem Spielplatz verbringen. Komm aber auch einfach nur vorbei, um dir ein Glas echten Honigs oder andere Bauernprodukte zu holen.\\u0026quot;}\\u0022 data-sheets-userformat=\\u0022{\\u0026quot;2\\u0026quot;:12737,\\u0026quot;3\\u0026quot;:{\\u0026quot;1\\u0026quot;:0,\\u0026quot;3\\u0026quot;:1},\\u0026quot;9\\u0026quot;:0,\\u0026quot;10\\u0026quot;:1,\\u0026quot;11\\u0026quot;:4,\\u0026quot;15\\u0026quot;:\\u0026quot;Calibri\\u0026quot;,\\u0026quot;16\\u0026quot;:11}\\u0022 data-sheets-textstyleruns=\\u0022{\\u0026quot;1\\u0026quot;:0,\\u0026quot;2\\u0026quot;:{\\u0026quot;3\\u0026quot;:\\u0026quot;Calibri\\u0026quot;,\\u0026quot;4\\u0026quot;:11,\\u0026quot;5\\u0026quot;:1}}\uee10{\\u0026quot;1\\u0026quot;:16,\\u0026quot;2\\u0026quot;:{\\u0026quot;3\\u0026quot;:\\u0026quot;Calibri\\u0026quot;,\\u0026quot;4\\u0026quot;:11}}\\u0022\\u003e\\u003cstrong\\u003eMimifarma Op\u00e1tka\\u003c\/strong\\u003e \u2013 ein kleiner Familienbauernhof in der malerischen Gemeinde Op\u00e1tka, in der N\u00e4he des Stausees Ru\u017e\u00edn, 31 km von Ko\u0161ice in Richtung Gelnica entfernt. Deine Zeit kannst du dort direkt im Bienenhaus verbringen, das Bienenvolk durch einen gl\u00e4sernen Beobachtungsstock erkunden, etwas \u00fcber den Honigverarbeitungsprozess lernen, Honig und Honigwein probieren, lernen, wie man aus Bienenwachs eine Kerze herstellt, oder einfach nur Zeit in der angenehmen Atmosph\u00e4re des Minibauernhofs mit Tieren und beim Spielen auf dem Spielplatz verbringen. Komm aber auch einfach nur vorbei, um dir ein Glas echten Honigs oder andere Bauernprodukte zu holen.\\u003c\/span\\u003e\\r\\n\\r\\n\\u003cspan style=\\u0022font-weight: 400;\\u0022\\u003e\\u003cspan data-sheets-value=\\u0022{\\u0026quot;1\\u0026quot;:2,\\u0026quot;2\\u0026quot;:\\u0026quot;Auskunft zum aktuellen Angebot der am Hof erh\u00e4ltlichen Produkte geben dir direkt die Farmer unter der Tel.Nr. +421 948 030 264 https:\/\/www.mimifarma.eu\/.\\u0026quot;}\\u0022 data-sheets-userformat=\\u0022{\\u0026quot;2\\u0026quot;:12737,\\u0026quot;3\\u0026quot;:{\\u0026quot;1\\u0026quot;:0,\\u0026quot;3\\u0026quot;:1},\\u0026quot;9\\u0026quot;:0,\\u0026quot;10\\u0026quot;:1,\\u0026quot;11\\u0026quot;:4,\\u0026quot;15\\u0026quot;:\\u0026quot;Calibri\\u0026quot;,\\u0026quot;16\\u0026quot;:11}\\u0022\\u003eAuskunft zum aktuellen Angebot der am Hof erh\u00e4ltlichen Produkte geben dir direkt die Farmer unter der Tel.Nr. +421 948 030 264 \\u003c\/span\\u003e\u00a0\\u003ca href=\\u0022https:\/\/www.mimifarma.eu\/\\u0022\\u003ehttps:\/\/www.mimifarma.eu\/\\u003c\/a\\u003e \\u003c\/span\\u003e\\r\\n\\r\\n\\u003cspan style=\\u0022font-weight: 400;\\u0022\\u003eMIMI farma Op\u00e1tka 35\\u003c\/span\\u003e\"},\"align\":\"\",\"mode\":\"preview\"} \/-->\n\n<!-- wp:acf\/common-text-right-section {\"id\":\"block_6351065085d90\",\"name\":\"acf\/common-text-right-section\",\"data\":{\"field_60c66a6067e54\":\"\\u003cspan data-sheets-value=\\u0022{\\u0026quot;1\\u0026quot;:2,\\u0026quot;2\\u0026quot;:\\u0026quot;Imkerei Mellifera \u2013 probiere Honig vom Silica-Plateau direkt im Nationalpark Slowakischer Karst. Verkauf von Bienenprodukten von einem Imker direkt in Silica, aus einer Familienimkerei mit 25-j\u00e4hriger Tradition.\\u0026quot;}\\u0022 data-sheets-userformat=\\u0022{\\u0026quot;2\\u0026quot;:12737,\\u0026quot;3\\u0026quot;:{\\u0026quot;1\\u0026quot;:0,\\u0026quot;3\\u0026quot;:1},\\u0026quot;9\\u0026quot;:0,\\u0026quot;10\\u0026quot;:1,\\u0026quot;11\\u0026quot;:4,\\u0026quot;15\\u0026quot;:\\u0026quot;Calibri\\u0026quot;,\\u0026quot;16\\u0026quot;:11}\\u0022 data-sheets-textstyleruns=\\u0022{\\u0026quot;1\\u0026quot;:0,\\u0026quot;2\\u0026quot;:{\\u0026quot;3\\u0026quot;:\\u0026quot;Calibri\\u0026quot;,\\u0026quot;4\\u0026quot;:11,\\u0026quot;5\\u0026quot;:1}}\uee10{\\u0026quot;1\\u0026quot;:17,\\u0026quot;2\\u0026quot;:{\\u0026quot;3\\u0026quot;:\\u0026quot;Calibri\\u0026quot;,\\u0026quot;4\\u0026quot;:11}}\\u0022\\u003e\\u003cstrong\\u003eImkerei Mellifera\\u003c\/strong\\u003e \u2013 probiere Honig vom Silica-Plateau direkt im Nationalpark Slowakischer Karst. Verkauf von Bienenprodukten von einem Imker direkt in Silica, aus einer Familienimkerei mit 25-j\u00e4hriger Tradition.\\u003c\/span\\u003e\\r\\n\\r\\n\\u003cspan data-sheets-value=\\u0022{\\u0026quot;1\\u0026quot;:2,\\u0026quot;2\\u0026quot;:\\u0026quot;Tel.Nr. +421 908 995 659 https:\/\/www.facebook.com\/Mellifera-sro-174598462707696\/\\u0026quot;}\\u0022 data-sheets-userformat=\\u0022{\\u0026quot;2\\u0026quot;:12737,\\u0026quot;3\\u0026quot;:{\\u0026quot;1\\u0026quot;:0,\\u0026quot;3\\u0026quot;:1},\\u0026quot;9\\u0026quot;:0,\\u0026quot;10\\u0026quot;:1,\\u0026quot;11\\u0026quot;:4,\\u0026quot;15\\u0026quot;:\\u0026quot;Calibri\\u0026quot;,\\u0026quot;16\\u0026quot;:11}\\u0022\\u003eTel.Nr. +421 908 995 659 https:\\u003ca href=\\u0022\/\/www.facebook.com\/Mellifera-sro-174598462707696\/\\u0022\\u003e\/\/www.facebook.com\/Mellifera-sro-174598462707696\/\\u003c\/a\\u003e\\u003c\/span\\u003e\"},\"align\":\"\",\"mode\":\"preview\"} \/-->\n\n<!-- wp:acf\/common-text-right-section {\"id\":\"block_6351065085d91\",\"name\":\"acf\/common-text-right-section\",\"data\":{\"field_60c66a6067e54\":\"\\u003cspan data-sheets-value=\\u0022{\\u0026quot;1\\u0026quot;:2,\\u0026quot;2\\u0026quot;:\\u0026quot;Medot\u00e9ka - Gesundheit aus der Natur der Wiesen von Barca und Weiden von Buzica. Bienenprodukte f\u00fcr deine Honigmomente, poetische Geschenksets mit Bienenprodukten. Such dir im Onlineshop eine handbemalte Geschenkbox aus oder kauf direkt beim Imker am Hof \u200b\u200bin Barca, Poni\u010danova ulica 1.\\u0026quot;}\\u0022 data-sheets-userformat=\\u0022{\\u0026quot;2\\u0026quot;:12737,\\u0026quot;3\\u0026quot;:{\\u0026quot;1\\u0026quot;:0,\\u0026quot;3\\u0026quot;:1},\\u0026quot;9\\u0026quot;:0,\\u0026quot;10\\u0026quot;:1,\\u0026quot;11\\u0026quot;:4,\\u0026quot;15\\u0026quot;:\\u0026quot;Calibri\\u0026quot;,\\u0026quot;16\\u0026quot;:11}\\u0022 data-sheets-textstyleruns=\\u0022{\\u0026quot;1\\u0026quot;:0,\\u0026quot;2\\u0026quot;:{\\u0026quot;3\\u0026quot;:\\u0026quot;Calibri\\u0026quot;,\\u0026quot;4\\u0026quot;:11,\\u0026quot;5\\u0026quot;:1}}\uee10{\\u0026quot;1\\u0026quot;:8,\\u0026quot;2\\u0026quot;:{\\u0026quot;3\\u0026quot;:\\u0026quot;Calibri\\u0026quot;,\\u0026quot;4\\u0026quot;:11}}\\u0022\\u003e\\u003cstrong\\u003eMedot\u00e9ka\\u003c\/strong\\u003e - Gesundheit aus der Natur der Wiesen von Barca und Weiden von Buzica. Bienenprodukte f\u00fcr deine Honigmomente, poetische Geschenksets mit Bienenprodukten. Such dir im Onlineshop eine handbemalte Geschenkbox aus oder kauf direkt beim Imker am Hof \u200b\u200bin Barca, Poni\u010danova ulica 1.\\u003c\/span\\u003e\\r\\n\\r\\n\\u003ca href=\\u0022https:\/\/www.medoteka.sk\/\\u0022\\u003e\\u003cspan style=\\u0022font-weight: 400;\\u0022\\u003ehttps:\/\/www.medoteka.sk\/\\u003c\/span\\u003e\\u003c\/a\\u003e\"},\"align\":\"\",\"mode\":\"preview\"} \/-->\n\n<!-- wp:acf\/common-image-left-section {\"id\":\"block_6351065085d92\",\"name\":\"acf\/common-image-left-section\",\"data\":{\"image\":7350,\"_image\":\"field_60c66ddbbdafe\"},\"align\":\"\",\"mode\":\"preview\"} \/-->\n\n<!-- wp:acf\/common-text-right-section {\"id\":\"block_6351065085d93\",\"name\":\"acf\/common-text-right-section\",\"data\":{\"field_60c66a6067e54\":\"\\u003cspan style=\\u0022font-weight: 400;\\u0022\\u003e\\u003cspan data-sheets-value=\\u0022{\\u0026quot;1\\u0026quot;:2,\\u0026quot;2\\u0026quot;:\\u0026quot;Bienen des Paradieses \u2013 im Bienenhaus am Standort Pamulov\u00e1. In Hrabu\u0161ice im Norden des Slowakischen Paradieses erfolgt die Bienenzucht etwas anders \u2013 freundlich. Die neue Anlage BIENEN DES PARADIESES bietet neben der \u00f6kologischen Bienenzucht auch Lern-Workshops als Erg\u00e4nzung zum Erlebnistourismus sowie Raum f\u00fcr Entspannung und Apitherapie. http:\/\/www.urbariathrabusice.sk\\u0026quot;}\\u0022 data-sheets-userformat=\\u0022{\\u0026quot;2\\u0026quot;:12737,\\u0026quot;3\\u0026quot;:{\\u0026quot;1\\u0026quot;:0,\\u0026quot;3\\u0026quot;:1},\\u0026quot;9\\u0026quot;:0,\\u0026quot;10\\u0026quot;:1,\\u0026quot;11\\u0026quot;:4,\\u0026quot;15\\u0026quot;:\\u0026quot;Calibri\\u0026quot;,\\u0026quot;16\\u0026quot;:11}\\u0022 data-sheets-textstyleruns=\\u0022{\\u0026quot;1\\u0026quot;:0,\\u0026quot;2\\u0026quot;:{\\u0026quot;3\\u0026quot;:\\u0026quot;Calibri\\u0026quot;,\\u0026quot;4\\u0026quot;:11,\\u0026quot;5\\u0026quot;:1}}\uee10{\\u0026quot;1\\u0026quot;:21,\\u0026quot;2\\u0026quot;:{\\u0026quot;3\\u0026quot;:\\u0026quot;Calibri\\u0026quot;,\\u0026quot;4\\u0026quot;:11}}\\u0022\\u003e\\u003cstrong\\u003eBienen des Paradieses\\u003c\/strong\\u003e \u2013 im Bienenhaus am Standort Pamulov\u00e1. In Hrabu\u0161ice im Norden des Slowakischen Paradieses erfolgt die Bienenzucht etwas anders \u2013 freundlich. Die neue Anlage BIENEN DES PARADIESES bietet neben der \u00f6kologischen Bienenzucht auch Lern-Workshops als Erg\u00e4nzung zum Erlebnistourismus sowie Raum f\u00fcr Entspannung und Apitherapie. \\u003c\/span\\u003e\u00a0\\u003ca href=\\u0022http:\/\/www.urbariathrabusice.sk\\u0022\\u003ehttp:\/\/www.urbariathrabusice.sk\\u003c\/a\\u003e\\u003c\/span\\u003e\"},\"align\":\"\",\"mode\":\"preview\"} \/-->\n\n<!-- wp:acf\/theme-ambassador-section {\"id\":\"block_6351065085d94\",\"name\":\"acf\/theme-ambassador-section\",\"align\":\"\",\"mode\":\"preview\"} \/-->","_de_post_name":"","_de_post_excerpt":"","_de_post_title":"Bienen des Paradieses","_pl_post_content":"<!-- wp:acf\/common-text-left-section {\"name\":\"acf\/common-text-left-section\",\"data\":{\"field_60c66a6067e54\":\"\\u003cp style=\\u0022background: white; margin: 0cm 0cm 18.0pt 0cm;\\u0022\\u003e\\u003cstrong\\u003e\\u003cspan lang=\\u0022PL\\u0022 style=\\u0022font-family: 'Source Sans Pro',sans-serif; color: #3b3b3b;\\u0022\\u003ePszczelarstwo, czyli amatorska lub profesjonalna hodowla pszczelich rodzin, jest jednym z najstarszych rzemios\u0142, kt\u00f3rego historia jest wprost zdumiewaj\u0105ca. Tradycyjne pszczelarstwo wyewoluowa\u0142o w pierwszym tysi\u0105cleciu z bartnictwa, czyli wykradania i zbierania miodu od pszcz\u00f3\u0142 le\u015bnych. Dok\u0142adnie tak, jak robi\u0105 to do dzi\u015b nied\u017awiedzie. Pierwotnie pszczo\u0142y hodowano w k\u0142odach i koszach, z kt\u00f3rych mi\u00f3d podbierano, pozbawiaj\u0105c \u017cycia pszcz\u00f3\u0142. Racjonalne pszczelarstwo zacz\u0119\u0142o si\u0119 upowszechnia\u0107 w S\u0142owacji dopiero w po\u0142owie XIX wieku.\u00a0\\u003c\/span\\u003e\\u003c\/strong\\u003e\\u003c\/p\\u003e\"},\"mode\":\"preview\"} \/-->\n\n<!-- wp:acf\/common-image-right-section {\"name\":\"acf\/common-image-right-section\",\"data\":{\"image\":7326,\"_image\":\"field_60c66ddbbdafe\"},\"mode\":\"preview\"} \/-->\n\n<!-- wp:acf\/common-text-right-section {\"name\":\"acf\/common-text-right-section\",\"data\":{\"field_60c66a6067e54\":\"\\u003cp style=\\u0022background: white; margin: 0cm 0cm 18.0pt 0cm;\\u0022\\u003e\\u003cstrong\\u003e\\u003cspan lang=\\u0022PL\\u0022 style=\\u0022font-family: 'Source Sans Pro',sans-serif; color: #3b3b3b;\\u0022\\u003eMimifarma Op\u00e1tka\\u003c\/span\\u003e\\u003c\/strong\\u003e\\u003cspan lang=\\u0022PL\\u0022 style=\\u0022font-family: 'Source Sans Pro',sans-serif; color: #3b3b3b;\\u0022\\u003e\u00a0\u2013\u00a0ma\u0142e rodzinne gospodarstwo w malowniczej miejscowo\u015bci Op\u00e1tka, niedaleko zalewu Ru\u017e\u00edn, 31 km od Koszyc w kierunku Gelnicy. Mo\u017cna tu sp\u0119dzi\u0107 czas w pasiece, podgl\u0105da\u0107 pszczo\u0142y w przeszklonym ulu do obserwacji, dowiedzie\u0107 si\u0119 ciekawostek na temat procesu powstawania miodu, spr\u00f3bowa\u0107 tutejszego miodu i miod\u00f3w pitnych, dowiedzie\u0107 si\u0119, jak powstaj\u0105 \u015bwieczki z pszczelego wosku albo przynajmniej sp\u0119dzi\u0107 czas w mi\u0142ej atmosferze niewielkiej farmy ze zwierz\u0119tami hodowlanymi lub na placu zabaw. W gospodarstwie mo\u017cna si\u0119 te\u017c zatrzyma\u0107 po s\u0142oik miodu czy inne produkty.\u00a0Aktualn\u0105 ofert\u0119 produkt\u00f3w dost\u0119pnych w bezpo\u015bredniej sprzeda\u017cy mo\u017cna uzyska\u0107 telefonicznie. \\u003c\/span\\u003e\\u003c\/p\\u003e\"},\"mode\":\"preview\"} \/-->\n\n<!-- wp:acf\/common-image-left-section {\"name\":\"acf\/common-image-left-section\",\"data\":{\"image\":7347,\"_image\":\"field_60c66ddbbdafe\"},\"mode\":\"preview\"} \/-->\n\n<!-- wp:acf\/common-image-right-section {\"name\":\"acf\/common-image-right-section\",\"data\":{\"image\":7349,\"_image\":\"field_60c66ddbbdafe\"},\"mode\":\"preview\"} \/-->\n\n<!-- wp:acf\/common-text-right-section {\"name\":\"acf\/common-text-right-section\",\"data\":{\"field_60c66a6067e54\":\"\\u003cstrong\\u003eMimifarma Op\u00e1tka\\u003c\/strong\\u003e\u00a0\u2013\u00a0ma\u0142e rodzinne gospodarstwo w malowniczej miejscowo\u015bci Op\u00e1tka, niedaleko zalewu Ru\u017e\u00edn, 31 km od Koszyc w kierunku Gelnicy. Mo\u017cna tu sp\u0119dzi\u0107 czas w pasiece, podgl\u0105da\u0107 pszczo\u0142y w przeszklonym ulu do obserwacji, dowiedzie\u0107 si\u0119 ciekawostek na temat procesu powstawania miodu, spr\u00f3bowa\u0107 tutejszego miodu i miod\u00f3w pitnych, dowiedzie\u0107 si\u0119, jak powstaj\u0105 \u015bwieczki z pszczelego wosku albo przynajmniej sp\u0119dzi\u0107 czas w mi\u0142ej atmosferze niewielkiej farmy ze zwierz\u0119tami hodowlanymi lub na placu zabaw. W gospodarstwie mo\u017cna si\u0119 te\u017c zatrzyma\u0107 po s\u0142oik miodu czy inne produkty.\u00a0Aktualn\u0105 ofert\u0119 produkt\u00f3w dost\u0119pnych w bezpo\u015bredniej sprzeda\u017cy mo\u017cna uzyska\u0107 telefonicznie.\\r\\n\\r\\nTel.: +421 948 030\u00a0264\\r\\n\\r\\n\\u003ca href=\\u0022https:\/\/www.mimifarma.eu\/\\u0022\\u003ehttps:\/\/www.mimifarma.eu\/\\u003c\/a\\u003e\\r\\n\\r\\nMIMI farma, Op\u00e1tka 35\"},\"mode\":\"preview\"} \/-->\n\n<!-- wp:acf\/common-text-right-section {\"name\":\"acf\/common-text-right-section\",\"data\":{\"field_60c66a6067e54\":\"\\u003cstrong\\u003ePasieka Mellifera\\u003c\/strong\\u003e\u00a0\u2013 spr\u00f3buj miodu z Parku Narodowego S\u0142owacki Kras, a dok\u0142adniej z p\u0142askowy\u017cu Silickiego.\u00a0 Sprzeda\u017c produkt\u00f3w prosto z rodzinnej pasieki z 25-letnimi tradycjami.\\r\\n\\r\\nTel.: +421 908 995\u00a0659\\r\\n\\r\\n\\u003ca href=\\u0022https:\/\/www.facebook.com\/Mellifera-sro-174598462707696\/\\u0022\\u003ehttps:\/\/www.facebook.com\/Mellifera-sro-174598462707696\/\\u003c\/a\\u003e\"},\"mode\":\"preview\"} \/-->\n\n<!-- wp:acf\/common-text-right-section {\"name\":\"acf\/common-text-right-section\",\"data\":{\"field_60c66a6067e54\":\"\\u003cstrong\\u003eMedot\u00e9ka\\u003c\/strong\\u003e\u00a0\u2013 zdrowie p\u0142yn\u0105ce z \u0142\u0105k i pastwisk. Produkty pszczelarskie na os\u0142od\u0119 i pe\u0142ne s\u0142odyczy zestawy prezentowe ze szczypt\u0105 poezji. Wybierz r\u0119cznie malowan\u0105 kasetk\u0119 w sklepie internetowym lub odwied\u017a pasiek\u0119 przy ulicy Poni\u010danova 1.\\r\\n\\r\\n\\u003ca href=\\u0022https:\/\/www.medoteka.sk\/\\u0022\\u003ehttps:\/\/www.medoteka.sk\/\\u003c\/a\\u003e\"},\"mode\":\"preview\"} \/-->\n\n<!-- wp:acf\/common-image-left-section {\"name\":\"acf\/common-image-left-section\",\"data\":{\"image\":7350,\"_image\":\"field_60c66ddbbdafe\"},\"mode\":\"preview\"} \/-->\n\n<!-- wp:acf\/common-text-right-section {\"name\":\"acf\/common-text-right-section\",\"data\":{\"field_60c66a6067e54\":\"\\u003cstrong\\u003eV\u010dely raja\\u003c\/strong\\u003e\u00a0\u2013 pasieka we wsi Pamulov\u00e1. W Hrabu\u0161icach, w p\u00f3\u0142nocnej cz\u0119\u015bci S\u0142owackiego Raju pszczo\u0142y hoduje si\u0119 inaczej. W nowej pasiece V\u010cELY RAJA poza ekologiczn\u0105 hodowl\u0105 pszcz\u00f3\u0142 odbywaj\u0105 si\u0119 warsztaty edukacyjne, kt\u00f3re mog\u0105 by\u0107 ciekaw\u0105 atrakcj\u0105 turystyczn\u0105. Mo\u017cna tu tak\u017ce wypocz\u0105\u0107 lub zakosztowa\u0107 apiterapii.\\r\\n\\r\\n\\u003ca href=\\u0022http:\/\/www.urbariathrabusice.sk\\u0022\\u003ehttp:\/\/www.urbariathrabusice.sk\\u003c\/a\\u003e\"},\"mode\":\"preview\"} \/-->\n\n<!-- wp:acf\/theme-ambassador-section {\"name\":\"acf\/theme-ambassador-section\",\"data\":{},\"mode\":\"preview\"} \/-->\n\n<!-- wp:acf\/common-image-right-section {\"name\":\"acf\/common-image-right-section\",\"data\":{\"image\":7326,\"_image\":\"field_60c66ddbbdafe\"},\"mode\":\"preview\"} \/-->\n\n<!-- wp:acf\/common-text-right-section {\"name\":\"acf\/common-text-right-section\",\"data\":{\"text\":\"\\u003cspan style=\\u0022font-weight: 400;\\u0022\\u003eOb\u013e\u00fabenos\u0165 v\u010delieho medu pre jeho chu\u0165 a skvel\u00e9 zdravotn\u00e9 benefity pre \u010dloveka, spravili zo v\u010diel pracovit\u00e9ho \u017eivo\u010d\u00edcha \u010fal\u0161ie \u201cchovn\u00e9 zvieratko\u201c. Dnes je v\u00fdznam v\u010diel d\u00f4le\u017eitej\u0161\u00ed viac ako kedyko\u013evek predt\u00fdm, mno\u017estvo v\u010del\u00e1rskych nad\u0161encov si zaklad\u00e1 mal\u00e9 v\u010delie rodiny a st\u00e1\u010da vlastn\u00fd med. Popul\u00e1rny je aj chov v\u010diel priamo v mest\u00e1ch, na strech\u00e1ch budov i v mestsk\u00fdch parkoch. U\u010daroval v\u00e1m z\u00e1hadn\u00fd \u017eivot v\u010diel, ich spr\u00e1vanie a\u00a0ritu\u00e1ly? Alebo ste len milovn\u00edkom sladu\u010dk\u00e9ho medu, vo\u0148av\u00fdch svie\u010dok zo v\u010delieho vosku a ned\u00e1te dopusti\u0165 na propolis alebo obn\u00f4\u017ekov\u00fd pe\u013e? Odpor\u00fa\u010dame v\u00e1m nav\u0161t\u00edvi\u0165 v\u010del\u00e1rov z v\u00fdchodu a ochutna\u0165 med z kvetnat\u00fdch l\u00fak, ag\u00e1tov\u00fdch h\u00e1jov \u010di medovicu z jed\u013eov\u00fdch h\u00f4r. \\u003c\/span\\u003e\",\"_text\":\"field_60c66a6067e54\"},\"mode\":\"preview\"} \/-->\n\n<!-- wp:acf\/common-image-left-section {\"name\":\"acf\/common-image-left-section\",\"data\":{\"image\":7347,\"_image\":\"field_60c66ddbbdafe\"},\"mode\":\"preview\"} \/-->\n\n<!-- wp:acf\/common-image-right-section {\"name\":\"acf\/common-image-right-section\",\"data\":{\"image\":7349,\"_image\":\"field_60c66ddbbdafe\"},\"mode\":\"preview\"} \/-->\n\n<!-- wp:acf\/common-text-right-section {\"name\":\"acf\/common-text-right-section\",\"data\":{\"text\":\"\\u003cspan style=\\u0022font-weight: 400;\\u0022\\u003e\\u003cstrong\\u003eMimifarma Op\u00e1tka\\u003c\/strong\\u003e -\u00a0 mal\u00e1 rodinn\u00fa farma v malebnej obce Op\u00e1tka, ne\u010faleko priehrady Ru\u017e\u00edn. 31 km od Ko\u0161\u00edc smerom na Gelnicu, kde m\u00f4\u017eete str\u00e1vi\u0165 \u010das priamo vo v\u010delnici, sk\u00fama\u0165 v\u010delstvo cez presklen\u00fd pozorovac\u00ed \u00fa\u013e, dozvedie\u0165 sa o procese spracovania medu, ochutna\u0165 med a medovinu, nau\u010di\u0165 sa vyr\u00e1ba\u0165 svie\u010dku zo v\u010delieho vosku, \u010di len str\u00e1vi\u0165 \u010das v pr\u00edjemnej atmosf\u00e9re mini farmy so zvieratkami a pri hr\u00e1ch na ihrisku. Zastavi\u0165 sa m\u00f4\u017eete na farme aj po poh\u00e1r prav\u00e9ho medu, \u010di in\u00fdch farm\u00e1rskych produktov.\u00a0\\u003c\/span\\u003e\\r\\n\\r\\n\\u003cspan style=\\u0022font-weight: 400;\\u0022\\u003eAktu\u00e1lnu ponuku produktov pred\u00e1van\u00fdch z dvora z\u00edskate priamo od farm\u00e1rov na tel. \u010d. 0948 030 264 \\u003ca href=\\u0022https:\/\/www.mimifarma.eu\/\\u0022\\u003ehttps:\/\/www.mimifarma.eu\/\\u003c\/a\\u003e \\u003c\/span\\u003e\\r\\n\\r\\n\\u003cspan style=\\u0022font-weight: 400;\\u0022\\u003eMIMI farma Op\u00e1tka 35\\u003c\/span\\u003e\",\"_text\":\"field_60c66a6067e54\"},\"mode\":\"preview\"} \/-->\n\n<!-- wp:acf\/common-text-right-section {\"name\":\"acf\/common-text-right-section\",\"data\":{\"text\":\"\\u003cspan style=\\u0022font-weight: 400;\\u0022\\u003e\\u003cstrong\\u003eV\u010del\u00e1rstvo Mellifera\\u003c\/strong\\u003e - ochutnajte med zo Silickej planiny priamo v N\u00e1rodnom parku Slovensk\u00fd kras.\u00a0 Predaj v\u010del\u00edch produktov priamo od v\u010del\u00e1ra v Silici z rodinn\u00e9ho v\u010del\u00e1rstva s\u00a025-ro\u010dnou trad\u00edciou.\\u003c\/span\\u003e\\r\\n\\r\\n\\u003cspan style=\\u0022font-weight: 400;\\u0022\\u003eTel. \u010d\u00edslo 0908 995 659 \\u003ca href=\\u0022https:\/\/www.facebook.com\/Mellifera-sro-174598462707696\/\\u0022\\u003ehttps:\/\/www.facebook.com\/Mellifera-sro-174598462707696\/\\u003c\/a\\u003e\\u003c\/span\\u003e\",\"_text\":\"field_60c66a6067e54\"},\"mode\":\"preview\"} \/-->\n\n<!-- wp:acf\/common-text-right-section {\"name\":\"acf\/common-text-right-section\",\"data\":{\"text\":\"\\u003cspan style=\\u0022font-weight: 400;\\u0022\\u003e\\u003cstrong\\u003eMedot\u00e9ka\\u003c\/strong\\u003e\u00a0 - zdravie z pr\u00edrody bar\u010dianskych l\u00fak a pa\u0161e z Buzice. V\u010delovinky pre va\u0161e medov\u00e9 chv\u00edle, dar\u010dekov\u00e9 balenia v\u010del\u00edch produktov s po\u00e9ziou. Vyberte si z online medov\u00e9ho obchod\u00edka ru\u010dne ma\u013eovan\u00fa dar\u010dekov\u00fa kazetku\u00a0 alebo nak\u00fapte od v\u010del\u00e1ra priamo z dvora v Barci, na Poni\u010danovej ulici 1.\u00a0\\u003c\/span\\u003e\\r\\n\\r\\n\\u003ca href=\\u0022https:\/\/www.medoteka.sk\/\\u0022\\u003e\\u003cspan style=\\u0022font-weight: 400;\\u0022\\u003ehttps:\/\/www.medoteka.sk\/\\u003c\/span\\u003e\\u003c\/a\\u003e\",\"_text\":\"field_60c66a6067e54\"},\"mode\":\"preview\"} \/-->\n\n<!-- wp:acf\/common-image-left-section {\"name\":\"acf\/common-image-left-section\",\"data\":{\"image\":7350,\"_image\":\"field_60c66ddbbdafe\"},\"mode\":\"preview\"} \/-->\n\n<!-- wp:acf\/common-text-right-section {\"name\":\"acf\/common-text-right-section\",\"data\":{\"text\":\"\\u003cspan style=\\u0022font-weight: 400;\\u0022\\u003e\\u003cstrong\\u003eV\u010dely raja\\u003c\/strong\\u003e - vo v\u010delnici v lokalite Pamulov\u00e1. V Hrabu\u0161iciach na severe Slovensk\u00e9ho raja sa v\u010dielky chovaj\u00fa trocha inak - pr\u00edvetivo. V novom are\u00e1li V\u010cELY RAJA sa okrem ekologick\u00e9ho chovu v\u010diel poskytuj\u00fa vzdel\u00e1vacie workshopy dop\u013a\u0148aj\u00face z\u00e1\u017eitkov\u00fa turistiku, n\u00e1jdete tam priestor pre oddych a apiterapiu. \\u003ca href=\\u0022http:\/\/www.urbariathrabusice.sk\\u0022\\u003ehttp:\/\/www.urbariathrabusice.sk\\u003c\/a\\u003e\\u003c\/span\\u003e\",\"_text\":\"field_60c66a6067e54\"},\"mode\":\"preview\"} \/-->\n\n<!-- wp:acf\/theme-ambassador-section {\"name\":\"acf\/theme-ambassador-section\",\"mode\":\"preview\"} \/-->","_pl_post_name":"","_pl_post_excerpt":"","_pl_post_title":" Rajskie pszczo\u0142y","_it_post_content":"","_it_post_name":"","_it_post_excerpt":"","_it_post_title":"","edit_language":"en","footnotes":""},"topic_group":[432],"class_list":["post-7174","topic","type-topic","status-publish","format-standard","has-post-thumbnail","hentry","topic_group-nedotknute-tradicie-a-remesla"],"acf":[],"yoast_head":"<!-- This site is optimized with the Yoast SEO Premium plugin v25.5 (Yoast SEO v27.4) - https:\/\/yoast.com\/product\/yoast-seo-premium-wordpress\/ -->\n<title>Ko\u0161ice Regi\u00f3n<\/title>\n<meta name=\"robots\" content=\"index, follow, max-snippet:-1, max-image-preview:large, max-video-preview:-1\" \/>\n<link rel=\"canonical\" href=\"https:\/\/www.kosiceregion.com\/sk\/topic\/vcely-raja\/\" \/>\n<meta property=\"og:locale\" content=\"en_GB\" \/>\n<meta property=\"og:type\" content=\"article\" \/>\n<meta property=\"og:title\" content=\"V\u010dely raja\" \/>\n<meta property=\"og:url\" content=\"https:\/\/www.kosiceregion.com\/en\/wp-json\/wp\/v2\/topics\/7174\" \/>\n<meta property=\"og:site_name\" content=\"Ko\u0161ice Regi\u00f3n\" \/>\n<meta property=\"article:publisher\" content=\"https:\/\/www.facebook.com\/kosiceregion\" \/>\n<meta property=\"article:modified_time\" content=\"2023-06-28T13:08:17+00:00\" \/>\n<meta property=\"og:image\" content=\"https:\/\/www.kosiceregion.com\/wp-content\/uploads\/2021\/07\/KP_0006-scaled.jpg\" \/>\n\t<meta property=\"og:image:width\" content=\"2560\" \/>\n\t<meta property=\"og:image:height\" content=\"1707\" \/>\n\t<meta property=\"og:image:type\" content=\"image\/jpeg\" \/>\n<meta name=\"twitter:card\" content=\"summary_large_image\" \/>\n<meta name=\"twitter:site\" content=\"@KOSICEREGION\" \/>\n<script type=\"application\/ld+json\" class=\"yoast-schema-graph\">{\"@context\":\"https:\\\/\\\/schema.org\",\"@graph\":[{\"@type\":\"WebPage\",\"@id\":\"https:\\\/\\\/www.kosiceregion.com\\\/sk\\\/topic\\\/vcely-raja\\\/\",\"url\":\"https:\\\/\\\/www.kosiceregion.com\\\/sk\\\/topic\\\/vcely-raja\\\/\",\"name\":\"V\u010dely raja - Ko\u0161ice Regi\u00f3n\",\"isPartOf\":{\"@id\":\"https:\\\/\\\/www.kosiceregion.com\\\/#website\"},\"primaryImageOfPage\":{\"@id\":\"https:\\\/\\\/www.kosiceregion.com\\\/sk\\\/topic\\\/vcely-raja\\\/#primaryimage\"},\"image\":{\"@id\":\"https:\\\/\\\/www.kosiceregion.com\\\/sk\\\/topic\\\/vcely-raja\\\/#primaryimage\"},\"thumbnailUrl\":\"https:\\\/\\\/www.kosiceregion.com\\\/wp-content\\\/uploads\\\/2021\\\/07\\\/KP_0006-scaled.jpg\",\"datePublished\":\"2021-12-09T08:05:56+00:00\",\"dateModified\":\"2023-06-28T13:08:17+00:00\",\"breadcrumb\":{\"@id\":\"https:\\\/\\\/www.kosiceregion.com\\\/sk\\\/topic\\\/vcely-raja\\\/#breadcrumb\"},\"inLanguage\":\"en-GB\",\"potentialAction\":[{\"@type\":\"ReadAction\",\"target\":[\"https:\\\/\\\/www.kosiceregion.com\\\/sk\\\/topic\\\/vcely-raja\\\/\"]}]},{\"@type\":\"ImageObject\",\"inLanguage\":\"en-GB\",\"@id\":\"https:\\\/\\\/www.kosiceregion.com\\\/sk\\\/topic\\\/vcely-raja\\\/#primaryimage\",\"url\":\"https:\\\/\\\/www.kosiceregion.com\\\/wp-content\\\/uploads\\\/2021\\\/07\\\/KP_0006-scaled.jpg\",\"contentUrl\":\"https:\\\/\\\/www.kosiceregion.com\\\/wp-content\\\/uploads\\\/2021\\\/07\\\/KP_0006-scaled.jpg\",\"width\":2560,\"height\":1707},{\"@type\":\"BreadcrumbList\",\"@id\":\"https:\\\/\\\/www.kosiceregion.com\\\/sk\\\/topic\\\/vcely-raja\\\/#breadcrumb\",\"itemListElement\":[{\"@type\":\"ListItem\",\"position\":1,\"name\":\"Home\",\"item\":\"https:\\\/\\\/www.kosiceregion.com\\\/sk\\\/\"},{\"@type\":\"ListItem\",\"position\":2,\"name\":\"V\u010dely raja\"}]},{\"@type\":\"WebSite\",\"@id\":\"https:\\\/\\\/www.kosiceregion.com\\\/#website\",\"url\":\"https:\\\/\\\/www.kosiceregion.com\\\/\",\"name\":\"Ko\u0161ice Regi\u00f3n\",\"description\":\"Turistick\u00fd sprievodca Ko\u0161ick\u00fdm krajom\",\"publisher\":{\"@id\":\"https:\\\/\\\/www.kosiceregion.com\\\/#organization\"},\"potentialAction\":[{\"@type\":\"SearchAction\",\"target\":{\"@type\":\"EntryPoint\",\"urlTemplate\":\"https:\\\/\\\/www.kosiceregion.com\\\/?s={search_term_string}\"},\"query-input\":{\"@type\":\"PropertyValueSpecification\",\"valueRequired\":true,\"valueName\":\"search_term_string\"}}],\"inLanguage\":\"en-GB\"},{\"@type\":\"Organization\",\"@id\":\"https:\\\/\\\/www.kosiceregion.com\\\/#organization\",\"name\":\"Ko\u0161ice Regi\u00f3n Turizmus\",\"url\":\"https:\\\/\\\/www.kosiceregion.com\\\/\",\"logo\":{\"@type\":\"ImageObject\",\"inLanguage\":\"en-GB\",\"@id\":\"https:\\\/\\\/www.kosiceregion.com\\\/#\\\/schema\\\/logo\\\/image\\\/\",\"url\":\"https:\\\/\\\/www.kosiceregion.com\\\/wp-content\\\/uploads\\\/2019\\\/03\\\/logo-web-sk.png\",\"contentUrl\":\"https:\\\/\\\/www.kosiceregion.com\\\/wp-content\\\/uploads\\\/2019\\\/03\\\/logo-web-sk.png\",\"width\":225,\"height\":100,\"caption\":\"Ko\u0161ice Regi\u00f3n Turizmus\"},\"image\":{\"@id\":\"https:\\\/\\\/www.kosiceregion.com\\\/#\\\/schema\\\/logo\\\/image\\\/\"},\"sameAs\":[\"https:\\\/\\\/www.facebook.com\\\/kosiceregion\",\"https:\\\/\\\/x.com\\\/KOSICEREGION\",\"https:\\\/\\\/www.instagram.com\\\/kosiceregion\",\"https:\\\/\\\/www.youtube.com\\\/kosiceregion\"]}]}<\/script>\n<!-- \/ Yoast SEO Premium plugin. -->","yoast_head_json":{"title":"Ko\u0161ice Regi\u00f3n","robots":{"index":"index","follow":"follow","max-snippet":"max-snippet:-1","max-image-preview":"max-image-preview:large","max-video-preview":"max-video-preview:-1"},"canonical":"https:\/\/www.kosiceregion.com\/sk\/topic\/vcely-raja\/","og_locale":"en_GB","og_type":"article","og_title":"V\u010dely raja","og_url":"https:\/\/www.kosiceregion.com\/en\/wp-json\/wp\/v2\/topics\/7174","og_site_name":"Ko\u0161ice Regi\u00f3n","article_publisher":"https:\/\/www.facebook.com\/kosiceregion","article_modified_time":"2023-06-28T13:08:17+00:00","og_image":[{"width":2560,"height":1707,"url":"https:\/\/www.kosiceregion.com\/wp-content\/uploads\/2021\/07\/KP_0006-scaled.jpg","type":"image\/jpeg"}],"twitter_card":"summary_large_image","twitter_site":"@KOSICEREGION","schema":{"@context":"https:\/\/schema.org","@graph":[{"@type":"WebPage","@id":"https:\/\/www.kosiceregion.com\/sk\/topic\/vcely-raja\/","url":"https:\/\/www.kosiceregion.com\/sk\/topic\/vcely-raja\/","name":"V\u010dely raja - Ko\u0161ice Regi\u00f3n","isPartOf":{"@id":"https:\/\/www.kosiceregion.com\/#website"},"primaryImageOfPage":{"@id":"https:\/\/www.kosiceregion.com\/sk\/topic\/vcely-raja\/#primaryimage"},"image":{"@id":"https:\/\/www.kosiceregion.com\/sk\/topic\/vcely-raja\/#primaryimage"},"thumbnailUrl":"https:\/\/www.kosiceregion.com\/wp-content\/uploads\/2021\/07\/KP_0006-scaled.jpg","datePublished":"2021-12-09T08:05:56+00:00","dateModified":"2023-06-28T13:08:17+00:00","breadcrumb":{"@id":"https:\/\/www.kosiceregion.com\/sk\/topic\/vcely-raja\/#breadcrumb"},"inLanguage":"en-GB","potentialAction":[{"@type":"ReadAction","target":["https:\/\/www.kosiceregion.com\/sk\/topic\/vcely-raja\/"]}]},{"@type":"ImageObject","inLanguage":"en-GB","@id":"https:\/\/www.kosiceregion.com\/sk\/topic\/vcely-raja\/#primaryimage","url":"https:\/\/www.kosiceregion.com\/wp-content\/uploads\/2021\/07\/KP_0006-scaled.jpg","contentUrl":"https:\/\/www.kosiceregion.com\/wp-content\/uploads\/2021\/07\/KP_0006-scaled.jpg","width":2560,"height":1707},{"@type":"BreadcrumbList","@id":"https:\/\/www.kosiceregion.com\/sk\/topic\/vcely-raja\/#breadcrumb","itemListElement":[{"@type":"ListItem","position":1,"name":"Home","item":"https:\/\/www.kosiceregion.com\/sk\/"},{"@type":"ListItem","position":2,"name":"V\u010dely raja"}]},{"@type":"WebSite","@id":"https:\/\/www.kosiceregion.com\/#website","url":"https:\/\/www.kosiceregion.com\/","name":"Ko\u0161ice Regi\u00f3n","description":"Turistick\u00fd sprievodca Ko\u0161ick\u00fdm krajom","publisher":{"@id":"https:\/\/www.kosiceregion.com\/#organization"},"potentialAction":[{"@type":"SearchAction","target":{"@type":"EntryPoint","urlTemplate":"https:\/\/www.kosiceregion.com\/?s={search_term_string}"},"query-input":{"@type":"PropertyValueSpecification","valueRequired":true,"valueName":"search_term_string"}}],"inLanguage":"en-GB"},{"@type":"Organization","@id":"https:\/\/www.kosiceregion.com\/#organization","name":"Ko\u0161ice Regi\u00f3n Turizmus","url":"https:\/\/www.kosiceregion.com\/","logo":{"@type":"ImageObject","inLanguage":"en-GB","@id":"https:\/\/www.kosiceregion.com\/#\/schema\/logo\/image\/","url":"https:\/\/www.kosiceregion.com\/wp-content\/uploads\/2019\/03\/logo-web-sk.png","contentUrl":"https:\/\/www.kosiceregion.com\/wp-content\/uploads\/2019\/03\/logo-web-sk.png","width":225,"height":100,"caption":"Ko\u0161ice Regi\u00f3n Turizmus"},"image":{"@id":"https:\/\/www.kosiceregion.com\/#\/schema\/logo\/image\/"},"sameAs":["https:\/\/www.facebook.com\/kosiceregion","https:\/\/x.com\/KOSICEREGION","https:\/\/www.instagram.com\/kosiceregion","https:\/\/www.youtube.com\/kosiceregion"]}]}},"_links":{"self":[{"href":"https:\/\/www.kosiceregion.com\/en\/wp-json\/wp\/v2\/topics\/7174","targetHints":{"allow":["GET"]}}],"collection":[{"href":"https:\/\/www.kosiceregion.com\/en\/wp-json\/wp\/v2\/topics"}],"about":[{"href":"https:\/\/www.kosiceregion.com\/en\/wp-json\/wp\/v2\/types\/topic"}],"author":[{"embeddable":true,"href":"https:\/\/www.kosiceregion.com\/en\/wp-json\/wp\/v2\/users\/10"}],"version-history":[{"count":6,"href":"https:\/\/www.kosiceregion.com\/en\/wp-json\/wp\/v2\/topics\/7174\/revisions"}],"predecessor-version":[{"id":11200,"href":"https:\/\/www.kosiceregion.com\/en\/wp-json\/wp\/v2\/topics\/7174\/revisions\/11200"}],"wp:featuredmedia":[{"embeddable":true,"href":"https:\/\/www.kosiceregion.com\/en\/wp-json\/wp\/v2\/media\/7347"}],"wp:attachment":[{"href":"https:\/\/www.kosiceregion.com\/en\/wp-json\/wp\/v2\/media?parent=7174"}],"wp:term":[{"taxonomy":"topic_group","embeddable":true,"href":"https:\/\/www.kosiceregion.com\/en\/wp-json\/wp\/v2\/topic_group?post=7174"}],"curies":[{"name":"wp","href":"https:\/\/api.w.org\/{rel}","templated":true}]}}