{"id":7181,"date":"2021-12-09T14:19:35","date_gmt":"2021-12-09T13:19:35","guid":{"rendered":"https:\/\/www.kosiceregion.com\/?post_type=topic&#038;p=7181"},"modified":"2023-06-29T14:57:27","modified_gmt":"2023-06-29T12:57:27","slug":"","status":"publish","type":"topic","link":"https:\/\/www.kosiceregion.com\/en\/topic\/adrenalin-v-raji\/","title":{"rendered":"Adrenaline in Paradise","raw":"Adrenaline in Paradise"},"content":{"rendered":"\n<div id=\"common-text-3-4-left-block_629908bf60e2b\" class=\"common-text-3-4-left col-lg-10 offset-lg-1 col-xl-8 offset-xl-2 col-12\">\n    <div class=\"col-sm-8 col-12 px-0\">\n        <p><p><b>If paradise, then the Slovak one! Rippling streams, winding cliffs and dense coniferous forests, whose peaks touch the sky. Magical waterfalls, fragments of history hidden in the most unexpected places and the wildness of nature confirm the distinctive name of the Slovak Paradise National Park. A real paradise for tourists, athletes and nature adorers, one of the nine Slovak national parks, which will embrace you and engulf you with its beauty. Be the discoverer of untouched nooks and crannies, conqueror of majestic rocks, grapple with the ferocity of the Horn\u00e1d River. Get everything that the Slovak Paradise has to offer, pass the test of courage, expand the limits of your physical abilities in the company of experienced instructors of sailing, rafting, rock climbing. Treat yourself to a dose of endorphins on the ferrata in the acid gorge, borrow the sky and experience an adrenaline jump from a plane in tandem. Or will it rather be your first solo jump after completing a 5-day skydiving course?<\/b><\/p>\n<\/p>\n    <\/div>\n    <style type=\"text\/css\">\n        #common-text-3-4-left-block_629908bf60e2b {\n            margin-top: 3rem;\n        }\n    <\/style>\n<\/div>\n\n\n<div id=\"common-text-3-4-right-block_6298bff586acd\" class=\"common-text-3-4-right col-lg-10 offset-lg-1 col-xl-8 offset-xl-2 col-12\">\n<div class=\"col-sm-8 col-12 offset-sm-4 px-0\">\n        <p><p><strong>Ferrata Kyse\u013e\u00a0<\/strong><\/p>\n<p>Forty years after the devastating fire, after which the Kyse\u013e Gorge was closed to the tourist public, you may visit it once again. More demanding passages are secured in the form of a secured path with fixed ropes and iron risers &#8211; via ferrata. The technical equipment of the ferrata enables a safe and comfortable crossing of the Kyse\u013e Gorge, which is the strictest protected zone of the national park. The mandatory equipment when visiting the ferrata includes the ferrata set. It is possible to visit the Ferrata either individually or it is possible to order an accompaniment at the Slovak Paradise National Park Administration with an expert explanation by an employee of the National Park Administration. However, escort on a ferrata is not mandatory. Ferrata is open from 15 June to 31 October and is recommended for guests over 6 years old. It is one-way, exclusively in the bottom-up direction. The price of the basic ticket is 5 \u20ac, which is ideal to buy in advance and book the date of your experience. You can also buy it in the form of an SMS via Slovak operators or directly on the spot in the amount of 10 \u20ac, without the right to possible discounts. Fir details on the necessary equipment, attractions, including operating rules, see the website http:\/\/npslovenskyraj.sopsr.sk\/ferrata-hzs-kysel-zakladne-informacie-pre-navstevnikov\/. You may rent ferrata sets for a minimal fee in Chata na Rozcest\u00ed, in the central rental shop in \u010cingov, in Podlesok, Kl\u00e1\u0161torisko and many other places published on the website. Accompaniment through the gorge with a professional employee of the Slovak Paradise National Park Administration or another trained employee with an expert explanation of the nature, history and attractions of the Kyse\u013e Gorge may be ordered from the Slovak Paradise National Park Administration. The starting point from which the employee accompanies is Kyse\u013e (estuary). The price of the escort is the same &#8211; 50 \u20ac per group. The group size is a maximum of 10 people. The price does not include a ferrata ticket, the rental of a ferrata set when accompanied is charged separately in the amount of 5 \u20ac\/set\/person.<\/p>\n<p>You may book an escort by filling out the preliminary form on the site in the CALENDAR OF REGISTERED PEOPLE FOR FERRATA KYSE\u013d ACCOMPANYING.<\/p>\n<p>The maximum number of people that can pass through the ferrata is 18 persons per day, 9 persons per guide.<\/p>\n<\/p>\n    <\/div>\n    <style type=\"text\/css\">\n        #common-text-3-4-right-block_6298bff586acd {\n            margin-top: 3rem;\n        }\n    <\/style>\n<\/div>\n\n\n<div id=\"common-image-3-4-left-block_6298bff586ace\" class=\"common-image-3-4-left col-lg-10 offset-lg-1 col-xl-8 offset-xl-2 col-12\">\n    <div class=\"col-sm-8 col-12 offset-sm-4 px-0\">\n        <div class=\"image-container\">\n            <img decoding=\"async\" src=\"https:\/\/www.kosiceregion.com\/wp-content\/uploads\/2021\/12\/Kysel_1.25.1-1024x576.jpg\" \/>\n        <\/div>\n    <\/div>\n    <style type=\"text\/css\">\n        #common-image-3-4-left-block_6298bff586ace {\n            margin-top: 3rem;\n        }\n        #common-image-3-4-left-block_6298bff586ace .image-container { \n            position: relative; \n            padding-bottom: 56.25%;\n            overflow: hidden;\n            max-width: 100%;\n            height: auto;\n        } \n        #common-image-3-4-left-block_6298bff586ace .image-container img { \n            position: absolute;\n            top: 0;\n            left: 0;\n            width: 100%;\n            height: 100%;\n            object-fit: cover;\n        }\n    <\/style>\n<\/div>\n\n\n<div id=\"common-image-3-4-left-block_6298bff586acf\" class=\"common-image-3-4-left col-lg-10 offset-lg-1 col-xl-8 offset-xl-2 col-12\">\n    <div class=\"col-sm-8 col-12 px-0\">\n        <div class=\"image-container\">\n            <img decoding=\"async\" src=\"https:\/\/www.kosiceregion.com\/wp-content\/uploads\/2021\/12\/Kysel_1.18.1-1024x576.jpg\" \/>\n        <\/div>\n    <\/div>\n    <style type=\"text\/css\">\n        #common-image-3-4-left-block_6298bff586acf {\n            margin-top: 3rem;\n        }\n        #common-image-3-4-left-block_6298bff586acf .image-container { \n            position: relative; \n            padding-bottom: 56.25%;\n            overflow: hidden;\n            max-width: 100%;\n            height: auto;\n        } \n        #common-image-3-4-left-block_6298bff586acf .image-container img { \n            position: absolute;\n            top: 0;\n            left: 0;\n            width: 100%;\n            height: 100%;\n            object-fit: cover;\n        }\n    <\/style>\n<\/div>\n\n\n<div id=\"common-text-3-4-right-block_6298bff586ad0\" class=\"common-text-3-4-right col-lg-10 offset-lg-1 col-xl-8 offset-xl-2 col-12\">\n<div class=\"col-sm-8 col-12 offset-sm-4 px-0\">\n        <p><p><strong>Rafting of the Horn\u00e1d Gorge<\/strong><\/p>\n<p>The Horn\u00e1d Gorge is considered one of the most beautiful canyons in Slovakia. If you have so far only known it as a hiker, we have an original adventurous form for you to discover it &#8211; by water. Since 2016, the canyon has been open again to paddlers. The rafting of the Horn\u00e1d Gorge in the Slovak Paradise may be experienced from a canoe and a boat, accompanied by experienced instructors. The cruise starts in Hrabu\u0161ice by the road bridge, where there is an official boarding point. The adventure on the river, which may last 3-4 hours, brings more adrenaline moments and the final euphoria of overcoming oneself. It is recommended to complete a relatively demanding rafting especially for those visitors who already have had some experience from other rafting. Not suitable for complete beginners and non-swimmers. Before the rafting, take a canoeing course and choose a rafting on the quieter parts of the Horn\u00e1d River. Experienced paddlers will be happy to help you choose the right experience. The price of the experience is 30 \u20ac and includes boat rental and equipment (paddles, vests, helmets, wetsuits), instructor services, boat transport. A fee is required for a rafting permit in the Slovak Paradise National Park, which is 10 \u20ac\/person and is to be paid in cash on the spot, it includes insurance in case of rescue by the fire brigade.<\/p>\n<\/p>\n    <\/div>\n    <style type=\"text\/css\">\n        #common-text-3-4-right-block_6298bff586ad0 {\n            margin-top: 3rem;\n        }\n    <\/style>\n<\/div>\n\n\n<div id=\"common-image-3-4-left-block_6298bff586ad1\" class=\"common-image-3-4-left col-lg-10 offset-lg-1 col-xl-8 offset-xl-2 col-12\">\n    <div class=\"col-sm-8 col-12 px-0\">\n        <div class=\"image-container\">\n            <img decoding=\"async\" src=\"https:\/\/www.kosiceregion.com\/wp-content\/uploads\/2021\/12\/Kysel_1.22.1-1024x576.jpg\" \/>\n        <\/div>\n    <\/div>\n    <style type=\"text\/css\">\n        #common-image-3-4-left-block_6298bff586ad1 {\n            margin-top: 3rem;\n        }\n        #common-image-3-4-left-block_6298bff586ad1 .image-container { \n            position: relative; \n            padding-bottom: 56.25%;\n            overflow: hidden;\n            max-width: 100%;\n            height: auto;\n        } \n        #common-image-3-4-left-block_6298bff586ad1 .image-container img { \n            position: absolute;\n            top: 0;\n            left: 0;\n            width: 100%;\n            height: 100%;\n            object-fit: cover;\n        }\n    <\/style>\n<\/div>\n\n\n<div id=\"common-text-3-4-right-block_6298bff586ad2\" class=\"common-text-3-4-right col-lg-10 offset-lg-1 col-xl-8 offset-xl-2 col-12\">\n<div class=\"col-sm-8 col-12 offset-sm-4 px-0\">\n        <p><p><strong>Sky rental<\/strong><\/p>\n<p>If your earthly experiences are mundane and you long for an extra dose of excitement in the clouds, then we have a &#8220;big deal&#8221; for you. Borrow a piece of the sky, spend about 20 minutes on board an airplane that will take you beyond ordinary views! Enjoy the impressive view of the picturesque Slovak Paradise, the majestic High Tatras, the historic Levo\u010da, the Spi\u0161 Castle and get ready to jump! At an altitude of 3,000 metres, expect an extreme accumulation of emotions, the explosion of which you will experience in a 35-second free fall at a speed of 200 km per hour perpendicular to the ground, or even your controlled, 5 to 7 minutes peaceful parachute flight. Have you chosen? If so, visit compact.sk.<\/p>\n<p>SKY RENTAL COMPACT Skydive &amp; Flying &#8211; provides comprehensive services in the field of sports and recreational skydiving. It organises tandem jumps, parachuting courses for those interested in the first solo jump, runs a parachuting school and a school for flying on ultralight aircraft. It is also the main organiser and founder of the Slovak Parachuting League in precision landing.<\/p>\n<\/p>\n    <\/div>\n    <style type=\"text\/css\">\n        #common-text-3-4-right-block_6298bff586ad2 {\n            margin-top: 3rem;\n        }\n    <\/style>\n<\/div>\n\n\n\n\n<div id=\"theme-ambassador-section-block_6298bff586ad3\" class=\"theme-ambassador-section\" style=\"background-color: #64e42b;\">\n    <div class=\" col-lg-10 offset-lg-1 col-xl-8 offset-xl-2 col-12\">\n        <div id=\"carouselAmbassadors\" class=\"carousel slide col-12\" data-ride=\"carousel\" data-interval=\"7000\">\n            <div class=\"carousel-inner pt-4\">\n                                <div class=\"carousel-item active\">\n                        <div class=\"row col-12 py-5\">\n                            <div class=\"col-sm-4 col-12\">\n                                <div class=\"img-square\" style=\"background-image: url(https:\/\/www.kosiceregion.com\/wp-content\/uploads\/2021\/07\/Sabovcik-1024x683.jpg);\"><\/div>\n                            <\/div>\n                            <div class=\"col-sm-8 col-12 mt-sm-0 mt-3\">\n                                <h3>Michal Sabov\u010d\u00edk \u2013 ADRENALINE<\/h3>\n                                <p><p><strong>Tags<\/strong><\/p>\n<p>Mountains, wildlife, adrenaline<\/p>\n<p>On Michal<\/p>\n<p>Thanks to his climbing success, Michal can fly peacefully in the clouds, and he does! As a young man, he climbed to a height of 7134 metres above sea level\u00a0 and stood on top of Lenin Peak. He humbly conquered the top of the Patagonian Cerro Torre and managed to climb the legendary Fitz Roy. They also appreciated his courage and sports talent in the JAMES Mountaineering Association which awarded him several awards and he also worked in the Slovak mountaineering team. With Michal, every &#8220;townman&#8221; turns into an adventurer who falls in love with wildlife!<\/p>\n<p>More information<\/p>\n<p><a href=\"http:\/\/michalsabovcik.com\/\">http:\/\/michalsabovcik.com\/<\/a><\/p>\n<p>&nbsp;<\/p>\n<\/p>\n                            <\/div>\n                        <\/div>\n                    <\/div>\n                                                            <\/div>\n        <\/div>\n    <\/div>\n    <style type=\"text\/css\">\n        #theme-ambassador-section-block_6298bff586ad3 {\n            margin-top: 5rem;\n        }\n        #theme-ambassador-section-block_6298bff586ad3 h3 {\n            color: #fff;\n            margin-top: .5rem;\n            margin-bottom: .5rem;\n        }\n        #theme-ambassador-section-block_6298bff586ad3 p {\n            color: #000;\n        }\n    <\/style>\n<\/div>\n\n<div class=\"section-front\">\n    <div class=\"row col-12 center-horizontal max-width\">\n        <div class=\"section-title mt-sm-3 mt-5 mb-5\">ambassadors of kraj sveta<\/div>\n        <div class=\"ambassadors-top-nav owl-nav\"><\/div>\n        <div class=\"owl-vl\"><\/div>\n    <\/div>\n\n    <div class=\"row col-12 center-horizontal max-width mb-5\">\n        <div class=\"owl-content\">\n            <div id=\"owl-carousel-ambassadors\" class=\"owl-carousel owl-theme\">\n                        <div class=\"item card-poi-item pb-3 px-2\" style=\"overflow: hidden;\">\n                <a href=\"https:\/\/www.kosiceregion.com\/en\/ambassador\/marcel-slivka-vcely-raja\/\">\n                    <div style=\"position: relative; background-image: url('https:\/\/www.kosiceregion.com\/wp-content\/uploads\/2021\/07\/AA_8218-2-1024x683.jpg')\" class=\"img-square hvr-grow\"><\/div>\n                    <div style=\"position: absolute; bottom: 1rem; left: 1.5rem; right: 45%; color: #fff;\">\n                        <h5 style=\"font-size: 1.1rem; text-shadow: 0 3px 6px rgb(0 0 0 \/ 36%);\">Marcel Slivka \u2013 PARADISE BEES<\/h5>\n                    <\/div>\n                    <div class=\"p-sm-3 p-2\" style=\"position: absolute; bottom: -1rem; right: 1.5rem; width: 30%; height: 30%; color: #fff; background-color: #fedd00;\">\n                        <img decoding=\"async\" class=\"topic-icon\" src=\"https:\/\/www.kosiceregion.com\/wp-content\/uploads\/2021\/12\/tradicie.png\" \/>\n                    <\/div>\n                <\/a>\n            <\/div>\n                        <div class=\"item card-poi-item pb-3 px-2\" style=\"overflow: hidden;\">\n                <a href=\"https:\/\/www.kosiceregion.com\/en\/ambassador\/viktor-feher-street-art-communication-sac\/\">\n                    <div style=\"position: relative; background-image: url('https:\/\/www.kosiceregion.com\/wp-content\/uploads\/2021\/07\/AA_8245-1-1024x683.jpg')\" class=\"img-square hvr-grow\"><\/div>\n                    <div style=\"position: absolute; bottom: 1rem; left: 1.5rem; right: 45%; color: #fff;\">\n                        <h5 style=\"font-size: 1.1rem; text-shadow: 0 3px 6px rgb(0 0 0 \/ 36%);\">Viktor Feher &#8211; STREET ART COMMUNICATION (SAC)<\/h5>\n                    <\/div>\n                    <div class=\"p-sm-3 p-2\" style=\"position: absolute; bottom: -1rem; right: 1.5rem; width: 30%; height: 30%; color: #fff; background-color: #00c5fe;\">\n                        <img decoding=\"async\" class=\"topic-icon\" src=\"https:\/\/www.kosiceregion.com\/wp-content\/uploads\/2021\/12\/mesto.png\" \/>\n                    <\/div>\n                <\/a>\n            <\/div>\n                        <div class=\"item card-poi-item pb-3 px-2\" style=\"overflow: hidden;\">\n                <a href=\"https:\/\/www.kosiceregion.com\/en\/ambassador\/dana-oprendek-robin-street-food\/\">\n                    <div style=\"position: relative; background-image: url('https:\/\/www.kosiceregion.com\/wp-content\/uploads\/2021\/07\/AA_7769-1-1024x683.jpg')\" class=\"img-square hvr-grow\"><\/div>\n                    <div style=\"position: absolute; bottom: 1rem; left: 1.5rem; right: 45%; color: #fff;\">\n                        <h5 style=\"font-size: 1.1rem; text-shadow: 0 3px 6px rgb(0 0 0 \/ 36%);\">Dana Oprendek &#8211; ROBIN STREET FOOD<\/h5>\n                    <\/div>\n                    <div class=\"p-sm-3 p-2\" style=\"position: absolute; bottom: -1rem; right: 1.5rem; width: 30%; height: 30%; color: #fff; background-color: #ff7800;\">\n                        <img decoding=\"async\" class=\"topic-icon\" src=\"https:\/\/www.kosiceregion.com\/wp-content\/uploads\/2021\/12\/den-noc.png\" \/>\n                    <\/div>\n                <\/a>\n            <\/div>\n                        <div class=\"item card-poi-item pb-3 px-2\" style=\"overflow: hidden;\">\n                <a href=\"https:\/\/www.kosiceregion.com\/en\/ambassador\/matus-vdovjak-vinarstvo-vdovjak\/\">\n                    <div style=\"position: relative; background-image: url('https:\/\/www.kosiceregion.com\/wp-content\/uploads\/2021\/08\/AA_8229-1024x683.jpg')\" class=\"img-square hvr-grow\"><\/div>\n                    <div style=\"position: absolute; bottom: 1rem; left: 1.5rem; right: 45%; color: #fff;\">\n                        <h5 style=\"font-size: 1.1rem; text-shadow: 0 3px 6px rgb(0 0 0 \/ 36%);\">Mat\u00fa\u0161 Vdovjak \u2013 VDOVJAK WINERY<\/h5>\n                    <\/div>\n                    <div class=\"p-sm-3 p-2\" style=\"position: absolute; bottom: -1rem; right: 1.5rem; width: 30%; height: 30%; color: #fff; background-color: #fedd00;\">\n                        <img decoding=\"async\" class=\"topic-icon\" src=\"https:\/\/www.kosiceregion.com\/wp-content\/uploads\/2021\/12\/tradicie.png\" \/>\n                    <\/div>\n                <\/a>\n            <\/div>\n                        <div class=\"item card-poi-item pb-3 px-2\" style=\"overflow: hidden;\">\n                <a href=\"https:\/\/www.kosiceregion.com\/en\/ambassador\/milan-kolcun-potulky-mestom-kosice\/\">\n                    <div style=\"position: relative; background-image: url('https:\/\/www.kosiceregion.com\/wp-content\/uploads\/2021\/07\/AA_8256-1024x683.jpg')\" class=\"img-square hvr-grow\"><\/div>\n                    <div style=\"position: absolute; bottom: 1rem; left: 1.5rem; right: 45%; color: #fff;\">\n                        <h5 style=\"font-size: 1.1rem; text-shadow: 0 3px 6px rgb(0 0 0 \/ 36%);\">Milan Kolc\u00fan \u2013 RAMBLES THROUGH THE CITY OF KO\u0160ICE<\/h5>\n                    <\/div>\n                    <div class=\"p-sm-3 p-2\" style=\"position: absolute; bottom: -1rem; right: 1.5rem; width: 30%; height: 30%; color: #fff; background-color: #00c5fe;\">\n                        <img decoding=\"async\" class=\"topic-icon\" src=\"https:\/\/www.kosiceregion.com\/wp-content\/uploads\/2021\/12\/mesto.png\" \/>\n                    <\/div>\n                <\/a>\n            <\/div>\n                        <div class=\"item card-poi-item pb-3 px-2\" style=\"overflow: hidden;\">\n                <a href=\"https:\/\/www.kosiceregion.com\/en\/ambassador\/berta-staskova-lesny-kupel\/\">\n                    <div style=\"position: relative; background-image: url('https:\/\/www.kosiceregion.com\/wp-content\/uploads\/2024\/09\/1553DF71-9D43-461D-86A3-6CACCFA486A7-1024x683.jpg')\" class=\"img-square hvr-grow\"><\/div>\n                    <div style=\"position: absolute; bottom: 1rem; left: 1.5rem; right: 45%; color: #fff;\">\n                        <h5 style=\"font-size: 1.1rem; text-shadow: 0 3px 6px rgb(0 0 0 \/ 36%);\">Berta Sta\u0161kov\u00e1 &#8211; Lesn\u00fd k\u00fape\u013e<\/h5>\n                    <\/div>\n                    <div class=\"p-sm-3 p-2\" style=\"position: absolute; bottom: -1rem; right: 1.5rem; width: 30%; height: 30%; color: #fff; background-color: #fedd00;\">\n                        <img decoding=\"async\" class=\"topic-icon\" src=\"https:\/\/www.kosiceregion.com\/wp-content\/uploads\/2021\/12\/tradicie.png\" \/>\n                    <\/div>\n                <\/a>\n            <\/div>\n                        <div class=\"item card-poi-item pb-3 px-2\" style=\"overflow: hidden;\">\n                <a href=\"https:\/\/www.kosiceregion.com\/en\/ambassador\/erik-sikora-dzumelec\/\">\n                    <div style=\"position: relative; background-image: url('https:\/\/www.kosiceregion.com\/wp-content\/uploads\/2021\/07\/Sikora-1-1-1024x683.jpg')\" class=\"img-square hvr-grow\"><\/div>\n                    <div style=\"position: absolute; bottom: 1rem; left: 1.5rem; right: 45%; color: #fff;\">\n                        <h5 style=\"font-size: 1.1rem; text-shadow: 0 3px 6px rgb(0 0 0 \/ 36%);\">Erik Sikora \u2013 D\u017dUMELEC (JUARTIST)<\/h5>\n                    <\/div>\n                    <div class=\"p-sm-3 p-2\" style=\"position: absolute; bottom: -1rem; right: 1.5rem; width: 30%; height: 30%; color: #fff; background-color: #00c5fe;\">\n                        <img decoding=\"async\" class=\"topic-icon\" src=\"https:\/\/www.kosiceregion.com\/wp-content\/uploads\/2021\/12\/mesto.png\" \/>\n                    <\/div>\n                <\/a>\n            <\/div>\n                        <div class=\"item card-poi-item pb-3 px-2\" style=\"overflow: hidden;\">\n                <a href=\"https:\/\/www.kosiceregion.com\/en\/ambassador\/juraj-hidveghy-hladac-hudobnych-pokladov\/\">\n                    <div style=\"position: relative; background-image: url('https:\/\/www.kosiceregion.com\/wp-content\/uploads\/2025\/09\/A064554B-3D3E-43D7-8CF2-0E6D669BF7E9-1024x683.jpg')\" class=\"img-square hvr-grow\"><\/div>\n                    <div style=\"position: absolute; bottom: 1rem; left: 1.5rem; right: 45%; color: #fff;\">\n                        <h5 style=\"font-size: 1.1rem; text-shadow: 0 3px 6px rgb(0 0 0 \/ 36%);\">Juraj Hidv\u00e9ghy \u2013 h\u013eada\u010d hudobn\u00fdch pokladov<\/h5>\n                    <\/div>\n                    <div class=\"p-sm-3 p-2\" style=\"position: absolute; bottom: -1rem; right: 1.5rem; width: 30%; height: 30%; color: #fff; background-color: ;\">\n                        <img decoding=\"async\" class=\"topic-icon\" src=\"\" \/>\n                    <\/div>\n                <\/a>\n            <\/div>\n                        <div class=\"item card-poi-item pb-3 px-2\" style=\"overflow: hidden;\">\n                <a href=\"https:\/\/www.kosiceregion.com\/en\/ambassador\/gabriel-oprendek-mellos-opre\/\">\n                    <div style=\"position: relative; background-image: url('https:\/\/www.kosiceregion.com\/wp-content\/uploads\/2021\/07\/AA_7737-1-1024x683.jpg')\" class=\"img-square hvr-grow\"><\/div>\n                    <div style=\"position: absolute; bottom: 1rem; left: 1.5rem; right: 45%; color: #fff;\">\n                        <h5 style=\"font-size: 1.1rem; text-shadow: 0 3px 6px rgb(0 0 0 \/ 36%);\">Gabriel Oprendek &#8211; MELLOS, OPRE\u00b4<\/h5>\n                    <\/div>\n                    <div class=\"p-sm-3 p-2\" style=\"position: absolute; bottom: -1rem; right: 1.5rem; width: 30%; height: 30%; color: #fff; background-color: #ff7800;\">\n                        <img decoding=\"async\" class=\"topic-icon\" src=\"https:\/\/www.kosiceregion.com\/wp-content\/uploads\/2021\/12\/den-noc.png\" \/>\n                    <\/div>\n                <\/a>\n            <\/div>\n                        <div class=\"item card-poi-item pb-3 px-2\" style=\"overflow: hidden;\">\n                <a href=\"https:\/\/www.kosiceregion.com\/en\/ambassador\/martin-jakub-kubbo-select\/\">\n                    <div style=\"position: relative; background-image: url('https:\/\/www.kosiceregion.com\/wp-content\/uploads\/2021\/07\/AA_7756-1-1024x683.jpg')\" class=\"img-square hvr-grow\"><\/div>\n                    <div style=\"position: absolute; bottom: 1rem; left: 1.5rem; right: 45%; color: #fff;\">\n                        <h5 style=\"font-size: 1.1rem; text-shadow: 0 3px 6px rgb(0 0 0 \/ 36%);\">Martin Jakub &#8211; KUBBO SELECT<\/h5>\n                    <\/div>\n                    <div class=\"p-sm-3 p-2\" style=\"position: absolute; bottom: -1rem; right: 1.5rem; width: 30%; height: 30%; color: #fff; background-color: #ff7800;\">\n                        <img decoding=\"async\" class=\"topic-icon\" src=\"https:\/\/www.kosiceregion.com\/wp-content\/uploads\/2021\/12\/den-noc.png\" \/>\n                    <\/div>\n                <\/a>\n            <\/div>\n                        <div class=\"item card-poi-item pb-3 px-2\" style=\"overflow: hidden;\">\n                <a href=\"https:\/\/www.kosiceregion.com\/en\/ambassador\/katerina-krnanska-katerina-je-ina-veganstvo-vsade-snima\/\">\n                    <div style=\"position: relative; background-image: url('https:\/\/www.kosiceregion.com\/wp-content\/uploads\/2024\/09\/CB98BADF-380D-495A-A289-365751D9BEA6-1024x683.jpg')\" class=\"img-square hvr-grow\"><\/div>\n                    <div style=\"position: absolute; bottom: 1rem; left: 1.5rem; right: 45%; color: #fff;\">\n                        <h5 style=\"font-size: 1.1rem; text-shadow: 0 3px 6px rgb(0 0 0 \/ 36%);\">Kate\u0159ina Kr\u0148ansk\u00e1 &#8211; Veganius<\/h5>\n                    <\/div>\n                    <div class=\"p-sm-3 p-2\" style=\"position: absolute; bottom: -1rem; right: 1.5rem; width: 30%; height: 30%; color: #fff; background-color: #fedd00;\">\n                        <img decoding=\"async\" class=\"topic-icon\" src=\"https:\/\/www.kosiceregion.com\/wp-content\/uploads\/2021\/12\/tradicie.png\" \/>\n                    <\/div>\n                <\/a>\n            <\/div>\n                        <div class=\"item card-poi-item pb-3 px-2\" style=\"overflow: hidden;\">\n                <a href=\"https:\/\/www.kosiceregion.com\/en\/ambassador\/miso-hudak-vychodne-pobrezie\/\">\n                    <div style=\"position: relative; background-image: url('https:\/\/www.kosiceregion.com\/wp-content\/uploads\/2021\/07\/AA_8269-1-1024x683.jpg')\" class=\"img-square hvr-grow\"><\/div>\n                    <div style=\"position: absolute; bottom: 1rem; left: 1.5rem; right: 45%; color: #fff;\">\n                        <h5 style=\"font-size: 1.1rem; text-shadow: 0 3px 6px rgb(0 0 0 \/ 36%);\">Mi\u0161o Hud\u00e1k \u2013 EAST COAST<\/h5>\n                    <\/div>\n                    <div class=\"p-sm-3 p-2\" style=\"position: absolute; bottom: -1rem; right: 1.5rem; width: 30%; height: 30%; color: #fff; background-color: #00c5fe;\">\n                        <img decoding=\"async\" class=\"topic-icon\" src=\"https:\/\/www.kosiceregion.com\/wp-content\/uploads\/2021\/12\/mesto.png\" \/>\n                    <\/div>\n                <\/a>\n            <\/div>\n                        <\/div>\n            <div class=\"owl-theme\">\n                <div class=\"owl-controls\">\n                <\/div>\n            <\/div>\n        <\/div>\n    <\/div>\n<\/div>\n\n<script type=\"text\/javascript\"\n        src=\"https:\/\/www.kosiceregion.com\/wp-content\/themes\/kscregion\/js\/custom-owl-slider.js?version=20211208\"><\/script>\n\n\n<div id=\"common-text-3-4-right-block_60f1786e9f5fd\" class=\"common-text-3-4-right col-lg-10 offset-lg-1 col-xl-8 offset-xl-2 col-12\">\n<div class=\"col-sm-8 col-12 offset-sm-4 px-0\">\n        <p><p><strong>Ferrata Kyse\u013e\u00a0<\/strong><\/p>\n<p><span style=\"font-weight: 400;\">Po \u0161tyridsiatich rokoch od ni\u010div\u00e9ho po\u017eiaru, po ktorom bola ties\u0148ava Kyse\u013e pre turistick\u00fa verejnos\u0165 uzavret\u00e1, ju op\u00e4\u0165 m\u00f4\u017eete nav\u0161t\u00edvi\u0165. N\u00e1ro\u010dnej\u0161ie pas\u00e1\u017ee s\u00fa zabezpe\u010den\u00e9 formou zaistenej cesty fixn\u00fdmi lanami a \u017eelezn\u00fdmi st\u00fapa\u010dkami &#8211; via ferrata. Technick\u00e9 zariadenie ferraty umo\u017e\u0148uje bezpe\u010dn\u00fd a pohodln\u00fd prechod roklinou Kyse\u013e, ktor\u00e1 je najpr\u00edsnej\u0161ie chr\u00e1nenou z\u00f3nou n\u00e1rodn\u00e9ho parku. Povinnou v\u00fdbavou pri n\u00e1v\u0161teve ferraty je ferratov\u00fd set. Ferratu je mo\u017en\u00e9 nav\u0161t\u00edvi\u0165 bu\u010f individu\u00e1lne alebo je mo\u017en\u00e9 si objedna\u0165 na Spr\u00e1ve NP Slovensk\u00fd raj doprovod s odborn\u00fdm v\u00fdkladom pracovn\u00edka Spr\u00e1vy NP. Doprovod na ferratu nie je v\u0161ak povinn\u00fd. Ferrata je pr\u00edstupn\u00e1 v obdob\u00ed 15. j\u00fan a\u017e 31. okt\u00f3ber a odpor\u00fa\u010dan\u00e1 pre osoby star\u0161ie ako 6 rokov. Je jednosmern\u00e1, v\u00fdhradne v smere zdola nahor.\u00a0 Cena z\u00e1kladn\u00e9ho l\u00edstka je 5\u20ac, ktor\u00fd je ide\u00e1lne si zak\u00fapi\u0165 vopred a rezervova\u0165 si term\u00edn v\u00e1\u0161ho z\u00e1\u017eitku. M\u00f4\u017eete si to tie\u017e zak\u00fapi\u0165 formou SMS cez slovensk\u00fdch oper\u00e1torov alebo priamo na mieste vo v\u00fd\u0161ke 10 \u20ac, bez n\u00e1roku na mo\u017en\u00e9 z\u013eavy. Podrobnosti o nevyhnutnej v\u00fdbave, zauj\u00edmavostiach, vr\u00e1tane prev\u00e1dzkov\u00e9ho poriadku si pozrite na webovej str\u00e1nke http:\/\/npslovenskyraj.sopsr.sk\/ferrata-hzs-kysel-zakladne-informacie-pre-navstevnikov\/. Ferratov\u00e9 sety si po\u017ei\u010dajte za minim\u00e1lny poplatok v Chate na r\u00e1zcest\u00ed, v centr\u00e1lnej po\u017ei\u010dovni na \u010cingove, v Podlesku, Kl\u00e1\u0161torisku a mnoh\u00fdch in\u00fdch miestach zverejnen\u00fdch na str\u00e1nke. Doprovod roklinou s profesion\u00e1lnym pracovn\u00edkom Spr\u00e1vy NP Slovensk\u00fd raj alebo in\u00fdm za\u0161kolen\u00fdm pracovn\u00edkom s odborn\u00fdm v\u00fdkladom o pr\u00edrode, hist\u00f3rii a zauj\u00edmavostiach ties\u0148avy Kyse\u013e si objedn\u00e1te na Spr\u00e1ve NP Slovensk\u00fd raj. N\u00e1stupn\u00e9 miesto odkia\u013e pracovn\u00edk sprev\u00e1dza je Kyse\u013e (\u00fastie). Cena doprovodu je jednotn\u00e1 &#8211; 50 \u20ac za skupinu. Ve\u013ekos\u0165 skupiny je maxim\u00e1lne 10 os\u00f4b. V cene nie je zahrnut\u00e1 vstupenka na ferratu, zapo\u017ei\u010danie ferratov\u00e9ho setu pri doprovode je spoplatnen\u00e9 samostatne sumou 5 \u20ac\/set\/osoba.<\/span><\/p>\n<p><span style=\"font-weight: 400;\">Doprovod si m\u00f4\u017eete rezervova\u0165 vyplnen\u00edm predbe\u017en\u00e9ho formul\u00e1ra na str\u00e1nke v KALEND\u00c1RI REGISTROVAN\u00ddCH \u013dUD\u00cd NA DOPROVOD FERRATOU KYSE\u013d.\u00a0<\/span><\/p>\n<p><span style=\"font-weight: 400;\">Maxim\u00e1lny po\u010det os\u00f4b, ktor\u00fd m\u00f4\u017eu via ferratu absolvova\u0165 je 18 os\u00f4b za de\u0148, na jedn\u00e9ho sprievodcu 9 os\u00f4b.\u00a0<\/span><\/p>\n<\/p>\n    <\/div>\n    <style type=\"text\/css\">\n        #common-text-3-4-right-block_60f1786e9f5fd {\n            margin-top: 3rem;\n        }\n    <\/style>\n<\/div>\n\n\n<div id=\"common-image-3-4-left-block_60f178999f5fe\" class=\"common-image-3-4-left col-lg-10 offset-lg-1 col-xl-8 offset-xl-2 col-12\">\n    <div class=\"col-sm-8 col-12 offset-sm-4 px-0\">\n        <div class=\"image-container\">\n            <img decoding=\"async\" src=\"https:\/\/www.kosiceregion.com\/wp-content\/uploads\/2021\/12\/Kysel_1.25.1-1024x576.jpg\" \/>\n        <\/div>\n    <\/div>\n    <style type=\"text\/css\">\n        #common-image-3-4-left-block_60f178999f5fe {\n            margin-top: 3rem;\n        }\n        #common-image-3-4-left-block_60f178999f5fe .image-container { \n            position: relative; \n            padding-bottom: 56.25%;\n            overflow: hidden;\n            max-width: 100%;\n            height: auto;\n        } \n        #common-image-3-4-left-block_60f178999f5fe .image-container img { \n            position: absolute;\n            top: 0;\n            left: 0;\n            width: 100%;\n            height: 100%;\n            object-fit: cover;\n        }\n    <\/style>\n<\/div>\n\n\n<div id=\"common-image-3-4-left-block_614997686ded2\" class=\"common-image-3-4-left col-lg-10 offset-lg-1 col-xl-8 offset-xl-2 col-12\">\n    <div class=\"col-sm-8 col-12 px-0\">\n        <div class=\"image-container\">\n            <img decoding=\"async\" src=\"https:\/\/www.kosiceregion.com\/wp-content\/uploads\/2021\/12\/Kysel_1.18.1-1024x576.jpg\" \/>\n        <\/div>\n    <\/div>\n    <style type=\"text\/css\">\n        #common-image-3-4-left-block_614997686ded2 {\n            margin-top: 3rem;\n        }\n        #common-image-3-4-left-block_614997686ded2 .image-container { \n            position: relative; \n            padding-bottom: 56.25%;\n            overflow: hidden;\n            max-width: 100%;\n            height: auto;\n        } \n        #common-image-3-4-left-block_614997686ded2 .image-container img { \n            position: absolute;\n            top: 0;\n            left: 0;\n            width: 100%;\n            height: 100%;\n            object-fit: cover;\n        }\n    <\/style>\n<\/div>\n\n\n<div id=\"common-text-3-4-right-block_60f179599f5ff\" class=\"common-text-3-4-right col-lg-10 offset-lg-1 col-xl-8 offset-xl-2 col-12\">\n<div class=\"col-sm-8 col-12 offset-sm-4 px-0\">\n        <p><p><strong>Splav Prielomu Horn\u00e1du<\/strong><\/p>\n<p><span style=\"font-weight: 400;\">Za jeden z najkraj\u0161\u00edch ka\u0148onov na Slovensku je pova\u017eovan\u00fd Prielom Horn\u00e1du. Ak ste ho doteraz spozn\u00e1vali len ako pe\u0161\u00ed turisti, m\u00e1me pre v\u00e1s origin\u00e1lnu dobrodru\u017en\u00fa formu na jeho objavovanie &#8211; po vode. Od roku 2016 je toti\u017e ka\u0148on op\u00e4\u0165 otvoren\u00fd aj pre vod\u00e1kov. Splav prielomu Horn\u00e1du v Slovenskom raji mo\u017eno v sprievode sk\u00fasen\u00fdch in\u0161truktorov za\u017ei\u0165 z\u00a0kanoe aj \u010dlna. Plavba za\u010d\u00edna v Hrabu\u0161iciach pri cestnom moste, kde je ofici\u00e1lne n\u00e1stupn\u00e9 miesto. Dobrodru\u017estvo na rieke, ktor\u00e9 m\u00f4\u017ee trva\u0165 3 \u2013 4 hodiny, prin\u00e1\u0161a viacero adrenal\u00ednov\u00fdch momentov a z\u00e1vere\u010dn\u00fa euf\u00f3riu z prekonania seba sam\u00e9ho. Pomerne n\u00e1ro\u010dn\u00fd splav sa odpor\u00fa\u010da absolvova\u0165 predov\u0161etk\u00fdm t\u00fdm n\u00e1v\u0161tevn\u00edkom, ktor\u00ed u\u017e maj\u00fa nejak\u00fa sk\u00fasenos\u0165 z in\u00fdch splavov. Nie je vhodn\u00fd pre \u00fapln\u00fdch za\u010diato\u010dn\u00edkov a neplavcov. Pred splavom absolvujte kurz kanoistiky a vyberte si splav na pokojnej\u0161\u00edch \u010dastiach rieky Horn\u00e1d. Vo va\u0161om v\u00fdbere toho prav\u00e9ho z\u00e1\u017eitku v\u00e1m radi pom\u00f4\u017eu sk\u00fasen\u00ed vod\u00e1ci. Cena z\u00e1\u017eitku je 30\u20ac a zahr\u0148uje po\u017ei\u010danie lode a v\u00fdstroja (p\u00e1dla, vesty, prilby, neopr\u00e9nov\u00fd set), slu\u017eby in\u0161truktora, dopravu lod\u00ed. Potrebn\u00fd je poplatok za povolenie splavu v N\u00e1rodnom parku Slovensk\u00fd raj, ktor\u00fd je 10\u20ac\/osobu a plat\u00ed sa v hotovosti na mieste, zah\u0155\u0148a poistenie pre pr\u00edpad z\u00e1chrany HZS.<\/span><\/p>\n<\/p>\n    <\/div>\n    <style type=\"text\/css\">\n        #common-text-3-4-right-block_60f179599f5ff {\n            margin-top: 3rem;\n        }\n    <\/style>\n<\/div>\n\n\n<div id=\"common-image-3-4-left-block_60f179709f600\" class=\"common-image-3-4-left col-lg-10 offset-lg-1 col-xl-8 offset-xl-2 col-12\">\n    <div class=\"col-sm-8 col-12 px-0\">\n        <div class=\"image-container\">\n            <img decoding=\"async\" src=\"https:\/\/www.kosiceregion.com\/wp-content\/uploads\/2021\/12\/Kysel_1.22.1-1024x576.jpg\" \/>\n        <\/div>\n    <\/div>\n    <style type=\"text\/css\">\n        #common-image-3-4-left-block_60f179709f600 {\n            margin-top: 3rem;\n        }\n        #common-image-3-4-left-block_60f179709f600 .image-container { \n            position: relative; \n            padding-bottom: 56.25%;\n            overflow: hidden;\n            max-width: 100%;\n            height: auto;\n        } \n        #common-image-3-4-left-block_60f179709f600 .image-container img { \n            position: absolute;\n            top: 0;\n            left: 0;\n            width: 100%;\n            height: 100%;\n            object-fit: cover;\n        }\n    <\/style>\n<\/div>\n\n\n<div id=\"common-text-3-4-right-block_60f179bc9f601\" class=\"common-text-3-4-right col-lg-10 offset-lg-1 col-xl-8 offset-xl-2 col-12\">\n<div class=\"col-sm-8 col-12 offset-sm-4 px-0\">\n        <p><p><strong>Po\u017ei\u010dov\u0148a oblohy<\/strong><\/p>\n<p><span style=\"font-weight: 400;\">Ak s\u00fa v\u00e1m pozemsk\u00e9 z\u00e1\u017eitky v\u0161edn\u00e9 a t\u00fa\u017eite po extra d\u00e1vke vzru\u0161enia v\u00a0oblakoch, tak pre v\u00e1s m\u00e1me &#8220;ve\u013ek\u00fa pecku&#8221;. Po\u017ei\u010dajte si k\u00fasok oblohy, str\u00e1vte pribli\u017ene 20 min\u00fat na palube lietadla, ktor\u00e9 v\u00e1s vynesie za hranice v\u0161edn\u00fdch v\u00fdh\u013eadov! U\u017eite si impozantn\u00fd v\u00fdh\u013ead na malebn\u00fd Slovensk\u00fd raj, majest\u00e1tne Vysok\u00e9 Tatry, historick\u00fa Levo\u010du, Spi\u0161sk\u00fd hrad a pripravte sa na v\u00fdskok! Vo v\u00fd\u0161ke 3000 metrov o\u010dak\u00e1vajte extr\u00e9mnu kumul\u00e1ciu em\u00f3ci\u00ed, ktor\u00fdch expl\u00f3ziu za\u017eijete pri 35 sekundovom vo\u013enom p\u00e1de r\u00fdchlos\u0165ou 200 km za hodinu kolmo k zemi, alebo aj vami ovl\u00e1danom, 5 a\u017e 7 min\u00fatovom pokojnom lete pad\u00e1kom. Vybrali ste si? Ak \u00e1no, nav\u0161t\u00edvte str\u00e1nku compact.sk.\u00a0<\/span><\/p>\n<p><span style=\"font-weight: 400;\">PO\u017dI\u010cOV\u0147A OBLOHY | COMPACT Skydive &amp; Flying &#8211; zabezpe\u010duje komplexn\u00e9 slu\u017eby v oblasti \u0161portov\u00e9ho a rekrea\u010dn\u00e9ho para\u0161utizmu. Organizuje tandemov\u00e9 zoskoky, para\u0161utistick\u00e9 kurzy pre z\u00e1ujemcov o prv\u00fd s\u00f3lo zoskok, prev\u00e1dzkuje para\u0161utistick\u00fa \u0161kolu a \u0161kolu lietania na ultra\u013eahk\u00fdch lietadl\u00e1ch. Je tie\u017e hlavn\u00fdm organiz\u00e1torom a zakladate\u013eom Slovenskej para\u0161utistickej ligy v presnosti prist\u00e1tia.\u00a0<\/span><\/p>\n<p>&nbsp;<\/p>\n<\/p>\n    <\/div>\n    <style type=\"text\/css\">\n        #common-text-3-4-right-block_60f179bc9f601 {\n            margin-top: 3rem;\n        }\n    <\/style>\n<\/div>\n\n\n\n\n<div id=\"theme-ambassador-section-block_60f179cb9f602\" class=\"theme-ambassador-section\" style=\"background-color: #64e42b;\">\n    <div class=\" col-lg-10 offset-lg-1 col-xl-8 offset-xl-2 col-12\">\n        <div id=\"carouselAmbassadors\" class=\"carousel slide col-12\" data-ride=\"carousel\" data-interval=\"7000\">\n            <div class=\"carousel-inner pt-4\">\n                                <div class=\"carousel-item active\">\n                        <div class=\"row col-12 py-5\">\n                            <div class=\"col-sm-4 col-12\">\n                                <div class=\"img-square\" style=\"background-image: url(https:\/\/www.kosiceregion.com\/wp-content\/uploads\/2021\/07\/Sabovcik-1024x683.jpg);\"><\/div>\n                            <\/div>\n                            <div class=\"col-sm-8 col-12 mt-sm-0 mt-3\">\n                                <h3>Michal Sabov\u010d\u00edk \u2013 ADRENALINE<\/h3>\n                                <p><p><strong>Tags<\/strong><\/p>\n<p>Mountains, wildlife, adrenaline<\/p>\n<p>On Michal<\/p>\n<p>Thanks to his climbing success, Michal can fly peacefully in the clouds, and he does! As a young man, he climbed to a height of 7134 metres above sea level\u00a0 and stood on top of Lenin Peak. He humbly conquered the top of the Patagonian Cerro Torre and managed to climb the legendary Fitz Roy. They also appreciated his courage and sports talent in the JAMES Mountaineering Association which awarded him several awards and he also worked in the Slovak mountaineering team. With Michal, every &#8220;townman&#8221; turns into an adventurer who falls in love with wildlife!<\/p>\n<p>More information<\/p>\n<p><a href=\"http:\/\/michalsabovcik.com\/\">http:\/\/michalsabovcik.com\/<\/a><\/p>\n<p>&nbsp;<\/p>\n<\/p>\n                            <\/div>\n                        <\/div>\n                    <\/div>\n                                                            <\/div>\n        <\/div>\n    <\/div>\n    <style type=\"text\/css\">\n        #theme-ambassador-section-block_60f179cb9f602 {\n            margin-top: 5rem;\n        }\n        #theme-ambassador-section-block_60f179cb9f602 h3 {\n            color: #fff;\n            margin-top: .5rem;\n            margin-bottom: .5rem;\n        }\n        #theme-ambassador-section-block_60f179cb9f602 p {\n            color: #000;\n        }\n    <\/style>\n<\/div>\n\n<div class=\"section-front\">\n    <div class=\"row col-12 center-horizontal max-width\">\n        <div class=\"section-title mt-sm-3 mt-5 mb-5\">ambassadors of kraj sveta<\/div>\n        <div class=\"ambassadors-top-nav owl-nav\"><\/div>\n        <div class=\"owl-vl\"><\/div>\n    <\/div>\n\n    <div class=\"row col-12 center-horizontal max-width mb-5\">\n        <div class=\"owl-content\">\n            <div id=\"owl-carousel-ambassadors\" class=\"owl-carousel owl-theme\">\n                        <div class=\"item card-poi-item pb-3 px-2\" style=\"overflow: hidden;\">\n                <a href=\"https:\/\/www.kosiceregion.com\/en\/ambassador\/viktor-feher-street-art-communication-sac\/\">\n                    <div style=\"position: relative; background-image: url('https:\/\/www.kosiceregion.com\/wp-content\/uploads\/2021\/07\/AA_8245-1-1024x683.jpg')\" class=\"img-square hvr-grow\"><\/div>\n                    <div style=\"position: absolute; bottom: 1rem; left: 1.5rem; right: 45%; color: #fff;\">\n                        <h5 style=\"font-size: 1.1rem; text-shadow: 0 3px 6px rgb(0 0 0 \/ 36%);\">Viktor Feher &#8211; STREET ART COMMUNICATION (SAC)<\/h5>\n                    <\/div>\n                    <div class=\"p-sm-3 p-2\" style=\"position: absolute; bottom: -1rem; right: 1.5rem; width: 30%; height: 30%; color: #fff; background-color: #00c5fe;\">\n                        <img decoding=\"async\" class=\"topic-icon\" src=\"https:\/\/www.kosiceregion.com\/wp-content\/uploads\/2021\/12\/mesto.png\" \/>\n                    <\/div>\n                <\/a>\n            <\/div>\n                        <div class=\"item card-poi-item pb-3 px-2\" style=\"overflow: hidden;\">\n                <a href=\"https:\/\/www.kosiceregion.com\/en\/ambassador\/gabriel-oprendek-mellos-opre\/\">\n                    <div style=\"position: relative; background-image: url('https:\/\/www.kosiceregion.com\/wp-content\/uploads\/2021\/07\/AA_7737-1-1024x683.jpg')\" class=\"img-square hvr-grow\"><\/div>\n                    <div style=\"position: absolute; bottom: 1rem; left: 1.5rem; right: 45%; color: #fff;\">\n                        <h5 style=\"font-size: 1.1rem; text-shadow: 0 3px 6px rgb(0 0 0 \/ 36%);\">Gabriel Oprendek &#8211; MELLOS, OPRE\u00b4<\/h5>\n                    <\/div>\n                    <div class=\"p-sm-3 p-2\" style=\"position: absolute; bottom: -1rem; right: 1.5rem; width: 30%; height: 30%; color: #fff; background-color: #ff7800;\">\n                        <img decoding=\"async\" class=\"topic-icon\" src=\"https:\/\/www.kosiceregion.com\/wp-content\/uploads\/2021\/12\/den-noc.png\" \/>\n                    <\/div>\n                <\/a>\n            <\/div>\n                        <div class=\"item card-poi-item pb-3 px-2\" style=\"overflow: hidden;\">\n                <a href=\"https:\/\/www.kosiceregion.com\/en\/ambassador\/miso-hudak-vychodne-pobrezie\/\">\n                    <div style=\"position: relative; background-image: url('https:\/\/www.kosiceregion.com\/wp-content\/uploads\/2021\/07\/AA_8269-1-1024x683.jpg')\" class=\"img-square hvr-grow\"><\/div>\n                    <div style=\"position: absolute; bottom: 1rem; left: 1.5rem; right: 45%; color: #fff;\">\n                        <h5 style=\"font-size: 1.1rem; text-shadow: 0 3px 6px rgb(0 0 0 \/ 36%);\">Mi\u0161o Hud\u00e1k \u2013 EAST COAST<\/h5>\n                    <\/div>\n                    <div class=\"p-sm-3 p-2\" style=\"position: absolute; bottom: -1rem; right: 1.5rem; width: 30%; height: 30%; color: #fff; background-color: #00c5fe;\">\n                        <img decoding=\"async\" class=\"topic-icon\" src=\"https:\/\/www.kosiceregion.com\/wp-content\/uploads\/2021\/12\/mesto.png\" \/>\n                    <\/div>\n                <\/a>\n            <\/div>\n                        <div class=\"item card-poi-item pb-3 px-2\" style=\"overflow: hidden;\">\n                <a href=\"https:\/\/www.kosiceregion.com\/en\/ambassador\/marcel-slivka-vcely-raja\/\">\n                    <div style=\"position: relative; background-image: url('https:\/\/www.kosiceregion.com\/wp-content\/uploads\/2021\/07\/AA_8218-2-1024x683.jpg')\" class=\"img-square hvr-grow\"><\/div>\n                    <div style=\"position: absolute; bottom: 1rem; left: 1.5rem; right: 45%; color: #fff;\">\n                        <h5 style=\"font-size: 1.1rem; text-shadow: 0 3px 6px rgb(0 0 0 \/ 36%);\">Marcel Slivka \u2013 PARADISE BEES<\/h5>\n                    <\/div>\n                    <div class=\"p-sm-3 p-2\" style=\"position: absolute; bottom: -1rem; right: 1.5rem; width: 30%; height: 30%; color: #fff; background-color: #fedd00;\">\n                        <img decoding=\"async\" class=\"topic-icon\" src=\"https:\/\/www.kosiceregion.com\/wp-content\/uploads\/2021\/12\/tradicie.png\" \/>\n                    <\/div>\n                <\/a>\n            <\/div>\n                        <div class=\"item card-poi-item pb-3 px-2\" style=\"overflow: hidden;\">\n                <a href=\"https:\/\/www.kosiceregion.com\/en\/ambassador\/martin-jakub-kubbo-select\/\">\n                    <div style=\"position: relative; background-image: url('https:\/\/www.kosiceregion.com\/wp-content\/uploads\/2021\/07\/AA_7756-1-1024x683.jpg')\" class=\"img-square hvr-grow\"><\/div>\n                    <div style=\"position: absolute; bottom: 1rem; left: 1.5rem; right: 45%; color: #fff;\">\n                        <h5 style=\"font-size: 1.1rem; text-shadow: 0 3px 6px rgb(0 0 0 \/ 36%);\">Martin Jakub &#8211; KUBBO SELECT<\/h5>\n                    <\/div>\n                    <div class=\"p-sm-3 p-2\" style=\"position: absolute; bottom: -1rem; right: 1.5rem; width: 30%; height: 30%; color: #fff; background-color: #ff7800;\">\n                        <img decoding=\"async\" class=\"topic-icon\" src=\"https:\/\/www.kosiceregion.com\/wp-content\/uploads\/2021\/12\/den-noc.png\" \/>\n                    <\/div>\n                <\/a>\n            <\/div>\n                        <div class=\"item card-poi-item pb-3 px-2\" style=\"overflow: hidden;\">\n                <a href=\"https:\/\/www.kosiceregion.com\/en\/ambassador\/erik-sikora-dzumelec\/\">\n                    <div style=\"position: relative; background-image: url('https:\/\/www.kosiceregion.com\/wp-content\/uploads\/2021\/07\/Sikora-1-1-1024x683.jpg')\" class=\"img-square hvr-grow\"><\/div>\n                    <div style=\"position: absolute; bottom: 1rem; left: 1.5rem; right: 45%; color: #fff;\">\n                        <h5 style=\"font-size: 1.1rem; text-shadow: 0 3px 6px rgb(0 0 0 \/ 36%);\">Erik Sikora \u2013 D\u017dUMELEC (JUARTIST)<\/h5>\n                    <\/div>\n                    <div class=\"p-sm-3 p-2\" style=\"position: absolute; bottom: -1rem; right: 1.5rem; width: 30%; height: 30%; color: #fff; background-color: #00c5fe;\">\n                        <img decoding=\"async\" class=\"topic-icon\" src=\"https:\/\/www.kosiceregion.com\/wp-content\/uploads\/2021\/12\/mesto.png\" \/>\n                    <\/div>\n                <\/a>\n            <\/div>\n                        <div class=\"item card-poi-item pb-3 px-2\" style=\"overflow: hidden;\">\n                <a href=\"https:\/\/www.kosiceregion.com\/en\/ambassador\/milan-kolcun-potulky-mestom-kosice\/\">\n                    <div style=\"position: relative; background-image: url('https:\/\/www.kosiceregion.com\/wp-content\/uploads\/2021\/07\/AA_8256-1024x683.jpg')\" class=\"img-square hvr-grow\"><\/div>\n                    <div style=\"position: absolute; bottom: 1rem; left: 1.5rem; right: 45%; color: #fff;\">\n                        <h5 style=\"font-size: 1.1rem; text-shadow: 0 3px 6px rgb(0 0 0 \/ 36%);\">Milan Kolc\u00fan \u2013 RAMBLES THROUGH THE CITY OF KO\u0160ICE<\/h5>\n                    <\/div>\n                    <div class=\"p-sm-3 p-2\" style=\"position: absolute; bottom: -1rem; right: 1.5rem; width: 30%; height: 30%; color: #fff; background-color: #00c5fe;\">\n                        <img decoding=\"async\" class=\"topic-icon\" src=\"https:\/\/www.kosiceregion.com\/wp-content\/uploads\/2021\/12\/mesto.png\" \/>\n                    <\/div>\n                <\/a>\n            <\/div>\n                        <div class=\"item card-poi-item pb-3 px-2\" style=\"overflow: hidden;\">\n                <a href=\"https:\/\/www.kosiceregion.com\/en\/ambassador\/katerina-krnanska-katerina-je-ina-veganstvo-vsade-snima\/\">\n                    <div style=\"position: relative; background-image: url('https:\/\/www.kosiceregion.com\/wp-content\/uploads\/2024\/09\/CB98BADF-380D-495A-A289-365751D9BEA6-1024x683.jpg')\" class=\"img-square hvr-grow\"><\/div>\n                    <div style=\"position: absolute; bottom: 1rem; left: 1.5rem; right: 45%; color: #fff;\">\n                        <h5 style=\"font-size: 1.1rem; text-shadow: 0 3px 6px rgb(0 0 0 \/ 36%);\">Kate\u0159ina Kr\u0148ansk\u00e1 &#8211; Veganius<\/h5>\n                    <\/div>\n                    <div class=\"p-sm-3 p-2\" style=\"position: absolute; bottom: -1rem; right: 1.5rem; width: 30%; height: 30%; color: #fff; background-color: #fedd00;\">\n                        <img decoding=\"async\" class=\"topic-icon\" src=\"https:\/\/www.kosiceregion.com\/wp-content\/uploads\/2021\/12\/tradicie.png\" \/>\n                    <\/div>\n                <\/a>\n            <\/div>\n                        <div class=\"item card-poi-item pb-3 px-2\" style=\"overflow: hidden;\">\n                <a href=\"https:\/\/www.kosiceregion.com\/en\/ambassador\/dana-oprendek-robin-street-food\/\">\n                    <div style=\"position: relative; background-image: url('https:\/\/www.kosiceregion.com\/wp-content\/uploads\/2021\/07\/AA_7769-1-1024x683.jpg')\" class=\"img-square hvr-grow\"><\/div>\n                    <div style=\"position: absolute; bottom: 1rem; left: 1.5rem; right: 45%; color: #fff;\">\n                        <h5 style=\"font-size: 1.1rem; text-shadow: 0 3px 6px rgb(0 0 0 \/ 36%);\">Dana Oprendek &#8211; ROBIN STREET FOOD<\/h5>\n                    <\/div>\n                    <div class=\"p-sm-3 p-2\" style=\"position: absolute; bottom: -1rem; right: 1.5rem; width: 30%; height: 30%; color: #fff; background-color: #ff7800;\">\n                        <img decoding=\"async\" class=\"topic-icon\" src=\"https:\/\/www.kosiceregion.com\/wp-content\/uploads\/2021\/12\/den-noc.png\" \/>\n                    <\/div>\n                <\/a>\n            <\/div>\n                        <div class=\"item card-poi-item pb-3 px-2\" style=\"overflow: hidden;\">\n                <a href=\"https:\/\/www.kosiceregion.com\/en\/ambassador\/matus-vdovjak-vinarstvo-vdovjak\/\">\n                    <div style=\"position: relative; background-image: url('https:\/\/www.kosiceregion.com\/wp-content\/uploads\/2021\/08\/AA_8229-1024x683.jpg')\" class=\"img-square hvr-grow\"><\/div>\n                    <div style=\"position: absolute; bottom: 1rem; left: 1.5rem; right: 45%; color: #fff;\">\n                        <h5 style=\"font-size: 1.1rem; text-shadow: 0 3px 6px rgb(0 0 0 \/ 36%);\">Mat\u00fa\u0161 Vdovjak \u2013 VDOVJAK WINERY<\/h5>\n                    <\/div>\n                    <div class=\"p-sm-3 p-2\" style=\"position: absolute; bottom: -1rem; right: 1.5rem; width: 30%; height: 30%; color: #fff; background-color: #fedd00;\">\n                        <img decoding=\"async\" class=\"topic-icon\" src=\"https:\/\/www.kosiceregion.com\/wp-content\/uploads\/2021\/12\/tradicie.png\" \/>\n                    <\/div>\n                <\/a>\n            <\/div>\n                        <div class=\"item card-poi-item pb-3 px-2\" style=\"overflow: hidden;\">\n                <a href=\"https:\/\/www.kosiceregion.com\/en\/ambassador\/berta-staskova-lesny-kupel\/\">\n                    <div style=\"position: relative; background-image: url('https:\/\/www.kosiceregion.com\/wp-content\/uploads\/2024\/09\/1553DF71-9D43-461D-86A3-6CACCFA486A7-1024x683.jpg')\" class=\"img-square hvr-grow\"><\/div>\n                    <div style=\"position: absolute; bottom: 1rem; left: 1.5rem; right: 45%; color: #fff;\">\n                        <h5 style=\"font-size: 1.1rem; text-shadow: 0 3px 6px rgb(0 0 0 \/ 36%);\">Berta Sta\u0161kov\u00e1 &#8211; Lesn\u00fd k\u00fape\u013e<\/h5>\n                    <\/div>\n                    <div class=\"p-sm-3 p-2\" style=\"position: absolute; bottom: -1rem; right: 1.5rem; width: 30%; height: 30%; color: #fff; background-color: #fedd00;\">\n                        <img decoding=\"async\" class=\"topic-icon\" src=\"https:\/\/www.kosiceregion.com\/wp-content\/uploads\/2021\/12\/tradicie.png\" \/>\n                    <\/div>\n                <\/a>\n            <\/div>\n                        <div class=\"item card-poi-item pb-3 px-2\" style=\"overflow: hidden;\">\n                <a href=\"https:\/\/www.kosiceregion.com\/en\/ambassador\/juraj-hidveghy-hladac-hudobnych-pokladov\/\">\n                    <div style=\"position: relative; background-image: url('https:\/\/www.kosiceregion.com\/wp-content\/uploads\/2025\/09\/A064554B-3D3E-43D7-8CF2-0E6D669BF7E9-1024x683.jpg')\" class=\"img-square hvr-grow\"><\/div>\n                    <div style=\"position: absolute; bottom: 1rem; left: 1.5rem; right: 45%; color: #fff;\">\n                        <h5 style=\"font-size: 1.1rem; text-shadow: 0 3px 6px rgb(0 0 0 \/ 36%);\">Juraj Hidv\u00e9ghy \u2013 h\u013eada\u010d hudobn\u00fdch pokladov<\/h5>\n                    <\/div>\n                    <div class=\"p-sm-3 p-2\" style=\"position: absolute; bottom: -1rem; right: 1.5rem; width: 30%; height: 30%; color: #fff; background-color: ;\">\n                        <img decoding=\"async\" class=\"topic-icon\" src=\"\" \/>\n                    <\/div>\n                <\/a>\n            <\/div>\n                        <\/div>\n            <div class=\"owl-theme\">\n                <div class=\"owl-controls\">\n                <\/div>\n            <\/div>\n        <\/div>\n    <\/div>\n<\/div>\n\n<script type=\"text\/javascript\"\n        src=\"https:\/\/www.kosiceregion.com\/wp-content\/themes\/kscregion\/js\/custom-owl-slider.js?version=20211208\"><\/script>","protected":false,"raw":"<!-- wp:acf\/common-text-left-section {\"id\":\"block_629908bf60e2b\",\"name\":\"acf\/common-text-left-section\",\"data\":{\"field_60c66a6067e54\":\"\\u003cb\\u003eIf paradise, then the Slovak one! Rippling streams, winding cliffs and dense coniferous forests, whose peaks touch the sky. Magical waterfalls, fragments of history hidden in the most unexpected places and the wildness of nature confirm the distinctive name of the Slovak Paradise National Park. A real paradise for tourists, athletes and nature adorers, one of the nine Slovak national parks, which will embrace you and engulf you with its beauty. Be the discoverer of untouched nooks and crannies, conqueror of majestic rocks, grapple with the ferocity of the Horn\u00e1d River. Get everything that the Slovak Paradise has to offer, pass the test of courage, expand the limits of your physical abilities in the company of experienced instructors of sailing, rafting, rock climbing. Treat yourself to a dose of endorphins on the ferrata in the acid gorge, borrow the sky and experience an adrenaline jump from a plane in tandem. Or will it rather be your first solo jump after completing a 5-day skydiving course?\\u003c\/b\\u003e\"},\"align\":\"\",\"mode\":\"preview\"} \/-->\n\n<!-- wp:acf\/common-text-right-section {\"id\":\"block_6298bff586acd\",\"name\":\"acf\/common-text-right-section\",\"data\":{\"field_60c66a6067e54\":\"\\u003cstrong\\u003eFerrata Kyse\u013e\u00a0\\u003c\/strong\\u003e\\r\\n\\r\\nForty years after the devastating fire, after which the Kyse\u013e Gorge was closed to the tourist public, you may visit it once again. More demanding passages are secured in the form of a secured path with fixed ropes and iron risers - via ferrata. The technical equipment of the ferrata enables a safe and comfortable crossing of the Kyse\u013e Gorge, which is the strictest protected zone of the national park. The mandatory equipment when visiting the ferrata includes the ferrata set. It is possible to visit the Ferrata either individually or it is possible to order an accompaniment at the Slovak Paradise National Park Administration with an expert explanation by an employee of the National Park Administration. However, escort on a ferrata is not mandatory. Ferrata is open from 15 June to 31 October and is recommended for guests over 6 years old. It is one-way, exclusively in the bottom-up direction. The price of the basic ticket is 5 \u20ac, which is ideal to buy in advance and book the date of your experience. You can also buy it in the form of an SMS via Slovak operators or directly on the spot in the amount of 10 \u20ac, without the right to possible discounts. Fir details on the necessary equipment, attractions, including operating rules, see the website http:\/\/npslovenskyraj.sopsr.sk\/ferrata-hzs-kysel-zakladne-informacie-pre-navstevnikov\/. You may rent ferrata sets for a minimal fee in Chata na Rozcest\u00ed, in the central rental shop in \u010cingov, in Podlesok, Kl\u00e1\u0161torisko and many other places published on the website. Accompaniment through the gorge with a professional employee of the Slovak Paradise National Park Administration or another trained employee with an expert explanation of the nature, history and attractions of the Kyse\u013e Gorge may be ordered from the Slovak Paradise National Park Administration. The starting point from which the employee accompanies is Kyse\u013e (estuary). The price of the escort is the same - 50 \u20ac per group. The group size is a maximum of 10 people. The price does not include a ferrata ticket, the rental of a ferrata set when accompanied is charged separately in the amount of 5 \u20ac\/set\/person.\\r\\n\\r\\nYou may book an escort by filling out the preliminary form on the site in the CALENDAR OF REGISTERED PEOPLE FOR FERRATA KYSE\u013d ACCOMPANYING.\\r\\n\\r\\nThe maximum number of people that can pass through the ferrata is 18 persons per day, 9 persons per guide.\"},\"align\":\"\",\"mode\":\"preview\"} \/-->\n\n<!-- wp:acf\/common-image-right-section {\"id\":\"block_6298bff586ace\",\"name\":\"acf\/common-image-right-section\",\"data\":{\"image\":8295,\"_image\":\"field_60c66ddbbdafe\"},\"align\":\"\",\"mode\":\"preview\"} \/-->\n\n<!-- wp:acf\/common-image-left-section {\"id\":\"block_6298bff586acf\",\"name\":\"acf\/common-image-left-section\",\"data\":{\"image\":8296,\"_image\":\"field_60c66ddbbdafe\"},\"align\":\"\",\"mode\":\"preview\"} \/-->\n\n<!-- wp:acf\/common-text-right-section {\"id\":\"block_6298bff586ad0\",\"name\":\"acf\/common-text-right-section\",\"data\":{\"field_60c66a6067e54\":\"\\u003cstrong\\u003eRafting of the Horn\u00e1d Gorge\\u003c\/strong\\u003e\\r\\n\\r\\nThe Horn\u00e1d Gorge is considered one of the most beautiful canyons in Slovakia. If you have so far only known it as a hiker, we have an original adventurous form for you to discover it - by water. Since 2016, the canyon has been open again to paddlers. The rafting of the Horn\u00e1d Gorge in the Slovak Paradise may be experienced from a canoe and a boat, accompanied by experienced instructors. The cruise starts in Hrabu\u0161ice by the road bridge, where there is an official boarding point. The adventure on the river, which may last 3-4 hours, brings more adrenaline moments and the final euphoria of overcoming oneself. It is recommended to complete a relatively demanding rafting especially for those visitors who already have had some experience from other rafting. Not suitable for complete beginners and non-swimmers. Before the rafting, take a canoeing course and choose a rafting on the quieter parts of the Horn\u00e1d River. Experienced paddlers will be happy to help you choose the right experience. The price of the experience is 30 \u20ac and includes boat rental and equipment (paddles, vests, helmets, wetsuits), instructor services, boat transport. A fee is required for a rafting permit in the Slovak Paradise National Park, which is 10 \u20ac\/person and is to be paid in cash on the spot, it includes insurance in case of rescue by the fire brigade.\"},\"align\":\"\",\"mode\":\"preview\"} \/-->\n\n<!-- wp:acf\/common-image-left-section {\"id\":\"block_6298bff586ad1\",\"name\":\"acf\/common-image-left-section\",\"data\":{\"image\":8297,\"_image\":\"field_60c66ddbbdafe\"},\"align\":\"\",\"mode\":\"preview\"} \/-->\n\n<!-- wp:acf\/common-text-right-section {\"id\":\"block_6298bff586ad2\",\"name\":\"acf\/common-text-right-section\",\"data\":{\"field_60c66a6067e54\":\"\\u003cstrong\\u003eSky rental\\u003c\/strong\\u003e\\r\\n\\r\\nIf your earthly experiences are mundane and you long for an extra dose of excitement in the clouds, then we have a \\u0022big deal\\u0022 for you. Borrow a piece of the sky, spend about 20 minutes on board an airplane that will take you beyond ordinary views! Enjoy the impressive view of the picturesque Slovak Paradise, the majestic High Tatras, the historic Levo\u010da, the Spi\u0161 Castle and get ready to jump! At an altitude of 3,000 metres, expect an extreme accumulation of emotions, the explosion of which you will experience in a 35-second free fall at a speed of 200 km per hour perpendicular to the ground, or even your controlled, 5 to 7 minutes peaceful parachute flight. Have you chosen? If so, visit compact.sk.\\r\\n\\r\\nSKY RENTAL COMPACT Skydive \\u0026amp; Flying - provides comprehensive services in the field of sports and recreational skydiving. It organises tandem jumps, parachuting courses for those interested in the first solo jump, runs a parachuting school and a school for flying on ultralight aircraft. It is also the main organiser and founder of the Slovak Parachuting League in precision landing.\"},\"align\":\"\",\"mode\":\"preview\"} \/-->\n\n<!-- wp:tadv\/classic-paragraph \/-->\n\n<!-- wp:acf\/theme-ambassador-section {\"id\":\"block_6298bff586ad3\",\"name\":\"acf\/theme-ambassador-section\",\"data\":{},\"align\":\"\",\"mode\":\"preview\"} \/-->\n\n<!-- wp:acf\/common-text-right-section {\"id\":\"block_60f1786e9f5fd\",\"name\":\"acf\/common-text-right-section\",\"data\":{\"text\":\"\\u003cstrong\\u003eFerrata Kyse\u013e\u00a0\\u003c\/strong\\u003e\\r\\n\\r\\n\\u003cspan style=\\u0022font-weight: 400;\\u0022\\u003ePo \u0161tyridsiatich rokoch od ni\u010div\u00e9ho po\u017eiaru, po ktorom bola ties\u0148ava Kyse\u013e pre turistick\u00fa verejnos\u0165 uzavret\u00e1, ju op\u00e4\u0165 m\u00f4\u017eete nav\u0161t\u00edvi\u0165. N\u00e1ro\u010dnej\u0161ie pas\u00e1\u017ee s\u00fa zabezpe\u010den\u00e9 formou zaistenej cesty fixn\u00fdmi lanami a \u017eelezn\u00fdmi st\u00fapa\u010dkami - via ferrata. Technick\u00e9 zariadenie ferraty umo\u017e\u0148uje bezpe\u010dn\u00fd a pohodln\u00fd prechod roklinou Kyse\u013e, ktor\u00e1 je najpr\u00edsnej\u0161ie chr\u00e1nenou z\u00f3nou n\u00e1rodn\u00e9ho parku. Povinnou v\u00fdbavou pri n\u00e1v\u0161teve ferraty je ferratov\u00fd set. Ferratu je mo\u017en\u00e9 nav\u0161t\u00edvi\u0165 bu\u010f individu\u00e1lne alebo je mo\u017en\u00e9 si objedna\u0165 na Spr\u00e1ve NP Slovensk\u00fd raj doprovod s odborn\u00fdm v\u00fdkladom pracovn\u00edka Spr\u00e1vy NP. Doprovod na ferratu nie je v\u0161ak povinn\u00fd. Ferrata je pr\u00edstupn\u00e1 v obdob\u00ed 15. j\u00fan a\u017e 31. okt\u00f3ber a odpor\u00fa\u010dan\u00e1 pre osoby star\u0161ie ako 6 rokov. Je jednosmern\u00e1, v\u00fdhradne v smere zdola nahor.\u00a0 Cena z\u00e1kladn\u00e9ho l\u00edstka je 5\u20ac, ktor\u00fd je ide\u00e1lne si zak\u00fapi\u0165 vopred a rezervova\u0165 si term\u00edn v\u00e1\u0161ho z\u00e1\u017eitku. M\u00f4\u017eete si to tie\u017e zak\u00fapi\u0165 formou SMS cez slovensk\u00fdch oper\u00e1torov alebo priamo na mieste vo v\u00fd\u0161ke 10 \u20ac, bez n\u00e1roku na mo\u017en\u00e9 z\u013eavy. Podrobnosti o nevyhnutnej v\u00fdbave, zauj\u00edmavostiach, vr\u00e1tane prev\u00e1dzkov\u00e9ho poriadku si pozrite na webovej str\u00e1nke http:\/\/npslovenskyraj.sopsr.sk\/ferrata-hzs-kysel-zakladne-informacie-pre-navstevnikov\/. Ferratov\u00e9 sety si po\u017ei\u010dajte za minim\u00e1lny poplatok v Chate na r\u00e1zcest\u00ed, v centr\u00e1lnej po\u017ei\u010dovni na \u010cingove, v Podlesku, Kl\u00e1\u0161torisku a mnoh\u00fdch in\u00fdch miestach zverejnen\u00fdch na str\u00e1nke. Doprovod roklinou s profesion\u00e1lnym pracovn\u00edkom Spr\u00e1vy NP Slovensk\u00fd raj alebo in\u00fdm za\u0161kolen\u00fdm pracovn\u00edkom s odborn\u00fdm v\u00fdkladom o pr\u00edrode, hist\u00f3rii a zauj\u00edmavostiach ties\u0148avy Kyse\u013e si objedn\u00e1te na Spr\u00e1ve NP Slovensk\u00fd raj. N\u00e1stupn\u00e9 miesto odkia\u013e pracovn\u00edk sprev\u00e1dza je Kyse\u013e (\u00fastie). Cena doprovodu je jednotn\u00e1 - 50 \u20ac za skupinu. Ve\u013ekos\u0165 skupiny je maxim\u00e1lne 10 os\u00f4b. V cene nie je zahrnut\u00e1 vstupenka na ferratu, zapo\u017ei\u010danie ferratov\u00e9ho setu pri doprovode je spoplatnen\u00e9 samostatne sumou 5 \u20ac\/set\/osoba.\\u003c\/span\\u003e\\r\\n\\r\\n\\u003cspan style=\\u0022font-weight: 400;\\u0022\\u003eDoprovod si m\u00f4\u017eete rezervova\u0165 vyplnen\u00edm predbe\u017en\u00e9ho formul\u00e1ra na str\u00e1nke v KALEND\u00c1RI REGISTROVAN\u00ddCH \u013dUD\u00cd NA DOPROVOD FERRATOU KYSE\u013d.\u00a0\\u003c\/span\\u003e\\r\\n\\r\\n\\u003cspan style=\\u0022font-weight: 400;\\u0022\\u003eMaxim\u00e1lny po\u010det os\u00f4b, ktor\u00fd m\u00f4\u017eu via ferratu absolvova\u0165 je 18 os\u00f4b za de\u0148, na jedn\u00e9ho sprievodcu 9 os\u00f4b.\u00a0\\u003c\/span\\u003e\",\"_text\":\"field_60c66a6067e54\"},\"align\":\"\",\"mode\":\"preview\"} \/-->\n\n<!-- wp:acf\/common-image-right-section {\"id\":\"block_60f178999f5fe\",\"name\":\"acf\/common-image-right-section\",\"data\":{\"image\":8295,\"_image\":\"field_60c66ddbbdafe\"},\"align\":\"\",\"mode\":\"preview\"} \/-->\n\n<!-- wp:acf\/common-image-left-section {\"id\":\"block_614997686ded2\",\"name\":\"acf\/common-image-left-section\",\"data\":{\"image\":8296,\"_image\":\"field_60c66ddbbdafe\"},\"align\":\"\",\"mode\":\"preview\"} \/-->\n\n<!-- wp:acf\/common-text-right-section {\"id\":\"block_60f179599f5ff\",\"name\":\"acf\/common-text-right-section\",\"data\":{\"text\":\"\\u003cstrong\\u003eSplav Prielomu Horn\u00e1du\\u003c\/strong\\u003e\\r\\n\\r\\n\\u003cspan style=\\u0022font-weight: 400;\\u0022\\u003eZa jeden z najkraj\u0161\u00edch ka\u0148onov na Slovensku je pova\u017eovan\u00fd Prielom Horn\u00e1du. Ak ste ho doteraz spozn\u00e1vali len ako pe\u0161\u00ed turisti, m\u00e1me pre v\u00e1s origin\u00e1lnu dobrodru\u017en\u00fa formu na jeho objavovanie - po vode. Od roku 2016 je toti\u017e ka\u0148on op\u00e4\u0165 otvoren\u00fd aj pre vod\u00e1kov. Splav prielomu Horn\u00e1du v Slovenskom raji mo\u017eno v sprievode sk\u00fasen\u00fdch in\u0161truktorov za\u017ei\u0165 z\u00a0kanoe aj \u010dlna. Plavba za\u010d\u00edna v Hrabu\u0161iciach pri cestnom moste, kde je ofici\u00e1lne n\u00e1stupn\u00e9 miesto. Dobrodru\u017estvo na rieke, ktor\u00e9 m\u00f4\u017ee trva\u0165 3 \u2013 4 hodiny, prin\u00e1\u0161a viacero adrenal\u00ednov\u00fdch momentov a z\u00e1vere\u010dn\u00fa euf\u00f3riu z prekonania seba sam\u00e9ho. Pomerne n\u00e1ro\u010dn\u00fd splav sa odpor\u00fa\u010da absolvova\u0165 predov\u0161etk\u00fdm t\u00fdm n\u00e1v\u0161tevn\u00edkom, ktor\u00ed u\u017e maj\u00fa nejak\u00fa sk\u00fasenos\u0165 z in\u00fdch splavov. Nie je vhodn\u00fd pre \u00fapln\u00fdch za\u010diato\u010dn\u00edkov a neplavcov. Pred splavom absolvujte kurz kanoistiky a vyberte si splav na pokojnej\u0161\u00edch \u010dastiach rieky Horn\u00e1d. Vo va\u0161om v\u00fdbere toho prav\u00e9ho z\u00e1\u017eitku v\u00e1m radi pom\u00f4\u017eu sk\u00fasen\u00ed vod\u00e1ci. Cena z\u00e1\u017eitku je 30\u20ac a zahr\u0148uje po\u017ei\u010danie lode a v\u00fdstroja (p\u00e1dla, vesty, prilby, neopr\u00e9nov\u00fd set), slu\u017eby in\u0161truktora, dopravu lod\u00ed. Potrebn\u00fd je poplatok za povolenie splavu v N\u00e1rodnom parku Slovensk\u00fd raj, ktor\u00fd je 10\u20ac\/osobu a plat\u00ed sa v hotovosti na mieste, zah\u0155\u0148a poistenie pre pr\u00edpad z\u00e1chrany HZS.\\u003c\/span\\u003e\",\"_text\":\"field_60c66a6067e54\"},\"align\":\"\",\"mode\":\"preview\"} \/-->\n\n<!-- wp:acf\/common-image-left-section {\"id\":\"block_60f179709f600\",\"name\":\"acf\/common-image-left-section\",\"data\":{\"image\":8297,\"_image\":\"field_60c66ddbbdafe\"},\"align\":\"\",\"mode\":\"preview\"} \/-->\n\n<!-- wp:acf\/common-text-right-section {\"id\":\"block_60f179bc9f601\",\"name\":\"acf\/common-text-right-section\",\"data\":{\"text\":\"\\u003cstrong\\u003ePo\u017ei\u010dov\u0148a oblohy\\u003c\/strong\\u003e\\r\\n\\r\\n\\u003cspan style=\\u0022font-weight: 400;\\u0022\\u003eAk s\u00fa v\u00e1m pozemsk\u00e9 z\u00e1\u017eitky v\u0161edn\u00e9 a t\u00fa\u017eite po extra d\u00e1vke vzru\u0161enia v\u00a0oblakoch, tak pre v\u00e1s m\u00e1me \\u0022ve\u013ek\u00fa pecku\\u0022. Po\u017ei\u010dajte si k\u00fasok oblohy, str\u00e1vte pribli\u017ene 20 min\u00fat na palube lietadla, ktor\u00e9 v\u00e1s vynesie za hranice v\u0161edn\u00fdch v\u00fdh\u013eadov! U\u017eite si impozantn\u00fd v\u00fdh\u013ead na malebn\u00fd Slovensk\u00fd raj, majest\u00e1tne Vysok\u00e9 Tatry, historick\u00fa Levo\u010du, Spi\u0161sk\u00fd hrad a pripravte sa na v\u00fdskok! Vo v\u00fd\u0161ke 3000 metrov o\u010dak\u00e1vajte extr\u00e9mnu kumul\u00e1ciu em\u00f3ci\u00ed, ktor\u00fdch expl\u00f3ziu za\u017eijete pri 35 sekundovom vo\u013enom p\u00e1de r\u00fdchlos\u0165ou 200 km za hodinu kolmo k zemi, alebo aj vami ovl\u00e1danom, 5 a\u017e 7 min\u00fatovom pokojnom lete pad\u00e1kom. Vybrali ste si? Ak \u00e1no, nav\u0161t\u00edvte str\u00e1nku compact.sk.\u00a0\\u003c\/span\\u003e\\r\\n\\r\\n\\u003cspan style=\\u0022font-weight: 400;\\u0022\\u003ePO\u017dI\u010cOV\u0147A OBLOHY | COMPACT Skydive \\u0026amp; Flying - zabezpe\u010duje komplexn\u00e9 slu\u017eby v oblasti \u0161portov\u00e9ho a rekrea\u010dn\u00e9ho para\u0161utizmu. Organizuje tandemov\u00e9 zoskoky, para\u0161utistick\u00e9 kurzy pre z\u00e1ujemcov o prv\u00fd s\u00f3lo zoskok, prev\u00e1dzkuje para\u0161utistick\u00fa \u0161kolu a \u0161kolu lietania na ultra\u013eahk\u00fdch lietadl\u00e1ch. Je tie\u017e hlavn\u00fdm organiz\u00e1torom a zakladate\u013eom Slovenskej para\u0161utistickej ligy v presnosti prist\u00e1tia.\u00a0\\u003c\/span\\u003e\\r\\n\\r\\n\\u0026nbsp;\",\"_text\":\"field_60c66a6067e54\"},\"align\":\"\",\"mode\":\"preview\"} \/-->\n\n<!-- wp:tadv\/classic-paragraph \/-->\n\n<!-- wp:acf\/theme-ambassador-section {\"id\":\"block_60f179cb9f602\",\"name\":\"acf\/theme-ambassador-section\",\"align\":\"\",\"mode\":\"preview\"} \/-->"},"excerpt":{"rendered":"","protected":false,"raw":""},"author":13,"featured_media":8721,"menu_order":0,"template":"","format":"standard","meta":{"_acf_changed":false,"_sk_post_content":"<!-- wp:acf\/common-text-left-section {\"name\":\"acf\/common-text-left-section\",\"data\":{\"text\":\"\\u003cstrong\\u003eAk raj, tak ten Slovensk\u00fd! \u017dblnkotaj\u00face potoky, k\u013eukatou cestou rozde\u013euj\u00face skalnat\u00e9 bral\u00e1 a hust\u00e9 ihli\u010dnat\u00e9 lesy, ktor\u00fdch vrcholky sa dot\u00fdkaj\u00fa a\u017e neba. \u010carovn\u00e9 vodop\u00e1dy, fragmenty hist\u00f3rie schovan\u00e9 na najneo\u010dak\u00e1vanej\u0161\u00edch miestach a divokos\u0165 pr\u00edrody potvrdzuje pr\u00edzna\u010dn\u00fd n\u00e1zov N\u00e1rodn\u00e9ho parku Slovensk\u00fd raj. Skuto\u010dn\u00fd raj pre turistov, \u0161portovcov a milovn\u00edkov pr\u00edrody, jeden z deviatich slovensk\u00fdch n\u00e1rodn\u00fdch parkov, ktor\u00fd v\u00e1s obj\u00edme a pohlt\u00ed svojou kr\u00e1sou. Bu\u010fte objavite\u013eom nedotknut\u00fdch z\u00e1kut\u00ed, dobyvate\u013eom majest\u00e1tnych skal\u00edsk, popasujte sa s dravos\u0165ou rieky Horn\u00e1d. Z\u00edskajte v\u0161etko, \u010do pon\u00faka Slovensk\u00fd raj, zlo\u017ete sk\u00fa\u0161ku odvahy, roz\u0161\u00edrte hranice svojich fyzick\u00fdch mo\u017enost\u00ed v spolo\u010dnosti sk\u00fasen\u00fdch in\u0161truktorov splavu, raftu, skalolezenia. Doprajte si d\u00e1vku endorf\u00ednov na ferrate v rokline Kyse\u013e, po\u017ei\u010dajte si oblohu a za\u017eite adrenal\u00ednov\u00fd zoskok z lietadla v\u00a0tandeme. Alebo to bude v\u00e1\u0161 prv\u00fd s\u00f3lo zoskok po absolvovan\u00ed 5-d\u0148ov\u00e9ho para\u0161utistick\u00e9ho kurzu?\\u003c\/strong\\u003e\",\"_text\":\"field_60c66a6067e54\"},\"mode\":\"preview\"} \/-->\n\n<!-- wp:acf\/common-text-right-section {\"name\":\"acf\/common-text-right-section\",\"data\":{\"text\":\"\\u003cstrong\\u003eFerrata Kyse\u013e\u00a0\\u003c\/strong\\u003e\\r\\n\\r\\n\\u003cspan style=\\u0022font-weight: 400;\\u0022\\u003ePo \u0161tyridsiatich rokoch od ni\u010div\u00e9ho po\u017eiaru, po ktorom bola ties\u0148ava Kyse\u013e pre turistick\u00fa verejnos\u0165 uzavret\u00e1, ju op\u00e4\u0165 m\u00f4\u017eete nav\u0161t\u00edvi\u0165. N\u00e1ro\u010dnej\u0161ie pas\u00e1\u017ee s\u00fa zabezpe\u010den\u00e9 formou zaistenej cesty fixn\u00fdmi lanami a \u017eelezn\u00fdmi st\u00fapa\u010dkami - via ferrata. Technick\u00e9 zariadenie ferraty umo\u017e\u0148uje bezpe\u010dn\u00fd a pohodln\u00fd prechod roklinou Kyse\u013e, ktor\u00e1 je najpr\u00edsnej\u0161ie chr\u00e1nenou z\u00f3nou n\u00e1rodn\u00e9ho parku. Povinnou v\u00fdbavou pri n\u00e1v\u0161teve ferraty je ferratov\u00fd set. Ferratu je mo\u017en\u00e9 nav\u0161t\u00edvi\u0165 bu\u010f individu\u00e1lne alebo je mo\u017en\u00e9 si objedna\u0165 na Spr\u00e1ve NP Slovensk\u00fd raj doprovod s odborn\u00fdm v\u00fdkladom pracovn\u00edka Spr\u00e1vy NP. Doprovod na ferratu nie je v\u0161ak povinn\u00fd. Ferrata je pr\u00edstupn\u00e1 v obdob\u00ed 15. j\u00fan a\u017e 31. okt\u00f3ber a odpor\u00fa\u010dan\u00e1 pre osoby star\u0161ie ako 6 rokov. Je jednosmern\u00e1, v\u00fdhradne v smere zdola nahor.\u00a0 Cena z\u00e1kladn\u00e9ho l\u00edstka je 5\u20ac, ktor\u00fd je ide\u00e1lne si zak\u00fapi\u0165 vopred a rezervova\u0165 si term\u00edn v\u00e1\u0161ho z\u00e1\u017eitku. M\u00f4\u017eete si to tie\u017e zak\u00fapi\u0165 formou SMS cez slovensk\u00fdch oper\u00e1torov alebo priamo na mieste vo v\u00fd\u0161ke 10 \u20ac, bez n\u00e1roku na mo\u017en\u00e9 z\u013eavy. Podrobnosti o nevyhnutnej v\u00fdbave, zauj\u00edmavostiach, vr\u00e1tane prev\u00e1dzkov\u00e9ho poriadku si pozrite na webovej str\u00e1nke http:\/\/npslovenskyraj.sopsr.sk\/ferrata-hzs-kysel-zakladne-informacie-pre-navstevnikov\/. Ferratov\u00e9 sety si po\u017ei\u010dajte za minim\u00e1lny poplatok v Chate na r\u00e1zcest\u00ed, v centr\u00e1lnej po\u017ei\u010dovni na \u010cingove, v Podlesku, Kl\u00e1\u0161torisku a mnoh\u00fdch in\u00fdch miestach zverejnen\u00fdch na str\u00e1nke. Doprovod roklinou s profesion\u00e1lnym pracovn\u00edkom Spr\u00e1vy NP Slovensk\u00fd raj alebo in\u00fdm za\u0161kolen\u00fdm pracovn\u00edkom s odborn\u00fdm v\u00fdkladom o pr\u00edrode, hist\u00f3rii a zauj\u00edmavostiach ties\u0148avy Kyse\u013e si objedn\u00e1te na Spr\u00e1ve NP Slovensk\u00fd raj. N\u00e1stupn\u00e9 miesto odkia\u013e pracovn\u00edk sprev\u00e1dza je Kyse\u013e (\u00fastie). Cena doprovodu je jednotn\u00e1 - 50 \u20ac za skupinu. Ve\u013ekos\u0165 skupiny je maxim\u00e1lne 10 os\u00f4b. V cene nie je zahrnut\u00e1 vstupenka na ferratu, zapo\u017ei\u010danie ferratov\u00e9ho setu pri doprovode je spoplatnen\u00e9 samostatne sumou 5 \u20ac\/set\/osoba.\\u003c\/span\\u003e\\r\\n\\r\\n\\u003cspan style=\\u0022font-weight: 400;\\u0022\\u003eDoprovod si m\u00f4\u017eete rezervova\u0165 vyplnen\u00edm predbe\u017en\u00e9ho formul\u00e1ra na str\u00e1nke v KALEND\u00c1RI REGISTROVAN\u00ddCH \u013dUD\u00cd NA DOPROVOD FERRATOU KYSE\u013d.\u00a0\\u003c\/span\\u003e\\r\\n\\r\\n\\u003cspan style=\\u0022font-weight: 400;\\u0022\\u003eMaxim\u00e1lny po\u010det os\u00f4b, ktor\u00fd m\u00f4\u017eu via ferratu absolvova\u0165 je 18 os\u00f4b za de\u0148, na jedn\u00e9ho sprievodcu 9 os\u00f4b.\u00a0\\u003c\/span\\u003e\",\"_text\":\"field_60c66a6067e54\"},\"mode\":\"preview\"} \/-->\n\n<!-- wp:acf\/common-image-right-section {\"name\":\"acf\/common-image-right-section\",\"data\":{\"image\":8295,\"_image\":\"field_60c66ddbbdafe\"},\"mode\":\"preview\"} \/-->\n\n<!-- wp:acf\/common-image-left-section {\"name\":\"acf\/common-image-left-section\",\"data\":{\"image\":8296,\"_image\":\"field_60c66ddbbdafe\"},\"mode\":\"preview\"} \/-->\n\n<!-- wp:acf\/common-text-right-section {\"name\":\"acf\/common-text-right-section\",\"data\":{\"text\":\"\\u003cstrong\\u003eSplav Prielomu Horn\u00e1du\\u003c\/strong\\u003e\\r\\n\\r\\n\\u003cspan style=\\u0022font-weight: 400;\\u0022\\u003eZa jeden z najkraj\u0161\u00edch ka\u0148onov na Slovensku je pova\u017eovan\u00fd Prielom Horn\u00e1du. Ak ste ho doteraz spozn\u00e1vali len ako pe\u0161\u00ed turisti, m\u00e1me pre v\u00e1s origin\u00e1lnu dobrodru\u017en\u00fa formu na jeho objavovanie - po vode. Od roku 2016 je toti\u017e ka\u0148on op\u00e4\u0165 otvoren\u00fd aj pre vod\u00e1kov. Splav prielomu Horn\u00e1du v Slovenskom raji mo\u017eno v sprievode sk\u00fasen\u00fdch in\u0161truktorov za\u017ei\u0165 z\u00a0kanoe aj \u010dlna. Plavba za\u010d\u00edna v Hrabu\u0161iciach pri cestnom moste, kde je ofici\u00e1lne n\u00e1stupn\u00e9 miesto. Dobrodru\u017estvo na rieke, ktor\u00e9 m\u00f4\u017ee trva\u0165 3 \u2013 4 hodiny, prin\u00e1\u0161a viacero adrenal\u00ednov\u00fdch momentov a z\u00e1vere\u010dn\u00fa euf\u00f3riu z prekonania seba sam\u00e9ho. Pomerne n\u00e1ro\u010dn\u00fd splav sa odpor\u00fa\u010da absolvova\u0165 predov\u0161etk\u00fdm t\u00fdm n\u00e1v\u0161tevn\u00edkom, ktor\u00ed u\u017e maj\u00fa nejak\u00fa sk\u00fasenos\u0165 z in\u00fdch splavov. Nie je vhodn\u00fd pre \u00fapln\u00fdch za\u010diato\u010dn\u00edkov a neplavcov. Pred splavom absolvujte kurz kanoistiky a vyberte si splav na pokojnej\u0161\u00edch \u010dastiach rieky Horn\u00e1d. Vo va\u0161om v\u00fdbere toho prav\u00e9ho z\u00e1\u017eitku v\u00e1m radi pom\u00f4\u017eu sk\u00fasen\u00ed vod\u00e1ci. Cena z\u00e1\u017eitku je 30\u20ac a zahr\u0148uje po\u017ei\u010danie lode a v\u00fdstroja (p\u00e1dla, vesty, prilby, neopr\u00e9nov\u00fd set), slu\u017eby in\u0161truktora, dopravu lod\u00ed. Potrebn\u00fd je poplatok za povolenie splavu v N\u00e1rodnom parku Slovensk\u00fd raj, ktor\u00fd je 10\u20ac\/osobu a plat\u00ed sa v hotovosti na mieste, zah\u0155\u0148a poistenie pre pr\u00edpad z\u00e1chrany HZS.\\u003c\/span\\u003e\",\"_text\":\"field_60c66a6067e54\"},\"mode\":\"preview\"} \/-->\n\n<!-- wp:acf\/common-image-left-section {\"name\":\"acf\/common-image-left-section\",\"data\":{\"image\":8297,\"_image\":\"field_60c66ddbbdafe\"},\"mode\":\"preview\"} \/-->\n\n<!-- wp:acf\/common-text-right-section {\"name\":\"acf\/common-text-right-section\",\"data\":{\"text\":\"\\u003cstrong\\u003ePo\u017ei\u010dov\u0148a oblohy\\u003c\/strong\\u003e\\r\\n\\r\\n\\u003cspan style=\\u0022font-weight: 400;\\u0022\\u003eAk s\u00fa v\u00e1m pozemsk\u00e9 z\u00e1\u017eitky v\u0161edn\u00e9 a t\u00fa\u017eite po extra d\u00e1vke vzru\u0161enia v\u00a0oblakoch, tak pre v\u00e1s m\u00e1me \\u0022ve\u013ek\u00fa pecku\\u0022. Po\u017ei\u010dajte si k\u00fasok oblohy, str\u00e1vte pribli\u017ene 20 min\u00fat na palube lietadla, ktor\u00e9 v\u00e1s vynesie za hranice v\u0161edn\u00fdch v\u00fdh\u013eadov! U\u017eite si impozantn\u00fd v\u00fdh\u013ead na malebn\u00fd Slovensk\u00fd raj, majest\u00e1tne Vysok\u00e9 Tatry, historick\u00fa Levo\u010du, Spi\u0161sk\u00fd hrad a pripravte sa na v\u00fdskok! Vo v\u00fd\u0161ke 3000 metrov o\u010dak\u00e1vajte extr\u00e9mnu kumul\u00e1ciu em\u00f3ci\u00ed, ktor\u00fdch expl\u00f3ziu za\u017eijete pri 35 sekundovom vo\u013enom p\u00e1de r\u00fdchlos\u0165ou 200 km za hodinu kolmo k zemi, alebo aj vami ovl\u00e1danom, 5 a\u017e 7 min\u00fatovom pokojnom lete pad\u00e1kom. Vybrali ste si? Ak \u00e1no, nav\u0161t\u00edvte str\u00e1nku compact.sk.\u00a0\\u003c\/span\\u003e\\r\\n\\r\\n\\u003cspan style=\\u0022font-weight: 400;\\u0022\\u003ePO\u017dI\u010cOV\u0147A OBLOHY | COMPACT Skydive \\u0026amp; Flying - zabezpe\u010duje komplexn\u00e9 slu\u017eby v oblasti \u0161portov\u00e9ho a rekrea\u010dn\u00e9ho para\u0161utizmu. Organizuje tandemov\u00e9 zoskoky, para\u0161utistick\u00e9 kurzy pre z\u00e1ujemcov o prv\u00fd s\u00f3lo zoskok, prev\u00e1dzkuje para\u0161utistick\u00fa \u0161kolu a \u0161kolu lietania na ultra\u013eahk\u00fdch lietadl\u00e1ch. Je tie\u017e hlavn\u00fdm organiz\u00e1torom a zakladate\u013eom Slovenskej para\u0161utistickej ligy v presnosti prist\u00e1tia.\u00a0\\u003c\/span\\u003e\\r\\n\\r\\n\\u0026nbsp;\",\"_text\":\"field_60c66a6067e54\"},\"mode\":\"preview\"} \/-->\n\n<!-- wp:tadv\/classic-paragraph \/-->\n\n<!-- wp:acf\/theme-ambassador-section {\"name\":\"acf\/theme-ambassador-section\",\"mode\":\"preview\"} \/-->","_sk_post_name":"adrenalin-v-raji","_sk_post_excerpt":"","_sk_post_title":"Adrenal\u00edn v Raji","_en_post_content":"<!-- wp:acf\/common-text-left-section {\"id\":\"block_629908bf60e2b\",\"name\":\"acf\/common-text-left-section\",\"data\":{\"field_60c66a6067e54\":\"\\u003cb\\u003eIf paradise, then the Slovak one! Rippling streams, winding cliffs and dense coniferous forests, whose peaks touch the sky. Magical waterfalls, fragments of history hidden in the most unexpected places and the wildness of nature confirm the distinctive name of the Slovak Paradise National Park. A real paradise for tourists, athletes and nature adorers, one of the nine Slovak national parks, which will embrace you and engulf you with its beauty. Be the discoverer of untouched nooks and crannies, conqueror of majestic rocks, grapple with the ferocity of the Horn\u00e1d River. Get everything that the Slovak Paradise has to offer, pass the test of courage, expand the limits of your physical abilities in the company of experienced instructors of sailing, rafting, rock climbing. Treat yourself to a dose of endorphins on the ferrata in the acid gorge, borrow the sky and experience an adrenaline jump from a plane in tandem. Or will it rather be your first solo jump after completing a 5-day skydiving course?\\u003c\/b\\u003e\"},\"align\":\"\",\"mode\":\"preview\"} \/-->\n\n<!-- wp:acf\/common-text-right-section {\"id\":\"block_6298bff586acd\",\"name\":\"acf\/common-text-right-section\",\"data\":{\"field_60c66a6067e54\":\"\\u003cstrong\\u003eFerrata Kyse\u013e\u00a0\\u003c\/strong\\u003e\\r\\n\\r\\nForty years after the devastating fire, after which the Kyse\u013e Gorge was closed to the tourist public, you may visit it once again. More demanding passages are secured in the form of a secured path with fixed ropes and iron risers - via ferrata. The technical equipment of the ferrata enables a safe and comfortable crossing of the Kyse\u013e Gorge, which is the strictest protected zone of the national park. The mandatory equipment when visiting the ferrata includes the ferrata set. It is possible to visit the Ferrata either individually or it is possible to order an accompaniment at the Slovak Paradise National Park Administration with an expert explanation by an employee of the National Park Administration. However, escort on a ferrata is not mandatory. Ferrata is open from 15 June to 31 October and is recommended for guests over 6 years old. It is one-way, exclusively in the bottom-up direction. The price of the basic ticket is 5 \u20ac, which is ideal to buy in advance and book the date of your experience. You can also buy it in the form of an SMS via Slovak operators or directly on the spot in the amount of 10 \u20ac, without the right to possible discounts. Fir details on the necessary equipment, attractions, including operating rules, see the website http:\/\/npslovenskyraj.sopsr.sk\/ferrata-hzs-kysel-zakladne-informacie-pre-navstevnikov\/. You may rent ferrata sets for a minimal fee in Chata na Rozcest\u00ed, in the central rental shop in \u010cingov, in Podlesok, Kl\u00e1\u0161torisko and many other places published on the website. Accompaniment through the gorge with a professional employee of the Slovak Paradise National Park Administration or another trained employee with an expert explanation of the nature, history and attractions of the Kyse\u013e Gorge may be ordered from the Slovak Paradise National Park Administration. The starting point from which the employee accompanies is Kyse\u013e (estuary). The price of the escort is the same - 50 \u20ac per group. The group size is a maximum of 10 people. The price does not include a ferrata ticket, the rental of a ferrata set when accompanied is charged separately in the amount of 5 \u20ac\/set\/person.\\r\\n\\r\\nYou may book an escort by filling out the preliminary form on the site in the CALENDAR OF REGISTERED PEOPLE FOR FERRATA KYSE\u013d ACCOMPANYING.\\r\\n\\r\\nThe maximum number of people that can pass through the ferrata is 18 persons per day, 9 persons per guide.\"},\"align\":\"\",\"mode\":\"preview\"} \/-->\n\n<!-- wp:acf\/common-image-right-section {\"id\":\"block_6298bff586ace\",\"name\":\"acf\/common-image-right-section\",\"data\":{\"image\":8295,\"_image\":\"field_60c66ddbbdafe\"},\"align\":\"\",\"mode\":\"preview\"} \/-->\n\n<!-- wp:acf\/common-image-left-section {\"id\":\"block_6298bff586acf\",\"name\":\"acf\/common-image-left-section\",\"data\":{\"image\":8296,\"_image\":\"field_60c66ddbbdafe\"},\"align\":\"\",\"mode\":\"preview\"} \/-->\n\n<!-- wp:acf\/common-text-right-section {\"id\":\"block_6298bff586ad0\",\"name\":\"acf\/common-text-right-section\",\"data\":{\"field_60c66a6067e54\":\"\\u003cstrong\\u003eRafting of the Horn\u00e1d Gorge\\u003c\/strong\\u003e\\r\\n\\r\\nThe Horn\u00e1d Gorge is considered one of the most beautiful canyons in Slovakia. If you have so far only known it as a hiker, we have an original adventurous form for you to discover it - by water. Since 2016, the canyon has been open again to paddlers. The rafting of the Horn\u00e1d Gorge in the Slovak Paradise may be experienced from a canoe and a boat, accompanied by experienced instructors. The cruise starts in Hrabu\u0161ice by the road bridge, where there is an official boarding point. The adventure on the river, which may last 3-4 hours, brings more adrenaline moments and the final euphoria of overcoming oneself. It is recommended to complete a relatively demanding rafting especially for those visitors who already have had some experience from other rafting. Not suitable for complete beginners and non-swimmers. Before the rafting, take a canoeing course and choose a rafting on the quieter parts of the Horn\u00e1d River. Experienced paddlers will be happy to help you choose the right experience. The price of the experience is 30 \u20ac and includes boat rental and equipment (paddles, vests, helmets, wetsuits), instructor services, boat transport. A fee is required for a rafting permit in the Slovak Paradise National Park, which is 10 \u20ac\/person and is to be paid in cash on the spot, it includes insurance in case of rescue by the fire brigade.\"},\"align\":\"\",\"mode\":\"preview\"} \/-->\n\n<!-- wp:acf\/common-image-left-section {\"id\":\"block_6298bff586ad1\",\"name\":\"acf\/common-image-left-section\",\"data\":{\"image\":8297,\"_image\":\"field_60c66ddbbdafe\"},\"align\":\"\",\"mode\":\"preview\"} \/-->\n\n<!-- wp:acf\/common-text-right-section {\"id\":\"block_6298bff586ad2\",\"name\":\"acf\/common-text-right-section\",\"data\":{\"field_60c66a6067e54\":\"\\u003cstrong\\u003eSky rental\\u003c\/strong\\u003e\\r\\n\\r\\nIf your earthly experiences are mundane and you long for an extra dose of excitement in the clouds, then we have a \\u0022big deal\\u0022 for you. Borrow a piece of the sky, spend about 20 minutes on board an airplane that will take you beyond ordinary views! Enjoy the impressive view of the picturesque Slovak Paradise, the majestic High Tatras, the historic Levo\u010da, the Spi\u0161 Castle and get ready to jump! At an altitude of 3,000 metres, expect an extreme accumulation of emotions, the explosion of which you will experience in a 35-second free fall at a speed of 200 km per hour perpendicular to the ground, or even your controlled, 5 to 7 minutes peaceful parachute flight. Have you chosen? If so, visit compact.sk.\\r\\n\\r\\nSKY RENTAL COMPACT Skydive \\u0026amp; Flying - provides comprehensive services in the field of sports and recreational skydiving. It organises tandem jumps, parachuting courses for those interested in the first solo jump, runs a parachuting school and a school for flying on ultralight aircraft. It is also the main organiser and founder of the Slovak Parachuting League in precision landing.\"},\"align\":\"\",\"mode\":\"preview\"} \/-->\n\n<!-- wp:tadv\/classic-paragraph \/-->\n\n<!-- wp:acf\/theme-ambassador-section {\"id\":\"block_6298bff586ad3\",\"name\":\"acf\/theme-ambassador-section\",\"data\":{},\"align\":\"\",\"mode\":\"preview\"} \/-->\n\n<!-- wp:acf\/common-text-right-section {\"id\":\"block_60f1786e9f5fd\",\"name\":\"acf\/common-text-right-section\",\"data\":{\"text\":\"\\u003cstrong\\u003eFerrata Kyse\u013e\u00a0\\u003c\/strong\\u003e\\r\\n\\r\\n\\u003cspan style=\\u0022font-weight: 400;\\u0022\\u003ePo \u0161tyridsiatich rokoch od ni\u010div\u00e9ho po\u017eiaru, po ktorom bola ties\u0148ava Kyse\u013e pre turistick\u00fa verejnos\u0165 uzavret\u00e1, ju op\u00e4\u0165 m\u00f4\u017eete nav\u0161t\u00edvi\u0165. N\u00e1ro\u010dnej\u0161ie pas\u00e1\u017ee s\u00fa zabezpe\u010den\u00e9 formou zaistenej cesty fixn\u00fdmi lanami a \u017eelezn\u00fdmi st\u00fapa\u010dkami - via ferrata. Technick\u00e9 zariadenie ferraty umo\u017e\u0148uje bezpe\u010dn\u00fd a pohodln\u00fd prechod roklinou Kyse\u013e, ktor\u00e1 je najpr\u00edsnej\u0161ie chr\u00e1nenou z\u00f3nou n\u00e1rodn\u00e9ho parku. Povinnou v\u00fdbavou pri n\u00e1v\u0161teve ferraty je ferratov\u00fd set. Ferratu je mo\u017en\u00e9 nav\u0161t\u00edvi\u0165 bu\u010f individu\u00e1lne alebo je mo\u017en\u00e9 si objedna\u0165 na Spr\u00e1ve NP Slovensk\u00fd raj doprovod s odborn\u00fdm v\u00fdkladom pracovn\u00edka Spr\u00e1vy NP. Doprovod na ferratu nie je v\u0161ak povinn\u00fd. Ferrata je pr\u00edstupn\u00e1 v obdob\u00ed 15. j\u00fan a\u017e 31. okt\u00f3ber a odpor\u00fa\u010dan\u00e1 pre osoby star\u0161ie ako 6 rokov. Je jednosmern\u00e1, v\u00fdhradne v smere zdola nahor.\u00a0 Cena z\u00e1kladn\u00e9ho l\u00edstka je 5\u20ac, ktor\u00fd je ide\u00e1lne si zak\u00fapi\u0165 vopred a rezervova\u0165 si term\u00edn v\u00e1\u0161ho z\u00e1\u017eitku. M\u00f4\u017eete si to tie\u017e zak\u00fapi\u0165 formou SMS cez slovensk\u00fdch oper\u00e1torov alebo priamo na mieste vo v\u00fd\u0161ke 10 \u20ac, bez n\u00e1roku na mo\u017en\u00e9 z\u013eavy. Podrobnosti o nevyhnutnej v\u00fdbave, zauj\u00edmavostiach, vr\u00e1tane prev\u00e1dzkov\u00e9ho poriadku si pozrite na webovej str\u00e1nke http:\/\/npslovenskyraj.sopsr.sk\/ferrata-hzs-kysel-zakladne-informacie-pre-navstevnikov\/. Ferratov\u00e9 sety si po\u017ei\u010dajte za minim\u00e1lny poplatok v Chate na r\u00e1zcest\u00ed, v centr\u00e1lnej po\u017ei\u010dovni na \u010cingove, v Podlesku, Kl\u00e1\u0161torisku a mnoh\u00fdch in\u00fdch miestach zverejnen\u00fdch na str\u00e1nke. Doprovod roklinou s profesion\u00e1lnym pracovn\u00edkom Spr\u00e1vy NP Slovensk\u00fd raj alebo in\u00fdm za\u0161kolen\u00fdm pracovn\u00edkom s odborn\u00fdm v\u00fdkladom o pr\u00edrode, hist\u00f3rii a zauj\u00edmavostiach ties\u0148avy Kyse\u013e si objedn\u00e1te na Spr\u00e1ve NP Slovensk\u00fd raj. N\u00e1stupn\u00e9 miesto odkia\u013e pracovn\u00edk sprev\u00e1dza je Kyse\u013e (\u00fastie). Cena doprovodu je jednotn\u00e1 - 50 \u20ac za skupinu. Ve\u013ekos\u0165 skupiny je maxim\u00e1lne 10 os\u00f4b. V cene nie je zahrnut\u00e1 vstupenka na ferratu, zapo\u017ei\u010danie ferratov\u00e9ho setu pri doprovode je spoplatnen\u00e9 samostatne sumou 5 \u20ac\/set\/osoba.\\u003c\/span\\u003e\\r\\n\\r\\n\\u003cspan style=\\u0022font-weight: 400;\\u0022\\u003eDoprovod si m\u00f4\u017eete rezervova\u0165 vyplnen\u00edm predbe\u017en\u00e9ho formul\u00e1ra na str\u00e1nke v KALEND\u00c1RI REGISTROVAN\u00ddCH \u013dUD\u00cd NA DOPROVOD FERRATOU KYSE\u013d.\u00a0\\u003c\/span\\u003e\\r\\n\\r\\n\\u003cspan style=\\u0022font-weight: 400;\\u0022\\u003eMaxim\u00e1lny po\u010det os\u00f4b, ktor\u00fd m\u00f4\u017eu via ferratu absolvova\u0165 je 18 os\u00f4b za de\u0148, na jedn\u00e9ho sprievodcu 9 os\u00f4b.\u00a0\\u003c\/span\\u003e\",\"_text\":\"field_60c66a6067e54\"},\"align\":\"\",\"mode\":\"preview\"} \/-->\n\n<!-- wp:acf\/common-image-right-section {\"id\":\"block_60f178999f5fe\",\"name\":\"acf\/common-image-right-section\",\"data\":{\"image\":8295,\"_image\":\"field_60c66ddbbdafe\"},\"align\":\"\",\"mode\":\"preview\"} \/-->\n\n<!-- wp:acf\/common-image-left-section {\"id\":\"block_614997686ded2\",\"name\":\"acf\/common-image-left-section\",\"data\":{\"image\":8296,\"_image\":\"field_60c66ddbbdafe\"},\"align\":\"\",\"mode\":\"preview\"} \/-->\n\n<!-- wp:acf\/common-text-right-section {\"id\":\"block_60f179599f5ff\",\"name\":\"acf\/common-text-right-section\",\"data\":{\"text\":\"\\u003cstrong\\u003eSplav Prielomu Horn\u00e1du\\u003c\/strong\\u003e\\r\\n\\r\\n\\u003cspan style=\\u0022font-weight: 400;\\u0022\\u003eZa jeden z najkraj\u0161\u00edch ka\u0148onov na Slovensku je pova\u017eovan\u00fd Prielom Horn\u00e1du. Ak ste ho doteraz spozn\u00e1vali len ako pe\u0161\u00ed turisti, m\u00e1me pre v\u00e1s origin\u00e1lnu dobrodru\u017en\u00fa formu na jeho objavovanie - po vode. Od roku 2016 je toti\u017e ka\u0148on op\u00e4\u0165 otvoren\u00fd aj pre vod\u00e1kov. Splav prielomu Horn\u00e1du v Slovenskom raji mo\u017eno v sprievode sk\u00fasen\u00fdch in\u0161truktorov za\u017ei\u0165 z\u00a0kanoe aj \u010dlna. Plavba za\u010d\u00edna v Hrabu\u0161iciach pri cestnom moste, kde je ofici\u00e1lne n\u00e1stupn\u00e9 miesto. Dobrodru\u017estvo na rieke, ktor\u00e9 m\u00f4\u017ee trva\u0165 3 \u2013 4 hodiny, prin\u00e1\u0161a viacero adrenal\u00ednov\u00fdch momentov a z\u00e1vere\u010dn\u00fa euf\u00f3riu z prekonania seba sam\u00e9ho. Pomerne n\u00e1ro\u010dn\u00fd splav sa odpor\u00fa\u010da absolvova\u0165 predov\u0161etk\u00fdm t\u00fdm n\u00e1v\u0161tevn\u00edkom, ktor\u00ed u\u017e maj\u00fa nejak\u00fa sk\u00fasenos\u0165 z in\u00fdch splavov. Nie je vhodn\u00fd pre \u00fapln\u00fdch za\u010diato\u010dn\u00edkov a neplavcov. Pred splavom absolvujte kurz kanoistiky a vyberte si splav na pokojnej\u0161\u00edch \u010dastiach rieky Horn\u00e1d. Vo va\u0161om v\u00fdbere toho prav\u00e9ho z\u00e1\u017eitku v\u00e1m radi pom\u00f4\u017eu sk\u00fasen\u00ed vod\u00e1ci. Cena z\u00e1\u017eitku je 30\u20ac a zahr\u0148uje po\u017ei\u010danie lode a v\u00fdstroja (p\u00e1dla, vesty, prilby, neopr\u00e9nov\u00fd set), slu\u017eby in\u0161truktora, dopravu lod\u00ed. Potrebn\u00fd je poplatok za povolenie splavu v N\u00e1rodnom parku Slovensk\u00fd raj, ktor\u00fd je 10\u20ac\/osobu a plat\u00ed sa v hotovosti na mieste, zah\u0155\u0148a poistenie pre pr\u00edpad z\u00e1chrany HZS.\\u003c\/span\\u003e\",\"_text\":\"field_60c66a6067e54\"},\"align\":\"\",\"mode\":\"preview\"} \/-->\n\n<!-- wp:acf\/common-image-left-section {\"id\":\"block_60f179709f600\",\"name\":\"acf\/common-image-left-section\",\"data\":{\"image\":8297,\"_image\":\"field_60c66ddbbdafe\"},\"align\":\"\",\"mode\":\"preview\"} \/-->\n\n<!-- wp:acf\/common-text-right-section {\"id\":\"block_60f179bc9f601\",\"name\":\"acf\/common-text-right-section\",\"data\":{\"text\":\"\\u003cstrong\\u003ePo\u017ei\u010dov\u0148a oblohy\\u003c\/strong\\u003e\\r\\n\\r\\n\\u003cspan style=\\u0022font-weight: 400;\\u0022\\u003eAk s\u00fa v\u00e1m pozemsk\u00e9 z\u00e1\u017eitky v\u0161edn\u00e9 a t\u00fa\u017eite po extra d\u00e1vke vzru\u0161enia v\u00a0oblakoch, tak pre v\u00e1s m\u00e1me \\u0022ve\u013ek\u00fa pecku\\u0022. Po\u017ei\u010dajte si k\u00fasok oblohy, str\u00e1vte pribli\u017ene 20 min\u00fat na palube lietadla, ktor\u00e9 v\u00e1s vynesie za hranice v\u0161edn\u00fdch v\u00fdh\u013eadov! U\u017eite si impozantn\u00fd v\u00fdh\u013ead na malebn\u00fd Slovensk\u00fd raj, majest\u00e1tne Vysok\u00e9 Tatry, historick\u00fa Levo\u010du, Spi\u0161sk\u00fd hrad a pripravte sa na v\u00fdskok! Vo v\u00fd\u0161ke 3000 metrov o\u010dak\u00e1vajte extr\u00e9mnu kumul\u00e1ciu em\u00f3ci\u00ed, ktor\u00fdch expl\u00f3ziu za\u017eijete pri 35 sekundovom vo\u013enom p\u00e1de r\u00fdchlos\u0165ou 200 km za hodinu kolmo k zemi, alebo aj vami ovl\u00e1danom, 5 a\u017e 7 min\u00fatovom pokojnom lete pad\u00e1kom. Vybrali ste si? Ak \u00e1no, nav\u0161t\u00edvte str\u00e1nku compact.sk.\u00a0\\u003c\/span\\u003e\\r\\n\\r\\n\\u003cspan style=\\u0022font-weight: 400;\\u0022\\u003ePO\u017dI\u010cOV\u0147A OBLOHY | COMPACT Skydive \\u0026amp; Flying - zabezpe\u010duje komplexn\u00e9 slu\u017eby v oblasti \u0161portov\u00e9ho a rekrea\u010dn\u00e9ho para\u0161utizmu. Organizuje tandemov\u00e9 zoskoky, para\u0161utistick\u00e9 kurzy pre z\u00e1ujemcov o prv\u00fd s\u00f3lo zoskok, prev\u00e1dzkuje para\u0161utistick\u00fa \u0161kolu a \u0161kolu lietania na ultra\u013eahk\u00fdch lietadl\u00e1ch. Je tie\u017e hlavn\u00fdm organiz\u00e1torom a zakladate\u013eom Slovenskej para\u0161utistickej ligy v presnosti prist\u00e1tia.\u00a0\\u003c\/span\\u003e\\r\\n\\r\\n\\u0026nbsp;\",\"_text\":\"field_60c66a6067e54\"},\"align\":\"\",\"mode\":\"preview\"} \/-->\n\n<!-- wp:tadv\/classic-paragraph \/-->\n\n<!-- wp:acf\/theme-ambassador-section {\"id\":\"block_60f179cb9f602\",\"name\":\"acf\/theme-ambassador-section\",\"align\":\"\",\"mode\":\"preview\"} \/-->","_en_post_name":"","_en_post_excerpt":"","_en_post_title":"Adrenaline in Paradise","_hu_post_content":"<!-- wp:tadv\/classic-paragraph \/-->\n\n<!-- wp:acf\/common-text-left-section {\"id\":\"block_62753f064efd8\",\"name\":\"acf\/common-text-left-section\",\"data\":{\"field_60c66a6067e54\":\"\\u003cstrong\\u003eHa Paradicsom, akkor legyen a Szlov\u00e1k! A cs\u00f6rgedez\u0151 patakok kanyarg\u00f3 \u00fatvonalakon v\u00e1lasztj\u00e1k el egym\u00e1st\u00f3l a szikl\u00e1s mered\u00e9lyeket \u00e9s az egeket s\u00farol\u00f3 s\u0171r\u0171 fenyveseket. \u00a0A mes\u00e9s v\u00edzes\u00e9sek, a t\u00f6rt\u00e9nelem t\u00f6red\u00e9keinek felbukkan\u00e1sa a legv\u00e1ratlanabb helyeken \u00e9s a vad term\u00e9szet mindent \u00e1that\u00f3 jelenl\u00e9te \u2013 mindezt hordozza a Szlov\u00e1k Paradicsom Nemzeti Park megnevez\u00e9se.\u00a0 A kilenc szlov\u00e1kiai nemzeti park egyike val\u00f3di \u00e9denkert a turist\u00e1k, a sportol\u00f3k \u00e9s a term\u00e9szet kedvel\u0151i sz\u00e1m\u00e1ra, sz\u00e9ps\u00e9ge rabul ejti az idel\u00e1togat\u00f3kat.\u00a0\u00a0 Legyen \u00d6n is az \u00e9rintetlen szegletek, a m\u00e9lt\u00f3s\u00e1gteljes szikl\u00e1k felfedez\u0151je, tegye pr\u00f3b\u00e1ra er\u0151nl\u00e9t\u00e9t a Hern\u00e1d zabol\u00e1tlan hull\u00e1main.\u00a0\u00a0\u00a0 Gy\u0171jts\u00f6n be mindent, amit a Szlov\u00e1k Paradicsom k\u00edn\u00e1l, t\u00e1g\u00edtsa fizikai k\u00e9pess\u00e9geinek hat\u00e1r\u00e1t tapasztalt t\u00faravezet\u0151k k\u00eds\u00e9ret\u00e9ben, legyen sz\u00f3 evez\u00e9sr\u0151l vagy sziklam\u00e1sz\u00e1sr\u00f3l.\u00a0 Engedje felszabadulni az endorfinjait a Kyse\u013e szurdok via ferrat\u00e1j\u00e1n, vegye k\u00f6lcs\u00f6nbe az eget \u00e9s pr\u00f3b\u00e1lja ki, milyen \u00e9rz\u00e9s kiugrani tandemben egy rep\u00fcl\u0151b\u0151l.\u00a0\u00a0 Vagy tal\u00e1n elv\u00e9gezne egy 5-napos ejt\u0151erny\u0151s-tanfolyamot \u00e9s egyed\u00fcl ugrana?\\u003c\/strong\\u003e\\r\\n\\r\\n\\u003cstrong\\u003e\u00a0\\u003c\/strong\\u003e\"},\"align\":\"\",\"mode\":\"preview\"} \/-->\n\n<!-- wp:acf\/common-text-right-section {\"id\":\"block_62753f3c4efd9\",\"name\":\"acf\/common-text-right-section\",\"data\":{\"field_60c66a6067e54\":\"\\u003cstrong\\u003eVia Ferrata - Kyse\u013e\u00a0\\u003c\/strong\\u003e\\r\\n\\r\\nNegyven \u00e9vvel a puszt\u00edt\u00f3 t\u0171zv\u00e9sz ut\u00e1n, amikor a Kyse\u013e szurdokot lez\u00e1rt\u00e1k a turist\u00e1k el\u0151tt, ma m\u00e1r ism\u00e9t l\u00e1togathat\u00f3.\u00a0 A megterhel\u0151bb szakaszok r\u00f6gz\u00edtett k\u00f6telekkel \u00e9s vasfell\u00e9p\u0151kkel biztos\u00edtottak, innen ered a via ferrata - vasalt \u00fat elnevez\u00e9s. A ferrata m\u0171szaki felszerelts\u00e9g\u00e9nek k\u00f6sz\u00f6nhet\u0151en biztons\u00e1gosan \u00e9s k\u00e9nyelmesen j\u00e1rhatjuk v\u00e9gig a Kysel szurdokot, amely a nemzeti park legszigor\u00fabban v\u00e9dett \u00f6vezete. A vasalt utakohoz k\u00f6telez\u0151 a ferrata-felszerel\u00e9s. A ferrata egy\u00e9nileg is l\u00e1togathat\u00f3, de a Szlov\u00e1k Paradicsom NP irod\u00e1j\u00e1ban k\u00e9rhet\u00fcnk szakmai k\u00eds\u00e9retet \u00e9s idegenvezet\u00e9st.\u00a0 A k\u00eds\u00e9ret azonban nem k\u00f6telez\u0151. A ferrata j\u00fanius 15. \u00e9s okt\u00f3ber 31. k\u00f6z\u00f6tt hozz\u00e1f\u00e9rhet\u0151 6 \u00e9vn\u00e9l id\u0151sebb szem\u00e9lyek sz\u00e1m\u00e1ra. Egyir\u00e1ny\u00fa, kiz\u00e1r\u00f3lag alulr\u00f3l f\u00f6lfel\u00e9 j\u00e1rhat\u00f3 v\u00e9gig.\u00a0 A jegy alap\u00e1ra 5 EUR, ezt \u00e9rdemes el\u0151re megv\u00e1s\u00e1rolni \u00e9s id\u0151pontot foglalni. A jegyet ak\u00e1r SMS-ben is megv\u00e1s\u00e1rolhatjuk szlov\u00e1k mobilszolg\u00e1ltat\u00f3kn\u00e1l, vagy a helysz\u00ednen 10 eur\u00f3\u00e9rt, kedvezm\u00e9nyre nincs lehet\u0151s\u00e9g.\u00a0 A felt\u00e9tlen\u00fcl sz\u00fcks\u00e9ges felszerel\u00e9sr\u0151l, az \u00e9rdekess\u00e9gekr\u0151l \u00e9s a vonatkoz\u00f3 szab\u00e1lyzatr\u00f3l az al\u00e1bbi weboldalon olvashat: http:\/\/npslovenskyraj.sopsr.sk\/ferrata-hzs-kysel-zakladne-informacie-pre-navstevnikov\/. A ferrata-felszerel\u00e9st egy minim\u00e1lis d\u00edj ellen\u00e9ben a Chata na r\u00e1zcest\u00ed mened\u00e9kh\u00e1zban, a csing\u00f3i k\u00f6zponti k\u00f6lcs\u00f6nz\u0151ben, Podlesokon, Mened\u00e9kk\u0151n \u00e9s a weboldalon felt\u00fcntetett egy\u00e9b helysz\u00ednen k\u00f6lcs\u00f6n\u00f6zhet\u00fcnk.\u00a0 A Szlov\u00e1k Paradicsom NP munkat\u00e1rs\u00e1nak vagy m\u00e1s k\u00e9pes\u00edtett munkat\u00e1rs szakszer\u0171 idegenvezet\u00e9s\u00e9t a Kyse\u013e szurdok term\u00e9szeti sz\u00e9ps\u00e9geir\u0151l, t\u00f6rt\u00e9net\u00e9r\u0151l \u00e9s \u00e9rdekess\u00e9geir\u0151l sz\u00f3l\u00f3 szakmai magyar\u00e1zattal a Szlov\u00e1k Paradicsom NP irod\u00e1j\u00e1n\u00e1l lehet k\u00e9rni \u00e9s megrendelni.\u00a0\u00a0 K\u00eds\u00e9r\u0151 ig\u00e9nybe v\u00e9tele eset\u00e9n az indul\u00e1s helye Kyse\u013e (torkolat). A k\u00eds\u00e9ret \u00e1ra egys\u00e9ges, egy csoport sz\u00e1m\u00e1ra 50,-EUR. A csoport maxim\u00e1lis l\u00e9tsz\u00e1ma 10 f\u0151. Az \u00e1r nem tartalmazza a ferrat\u00e1ra sz\u00f3l\u00f3 jegy \u00e1r\u00e1t, a ferrata-felszerel\u00e9s k\u00f6lcs\u00f6nz\u00e9s\u00e9\u00e9rt pedig k\u00eds\u00e9ret eset\u00e9n k\u00fcl\u00f6n 5,- eur\u00f3s d\u00edjat sz\u00e1m\u00edtanak fel\/felszerel\u00e9s\/f\u0151.\\r\\n\\r\\nA k\u00eds\u00e9retet egy el\u0151zetes \u0171rlap kit\u00f6lt\u00e9s\u00e9vel rendelheti meg a weboldalon \/regisztr\u00e1cis napt\u00e1r -\u00a0 KALEND\u00c1RI REGISTROVAN\u00ddCH \u013dUD\u00cd NA DOPROVOD FERRATOU KYSE\u013d.\/\\r\\n\\r\\nNaponta legfeljebb 18 f\u0151 vehet r\u00e9szt ezen az t\u00far\u00e1n, egy k\u00eds\u00e9r\u0151vel legfeljebb 9 f\u0151.\\r\\n\\r\\n\\u0026nbsp;\"},\"align\":\"\",\"mode\":\"preview\"} \/-->\n\n<!-- wp:acf\/common-image-right-section {\"id\":\"block_60f178999f5fe\",\"name\":\"acf\/common-image-right-section\",\"data\":{\"image\":8295,\"_image\":\"field_60c66ddbbdafe\"},\"align\":\"\",\"mode\":\"preview\"} \/-->\n\n<!-- wp:acf\/common-image-left-section {\"id\":\"block_614997686ded2\",\"name\":\"acf\/common-image-left-section\",\"data\":{\"image\":8296,\"_image\":\"field_60c66ddbbdafe\"},\"align\":\"\",\"mode\":\"preview\"} \/-->\n\n<!-- wp:acf\/common-text-right-section {\"id\":\"block_60f179599f5ff\",\"name\":\"acf\/common-text-right-section\",\"data\":{\"field_60c66a6067e54\":\"\\u003cstrong\\u003eEvez\u00e9s a Hern\u00e1d-\u00e1tt\u00f6r\u00e9sen\\u003c\/strong\\u003e\\r\\n\\r\\nA Hern\u00e1d-\u00e1tt\u00f6r\u00e9st Szlov\u00e1kia egyik legszebb kanyonjank\u00e9nt tartj\u00e1k sz\u00e1mon.\u00a0 Ha id\u00e1ig csup\u00e1n gyalogos turistak\u00e9nt ismerte, ez\u00fattal egy eredeti m\u00f3dszert aj\u00e1nlunk a felfedez\u00e9s\u00e9re: a v\u00edzen \u00e1t. 2016 \u00f3ta ugyanis a kanyon ism\u00e9t megny\u00edlt a v\u00edzit\u00far\u00e1sok el\u0151tt is. Tapasztalt t\u00faravezet\u0151k k\u00eds\u00e9ret\u00e9ben kenuban \u00e9s cs\u00f3nakban is \u00e1thaladhatunk a Hern\u00e1d-\u00e1tt\u00f6r\u00e9sen a Szlov\u00e1k Paradicsomban.\u00a0 Az \u00fatvonal K\u00e1poszt\u00e1sfalv\u00e1r\u00f3l indul, a hivatalos besz\u00e1ll\u00f3hely a k\u00f6z\u00fati h\u00eddon van.\u00a0 Az ak\u00e1r 3-4 \u00f3r\u00e1t is ig\u00e9nybe vev\u0151 v\u00edzi kaland sz\u00e1mos adrenalind\u00fas pillanatot hozhat, v\u00e9g\u00fcl pedig mindenkit elt\u00f6lt az euf\u00f3ria, hogy k\u00e9pes volt lek\u00fczdeni \u00f6nmag\u00e1t, saj\u00e1t korl\u00e1tait. Mivel a\u00a0 terep viszonylag neh\u00e9z, els\u0151sorban olyan l\u00e1togat\u00f3knak aj\u00e1nljuk, akiknek m\u00e1r van tapasztalatuk v\u00edzit\u00far\u00e1z\u00e1ssal.\u00a0 A kir\u00e1ndul\u00e1s nem aj\u00e1nlott teljesen kezd\u0151knek \u00e9s \u00faszni nem tud\u00f3knak.\u00a0 A v\u00edzit\u00fara el\u0151tt v\u00e9gezzen el egy evez\u0151tanfolyamot \u00e9s v\u00e1lassza a Hern\u00e1d foly\u00f3 nyugodtabb szakaszait.\u00a0\u00a0 Az igazi \u00e9lm\u00e9ny kiv\u00e1laszt\u00e1s\u00e1ban sz\u00edvesen seg\u00edtenek tapasztalt t\u00faravezet\u0151ink. A kir\u00e1ndul\u00e1s \u00e1ra 30,-EUR, ami tartalmazza a cs\u00f3nak \u00e9s a felszerel\u00e9s d\u00edj\u00e1t (evez\u0151k, mell\u00e9nyek, buk\u00f3sisak, neopr\u00e9n k\u00e9szlet), az oktat\u00f3 szolg\u00e1ltat\u00e1s\u00e1t \u00e9s a haj\u00f3k sz\u00e1ll\u00edt\u00e1s\u00e1t.\u00a0 Ezen k\u00edv\u00fcl be kell m\u00e9g fizetni egy 10,-EUR\/f\u0151 \u00f6sszeg\u0171 illet\u00e9ket a Szlov\u00e1k Paradicsom Nemzeti Park r\u00e9sz\u00e9re, az evez\u00e9s enged\u00e9lyez\u00e9se fej\u00e9ben, ezt a helysz\u00ednen, k\u00e9szp\u00e9nzben lehet megtenni \u00e9s tartalmazza a biztos\u00edt\u00e1si d\u00edjat is, ha esetleg a hegyiment\u0151k szolg\u00e1lat\u00e1ra is sz\u00fcks\u00e9g lesz.\"},\"align\":\"\",\"mode\":\"preview\"} \/-->\n\n<!-- wp:acf\/common-image-left-section {\"id\":\"block_60f179709f600\",\"name\":\"acf\/common-image-left-section\",\"data\":{\"image\":8297,\"_image\":\"field_60c66ddbbdafe\"},\"align\":\"\",\"mode\":\"preview\"} \/-->\n\n<!-- wp:acf\/common-text-right-section {\"id\":\"block_60f179bc9f601\",\"name\":\"acf\/common-text-right-section\",\"data\":{\"field_60c66a6067e54\":\"\\u003cstrong\\u003e\u00c9gi k\u00f6lcs\u00f6nz\u0151\\u003c\/strong\\u003e\\r\\n\\r\\nHa a f\u00f6ldi \u00e9lm\u00e9nyek m\u00e1r t\u00fal egyhang\u00faak \u00e9s extra adag izgalomra v\u00e1gyik a magasban, aj\u00e1nlunk egy \u201enagy dob\u00e1st\u201d. Vegye k\u00f6lcs\u00f6n az \u00e9g egy darabj\u00e1t \u00e9s t\u00f6lts\u00f6n el 20 percet egy rep\u00fcl\u0151g\u00e9p fed\u00e9lzet\u00e9n, t\u00fal minden \u00e1tlagos kil\u00e1t\u00e1son! Tekint\u00e9lyes magass\u00e1gb\u00f3l gy\u00f6ny\u00f6rk\u00f6dhet a fest\u0151i sz\u00e9ps\u00e9g\u0171 Szlov\u00e1k Paradicsomban, a Magas T\u00e1tr\u00e1ban, a t\u00f6rt\u00e9nelmi L\u0151cse \u00e9s a Szepesi v\u00e1r l\u00e1tk\u00e9p\u00e9ben, majd pedig k\u00e9sz\u00fclj\u00f6n fel az ugr\u00e1sra! 3000 m\u00e9ter magasan az \u00e9rzelmek sz\u00e9ls\u0151s\u00e9ges felhalmoz\u00f3d\u00e1sa v\u00e1rhat\u00f3, amely egy 35 m\u00e1sodpercig tart\u00f3 szabades\u00e9sben old\u00f3dik fel, 200 km\/\u00f3r\u00e1s sebess\u00e9gn\u00e9l, mer\u0151legesen a f\u00f6ld fel\u00e9, illetve egy \u00d6n \u00e1ltal is vez\u00e9relt 5-7 perces nyugodt ejt\u0151erny\u0151z\u00e9s sor\u00e1n.\u00a0 Kiv\u00e1lasztotta m\u00e1r, mit szeretne?\u00a0 Ha igen, l\u00e1togasson el a compact.sk weboldalra.\\r\\n\\r\\n\u00c9GI K\u00d6LCS\u00d6NZ\u0150 | COMPACT Skydive \\u0026amp; Flying \u2013 komplex szolg\u00e1ltat\u00e1sok a sport-\u00e9s \u00fcd\u00fcl\u00e9s szer\u0171 ejt\u0151erny\u0151z\u00e9shez\u00a0 Szerveznek tandemugr\u00e1sokat, ejt\u0151erny\u0151s tanfolyamokat azoknak, akik szeretn\u00e9k egyed\u00fcl kipr\u00f3b\u00e1lni az ejt\u0151erny\u0151s ugr\u00e1st, ejt\u0151erny\u0151s iskol\u00e1t \u00e9s pil\u00f3ta iskol\u00e1t ultrak\u00f6nny\u0171 g\u00e9pekhez.\u00a0\u00a0\u00a0 A c\u00e9g egyben a Szlov\u00e1k Pontoss\u00e1gi Ejt\u0151erny\u0151s Liga szervez\u0151je \u00e9s alap\u00edt\u00f3ja.\"},\"align\":\"\",\"mode\":\"preview\"} \/-->\n\n<!-- wp:tadv\/classic-paragraph \/-->\n\n<!-- wp:acf\/theme-ambassador-section {\"id\":\"block_60f179cb9f602\",\"name\":\"acf\/theme-ambassador-section\",\"align\":\"\",\"mode\":\"preview\"} \/-->","_hu_post_name":"adrenalin-a-paradicsomban","_hu_post_excerpt":"","_hu_post_title":"Adrenalin a Paradicsomban","_es_post_content":"","_es_post_name":"","_es_post_excerpt":"","_es_post_title":"","_de_post_content":"<!-- wp:acf\/common-text-left-section {\"id\":\"block_63628a5e61329\",\"name\":\"acf\/common-text-left-section\",\"data\":{\"field_60c66a6067e54\":\"\\u003cstrong\\u003eWenn ein Paradies, dann das slowakische! Pl\u00e4tschernde B\u00e4che, die mit ihrem gewundenen Pfad die felsigen Klippen teilen, sowie dichte Nadelw\u00e4lder, deren Wipfel den Himmel ber\u00fchren. Magische Wasserf\u00e4lle, Fragmente der Geschichte, die sich an den unvermutetsten Orten verstecken, und die Wildheit der Natur sind eine Best\u00e4tigung des charakteristischen Namens des Nationalparks Slowakisches Paradies. Ein wahres Paradies f\u00fcr Wanderer, Sportler und Naturliebhaber, einer der neun slowakischen Nationalparks, der dich umarmt und mit seiner Sch\u00f6nheit verzaubert. Sei ein Entdecker unber\u00fchrter Ecken und Winkel, ein Eroberer majest\u00e4tischer Felsen, miss deine Kr\u00e4fte mit der Ungez\u00e4hmtheit des Flusses Horn\u00e1d. Hol dir alles, was das Slowakische Paradies zu bieten hat, bestehe die Mutprobe, erweitere die Grenzen deiner k\u00f6rperlichen F\u00e4higkeiten beim Bootfahren, Rafting und Felsklettern in Begleitung erfahrener Instruktoren. G\u00f6nn dir eine Dosis Endorphine auf dem Klettersteig in der Schlucht Kyse\u013e, leih dir den Himmel und erlebe im Tandem einen Adrenalinsprung aus dem Flugzeug. Oder soll es dein erster Solo-Sprung nach Abschluss eines 5-t\u00e4gigen Fallschirmsprungkurses sein?\\u003c\/strong\\u003e\"},\"align\":\"\",\"mode\":\"preview\"} \/-->\n\n<!-- wp:acf\/common-text-right-section {\"id\":\"block_635110e6b33e9\",\"name\":\"acf\/common-text-right-section\",\"data\":{\"field_60c66a6067e54\":\"\\u003cstrong\\u003eKlettersteig Kyse\u013e\\u003c\/strong\\u003e\\r\\n\\r\\n\\u003cspan data-sheets-value=\\u0022{\\u0026quot;1\\u0026quot;:2,\\u0026quot;2\\u0026quot;:\\u0026quot;Vierzig Jahre nach dem verheerenden Brand, infolge dessen die Schlucht Kyse\u013e f\u00fcr die touristische \u00d6ffentlichkeit geschlossen wurde, kann sie nun wieder besucht werden. Deren anspruchsvollere Abschnitte sind mithilfe fixer Seile und Eisenstufen gesichert - Via Ferrata. Die technische Ausstattung des Klettersteigs erm\u00f6glicht ein sicheres und angenehmes Durchwandern der Schlucht Kyse\u013e, die die am strengsten gesch\u00fctzte Zone des Nationalparks ist. Obligatorische Ausr\u00fcstung beim Besuch des Klettersteigs ist ein Klettersteigset. Man kann ihn entweder individuell besuchen oder es besteht die M\u00f6glichkeit, bei der Verwaltung des Nationalparks Slowakisches Paradies eine fachkundige F\u00fchrung in Begleitung eines Mitarbeiters der Nationalparkverwaltung zu buchen. Eine Begleitung auf dem Klettersteig ist jedoch nicht zwingend erforderlich. Der Klettersteig ist vom 15. Juni bis 31. Oktober begehbar und das empfohlene Alter sind mindestens 6 Jahre. Er ist nur in eine Richtung begehbar, ausschlie\u00dflich von unten nach oben. Der Preis f\u00fcr das Basisticket betr\u00e4gt 5 \u20ac und sollte idealerweise vor dem Besuch gekauft, wie auch der Termin f\u00fcr dieses Erlebnis gebucht werden. Wahlweise kann man das Ticket per SMS \u00fcber die slowakischen Mobilfunkanbieter buchen, es ist aber auch direkt vor Ort f\u00fcr 10 \u20ac erh\u00e4ltlich, ohne Anspruch auf eventuelle Rabatte. Einzelheiten zur notwendigen Ausr\u00fcstung, Sehensw\u00fcrdigkeiten, einschlie\u00dflich der Betriebsordnung, findest du auf der Website http:\/\/npslovenskyraj.sopsr.sk\/ferrata-hzs-kysel-zakladne-informacie-pre-navstevnikov\/.\\u0026quot;}\\u0022 data-sheets-userformat=\\u0022{\\u0026quot;2\\u0026quot;:12737,\\u0026quot;3\\u0026quot;:{\\u0026quot;1\\u0026quot;:0,\\u0026quot;3\\u0026quot;:1},\\u0026quot;9\\u0026quot;:0,\\u0026quot;10\\u0026quot;:1,\\u0026quot;11\\u0026quot;:4,\\u0026quot;15\\u0026quot;:\\u0026quot;Calibri\\u0026quot;,\\u0026quot;16\\u0026quot;:11}\\u0022\\u003eVierzig Jahre nach dem verheerenden Brand, infolge dessen die Schlucht Kyse\u013e f\u00fcr die touristische \u00d6ffentlichkeit geschlossen wurde, kann sie nun wieder besucht werden. Deren anspruchsvollere Abschnitte sind mithilfe fixer Seile und Eisenstufen gesichert - Via Ferrata. Die technische Ausstattung des Klettersteigs erm\u00f6glicht ein sicheres und angenehmes Durchwandern der Schlucht Kyse\u013e, die die am strengsten gesch\u00fctzte Zone des Nationalparks ist. Obligatorische Ausr\u00fcstung beim Besuch des Klettersteigs ist ein Klettersteigset. Man kann ihn entweder individuell besuchen oder es besteht die M\u00f6glichkeit, bei der Verwaltung des Nationalparks Slowakisches Paradies eine fachkundige F\u00fchrung in Begleitung eines Mitarbeiters der Nationalparkverwaltung zu buchen. Eine Begleitung auf dem Klettersteig ist jedoch nicht zwingend erforderlich. Der Klettersteig ist vom 15. Juni bis 31. Oktober begehbar und das empfohlene Alter sind mindestens 6 Jahre. Er ist nur in eine Richtung begehbar, ausschlie\u00dflich von unten nach oben. Der Preis f\u00fcr das Basisticket betr\u00e4gt 5 \u20ac und sollte idealerweise vor dem Besuch gekauft, wie auch der Termin f\u00fcr dieses Erlebnis gebucht werden. Wahlweise kann man das Ticket per SMS \u00fcber die slowakischen Mobilfunkanbieter buchen, es ist aber auch direkt vor Ort f\u00fcr 10 \u20ac erh\u00e4ltlich, ohne Anspruch auf eventuelle Rabatte. Einzelheiten zur notwendigen Ausr\u00fcstung, Sehensw\u00fcrdigkeiten, einschlie\u00dflich der Betriebsordnung, findest du auf der Website http:\/\/npslovenskyraj.sopsr.sk\/ferrata-hzs-kysel-zakladne-informacie-pre-navstevnikov\/.\\u003c\/span\\u003e\\r\\n\\r\\n\\u003cspan data-sheets-value=\\u0022{\\u0026quot;1\\u0026quot;:2,\\u0026quot;2\\u0026quot;:\\u0026quot;Klettersteigsets kannst du gegen eine minimale Geb\u00fchr in Chata na r\u00e1zcest\u00ed, im zentralen Verleih in \u010cingov, in Podlesok, Kl\u00e1\u0161torisko und an vielen anderen auf der Website aufgef\u00fchrten Stellen leihen. Eine Begleitung durch die Schlucht durch einen professionellen Mitarbeiter der Verwaltung des Nationalparks Slowakisches Paradies oder einen anderen geschulten Mitarbeiter mit fachkundiger Erkl\u00e4rung der Natur, Geschichte und der Besonderheiten der Kyse\u013e-Schlucht kannst du bei der Verwaltung des Nationalparks Slowakisches Paradies buchen. Der Ausgangspunkt der Begleitung ist Kyse\u013e (M\u00fcndung). Der Preis f\u00fcr die Begleitung betr\u00e4gt pauschal 50 \u20ac pro Gruppe. Die maximale Gruppengr\u00f6\u00dfe betr\u00e4gt 10 Personen. Im Preis ist der Eintritt in die Schlucht nicht inbegriffen, der Verleih eines Klettersteigsets bei Begleitung wird separat in H\u00f6he von 5,00 \u20ac\/Set\/Person berechnet.\\u0026quot;}\\u0022 data-sheets-userformat=\\u0022{\\u0026quot;2\\u0026quot;:12737,\\u0026quot;3\\u0026quot;:{\\u0026quot;1\\u0026quot;:0,\\u0026quot;3\\u0026quot;:1},\\u0026quot;9\\u0026quot;:0,\\u0026quot;10\\u0026quot;:1,\\u0026quot;11\\u0026quot;:4,\\u0026quot;15\\u0026quot;:\\u0026quot;Calibri\\u0026quot;,\\u0026quot;16\\u0026quot;:11}\\u0022\\u003eKlettersteigsets kannst du gegen eine minimale Geb\u00fchr in Chata na r\u00e1zcest\u00ed, im zentralen Verleih in \u010cingov, in Podlesok, Kl\u00e1\u0161torisko und an vielen anderen auf der Website aufgef\u00fchrten Stellen leihen. Eine Begleitung durch die Schlucht durch einen professionellen Mitarbeiter der Verwaltung des Nationalparks Slowakisches Paradies oder einen anderen geschulten Mitarbeiter mit fachkundiger Erkl\u00e4rung der Natur, Geschichte und der Besonderheiten der Kyse\u013e-Schlucht kannst du bei der Verwaltung des Nationalparks Slowakisches Paradies buchen. Der Ausgangspunkt der Begleitung ist Kyse\u013e (M\u00fcndung). Der Preis f\u00fcr die Begleitung betr\u00e4gt pauschal 50 \u20ac pro Gruppe. Die maximale Gruppengr\u00f6\u00dfe betr\u00e4gt 10 Personen. Im Preis ist der Eintritt in die Schlucht nicht inbegriffen, der Verleih eines Klettersteigsets bei Begleitung wird separat in H\u00f6he von 5,00 \u20ac\/Set\/Person berechnet.\\u003c\/span\\u003e\\r\\n\\r\\n\\u003cspan data-sheets-value=\\u0022{\\u0026quot;1\\u0026quot;:2,\\u0026quot;2\\u0026quot;:\\u0026quot;Eine Begleitung kannst du durch Ausf\u00fcllen eines vorl\u00e4ufigen Formulars auf der Webseite im KALENDER DER REGISTRIERTEN PERSONEN F\u00dcR DIE BEGLEITUNG DURCH DIE FERRATA KYSE\u013d buchen.\\u0026quot;}\\u0022 data-sheets-userformat=\\u0022{\\u0026quot;2\\u0026quot;:12737,\\u0026quot;3\\u0026quot;:{\\u0026quot;1\\u0026quot;:0,\\u0026quot;3\\u0026quot;:1},\\u0026quot;9\\u0026quot;:0,\\u0026quot;10\\u0026quot;:1,\\u0026quot;11\\u0026quot;:4,\\u0026quot;15\\u0026quot;:\\u0026quot;Calibri\\u0026quot;,\\u0026quot;16\\u0026quot;:11}\\u0022\\u003eEine Begleitung kannst du durch Ausf\u00fcllen eines vorl\u00e4ufigen Formulars auf der Webseite im KALENDER DER REGISTRIERTEN PERSONEN F\u00dcR DIE BEGLEITUNG DURCH DIE FERRATA KYSE\u013d buchen.\\u003c\/span\\u003e\\r\\n\\r\\n\\u003cspan data-sheets-value=\\u0022{\\u0026quot;1\\u0026quot;:2,\\u0026quot;2\\u0026quot;:\\u0026quot;Die maximale Personenzahl, die den Klettersteig besuchen kann, betr\u00e4gt 18 Personen pro Tag, 9 Personen pro Wanderf\u00fchrer.\\u0026quot;}\\u0022 data-sheets-userformat=\\u0022{\\u0026quot;2\\u0026quot;:12737,\\u0026quot;3\\u0026quot;:{\\u0026quot;1\\u0026quot;:0,\\u0026quot;3\\u0026quot;:1},\\u0026quot;9\\u0026quot;:0,\\u0026quot;10\\u0026quot;:1,\\u0026quot;11\\u0026quot;:4,\\u0026quot;15\\u0026quot;:\\u0026quot;Calibri\\u0026quot;,\\u0026quot;16\\u0026quot;:11}\\u0022\\u003eDie maximale Personenzahl, die den Klettersteig besuchen kann, betr\u00e4gt 18 Personen pro Tag, 9 Personen pro Wanderf\u00fchrer.\\u003c\/span\\u003e\"},\"align\":\"\",\"mode\":\"preview\"} \/-->\n\n<!-- wp:acf\/common-image-right-section {\"id\":\"block_635110e6b33ea\",\"name\":\"acf\/common-image-right-section\",\"data\":{\"image\":8295,\"_image\":\"field_60c66ddbbdafe\"},\"align\":\"\",\"mode\":\"preview\"} \/-->\n\n<!-- wp:acf\/common-image-left-section {\"id\":\"block_635110e6b33eb\",\"name\":\"acf\/common-image-left-section\",\"data\":{\"image\":8296,\"_image\":\"field_60c66ddbbdafe\"},\"align\":\"\",\"mode\":\"preview\"} \/-->\n\n<!-- wp:acf\/common-text-right-section {\"id\":\"block_635110e6b33ec\",\"name\":\"acf\/common-text-right-section\",\"data\":{\"field_60c66a6067e54\":\"\\u003cstrong\\u003eHimmelsverleih\\u003c\/strong\\u003e\\r\\n\\r\\n\\u003cspan data-sheets-value=\\u0022{\\u0026quot;1\\u0026quot;:2,\\u0026quot;2\\u0026quot;:\\u0026quot;Wenn Erlebnisse auf dem Boden f\u00fcr dir zu allt\u00e4glich sind und du dich nach einer Extraportion Adrenalin in den Wolken sehnst, dann haben wir f\u00fcr dich den \u201eKnaller\u201c. Leih dir ein St\u00fcck Himmel, verbringe ungef\u00e4hr 20 Minuten an Bord eines Flugzeugs, das dich \u00fcber die Grenzen der gew\u00f6hnlichen Ausblicke hinausbringt! Genie\u00df die beeindruckende Aussicht auf das malerische Slowakische Paradies, die majest\u00e4tische Hohe Tatra, das historische Levo\u010da, die Zipser Burg und mach dich bereit zum Sprung! Freu dich in einer H\u00f6he von 3.000 Metern auf eine extreme Anh\u00e4ufung von Emotionen, deren Explosion du w\u00e4hrend des 35-sek\u00fcndigen freien Falls mit einer Geschwindigkeit von 200 km\/h senkrecht zum Boden oder auch eines 5-7-min\u00fctigen, von dir gesteuerten, ruhigen Fallschirmfluges erleben kannst. Hast du dich entschieden? Wenn ja, besuche compact.sk.\\u0026quot;}\\u0022 data-sheets-userformat=\\u0022{\\u0026quot;2\\u0026quot;:12737,\\u0026quot;3\\u0026quot;:{\\u0026quot;1\\u0026quot;:0,\\u0026quot;3\\u0026quot;:1},\\u0026quot;9\\u0026quot;:0,\\u0026quot;10\\u0026quot;:1,\\u0026quot;11\\u0026quot;:4,\\u0026quot;15\\u0026quot;:\\u0026quot;Calibri\\u0026quot;,\\u0026quot;16\\u0026quot;:11}\\u0022\\u003eWenn Erlebnisse auf dem Boden f\u00fcr dir zu allt\u00e4glich sind und du dich nach einer Extraportion Adrenalin in den Wolken sehnst, dann haben wir f\u00fcr dich den \u201eKnaller\u201c. Leih dir ein St\u00fcck Himmel, verbringe ungef\u00e4hr 20 Minuten an Bord eines Flugzeugs, das dich \u00fcber die Grenzen der gew\u00f6hnlichen Ausblicke hinausbringt! Genie\u00df die beeindruckende Aussicht auf das malerische Slowakische Paradies, die majest\u00e4tische Hohe Tatra, das historische Levo\u010da, die Zipser Burg und mach dich bereit zum Sprung! Freu dich in einer H\u00f6he von 3.000 Metern auf eine extreme Anh\u00e4ufung von Emotionen, deren Explosion du w\u00e4hrend des 35-sek\u00fcndigen freien Falls mit einer Geschwindigkeit von 200 km\/h senkrecht zum Boden oder auch eines 5-7-min\u00fctigen, von dir gesteuerten, ruhigen Fallschirmfluges erleben kannst. Hast du dich entschieden? Wenn ja, besuche compact.sk.\\u003c\/span\\u003e\\r\\n\\r\\n\\u003cspan data-sheets-value=\\u0022{\\u0026quot;1\\u0026quot;:2,\\u0026quot;2\\u0026quot;:\\u0026quot;HIMMELSVERLEIH | COMPACT Skydive \\u0026amp; Flying \u2013 bietet umfassende Dienstleistungen im Bereich Sport- und Freizeit-Fallschirmspringen. Der Service organisiert Tandemspr\u00fcnge, Fallschirmspringerkurse f\u00fcr Interessenten am ersten Solosprung, betreibt eine Fallschirmspringerschule und eine Ultraleichtflugschule. Ebenfalls ist er Hauptorganisator und Gr\u00fcnder der Slowakischen Fallschirmspringer-Liga in der Landegenauigkeit.\\u0026quot;}\\u0022 data-sheets-userformat=\\u0022{\\u0026quot;2\\u0026quot;:12737,\\u0026quot;3\\u0026quot;:{\\u0026quot;1\\u0026quot;:0,\\u0026quot;3\\u0026quot;:1},\\u0026quot;9\\u0026quot;:0,\\u0026quot;10\\u0026quot;:1,\\u0026quot;11\\u0026quot;:4,\\u0026quot;15\\u0026quot;:\\u0026quot;Calibri\\u0026quot;,\\u0026quot;16\\u0026quot;:11}\\u0022\\u003eHIMMELSVERLEIH | COMPACT Skydive \\u0026amp; Flying \u2013 bietet umfassende Dienstleistungen im Bereich Sport- und Freizeit-Fallschirmspringen. Der Service organisiert Tandemspr\u00fcnge, Fallschirmspringerkurse f\u00fcr Interessenten am ersten Solosprung, betreibt eine Fallschirmspringerschule und eine Ultraleichtflugschule. Ebenfalls ist er Hauptorganisator und Gr\u00fcnder der Slowakischen Fallschirmspringer-Liga in der Landegenauigkeit.\\u003c\/span\\u003e\"},\"align\":\"\",\"mode\":\"preview\"} \/-->\n\n<!-- wp:acf\/common-image-left-section {\"id\":\"block_635110e6b33ed\",\"name\":\"acf\/common-image-left-section\",\"data\":{\"image\":8297,\"_image\":\"field_60c66ddbbdafe\"},\"align\":\"\",\"mode\":\"preview\"} \/-->\n\n<!-- wp:acf\/common-text-right-section {\"id\":\"block_635110e6b33ee\",\"name\":\"acf\/common-text-right-section\",\"data\":{\"text\":\"\\u003cstrong\\u003ePo\u017ei\u010dov\u0148a oblohy\\u003c\/strong\\u003e\\r\\n\\r\\n\\u003cspan style=\\u0022font-weight: 400;\\u0022\\u003eAk s\u00fa v\u00e1m pozemsk\u00e9 z\u00e1\u017eitky v\u0161edn\u00e9 a t\u00fa\u017eite po extra d\u00e1vke vzru\u0161enia v\u00a0oblakoch, tak pre v\u00e1s m\u00e1me \\u0022ve\u013ek\u00fa pecku\\u0022. Po\u017ei\u010dajte si k\u00fasok oblohy, str\u00e1vte pribli\u017ene 20 min\u00fat na palube lietadla, ktor\u00e9 v\u00e1s vynesie za hranice v\u0161edn\u00fdch v\u00fdh\u013eadov! U\u017eite si impozantn\u00fd v\u00fdh\u013ead na malebn\u00fd Slovensk\u00fd raj, majest\u00e1tne Vysok\u00e9 Tatry, historick\u00fa Levo\u010du, Spi\u0161sk\u00fd hrad a pripravte sa na v\u00fdskok! Vo v\u00fd\u0161ke 3000 metrov o\u010dak\u00e1vajte extr\u00e9mnu kumul\u00e1ciu em\u00f3ci\u00ed, ktor\u00fdch expl\u00f3ziu za\u017eijete pri 35 sekundovom vo\u013enom p\u00e1de r\u00fdchlos\u0165ou 200 km za hodinu kolmo k zemi, alebo aj vami ovl\u00e1danom, 5 a\u017e 7 min\u00fatovom pokojnom lete pad\u00e1kom. Vybrali ste si? Ak \u00e1no, nav\u0161t\u00edvte str\u00e1nku compact.sk.\u00a0\\u003c\/span\\u003e\\r\\n\\r\\n\\u003cspan style=\\u0022font-weight: 400;\\u0022\\u003ePO\u017dI\u010cOV\u0147A OBLOHY | COMPACT Skydive \\u0026amp; Flying - zabezpe\u010duje komplexn\u00e9 slu\u017eby v oblasti \u0161portov\u00e9ho a rekrea\u010dn\u00e9ho para\u0161utizmu. Organizuje tandemov\u00e9 zoskoky, para\u0161utistick\u00e9 kurzy pre z\u00e1ujemcov o prv\u00fd s\u00f3lo zoskok, prev\u00e1dzkuje para\u0161utistick\u00fa \u0161kolu a \u0161kolu lietania na ultra\u013eahk\u00fdch lietadl\u00e1ch. Je tie\u017e hlavn\u00fdm organiz\u00e1torom a zakladate\u013eom Slovenskej para\u0161utistickej ligy v presnosti prist\u00e1tia.\u00a0\\u003c\/span\\u003e\\r\\n\\r\\n\\u0026nbsp;\",\"_text\":\"field_60c66a6067e54\"},\"align\":\"\",\"mode\":\"preview\"} \/-->\n\n<!-- wp:tadv\/classic-paragraph \/-->\n\n<!-- wp:acf\/theme-ambassador-section {\"id\":\"block_635110e6b33ef\",\"name\":\"acf\/theme-ambassador-section\",\"align\":\"\",\"mode\":\"preview\"} \/-->","_de_post_name":"","_de_post_excerpt":"","_de_post_title":"Adrenalin im Paradies","_pl_post_content":"<!-- wp:acf\/common-text-left-section {\"name\":\"acf\/common-text-left-section\",\"data\":{\"field_60c66a6067e54\":\"\\u003cp style=\\u0022background: white; margin: 0cm 0cm 18.0pt 0cm;\\u0022\\u003e\\u003cstrong\\u003e\\u003cspan lang=\\u0022PL\\u0022 style=\\u0022font-family: 'Source Sans Pro',sans-serif; color: #3b3b3b;\\u0022\\u003eJe\u015bli raj, to tylko ten s\u0142owacki! Szumi\u0105ce potoki przep\u0142ywaj\u0105ce kr\u0119tymi korytami po\u015br\u00f3d wysokich \u015bcian skalnych i g\u0119ste lasy iglaste z wierzcho\u0142kami drzew si\u0119gaj\u0105cymi nieba. Czaruj\u0105ce wodospady, fragmenty historii ukryte w najbardziej nieoczekiwanych miejscach i nieokie\u0142znana przyroda \u2013 tego skrawka ziemi nie mo\u017cna by\u0142o nazwa\u0107 inaczej. Witaj w Parku Narodowym S\u0142owacki Raj. To wymarzone miejsce dla mi\u0142o\u015bnik\u00f3w wycieczek, przyrody i amator\u00f3w sportu. Jeden z dziewi\u0119ciu s\u0142owackich park\u00f3w narodowych, kt\u00f3ry zachwyca swoim pi\u0119knem. B\u0105d\u017a odkrywc\u0105 dziewiczych uroczysk, zdobywc\u0105 majestatycznych ska\u0142, zmierz si\u0119 z wartkim nurtem rzeki Hornad. Zakosztuj wszystkiego, co ma do zaoferowania S\u0142owacki Raj, zr\u00f3b test na odwag\u0119, przekrocz granice fizycznych mo\u017cliwo\u015bci w towarzystwie do\u015bwiadczonych instruktor\u00f3w raftingu, kajakarstwa i wspinaczki ska\u0142kowej. Zafunduj sobie dawk\u0119 endorfin na ferracie w w\u0105wozie Kyse\u013e, pole\u0107 w chmury i poczuj przyp\u0142yw adrenaliny podczas skoku z wysoko\u015bci. A mo\u017ce zdecydujesz si\u0119 na pierwszy samodzielny skok po uko\u0144czeniu 5-dniowego kursu spadochroniarskiego?\\u003c\/span\\u003e\\u003c\/strong\\u003e\\u003c\/p\\u003e\"},\"mode\":\"preview\"} \/-->\n\n<!-- wp:acf\/common-text-right-section {\"name\":\"acf\/common-text-right-section\",\"data\":{\"field_60c66a6067e54\":\"\\u003cstrong\\u003eVia Ferrata Kyse\u013e\u00a0\\u003c\/strong\\u003e\\r\\n\\r\\nCztery dekady po niszczycielskim po\u017carze, po kt\u00f3rym w\u0105w\u00f3z Kyse\u013e zosta\u0142 zamkni\u0119ty dla turyst\u00f3w, mo\u017cna go zn\u00f3w podziwia\u0107. Trudniejsze odcinki tras zosta\u0142y wyposa\u017cone w \u0142a\u0144cuchy i \u017celazne schodki. To w\u0142a\u015bnie via ferrata. Dzi\u0119ki nim mo\u017cesz wygodnie przej\u015b\u0107 przez w\u0105w\u00f3z Kyse\u013e, kt\u00f3ry jest naj\u015bci\u015blej chronionym obszarem parku narodowego. Je\u015bli wybierasz si\u0119 do w\u0105wozu, pami\u0119taj, \u017ce obowi\u0105zkowym ekwipunkiem jest specjalny zestaw na via ferraty. Tras\u0119 mo\u017cesz przeby\u0107 indywidualnie lub zarezerwowa\u0107 przewodnika (pomo\u017ce Ci w tym Spr\u00e1va N\u00e1rodn\u00e9ho parku Slovensk\u00fd raj), kt\u00f3ry podzieli si\u0119 swoj\u0105 fachow\u0105 wiedz\u0105. Via ferrata jest dost\u0119pna dla zwiedzaj\u0105cych od 15 czerwca do 31 pa\u017adziernika i poleca si\u0119 j\u0105 osobom powy\u017cej 6 roku \u017cycia. Trasa jest jednokierunkowa, prowadzi wy\u0142\u0105cznie z do\u0142u pod g\u00f3r\u0119.\u00a0 Cena podstawowego biletu wst\u0119pu wynosi 5 EUR. Najlepiej kupi\u0107 bilet wcze\u015bniej i zarezerwowa\u0107 termin wycieczki. Bilet mo\u017cna kupi\u0107 r\u00f3wnie\u017c przez SMS (za po\u015brednictwem s\u0142owackich operator\u00f3w) lub na miejscu w cenie 10 EUR, bez mo\u017cliwo\u015bci skorzystania ze zni\u017cek. Szczeg\u00f3\u0142owe informacje na temat niezb\u0119dnego wyposa\u017cenia, interesuj\u0105cych miejsc, w tym rozk\u0142ady jazdy, znajdziesz na stronie internetowej: \\u003ca href=\\u0022http:\/\/npslovenskyraj.sopsr.sk\/ferrata-hzs-kysel-zakladne-informacie-pre-navstevnikov\/\\u0022\\u003ehttp:\/\/npslovenskyraj.sopsr.sk\/ferrata-hzs-kysel-zakladne-informacie-pre-navstevnikov\/\\u003c\/a\\u003e. Zestaw na via ferraty za niewielk\u0105 op\u0142at\u0105 mo\u017cna wypo\u017cyczy\u0107 w schronisku Chata na r\u00e1zcest\u00ed, w centralnej wypo\u017cyczalni w \u010cingovie, w Podlesku, Kl\u00e1\u0161torisku i wielu innych punktach (ich list\u0119 znajdziesz na stronie). W Administracji Parku Narodowego S\u0142owacki Raj (Spr\u00e1va N\u00e1rodn\u00e9ho parku Slovensk\u00fd raj) mo\u017cesz zarezerwowa\u0107 przewodnika, kt\u00f3ry jest pracownikiem parku narodowego lub innego przewodnika, kt\u00f3ry bezpiecznie przeprowadzi Ci\u0119 przez w\u0105w\u00f3z i zrobi fachowy wyk\u0142ad na temat przyrody, historii i ciekawostek w\u0105wozu Kyse\u013e. Je\u015bli zdecydujesz si\u0119 na przewodnika, punktem zbiorczym jest Kyse\u013e (uj\u015bcie rzeki). Cena us\u0142ugi przewodnickiej jest zawsze taka sama i wynosi 50 EUR za grup\u0119. Grupa (razem z przewodnikiem) mo\u017ce liczy\u0107 maksymalnie 10 os\u00f3b. Cena nie obejmuje biletu na via ferrat\u0119. W przypadku skorzystania z us\u0142ug przewodnika koszt wypo\u017cyczenia zestawu na via ferraty to 5 EUR za komplet od osoby.\\r\\n\\r\\nPrzewodnika mo\u017cesz zarezerwowa\u0107 r\u00f3wnie\u017c wype\u0142niaj\u0105c formularz na stronie w KALENDARZU DLA PLANUJ\u0104CYCH PRZEJ\u015aCIE VIA FERRATY.\\r\\n\\r\\nMaksymalna dobowa liczba os\u00f3b, kt\u00f3re mog\u0105 przej\u015b\u0107 via ferrat\u0119 to 18, maksymalnie 9 os\u00f3b na przewodnika.\"},\"mode\":\"preview\"} \/-->\n\n<!-- wp:acf\/common-image-right-section {\"name\":\"acf\/common-image-right-section\",\"data\":{\"image\":8295,\"_image\":\"field_60c66ddbbdafe\"},\"mode\":\"preview\"} \/-->\n\n<!-- wp:acf\/common-image-left-section {\"name\":\"acf\/common-image-left-section\",\"data\":{\"image\":8296,\"_image\":\"field_60c66ddbbdafe\"},\"mode\":\"preview\"} \/-->\n\n<!-- wp:acf\/common-text-right-section {\"name\":\"acf\/common-text-right-section\",\"data\":{\"field_60c66a6067e54\":\"\\u003cp style=\\u0022background: white; margin: 0cm 0cm 18.0pt 0cm;\\u0022\\u003e\\u003cstrong\\u003e\\u003cspan lang=\\u0022PL\\u0022 style=\\u0022font-family: 'Source Sans Pro',sans-serif; color: #3b3b3b;\\u0022\\u003eSp\u0142yw prze\u0142omem Hornadu\\u003c\/span\\u003e\\u003c\/strong\\u003e\\u003c\/p\\u003e\\r\\n\\u003cp style=\\u0022background: white; margin: 0cm 0cm 18.0pt 0cm;\\u0022\\u003e\\u003cspan lang=\\u0022PL\\u0022 style=\\u0022font-family: 'Source Sans Pro',sans-serif; color: #3b3b3b;\\u0022\\u003ePrze\u0142om Hornadu to jeden z najpi\u0119kniejszych s\u0142owackich w\u0105woz\u00f3w. Je\u015bli wcze\u015bniej mia\u0142e\u015b okazj\u0119 przeby\u0107 go pieszo, tym razem mamy dla Ciebie nie lada gratk\u0119 \u2013 mo\u017cesz go r\u00f3wnie\u017c przep\u0142yn\u0105\u0107. W 2016 roku w\u0105w\u00f3z zosta\u0142 udost\u0119pniony dla amator\u00f3w aktywnego wypoczynku na wodzie. Na sp\u0142yw prze\u0142omem Hornadu wybierz si\u0119 w towarzystwie do\u015bwiadczonych instruktor\u00f3w kajakiem lub \u0142\u00f3dk\u0105. Punktem startowym jest most we wsi Hrabu\u0161ice. Przygoda na rzece trwa oko\u0142o 3 \u2013 4 godzin i dostarcza wielu emocjonuj\u0105cych wra\u017ce\u0144. Sp\u0142yw to prawdziwa rado\u015b\u0107 i pokonywanie w\u0142asnych ogranicze\u0144, jednak\u017ce poleca si\u0119 je osobom, kt\u00f3re maj\u0105 ju\u017c pewne do\u015bwiadczenie na wodzie. Nie poleca si\u0119 sp\u0142ywu pocz\u0105tkuj\u0105cym oraz osobom, kt\u00f3re nie umiej\u0105 p\u0142ywa\u0107. Przed sp\u0142ywem zr\u00f3b kurs kajakowy lub wybierz spokojniejszy odcinek rzeki Hornad. Bardziej do\u015bwiadczeni z pewno\u015bci\u0105 co\u015b Ci doradz\u0105. Cena sp\u0142ywu (30 EUR) obejmuje wypo\u017cyczenie \u0142odzi i sprz\u0119tu (wios\u0142a, kapoki, kaski, komplet neoprenowy), instruktora oraz transport \u0142odzi. Za pozwolenie na sp\u0142yw w Parku Narodowym S\u0142owacki Raj pobierana jest op\u0142ata w wysoko\u015bci 10 EUR za osob\u0119 (p\u0142atna got\u00f3wk\u0105 na miejscu). Op\u0142ata obejmuje ubezpieczenie na wypadek akcji ratunkowej.\\u003c\/span\\u003e\\u003c\/p\\u003e\"},\"mode\":\"preview\"} \/-->\n\n<!-- wp:acf\/common-image-left-section {\"name\":\"acf\/common-image-left-section\",\"data\":{\"image\":8297,\"_image\":\"field_60c66ddbbdafe\"},\"mode\":\"preview\"} \/-->\n\n<!-- wp:acf\/common-text-right-section {\"name\":\"acf\/common-text-right-section\",\"data\":{\"field_60c66a6067e54\":\"\\u003cp style=\\u0022background: white; margin: 0cm 0cm 18.0pt 0cm;\\u0022\\u003e\\u003cstrong\\u003e\\u003cspan lang=\\u0022PL\\u0022 style=\\u0022font-family: 'Source Sans Pro',sans-serif; color: #3b3b3b;\\u0022\\u003eNiebo do wynaj\u0119cia\\u003c\/span\\u003e\\u003c\/strong\\u003e\\u003c\/p\\u003e\\r\\nJe\u015bli ziemskie atrakcje to dla Ciebie nuda i marzysz o dodatkowej porcji podniebnych wra\u017ce\u0144, to mamy co\u015b dla Ciebie. Wynajmij kawa\u0142ek nieba i sp\u0119d\u017a 20 minut na pok\u0142adzie samolotu, kt\u00f3ry zabierze Ci\u0119 w chmury po fantastyczne widoki! Ciesz si\u0119 wspania\u0142\u0105 panoram\u0105 malowniczego S\u0142owackiego Raju, majestatycznych Tatr Wysokich, zabytkowej Lewoczy, Zamku Spiskiego i\u2026 przygotuj si\u0119 do skoku! Na wysoko\u015bci 3 tysi\u0119cy metr\u00f3w emocje s\u0105 ekstremalnie skumulowane, a ich eksplozji do\u015bwiadczysz podczas 35-sekundowego swobodnego spadania z pr\u0119dko\u015bci\u0105 200 km\/h prostopadle do ziemi lub nawet 5- lub 7-minutowego kontrolowanego lotu spadochronowego. Zdecydowany? Je\u015bli tak, to odwied\u017a stron\u0119 \\u003ca href=\\u0022http:\/\/www.compact.sk\\u0022\\u003ewww.compact.sk\\u003c\/a\\u003e.\\r\\n\\r\\nPO\u017dI\u010cOV\u0147A OBLOHY | COMPACT Skydive \\u0026amp; Flying \u2013 kompleksowe us\u0142ugi w zakresie spadochroniarstwa sportowo-rekreacyjnego. Firma organizuje skoki tandemowe, kursy spadochronowe dla os\u00f3b zdecydowanych na pierwszy samodzielny skok, prowadzi szko\u0142\u0119 spadochroniarsk\u0105 oraz kursy latania na samolotach ultralekkich. Jest tak\u017ce g\u0142\u00f3wnym organizatorem i za\u0142o\u017cycielem S\u0142owackiej Ligi Spadochronowej w celno\u015bci l\u0105dowania.\"},\"mode\":\"preview\"} \/-->\n\n<!-- wp:tadv\/classic-paragraph \/-->\n\n<!-- wp:acf\/theme-ambassador-section {\"name\":\"acf\/theme-ambassador-section\",\"data\":{},\"mode\":\"preview\"} \/-->\n\n<!-- wp:acf\/common-text-right-section {\"name\":\"acf\/common-text-right-section\",\"data\":{\"text\":\"\\u003cstrong\\u003eFerrata Kyse\u013e\u00a0\\u003c\/strong\\u003e\\r\\n\\r\\n\\u003cspan style=\\u0022font-weight: 400;\\u0022\\u003ePo \u0161tyridsiatich rokoch od ni\u010div\u00e9ho po\u017eiaru, po ktorom bola ties\u0148ava Kyse\u013e pre turistick\u00fa verejnos\u0165 uzavret\u00e1, ju op\u00e4\u0165 m\u00f4\u017eete nav\u0161t\u00edvi\u0165. N\u00e1ro\u010dnej\u0161ie pas\u00e1\u017ee s\u00fa zabezpe\u010den\u00e9 formou zaistenej cesty fixn\u00fdmi lanami a \u017eelezn\u00fdmi st\u00fapa\u010dkami - via ferrata. Technick\u00e9 zariadenie ferraty umo\u017e\u0148uje bezpe\u010dn\u00fd a pohodln\u00fd prechod roklinou Kyse\u013e, ktor\u00e1 je najpr\u00edsnej\u0161ie chr\u00e1nenou z\u00f3nou n\u00e1rodn\u00e9ho parku. Povinnou v\u00fdbavou pri n\u00e1v\u0161teve ferraty je ferratov\u00fd set. Ferratu je mo\u017en\u00e9 nav\u0161t\u00edvi\u0165 bu\u010f individu\u00e1lne alebo je mo\u017en\u00e9 si objedna\u0165 na Spr\u00e1ve NP Slovensk\u00fd raj doprovod s odborn\u00fdm v\u00fdkladom pracovn\u00edka Spr\u00e1vy NP. Doprovod na ferratu nie je v\u0161ak povinn\u00fd. Ferrata je pr\u00edstupn\u00e1 v obdob\u00ed 15. j\u00fan a\u017e 31. okt\u00f3ber a odpor\u00fa\u010dan\u00e1 pre osoby star\u0161ie ako 6 rokov. Je jednosmern\u00e1, v\u00fdhradne v smere zdola nahor.\u00a0 Cena z\u00e1kladn\u00e9ho l\u00edstka je 5\u20ac, ktor\u00fd je ide\u00e1lne si zak\u00fapi\u0165 vopred a rezervova\u0165 si term\u00edn v\u00e1\u0161ho z\u00e1\u017eitku. M\u00f4\u017eete si to tie\u017e zak\u00fapi\u0165 formou SMS cez slovensk\u00fdch oper\u00e1torov alebo priamo na mieste vo v\u00fd\u0161ke 10 \u20ac, bez n\u00e1roku na mo\u017en\u00e9 z\u013eavy. Podrobnosti o nevyhnutnej v\u00fdbave, zauj\u00edmavostiach, vr\u00e1tane prev\u00e1dzkov\u00e9ho poriadku si pozrite na webovej str\u00e1nke http:\/\/npslovenskyraj.sopsr.sk\/ferrata-hzs-kysel-zakladne-informacie-pre-navstevnikov\/. Ferratov\u00e9 sety si po\u017ei\u010dajte za minim\u00e1lny poplatok v Chate na r\u00e1zcest\u00ed, v centr\u00e1lnej po\u017ei\u010dovni na \u010cingove, v Podlesku, Kl\u00e1\u0161torisku a mnoh\u00fdch in\u00fdch miestach zverejnen\u00fdch na str\u00e1nke. Doprovod roklinou s profesion\u00e1lnym pracovn\u00edkom Spr\u00e1vy NP Slovensk\u00fd raj alebo in\u00fdm za\u0161kolen\u00fdm pracovn\u00edkom s odborn\u00fdm v\u00fdkladom o pr\u00edrode, hist\u00f3rii a zauj\u00edmavostiach ties\u0148avy Kyse\u013e si objedn\u00e1te na Spr\u00e1ve NP Slovensk\u00fd raj. N\u00e1stupn\u00e9 miesto odkia\u013e pracovn\u00edk sprev\u00e1dza je Kyse\u013e (\u00fastie). Cena doprovodu je jednotn\u00e1 - 50 \u20ac za skupinu. Ve\u013ekos\u0165 skupiny je maxim\u00e1lne 10 os\u00f4b. V cene nie je zahrnut\u00e1 vstupenka na ferratu, zapo\u017ei\u010danie ferratov\u00e9ho setu pri doprovode je spoplatnen\u00e9 samostatne sumou 5 \u20ac\/set\/osoba.\\u003c\/span\\u003e\\r\\n\\r\\n\\u003cspan style=\\u0022font-weight: 400;\\u0022\\u003eDoprovod si m\u00f4\u017eete rezervova\u0165 vyplnen\u00edm predbe\u017en\u00e9ho formul\u00e1ra na str\u00e1nke v KALEND\u00c1RI REGISTROVAN\u00ddCH \u013dUD\u00cd NA DOPROVOD FERRATOU KYSE\u013d.\u00a0\\u003c\/span\\u003e\\r\\n\\r\\n\\u003cspan style=\\u0022font-weight: 400;\\u0022\\u003eMaxim\u00e1lny po\u010det os\u00f4b, ktor\u00fd m\u00f4\u017eu via ferratu absolvova\u0165 je 18 os\u00f4b za de\u0148, na jedn\u00e9ho sprievodcu 9 os\u00f4b.\u00a0\\u003c\/span\\u003e\",\"_text\":\"field_60c66a6067e54\"},\"mode\":\"preview\"} \/-->\n\n<!-- wp:acf\/common-image-right-section {\"name\":\"acf\/common-image-right-section\",\"data\":{\"image\":8295,\"_image\":\"field_60c66ddbbdafe\"},\"mode\":\"preview\"} \/-->\n\n<!-- wp:acf\/common-image-left-section {\"name\":\"acf\/common-image-left-section\",\"data\":{\"image\":8296,\"_image\":\"field_60c66ddbbdafe\"},\"mode\":\"preview\"} \/-->\n\n<!-- wp:acf\/common-text-right-section {\"name\":\"acf\/common-text-right-section\",\"data\":{\"text\":\"\\u003cstrong\\u003eSplav Prielomu Horn\u00e1du\\u003c\/strong\\u003e\\r\\n\\r\\n\\u003cspan style=\\u0022font-weight: 400;\\u0022\\u003eZa jeden z najkraj\u0161\u00edch ka\u0148onov na Slovensku je pova\u017eovan\u00fd Prielom Horn\u00e1du. Ak ste ho doteraz spozn\u00e1vali len ako pe\u0161\u00ed turisti, m\u00e1me pre v\u00e1s origin\u00e1lnu dobrodru\u017en\u00fa formu na jeho objavovanie - po vode. Od roku 2016 je toti\u017e ka\u0148on op\u00e4\u0165 otvoren\u00fd aj pre vod\u00e1kov. Splav prielomu Horn\u00e1du v Slovenskom raji mo\u017eno v sprievode sk\u00fasen\u00fdch in\u0161truktorov za\u017ei\u0165 z\u00a0kanoe aj \u010dlna. Plavba za\u010d\u00edna v Hrabu\u0161iciach pri cestnom moste, kde je ofici\u00e1lne n\u00e1stupn\u00e9 miesto. Dobrodru\u017estvo na rieke, ktor\u00e9 m\u00f4\u017ee trva\u0165 3 \u2013 4 hodiny, prin\u00e1\u0161a viacero adrenal\u00ednov\u00fdch momentov a z\u00e1vere\u010dn\u00fa euf\u00f3riu z prekonania seba sam\u00e9ho. Pomerne n\u00e1ro\u010dn\u00fd splav sa odpor\u00fa\u010da absolvova\u0165 predov\u0161etk\u00fdm t\u00fdm n\u00e1v\u0161tevn\u00edkom, ktor\u00ed u\u017e maj\u00fa nejak\u00fa sk\u00fasenos\u0165 z in\u00fdch splavov. Nie je vhodn\u00fd pre \u00fapln\u00fdch za\u010diato\u010dn\u00edkov a neplavcov. Pred splavom absolvujte kurz kanoistiky a vyberte si splav na pokojnej\u0161\u00edch \u010dastiach rieky Horn\u00e1d. Vo va\u0161om v\u00fdbere toho prav\u00e9ho z\u00e1\u017eitku v\u00e1m radi pom\u00f4\u017eu sk\u00fasen\u00ed vod\u00e1ci. Cena z\u00e1\u017eitku je 30\u20ac a zahr\u0148uje po\u017ei\u010danie lode a v\u00fdstroja (p\u00e1dla, vesty, prilby, neopr\u00e9nov\u00fd set), slu\u017eby in\u0161truktora, dopravu lod\u00ed. Potrebn\u00fd je poplatok za povolenie splavu v N\u00e1rodnom parku Slovensk\u00fd raj, ktor\u00fd je 10\u20ac\/osobu a plat\u00ed sa v hotovosti na mieste, zah\u0155\u0148a poistenie pre pr\u00edpad z\u00e1chrany HZS.\\u003c\/span\\u003e\",\"_text\":\"field_60c66a6067e54\"},\"mode\":\"preview\"} \/-->\n\n<!-- wp:acf\/common-image-left-section {\"name\":\"acf\/common-image-left-section\",\"data\":{\"image\":8297,\"_image\":\"field_60c66ddbbdafe\"},\"mode\":\"preview\"} \/-->\n\n<!-- wp:acf\/common-text-right-section {\"name\":\"acf\/common-text-right-section\",\"data\":{\"text\":\"\\u003cstrong\\u003ePo\u017ei\u010dov\u0148a oblohy\\u003c\/strong\\u003e\\r\\n\\r\\n\\u003cspan style=\\u0022font-weight: 400;\\u0022\\u003eAk s\u00fa v\u00e1m pozemsk\u00e9 z\u00e1\u017eitky v\u0161edn\u00e9 a t\u00fa\u017eite po extra d\u00e1vke vzru\u0161enia v\u00a0oblakoch, tak pre v\u00e1s m\u00e1me \\u0022ve\u013ek\u00fa pecku\\u0022. Po\u017ei\u010dajte si k\u00fasok oblohy, str\u00e1vte pribli\u017ene 20 min\u00fat na palube lietadla, ktor\u00e9 v\u00e1s vynesie za hranice v\u0161edn\u00fdch v\u00fdh\u013eadov! U\u017eite si impozantn\u00fd v\u00fdh\u013ead na malebn\u00fd Slovensk\u00fd raj, majest\u00e1tne Vysok\u00e9 Tatry, historick\u00fa Levo\u010du, Spi\u0161sk\u00fd hrad a pripravte sa na v\u00fdskok! Vo v\u00fd\u0161ke 3000 metrov o\u010dak\u00e1vajte extr\u00e9mnu kumul\u00e1ciu em\u00f3ci\u00ed, ktor\u00fdch expl\u00f3ziu za\u017eijete pri 35 sekundovom vo\u013enom p\u00e1de r\u00fdchlos\u0165ou 200 km za hodinu kolmo k zemi, alebo aj vami ovl\u00e1danom, 5 a\u017e 7 min\u00fatovom pokojnom lete pad\u00e1kom. Vybrali ste si? Ak \u00e1no, nav\u0161t\u00edvte str\u00e1nku compact.sk.\u00a0\\u003c\/span\\u003e\\r\\n\\r\\n\\u003cspan style=\\u0022font-weight: 400;\\u0022\\u003ePO\u017dI\u010cOV\u0147A OBLOHY | COMPACT Skydive \\u0026amp; Flying - zabezpe\u010duje komplexn\u00e9 slu\u017eby v oblasti \u0161portov\u00e9ho a rekrea\u010dn\u00e9ho para\u0161utizmu. Organizuje tandemov\u00e9 zoskoky, para\u0161utistick\u00e9 kurzy pre z\u00e1ujemcov o prv\u00fd s\u00f3lo zoskok, prev\u00e1dzkuje para\u0161utistick\u00fa \u0161kolu a \u0161kolu lietania na ultra\u013eahk\u00fdch lietadl\u00e1ch. Je tie\u017e hlavn\u00fdm organiz\u00e1torom a zakladate\u013eom Slovenskej para\u0161utistickej ligy v presnosti prist\u00e1tia.\u00a0\\u003c\/span\\u003e\\r\\n\\r\\n\\u0026nbsp;\",\"_text\":\"field_60c66a6067e54\"},\"mode\":\"preview\"} \/-->\n\n<!-- wp:tadv\/classic-paragraph \/-->\n\n<!-- wp:acf\/theme-ambassador-section {\"name\":\"acf\/theme-ambassador-section\",\"mode\":\"preview\"} \/-->","_pl_post_name":"","_pl_post_excerpt":"","_pl_post_title":" Mocne doznania w Raju","_it_post_content":"","_it_post_name":"","_it_post_excerpt":"","_it_post_title":"","edit_language":"en","footnotes":""},"topic_group":[430],"class_list":["post-7181","topic","type-topic","status-publish","format-standard","has-post-thumbnail","hentry","topic_group-strat-sa-v-regionoch"],"acf":[],"yoast_head":"<!-- This site is optimized with the Yoast SEO Premium plugin v25.5 (Yoast SEO v27.4) - https:\/\/yoast.com\/product\/yoast-seo-premium-wordpress\/ -->\n<title>Ko\u0161ice Regi\u00f3n<\/title>\n<meta name=\"robots\" content=\"index, follow, max-snippet:-1, max-image-preview:large, max-video-preview:-1\" \/>\n<link rel=\"canonical\" href=\"https:\/\/www.kosiceregion.com\/sk\/topic\/adrenalin-v-raji\/\" \/>\n<meta property=\"og:locale\" content=\"en_GB\" \/>\n<meta property=\"og:type\" content=\"article\" \/>\n<meta property=\"og:title\" content=\"Adrenal\u00edn v Raji\" \/>\n<meta property=\"og:url\" content=\"https:\/\/www.kosiceregion.com\/en\/wp-json\/wp\/v2\/topics\/7181\" \/>\n<meta property=\"og:site_name\" content=\"Ko\u0161ice Regi\u00f3n\" \/>\n<meta property=\"article:publisher\" content=\"https:\/\/www.facebook.com\/kosiceregion\" \/>\n<meta property=\"article:modified_time\" content=\"2023-06-29T12:57:27+00:00\" \/>\n<meta property=\"og:image\" content=\"https:\/\/www.kosiceregion.com\/wp-content\/uploads\/2021\/12\/Kysel_1.11.1-scaled.jpg\" \/>\n\t<meta property=\"og:image:width\" content=\"2560\" \/>\n\t<meta property=\"og:image:height\" content=\"1440\" \/>\n\t<meta property=\"og:image:type\" content=\"image\/jpeg\" \/>\n<meta name=\"twitter:card\" content=\"summary_large_image\" \/>\n<meta name=\"twitter:site\" content=\"@KOSICEREGION\" \/>\n<script type=\"application\/ld+json\" class=\"yoast-schema-graph\">{\"@context\":\"https:\\\/\\\/schema.org\",\"@graph\":[{\"@type\":\"WebPage\",\"@id\":\"https:\\\/\\\/www.kosiceregion.com\\\/sk\\\/topic\\\/adrenalin-v-raji\\\/\",\"url\":\"https:\\\/\\\/www.kosiceregion.com\\\/sk\\\/topic\\\/adrenalin-v-raji\\\/\",\"name\":\"Adrenal\u00edn v Raji - Ko\u0161ice Regi\u00f3n\",\"isPartOf\":{\"@id\":\"https:\\\/\\\/www.kosiceregion.com\\\/#website\"},\"primaryImageOfPage\":{\"@id\":\"https:\\\/\\\/www.kosiceregion.com\\\/sk\\\/topic\\\/adrenalin-v-raji\\\/#primaryimage\"},\"image\":{\"@id\":\"https:\\\/\\\/www.kosiceregion.com\\\/sk\\\/topic\\\/adrenalin-v-raji\\\/#primaryimage\"},\"thumbnailUrl\":\"https:\\\/\\\/www.kosiceregion.com\\\/wp-content\\\/uploads\\\/2021\\\/12\\\/Kysel_1.11.1-scaled.jpg\",\"datePublished\":\"2021-12-09T13:19:35+00:00\",\"dateModified\":\"2023-06-29T12:57:27+00:00\",\"breadcrumb\":{\"@id\":\"https:\\\/\\\/www.kosiceregion.com\\\/sk\\\/topic\\\/adrenalin-v-raji\\\/#breadcrumb\"},\"inLanguage\":\"en-GB\",\"potentialAction\":[{\"@type\":\"ReadAction\",\"target\":[\"https:\\\/\\\/www.kosiceregion.com\\\/sk\\\/topic\\\/adrenalin-v-raji\\\/\"]}]},{\"@type\":\"ImageObject\",\"inLanguage\":\"en-GB\",\"@id\":\"https:\\\/\\\/www.kosiceregion.com\\\/sk\\\/topic\\\/adrenalin-v-raji\\\/#primaryimage\",\"url\":\"https:\\\/\\\/www.kosiceregion.com\\\/wp-content\\\/uploads\\\/2021\\\/12\\\/Kysel_1.11.1-scaled.jpg\",\"contentUrl\":\"https:\\\/\\\/www.kosiceregion.com\\\/wp-content\\\/uploads\\\/2021\\\/12\\\/Kysel_1.11.1-scaled.jpg\",\"width\":2560,\"height\":1440},{\"@type\":\"BreadcrumbList\",\"@id\":\"https:\\\/\\\/www.kosiceregion.com\\\/sk\\\/topic\\\/adrenalin-v-raji\\\/#breadcrumb\",\"itemListElement\":[{\"@type\":\"ListItem\",\"position\":1,\"name\":\"Home\",\"item\":\"https:\\\/\\\/www.kosiceregion.com\\\/sk\\\/\"},{\"@type\":\"ListItem\",\"position\":2,\"name\":\"Adrenal\u00edn v Raji\"}]},{\"@type\":\"WebSite\",\"@id\":\"https:\\\/\\\/www.kosiceregion.com\\\/#website\",\"url\":\"https:\\\/\\\/www.kosiceregion.com\\\/\",\"name\":\"Ko\u0161ice Regi\u00f3n\",\"description\":\"Turistick\u00fd sprievodca Ko\u0161ick\u00fdm krajom\",\"publisher\":{\"@id\":\"https:\\\/\\\/www.kosiceregion.com\\\/#organization\"},\"potentialAction\":[{\"@type\":\"SearchAction\",\"target\":{\"@type\":\"EntryPoint\",\"urlTemplate\":\"https:\\\/\\\/www.kosiceregion.com\\\/?s={search_term_string}\"},\"query-input\":{\"@type\":\"PropertyValueSpecification\",\"valueRequired\":true,\"valueName\":\"search_term_string\"}}],\"inLanguage\":\"en-GB\"},{\"@type\":\"Organization\",\"@id\":\"https:\\\/\\\/www.kosiceregion.com\\\/#organization\",\"name\":\"Ko\u0161ice Regi\u00f3n Turizmus\",\"url\":\"https:\\\/\\\/www.kosiceregion.com\\\/\",\"logo\":{\"@type\":\"ImageObject\",\"inLanguage\":\"en-GB\",\"@id\":\"https:\\\/\\\/www.kosiceregion.com\\\/#\\\/schema\\\/logo\\\/image\\\/\",\"url\":\"https:\\\/\\\/www.kosiceregion.com\\\/wp-content\\\/uploads\\\/2019\\\/03\\\/logo-web-sk.png\",\"contentUrl\":\"https:\\\/\\\/www.kosiceregion.com\\\/wp-content\\\/uploads\\\/2019\\\/03\\\/logo-web-sk.png\",\"width\":225,\"height\":100,\"caption\":\"Ko\u0161ice Regi\u00f3n Turizmus\"},\"image\":{\"@id\":\"https:\\\/\\\/www.kosiceregion.com\\\/#\\\/schema\\\/logo\\\/image\\\/\"},\"sameAs\":[\"https:\\\/\\\/www.facebook.com\\\/kosiceregion\",\"https:\\\/\\\/x.com\\\/KOSICEREGION\",\"https:\\\/\\\/www.instagram.com\\\/kosiceregion\",\"https:\\\/\\\/www.youtube.com\\\/kosiceregion\"]}]}<\/script>\n<!-- \/ Yoast SEO Premium plugin. -->","yoast_head_json":{"title":"Ko\u0161ice Regi\u00f3n","robots":{"index":"index","follow":"follow","max-snippet":"max-snippet:-1","max-image-preview":"max-image-preview:large","max-video-preview":"max-video-preview:-1"},"canonical":"https:\/\/www.kosiceregion.com\/sk\/topic\/adrenalin-v-raji\/","og_locale":"en_GB","og_type":"article","og_title":"Adrenal\u00edn v Raji","og_url":"https:\/\/www.kosiceregion.com\/en\/wp-json\/wp\/v2\/topics\/7181","og_site_name":"Ko\u0161ice Regi\u00f3n","article_publisher":"https:\/\/www.facebook.com\/kosiceregion","article_modified_time":"2023-06-29T12:57:27+00:00","og_image":[{"width":2560,"height":1440,"url":"https:\/\/www.kosiceregion.com\/wp-content\/uploads\/2021\/12\/Kysel_1.11.1-scaled.jpg","type":"image\/jpeg"}],"twitter_card":"summary_large_image","twitter_site":"@KOSICEREGION","schema":{"@context":"https:\/\/schema.org","@graph":[{"@type":"WebPage","@id":"https:\/\/www.kosiceregion.com\/sk\/topic\/adrenalin-v-raji\/","url":"https:\/\/www.kosiceregion.com\/sk\/topic\/adrenalin-v-raji\/","name":"Adrenal\u00edn v Raji - Ko\u0161ice Regi\u00f3n","isPartOf":{"@id":"https:\/\/www.kosiceregion.com\/#website"},"primaryImageOfPage":{"@id":"https:\/\/www.kosiceregion.com\/sk\/topic\/adrenalin-v-raji\/#primaryimage"},"image":{"@id":"https:\/\/www.kosiceregion.com\/sk\/topic\/adrenalin-v-raji\/#primaryimage"},"thumbnailUrl":"https:\/\/www.kosiceregion.com\/wp-content\/uploads\/2021\/12\/Kysel_1.11.1-scaled.jpg","datePublished":"2021-12-09T13:19:35+00:00","dateModified":"2023-06-29T12:57:27+00:00","breadcrumb":{"@id":"https:\/\/www.kosiceregion.com\/sk\/topic\/adrenalin-v-raji\/#breadcrumb"},"inLanguage":"en-GB","potentialAction":[{"@type":"ReadAction","target":["https:\/\/www.kosiceregion.com\/sk\/topic\/adrenalin-v-raji\/"]}]},{"@type":"ImageObject","inLanguage":"en-GB","@id":"https:\/\/www.kosiceregion.com\/sk\/topic\/adrenalin-v-raji\/#primaryimage","url":"https:\/\/www.kosiceregion.com\/wp-content\/uploads\/2021\/12\/Kysel_1.11.1-scaled.jpg","contentUrl":"https:\/\/www.kosiceregion.com\/wp-content\/uploads\/2021\/12\/Kysel_1.11.1-scaled.jpg","width":2560,"height":1440},{"@type":"BreadcrumbList","@id":"https:\/\/www.kosiceregion.com\/sk\/topic\/adrenalin-v-raji\/#breadcrumb","itemListElement":[{"@type":"ListItem","position":1,"name":"Home","item":"https:\/\/www.kosiceregion.com\/sk\/"},{"@type":"ListItem","position":2,"name":"Adrenal\u00edn v Raji"}]},{"@type":"WebSite","@id":"https:\/\/www.kosiceregion.com\/#website","url":"https:\/\/www.kosiceregion.com\/","name":"Ko\u0161ice Regi\u00f3n","description":"Turistick\u00fd sprievodca Ko\u0161ick\u00fdm krajom","publisher":{"@id":"https:\/\/www.kosiceregion.com\/#organization"},"potentialAction":[{"@type":"SearchAction","target":{"@type":"EntryPoint","urlTemplate":"https:\/\/www.kosiceregion.com\/?s={search_term_string}"},"query-input":{"@type":"PropertyValueSpecification","valueRequired":true,"valueName":"search_term_string"}}],"inLanguage":"en-GB"},{"@type":"Organization","@id":"https:\/\/www.kosiceregion.com\/#organization","name":"Ko\u0161ice Regi\u00f3n Turizmus","url":"https:\/\/www.kosiceregion.com\/","logo":{"@type":"ImageObject","inLanguage":"en-GB","@id":"https:\/\/www.kosiceregion.com\/#\/schema\/logo\/image\/","url":"https:\/\/www.kosiceregion.com\/wp-content\/uploads\/2019\/03\/logo-web-sk.png","contentUrl":"https:\/\/www.kosiceregion.com\/wp-content\/uploads\/2019\/03\/logo-web-sk.png","width":225,"height":100,"caption":"Ko\u0161ice Regi\u00f3n Turizmus"},"image":{"@id":"https:\/\/www.kosiceregion.com\/#\/schema\/logo\/image\/"},"sameAs":["https:\/\/www.facebook.com\/kosiceregion","https:\/\/x.com\/KOSICEREGION","https:\/\/www.instagram.com\/kosiceregion","https:\/\/www.youtube.com\/kosiceregion"]}]}},"_links":{"self":[{"href":"https:\/\/www.kosiceregion.com\/en\/wp-json\/wp\/v2\/topics\/7181","targetHints":{"allow":["GET"]}}],"collection":[{"href":"https:\/\/www.kosiceregion.com\/en\/wp-json\/wp\/v2\/topics"}],"about":[{"href":"https:\/\/www.kosiceregion.com\/en\/wp-json\/wp\/v2\/types\/topic"}],"author":[{"embeddable":true,"href":"https:\/\/www.kosiceregion.com\/en\/wp-json\/wp\/v2\/users\/13"}],"version-history":[{"count":5,"href":"https:\/\/www.kosiceregion.com\/en\/wp-json\/wp\/v2\/topics\/7181\/revisions"}],"predecessor-version":[{"id":11233,"href":"https:\/\/www.kosiceregion.com\/en\/wp-json\/wp\/v2\/topics\/7181\/revisions\/11233"}],"wp:featuredmedia":[{"embeddable":true,"href":"https:\/\/www.kosiceregion.com\/en\/wp-json\/wp\/v2\/media\/8721"}],"wp:attachment":[{"href":"https:\/\/www.kosiceregion.com\/en\/wp-json\/wp\/v2\/media?parent=7181"}],"wp:term":[{"taxonomy":"topic_group","embeddable":true,"href":"https:\/\/www.kosiceregion.com\/en\/wp-json\/wp\/v2\/topic_group?post=7181"}],"curies":[{"name":"wp","href":"https:\/\/api.w.org\/{rel}","templated":true}]}}