{"id":7000,"date":"2021-08-26T15:24:08","date_gmt":"2021-08-26T13:24:08","guid":{"rendered":"https:\/\/www.kosiceregion.com\/?post_type=ambassador&#038;p=7000"},"modified":"2024-04-17T16:44:07","modified_gmt":"2024-04-17T14:44:07","slug":"","status":"publish","type":"ambassador","link":"https:\/\/www.kosiceregion.com\/es\/ambassador\/gabriel-oprendek-mellos-opre\/","title":{"rendered":"","raw":""},"excerpt":{"rendered":"","protected":false,"raw":""},"author":10,"menu_order":0,"template":"","format":"standard","meta":{"_acf_changed":false,"_sk_post_content":"","_sk_post_name":"gabriel-oprendek-mellos-opre","_sk_post_excerpt":"","_sk_post_title":"Gabriel Oprendek - MELLOS, OPRE\u00b4","_en_post_content":"","_en_post_name":"gabriel-oprendek-mellos-opre","_en_post_excerpt":"","_en_post_title":"","_hu_post_content":"","_hu_post_name":"gabriel-oprendek-mellos-opre","_hu_post_excerpt":"","_hu_post_title":"","_es_post_content":"","_es_post_name":"","_es_post_excerpt":"","_es_post_title":"","_de_post_content":"","_de_post_name":"gabriel-oprendek-mellos-opre","_de_post_excerpt":"","_de_post_title":"Gabriel Oprendek - MELLOS, OPRE\u00b4","_pl_post_content":"","_pl_post_name":"gabriel-oprendek-mellos-opre","_pl_post_excerpt":"","_pl_post_title":"","_it_post_content":"","_it_post_name":"","_it_post_excerpt":"","_it_post_title":"","edit_language":"es"},"topic_group":[429],"class_list":["post-7000","ambassador","type-ambassador","status-publish","format-standard","hentry","topic_group-prezi-den-noc-ako-vychodniar"],"acf":[],"yoast_head":"<!-- This site is optimized with the Yoast SEO Premium plugin v25.5 (Yoast SEO v27.4) - https:\/\/yoast.com\/product\/yoast-seo-premium-wordpress\/ -->\n<title>Ko\u0161ice Regi\u00f3n<\/title>\n<meta name=\"description\" content=\"Gabriel, o\u0161\u013eahan\u00fd seversk\u00fdm vetrom z\u00a0D\u00e1nska, sa vr\u00e1til sp\u00e4\u0165 do Ko\u0161\u00edc aj s\u00a0kreat\u00edvnym z\u00e1palom pre nov\u00fd produkt, ktor\u00fd v\u00a0tom \u010dase na Slovensku nikto nevyr\u00e1bal. Spolu s\u00a0bratom, v\u00a0tom \u010dase \u0161tudentom biol\u00f3gie, dali dokopy svoje schopnosti a\u00a0vznikol prv\u00fd Opre\u00b4 cider s\u00a0origin\u00e1lnou recept\u00farou, ktor\u00fd si v\u010faka \u00faspe\u0161n\u00e9mu biznis pl\u00e1nu Gabriela, m\u00f4\u017eu vychutn\u00e1va\u0165 n\u00e1v\u0161tevn\u00edci vo viacer\u00fdch podnikoch. Spolu s\u00a0bratom zalo\u017eil aj \u010fal\u0161iu \u00faspe\u0161n\u00fa zna\u010dku nealko remeseln\u00fdch limon\u00e1d Mellos, pre v\u0161etk\u00fdch t\u00fdch, na ktor\u00fdch vy\u0161la v\u00a0partii funkcia \u201e\u0161of\u00e9ra\u201c.\u00a0\" \/>\n<meta name=\"robots\" content=\"index, follow, max-snippet:-1, max-image-preview:large, max-video-preview:-1\" \/>\n<link rel=\"canonical\" href=\"https:\/\/www.kosiceregion.com\/sk\/ambassador\/gabriel-oprendek-mellos-opre\/\" \/>\n<meta property=\"og:locale\" content=\"es_ES\" \/>\n<meta property=\"og:type\" content=\"article\" \/>\n<meta property=\"og:title\" content=\"Gabriel Oprendek - MELLOS, OPRE\u00b4\" \/>\n<meta property=\"og:description\" content=\"Gabriel, o\u0161\u013eahan\u00fd seversk\u00fdm vetrom z\u00a0D\u00e1nska, sa vr\u00e1til sp\u00e4\u0165 do Ko\u0161\u00edc aj s\u00a0kreat\u00edvnym z\u00e1palom pre nov\u00fd produkt, ktor\u00fd v\u00a0tom \u010dase na Slovensku nikto nevyr\u00e1bal. Spolu s\u00a0bratom, v\u00a0tom \u010dase \u0161tudentom biol\u00f3gie, dali dokopy svoje schopnosti a\u00a0vznikol prv\u00fd Opre\u00b4 cider s\u00a0origin\u00e1lnou recept\u00farou, ktor\u00fd si v\u010faka \u00faspe\u0161n\u00e9mu biznis pl\u00e1nu Gabriela, m\u00f4\u017eu vychutn\u00e1va\u0165 n\u00e1v\u0161tevn\u00edci vo viacer\u00fdch podnikoch. Spolu s\u00a0bratom zalo\u017eil aj \u010fal\u0161iu \u00faspe\u0161n\u00fa zna\u010dku nealko remeseln\u00fdch limon\u00e1d Mellos, pre v\u0161etk\u00fdch t\u00fdch, na ktor\u00fdch vy\u0161la v\u00a0partii funkcia \u201e\u0161of\u00e9ra\u201c.\u00a0\" \/>\n<meta property=\"og:url\" content=\"https:\/\/www.kosiceregion.com\/es\/wp-json\/wp\/v2\/ambassador\/7000\" \/>\n<meta property=\"og:site_name\" content=\"Ko\u0161ice Regi\u00f3n\" \/>\n<meta property=\"article:publisher\" content=\"https:\/\/www.facebook.com\/kosiceregion\" \/>\n<meta property=\"article:modified_time\" content=\"2024-04-17T14:44:07+00:00\" \/>\n<meta property=\"og:image\" content=\"https:\/\/www.kosiceregion.com\/wp-content\/uploads\/2019\/03\/logo-web-sk.png\" \/>\n\t<meta property=\"og:image:width\" content=\"225\" \/>\n\t<meta property=\"og:image:height\" content=\"100\" \/>\n\t<meta property=\"og:image:type\" content=\"image\/png\" \/>\n<meta name=\"twitter:card\" content=\"summary_large_image\" \/>\n<meta name=\"twitter:site\" content=\"@KOSICEREGION\" \/>\n<meta name=\"twitter:label1\" content=\"Tiempo de lectura\" \/>\n\t<meta name=\"twitter:data1\" content=\"1 minute\" \/>\n<script type=\"application\/ld+json\" class=\"yoast-schema-graph\">{\"@context\":\"https:\\\/\\\/schema.org\",\"@graph\":[{\"@type\":\"WebPage\",\"@id\":\"https:\\\/\\\/www.kosiceregion.com\\\/sk\\\/ambassador\\\/gabriel-oprendek-mellos-opre\\\/\",\"url\":\"https:\\\/\\\/www.kosiceregion.com\\\/sk\\\/ambassador\\\/gabriel-oprendek-mellos-opre\\\/\",\"name\":\"Gabriel Oprendek - MELLOS, OPRE\u00b4 - Ko\u0161ice Regi\u00f3n\",\"isPartOf\":{\"@id\":\"https:\\\/\\\/www.kosiceregion.com\\\/#website\"},\"datePublished\":\"2021-08-26T13:24:08+00:00\",\"dateModified\":\"2024-04-17T14:44:07+00:00\",\"description\":\"Gabriel, o\u0161\u013eahan\u00fd seversk\u00fdm vetrom z\u00a0D\u00e1nska, sa vr\u00e1til sp\u00e4\u0165 do Ko\u0161\u00edc aj s\u00a0kreat\u00edvnym z\u00e1palom pre nov\u00fd produkt, ktor\u00fd v\u00a0tom \u010dase na Slovensku nikto nevyr\u00e1bal. Spolu s\u00a0bratom, v\u00a0tom \u010dase \u0161tudentom biol\u00f3gie, dali dokopy svoje schopnosti a\u00a0vznikol prv\u00fd Opre\u00b4 cider s\u00a0origin\u00e1lnou recept\u00farou, ktor\u00fd si v\u010faka \u00faspe\u0161n\u00e9mu biznis pl\u00e1nu Gabriela, m\u00f4\u017eu vychutn\u00e1va\u0165 n\u00e1v\u0161tevn\u00edci vo viacer\u00fdch podnikoch. Spolu s\u00a0bratom zalo\u017eil aj \u010fal\u0161iu \u00faspe\u0161n\u00fa zna\u010dku nealko remeseln\u00fdch limon\u00e1d Mellos, pre v\u0161etk\u00fdch t\u00fdch, na ktor\u00fdch vy\u0161la v\u00a0partii funkcia \u201e\u0161of\u00e9ra\u201c.\u00a0\",\"breadcrumb\":{\"@id\":\"https:\\\/\\\/www.kosiceregion.com\\\/sk\\\/ambassador\\\/gabriel-oprendek-mellos-opre\\\/#breadcrumb\"},\"inLanguage\":\"es-ES\",\"potentialAction\":[{\"@type\":\"ReadAction\",\"target\":[\"https:\\\/\\\/www.kosiceregion.com\\\/sk\\\/ambassador\\\/gabriel-oprendek-mellos-opre\\\/\"]}]},{\"@type\":\"BreadcrumbList\",\"@id\":\"https:\\\/\\\/www.kosiceregion.com\\\/sk\\\/ambassador\\\/gabriel-oprendek-mellos-opre\\\/#breadcrumb\",\"itemListElement\":[{\"@type\":\"ListItem\",\"position\":1,\"name\":\"Home\",\"item\":\"https:\\\/\\\/www.kosiceregion.com\\\/sk\\\/\"},{\"@type\":\"ListItem\",\"position\":2,\"name\":\"Gabriel Oprendek &#8211; MELLOS, OPRE\u00b4\"}]},{\"@type\":\"WebSite\",\"@id\":\"https:\\\/\\\/www.kosiceregion.com\\\/#website\",\"url\":\"https:\\\/\\\/www.kosiceregion.com\\\/\",\"name\":\"Ko\u0161ice Regi\u00f3n\",\"description\":\"Turistick\u00fd sprievodca Ko\u0161ick\u00fdm krajom\",\"publisher\":{\"@id\":\"https:\\\/\\\/www.kosiceregion.com\\\/#organization\"},\"potentialAction\":[{\"@type\":\"SearchAction\",\"target\":{\"@type\":\"EntryPoint\",\"urlTemplate\":\"https:\\\/\\\/www.kosiceregion.com\\\/?s={search_term_string}\"},\"query-input\":{\"@type\":\"PropertyValueSpecification\",\"valueRequired\":true,\"valueName\":\"search_term_string\"}}],\"inLanguage\":\"es-ES\"},{\"@type\":\"Organization\",\"@id\":\"https:\\\/\\\/www.kosiceregion.com\\\/#organization\",\"name\":\"Ko\u0161ice Regi\u00f3n Turizmus\",\"url\":\"https:\\\/\\\/www.kosiceregion.com\\\/\",\"logo\":{\"@type\":\"ImageObject\",\"inLanguage\":\"es-ES\",\"@id\":\"https:\\\/\\\/www.kosiceregion.com\\\/#\\\/schema\\\/logo\\\/image\\\/\",\"url\":\"https:\\\/\\\/www.kosiceregion.com\\\/wp-content\\\/uploads\\\/2019\\\/03\\\/logo-web-sk.png\",\"contentUrl\":\"https:\\\/\\\/www.kosiceregion.com\\\/wp-content\\\/uploads\\\/2019\\\/03\\\/logo-web-sk.png\",\"width\":225,\"height\":100,\"caption\":\"Ko\u0161ice Regi\u00f3n Turizmus\"},\"image\":{\"@id\":\"https:\\\/\\\/www.kosiceregion.com\\\/#\\\/schema\\\/logo\\\/image\\\/\"},\"sameAs\":[\"https:\\\/\\\/www.facebook.com\\\/kosiceregion\",\"https:\\\/\\\/x.com\\\/KOSICEREGION\",\"https:\\\/\\\/www.instagram.com\\\/kosiceregion\",\"https:\\\/\\\/www.youtube.com\\\/kosiceregion\"]}]}<\/script>\n<!-- \/ Yoast SEO Premium plugin. -->","yoast_head_json":{"title":"Ko\u0161ice Regi\u00f3n","description":"Gabriel, o\u0161\u013eahan\u00fd seversk\u00fdm vetrom z\u00a0D\u00e1nska, sa vr\u00e1til sp\u00e4\u0165 do Ko\u0161\u00edc aj s\u00a0kreat\u00edvnym z\u00e1palom pre nov\u00fd produkt, ktor\u00fd v\u00a0tom \u010dase na Slovensku nikto nevyr\u00e1bal. Spolu s\u00a0bratom, v\u00a0tom \u010dase \u0161tudentom biol\u00f3gie, dali dokopy svoje schopnosti a\u00a0vznikol prv\u00fd Opre\u00b4 cider s\u00a0origin\u00e1lnou recept\u00farou, ktor\u00fd si v\u010faka \u00faspe\u0161n\u00e9mu biznis pl\u00e1nu Gabriela, m\u00f4\u017eu vychutn\u00e1va\u0165 n\u00e1v\u0161tevn\u00edci vo viacer\u00fdch podnikoch. Spolu s\u00a0bratom zalo\u017eil aj \u010fal\u0161iu \u00faspe\u0161n\u00fa zna\u010dku nealko remeseln\u00fdch limon\u00e1d Mellos, pre v\u0161etk\u00fdch t\u00fdch, na ktor\u00fdch vy\u0161la v\u00a0partii funkcia \u201e\u0161of\u00e9ra\u201c.\u00a0","robots":{"index":"index","follow":"follow","max-snippet":"max-snippet:-1","max-image-preview":"max-image-preview:large","max-video-preview":"max-video-preview:-1"},"canonical":"https:\/\/www.kosiceregion.com\/sk\/ambassador\/gabriel-oprendek-mellos-opre\/","og_locale":"es_ES","og_type":"article","og_title":"Gabriel Oprendek - MELLOS, OPRE\u00b4","og_description":"Gabriel, o\u0161\u013eahan\u00fd seversk\u00fdm vetrom z\u00a0D\u00e1nska, sa vr\u00e1til sp\u00e4\u0165 do Ko\u0161\u00edc aj s\u00a0kreat\u00edvnym z\u00e1palom pre nov\u00fd produkt, ktor\u00fd v\u00a0tom \u010dase na Slovensku nikto nevyr\u00e1bal. Spolu s\u00a0bratom, v\u00a0tom \u010dase \u0161tudentom biol\u00f3gie, dali dokopy svoje schopnosti a\u00a0vznikol prv\u00fd Opre\u00b4 cider s\u00a0origin\u00e1lnou recept\u00farou, ktor\u00fd si v\u010faka \u00faspe\u0161n\u00e9mu biznis pl\u00e1nu Gabriela, m\u00f4\u017eu vychutn\u00e1va\u0165 n\u00e1v\u0161tevn\u00edci vo viacer\u00fdch podnikoch. Spolu s\u00a0bratom zalo\u017eil aj \u010fal\u0161iu \u00faspe\u0161n\u00fa zna\u010dku nealko remeseln\u00fdch limon\u00e1d Mellos, pre v\u0161etk\u00fdch t\u00fdch, na ktor\u00fdch vy\u0161la v\u00a0partii funkcia \u201e\u0161of\u00e9ra\u201c.\u00a0","og_url":"https:\/\/www.kosiceregion.com\/es\/wp-json\/wp\/v2\/ambassador\/7000","og_site_name":"Ko\u0161ice Regi\u00f3n","article_publisher":"https:\/\/www.facebook.com\/kosiceregion","article_modified_time":"2024-04-17T14:44:07+00:00","og_image":[{"width":225,"height":100,"url":"https:\/\/www.kosiceregion.com\/wp-content\/uploads\/2019\/03\/logo-web-sk.png","type":"image\/png"}],"twitter_card":"summary_large_image","twitter_site":"@KOSICEREGION","twitter_misc":{"Tiempo de lectura":"1 minute"},"schema":{"@context":"https:\/\/schema.org","@graph":[{"@type":"WebPage","@id":"https:\/\/www.kosiceregion.com\/sk\/ambassador\/gabriel-oprendek-mellos-opre\/","url":"https:\/\/www.kosiceregion.com\/sk\/ambassador\/gabriel-oprendek-mellos-opre\/","name":"Gabriel Oprendek - MELLOS, OPRE\u00b4 - Ko\u0161ice Regi\u00f3n","isPartOf":{"@id":"https:\/\/www.kosiceregion.com\/#website"},"datePublished":"2021-08-26T13:24:08+00:00","dateModified":"2024-04-17T14:44:07+00:00","description":"Gabriel, o\u0161\u013eahan\u00fd seversk\u00fdm vetrom z\u00a0D\u00e1nska, sa vr\u00e1til sp\u00e4\u0165 do Ko\u0161\u00edc aj s\u00a0kreat\u00edvnym z\u00e1palom pre nov\u00fd produkt, ktor\u00fd v\u00a0tom \u010dase na Slovensku nikto nevyr\u00e1bal. Spolu s\u00a0bratom, v\u00a0tom \u010dase \u0161tudentom biol\u00f3gie, dali dokopy svoje schopnosti a\u00a0vznikol prv\u00fd Opre\u00b4 cider s\u00a0origin\u00e1lnou recept\u00farou, ktor\u00fd si v\u010faka \u00faspe\u0161n\u00e9mu biznis pl\u00e1nu Gabriela, m\u00f4\u017eu vychutn\u00e1va\u0165 n\u00e1v\u0161tevn\u00edci vo viacer\u00fdch podnikoch. Spolu s\u00a0bratom zalo\u017eil aj \u010fal\u0161iu \u00faspe\u0161n\u00fa zna\u010dku nealko remeseln\u00fdch limon\u00e1d Mellos, pre v\u0161etk\u00fdch t\u00fdch, na ktor\u00fdch vy\u0161la v\u00a0partii funkcia \u201e\u0161of\u00e9ra\u201c.\u00a0","breadcrumb":{"@id":"https:\/\/www.kosiceregion.com\/sk\/ambassador\/gabriel-oprendek-mellos-opre\/#breadcrumb"},"inLanguage":"es-ES","potentialAction":[{"@type":"ReadAction","target":["https:\/\/www.kosiceregion.com\/sk\/ambassador\/gabriel-oprendek-mellos-opre\/"]}]},{"@type":"BreadcrumbList","@id":"https:\/\/www.kosiceregion.com\/sk\/ambassador\/gabriel-oprendek-mellos-opre\/#breadcrumb","itemListElement":[{"@type":"ListItem","position":1,"name":"Home","item":"https:\/\/www.kosiceregion.com\/sk\/"},{"@type":"ListItem","position":2,"name":"Gabriel Oprendek &#8211; MELLOS, OPRE\u00b4"}]},{"@type":"WebSite","@id":"https:\/\/www.kosiceregion.com\/#website","url":"https:\/\/www.kosiceregion.com\/","name":"Ko\u0161ice Regi\u00f3n","description":"Turistick\u00fd sprievodca Ko\u0161ick\u00fdm krajom","publisher":{"@id":"https:\/\/www.kosiceregion.com\/#organization"},"potentialAction":[{"@type":"SearchAction","target":{"@type":"EntryPoint","urlTemplate":"https:\/\/www.kosiceregion.com\/?s={search_term_string}"},"query-input":{"@type":"PropertyValueSpecification","valueRequired":true,"valueName":"search_term_string"}}],"inLanguage":"es-ES"},{"@type":"Organization","@id":"https:\/\/www.kosiceregion.com\/#organization","name":"Ko\u0161ice Regi\u00f3n Turizmus","url":"https:\/\/www.kosiceregion.com\/","logo":{"@type":"ImageObject","inLanguage":"es-ES","@id":"https:\/\/www.kosiceregion.com\/#\/schema\/logo\/image\/","url":"https:\/\/www.kosiceregion.com\/wp-content\/uploads\/2019\/03\/logo-web-sk.png","contentUrl":"https:\/\/www.kosiceregion.com\/wp-content\/uploads\/2019\/03\/logo-web-sk.png","width":225,"height":100,"caption":"Ko\u0161ice Regi\u00f3n Turizmus"},"image":{"@id":"https:\/\/www.kosiceregion.com\/#\/schema\/logo\/image\/"},"sameAs":["https:\/\/www.facebook.com\/kosiceregion","https:\/\/x.com\/KOSICEREGION","https:\/\/www.instagram.com\/kosiceregion","https:\/\/www.youtube.com\/kosiceregion"]}]}},"content":{"raw":"","rendered":""},"_links":{"self":[{"href":"https:\/\/www.kosiceregion.com\/es\/wp-json\/wp\/v2\/ambassador\/7000","targetHints":{"allow":["GET"]}}],"collection":[{"href":"https:\/\/www.kosiceregion.com\/es\/wp-json\/wp\/v2\/ambassador"}],"about":[{"href":"https:\/\/www.kosiceregion.com\/es\/wp-json\/wp\/v2\/types\/ambassador"}],"author":[{"embeddable":true,"href":"https:\/\/www.kosiceregion.com\/es\/wp-json\/wp\/v2\/users\/10"}],"version-history":[{"count":6,"href":"https:\/\/www.kosiceregion.com\/es\/wp-json\/wp\/v2\/ambassador\/7000\/revisions"}],"predecessor-version":[{"id":12167,"href":"https:\/\/www.kosiceregion.com\/es\/wp-json\/wp\/v2\/ambassador\/7000\/revisions\/12167"}],"wp:attachment":[{"href":"https:\/\/www.kosiceregion.com\/es\/wp-json\/wp\/v2\/media?parent=7000"}],"wp:term":[{"taxonomy":"topic_group","embeddable":true,"href":"https:\/\/www.kosiceregion.com\/es\/wp-json\/wp\/v2\/topic_group?post=7000"}],"curies":[{"name":"wp","href":"https:\/\/api.w.org\/{rel}","templated":true}]}}