{"id":7136,"date":"2021-12-09T12:13:24","date_gmt":"2021-12-09T11:13:24","guid":{"rendered":"https:\/\/www.kosiceregion.com\/?post_type=topic&#038;p=7136"},"modified":"2023-09-11T13:09:08","modified_gmt":"2023-09-11T11:09:08","slug":"","status":"publish","type":"topic","link":"https:\/\/www.kosiceregion.com\/es\/topic\/vrstvy-casu-a-miesta\/","title":{"rendered":"","raw":""},"content":{"rendered":"","protected":false,"raw":""},"excerpt":{"rendered":"","protected":false,"raw":""},"author":10,"featured_media":8227,"menu_order":0,"template":"","format":"standard","meta":{"_acf_changed":false,"_sk_post_content":"<!-- wp:acf\/common-text-left-section {\"name\":\"acf\/common-text-left-section\",\"data\":{\"text\":\"\\u003cstrong\\u003eVitajte v historickom centre mesta Ko\u0161ice, v najv\u00e4\u010d\u0161ej mestskej pamiatkovej rezerv\u00e1cii na Slovensku, s prvou p\u00edsomnou zmienkou u\u017e z roku 1230, kde sa teraj\u0161ie Ko\u0161ice spom\u00ednaj\u00fa ako Villa Cassa. Objavte Ko\u0161ice cez architekt\u00faru, zastavte sa kdeko\u013evek a n\u00e1jdite sa na 800-ro\u010dnej \u010dasovej priamke mesta. Odkr\u00fdvajte vrstvy \u010dasu a miesta horizont\u00e1lne i vertik\u00e1lne.\\u003c\/strong\\u003e\",\"_text\":\"field_60c66a6067e54\"},\"mode\":\"preview\"} \/-->\n\n<!-- wp:acf\/common-text-right-section {\"name\":\"acf\/common-text-right-section\",\"data\":{\"text\":\"Previes\u0165 v\u00e1s vrstvami \u010dasu a architekt\u00fary v Ko\u0161iciach m\u00f4\u017ee inform\u00e1ciami \u201cnadupan\u00e1\u201c kniha s obsahom, ktor\u00fd prezr\u00e1dza jej n\u00e1zov - \u0160t\u00fdly kr\u00e1sy v Ko\u0161iciach. Ak v\u0161ak t\u00fa\u017eite po dobrej spolo\u010dnosti na prehliadke otvorenou gal\u00e9riou mesta, sprev\u00e1dza\u0165 v\u00e1s m\u00f4\u017ee priamo jej autor Milan Kolcun, najvyh\u013ead\u00e1vanej\u0161\u00ed sprievodca v Ko\u0161iciach. V Region\u00e1lnom informa\u010dnom bode (RIB) v\u00e1m radi dohodn\u00fa potulku na vybran\u00fa t\u00e9mu. Garantujeme v\u00e1m, \u017ee po absolvovan\u00ed prehliadky si knihu v\u00a0RIB ur\u010dite zak\u00fapite a Milanko v\u00e1m ju r\u00e1d podp\u00ed\u0161e i\u00a0s venovan\u00edm.\",\"_text\":\"field_60c66a6067e54\"},\"mode\":\"preview\"} \/-->\n\n<!-- wp:acf\/common-image-right-section {\"name\":\"acf\/common-image-right-section\",\"data\":{\"image\":7470,\"_image\":\"field_60c66ddbbdafe\"},\"mode\":\"preview\"} \/-->\n\n<!-- wp:acf\/common-image-left-section {\"name\":\"acf\/common-image-left-section\",\"data\":{\"image\":7469,\"_image\":\"field_60c66ddbbdafe\"},\"mode\":\"preview\"} \/-->\n\n<!-- wp:acf\/common-text-left-section {\"name\":\"acf\/common-text-left-section\",\"data\":{\"text\":\"\\u003cstrong\\u003eAntika - Pros\u00edm v\u00e1s, ide \u0161estka na Akropolu?\\u003c\/strong\\u003e\\r\\n\\r\\nV ko\u0161ickej pamiatkovej rezerv\u00e1cii m\u00f4\u017eete n\u00e1js\u0165 odkazy tejto \u00fa\u017easnej doby. Jedn\u00fdm z najtypickej\u0161\u00edch prvkov antickej architekt\u00fary s\u00fa st\u013apy, ktor\u00e9 sa v\u00e1m vybavia ako prv\u00e9 pri spomienkach na Akropolu \u010di Pante\u00f3n. Nimi sa in\u0161pirovali architekti pri komponovan\u00ed v\u00e1\u017enosti a vzne\u0161enosti Forg\u00e1\u010dovho a Cs\u00e1kyho \u2013 Desewffyho pal\u00e1ca s antikou in\u0161pirovan\u00fdm st\u013aporad\u00edm pred vstupmi. Zvy\u0161ky antiky n\u00e1jdete aj na vyzdobenom prie\u010del\u00ed D\u00f3mu sv. Al\u017ebety, odkia\u013e na v\u00e1s z v\u00fd\u0161ky s expres\u00edvnym v\u00fdrazom h\u013eadia 3 tv\u00e1re. Epick\u00e1 tajomnos\u0165 antick\u00fdch m\u00faz sa dotkla aj ko\u0161ick\u00e9ho soch\u00e1rskeho velik\u00e1na - Math\u00e9ho. Antick\u00fd odkaz v jeho podan\u00ed m\u00f4\u017eete vzhliadnu\u0165 na d\u00f4kladne vybranom mieste - na Dome umenia. \u010eal\u0161ie antick\u00e9 m\u00fazy n\u00e1jdete na Hlavnej ulici \u010d. 76, je ich presne 9. Tieto architektonick\u00e9 dotyky s\u00fa v\u0161ak len pripomienkou d\u00e1vnej minulosti. Najvernej\u0161\u00edm odkazom R\u00edma je v Ko\u0161iciach kame\u0148 vlo\u017een\u00fd do steny Urbanovej ve\u017ee. Odkia\u013e sa v\u0161ak R\u00edmsky kame\u0148 z \u010dias 3. - 4. storo\u010dia v Ko\u0161iciach vzal?\\r\\n\\r\\n\\u003cem\\u003eMapa s vyzna\u010den\u00fdmi antick\u00fdmi prvkami v Ko\u0161iciach.\\u003c\/em\\u003e\",\"_text\":\"field_60c66a6067e54\"},\"mode\":\"preview\"} \/-->\n\n<!-- wp:tadv\/classic-paragraph \/-->\n\n<!-- wp:acf\/common-image-right-section {\"name\":\"acf\/common-image-right-section\",\"data\":{\"image\":7506,\"_image\":\"field_60c66ddbbdafe\"},\"mode\":\"preview\"} \/-->\n\n<!-- wp:acf\/common-text-right-section {\"name\":\"acf\/common-text-right-section\",\"data\":{\"text\":\"\\u003cstrong\\u003eRom\u00e1nsky sloh \u2013 Ave visitor, ave Ko\u0161ice!\\u003c\/strong\\u003e\\r\\n\\r\\nKult\u00farny odkaz ve\u013ekej rozpadnutej R\u00edmskej r\u00ed\u0161e sa \u0161\u00edril Eur\u00f3pu u\u017e od 10. storo\u010dia. Po \u010fal\u0161ej stovke rokov sa prejavil pod\u013ea historick\u00fdch inform\u00e1ci\u00ed aj na v\u00fdchode, v dne\u0161n\u00fdch Ko\u0161iciach. V uliciach ho u\u017e neuvid\u00edte, ale svoje stopy zanechal v gotickej katedr\u00e1le D\u00f3m sv. Al\u017ebety. Ten je z\u00e1rove\u0148 miestom, kde v 11. storo\u010d\u00ed st\u00e1l rom\u00e1nsky farsk\u00fd kostol. Mimochodom, po\u010das rekon\u0161trukcie bol odkopan\u00fd aj p\u00f4dorys p\u00f4vodn\u00e9ho kostola so \u0161\u00edrkou 14 m a d\u013a\u017ekou 27,8 m. Dokumentuje to aj n\u00e1kres stredovek\u00fdch Ko\u0161\u00edc v arch\u00edve mesta Karlsruhe. V\u00a0meste zostala z rom\u00e1nskeho slohu bronzov\u00e1 krstite\u013enica v\u00a0katedr\u00e1le a kamenn\u00fd lev, ktor\u00fd v r\u00e1mci svojho putovania b\u00fdval v juhov\u00fdchodnom rohu ark\u00e1dovej chodby Urbanovej ve\u017ee.\\r\\n\\r\\nAtmosf\u00e9ru ako v rom\u00e1nskom kr\u00e1\u013eovskom dome za\u017eijete v podzem\u00ed hotela Zlat\u00fd duk\u00e1t, ktor\u00fd je pomenovan\u00fd po jednom z n\u00e1jden\u00fdch ko\u0161ick\u00fdch pokladov. Pri rekon\u0161trukcii v roku 1950, ke\u010f pivni\u010dn\u00e9 priestory domu vyu\u017e\u00edvalo Spotrebn\u00e9 dru\u017estvo Jednota, sa vykopalo asi 10 k\u00edl zlat\u00fdch \u0161perkov, ktor\u00e9 tam pred deport\u00e1ciou do koncentra\u010dn\u00e9ho t\u00e1boru ukryla rodina Sternov\u00e1. Prechod rom\u00e1nskeho slohu na gotiku vidie\u0165 v najstar\u0161om ko\u0161ickom kostole u Dominik\u00e1nov, najstar\u0161ie \u010dasti h\u013eadajte vysoko na hlaviciach st\u013apov. Pozorujte obl\u00faky, tie nezlomen\u00e9 s\u00fa rom\u00e1nske.\\r\\n\\r\\n\\u003cem\\u003eMapa s vyzna\u010den\u00fdmi rom\u00e1nskymi prvkami v Ko\u0161iciach (D\u00f3m sv. Al\u017ebety, Dominik\u00e1ni, Hotel Zlat\u00fd duk\u00e1t, Urbanova ve\u017ea)\\u003c\/em\\u003e\",\"_text\":\"field_60c66a6067e54\"},\"mode\":\"preview\"} \/-->\n\n<!-- wp:acf\/common-image-left-section {\"name\":\"acf\/common-image-left-section\",\"data\":{\"image\":8234,\"_image\":\"field_60c66ddbbdafe\"},\"mode\":\"preview\"} \/-->\n\n<!-- wp:acf\/common-text-left-section {\"name\":\"acf\/common-text-left-section\",\"data\":{\"text\":\"\\u003cstrong\\u003eGotika sa v\u00e1s net\u00fdka?\\u003c\/strong\\u003e\\r\\n\\r\\nOkn\u00e1, port\u00e1ly a sakr\u00e1lne stavby sa v\u00a0gotike stali vy\u0161\u0161\u00edmi. Ve\u013ekos\u0165 \u010dloveka zmen\u0161ovali a ohurovali ho svojou monument\u00e1lnos\u0165ou. Cirkev v tom \u010dase u\u017e mala dos\u0165 prostriedkov na to, aby zaplatili stavite\u013eov, ktor\u00ed tak\u00fdmto \u201cwau\u201c efektom p\u00f4sobili na \u013eud\u00ed. Prirodzenou reakciu bolo skloni\u0165 hlavu od obdivuhodn\u00e9ho hviezdicovit\u00e9ho stropu dolu, uzna\u0165 si svoju malos\u0165 a prilo\u017ei\u0165 mincu z vrecka na odpustky za svoju \u013eudsk\u00fa nedokonalos\u0165. Elegantn\u00e9 vysok\u00e9 okn\u00e1 a okr\u00fahle rozety vyzdoben\u00e9 farebn\u00fdmi skl\u00ed\u010dkami (vitr\u00e1\u017ee), ktor\u00e9 v spolupr\u00e1ci so slne\u010dn\u00fdmi l\u00fa\u010dmi vytv\u00e1rali pre oby\u010dajn\u00fdch \u013eud\u00ed bo\u017esk\u00e9 divadlo. Fi\u00e1ly, kraby, arkiere, chrli\u010de a \u010fal\u0161ie skvosty gotiky h\u013eadajte na fas\u00e1de D\u00f3mu sv. Al\u017ebety, v podzemnom Archeologickom m\u00fazeu, Kaplnke sv. Michala, na Al\u017ebetinej 22 (fi\u00e1ly), Hlavnej 47 (zvy\u0161ky gotick\u00e9ho z\u00e1chodu) u Dominik\u00e1nov a Franti\u0161k\u00e1nov. Nenechajte sa v\u0161ak splies\u0165 neogotikou, so sprievodcom sa v\u00e1m to nestane!\\r\\n\\r\\n\\u003cem\\u003eMapa s vyzna\u010den\u00fdmi gotick\u00fdmi prvkami v Ko\u0161iciach\\u003c\/em\\u003e\",\"_text\":\"field_60c66a6067e54\"},\"mode\":\"preview\"} \/-->\n\n<!-- wp:acf\/common-image-right-section {\"name\":\"acf\/common-image-right-section\",\"data\":{\"image\":8228,\"_image\":\"field_60c66ddbbdafe\"},\"mode\":\"preview\"} \/-->\n\n<!-- wp:acf\/common-text-right-section {\"name\":\"acf\/common-text-right-section\",\"data\":{\"text\":\"\\u003cstrong\\u003eRenesancia \u2013 Tak toto sa na svete e\u0161te nestalo a je to tu zas!\\u003c\/strong\\u003e\\r\\n\\r\\nKop\u00edrovala sa antika a to do historick\u00fdch h\u00e1rkov 15. a 16. storo\u010dia. Aby sme architektom nekrivdili, treba doda\u0165, \u017ee znovuzrodenie antiky talianski majstri po\u0148ali svedomito, ve\u010f opakovanie je matkou m\u00fadrosti. Mohli pakovane \u0161\u00edri\u0165 dobr\u00e9 meno talianskej umeleckej a kult\u00farnej \u0161koly. Pr\u00edtomnos\u0165 pozvan\u00fdch renesan\u010dn\u00fdch majstrov u n\u00e1s bola podporen\u00e1 aj man\u017eelstvom Mateja Korv\u00edna s neapolskou Beatrice Arag\u00f3nskou. V Ko\u0161iciach sa n\u00e1m oproti Levo\u010di a Pre\u0161ovu zachovalo menej z renesan\u010dnej \u0161koly, no radi sa aj s m\u00e1lom s vami podel\u00edme. Na stene kaplnky sv. Michala sa nach\u00e1dza podobize\u0148 burgundsk\u00e9ho rytiera Pierra z Roussel, ktor\u00e9ho pozostatky s\u00fa pres\u0165ahovan\u00e9 z p\u00f4vodn\u00e9ho miesta pod hlavn\u00fdm olt\u00e1rom D\u00f3mu sv. Al\u017ebety do steny kaplnky sv. Michala. D\u00f4kazom o zdokonalen\u00ed maliarskeho umenia a jeho techniky s\u00fa k\u00f3pie obrazov majstrov Tiziana a Raffaella. K\u00f3piu Tiziana m\u00f4\u017eete obdivova\u0165 na hlavnom olt\u00e1rnom obraze v Dominik\u00e1nskom kostole. V\u00fdsek z Raffaellovho diela (Santa conversazione) zas na fas\u00e1de domu na Hlavnej ulici \u010d. 37. Skuto\u010dn\u00fa renesanciu m\u00f4\u017eete n\u00e1js\u0165 vo V\u00fdchodoslovenskom m\u00fazeu, v diele renesan\u010dn\u00edka Albrechta D\u00fcrera. Svedkom ve\u013ekolepej renesan\u010dnej p\u00e1rty u n\u00e1s je Levo\u010dsk\u00fd dom, kde sa konala v roku 1626 svadba Katar\u00edny Brandenburskej s Gabrielom Betlenom. O tejto \u201c\u017e\u00farke\u201c za \u00fa\u010dast\u00ed eur\u00f3pskych panovn\u00edkov a po\u010dte svadob\u010danov okolo dvoch tis\u00edcok sa do\u010d\u00edtate priamo v\u00a0Levo\u010d\u00e1ku - na sten\u00e1ch teraj\u0161ieho Pivovaru Hostinec 1542, pri tam uvarenom pivku a kulin\u00e1rskom jedle. Mimochodom, je pova\u017eovan\u00fd za najstar\u0161\u00ed hostinec (neofici\u00e1lne zdroje). \u010eal\u0161ie stopy renesancie ur\u010dite objav\u00edte so skvel\u00fdm sprievodcom, ktor\u00fd v\u00e1m odhal\u00ed viac ako Google.\\r\\n\\r\\n\\u003cem\\u003eMapa s vyzna\u010den\u00fdmi renesan\u010dn\u00fdmi prvkami v Ko\u0161iciach\\u003c\/em\\u003e\",\"_text\":\"field_60c66a6067e54\"},\"mode\":\"preview\"} \/-->\n\n<!-- wp:acf\/common-image-left-section {\"name\":\"acf\/common-image-left-section\",\"data\":{\"image\":8229,\"_image\":\"field_60c66ddbbdafe\"},\"mode\":\"preview\"} \/-->\n\n<!-- wp:acf\/common-text-left-section {\"name\":\"acf\/common-text-left-section\",\"data\":{\"text\":\"\\u003cstrong\\u003eBarok:\u00a0 Dnes m\u00e1me VKV, pridr\u017ete si parochne!\\u003c\/strong\\u003e\\r\\n\\r\\nAk na diele nevid\u00edte \u017eiadnu priamku, len sam\u00e9 vlnky, oblinky, ulitky, kudrliny a paroch\u0148ov\u00e9 \u00fa\u010desy dosahuj\u00fa v\u00fd\u0161ku troj a\u017e p\u00e4\u0165 poschodovej torty, ide o barok. S barokov\u00fdmi atlantmi, podopieraj\u00facimi balk\u00f3nik, si m\u00f4\u017eete potyka\u0165 rovno u n\u00e1s v Hadik \u2013 Bark\u00f3czyiho pal\u00e1ci na Hlavnej 48, ale ne\u010dakajte s nimi ve\u013ek\u00fa debatu, pre \u0148u si z\u00e1jdite dovn\u00fatra Region\u00e1lneho informa\u010dn\u00e9ho bodu - tam na v\u00e1s budeme \u010daka\u0165 a dohodneme prehliadku. Barok objav\u00edte v Premon\u0161tr\u00e1tskom kostole, p\u00f4vodne jezuitskom, s majstrovsk\u00fdm o\u010dn\u00fdm klamom od majstra Erazmusa Schr\u00f6tta. Tie\u017e na barokom \u201co\u0161\u013eaha\u010dkovanej\u201c p\u00f4vodne gotickej ve\u017ei D\u00f3mu sv. Al\u017ebety, na mandorl\u00e1ch v chr\u00e1me, Troji\u010dnom st\u013ape na Dominik\u00e1nskom n\u00e1mest\u00ed. Ale tie\u017e Immaculate v centre a \u010fal\u0161\u00edch fas\u00e1dach mestsk\u00fdch domov. Najlep\u0161ie sa v\u00e1m bude barok v Ko\u0161iciach objavova\u0165 v non\u0161alantnej spolo\u010dnosti sprievodcu.\\r\\n\\r\\n\\u003cem\\u003eMapa s vyzna\u010den\u00fdmi barokov\u00fdmi prvkami v Ko\u0161iciach\\u003c\/em\\u003e\",\"_text\":\"field_60c66a6067e54\"},\"mode\":\"preview\"} \/-->\n\n<!-- wp:acf\/common-image-right-section {\"name\":\"acf\/common-image-right-section\",\"data\":{\"image\":8230,\"_image\":\"field_60c66ddbbdafe\"},\"mode\":\"preview\"} \/-->\n\n<!-- wp:acf\/common-text-right-section {\"name\":\"acf\/common-text-right-section\",\"data\":{\"text\":\"\\u003cstrong\\u003eKlasicizmus alebo pal\u00e1cov m\u00e1me dos\u0165 pre v\u0161etk\u00fdch!\\u003c\/strong\\u003e\\r\\n\\r\\nUmeleck\u00fd sloh ovplyvnen\u00fd krivkou \u013eudskej m\u00e1rnivosti. Po barokovom nakulmovanom obdob\u00ed sa vracia sp\u00e4\u0165 k striedmosti, symetrii a geometrii. U\u0161\u013eachtil\u00e1 jednoduchos\u0165 klasicizmu je v Ko\u0161iciach silno pr\u00edtomn\u00e1 v celom historickom centre. Ovplyvnen\u00e1 bola cis\u00e1rskym slohom imper\u00e1tora Napoleona, ktor\u00e9ho man\u017eelka M\u00e1ria Lujza, dc\u00e9ra viedensk\u00e9ho cis\u00e1ra Franti\u0161ka preb\u00fdvala v dome na Hlavnej 29, kde ju otec z Viedne vys\u0165ahoval do bezpe\u010dia. \u010eal\u0161ie cis\u00e1rove deti tie\u017e preb\u00fdvali v Ko\u0161iciach, na Hlavnej ulici 48 a 68 . Na \u010d. 68 prenocoval aj mar\u0161al Kutuzov po prehratej bitke cis\u00e1rskych vojsk pri Slavkove. \u017dupn\u00fd dom historickej Abovsko-turnianskej stolice je uk\u00e1\u017ekov\u00fdm pr\u00edkladom elegantnej architekt\u00fary, teraz je s\u00eddlom V\u00fdchodoslovenskej gal\u00e9rie. Ten ist\u00fd architekt navrhol aj Ko\u0161ick\u00fa radnicu na Hlavnej 59. Dobr\u00fdm pr\u00edkladom je ob\u013e\u00faben\u00fd Halmiho dvor s jeho mal\u00fdmi obchod\u00edkmi, tie\u017e dvor na Hlavnej 20 so svojou typickou atmosf\u00e9rou nasiaknutou v\u00f4\u0148ou \u010dokolat\u00e9rie, \u010dajovne a koren\u00edn veg\u00e1nskej re\u0161taur\u00e1cie. So sakr\u00e1lnej architekt\u00fary ur\u010dite nav\u0161t\u00edvte evanjelick\u00fd kostol na Mlynskej ulici a zamerajte sa na kupolu a svetl\u00edk. Nepripom\u00edna v\u00e1m to nie\u010do? R\u00edm? Ste v najkraj\u0161om evanjelickom kostole na Slovensku.\\r\\n\\r\\n\\u003cem\\u003eMapa s vyzna\u010den\u00fdmi s prvkami klasicizmu v\u00a0Ko\u0161iciach.\\u003c\/em\\u003e\",\"_text\":\"field_60c66a6067e54\"},\"mode\":\"preview\"} \/-->\n\n<!-- wp:acf\/common-image-left-section {\"name\":\"acf\/common-image-left-section\",\"data\":{\"image\":8231,\"_image\":\"field_60c66ddbbdafe\"},\"mode\":\"preview\"} \/-->\n\n<!-- wp:acf\/common-text-left-section {\"name\":\"acf\/common-text-left-section\",\"data\":{\"text\":\"\\u003cstrong\\u003eSecesia: Hoc k n\u00e1m Mucha nedoletel, predsa je tu!\\u003c\/strong\\u003e\\r\\n\\r\\nDos\u0165 bolo geometrie a prec\u00edzne narysovan\u00fdch tvarov! Spolo\u010densk\u00e1 objedn\u00e1vka po kr\u00e1se podporen\u00e1 rozm\u00e1haj\u00facim sa chladn\u00fdm priemyslom na konci 19. storo\u010dia sa zmenila a umelci na \u0148u n\u00e1dherne reagovali n\u00e1vratom k rastlinn\u00fdm mot\u00edvom, kvetink\u00e1m, \u013e\u00fabezn\u00fdm \u017eensk\u00fdm krivk\u00e1m. Tento nezamenite\u013en\u00fd sloh v Ko\u0161iciach n\u00e1jdete aj v D\u00f3me sv. Al\u017ebety. Posvieti v\u00e1m na\u0148ho hlavn\u00fd chr\u00e1mov\u00fd luster so sklenen\u00fdmi kvetinkami. Rozsiahla freska v \u013eavej \u010dasti chr\u00e1mu kompozi\u010dne zachyt\u00e1va priebeh \u017eivota Franti\u0161ka II. R\u00e1kocziho. Za secesiou si z\u00e1jdite aj do Hotela Sl\u00e1via a d\u00f4kladne si pre\u0161tudujte jeho fas\u00e1du pri k\u00e1vi\u010dke alebo skvelom jedle, interi\u00e9ru sa tie\u017e nevyh\u00fdbajte. V celej svojej detailnej par\u00e1de ju m\u00f4\u017eete obdivova\u0165 na budove Malej sc\u00e9ny \u0160t\u00e1tneho divadla. Nev\u00e1hajte a objednajte sa na secesn\u00fa prehliadku so sprievodcom.\\r\\n\\r\\n\\u003cem\\u003eMapa s vyzna\u010den\u00fdmi prvkami secesie v Ko\u0161iciach\\u003c\/em\\u003e\",\"_text\":\"field_60c66a6067e54\"},\"mode\":\"preview\"} \/-->\n\n<!-- wp:acf\/common-image-right-section {\"name\":\"acf\/common-image-right-section\",\"data\":{\"image\":8232,\"_image\":\"field_60c66ddbbdafe\"},\"mode\":\"preview\"} \/-->\n\n<!-- wp:acf\/common-text-right-section {\"name\":\"acf\/common-text-right-section\",\"data\":{\"text\":\"\\u003cstrong\\u003eModerna (Pfizer, AstraZeneca?): Dobre bude turisti!\\u003c\/strong\\u003e\\r\\n\\r\\nPrv\u00e1 tretina 20. storo\u010dia nie je a\u017e tak \u010faleko, aby sme s \u0148ou nemali aspo\u0148 bl\u00edzky genera\u010dn\u00fd kontakt. Zmeny, ktor\u00e9 pri\u0161li m\u00f4\u017eeme pozorova\u0165 u\u017e na star\u00fdch rodinn\u00fdch fotografi\u00e1ch i v nostalgick\u00fdch \u010diernobielych filmoch. V\u0161eobecne m\u00f4\u017eeme poveda\u0165, \u017ee i\u0161lo o inov\u00e1cie, zmes prvkov a \u0161t\u00fdlov objavuj\u00facich sa v 20. storo\u010d\u00ed a\u017e doteraz. Architekti tejto doby si zakladali na funk\u010dnosti a \u00fa\u010delovosti, ub\u00fadalo ozd\u00f4b a realiz\u00e1cie stavieb boli podporen\u00e9 rozbehnut\u00fdmi technick\u00fdmi v\u00fddobytkami. V\u010faka Lajosovi Oelschl\u00e4gerovi, najv\u00fdraznej\u0161iemu ko\u0161ick\u00e9mu modernistovi, vieme aj v Ko\u0161iciach pozorova\u0165 stopy tejto doby. Najv\u00fdraznej\u0161\u00edm v\u00fdsledkom jeho pr\u00e1ce je sie\u0148 historickej radnice, ktor\u00e1 sl\u00fa\u017eila ako kinos\u00e1la kina F\u00f3rum \u2013 nesk\u00f4r premenovan\u00e9ho na Slovan. V s\u00fa\u010dasnosti sme ve\u013emi neodsko\u010dili od sp\u00f4sobu vyu\u017eitia priestoru, ktor\u00fd sl\u00fa\u017ei st\u00e1le ako kinos\u00e1la po\u010das filmov\u00e9ho festivalu AFF a tie\u017e hos\u0165uj\u00facim divadl\u00e1m. Jeho dielom je aj budova na rohu Hlavnej a Ba\u010d\u00edkovej postaven\u00e1 pre \u00fa\u010dely Obchodnej a priemyselnej komory. Pre Ko\u0161i\u010danov navrhol aj super modern\u00fa hasi\u010dsk\u00fa stanicu na Po\u017eiarnickej ulici i ortodoxn\u00fa synag\u00f3gu na Pu\u0161kinovej ulici, kde n\u00e1jdete aj gal\u00e9riu \u013dudov\u00edta Felda. V\u00a0\u010dase, ke\u010f za oce\u00e1nom vyrastali mrakodrapy, v Ko\u0161iciach sme mali architekta Alexandra Skuteck\u00e9ho a v\u00fdstavbu osemposcho\u010f\u00e1ku na rohu Hlavnej a Pribinovej ulice. V\u00a0r. 1930 sa tu postavila prv\u00e1 verejn\u00e1 stavba v modernom \u0161t\u00fdle \u2013 budova po\u0161ty, telegrafu a\u00a0Radiojournalu. A ke\u010f\u017ee prv\u00e1, tak aj najv\u00e4\u010d\u0161ia! M\u00f4\u017eete ju obdivova\u0165 v\u00a0skoro nezmenenej podobe, hoci sa po\u010das II. svetovej vojny stala ter\u010dom 4 zhoden\u00fdch b\u00f4mb. Na Ko\u0161ice padlo v ten de\u0148 29 b\u00f4mb a presne to\u013eko bolo aj obet\u00ed. Kto Ko\u0161ice bombardoval 26. 6. 1941? To nie je z hist\u00f3rie objasnen\u00e9 dodnes. O\u00a0podobn\u00fdch pr\u00edbehoch v\u00e1m povie sprievodca \u0160t\u00fdlmi kr\u00e1sy v Ko\u0161iciach \u2013 Milan Kolcun.\\r\\n\\r\\n\\u003cem\\u003eMapa s vyzna\u010den\u00fdmi prvkami moderny v Ko\u0161iciach\\u003c\/em\\u003e\",\"_text\":\"field_60c66a6067e54\"},\"mode\":\"preview\"} \/-->\n\n<!-- wp:acf\/common-image-left-section {\"name\":\"acf\/common-image-left-section\",\"data\":{\"image\":7507,\"_image\":\"field_60c66ddbbdafe\"},\"mode\":\"preview\"} \/-->\n\n<!-- wp:acf\/common-text-left-section {\"name\":\"acf\/common-text-left-section\",\"data\":{\"text\":\"\\u003cstrong\\u003eSocialistick\u00fd realizmus: Pova\u013ea\u010di z\u00a0kaviarn\u00ed, do ban\u00ed a tov\u00e1rn\u00ed!\\u003c\/strong\\u003e\\r\\n\\r\\nNajv\u00e4\u010d\u0161\u00ed skok v demografickom v\u00fdvoji mesta nastal v\u00a060. rokoch, kedy sa v\u00a0\u0160aci za\u010dala v\u00fdstavba V\u00fdchodoslovensk\u00fdch \u017eeleziarn\u00ed. Po\u010det obyvate\u013eov podr\u00e1stol p\u00e4\u0165n\u00e1sobne, za\u010dalo tak budovanie s\u00eddlisk, nemocn\u00edc, kult\u00farnych centier, n\u00e1kupn\u00fdch stred\u00edsk, \u0161k\u00f4lok a \u0161k\u00f4l. Toto v\u0161etko zaklincoval ve\u013ekolep\u00fd pl\u00e1n so s\u00eddliskom \u0164ahanovce, ktor\u00e9 sa so v\u0161etk\u00fdmi jeho napl\u00e1novan\u00fdmi \u010das\u0165ami malo sta\u0165 s\u00eddliskom s najv\u00e4\u010d\u0161ou hustotou za\u013eudnenia v \u010ceskoslovensku. Na\u0161\u0165astie sa to v porevolu\u010dn\u00fdch rokoch nepodarilo zrealizova\u0165 a v\u00fdrazne hor\u010dicovo-cviklov\u00e9 s\u00eddlisko (pod\u013ea p\u00f4vodn\u00fdch farieb panel\u00e1kov) ukon\u010dilo svoju rozp\u00ednavos\u0165. Pre spozn\u00e1vanie tejto doby je d\u00f4le\u017eit\u00fd aj V\u00ed\u0165azn\u00fd obl\u00fak na konci s\u00eddliska, ktor\u00fd mal premos\u0165ova\u0165 u\u017e hotov\u00fa \u010das\u0165 s napl\u00e1novanou.\\r\\n\\r\\nMedzi \u010fal\u0161ie odkazy doby patr\u00ed Pam\u00e4tn\u00edk Sovietskej arm\u00e1dy na N\u00e1mest\u00ed oslobodite\u013eov. Neprehliadnute\u013en\u00e9 s\u00fa aj obchodn\u00e9 domy Prior a Dargov (pl\u00e1novan\u00fd ako Domino). Za obe\u0165 padlo ve\u013ea mestsk\u00fdch domov, luxusn\u00fdch viliek, kult\u00farnych pamiatok, tich\u00fdch uli\u010diek. Najsilnej\u0161\u00edm v\u00fdkrikom socialistickej v\u00fdstavby je Biely dom, kde s\u00eddli magistr\u00e1t mesta. Presne oproti sa nach\u00e1dza \u010fal\u0161\u00ed odkaz - budova obr\u00e1tenej pyram\u00eddy. V centre sa zastavte pred b\u00fdval\u00fdm Domom kult\u00fary ROH, nesk\u00f4r Jumbo centrom. Do oboch sa chodilo na oslavu Mikul\u00e1\u0161a, do kina, ale aj na detsk\u00e9 laserov\u00e9 diskot\u00e9ky. Vedeli ste, \u017ee v\u00a0r. 1976 sa tam dokonca konala aj medzin\u00e1rodn\u00e1 s\u00fa\u0165a\u017e brid\u017eu?\\r\\n\\r\\n\\u003cem\\u003eMapa s vyzna\u010den\u00fdmi socialistick\u00fdmi stavbami v Ko\u0161iciach\\u003c\/em\\u003e\",\"_text\":\"field_60c66a6067e54\"},\"mode\":\"preview\"} \/-->\n\n<!-- wp:acf\/common-image-right-section {\"name\":\"acf\/common-image-right-section\",\"data\":{\"image\":8233,\"_image\":\"field_60c66ddbbdafe\"},\"mode\":\"preview\"} \/-->\n\n<!-- wp:acf\/common-text-left-section {\"name\":\"acf\/common-text-left-section\",\"data\":{\"text\":\"\\u003cstrong\\u003eZelen\u00e9 z\u00f3ny\\u003c\/strong\\u003e\\r\\n\\r\\nAk sa v\u00e1m \u017eiada stiahnu\u0165 sa z ru\u0161n\u00e9ho korza, schova\u0165 sa do tie\u0148a stromov, ticho pozorova\u0165 pulzuj\u00face centrum z lavi\u010dky pri z\u00e1hone tulip\u00e1nov, pri hudbe font\u00e1n vyp\u00edsa\u0165 p\u00e1r poh\u013eadn\u00edc priate\u013eom, do\u010d\u00edta\u0165 posledn\u00e9 str\u00e1nky knihy le\u017eiac v tr\u00e1vnatom koberci \u010di spravi\u0165 si mal\u00fd piknik - svoju o\u00e1zu pokoja m\u00e1te bl\u00edzko. Ak t\u00fa\u017eite po skuto\u010dnom lese, v Ko\u0161iciach je iba 4 kilometre od centra. Krokom, behom, kolobe\u017ekou, bicyklom alebo mestskou dopravou sa tam dostanete za p\u00e1r min\u00fat.\\r\\n\\r\\n\\u003cstrong\\u003eParky a relaxa\u010dn\u00e9 z\u00f3ny:\\u003c\/strong\\u003e\\r\\n\\u003cul\\u003e\\r\\n \\t\\u003cli\\u003eMestsk\u00fd park\\u003c\/li\\u003e\\r\\n \\t\\u003cli\\u003ePark na Hlavnej ulici\\u003c\/li\\u003e\\r\\n \\t\\u003cli\\u003ePark pri Font\u00e1ne znamen\u00ed\\u003c\/li\\u003e\\r\\n \\t\\u003cli\\u003ePark pri N\u00e1mest\u00ed slobody\\u003c\/li\\u003e\\r\\n \\t\\u003cli\\u003ePark Drevn\u00fd trh\\u003c\/li\\u003e\\r\\n \\t\\u003cli\\u003ePark na Moyzesovej ulici\\u003c\/li\\u003e\\r\\n \\t\\u003cli\\u003ePark Angelinum\\u003c\/li\\u003e\\r\\n \\t\\u003cli\\u003eKas\u00e1rne\/Kulturpark\\u003c\/li\\u003e\\r\\n \\t\\u003cli\\u003eJazero\\u003c\/li\\u003e\\r\\n \\t\\u003cli\\u003eLesopark Fur\u010da\\u003c\/li\\u003e\\r\\n \\t\\u003cli\\u003eBorovicov\u00fd h\u00e1j\\u003c\/li\\u003e\\r\\n \\t\\u003cli\\u003e\u0164ahanovsk\u00fd les\\u003c\/li\\u003e\\r\\n \\t\\u003cli\\u003eAni\u010dka\\u003c\/li\\u003e\\r\\n \\t\\u003cli\\u003eBankov\\u003c\/li\\u003e\\r\\n \\t\\u003cli\\u003eAlpinka\\u003c\/li\\u003e\\r\\n \\t\\u003cli\\u003ePod Hradovou\\u003c\/li\\u003e\\r\\n \\t\\u003cli\\u003eBar\u010dansk\u00fd park\\u003c\/li\\u003e\\r\\n \\t\\u003cli\\u003eHre\u0161n\u00e1\\u003c\/li\\u003e\\r\\n\\u003c\/ul\\u003e\",\"_text\":\"field_60c66a6067e54\"},\"mode\":\"preview\"} \/-->\n\n<!-- wp:acf\/theme-list-section {\"name\":\"acf\/theme-list-section\",\"data\":{\"title\":\"Zelen\u00e9 \\u0022in\u0161tit\u00facie\\u0022\",\"_title\":\"field_60c7735b80f00\",\"items_0_image\":8276,\"_items_0_image\":\"field_60c773c280f02\",\"items_0_title\":\"Botanick\u00e1 z\u00e1hrada\",\"_items_0_title\":\"field_60c773e180f03\",\"items_0_address\":\"\",\"_items_0_address\":\"field_60c7741780f05\",\"items_0_link\":\"www.upjs.sk\/pracoviska\/botanicka-zahrada\/\",\"_items_0_link\":\"field_60c773f280f04\",\"items_0_description\":\"Doprajte si osvie\u017euj\u00facu i upokojuj\u00facu n\u00e1v\u0161tevu v raji subtropick\u00fdch, tropick\u00fdch, okrasn\u00fdch, \u00fa\u017eitkov\u00fdch drev\u00edn, byl\u00edn a paprad\u00ed. Druhovo najpestrej\u0161ie s\u00fa zbierky kaktusov a in\u00fdch sukulentov, orchide\u00ed, brom\u00e9li\u00ed. Rozloha 30 hekt\u00e1rov, sklen\u00edky na ploche 3500 m2 a zbierkov\u00fd fond vy\u0161e 4000 druhov, poddruhov a kultivarov rastl\u00edn. Na\u0161a botanick\u00e1 z\u00e1hrada je najv\u00e4\u010d\u0161ou botanickou z\u00e1hradou na Slovensku. \",\"_items_0_description\":\"field_60c7743980f06\",\"items_1_image\":8277,\"_items_1_image\":\"field_60c773c280f02\",\"items_1_title\":\"ZOO Ko\u0161ice\",\"_items_1_title\":\"field_60c773e180f03\",\"items_1_address\":\"\",\"_items_1_address\":\"field_60c7741780f05\",\"items_1_link\":\"www.zookosice.sk\",\"_items_1_link\":\"field_60c773f280f04\",\"items_1_description\":\"Najv\u00e4\u010d\u0161ia zoologick\u00e1 z\u00e1hrada na Slovensku je na ploche 288 ha v pr\u00edrodnom prostred\u00ed v mestskej \u010dasti Kave\u010dany. Z celkov\u00e9ho are\u00e1lu je takmer 75 ha pr\u00edstupn\u00fdch n\u00e1v\u0161tevn\u00edkom. Ako jedin\u00e1 zoo na Slovensku m\u00e1 vybudovan\u00fd botanick\u00fd n\u00e1u\u010dn\u00fd chodn\u00edk (2011), ku ktor\u00e9mu postupne pribudol Vt\u00e1\u010d\u00ed chodn\u00edk (2012), V\u010del\u00e1rsky chodn\u00edk (2013) a Geologick\u00fd chodn\u00edk (2015). V s\u00fa\u010dasnosti tu \u017eije viac ako 240 druhov zvierat v po\u010dte pribli\u017ene tis\u00edc kusov. Je tu i najv\u00e4\u010d\u0161ia voli\u00e9ra na Slovensku a najv\u00e4\u010d\u0161\u00ed are\u00e1l medve\u010fa hned\u00e9ho v zoo strednej Eur\u00f3py. V roku 2002 sa podaril jedine\u010dn\u00fd chovate\u013esk\u00fd \u00faspech, ke\u010f sa tu narodili medvedie p\u00e4tor\u010dat\u00e1, ktor\u00e9 boli zap\u00edsan\u00e9 do svetovej Guinnesovej knihy rekordov! Dva z nich v zoo  \u017eij\u00fa dodnes. Cestova\u0165 sem m\u00f4\u017eete aj mestskou hromadnou dopravou. \",\"_items_1_description\":\"field_60c7743980f06\",\"items_2_image\":8278,\"_items_2_image\":\"field_60c773c280f02\",\"items_2_title\":\"Archeoskanz\u00e9n Ni\u017en\u00e1 My\u0161\u013ea \",\"_items_2_title\":\"field_60c773e180f03\",\"items_2_address\":\"\",\"_items_2_address\":\"field_60c7741780f05\",\"items_2_link\":\"www.archeoskanzen.sk\",\"_items_2_link\":\"field_60c773f280f04\",\"items_2_description\":\"\u00da\u017easn\u00e1 lokalita zo star\u0161ej a z po\u010diatkov strednej doby bronzovej sa nach\u00e1dza na polohe V\u00e1rhegy pri Ni\u017enej My\u0161li. Od 7. 7. 1977 realizuje na nej systematick\u00fd v\u00fdskum Archeologick\u00fd \u00fastav SAV Nitra spolu s odborn\u00edkmi z V\u00fdchodoslovensk\u00e9ho m\u00fazea Ko\u0161ice. Toto archeologick\u00e9 n\u00e1lezisko z rokov 1700 - 1500 p. n. l. patr\u00ed medzi v\u00fdznamn\u00e9 n\u00e1lezisk\u00e1 v celosvetovom meradle a postupne tu rastie archeologick\u00fd skanzen -  unik\u00e1tne s\u00eddlisko. Medzi novinky pre n\u00e1v\u0161tevn\u00edkov ur\u010dite patr\u00ed replika kultovej obetnej jamy, vz\u00e1cna keramika, \u0161perky. Skanzen sa nach\u00e1dza iba 15 km od Ko\u0161\u00edc. Objavte genius loci na dlh\u00fdch zelen\u00fdch pastvin\u00e1ch V\u00e1rhegy. \",\"_items_2_description\":\"field_60c7743980f06\",\"items\":3,\"_items\":\"field_60c7736880f01\"},\"mode\":\"preview\"} \/-->\n\n<!-- wp:heading -->\n<h2 class=\"wp-block-heading\"><strong>HORIZONT\u00c1LNE VRSTY KO\u0160\u00cdC<\/strong><\/h2>\n<!-- \/wp:heading -->\n\n<!-- wp:acf\/common-text-left-section {\"name\":\"acf\/common-text-left-section\",\"data\":{\"text\":\"Ak sa chcete s Ko\u0161icami d\u00f4verne zozn\u00e1mi\u0165, letmo -\u00a0 vzdu\u0161ne, \u013eudsky -\u00a0 hoc pr\u00edzemne, ale aj d\u00f4kladne do h\u013abky, nev\u00e1hajte mesto spozna\u0165 cez jeho horizont\u00e1lne vrstvy. Za\u010dneme zhora. Niet nad kompaktn\u00fd poh\u013ead z v\u00fd\u0161ky, z perspekt\u00edvy ve\u017e\u00ed, rozh\u013eadn\u00ed, z ko\u0161a teplovzdu\u0161n\u00e9ho bal\u00f3na. Strednou vrstvou - chodn\u00edkmi, ulicami a n\u00e1mestiami sa m\u00f4\u017eete t\u00fala\u0165 cel\u00e9 hodiny, nav\u0161t\u00edvili ste predsa Ko\u0161ice - mesto s najv\u00e4\u010d\u0161ou mestskou pamiatkovou rezerv\u00e1ciou na Slovensku. Mesto, ktor\u00e9 je otvorenou gal\u00e9riou pre svojich obyvate\u013eov a n\u00e1v\u0161tevn\u00edkov. T\u00falajte sa s bedekrom v ruke, v dobrej spolo\u010dnosti sprievodcov, ktor\u00ed s\u00fa pripraven\u00ed na v\u0161etky va\u0161e ot\u00e1zky. Do podzemn\u00fdch \u00fatrob mesta m\u00f4\u017eete tie\u017e vst\u00fapi\u0165 schodmi Archeologick\u00e9ho m\u00fazea pri Dolnej br\u00e1ne, cez dvere Miklu\u0161ovej v\u00e4znice alebo priamo v D\u00f3me sv. Al\u017ebety a Kaplnke sv. Michala. So sprievodcom sa o ko\u0161ickom tajomnom podzem\u00ed dozviete najviac.\\r\\n\\r\\n\\u003cem\\u003eMapa s bodmi v horizont\u00e1lnych vrstv\u00e1ch\\u003c\/em\\u003e\",\"_text\":\"field_60c66a6067e54\"},\"mode\":\"preview\"} \/-->\n\n<!-- wp:acf\/common-image-left-section {\"name\":\"acf\/common-image-left-section\",\"data\":{\"image\":7470,\"_image\":\"field_60c66ddbbdafe\"},\"mode\":\"preview\"} \/-->\n\n<!-- wp:acf\/theme-list-section {\"name\":\"acf\/theme-list-section\",\"data\":{\"title\":\"Horizont\u00e1lne \\u0022in\u0161tit\u00facie\\u0022\",\"_title\":\"field_60c7735b80f00\",\"items_0_image\":7469,\"_items_0_image\":\"field_60c773c280f02\",\"items_0_title\":\"Severn\u00e1 \u017digmundova ve\u017ea\",\"_items_0_title\":\"field_60c773e180f03\",\"items_0_address\":\"\",\"_items_0_address\":\"field_60c7741780f05\",\"items_0_link\":\"http:\/\/domsvalzbety.sk\/?page_id=1562\",\"_items_0_link\":\"field_60c773f280f04\",\"items_0_description\":\"Severn\u00e1 \u017digmundova ve\u017ea - ani nie 200 schodov a ste na 60 metrovej vyhliadke na ko\u0161ick\u00e9 centrum, priamo z D\u00f3mu sv. Al\u017ebety. Ani cesta nadol to\u010dit\u00fdm schodiskom nebude nudn\u00e1! \",\"_items_0_description\":\"field_60c7743980f06\",\"items_1_image\":8279,\"_items_1_image\":\"field_60c773c280f02\",\"items_1_title\":\"Matejova ve\u017ea\",\"_items_1_title\":\"field_60c773e180f03\",\"items_1_address\":\"\",\"_items_1_address\":\"field_60c7741780f05\",\"items_1_link\":\"\",\"_items_1_link\":\"field_60c773f280f04\",\"items_1_description\":\"Ju\u017en\u00e1 ve\u017ea - Matejova ve\u017ea D\u00f3mu sv. Al\u017ebety, spr\u00edstupnen\u00e1 od rekon\u0161trukcie v roku 2016.\",\"_items_1_description\":\"field_60c7743980f06\",\"items_2_image\":8280,\"_items_2_image\":\"field_60c773c280f02\",\"items_2_title\":\"Vyhliadkov\u00e1 ve\u017ea Hradov\u00e1\",\"_items_2_title\":\"field_60c773e180f03\",\"items_2_address\":\"\",\"_items_2_address\":\"field_60c7741780f05\",\"items_2_link\":\"https:\/\/www.meleskosice.sk\/\\u002d\\u002d73-26-vyhliadkova-veza-hradova\",\"_items_2_link\":\"field_60c773f280f04\",\"items_2_description\":\"Vyhliadkov\u00e1 ve\u017ea Hradov\u00e1 je umiestnen\u00e1 na vrchole kopca Hradov\u00e1 na severnom okraji mesta Ko\u0161ice. Pr\u00edstup je chodn\u00edkom, les\u00edkom pre pe\u0161\u00edch (cca 20 min) z parkoviska a zast\u00e1vky MHD, spoj 29. Ve\u017ea je 21 metrov vysok\u00e1 a zaru\u010d\u00ed skvel\u00e9 v\u00fdh\u013eady. V bl\u00edzkosti sa nach\u00e1dzaj\u00fa aj vyhliadkov\u00e9 terasy, pozostatky nedostavan\u00e9ho ko\u0161ick\u00e9ho hradu, amfite\u00e1ter a informa\u010dn\u00e9 centrum s \u010dajov\u0148ou.\",\"_items_2_description\":\"field_60c7743980f06\",\"items_3_image\":8281,\"_items_3_image\":\"field_60c773c280f02\",\"items_3_title\":\"Archeologick\u00e9 m\u00fazeum pri Dolnej br\u00e1ne\",\"_items_3_title\":\"field_60c773e180f03\",\"items_3_address\":\"\",\"_items_3_address\":\"field_60c7741780f05\",\"items_3_link\":\"http:\/\/www.visitkosice.org\/en\/monuments\/lower-gate\",\"_items_3_link\":\"field_60c773f280f04\",\"items_3_description\":\"Archeologick\u00e9 m\u00fazeum pri Dolnej br\u00e1ne - zost\u00fapte do ko\u0161ick\u00fdch \u00fatrob skrz podzemn\u00e9 m\u00fazeum archeol\u00f3gie. Pozostatky dolnej mestskej br\u00e1ny boli objaven\u00e9 po\u010das rozsiahlej rekon\u0161trukcie na Hlavnej ulici prebiehaj\u00facej v rokoch 1996-1997. V unik\u00e1tnom archeologickom komplexe objav\u00edte zvy\u0161ky mestsk\u00e9ho opevnenia z 13. storo\u010dia. \",\"_items_3_description\":\"field_60c7743980f06\",\"items_4_image\":8282,\"_items_4_image\":\"field_60c773c280f02\",\"items_4_title\":\"Ko\u0161ick\u00fd zlat\u00fd poklad\",\"_items_4_title\":\"field_60c773e180f03\",\"items_4_address\":\"\",\"_items_4_address\":\"field_60c7741780f05\",\"items_4_link\":\"https:\/\/www.vsmuzeum.sk\/kosicky-zlaty-poklad\/\",\"_items_4_link\":\"field_60c773f280f04\",\"items_4_description\":\"Ko\u0161ick\u00fd zlat\u00fd poklad  - 2920 zlat\u00fdch minc\u00ed, duk\u00e1tov a dvojduk\u00e1tov, tri zlat\u00e9 medaily a renesan\u010dn\u00e1 zlat\u00e1 re\u0165az, spo\u013eahlivo ulo\u017een\u00e9 v schr\u00e1nke z tepan\u00e9ho meden\u00e9ho plechu s ryt\u00fdmi zvierac\u00edmi mot\u00edvmi - takto sa na\u0161iel Ko\u0161ick\u00fd zlat\u00fd poklad pri rekon\u0161trukcii v  auguste roka 1935 pri stavebn\u00fdch pr\u00e1cach v dome na Hlavnej 68. Je jedn\u00fdm z najv\u00fdznamnej\u0161\u00edch objaven\u00fdch pokladov v eur\u00f3pskom i svetovom meradle. Ulo\u017een\u00fd je v \u0161peci\u00e1lnom podzemnom trezore  V\u00fdchodoslovensk\u00e9ho m\u00fazea v Ko\u0161iciach, kde si ho m\u00f4\u017eete pozrie\u0165.\",\"_items_4_description\":\"field_60c7743980f06\",\"items_5_image\":8283,\"_items_5_image\":\"field_60c773c280f02\",\"items_5_title\":\"Krypta Franti\u0161ka R\u00e1kocziho \",\"_items_5_title\":\"field_60c773e180f03\",\"items_5_address\":\"\",\"_items_5_address\":\"field_60c7741780f05\",\"items_5_link\":\"\",\"_items_5_link\":\"field_60c773f280f04\",\"items_5_description\":\"Krypta Franti\u0161ka R\u00e1kocziho II. v D\u00f3me sv. Al\u017ebety - Pri severnej stene D\u00f3mu bola vybudovan\u00e1 v roku 1906 krypta pre ostatky Franti\u0161ka II. R\u00e1kociho a jeho druhov. Kryptu i \u0161tyri kamenn\u00e9 sarkof\u00e1gy projektoval budape\u0161tiansky profesor Frigyes Schulek. V prostrednom najvy\u0161\u0161om s\u00fa spolo\u010dne pochovan\u00ed knie\u017ea, jeho matka Helena Zr\u00ednska a jeho star\u0161\u00ed syn Jozef. Ju\u017ene od neho je sarkof\u00e1g s telesn\u00fdmi pozostatkami gener\u00e1la gr\u00f3fa Antona Esterh\u00e1ziho, severne sarkof\u00e1g R\u00e1kociho druha Mikul\u00e1\u0161a \u0160ibrika. Vo \u0161tvrtom sarkof\u00e1gu na druhej strane krypty je pochovan\u00fd gr\u00f3f Mikul\u00e1\u0161 Ber\u010d\u00e9ni a jeho druh\u00e1 man\u017eelka Krist\u00edna \u010c\u00e1kiov\u00e1.\",\"_items_5_description\":\"field_60c7743980f06\",\"items_6_image\":8284,\"_items_6_image\":\"field_60c773c280f02\",\"items_6_title\":\"Podzemie Kaplnky sv. Michala \",\"_items_6_title\":\"field_60c773e180f03\",\"items_6_address\":\"\",\"_items_6_address\":\"field_60c7741780f05\",\"items_6_link\":\"\",\"_items_6_link\":\"field_60c773f280f04\",\"items_6_description\":\"Podzemie Kaplnky sv. Michala - nach\u00e1dzaj\u00fa sa tu tzv. kostnice, ktor\u00e9 sl\u00fa\u017eili ako miesto na ukladanie kost\u00ed, ke\u010f sa cel\u00fd cintor\u00edn zaplnil. Podzemie kaplnky m\u00f4\u017eete obdivova\u0165 aj v\u010faka rekon\u0161trukcii, za ktor\u00fa bolo v roku 2006 udelen\u00e9 ocenenie F\u00e9nix v kateg\u00f3rii \\u0022najlep\u0161ie zrekon\u0161truovan\u00e1 stavba\\u0022.\",\"_items_6_description\":\"field_60c7743980f06\",\"items_7_image\":8285,\"_items_7_image\":\"field_60c773c280f02\",\"items_7_title\":\"Miklu\u0161ova v\u00e4znica \",\"_items_7_title\":\"field_60c773e180f03\",\"items_7_address\":\"\",\"_items_7_address\":\"field_60c7741780f05\",\"items_7_link\":\"https:\/\/www.vsmuzeum.sk\/portfolio-item\/miklusova-vaznica\/\",\"_items_7_link\":\"field_60c773f280f04\",\"items_7_description\":\"Miklu\u0161ova v\u00e4znica - zost\u00fapte do podzemia  V\u00fdchodoslovensk\u00e9ho m\u00fazea v objekte Miklu\u0161ovej v\u00e4znice, ktor\u00e1 sl\u00fa\u017eila mestu od 17. storo\u010dia. Pomenovan\u00e1 je pod\u013ea krut\u00e9ho spr\u00e1vcu Miklu\u0161a. Pri prehliadke nevynechajte ani Katov byt z druhej polovici 17. storo\u010dia nad starou hradbovou uli\u010dkou, kde sa nach\u00e1dza expoz\u00edcia Ko\u0161ick\u00e9 storo\u010dia. \",\"_items_7_description\":\"field_60c7743980f06\",\"items\":8,\"_items\":\"field_60c7736880f01\"},\"mode\":\"preview\"} \/-->\n\n<!-- wp:acf\/theme-ambassador-section {\"name\":\"acf\/theme-ambassador-section\",\"mode\":\"preview\"} \/-->","_sk_post_name":"vrstvy-casu-a-miesta","_sk_post_excerpt":"","_sk_post_title":"Vrstvy \u010dasu a miesta","_en_post_content":"<!-- wp:acf\/common-text-left-section {\"name\":\"acf\/common-text-left-section\",\"data\":{\"field_60c66a6067e54\":\"\\u003cb\\u003eWelcome to the historical centre of Ko\u0161ice, the largest urban preservation area in Slovakia, with the first written mention dating back to 1230, where present-day Ko\u0161ice is mentioned as Villa Cassa. Discover Ko\u0161ice through architecture, stop by anywhere and find yourself on the city's 800-year timeline. Uncover layers of time and places both horizontally and vertically.\\u003c\/b\\u003e\"},\"mode\":\"preview\"} \/-->\n\n<!-- wp:acf\/common-text-right-section {\"name\":\"acf\/common-text-right-section\",\"data\":{\"field_60c66a6067e54\":\"A book with content that reveals its title - \u0160t\u00fdly Kr\u00e1sy v Ko\u0161iciach (Styles of Beauty in Ko\u0161ice) - can take you through the layers of time and architecture in Ko\u0161ice. However, if you want good company on a tour of the city's open gallery, you can be accompanied directly by its author, Milan Kolcun, the most sought-after guide in Ko\u0161ice. The Regional Information Point (RIB) will be happy to arrange a trip on a selected topic. We guarantee that after completing the sight-seeing you will definitely buy the book in the RIB and Milanko will be happy to sign it for you with an inscription.\"},\"mode\":\"preview\"} \/-->\n\n<!-- wp:acf\/common-image-right-section {\"name\":\"acf\/common-image-right-section\",\"data\":{\"image\":7470,\"_image\":\"field_60c66ddbbdafe\"},\"mode\":\"preview\"} \/-->\n\n<!-- wp:acf\/common-image-left-section {\"name\":\"acf\/common-image-left-section\",\"data\":{\"image\":7469,\"_image\":\"field_60c66ddbbdafe\"},\"mode\":\"preview\"} \/-->\n\n<!-- wp:acf\/common-text-left-section {\"name\":\"acf\/common-text-left-section\",\"data\":{\"field_60c66a6067e54\":\"\\u003cstrong\\u003eAntiquity - Excuse me, does the six go to the Acropolis?\\u003c\/strong\\u003e\\r\\n\\r\\nYou can find links of this amazing time in the Ko\u0161ice monument reserve. One of the most typical elements of ancient architecture are in the columns that come to mind first when you recall the Acropolis or the Pantheon. The architects were inspired by them to compose seriousness and grandeur of the Forg\u00e1\u010d and Cs\u00e1ky - Desewffy's palace with an antiquity-inspired pillar in front of the entrances. Remains of antiquity may also be found on the decorated facade of the St. Elizabeth Dome, from where 3 faces are looking at you from above with expressive faces. The epic mysteriousness of the ancient muses also affected the sculptural giant in Ko\u0161ice - Math\u00e9. You may see the ancient legacy in his presentation in a carefully selected place - the House of Arts. You may find other ancient muses on Hlavn\u00e1 Street No. 76, there are exactly 9 of them. However, these architectural echoes are just a reminder of the ancient past. The stone embedded in the wall of Urban's Tower is the most faithful legacy of Rome in Ko\u0161ice. But where did the Roman stone from the 3\\u003csup\\u003erd\\u003c\/sup\\u003e - 4\\u003csup\\u003eth\\u003c\/sup\\u003e centuries in Ko\u0161ice come from?\\r\\n\\r\\n\\u003cem\\u003eMap with marked ancient elements in Ko\u0161ice.\\u003c\/em\\u003e\"},\"mode\":\"preview\"} \/-->\n\n<!-- wp:tadv\/classic-paragraph \/-->\n\n<!-- wp:acf\/common-image-right-section {\"name\":\"acf\/common-image-right-section\",\"data\":{\"image\":7506,\"_image\":\"field_60c66ddbbdafe\"},\"mode\":\"preview\"} \/-->\n\n<!-- wp:acf\/common-text-right-section {\"name\":\"acf\/common-text-right-section\",\"data\":{\"field_60c66a6067e54\":\"\\u003cstrong\\u003eRomanesque style - Ave visitor, ave Ko\u0161ice!\\u003c\/strong\\u003e\\r\\n\\r\\nThe cultural legacy of the great disintegrated Roman Empire had been spreading to Europe since the 10\\u003csup\\u003eth\\u003c\/sup\\u003e century. According to historical information, after another hundred years, it also manifested itself in the east, in today's Ko\u0161ice. You will no longer see it in the streets, but it left its imprints in the Gothic St. Elizabeth Dome. It is also the place where the Romanesque parish church stood in the 11\\u003csup\\u003eth\\u003c\/sup\\u003e century. By the way, during the reconstruction, the floor plan of the original church with a width of 14 m and a length of 27.8 m was excavated. This is also documented by a drawing of medieval Ko\u0161ice in the archives of the city of Karlsruhe. A bronze baptistery in the Cathedral and a stone lion, which used to be in the southeast corner of the arcade corridor of Urban's Tower as part of its journey, has remained in the city.\\r\\n\\r\\nYou will experience the atmosphere of a Romanesque royal house in the basement of the Zlat\u00fd Duk\u00e1t hotel, which is named after one of Ko\u0161ice treasures. During the reconstruction in 1950, when the cellars of the house were used by the Jednota Consumer Cooperative, about 10 kilos of gold jewellery were dug out, which the Stern family hid there before their deportation to the concentration camp. The transition from the Romanesque style to the Gothic one may be seen in the oldest church in Ko\u0161ice near the Dominicans; look high on the heads of the columns the oldest parts. Watch the arches, the unbroken ones are Romanesque.\\r\\n\\r\\n\\u003cem\\u003eMap with marked Romanesque elements in Ko\u0161ice (St. Elizabeth Dome, Dominicans, Zlat\u00fd Duk\u00e1t Hotel, Urban Tower)\\u003c\/em\\u003e\"},\"mode\":\"preview\"} \/-->\n\n<!-- wp:acf\/common-image-left-section {\"name\":\"acf\/common-image-left-section\",\"data\":{\"image\":8234,\"_image\":\"field_60c66ddbbdafe\"},\"mode\":\"preview\"} \/-->\n\n<!-- wp:acf\/common-text-left-section {\"name\":\"acf\/common-text-left-section\",\"data\":{\"field_60c66a6067e54\":\"\\u003cstrong\\u003eDoes Gothic concern you?\\u003c\/strong\\u003e\\r\\n\\r\\nWindows, portals and sacral buildings became taller in the Gothic. They reduced the size of man and inflamed him with their monumentality. At that time, the Church already had enough money to pay the builders who had such a \\u0022wow\\u0022 effect on the people. The natural response was to tilt your head down from the admirable starry ceiling, acknowledge your smallness, and put the coin out of your indulgence pocket for your human imperfection. Elegant tall windows and round rosettes decorated with coloured glass (stained glass), which in cooperation with the sun's rays created a divine show for ordinary people. Pinnacles, crabs, bay windows, gargoyles and other Gothic gems can be found on the facade of St. Elizabeth's Dome, in the underground Archaeological Museum, St. Michael Chapel, at Al\u017ebetina Stree No. 22 (pinnacles), Hlavn\u00e1 47 (remains of a Gothic toilet) with the Dominicans and Franciscans. But don't get confused by the neo-Gothic style, it won't happen to you with a guide!\\r\\n\\r\\n\\u003cem\\u003eMap with marked Gothic elements in Ko\u0161ice\\u003c\/em\\u003e\"},\"mode\":\"preview\"} \/-->\n\n<!-- wp:acf\/common-image-right-section {\"name\":\"acf\/common-image-right-section\",\"data\":{\"image\":8228,\"_image\":\"field_60c66ddbbdafe\"},\"mode\":\"preview\"} \/-->\n\n<!-- wp:acf\/common-text-right-section {\"name\":\"acf\/common-text-right-section\",\"data\":{\"field_60c66a6067e54\":\"\\u003cstrong\\u003eRenaissance - this has not happened in the world yet and it is here again!\\u003c\/strong\\u003e\\r\\n\\r\\nAntiquity was copied into historical sheets of the 15\\u003csup\\u003eth\\u003c\/sup\\u003e and 16\\u003csup\\u003eth\\u003c\/sup\\u003e centuries. In order not to offend the architects, it must be added that the rebirth of the Antiquity was perceived conscientiously by the Italian masters, because repetition is the mother of wisdom. They were able to spread the renown of the Italian art and culture school. The presence of the invited Renaissance masters in this country was also supported by the marriage of Mathias Corvinus to Beatrice of Aragon from Naples. In Ko\u0161ice, compared to Levo\u010da and Pre\u0161ov, we have preserved less of the Renaissance school, but we are happy to share that small bit with you. On the wall of St. Michael Chapel, there is a portrait of the Burgundian knight Pierre de Roussel, whose remains are moved from the original place under the main altar of St. Elizabeth Dome to the wall of St. Michael Chapel. Copies of paintings by masters Titian and Raphael are proof of the improvement of painting art and its technique. You may admire a copy of Titian on the main altarpiece in the Dominican Church. A section of Raphael's work (Santa Conversazione) is again on the facade of the house on Hlavn\u00e1 Street No. 37. You may find true Renaissance in the East Slovak Museum, in the work of Renaissance Albrecht D\u00fcrer. A witness to the magnificent Renaissance party in this country is in the Levo\u010da House, where Katar\u00edna Brandenburg married Gabriel Betlen in 1626. You may read about this \\u0022party\\u0022 with the participation of European monarchs and the number of wedding guests of about two thousand - right in Levo\u010d\u00e1k - on the walls of the current Hostinec Brewery 1542, with beer brewed and culinary food cooked there. By the way, it is considered the oldest inn (unofficial sources). You will definitely discover other traces of the Renaissance with a great guide that will reveal to you more than Google.\\r\\n\\r\\n\\u003cem\\u003eMap with marked renaissance elements in Ko\u0161ice\\u003c\/em\\u003e\"},\"mode\":\"preview\"} \/-->\n\n<!-- wp:acf\/common-image-left-section {\"name\":\"acf\/common-image-left-section\",\"data\":{\"image\":8229,\"_image\":\"field_60c66ddbbdafe\"},\"mode\":\"preview\"} \/-->\n\n<!-- wp:acf\/common-text-left-section {\"name\":\"acf\/common-text-left-section\",\"data\":{\"field_60c66a6067e54\":\"\\u003cstrong\\u003eBaroque: Today we have VHF, hold your wigs!\\u003c\/strong\\u003e\\r\\n\\r\\nIf you don't see any straight line in the work, only the ripples, curls, shells, and wig hairstyles reaching the height of a three to five-story cake, it's Baroque. You may meet the Baroque atlases supporting the balcony right at our place in Hadik - Bark\u00f3czyi Palace on Hlavn\u00e1 48, but don't expect a big debate with them, for that you should go inside the Regional Information Point - there we will wait for you and arrange a tour. You will discover the Baroque in the Premonstratensian Church, originally a Jesuit one, with a masterful eye illusion by Master Erasmus Schr\u00f6tt. Also, on the Baroque \\u0022whipped\\u0022 originally Gothic tower of St. Elizabeth Dome, on the mandorlas in the temple, the Trinity Column at the Dominican Square. But also Immaculata in the centre and other facades of townhouses. The Baroque in Ko\u0161ice will be best discovered in the nonchalant company of a guide.\\r\\n\\r\\n\\u003cem\\u003eMap with marked baroque elements in Ko\u0161ice\\u003c\/em\\u003e\"},\"mode\":\"preview\"} \/-->\n\n<!-- wp:acf\/common-image-right-section {\"name\":\"acf\/common-image-right-section\",\"data\":{\"image\":8230,\"_image\":\"field_60c66ddbbdafe\"},\"mode\":\"preview\"} \/-->\n\n<!-- wp:acf\/common-text-right-section {\"name\":\"acf\/common-text-right-section\",\"data\":{\"field_60c66a6067e54\":\"Artistic style influenced by the curve of human vanity. After the Baroque acclaimed period, it returns to sobriety, symmetry, and geometry. The noble simplicity of Classicism is strongly present in Ko\u0161ice throughout its historic centre. It was influenced by the imperial style of Emperor Napoleon, whose wife Maria Louise, a daughter of the Viennese Emperor Francis, lived in a house on Hlavn\u00e1 29 where her father moved her out to safety in Vienna. The Emperor's other children also lived in Ko\u0161ice, at 48 and 68 on Hlavn\u00e1 Street. At No. 68, Marshal Kutuzov also spent a night after losing the battle of the imperial troops near Slavkov. The county house of the historic Abov -Tur\u0148a County is a model example of elegant architecture, now being the seat of the East Slovak Gallery. The same architect also designed the Ko\u0161ice City Hall on Hlavn\u00e1 59. A good example is in the popular Halmi's Yard with its small shops, also the yard on Hlavn\u00e1 20 with its typical atmosphere soaked in the aroma of chocolate, tea and spices of a vegan restaurant. From the sacred architecture, make sure to visit the Evangelical Church on Mlynsk\u00e1 Street and focus on the dome and the skylight. Doesn't that remind you of something? Rome? You are in the most beautiful evangelical church in Slovakia.\\r\\n\\r\\n\\u003cem\\u003eMap marked with elements of Classicism in Ko\u0161ice.\\u003c\/em\\u003e\"},\"mode\":\"preview\"} \/-->\n\n<!-- wp:acf\/common-image-left-section {\"name\":\"acf\/common-image-left-section\",\"data\":{\"image\":8231,\"_image\":\"field_60c66ddbbdafe\"},\"mode\":\"preview\"} \/-->\n\n<!-- wp:acf\/common-text-left-section {\"name\":\"acf\/common-text-left-section\",\"data\":{\"field_60c66a6067e54\":\"\\u003cstrong\\u003eArt Nouveau: Although Mucha didn't reach us, he's here!\\u003c\/strong\\u003e\\r\\n\\r\\nThere was enough of geometry and precisely drawn shapes! The social order for beauty, supported by the expanding cold industry at the end of the 19\\u003csup\\u003eth\\u003c\/sup\\u003e century, changed, and the artists responded to it wonderfully by returning to plant motifs, flowers, and lovely female curves. You will also find this unmistakable style in Ko\u0161ice in St. Elizabeth Dome. The main temple chandelier with glass flowers will shine on it. The extensive fresco in the left part of the church captures the course of the life of Francis II. R\u00e1koczi. Visit the Hotel Slavia for Art Nouveau and thoroughly study its fa\u00e7ade with a coffee or a great meal, and do not miss the interior. In all its detailed beauty, you may admire it in the building of the Small Stage of the State Theatre. Do not hesitate and book an Art Nouveau guided tour.\\r\\n\\r\\n\\u003cem\\u003eMap with marked elements of Art Nouveau in Ko\u0161ice\\u003c\/em\\u003e\"},\"mode\":\"preview\"} \/-->\n\n<!-- wp:acf\/common-image-right-section {\"name\":\"acf\/common-image-right-section\",\"data\":{\"image\":8232,\"_image\":\"field_60c66ddbbdafe\"},\"mode\":\"preview\"} \/-->\n\n<!-- wp:acf\/common-text-right-section {\"name\":\"acf\/common-text-right-section\",\"data\":{\"field_60c66a6067e54\":\"\\u003cstrong\\u003eModernity (Pfizer, AstraZeneca?): Tourists, things will get right!\\u003c\/strong\\u003e\\r\\n\\r\\nThe first third of the 20\\u003csup\\u003eth\\u003c\/sup\\u003e century is not that far away that we do not have at least close generational contact with it. We may see the changes that have already come in old family photographs and in nostalgic black and white films. In general, we may say that it was an innovation, a mixture of elements and styles that have emerged in the 20th century until now. The architects of this time relied on functionality and purposefullness, the number of decorations was diminishing. and the implementation of the buildings was supported by the established technical achievements. Thanks to Lajos Oelschl\u00e4ger, the most prominent modernist in Ko\u0161ice, we may also observe traces of that time in Ko\u0161ice. The most significant result of his work is in the hall of the historic Town Hall which served as the cinema hall of the Forum Cinema - later renamed Slovan. At present, we have not come a long way from using the space, which still serves as a cinema hall during the AFF Film Festival and also to guest theatres. His work also includes a building on the corner of Hlavn\u00e1 and Ba\u010d\u00edkov\u00e1 built streets for the purposes of the Chamber of Commerce and Industry. He also designed a super modern fire squad station on Po\u017eiarnick\u00e1 Street and an Orthodox synagogue on Pu\u0161kinova Street for the people of Ko\u0161ice, where you will also find the \u013dudov\u00edt Feld Gallery. At the time when skyscrapers were growing overseas, in Ko\u0161ice we had the architect Alexander Skuteck\u00fd and the construction of an eight-story building on the corner of Hlavn\u00e1 and Pribinova streets. In 1930, the first public building in the modern style was built here - the post office, telegraph and Radiojournal building. And since is was the first, so it is the biggest one! You may admire it in an almost unchanged form, although during the during World War II, it became the target of 4 dropped bombs. 29 bombs fell on Ko\u0161ice that day and there were exactly as many victims. Who bombed Ko\u0161ice on 26 June 1941? This is not clear from history to this day. The guide to Beauty Styles in Ko\u0161ice - Milan Kolcun will tell you about similar stories.\\r\\n\\r\\n\\u003cem\\u003eMap with marked elements of modernity in Ko\u0161ice\\u003c\/em\\u003e\"},\"mode\":\"preview\"} \/-->\n\n<!-- wp:acf\/common-image-left-section {\"name\":\"acf\/common-image-left-section\",\"data\":{\"image\":7507,\"_image\":\"field_60c66ddbbdafe\"},\"mode\":\"preview\"} \/-->\n\n<!-- wp:acf\/common-text-left-section {\"name\":\"acf\/common-text-left-section\",\"data\":{\"field_60c66a6067e54\":\"\\u003cstrong\\u003eSocialist realism: Caf\u00e9 goers, off you go to mines and factories!\\u003c\/strong\\u003e\\r\\n\\r\\nThe biggest leap in the demographic development of the city occurred in the 1960s, when the construction of the East Slovak Iron Works was started in \u0160aca. The population has increased fivefold, and the construction of housing estates, hospitals, community centres, shopping malls, kindergartens, and schools had begun. All this was secured by a grand plan with the \u0164ahanovce housing estate, which, with all its planned parts, was to become the housing estate with the highest population density in Czechoslovakia. Fortunately, this failed to materialise in the post-revolutionary years, and the markedly mustard-red-beet-painted settlement (according to the original colours of the blocks of flats) ended its expansion. The Victory Arch at the end of the settlement, which was to bridge the already finished part with the planned one, is also important for learning about that time.\\r\\n\\r\\nOther references of the time include the Soviet Army Monument on Liberators Square. The Prior and Dargov department stores (planned as Domino) are also not to be missed. Many city houses, luxury villas, cultural monuments and quiet streets fell victim. The strongest cry of socialist construction is the White House, home to the Municipal Council. Exactly opposite is another link - the building of the inverted pyramid. In the centre, stop in front of the former trade unions House of Culture, later the Jumbo Centre. They both were visited for the celebration of Nicholas, to the cinema, but also to children's laser discos. Did you know that In 1976, there was even an international bridge competition?\\r\\n\\r\\n\\u003cem\\u003eMap with marked socialist buildings in Ko\u0161ice\\u003c\/em\\u003e\"},\"mode\":\"preview\"} \/-->\n\n<!-- wp:acf\/common-image-right-section {\"name\":\"acf\/common-image-right-section\",\"data\":{\"image\":8233,\"_image\":\"field_60c66ddbbdafe\"},\"mode\":\"preview\"} \/-->\n\n<!-- wp:acf\/common-text-left-section {\"name\":\"acf\/common-text-left-section\",\"data\":{\"field_60c66a6067e54\":\"\\u003cstrong\\u003eGreen zones\\u003c\/strong\\u003e\\r\\n\\r\\nIf you desire to withdraw from the busy promenade, hide in the shade of trees, quietly observe the pulsating centre from the bench by the tulip bed, write a few postcards to your friends at the fountain music, read the last pages of the book lying in the grass carpet or have a little picnic - your oasis of peace is close. If you desire for a real forest, is is only 4 kilometres from the city centre. You can get there on foot, run, scooter, bicycle or public transport in a few minutes.\\r\\n\\r\\nParks and relaxation zones:\\r\\n\\u003cul\\u003e\\r\\n \\t\\u003cli\\u003eCity Park\\u003c\/li\\u003e\\r\\n \\t\\u003cli\\u003ePark on Hlavn\u00e1 street\\u003c\/li\\u003e\\r\\n \\t\\u003cli\\u003ePark at the Signes Fountain\\u003c\/li\\u003e\\r\\n \\t\\u003cli\\u003ePark at the Freedom Square\\u003c\/li\\u003e\\r\\n \\t\\u003cli\\u003eWood Market Park\\u003c\/li\\u003e\\r\\n \\t\\u003cli\\u003ePark on Moyzesova Street\\u003c\/li\\u003e\\r\\n \\t\\u003cli\\u003eAngelinum Park\\u003c\/li\\u003e\\r\\n \\t\\u003cli\\u003eBarracks\/Culture Park\\u003c\/li\\u003e\\r\\n \\t\\u003cli\\u003eLake\\u003c\/li\\u003e\\r\\n \\t\\u003cli\\u003eFur\u010da Forest Park\\u003c\/li\\u003e\\r\\n \\t\\u003cli\\u003ePine Grove\\u003c\/li\\u003e\\r\\n \\t\\u003cli\\u003e\u0164ahanovsk\u00fd Les forest\\u003c\/li\\u003e\\r\\n \\t\\u003cli\\u003eAni\u010dka\\u003c\/li\\u003e\\r\\n \\t\\u003cli\\u003eBankov\\u003c\/li\\u003e\\r\\n \\t\\u003cli\\u003eAlpinka\\u003c\/li\\u003e\\r\\n \\t\\u003cli\\u003ePod Hradovou\\u003c\/li\\u003e\\r\\n \\t\\u003cli\\u003eBarca Park\\u003c\/li\\u003e\\r\\n \\t\\u003cli\\u003eHre\u0161n\u00e1\\u003c\/li\\u003e\\r\\n\\u003c\/ul\\u003e\"},\"mode\":\"preview\"} \/-->\n\n<!-- wp:acf\/theme-list-section {\"name\":\"acf\/theme-list-section\",\"data\":{\"field_60c7735b80f00\":\"Green \u201cinstitutions\u201d\",\"field_60c7736880f01\":{\"row-0\":{\"field_60c773c280f02\":\"8276\",\"field_60c773e180f03\":\"Botanic Garden \",\"field_60c7741780f05\":\"\",\"field_60c773f280f04\":\"www.upjs.sk\/pracoviska\/botanicka-zahrada\/\",\"field_60c7743980f06\":\"Treat yourself to a refreshing and soothing visit in the paradise of subtropical, tropical, ornamental, utility trees, herbs, and ferns. Collections of cacti and other succulents, orchids and bromeliads, are the most diverse in terms of species. The area of 30 hectares, greenhouses on an area of 3500 m2, and a collection of over 4,000 species, subspecies, and cultivars of plants. Our Botanic Garden is the largest botanic garden in Slovakia.\"},\"row-1\":{\"field_60c773c280f02\":\"8277\",\"field_60c773e180f03\":\"Ko\u0161ice ZOO\",\"field_60c7741780f05\":\"\",\"field_60c773f280f04\":\"www.zookosice.sk\",\"field_60c7743980f06\":\"The largest zoo in Slovakia covers the area of 288 hectares in a natural environment in the municipal part of Kave\u010dany. Of the total area, almost 75 hectares are accessible to visitors. As the only zoo in Slovakia, it has built a botanical nature trail (2011), to which the Bird Trail (2012), the Beekeeping Trail (2013), and the Geological Trail (2015) have been gradually added. At present, over 240 species of animals live here, numbering about a thousand. There is also the largest aviary in Slovakia and the largest area of the brown bear in the zoo of Central Europe. A unique breeding success was achieved in 2002, when bear cubs were born here, which were entered in the world Guinness Book of Records! Two of them still live in the zoo. You may also reach it by public transport.\"},\"row-2\":{\"field_60c773c280f02\":\"8278\",\"field_60c773e180f03\":\"Archaeological Open-air Museum in Ni\u017en\u00e1 My\u0161\u013ea\",\"field_60c7741780f05\":\"\",\"field_60c773f280f04\":\"www.archeoskanzen.sk\",\"field_60c7743980f06\":\"An amazing locality from the early and beginning middle Bronze Age is located in V\u00e1rhegy near Ni\u017en\u00e1 My\u0161\u013ea. Since 7 July 1977, the Institute of Archaeology of the Slovak Academy of Sciences in Nitra, together with experts from the East Slovak Museum in Ko\u0161ice, have been carrying out systematic research on it. This archaeological site from the years 1700 - 1500 B.C: is one of the most important sites on a global scale and the archaeological open-air museum is gradually growing here. The news for visitors includes a replica of the cult sacrificial pit, rare ceramics, jewellery. The open-air museum is located only 15 km from Ko\u0161ice. Discover the genius loci on the long green pastures of V\u00e1rhegy.\"}}},\"mode\":\"preview\"} \/-->\n\n<!-- wp:heading -->\n<h2 class=\"wp-block-heading\"><strong><strong>HORIZONTAL LAYERS OF KO\u0160ICE<\/strong><\/strong><\/h2>\n<!-- \/wp:heading -->\n\n<!-- wp:acf\/common-text-left-section {\"name\":\"acf\/common-text-left-section\",\"data\":{\"field_60c66a6067e54\":\"If you want to get to know Ko\u0161ice intimately, on the fly - by air, humanly - even though lowly, but also thoroughly in depth, do not hesitate to get to know the city through its horizontal layers. Let's start from the top. There is nothing better than a compact view from a height, from the perspective of towers, lookout towers, from a basket of hot air balloons. You can roam the middle layer - sidewalks, streets and squares for hours, after all you have visited Ko\u0161ice - a city with the largest urban monument reserve in Slovakia. A city that is an open gallery for its residents and visitors. Wander with a Baedeker in your hand, in the good company of your guides who are ready to answer all your questions. You may also enter the underground bowels of the city via the stairs of the Archaeological Museum at the Lower Gate, through the door of Miklu\u0161 Prison or right in St. Elizabeth Dome and St. Michael Chapel. You will learn the most about the mysterious Ko\u0161ice underground with a guide.\\r\\n\\r\\n\\u003cem\\u003eMap with points in horizontal layers\\u003c\/em\\u003e\"},\"mode\":\"preview\"} \/-->\n\n<!-- wp:acf\/common-image-left-section {\"name\":\"acf\/common-image-left-section\",\"data\":{\"image\":7470,\"_image\":\"field_60c66ddbbdafe\"},\"mode\":\"preview\"} \/-->\n\n<!-- wp:acf\/theme-list-section {\"name\":\"acf\/theme-list-section\",\"data\":{\"field_60c7735b80f00\":\"Horizontal \u201cinstitutions\u201d\",\"field_60c7736880f01\":{\"row-0\":{\"field_60c773c280f02\":\"7469\",\"field_60c773e180f03\":\"North Sigismund's Tower  \",\"field_60c7741780f05\":\"\",\"field_60c773f280f04\":\"http:\/\/domsvalzbety.sk\/?page_id=1562\",\"field_60c7743980f06\":\"North Sigismund's Tower - not even 200 steps and you are on a 60-metre view of the centre of Ko\u0161ice, right from St. Elizabeth Dome. Not even the way down the spiral staircase will be boring!\"},\"row-1\":{\"field_60c773c280f02\":\"8279\",\"field_60c773e180f03\":\"Matthew's Tower\",\"field_60c7741780f05\":\"\",\"field_60c773f280f04\":\"\",\"field_60c7743980f06\":\"South Tower - Mathew's Tower of St. Elizabeth Dome opened since reconstruction in 2016.\"},\"row-2\":{\"field_60c773c280f02\":\"8280\",\"field_60c773e180f03\":\"Lookout tower Hradov\u00e1  https:\/\/www.meleskosice.sk\/\u201373-26-vyhliadkova-veza-hradova\",\"field_60c7741780f05\":\"\",\"field_60c773f280f04\":\"https:\/\/www.meleskosice.sk\/\\u002d\\u002d73-26-vyhliadkova-veza-hradova\",\"field_60c7743980f06\":\"The Hradov\u00e1 lookout tower is located at the top of the Hradov\u00e1 Hill on the northern edge of Ko\u0161ice. Access is via a sidewalk, a pedestrian grove (approx. 20 min) from the parking lot and a public transport stop, connection 29. The tower is 21 metres high and guarantees great views. Nearby, there are also observation terraces, the remains of the unfinished Ko\u0161ice Castle, an amphitheatre, and an information centre with a tea room.\"},\"row-3\":{\"field_60c773c280f02\":\"8281\",\"field_60c773e180f03\":\"Archaeological Museum at the Lower Gate  \",\"field_60c7741780f05\":\"\",\"field_60c773f280f04\":\"http:\/\/www.visitkosice.org\/en\/monuments\/lower-gate\",\"field_60c7743980f06\":\"Archaeological Museum at the Lower Gate - descend into the bowels of Ko\u0161ice through the underground museum of archaeology. The remains of the Lower City Gate were discovered during an extensive reconstruction on Hlavn\u00e1 Street which took place in 1996-1997. In the unique archaeological complex, you will discover the remains of the city fortifications from the 13th century.\"},\"row-4\":{\"field_60c773c280f02\":\"8282\",\"field_60c773e180f03\":\"Ko\u0161ice Golden Treasure  \",\"field_60c7741780f05\":\"\",\"field_60c773f280f04\":\"https:\/\/www.vsmuzeum.sk\/kosicky-zlaty-poklad\/\",\"field_60c7743980f06\":\"Ko\u0161ice Gold Treasure - 2,920 gold coins, ducats and double ducats, three gold medals and a Renaissance gold chain, reliably stored in a box made of wrought copper sheet with engraved animal motifs - this is how the Ko\u0161ice Gold Treasure was found during reconstruction in August 1935 during construction work in the house on Hlavn\u00e1 68. It is one of the most significant discovered treasures on a European and global scale. It is stored in a special underground vault of the East Slovak Museum in Ko\u0161ice, where you may see it.\"},\"row-5\":{\"field_60c773c280f02\":\"8283\",\"field_60c773e180f03\":\"Francis R\u00e1koczi Crypt\",\"field_60c7741780f05\":\"\",\"field_60c773f280f04\":\"\",\"field_60c7743980f06\":\"Francis R\u00e1koczi II Crypt in St. Elizabeth  Dome - a crypt for the remains of Francis II R\u00e1koczi and his companions was built at the north wall of the Dome in 1906. The crypt and four stone sarcophagi were designed by Budapest Professor Frigyes Schulek. The prince, his mother Helena Zr\u00ednska, and his elder son Joseph are buried together in the middle supreme one. To the south is the sarcophagus with the remains of General Count Anton Esterh\u00e1zi, to the north is the sarcophagus of R\u00e1koczi's friend Mikul\u00e1\u0161 \u0160ibrik. Count Mikul\u00e1\u0161 Ber\u010d\u00e9ni and his second wife Krist\u00edna Cs\u00e1ki are buried in the fourth sarcophagus on the other side of the crypt.\"},\"row-6\":{\"field_60c773c280f02\":\"8284\",\"field_60c773e180f03\":\"Underground of St. Michael Chapel\",\"field_60c7741780f05\":\"\",\"field_60c773f280f04\":\"\",\"field_60c7743980f06\":\"Underground of St. Michael Chapel - there are the so-called ossuaries which served as a place to store bones when the entire cemetery was full. You may also admire the basement of the Chapel thanks to the reconstruction, for which the F\u00e9nix Award was awarded in 2006 in the category of \\u0022the Best Restored Building\\u0022. \"},\"row-7\":{\"field_60c773c280f02\":\"8285\",\"field_60c773e180f03\":\"Miklu\u0161ova v\u00e4znica\/Prison \",\"field_60c7741780f05\":\"\",\"field_60c773f280f04\":\"https:\/\/www.vsmuzeum.sk\/portfolio-item\/miklusova-vaznica\/\",\"field_60c7743980f06\":\"Miklu\u0161 Prison - descend to the basement of the East Slovak Museum in the building of Miklu\u0161 Prison, which has served the city since the 17th century. It is named after the cruel administrator Miklu\u0161. Do not miss the executioner's apartment from the second half of the 17th century above the old city wall street, where the exhibition of the Ko\u0161ice Centuries is located.\"}}},\"mode\":\"preview\"} \/-->\n\n<!-- wp:tadv\/classic-paragraph \/-->\n\n<!-- wp:acf\/theme-ambassador-section {\"name\":\"acf\/theme-ambassador-section\",\"data\":{},\"mode\":\"preview\"} \/-->","_en_post_name":"","_en_post_excerpt":"","_en_post_title":"Layers of time and place","_hu_post_content":"","_hu_post_name":"","_hu_post_excerpt":"","_hu_post_title":"","_es_post_content":"","_es_post_name":"","_es_post_excerpt":"","_es_post_title":"","_de_post_content":"<!-- wp:acf\/common-text-left-section {\"name\":\"acf\/common-text-left-section\",\"data\":{\"field_60c66a6067e54\":\"\\u003cstrong\\u003eWillkommen im historischen Zentrum der Stadt Ko\u0161ice, im gr\u00f6\u00dften st\u00e4dtischen Denkmalschutzgebiet der Slowakei, mit der ersten schriftlichen Erw\u00e4hnung aus dem Jahr 1230, in der das heutige Ko\u0161ice als Villa Cassa erw\u00e4hnt wird. Entdecke Ko\u0161ice mittels Architektur, halte \u00fcberall an und finde dich auf der 800-j\u00e4hrigen Zeitachse der Stadt wieder. Decke Zeit- und Raumschichten horizontal wie vertikal ab.\\u003c\/strong\\u003e\"},\"mode\":\"edit\"} \/-->\n\n<!-- wp:acf\/common-text-right-section {\"name\":\"acf\/common-text-right-section\",\"data\":{\"field_60c66a6067e54\":\"Durch die zeitlichen und architektonischen Schichten in Ko\u0161ice kannst du dich durch ein hochinformatives Buch f\u00fchren lassen, dessen Inhalt schon der Titel verr\u00e4t - Sch\u00f6nheitsstile in Ko\u0161ice (slow. \u0160t\u00fdly kr\u00e1sy v Ko\u0161iciach). Wenn du dich jedoch eher nach guter Gesellschaft und nach einem Rundgang durch die offene Galerie der Stadt sehnst, kann dich der Autor Milan Kolcun, der begehrteste Stadtf\u00fchrer in Ko\u0161ice, auch pers\u00f6nlich begleiten. Im Regionalen Informationspunkt (RIB) kannst du problemlos eine solche Bummeltour zum gew\u00e4hlten Thema vereinbaren. Wir versichern dir, dass du dir im Anschluss an diese Tour das Buch im RIB kaufst und bekommst es dar\u00fcber hinaus von Milan Kolcun pers\u00f6nlich signiert, einschlie\u00dflich einer Widmung.\"},\"mode\":\"preview\"} \/-->\n\n<!-- wp:acf\/common-image-right-section {\"name\":\"acf\/common-image-right-section\",\"data\":{\"image\":7470,\"_image\":\"field_60c66ddbbdafe\"},\"mode\":\"preview\"} \/-->\n\n<!-- wp:acf\/common-image-left-section {\"name\":\"acf\/common-image-left-section\",\"data\":{\"image\":7469,\"_image\":\"field_60c66ddbbdafe\"},\"mode\":\"preview\"} \/-->\n\n<!-- wp:acf\/common-text-left-section {\"name\":\"acf\/common-text-left-section\",\"data\":{\"field_60c66a6067e54\":\"\\u003cstrong\\u003eAntike \u2013 Entschuldigung, f\u00e4hrt die Sechs zur Akropolis?\\u003c\/strong\\u003e\\r\\n\\r\\nIm Denkmalschutzgebiet Ko\u0161ice findest du Hinweise auf diese wundervolle Zeit. Eines der typischsten Elemente der antiken Architektur sind S\u00e4ulen, die einem als erstes in den Sinn kommen, wenn man an die Akropolis oder das Pantheon denkt. Diese dienten den Architekten als Inspiration, um den Pal\u00e4sten Forg\u00e1\u010d und Cs\u00e1ky-Desewffy Feierlichkeit und Erhabenheit zu verleihen, mit ihren an die Antike angelehnten S\u00e4uleng\u00e4ngen am Eingang. Reste der Antike finden sich auch an der dekorativen Frontseite des St.-Elisabeth-Doms, von wo auf dich drei Gesichter mit ihrem expressiven Ausdruck herabsehen. Von dem epischen Mysterium der alten Musen wurde auch Math\u00e9 \u2013 der namhafte Bildhauer aus Ko\u0161ice - angeregt. Die antike Botschaft in seiner Darbietung kannst du an einem sorgf\u00e4ltig ausgew\u00e4hlten Ort \u2013 dem Haus der Kunst betrachten. Weitere antike Musen findest du in der Hlavn\u00e1-Stra\u00dfe Nr. 76, es sind genau neun an der Zahl. Diese architektonischen Details sind jedoch nur Hinweise an die antike Vergangenheit. In Ko\u0161ice ist das treueste Erbe Roms ein Stein, der in die Mauer des Urban-Turms eingebettet ist. Aber wie kam der r\u00f6mische Stein aus dem 3. - 4. Jahrhundert nach Ko\u0161ice?\\r\\n\\r\\n\\u003cem\\u003eKarte mit markierten antiken Elementen in Ko\u0161ice.\\u003c\/em\\u003e\"},\"mode\":\"preview\"} \/-->\n\n<!-- wp:tadv\/classic-paragraph \/-->\n\n<!-- wp:acf\/common-image-right-section {\"name\":\"acf\/common-image-right-section\",\"data\":{\"image\":7506,\"_image\":\"field_60c66ddbbdafe\"},\"mode\":\"preview\"} \/-->\n\n<!-- wp:acf\/common-text-right-section {\"name\":\"acf\/common-text-right-section\",\"data\":{\"field_60c66a6067e54\":\"Romanischer Stil \u2013 Ave visitor, Ave Ko\u0161ice!\\r\\n\\r\\nDie kulturelle Botschaft des gro\u00dfen, zerfallenen R\u00f6mischen Reiches breitet sich bereits seit dem 10. Jahrhundert in Europa aus. Fast hundert Jahre sp\u00e4ter kam sie nach historischen Quellen auch im Osten, im heutigen Ko\u0161ice zum Vorschein. In den Stra\u00dfen macht sie sich heute nicht mehr bemerkbar, ihre Spuren hat sie jedoch im gotischen St.-Elisabeth-Dom hinterlassen. Es ist gleichzeitig ein Ort, an dem im 11. Jahrhundert eine romanische Pfarrkirche stand. \u00dcbrigens wurde bei seiner Rekonstruktion der 14 Meter breite und 27,8 Meter lange Grundriss der urspr\u00fcnglichen Kirche ausgegraben. Dies belegt auch eine Skizze des mittelalterlichen Ko\u0161ice im Stadtarchiv von Karlsruhe. In der Stadt erinnert an den romanischen Stil das bronzene Taufbecken im Dom und der steinerne L\u00f6we, der einst in der s\u00fcd\u00f6stlichen Ecke des Arkadengangs des Urbanturms platziert war.\\r\\n\\r\\nDie Atmosph\u00e4re eines romanischen K\u00f6nigshauses erlebst du im Untergeschoss des Hotels Zlat\u00fd duk\u00e1t (deutsch Golddukat), das nach einem in Ko\u0161ice gefundenen Schatz benannt wurde. Bei seiner Sanierung im Jahr 1950, als die Kellerr\u00e4ume des Hauses von der Konsumgenossenschaft Jednota genutzt wurden, wurden etwa 10 Kilo Goldschmuck ausgegraben, welchen dort von der Familie Stern vor ihrer Deportation ins Konzentrationslager deponiert wurde. Der \u00dcbergang vom romanischen Stil zur Gotik ist in der Dominikanerkirche, der \u00e4ltesten Kirche in Ko\u0161ice, gut sichtbar. Die \u00e4ltesten Elemente findet man hoch oben auf den S\u00e4ulenkapitellen. Achte auch auf die B\u00f6gen, die ungebrochenen sind romanisch.\\r\\n\\r\\nKarte mit markierten romanischen Elementen in Ko\u0161ice (St.-Elisabeth-Dom, Dominikanerkirche, Hotel Zlat\u00fd duk\u00e1t, Urban-Turm)\"},\"mode\":\"preview\"} \/-->\n\n<!-- wp:acf\/common-image-left-section {\"name\":\"acf\/common-image-left-section\",\"data\":{\"image\":8234,\"_image\":\"field_60c66ddbbdafe\"},\"mode\":\"preview\"} \/-->\n\n<!-- wp:acf\/common-text-left-section {\"name\":\"acf\/common-text-left-section\",\"data\":{\"field_60c66a6067e54\":\"\\u003cstrong\\u003eGotik ist nicht dein Ding?\\u003c\/strong\\u003e\\r\\n\\r\\nFenster, Portale und Sakralbauten wurden in der Gotik h\u00f6her. Sie reduzierten die Gr\u00f6\u00dfe des Menschen und \u00fcberw\u00e4ltigten mit ihrer Monumentalit\u00e4t. Die Kirche verf\u00fcgte bereits zu dieser Zeit \u00fcber gen\u00fcgend Mittel, um Baumeister zu bezahlen, die auf die Menschen einen solchen \u201eWow\u201c-Effekt aus\u00fcbten. Als nat\u00fcrliche Reaktion hat man den Kopf unter dem beeindruckenden Sterngew\u00f6lbe gesenkt, seine Kleinigkeit anerkannt und eine M\u00fcnze aus der Tasche f\u00fcr den Ablass seiner menschlichen Unvollkommenheit beigelegt. Elegante hohe Fenster und runde Rosetten, verziert mit bunten Gl\u00e4sern (Buntglasfenster), die im Zusammenspiel mit den Sonnenstrahlen ein g\u00f6ttliches Schauspiel f\u00fcr den gew\u00f6hnlichen Menschen erzeugten. Suche nach Fialen, Krabben, Erkern, Wasserspeiern und anderen gotischen Juwelen an der Fassade des St.-Elisabeth-Doms, im unterirdischen Arch\u00e4ologischen Museum, in der Michaeliskapelle, in Al\u017ebetina-Stra\u00dfe 22 (Fialen), Hlavn\u00e1 47 (\u00dcberreste einer gotischen Toilette) bei den Dominikanern und Franziskanern. Leicht mit neogotischem Stil zu verwechseln, jedoch kann es dir mit einem Stadtf\u00fchrer nicht passieren!\\r\\n\\r\\n\\u003cem\\u003eMapa s vyzna\u010den\u00fdmi gotick\u00fdmi prvkami v Ko\u0161iciach\\u003c\/em\\u003e\"},\"mode\":\"preview\"} \/-->\n\n<!-- wp:acf\/common-image-right-section {\"name\":\"acf\/common-image-right-section\",\"data\":{\"image\":8228,\"_image\":\"field_60c66ddbbdafe\"},\"mode\":\"preview\"} \/-->\n\n<!-- wp:acf\/common-text-right-section {\"name\":\"acf\/common-text-right-section\",\"data\":{\"field_60c66a6067e54\":\"\\u003cstrong\\u003eRenaissance - Das hat die Welt noch nie gesehen und es ist wieder da!\\u003c\/strong\\u003e\\r\\n\\r\\nDie Antike wurde kopiert und zwar in die historischen Skizzen des 15. Und 16. Jahrhunderts. Um den Architekten kein Unrecht zu tun, muss hinzugef\u00fcgt werden, dass die Wiedergeburt der Antike von den italienischen Meistern sehr gewissenhaft angegangen wurde, immerhin ist die Wiederholung die Mutter der Weisheit. Sie konnten den guten Ruf der italienischen Kunst- und Kulturschule erneut verbreiten. Der Aufenthalt eingeladener Renaissance-Meister in unserem Land wurde auch durch die Hochzeit von Matthias Corvinus mit Beatrix von Arag\u00f3n aus Neapel gef\u00f6rdert. In Ko\u0161ice ist im Vergleich zu Levo\u010da und Pre\u0161ov weniger von der Renaissanceschule erhalten geblieben, wir freuen uns aber dennoch, auch das Wenige mit dir zu teilen. An der Wand der Michaeliskapelle befindet sich ein Bildnis des burgundischen Ritters Pierre von Roussel, dessen sterbliche \u00dcberreste von ihrem urspr\u00fcnglichen Ort unter dem Hauptaltar des St.-Elisabeth-Doms in die Wand der Michaeliskapelle \u00fcbersiedelt wurden. Ein Beweis f\u00fcr die Perfektionierung der Malkunst und deren Techniken sind auch Kopien der Gem\u00e4lde von Tizian und Raffael.\\r\\n\\r\\nEine Kopie von Tizian kannst du auf dem Hauptgem\u00e4lde des Altars in der Dominikanerkirche bewundern. Einen Ausschnitt aus Raffaels Werk (Santa conversazione) wiederum in der Hlavn\u00e1-Stra\u00dfe, an der Fassade des Hauses Nr. 37. Die echte Renaissance findest du im Ostslowakischen Museum, im Werk des Renaissance-K\u00fcnstlers Albrecht D\u00fcrer. Das Levo\u010da-Haus, wo 1626 die Hochzeit von Katharina von Brandenburg mit Gabriel Betlen stattfand, liefert ein Zeugnis einer prachtvollen Renaissance-Feier. \u00dcber diese \u201eFete\u201c mit Anwesenheit europ\u00e4ischer Herrscher wie auch \u00fcber die Anzahl der Hochzeitsg\u00e4ste (ca. 2000 an der Zahl) kann man direkt im Levo\u010d\u00e1k \u2013 an den W\u00e4nden der heutigen Brauerei Pivovar Hostinec 1542, bei dort gebrautem Bier und kulinarischen Leckerbissen \u2013 nachlesen. \u00dcbrigens, sie gilt als die \u00e4lteste Brauerei (inoffizielle Quellen). Weitere Spuren der Renaissance entdeckst du garantiert mit einem ausgezeichneten Stadtf\u00fchrer, der dir mehr als Google verraten kann.\"},\"mode\":\"preview\"} \/-->\n\n<!-- wp:acf\/common-image-left-section {\"name\":\"acf\/common-image-left-section\",\"data\":{\"image\":8229,\"_image\":\"field_60c66ddbbdafe\"},\"mode\":\"preview\"} \/-->\n\n<!-- wp:acf\/common-text-left-section {\"name\":\"acf\/common-text-left-section\",\"data\":{\"field_60c66a6067e54\":\"\\u003cstrong\\u003eBarock: Heute haben wir UKW, haltet eure Per\u00fccken fest!\\u003c\/strong\\u003e\\r\\n\\r\\nL\u00e4sst ein Kunstwerk keine geraden Linien erkennen, nur Wellen, Rundungen, Muscheln, Locken und Per\u00fcckenfrisuren, die die H\u00f6he einer drei- bis f\u00fcnfst\u00f6ckigen Torte erreichen, dann handelt es sich um Barock. Direkt im Hadik-Bark\u00f3czyi-Palast in der Hlavn\u00e1-Stra\u00dfe 48 begegnest du barocken Atlanten, die einen Balkon st\u00fctzen, doch erwarte keine gro\u00dfartige Konversation mit ihnen, geh lieber in den Regionalen Informationspunkt (RIB) - wir warten dort auf dich und vereinbaren gern eine Besichtigung mit dir. Den Barock entdeckst du in der Pr\u00e4monstratenserkirche, einer urspr\u00fcnglichen Jesuitenkirche mit einer meisterhaften optischen T\u00e4uschung des Meisters Erasmus Schr\u00f6tt. Ebenfalls an dem vom Barock \u201eausgeschm\u00fcckten\u201c, urspr\u00fcnglich gotischen Turm des St.-Elisabeth-Doms, an Mandorlen in der Kirche, an der Dreifaltigkeitss\u00e4ule auf dem Dominikanerplatz. Aber auch an der Immaculata im Zentrum sowie an anderen B\u00fcrgerhausfassaden. Am besten l\u00e4sst sich der Barock in Ko\u0161ice in l\u00e4ssiger Begleitung eines Stadtf\u00fchrers entdecken.\"},\"mode\":\"preview\"} \/-->\n\n<!-- wp:acf\/common-image-right-section {\"name\":\"acf\/common-image-right-section\",\"data\":{\"image\":8230,\"_image\":\"field_60c66ddbbdafe\"},\"mode\":\"preview\"} \/-->\n\n<!-- wp:acf\/common-text-right-section {\"name\":\"acf\/common-text-right-section\",\"data\":{\"field_60c66a6067e54\":\"\\u003cstrong\\u003eKlassizismus oder Pal\u00e4ste gibt es reichlich f\u00fcr alle!\\u003c\/strong\\u003e\\r\\n\\r\\nEin durch die Kurve der menschlichen Eitelkeit gepr\u00e4gter Kunststil. Nach der aufgebl\u00e4hten barocken Epoche kehrt er zur N\u00fcchternheit, Symmetrie und Geometrie zur\u00fcck. Die edle Einfachheit des Klassizismus ist im Zentrum von Ko\u0161ice allgegenw\u00e4rtig. Sie stand unter dem Einfluss des kaiserlichen Stils des Imperators Napoleon, dessen Ehefrau Maria Luisa, Tochter des Wiener Kaisers Franz, in der Hlavn\u00e1-Stra\u00dfe das Haus Nr. 29 bewohnte, wohin Sie von Ihrem Vater aus Wien in Sicherheit gebracht wurde. Weitere Kinder des Kaisers bewohnten ebenfalls die H\u00e4user Nr. 48 und 68 in der Hlavn\u00e1-Stra\u00dfe. Im Haus Nr. 68 \u00fcbernachtete Marschall Kutuzov nach der verlorenen Schlacht der kaiserlichen Truppen nahe Slavkov. Das Komitatshaus des historischen Abaujwar-Tornauer Komitats ist ein Musterbeispiel eleganter Architektur, heutzutage Sitz der Ostslowakischen Galerie. Derselbe Architekt entwarf auch das Kaschauer Rathaus in Hlavn\u00e1 59. Exemplarisch ist auch der beliebte Innenhof Halmiho dvor mit seinen kleinen L\u00e4dchen, sowie der Innenhof in Hlavn\u00e1 20 mit seiner typischen Atmosph\u00e4re, gef\u00fcllt mit Duft einer Chocolaterie, einer Teestube sowie der Gew\u00fcrze eines veganen Restaurants. Von der sakralen Architektur solltest du unbedingt die evangelische Kirche in der Mlynsk\u00e1-Stra\u00dfe besuchen und dabei auf die Kuppel und die Lichtluke achten. Erinnern sie dich an etwas? Etwa Rom? Du befindest dich in der sch\u00f6nsten evangelischen Kirche in der Slowakei.\"},\"mode\":\"preview\"} \/-->\n\n<!-- wp:acf\/common-image-left-section {\"name\":\"acf\/common-image-left-section\",\"data\":{\"image\":8231,\"_image\":\"field_60c66ddbbdafe\"},\"mode\":\"preview\"} \/-->\n\n<!-- wp:acf\/common-text-left-section {\"name\":\"acf\/common-text-left-section\",\"data\":{\"field_60c66a6067e54\":\"\\u003cstrong\\u003eJugendstil: Obwohl Mucha bei uns nie ankam, ist er immer noch da!\\u003c\/strong\\u003e\\r\\n\\r\\nSchluss mit Geometrie und pr\u00e4zise gezeichneten Formen! Die gesellschaftliche Forderung nach Sch\u00f6nheit, die Ende des 19. Jahrhunderts von der boomenden k\u00fchlen Industrie unterst\u00fctzt wurde, wandelte sich und K\u00fcnstler reagierten darauf durch R\u00fcckkehr zu wundersch\u00f6nen Pflanzenmotiven, Blumen und anmutigen weiblichen Formen. Diesen unverwechselbaren Stil findest du auch in Ko\u0161ice im St.-Elisabeth-Dom. Der Hauptkronleuchter der Kirche mit seinen Glasblumen wird ihn f\u00fcr dich erleuchten. Ein umfangreiches Freskogem\u00e4lde im linken Teil des Doms h\u00e4lt kompositorisch den Lebenslauf von Franz II. R\u00e1koczi fest. Suche den Jugendstil auch im Hotel Sl\u00e1via und studiere gr\u00fcndlich seine Fassade bei einem Kaffee oder einer k\u00f6stlichen Speise, meide dabei auch die Innenr\u00e4ume nicht! In seiner detaillierten Pracht kannst du den Jugendstil auch am Geb\u00e4ude der Kleinen B\u00fchne des Staatstheaters bewundern. Z\u00f6gere nicht und buche eine gef\u00fchrte Jugendstil-Tour.\"},\"mode\":\"preview\"} \/-->\n\n<!-- wp:acf\/common-image-right-section {\"name\":\"acf\/common-image-right-section\",\"data\":{\"image\":8232,\"_image\":\"field_60c66ddbbdafe\"},\"mode\":\"preview\"} \/-->\n\n<!-- wp:acf\/common-text-right-section {\"name\":\"acf\/common-text-right-section\",\"data\":{\"field_60c66a6067e54\":\"\\u003cstrong\\u003eModerne (Pfizer, AstraZeneca?): Alles wird gut, Besucher!\\u003c\/strong\\u003e\\r\\n\\r\\nDas erste Drittel des 20. Jahrhunderts liegt noch nicht so weit zur\u00fcck, um damit nicht zumindest einen nahen Generationenkontakt zu haben. Die eingetretenen Ver\u00e4nderungen lassen sich bereits auf alten Familienfotos und in nostalgischen Schwarz-Wei\u00df-Filmen beobachten. Im Allgemeinen kann man sagen, dass es sich um Innovationen handelt, eine Mischung aus Elementen und Stilen, die im 20. Jahrhundert bis heute vorkommen. Architekten dieser Zeit setzten auf Funktionalit\u00e4t und Zweckm\u00e4\u00dfigkeit, Schmuckelemente wurden reduziert und die Realisierung von Bauwerken wurde durch etablierte technische Errungenschaften unterst\u00fctzt. Dank Lajos Oelschl\u00e4ger, dem bedeutendsten Modernisten in Ko\u0161ice, k\u00f6nnen wir auch in Ko\u0161ice die Spuren dieser Zeit beobachten. Das kennzeichnendste Ergebnis seiner Arbeit ist der Saal des historischen Rathauses, der als Kinosaal f\u00fcr das Kino Forum - sp\u00e4ter umbenannt in Slovan - diente. Heutzutage weicht die Nutzungsart nicht wesentlich von der urspr\u00fcnglichen ab \u2013 er dient immer noch als Kinosaal w\u00e4hrend des AFF-Filmfestivals (Art Film Fest) und auch f\u00fcr verschiedene Gasttheater. Zu seinem Werk z\u00e4hlt auch ein Geb\u00e4ude an der Ecke der Hlavn\u00e1-und Ba\u010d\u00edkov\u00e1-Stra\u00dfe, das f\u00fcr Zwecke der Industrie- und Handelskammer gebaut wurde.\\r\\n\\r\\nF\u00fcr die Bewohner von Ko\u0161ice entwarf er auch eine supermoderne Feuerwache in der Po\u017eiarnicka-Stra\u00dfe und eine orthodoxe Synagoge in der Pu\u0161kinov\u00e1-Stra\u00dfe, wo sich auch die Galerie von \u013dudov\u00edt Feld befindet. Zu einer Zeit, als am anderen Ende des Ozeans Wolkenkratzer emporwuchsen, hatten wir in Ko\u0161ice den Architekten Alexander Skuteck\u00fd und gebaut wurde ein achtst\u00f6ckiges Geb\u00e4ude an der Ecke der Stra\u00dfen Hlavn\u00e1 und Pribinova. 1930 wurde hier das erste \u00f6ffentliche Geb\u00e4ude im modernen Stil gebaut - das Geb\u00e4ude f\u00fcr Post, Telegraf und Radiojournal. Und da es das Erste ist, ist es auch das Gr\u00f6\u00dfte! Du kannst es in fast unver\u00e4nderter Form bewundern, obwohl es w\u00e4hrend des zweiten Weltkrieges zum Ziel von vier abgeworfenen Bomben wurde. An diesem Tag wurde Ko\u0161ice von 29 Bomben getroffen und genauso viele gab es auch Opfer. Wer hat Ko\u0161ice am 26. Juni 1941 bombardiert? Dazu geben Geschichtsquellen bis heute keine klare Auskunft. Solche und \u00e4hnliche Geschichten erz\u00e4hlt dir auch der Begleiter durch Sch\u00f6nheitsstile in Ko\u0161ice - Milan Kolcun.\"},\"mode\":\"preview\"} \/-->\n\n<!-- wp:acf\/common-image-left-section {\"name\":\"acf\/common-image-left-section\",\"data\":{\"image\":7507,\"_image\":\"field_60c66ddbbdafe\"},\"mode\":\"preview\"} \/-->\n\n<!-- wp:acf\/common-text-left-section {\"name\":\"acf\/common-text-left-section\",\"data\":{\"field_60c66a6067e54\":\"\\u003cstrong\\u003eSozialistischer Realismus: Taugenichtse aus Caf\u00e9s in Bergwerke und Fabriken!\\u003c\/strong\\u003e\\r\\n\\r\\nDer gr\u00f6\u00dfte Sprung in der demografischen Entwicklung der Stadt erfolgte in den 1960er Jahren, als in \u0160ac mit dem Bau der Ostslowakischen Eisenwerke begonnen wurde. Die Einwohnerzahl verf\u00fcnffachte sich und man begann mit dem Ausbau von Wohnsiedlungen, Krankenh\u00e4usern, Kulturzentren, Einkaufszentren, Kinderg\u00e4rten und Schulen. All dies fand seinen H\u00f6hepunkt in dem gro\u00df angelegten Plan f\u00fcr die Siedlung \u0164ahanovce, die mit all ihren geplanten Teilen die Siedlung mit der h\u00f6chsten Bev\u00f6lkerungsdichte in der damaligen Tschechoslowakei werden sollte. Erfreulicherweise war die Umsetzung in den postrevolution\u00e4ren Jahren gescheitert und die Senf-R\u00fcben-Siedlung (der Name r\u00fchrt von der urspr\u00fcnglichen Farben der Wohnbl\u00f6cke) beendete ihre Expansion. Wichtig f\u00fcr das Erkunden dieser Zeit ist auch der Siegesbogen am Ende der Siedlung, der den bereits fertiggestellten Teil mit dem geplanten \u00fcberbr\u00fccken sollte.\\r\\n\\r\\nWeitere Hinweise auf diese Zeit sind das Denkmal f\u00fcr die sowjetische Armee auf dem Platz der Befreier (slow. N\u00e1mestie oslobodite\u013eov). Un\u00fcbersehbar sind auch die Kaufh\u00e4user Prior und Dargov (geplant als Domino). Zahlreiche B\u00fcrgerh\u00e4user, Luxusvillen, Kulturdenkm\u00e4ler und stille Stra\u00dfen fielen damals zum Opfer. Der st\u00e4rkste Aufschrei der sozialistischen Bebauung ist das Wei\u00dfe Haus (slow. Biely dom), in dem der st\u00e4dtische Magistrat seinen Sitz hat. Genau gegen\u00fcber befindet sich eine weitere Hinterlassenschaft - das Geb\u00e4ude der umgekehrten Pyramide. Halte im Zentrum vor dem ehemaligen Kulturhaus ROH an, dem sp\u00e4teren Jumbo-Zentrum. Beide wurden zum Nikolausfest, als Kino, aber auch als Kinder-Laserdisco genutzt. Wusstest du, dass dort 1976 sogar ein internationaler Bridge-Wettbewerb ausgetragen wurde?\"},\"mode\":\"preview\"} \/-->\n\n<!-- wp:acf\/common-image-right-section {\"name\":\"acf\/common-image-right-section\",\"data\":{\"image\":8233,\"_image\":\"field_60c66ddbbdafe\"},\"mode\":\"preview\"} \/-->\n\n<!-- wp:acf\/common-text-left-section {\"name\":\"acf\/common-text-left-section\",\"data\":{\"field_60c66a6067e54\":\"\\u003cstrong\\u003eGr\u00fcne Zonen\\u003c\/strong\\u003e\\r\\n\\r\\nWenn dir der Sinn vielmehr danach steht, sich aus dem belebten Korzo zur\u00fcckzuziehen, sich im Schatten der B\u00e4ume zu verstecken, das pulsierende Zentrum in aller Ruhe von einer Bank am Tulpenbeet aus zu beobachten, bei Springbrunnen-Musik ein paar Postkarten an Freunde zu schreiben, die letzten Seiten des Buches auf einem Rasenteppich liegend zu Ende zu lesen oder ein kleines Picknick zu machen \u2013 dann ist deine Ruheoase ganz in der N\u00e4he. Wenn du dich nach einem echten Wald sehnst, findest du ihn nur 4 Kilometer vom Kaschauer Zentrum entfernt. Zu Fu\u00df, joggend, mit dem Roller, Fahrrad oder mit \u00f6ffentlichen Verkehrsmitteln ist er in nur wenigen Minuten erreichbar.\\r\\n\\r\\n\\u003cstrong\\u003eParks und Erholungszonen:\\u003c\/strong\\u003e\\r\\n\\u003cul\\u003e\\r\\n \\t\\u003cli\\u003eStadtpark\\u003c\/li\\u003e\\r\\n \\t\\u003cli\\u003ePark in der Hlavn\u00e1-Stra\u00dfe\\u003c\/li\\u003e\\r\\n \\t\\u003cli\\u003ePark am Sternzeichenbrunnen (Font\u00e1na znamen\u00ed)\\u003c\/li\\u003e\\r\\n \\t\\u003cli\\u003ePark am Platz N\u00e1mestie slobody\\u003c\/li\\u003e\\r\\n \\t\\u003cli\\u003ePark Drevn\u00fd trh\\u003c\/li\\u003e\\r\\n \\t\\u003cli\\u003ePark in der Moyzesov\u00e1-Stra\u00dfe\\u003c\/li\\u003e\\r\\n \\t\\u003cli\\u003ePark Angelinum\\u003c\/li\\u003e\\r\\n \\t\\u003cli\\u003eKasernen\/Kulturpak\\u003c\/li\\u003e\\r\\n \\t\\u003cli\\u003eJazero\\u003c\/li\\u003e\\r\\n \\t\\u003cli\\u003eWaldpark Fur\u010da\\u003c\/li\\u003e\\r\\n \\t\\u003cli\\u003eKiefernhain\\u003c\/li\\u003e\\r\\n \\t\\u003cli\\u003e\u0164ahanovsk\u00fd-Wald\\u003c\/li\\u003e\\r\\n \\t\\u003cli\\u003eAni\u010dka\\u003c\/li\\u003e\\r\\n \\t\\u003cli\\u003eBankov\\u003c\/li\\u003e\\r\\n \\t\\u003cli\\u003eAlpinka\\u003c\/li\\u003e\\r\\n \\t\\u003cli\\u003ePod Hradovou\\u003c\/li\\u003e\\r\\n \\t\\u003cli\\u003eBar\u010dansk\u00fd-Park\\u003c\/li\\u003e\\r\\n \\t\\u003cli\\u003eHre\u0161n\u00e1\\u003c\/li\\u003e\\r\\n\\u003c\/ul\\u003e\"},\"mode\":\"preview\"} \/-->\n\n<!-- wp:acf\/theme-list-section {\"name\":\"acf\/theme-list-section\",\"data\":{\"field_60c7735b80f00\":\"Gr\u00fcne \\u0022Institutionen\\u0022\",\"field_60c7736880f01\":{\"row-0\":{\"field_60c773c280f02\":\"8276\",\"field_60c773e180f03\":\"Botanischer Garten\",\"field_60c7741780f05\":\"\",\"field_60c773f280f04\":\"www.upjs.sk\/pracoviska\/botanicka-zahrada\/\",\"field_60c7743980f06\":\"G\u00f6nn dir einen erfrischenden und entspannenden Besuch im Paradies subtropischer, tropischer, Zier- und Nutzpflanzen, Kr\u00e4uter und Farne. Die gr\u00f6\u00dfte Artenvielfalt bieten Kakteensammlungen sowie Sukkulenten, Orchideen und Bromelien. Eine Fl\u00e4che von 30 Hektar, Gew\u00e4chsh\u00e4user auf einer Fl\u00e4che von 3500 Quadratmeter und ein Sammlungsfonds von \u00fcber 4000 Arten, Unterarten und Pflanzen-Cultivaren. Unser botanische Garten ist der gr\u00f6\u00dfte botanische Garten in der Slowakei.\"},\"row-1\":{\"field_60c773c280f02\":\"8277\",\"field_60c773e180f03\":\"ZOO Ko\u0161ice\",\"field_60c7741780f05\":\"\",\"field_60c773f280f04\":\"www.zookosice.sk\",\"field_60c7743980f06\":\"Der gr\u00f6\u00dfte Zoo der Slowakei befindet sich auf einer Fl\u00e4che von 288 ha in einer nat\u00fcrlichen Umgebung im Stadtteil Kave\u010dany. Knapp 75 ha der Gesamtfl\u00e4che sind f\u00fcr die Besucher zug\u00e4nglich. Als einziger Zoo in der Slowakei verf\u00fcgt er \u00fcber einen botanischen Lehrpfad (2011), der nach und nach um den Vogellehrpfad (2012), den Bienenlehrpfad (2013) und den geologischen Lehrpfad (2015) erg\u00e4nzt wurde. Aktuell leben hier mehr als 240 Tierarten mit ungef\u00e4hr tausend Individuen. Man findet hier auch die gr\u00f6\u00dfte Voliere in der Slowakei und das gr\u00f6\u00dfte Braunb\u00e4rengehege Mitteleuropas. Im Jahr 2002 erzielte man einen einzigartigen Zuchterfolg, als hier B\u00e4ren-F\u00fcnflinge geboren wurden, die in das weltweite Guinness-Buch der Rekorde aufgenommen wurden! Zwei von ihnen leben heute noch im Zoo. Anreise ist mit \u00f6ffentlichen Verkehrsmitteln m\u00f6glich.\"},\"row-2\":{\"field_60c773c280f02\":\"8278\",\"field_60c773e180f03\":\"Arch\u00e4ologisches Freilichtmuseum Ni\u017en\u00e1 My\u0161la\",\"field_60c7741780f05\":\"\",\"field_60c773f280f04\":\"www.archeoskanzen.sk\",\"field_60c7743980f06\":\"Eine wundervolle St\u00e4tte aus der \u00e4lteren und den Anf\u00e4ngen der mittleren Bronzezeit befindet sich am Standort V\u00e1rhegy nahe Ni\u017en\u00e1 My\u0161la. Seit dem 7.7.1977 f\u00fchren hier das Arch\u00e4ologische Institut SAV Nitra zusammen mit Experten des Ostslowakischen Museums in Ko\u0161ice systematische Forschungen durch. Diese arch\u00e4ologische Fundst\u00e4tte aus der Zeit 1700 - 1500 v. u. Z. z\u00e4hlt zu den bedeutenden weltweiten Fundst\u00e4tten, und nach und nach errichtet man hier auch ein arch\u00e4ologisches Freilichtmuseum - eine einzigartige Siedlung. Als Neuigkeiten k\u00f6nnen sich die Besucher sicherlich auf eine Nachbildung der kultischen Opfergrube, seltene Keramik und Schmuck freuen. Das Freilichtmuseum liegt nur 15 km von Ko\u0161ice entfernt. Entdecke den Genius Loci auf den weitl\u00e4ufigen gr\u00fcnen Weiden von V\u00e1rhegy.\"}}},\"mode\":\"preview\"} \/-->\n\n<!-- wp:heading -->\n<h2 class=\"wp-block-heading\"><strong><strong>HORIZONTALE SCHICHTEN VON KO\u0160ICE<\/strong><\/strong><\/h2>\n<!-- \/wp:heading -->\n\n<!-- wp:acf\/common-text-left-section {\"name\":\"acf\/common-text-left-section\",\"data\":{\"field_60c66a6067e54\":\"\\u003cspan data-sheets-value=\\u0022{\\u0026quot;1\\u0026quot;:2,\\u0026quot;2\\u0026quot;:\\u0026quot;Wenn du dich mit Ko\u0161ice vertraut machen m\u00f6chtest, fl\u00fcchtig - aus der Luft, menschlich \u2013 nah am Boden, aber auch gr\u00fcndlich, bis in die Tiefe hinein, dann z\u00f6gere nicht, die Stadt \u00fcber ihre horizontalen Schichten kennenzulernen. Wir fangen ganz oben an. Es gibt nichts Sch\u00f6neres als einen kompakten Blick von oben, aus der Perspektive von T\u00fcrmen, Aussichtspunkten, dem Korb eines Hei\u00dfluftballons. Durch die mittlere Schicht - B\u00fcrgersteige, Stra\u00dfen und Pl\u00e4tze \u2013 kannst du stundenlang bummeln, schlie\u00dflich bist du zu Besuch in Ko\u0161ice, der Stadt mit dem gr\u00f6\u00dften st\u00e4dtischen Denkmalschutzgebiet in der Slowakei. Eine Stadt, die sowohl f\u00fcr ihre Bewohner als auch Besucher eine offene Galerie ist. Wandere mit einem Reisef\u00fchrer in der Hand, in angenehmer Begleitung von Stadtf\u00fchrern, die auf alle deine Fragen vorbereitet sind. Die unterirdischen Bereiche der Stadt kannst du \u00fcber die Treppe des Arch\u00e4ologischen Museums am Unteren Tor, durch die T\u00fcren des Miklu\u0161-Gef\u00e4ngnisses oder direkt im St.-Elisabeth-Dom und in der Michaelskapelle betreten. Mit einem Stadtf\u00fchrer erf\u00e4hrst du \u00fcber den geheimnisvollen Untergrund von Ko\u0161ice am meisten.\\u0026quot;}\\u0022 data-sheets-userformat=\\u0022{\\u0026quot;2\\u0026quot;:12737,\\u0026quot;3\\u0026quot;:{\\u0026quot;1\\u0026quot;:0,\\u0026quot;3\\u0026quot;:1},\\u0026quot;9\\u0026quot;:0,\\u0026quot;10\\u0026quot;:1,\\u0026quot;11\\u0026quot;:4,\\u0026quot;15\\u0026quot;:\\u0026quot;Calibri\\u0026quot;,\\u0026quot;16\\u0026quot;:11}\\u0022\\u003eWenn du dich mit Ko\u0161ice vertraut machen m\u00f6chtest, fl\u00fcchtig - aus der Luft, menschlich \u2013 nah am Boden, aber auch gr\u00fcndlich, bis in die Tiefe hinein, dann z\u00f6gere nicht, die Stadt \u00fcber ihre horizontalen Schichten kennenzulernen. Wir fangen ganz oben an. Es gibt nichts Sch\u00f6neres als einen kompakten Blick von oben, aus der Perspektive von T\u00fcrmen, Aussichtspunkten, dem Korb eines Hei\u00dfluftballons. Durch die mittlere Schicht - B\u00fcrgersteige, Stra\u00dfen und Pl\u00e4tze \u2013 kannst du stundenlang bummeln, schlie\u00dflich bist du zu Besuch in Ko\u0161ice, der Stadt mit dem gr\u00f6\u00dften st\u00e4dtischen Denkmalschutzgebiet in der Slowakei. Eine Stadt, die sowohl f\u00fcr ihre Bewohner als auch Besucher eine offene Galerie ist. Wandere mit einem Reisef\u00fchrer in der Hand, in angenehmer Begleitung von Stadtf\u00fchrern, die auf alle deine Fragen vorbereitet sind. Die unterirdischen Bereiche der Stadt kannst du \u00fcber die Treppe des Arch\u00e4ologischen Museums am Unteren Tor, durch die T\u00fcren des Miklu\u0161-Gef\u00e4ngnisses oder direkt im St.-Elisabeth-Dom und in der Michaelskapelle betreten. Mit einem Stadtf\u00fchrer erf\u00e4hrst du \u00fcber den geheimnisvollen Untergrund von Ko\u0161ice am meisten.\\u003c\/span\\u003e\"},\"mode\":\"preview\"} \/-->\n\n<!-- wp:acf\/common-image-left-section {\"name\":\"acf\/common-image-left-section\",\"data\":{\"image\":7470,\"_image\":\"field_60c66ddbbdafe\"},\"mode\":\"preview\"} \/-->\n\n<!-- wp:acf\/theme-list-section {\"name\":\"acf\/theme-list-section\",\"data\":{\"field_60c7735b80f00\":\"Horizontale \\u0022Institutionen\\u0022\",\"field_60c7736880f01\":{\"row-0\":{\"field_60c773c280f02\":\"7469\",\"field_60c773e180f03\":\"N\u00f6rdlicher Sigismund-Turm \",\"field_60c7741780f05\":\"\",\"field_60c773f280f04\":\"http:\/\/domsvalzbety.sk\/?page_id=1562\",\"field_60c7743980f06\":\"N\u00f6rdlicher Sigismund-Turm - knapp 200 Stufen und du hast einen 60-Meter hohen Aussichtspunkt mit Blick auf die Innenstadt von Ko\u0161ice, direkt vom St.-Elisabeth-Dom erreicht. Auch der Abstieg \u00fcber die Wendeltreppe wird alles andere als langweilig!\"},\"row-1\":{\"field_60c773c280f02\":\"8279\",\"field_60c773e180f03\":\"Matthias-Turm\",\"field_60c7741780f05\":\"\",\"field_60c773f280f04\":\"\",\"field_60c7743980f06\":\"S\u00fcdturm - Matthias-Turm des St.-Elisabeth-Doms, zug\u00e4nglich seit seiner Rekonstruktion im Jahr 2016.\"},\"row-2\":{\"field_60c773c280f02\":\"8280\",\"field_60c773e180f03\":\"Aussichtsturm Hradov\u00e1\",\"field_60c7741780f05\":\"\",\"field_60c773f280f04\":\"https:\/\/www.meleskosice.sk\/\\u002d\\u002d73-26-vyhliadkova-veza-hradova\",\"field_60c7743980f06\":\"Der Aussichtsturm Hradov\u00e1 befindet sich auf dem Gipfel des H\u00fcgels Hradov\u00e1 am n\u00f6rdlichen Stadtrand von Ko\u0161ice. Der Zugang erfolgt f\u00fcr Fu\u00dfg\u00e4nger \u00fcber einen Waldweg (ca. 20 min) vom Parkplatz und von der \u00d6PNV-Haltestelle, Linie 29. Der Turm ist 21 Meter hoch und garantiert eine tolle Aussicht. In der N\u00e4he befinden sich auch Aussichtsterrassen, die Reste der unvollendeten Burg von Ko\u0161ice, ein Amphitheater und ein Informationszentrum mit einer Teestube.\"},\"row-3\":{\"field_60c773c280f02\":\"8281\",\"field_60c773e180f03\":\"Arch\u00e4ologisches Museum am Unteren Tor\",\"field_60c7741780f05\":\"\",\"field_60c773f280f04\":\"http:\/\/www.visitkosice.org\/en\/monuments\/lower-gate\",\"field_60c7743980f06\":\"Arch\u00e4ologisches Museum am Unteren Tor \u2013 steige durch das unterirdische Arch\u00e4ologiemuseum hinab in das Innerste von Ko\u0161ice. Die \u00dcberreste des unteren Stadttors wurden w\u00e4hrend einer umfassenden Rekonstruktion der Hlavn\u00e1-Stra\u00dfe in den Jahren 1996-1997 entdeckt. In diesem einzigartigen arch\u00e4ologischen Komplex entdeckst du die Reste der Stadtbefestigung aus dem 13. Jahrhundert.\"},\"row-4\":{\"field_60c773c280f02\":\"8282\",\"field_60c773e180f03\":\"Der Goldschatz von Ko\u0161ice \",\"field_60c7741780f05\":\"\",\"field_60c773f280f04\":\"https:\/\/www.vsmuzeum.sk\/kosicky-zlaty-poklad\/\",\"field_60c7743980f06\":\"Der Goldschatz von Ko\u0161ice \u2013 2920 Goldm\u00fcnzen, Dukaten und Doppeldukaten, drei Goldmedaillen und eine goldene Renaissancekette, sicher verwahrt in einer Schatulle aus geschmiedetem Kupferblech mit eingravierten Tiermotiven \u2013 so wurde der Goldschatz von Ko\u0161ice w\u00e4hrend der Bauarbeiten bei einer Rekonstruktion im August 1935 in der Hlavn\u00e1-Stra\u00dfe 68 entdeckt. Es ist einer der bedeutendsten Schatzfunde im europ\u00e4ischen und weltweiten Ma\u00dfstab. Er wird in einem speziellen unterirdischen Tresor des Ostslowakischen Museums in Ko\u0161ice aufbewahrt, wo du ihn bewundern kannst.\"},\"row-5\":{\"field_60c773c280f02\":\"8283\",\"field_60c773e180f03\":\"Krypta von Franz II. R\u00e1koczi\",\"field_60c7741780f05\":\"\",\"field_60c773f280f04\":\"\",\"field_60c7743980f06\":\"Krypta von Franz II. R\u00e1k\u00f3czi im St.-Elizabeth-Dom - an der Nordwand der Kathedrale wurde 1906 eine Krypta f\u00fcr die sterblichen \u00dcberreste von Franz II. R\u00e1koczi und seinen Gef\u00e4hrten errichtet. Die Krypta und die vier Steinsarkophage wurden vom Budapester Professor Frigyes Schulek entworfen. Im mittleren, h\u00f6chsten Sarkophag wurde der F\u00fcrst gemeinsam mit seiner Mutter Helena von Serin und seinem \u00e4lteren Sohn Joseph beigesetzt. S\u00fcdlich davon befindet sich der Sarkophag mit den sterblichen \u00dcberresten des Generals Graf Anton Esterh\u00e1zi, n\u00f6rdlich der Sarkophag von R\u00e1kocis Gef\u00e4hrten Mikul\u00e1\u0161 \u0160ibrik. Im vierten Sarkophag auf der anderen Seite der Krypta sind Graf Mikul\u00e1\u0161 Ber\u010d\u00e9ni und seine zweite Frau Krist\u00edna \u010c\u00e1kiov\u00e1 begraben.\"},\"row-6\":{\"field_60c773c280f02\":\"8284\",\"field_60c773e180f03\":\"Untergeschoss der Michaelskapelle\",\"field_60c7741780f05\":\"\",\"field_60c773f280f04\":\"\",\"field_60c7743980f06\":\"Untergeschoss der Michaelskapelle \u2013 hier findet man das sog. das Beinhaus, das als Aufbewahrungsort f\u00fcr Gebeine diente, nachdem es auf dem Friedhof keinen Platz mehr gab. Dank einer Rekonstruktion, die 2006 mit dem F\u00e9nix-Preis in der Kategorie \u201eBestes rekonstruiertes Bauwerk\u201c gew\u00fcrdigt wurde, kannst auch du die unterirdischen R\u00e4ume der Kapelle bewundern.\"},\"row-7\":{\"field_60c773c280f02\":\"8285\",\"field_60c773e180f03\":\"Miklu\u0161-Gef\u00e4ngnis\",\"field_60c7741780f05\":\"\",\"field_60c773f280f04\":\"https:\/\/www.vsmuzeum.sk\/portfolio-item\/miklusova-vaznica\/\",\"field_60c7743980f06\":\"Miklu\u0161-Gef\u00e4ngnis \u2013 steige hinab in das Untergeschoss des Ostslowakischen Museums im Objekt Miklu\u0161-Gef\u00e4ngnis, das der Stadt seit dem 17. Jahrhundert diente. Es ist nach dem grausamen Verwalter Miklu\u0161 benannt. Lass dir w\u00e4hrend der Besichtigung auch die Wohnung des Henkers aus der zweiten H\u00e4lfte des 17. Jahrhunderts \u00fcber der alten Stadtmauergasse nicht entgehen, in der sich die Ausstellung Kaschauer Jahrhunderte befindet.\"}}},\"mode\":\"preview\"} \/-->\n\n<!-- wp:acf\/theme-ambassador-section {\"name\":\"acf\/theme-ambassador-section\",\"data\":{},\"mode\":\"preview\"} \/-->","_de_post_name":"","_de_post_excerpt":"","_de_post_title":"Zeit- und Raumschichten","_pl_post_content":"<!-- wp:acf\/common-text-left-section {\"name\":\"acf\/common-text-left-section\",\"data\":{\"field_60c66a6067e54\":\"\\u003cp style=\\u0022background: white; margin: 0cm 0cm 18.0pt 0cm;\\u0022\\u003e\\u003cstrong\\u003e\\u003cspan lang=\\u0022PL\\u0022 style=\\u0022font-family: 'Source Sans Pro',sans-serif; color: #3b3b3b;\\u0022\\u003eWitaj w historycznym centrum Koszyc, w najwi\u0119kszym miejskim rezerwacie zabytk\u00f3w w ca\u0142ej S\u0142owacji. Pierwsza pisemna wzmianka o Koszycach pochodzi z 1230 roku, a Koszyce wymieniane s\u0105 jako Villa Cassa. Odkryj Koszyce poprzez architektur\u0119, zatrzymaj si\u0119 w dowolnym miejscu i sprawd\u017a, w kt\u00f3rym miejscu na 800-letniej osi czasu si\u0119 zatrzyma\u0142e\u015b. Odkrywaj warstwy czasu i miejsca, zar\u00f3wno w poziomie, jak i w pionie.\\u003c\/span\\u003e\\u003c\/strong\\u003e\\u003c\/p\\u003e\"},\"mode\":\"preview\"} \/-->\n\n<!-- wp:acf\/common-text-right-section {\"name\":\"acf\/common-text-right-section\",\"data\":{\"field_60c66a6067e54\":\"\\u003cp style=\\u0022background: white; margin: 0cm 0cm 18.0pt 0cm;\\u0022\\u003e\\u003cspan lang=\\u0022PL\\u0022 style=\\u0022font-family: 'Source Sans Pro',sans-serif; color: #3b3b3b;\\u0022\\u003eDoskona\u0142ym przewodnikiem po warstwach czasu i architekturze Koszyc mo\u017ce by\u0107 pe\u0142na ciekawostek publikacja \\u003ci\\u003eStyle pi\u0119kna w Koszycach (\u0160t\u00fdly kr\u00e1sy v Ko\u0161iciach).\\u003c\/i\\u003e Je\u015bli jednak wolisz zwiedza\u0107 miasto w towarzystwie cz\u0142owieka z krwi i ko\u015bci, mo\u017cesz zarezerwowa\u0107 oprowadzanie z autorem ksi\u0105\u017cki, Milanem Kolcunem, najs\u0142ynniejszym przewodnikiem po Koszycach. W Regionalnym Punkcie Informacyjnym (RIB) mo\u017cesz liczy\u0107 na pomoc w zorganizowaniu oprowadzania tematycznego. Gwarantujemy, \u017ce po powrocie na pewno b\u0119dziesz chcia\u0142 kupi\u0107 jego ksi\u0105\u017ck\u0119, a autor z przyjemno\u015bci\u0105 Ci j\u0105 zadedykuje.\\u003c\/span\\u003e\\u003c\/p\\u003e\"},\"mode\":\"preview\"} \/-->\n\n<!-- wp:acf\/common-image-right-section {\"name\":\"acf\/common-image-right-section\",\"data\":{\"image\":7470,\"_image\":\"field_60c66ddbbdafe\"},\"mode\":\"preview\"} \/-->\n\n<!-- wp:acf\/common-image-left-section {\"name\":\"acf\/common-image-left-section\",\"data\":{\"image\":7469,\"_image\":\"field_60c66ddbbdafe\"},\"mode\":\"preview\"} \/-->\n\n<!-- wp:acf\/common-text-left-section {\"name\":\"acf\/common-text-left-section\",\"data\":{\"field_60c66a6067e54\":\"\\u003cp style=\\u0022background: white; margin: 0cm 0cm 18.0pt 0cm;\\u0022\\u003e\\u003cstrong\\u003e\\u003cspan lang=\\u0022PL\\u0022 style=\\u0022font-family: 'Source Sans Pro',sans-serif; color: #3b3b3b;\\u0022\\u003eAntyk \u2013 czy sz\u00f3stk\u0105 dojad\u0119 na Akropol?\\u003c\/span\\u003e\\u003c\/strong\\u003e\\u003c\/p\\u003e\\r\\n\\u003cp style=\\u0022background: white; margin: 0cm 0cm 18.0pt 0cm;\\u0022\\u003e\\u003cspan lang=\\u0022PL\\u0022 style=\\u0022font-family: 'Source Sans Pro',sans-serif; color: #3b3b3b;\\u0022\\u003eW koszyckim rezerwacie zabytk\u00f3w mo\u017cesz znale\u017a\u0107 antyczne odniesienia. Jednym z najbardziej charakterystycznych element\u00f3w architektury antycznej s\u0105 kolumny. To one jako pierwsze kojarz\u0105 nam si\u0119 z Akropolem czy Panteonem. To one zainspirowa\u0142y te\u017c architekt\u00f3w projektuj\u0105cych pe\u0142ne powagi i dostojno\u015bci budowle z kolumnadami przy wej\u015bciu (pa\u0142ace Forg\u00e1\u010da i Cs\u00e1ky-Desewffy). \u015alady antyku mo\u017cna znale\u017a\u0107 tak\u017ce na zdobieniach fasady katedry \u015bw. El\u017cbiety. S\u0105 to trzy g\u0142owy o ekspresyjnym wyrazie twarzy. Tajemniczo\u015b\u0107 antycznych muz przypad\u0142a do gustu tak\u017ce koszyckiemu mistrzowi rze\u017aby \u2013\\u003cb\\u003e Math\u00fd\u2019emu\\u003c\/b\\u003e. Jego spu\u015bcizn\u0119 nawi\u0105zuj\u0105c\u0105 do sztuki antyku mo\u017cna podziwia\u0107 w przestrzeni wystawienniczej, jak\u0105 jest Dom Sztuki (Dom umenia). Inne antyczne muzy mo\u017cna znale\u017a\u0107 przy ulicy Hlavnej pod numerem 76, a jest ich dok\u0142adnie dziewi\u0119\u0107. Jednak te architektoniczne akcenty s\u0105 tylko przypomnieniem antycznej przesz\u0142o\u015bci. Najwierniejszym nawi\u0105zaniem do Rzymu w Koszycach jest kamie\u0144 wmurowany w \u015bcian\u0119 Wie\u017cy Urbana. Tylko sk\u0105d wzi\u0105\u0142 si\u0119 rzymski kamie\u0144 z III-IV wieku w Koszycach?\\u003c\/span\\u003e\\u003c\/p\\u003e\\r\\n\\u003cp style=\\u0022background: white; margin: 0cm 0cm 18.0pt 0cm;\\u0022\\u003e\\u003cem\\u003e\\u003cspan lang=\\u0022PL\\u0022 style=\\u0022font-family: 'Source Sans Pro',sans-serif; color: #3b3b3b;\\u0022\\u003eMapa z zaznaczonymi elementami antycznymi w Koszycach.\\u003c\/span\\u003e\\u003c\/em\\u003e\\u003c\/p\\u003e\"},\"mode\":\"preview\"} \/-->\n\n<!-- wp:tadv\/classic-paragraph \/-->\n\n<!-- wp:acf\/common-image-right-section {\"name\":\"acf\/common-image-right-section\",\"data\":{\"image\":7506,\"_image\":\"field_60c66ddbbdafe\"},\"mode\":\"preview\"} \/-->\n\n<!-- wp:acf\/common-text-right-section {\"name\":\"acf\/common-text-right-section\",\"data\":{\"field_60c66a6067e54\":\"\\u003cstrong\\u003eStyl roma\u0144ski \u2013 Ave visitor, ave Koszyce!\\u003c\/strong\\u003e\\r\\n\\r\\nSpu\u015bcizna kulturowa wielkiego Cesarstwa Rzymskiego rozprzestrzenia\u0142a si\u0119 w Europie ju\u017c od X wieku. Zgodnie ze wzmiankami historycznymi po kolejnych stu latach dotar\u0142a tak\u017ce na wsch\u00f3d, do dzisiejszych Koszyc. Nie zachowa\u0142a si\u0119 tu w kszta\u0142tach ulic, ale jej \u015blady nosi gotycka katedra \u015bw. El\u017cbiety, wzniesiona na miejscu, w kt\u00f3rym w XI wieku sta\u0142 roma\u0144ski ko\u015bci\u00f3\u0142 parafialny. Nawiasem m\u00f3wi\u0105c, podczas remontu odkopano tak\u017ce zarysy pierwotnego ko\u015bcio\u0142a szerokiego na 14 m i d\u0142ugiego na 27,8 m. Istnienie ko\u015bcio\u0142a jest r\u00f3wnie\u017c udokumentowane na planie \u015bredniowiecznych Koszyc, kt\u00f3ry znajduje si\u0119 w archiwum miasta Karlsruhe. Zabytkami w stylu roma\u0144skiego w naszym mie\u015bcie s\u0105: znajduj\u0105ca si\u0119 katedrze chrzcielnica z br\u0105zu i kamienny lew, kt\u00f3ry niegdy\u015b zamieszkiwa\u0142 po\u0142udniowo-wschodni naro\u017cnik kru\u017cganku na wie\u017cy Urbana.\\r\\n\\r\\nW atmosfer\u0119 roma\u0144skiego pa\u0142acu kr\u00f3lewskiego mo\u017cna zanurzy\u0107 si\u0119 w podziemiach hotelu Zlat\u00fd duk\u00e1t, kt\u00f3rego nazwa nawi\u0105zuje do jednego ze znalezionych koszyckich skarb\u00f3w. Podczas remontu w 1950 roku, kiedy z pomieszcze\u0144 piwnicy korzysta\u0142a sp\u00f3\u0142dzielnia spo\u017cywc\u00f3w Jednota, wykopano oko\u0142o 10 kilogram\u00f3w z\u0142otych klejnot\u00f3w, kt\u00f3re ukry\u0142a tam przed deportacj\u0105 do obozu koncentracyjnego rodzina Stern\u00f3w. Natomiast jak wygl\u0105da\u0142o przej\u015bcie ze stylu roma\u0144skiego do gotyku, wida\u0107 w najstarszym koszyckim ko\u015bciele (dominikan\u00f3w). Najdawniejszych element\u00f3w trzeba wypatrywa\u0107 wysoko w kapitelach kolumn. Zwr\u00f3\u0107 uwag\u0119 na \u0142uki, te o \u0142agodnych zako\u0144czeniach s\u0105 charakterystyczne dla stylu roma\u0144skiego.\\r\\n\\r\\n\\u003cem\\u003eMapa z zaznaczonymi zabytkami roma\u0144skimi w Koszycach (katedra \u015bw. El\u017cbiety, ko\u015bci\u00f3\u0142 dominikan\u00f3w, hotel Zlat\u00fd duk\u00e1t, wie\u017ca Urbana)\\u003c\/em\\u003e\"},\"mode\":\"edit\"} \/-->\n\n<!-- wp:acf\/common-image-left-section {\"name\":\"acf\/common-image-left-section\",\"data\":{\"image\":8234,\"_image\":\"field_60c66ddbbdafe\"},\"mode\":\"preview\"} \/-->\n\n<!-- wp:acf\/common-text-left-section {\"name\":\"acf\/common-text-left-section\",\"data\":{\"field_60c66a6067e54\":\"\\u003cp style=\\u0022background: white; margin: 0cm 0cm 18.0pt 0cm;\\u0022\\u003e\\u003cstrong\\u003e\\u003cspan lang=\\u0022PL\\u0022 style=\\u0022font-family: 'Source Sans Pro',sans-serif; color: #3b3b3b;\\u0022\\u003eGotyk to nie Twoja bajka?\\u003c\/span\\u003e\\u003c\/strong\\u003e\\u003c\/p\\u003e\\r\\n\\u003cp style=\\u0022background: white; margin: 0cm 0cm 18.0pt 0cm;\\u0022\\u003e\\u003cspan lang=\\u0022PL\\u0022 style=\\u0022font-family: 'Source Sans Pro',sans-serif; color: #3b3b3b;\\u0022\\u003eGotyckie okna, portale i budowle sakralne wygl\u0105daj\u0105 jakby pi\u0119\u0142y si\u0119 w g\u00f3r\u0119. Cz\u0142owiek m\u00f3g\u0142 si\u0119 przy nich czu\u0107 maluczki, bowiem przyt\u0142acza\u0142y swoj\u0105 monumentalno\u015bci\u0105. Ko\u015bci\u00f3\u0142 w tym czasie mia\u0142 ju\u017c dostatek \u015brodk\u00f3w na op\u0142acenie budowniczych, kt\u00f3rzy potrafili wywo\u0142a\u0107 efekt \u201ewow\u201d. Naturaln\u0105 reakcj\u0105 zwyczajnego cz\u0142owieka by\u0142o pochylenie g\u0142owy przed gwia\u017adzistym sklepieniem, uznanie swojej ma\u0142o\u015bci, wysup\u0142anie z kieszeni grosza na odpusty i odpokutowanie swojej ludzkiej niedoskona\u0142o\u015bci. Eleganckie wysokie okna i rozety z kolorowymi witra\u017cami w po\u0142\u0105czeniu z promieniami s\u0142o\u0144ca tworzy\u0142y i\u015bcie kr\u00f3lewski spektakl dla \u015bmiertelnik\u00f3w. Pinakle, \u017cabki, wykusze, gargulce i ciekawe elementy stylu gotyckiego \u2013 poszukajcie ich na fasadzie katedry \u015bw. El\u017cbiety, w podziemnym Muzeum Archeologicznym, w kaplicy \u015bw. Micha\u0142a, przy ulicy Al\u017ebetinej 22 (pinakle), Hlavnej 47 (pozosta\u0142o\u015bci gotyckiej toalety), u dominikan\u00f3w i franciszkan\u00f3w. Tylko nie pomylcie gotyku z neogotykiem! Z przewodnikiem na pewno unikniesz wpadki!\\u003c\/span\\u003e\\u003c\/p\\u003e\\r\\n\\u003cp style=\\u0022background: white; margin: 0cm 0cm 18.0pt 0cm;\\u0022\\u003e\\u003cem\\u003e\\u003cspan lang=\\u0022PL\\u0022 style=\\u0022font-family: 'Source Sans Pro',sans-serif; color: #3b3b3b;\\u0022\\u003eMapa z zaznaczonymi elementami gotyku w Koszycach\\u003c\/span\\u003e\\u003c\/em\\u003e\\u003c\/p\\u003e\"},\"mode\":\"preview\"} \/-->\n\n<!-- wp:acf\/common-image-right-section {\"name\":\"acf\/common-image-right-section\",\"data\":{\"image\":8228,\"_image\":\"field_60c66ddbbdafe\"},\"mode\":\"preview\"} \/-->\n\n<!-- wp:acf\/common-text-right-section {\"name\":\"acf\/common-text-right-section\",\"data\":{\"field_60c66a6067e54\":\"\\u003cp style=\\u0022background: white; margin: 0cm 0cm 18.0pt 0cm;\\u0022\\u003e\\u003cstrong\\u003e\\u003cspan lang=\\u0022PL\\u0022 style=\\u0022font-family: 'Source Sans Pro',sans-serif; color: #3b3b3b;\\u0022\\u003eRenesans \u2013 tego jeszcze nie by\u0142o... czy\u017cby?\\u003c\/span\\u003e\\u003c\/strong\\u003e\\u003c\/p\\u003e\\r\\nInspiracje antykiem powr\u00f3ci\u0142y ju\u017c w XV i XVI wieku. \u017beby jednak nie obwinia\u0107 architekt\u00f3w o to, \u017ce nie potrafili sami stworzy\u0107 niczego nowego i kopiowali od innych, trzeba zaznaczy\u0107, \u017ce w\u0142oscy mistrzowie skrupulatnie odtwarzali antyczne wzory, a jak m\u00f3wi przys\u0142owie, powtarzanie jest matk\u0105 m\u0105dro\u015bci. W ten spos\u00f3b rozs\u0142awili renom\u0119 w\u0142oskich mistrz\u00f3w i wypromowali w\u0142osk\u0105 kultur\u0119. A co z Koszycami? Ano warto wiedzie\u0107, \u017ce ma\u0142\u017ce\u0144stwo \u00f3wczesnego w\u0142adcy Macieja Korwina z pochodz\u0105c\u0105 z Neapolu Beatrycze Arago\u0144sk\u0105 uzasadnia\u0142o obecno\u015b\u0107 sprowadzanych z Italii mistrz\u00f3w renesansu. W por\u00f3wnaniu z Lewocz\u0105 i Preszowem, w Koszycach zachowa\u0142o si\u0119 mniej dzie\u0142 sztuki renesansowej, ale i tak ch\u0119tnie si\u0119 nimi podzielimy. Na \u015bcianie kaplicy \u015bw. Micha\u0142a znajduje si\u0119 podobizna rycerza burgundzkiego Pierra z Roussel, kt\u00f3rego szcz\u0105tki zosta\u0142y przeniesione spod o\u0142tarza g\u0142\u00f3wnego w katedrze \u015bw. El\u017cbiety, gdzie pierwotnie spoczywa\u0142y. O doskona\u0142o\u015bci sztuki i techniki malarskiej \u015bwiadcz\u0105 kopie obraz\u00f3w takich mistrz\u00f3w jak Tycjan czy Rafaello. Kopi\u0119 Tycjana mo\u017cna podziwia\u0107 na obrazie w o\u0142tarzu g\u0142\u00f3wnym w ko\u015bciele dominikan\u00f3w. Fragment dzie\u0142a Raffaella (Santa conversazione) z kolei znajduje si\u0119 na fasadzie domu przy ulicy Hlavnej 37. Prawdziwy renesans mo\u017cecie podziwia\u0107 w Muzeum Wschodnios\u0142owackim (V\u00fdchodoslovensk\u00e9 m\u00fazeum) w dziele renesansowego malarza Albrechta D\u00fcrera. Jednym ze \u015bwiadk\u00f3w wspania\u0142ej renesansowej uczty na pewno jest Dom Lewocki (Levo\u010dsk\u00fd dom), w kt\u00f3rym w 1626 roku odby\u0142o si\u0119 wesele Katarzyny Brandenburskiej z ksi\u0119ciem Siedmiogrodu G\u00e1borem Bethlenem. O uczcie na dwa tysi\u0105ce go\u015bci z udzia\u0142em europejskich monarch\u00f3w mo\u017cna przeczyta\u0107 na murach browaru Hostinec z 1542 roku, popijaj\u0105c piwo i racz\u0105c si\u0119 lokalnymi specja\u0142ami.\\r\\nA przy okazji warto wiedzie\u0107, \u017ce Pivovar Hostinec wed\u0142ug nieoficjalnych \u017ar\u00f3de\u0142 uchodzi za najstarsz\u0105 s\u0142owack\u0105 karczm\u0119. Wi\u0119cej \u015blad\u00f3w renesansu odkryjesz z przewodnikiem, kt\u00f3ry wie niepor\u00f3wnywalnie wi\u0119cej ni\u017c Google.\\r\\n\\r\\n\\u003cem\\u003eMapa z zaznaczonymi elementami renesansu w Koszycach\\u003c\/em\\u003e\"},\"mode\":\"preview\"} \/-->\n\n<!-- wp:acf\/common-image-left-section {\"name\":\"acf\/common-image-left-section\",\"data\":{\"image\":8229,\"_image\":\"field_60c66ddbbdafe\"},\"mode\":\"preview\"} \/-->\n\n<!-- wp:acf\/common-text-left-section {\"name\":\"acf\/common-text-left-section\",\"data\":{\"field_60c66a6067e54\":\"\\u003cp style=\\u0022background: white; margin: 0cm 0cm 18.0pt 0cm;\\u0022\\u003e\\u003cstrong\\u003e\\u003cspan lang=\\u0022PL\\u0022 style=\\u0022font-family: 'Source Sans Pro',sans-serif; color: #3b3b3b;\\u0022\\u003eBarok: Trzymajcie peruki, bo wieje!\\u003c\/span\\u003e\\u003c\/strong\\u003e\\u003c\/p\\u003e\\r\\n\\u003cp style=\\u0022background: white; margin: 0cm 0cm 18.0pt 0cm;\\u0022\\u003e\\u003cspan lang=\\u0022PL\\u0022 style=\\u0022font-family: 'Source Sans Pro',sans-serif; color: #3b3b3b;\\u0022\\u003eJe\u015bli jakie\u015b dzie\u0142o jest niemal pozbawione jakichkolwiek linii prostych, wsz\u0119dzie tylko fale, zaokr\u0105glenia i \u0142agodne linie, a do tego loczki i peruki, a ca\u0142o\u015b\u0107 przywodzi na my\u015bl pi\u0119ciopi\u0119trowy tort, to musi by\u0107 barok. Z barokowymi atlantami, czyli pos\u0105gami m\u0119\u017cczyzn podpieraj\u0105cymi balkon mo\u017cesz si\u0119 zetkn\u0105\u0107 cho\u0107by w pa\u0142acu Hadik \u2013 Bark\u00f3czy przy ulicy Hlavnej 48. Si\u0142acze nie s\u0105 szczeg\u00f3lnie rozmowni, dlatego je\u015bli chcesz pogada\u0107, lepiej wst\u0105p do Regionalnego Punktu Informacyjnego \u2013 tu mo\u017cemy Ci zaproponowa\u0107 oprowadzanie z prawdziwego zdarzenia. Barok mo\u017cesz podziwia\u0107 tak\u017ce w ko\u015bciele norbertan\u00f3w, kt\u00f3ry wcze\u015bniej nale\u017ca\u0142 do jezuit\u00f3w \u2013 chodzi o mistrzowsk\u0105 iluzj\u0119 optyczn\u0105 autorstwa Erazma Schr\u00f6tta. Barokowy charakter ma tak\u017ce (pierwotnie gotycka) wie\u017ca katedry \u015bw. El\u017cbiety, mandorla w katedrze czy Kolumna Tr\u00f3jcy \u015awi\u0119tej na Placu Dominika\u0144skim (Dominik\u00e1nske n\u00e1mestie). A nawet kolumna morowa Immaculata wznosz\u0105ca si\u0119 w samym centrum miasta czy elewacje wielu kamienic. Barok w Koszycach najlepiej odkrywa si\u0119 w doborowym towarzystwie przewodnika.\\u003c\/span\\u003e\\u003c\/p\\u003e\\r\\n\\u003cp style=\\u0022background: white; margin: 0cm 0cm 18.0pt 0cm;\\u0022\\u003e\\u003cem\\u003e\\u003cspan lang=\\u0022PL\\u0022 style=\\u0022font-family: 'Source Sans Pro',sans-serif; color: #3b3b3b;\\u0022\\u003eMapa z zaznaczonymi elementami baroku w Koszycach\\u003c\/span\\u003e\\u003c\/em\\u003e\\u003c\/p\\u003e\"},\"mode\":\"preview\"} \/-->\n\n<!-- wp:acf\/common-image-right-section {\"name\":\"acf\/common-image-right-section\",\"data\":{\"image\":8230,\"_image\":\"field_60c66ddbbdafe\"},\"mode\":\"preview\"} \/-->\n\n<!-- wp:acf\/common-text-right-section {\"name\":\"acf\/common-text-right-section\",\"data\":{\"field_60c66a6067e54\":\"\\u003cp style=\\u0022background: white; margin: 0cm 0cm 18.0pt 0cm;\\u0022\\u003e\\u003cstrong\\u003e\\u003cspan lang=\\u0022PL\\u0022 style=\\u0022font-family: 'Source Sans Pro',sans-serif; color: #3b3b3b;\\u0022\\u003eKlasycyzm: po pa\u0142acu dla ka\u017cdego!\\u003c\/span\\u003e\\u003c\/strong\\u003e\\u003c\/p\\u003e\\r\\n\\u003cp style=\\u0022background: white; margin: 0cm 0cm 18.0pt 0cm;\\u0022\\u003e\\u003cspan lang=\\u0022PL\\u0022 style=\\u0022font-family: 'Source Sans Pro',sans-serif; color: #3b3b3b;\\u0022\\u003eStyl artystyczny, kt\u00f3ry ukszta\u0142towa\u0142 si\u0119 pod wp\u0142ywem ludzkiej pr\u00f3\u017cno\u015bci. Po okresie barokowego przepychu powraca surowo\u015b\u0107, symetria i zami\u0142owanie do geometrii. Szlachetna prostota klasycyzmu jest silnie zaznaczona w ca\u0142ym historycznym centrum Koszyc. Na wygl\u0105d miasta wp\u0142yn\u0105\u0142 imperialny styl cesarza Napoleona, kt\u00f3rego \u017cona Maria Luiza, c\u00f3rka cesarza Franciszka, zamieszkiwa\u0142a w domu przy ulicy Hlavnej 29. To tu dla bezpiecze\u0144stwa ulokowa\u0142 j\u0105 ojciec, chc\u0105c by pozostawa\u0142a z dala od Wiednia. Pozosta\u0142e dzieci cesarza r\u00f3wnie\u017c mieszka\u0142y w Koszycach przy ulicy Hlavnej, pod numerami 48 i 68. Pod numerem 68 nocowa\u0142 tak\u017ce marsza\u0142ek Kutuzow po przegranej przez wojska cesarskie bitwie pod Austerlitz. Dom \u017bupny historycznej \u017bupy Abowsko-Turnia\u0144skiej jest doskona\u0142ym przyk\u0142adem elegancji, a obecnie siedzib\u0105 Galerii Wschodnios\u0142owackiej. Ten sam architekt zaprojektowa\u0142 zreszt\u0105 koszycki ratusz mieszcz\u0105cy si\u0119 przy ulicy Hlavnej 59. Dobrym przyk\u0142adem klasycyzmu jest r\u00f3wnie\u017c popularny pasa\u017c handlowy znany jako Halmiho dvor, jak i ten przy ulicy Hlavnej 20, z charakterystyczn\u0105 woni\u0105 czekolady, przypraw korzennych i herbaty dochodz\u0105c\u0105 z wega\u0144skiej restauracji. Je\u015bli chodzi o architektur\u0119 sakraln\u0105, koniecznie odwied\u017a ko\u015bci\u00f3\u0142 ewangelicki przy ulicy Mlynskiej i zwr\u00f3\u0107 uwag\u0119 na kopu\u0142\u0119 i \u015bwietlik. Czy przypadkiem czego\u015b Ci to nie przypomina? Dok\u0142adnie, Rzym! To najpi\u0119kniejsza \u015bwi\u0105tynia ewangelicka w ca\u0142ej S\u0142owacji.\\u003c\/span\\u003e\\u003c\/p\\u003e\\r\\n\\u003cp style=\\u0022background: white; margin: 0cm 0cm 18.0pt 0cm;\\u0022\\u003e\\u003cem\\u003e\\u003cspan lang=\\u0022PL\\u0022 style=\\u0022font-family: 'Source Sans Pro',sans-serif; color: #3b3b3b;\\u0022\\u003eMapa z zaznaczonymi elementami klasycyzmu w Koszycach.\\u003c\/span\\u003e\\u003c\/em\\u003e\\u003c\/p\\u003e\"},\"mode\":\"preview\"} \/-->\n\n<!-- wp:acf\/common-image-left-section {\"name\":\"acf\/common-image-left-section\",\"data\":{\"image\":8231,\"_image\":\"field_60c66ddbbdafe\"},\"mode\":\"preview\"} \/-->\n\n<!-- wp:acf\/common-text-left-section {\"name\":\"acf\/common-text-left-section\",\"data\":{\"field_60c66a6067e54\":\"\\u003cp style=\\u0022background: white; margin: 0cm 0cm 18.0pt 0cm;\\u0022\\u003e\\u003cstrong\\u003e\\u003cspan lang=\\u0022PL\\u0022 style=\\u0022font-family: 'Source Sans Pro',sans-serif; color: #3b3b3b;\\u0022\\u003eSecesja: swojego Muchy nie mieli\u015bmy, ale secesj\u0119 mamy!\\u003c\/span\\u003e\\u003c\/strong\\u003e\\u003c\/p\\u003e\\r\\n\\u003cp style=\\u0022background: white; margin: 0cm 0cm 18.0pt 0cm;\\u0022\\u003e\\u003cspan lang=\\u0022PL\\u0022 style=\\u0022font-family: 'Source Sans Pro',sans-serif; color: #3b3b3b;\\u0022\\u003eWystarczy ju\u017c geometrii i precyzji! Potrzeba pi\u0119kna towarzysz\u0105ca dynamicznemu rozwojowi przemys\u0142u pod koniec XIX wieku zaowocowa\u0142a fascynacj\u0105 motywami ro\u015blinnymi, kwiatowymi, wszelkimi kr\u0105g\u0142o\u015bciami, w tym tak\u017ce kobiecymi kszta\u0142tami. W Koszycach elementy tego nietuzinkowego stylu mo\u017cna odnale\u017a\u0107 cho\u0107by w katedrze \u015bw. El\u017cbiety. Wn\u0119trze \u015bwi\u0105tyni o\u015bwietla \u017cyrandol ze szklanymi kwiatami. Du\u017cy fresk po lewej stronie katedry przedstawia \u017cycie Franciszka II Rakoczego. Prawdziwy mi\u0142o\u015bnik secesji powinien wybra\u0107 si\u0119 do hotelu Sl\u00e1via i przy kawie lub wykwintnym obiedzie dok\u0142adnie przestudiowa\u0107 fasad\u0119 budynku i obejrze\u0107 wn\u0119trza. Secesj\u0119 w ca\u0142ej okaza\u0142o\u015bci mo\u017cna podziwia\u0107 tak\u017ce w architekturze Ma\u0142ej Sceny Teatru Pa\u0144stwowego (Mal\u00e1 sc\u00e9na \u0160t\u00e1tneho divadla). Nie zwlekaj i zarezerwuj wycieczk\u0119 szlakiem secesji z przewodnikiem.\\u003c\/span\\u003e\\u003c\/p\\u003e\\r\\n\\u003cp style=\\u0022background: white; margin: 0cm 0cm 18.0pt 0cm;\\u0022\\u003e\\u003cem\\u003e\\u003cspan lang=\\u0022PL\\u0022 style=\\u0022font-family: 'Source Sans Pro',sans-serif; color: #3b3b3b;\\u0022\\u003eMapa z zaznaczonymi elementami secesji w Koszycach\\u003c\/span\\u003e\\u003c\/em\\u003e\\u003c\/p\\u003e\"},\"mode\":\"preview\"} \/-->\n\n<!-- wp:acf\/common-image-right-section {\"name\":\"acf\/common-image-right-section\",\"data\":{\"image\":8232,\"_image\":\"field_60c66ddbbdafe\"},\"mode\":\"preview\"} \/-->\n\n<!-- wp:acf\/common-text-right-section {\"name\":\"acf\/common-text-right-section\",\"data\":{\"field_60c66a6067e54\":\"\\u003cp style=\\u0022background: white; margin: 0cm 0cm 18.0pt 0cm;\\u0022\\u003e\\u003cstrong\\u003e\\u003cspan lang=\\u0022PL\\u0022 style=\\u0022font-family: 'Source Sans Pro',sans-serif; color: #3b3b3b;\\u0022\\u003eModernizm: spokojnie, wszystko b\u0119dzie dobrze!\\u003c\/span\\u003e\\u003c\/strong\\u003e\\u003c\/p\\u003e\\r\\n\\u003cp style=\\u0022background: white; margin: 0cm 0cm 18.0pt 0cm;\\u0022\\u003e\\u003cspan lang=\\u0022PL\\u0022 style=\\u0022font-family: 'Source Sans Pro',sans-serif; color: #3b3b3b;\\u0022\\u003ePierwsze trzydziestolecie XX wieku nie jest znowu tak odleg\u0142e. Mo\u017cna by rzec, \u017ce mamy z nim pewien kontakt pokoleniowy. Zmiany, jakie zasz\u0142y mo\u017cemy zaobserwowa\u0107 na starych fotografiach rodzinnych i nostalgicznych czarno-bia\u0142ych filmach. Og\u00f3lnie rzecz bior\u0105c chodzi o innowacyjno\u015b\u0107, \u0142\u0105czenie element\u00f3w i styl\u00f3w funkcjonuj\u0105cych w ca\u0142ym wieku dwudziestym a\u017c do wsp\u00f3\u0142czesno\u015bci. Architekci tego okresu stawiali na funkcjonalno\u015b\u0107 i u\u017cyteczno\u015b\u0107, a unikali zb\u0119dnych ornament\u00f3w. Post\u0119p technologiczny, jaki w\u0142a\u015bnie si\u0119 dokonywa\u0142 sprzyja\u0142 konkretnym realizacjom. Dzi\u0119ki Ludwigowi Oelschl\u00e4gerowi, najwybitniejszemu koszyckiemu moderni\u015bcie, mo\u017cemy zauwa\u017cy\u0107 \u015blady epoki r\u00f3wnie\u017c w Koszycach. Najbardziej uderzaj\u0105cym owocem jego pracy jest hol zabytkowego ratusza, kt\u00f3ry s\u0142u\u017cy\u0142 jako sala kina Forum, z czasem przemianowanego na Slovan. Wszystko idzie po my\u015bli tw\u00f3rcy i miejsce to nadal s\u0142u\u017cy jako sala kinowa w czasie festiwalu filmowego i podczas go\u015bcinnych wyst\u0119p\u00f3w przyjezdnych teatr\u00f3w. Dzie\u0142em Ludwiga Oelschl\u00e4gera jest tak\u017ce budynek na rogu ulic Hlavnej i Ba\u010d\u00edkovej wzniesiony na potrzeby Izby Przemys\u0142owo-Handlowej. Dla mieszka\u0144c\u00f3w Koszyc zaprojektowa\u0142 tak\u017ce nowoczesn\u0105 remiz\u0119 stra\u017cack\u0105 przy ulicy Po\u017eiarnickiej oraz ortodoksyjn\u0105 synagog\u0119 przy ulicy Pu\u0161kinovej, gdzie znajduje si\u0119 tak\u017ce Galeria \u013dudovita Felda. W czasach, gdy za oceanem wyrasta\u0142y drapacze chmur, w Koszycach mieszka\u0142 architekt Alexander Skuteck\u00fd, autor projektu o\u015bmiopi\u0119trowego wie\u017cowca na rogu ulic Hlavnej i Pribinovej. W 1930 roku powsta\u0142 tu pierwszy budynek publiczny w stylu modernistycznym \u2013 gmach poczty, telegrafu i Radiojournala. A skoro by\u0142 pierwszy, to musia\u0142 by\u0107 te\u017c najwi\u0119kszy! Mo\u017cna go podziwia\u0107 w niemal niezmienionym kszta\u0142cie, pomimo tego, \u017ce w czasie II wojny \u015bwiatowej spad\u0142y na niego a\u017c cztery bomby. Tamtego dnia na Koszyce zrzucono 29 bomb i dok\u0142adnie tyle samo by\u0142o ofiar. Kto zbombardowa\u0142 Koszyce 26 czerwca 1941 roku? Tego do dzi\u015b nie wiadomo. Wi\u0119cej ciekawostek zdradzi Ci autor przewodnika \u201ePo stylach pi\u0119kna w Koszycach\u201d, Milan Kolcun.\\u003c\/span\\u003e\\u003c\/p\\u003e\\r\\n\\u003cp style=\\u0022background: white; margin: 0cm 0cm 18.0pt 0cm;\\u0022\\u003e\\u003cem\\u003e\\u003cspan lang=\\u0022PL\\u0022 style=\\u0022font-family: 'Source Sans Pro',sans-serif; color: #3b3b3b;\\u0022\\u003eMapa z zaznaczonymi elementami modernizmu w Koszycach\\u003c\/span\\u003e\\u003c\/em\\u003e\\u003c\/p\\u003e\"},\"mode\":\"preview\"} \/-->\n\n<!-- wp:acf\/common-image-left-section {\"name\":\"acf\/common-image-left-section\",\"data\":{\"image\":7507,\"_image\":\"field_60c66ddbbdafe\"},\"mode\":\"preview\"} \/-->\n\n<!-- wp:acf\/common-text-left-section {\"name\":\"acf\/common-text-left-section\",\"data\":{\"field_60c66a6067e54\":\"\\u003cp style=\\u0022background: white; margin: 0cm 0cm 18.0pt 0cm;\\u0022\\u003e\\u003cstrong\\u003e\\u003cspan lang=\\u0022PL\\u0022 style=\\u0022font-family: 'Source Sans Pro',sans-serif; color: #3b3b3b;\\u0022\\u003eRealizm socjalistyczny: nieroby do pracy albo precz z kawiarni!\\u003c\/span\\u003e\\u003c\/strong\\u003e\\u003c\/p\\u003e\\r\\n\\u003cp style=\\u0022background: white; margin: 0cm 0cm 18.0pt 0cm;\\u0022\\u003e\\u003cspan lang=\\u0022PL\\u0022 style=\\u0022font-family: 'Source Sans Pro',sans-serif; color: #3b3b3b;\\u0022\\u003eNajwi\u0119kszy skok demograficzny miasta nast\u0105pi\u0142 w latach 60. ubieg\u0142ego wieku. W \u0160acu rozpocz\u0119to budow\u0119 huty V\u00fdchodoslovensk\u00e9 \u017eeleziarne. Liczba mieszka\u0144c\u00f3w wzros\u0142a pi\u0119ciokrotnie i wkr\u00f3tce przyst\u0105piono do budowy osiedli mieszkaniowych, szpitali, o\u015brodk\u00f3w kultury, centr\u00f3w handlowych, przedszkoli i szk\u00f3\u0142. Urbanistycznym gwo\u017adziem do trumny by\u0142 wielki plan budowy osiedla \u0164ahanovce, kt\u00f3re mia\u0142o mie\u0107 najwi\u0119ksz\u0105 g\u0119sto\u015b\u0107 zaludnienia w ca\u0142ej Czechos\u0142owacji. Na szcz\u0119\u015bcie w czasach porewolucyjnych pierwotnego zamys\u0142u nie uda\u0142o si\u0119 zrealizowa\u0107, a bij\u0105ce w oczy musztardowo-buraczkow\u0105 kolorystyk\u0105 osiedle (tak by\u0142o pierwotnie) wkr\u00f3tce przesta\u0142o si\u0119 rozrasta\u0107. Charakterystyczny dla tego okresu jest tak\u017ce \u0141uk Triumfalny znajduj\u0105cy si\u0119 na ko\u0144cu osiedla, kt\u00f3ry mia\u0142 \u0142\u0105czy\u0107 gotow\u0105 cz\u0119\u015b\u0107 blokowiska z planowan\u0105.\\u003c\/span\\u003e\\u003c\/p\\u003e\\r\\n\\u003cp style=\\u0022background: white; margin: 0cm 0cm 18.0pt 0cm;\\u0022\\u003e\\u003cspan lang=\\u0022PL\\u0022 style=\\u0022font-family: 'Source Sans Pro',sans-serif; color: #3b3b3b;\\u0022\\u003eSpu\u015bcizn\u0105 tamtej epoki jest r\u00f3wnie\u017c Pomnik Armii Radzieckiej wzniesiony na placu N\u00e1mestie oslobodite\u013eov oraz domy handlowe Prior i Dargov (pierwotnie mia\u0142 si\u0119 nazywa\u0107 Domino). Ofiar\u0105 przemian pad\u0142o wiele kamienic, luksusowych willi, zabytk\u00f3w i spokojnych uliczek. Najdobitniejszym przyk\u0142adem socjalistycznego budownictwa jest Bia\u0142y Dom, w kt\u00f3rym mie\u015bci si\u0119 magistrat. Dok\u0142adnie naprzeciwko znajduje si\u0119 inny budynek z epoki, kt\u00f3rego bry\u0142a przypomina odwr\u00f3con\u0105 piramid\u0119. W centrum zatrzymaj si\u0119 na moment przy dawnym Domu Kultury ROH i przy Centrum Jumbo. W obu odbywa\u0142y si\u0119 miko\u0142ajki, to tu chodzi\u0142o si\u0119 na filmy i laserowe dyskoteki dla dzieci. A wiedzia\u0142e\u015b, \u017ce w 1976 roku odby\u0142 si\u0119 tam mi\u0119dzynarodowy turniej bryd\u017cowy?\\u003c\/span\\u003e\\u003c\/p\\u003e\\r\\n\\u003cp style=\\u0022background: white; margin: 0cm 0cm 18.0pt 0cm;\\u0022\\u003e\\u003cem\\u003e\\u003cspan lang=\\u0022PL\\u0022 style=\\u0022font-family: 'Source Sans Pro',sans-serif; color: #3b3b3b;\\u0022\\u003eMapa z zaznaczonymi obiektami socjalizmu w Koszycach\\u003c\/span\\u003e\\u003c\/em\\u003e\\u003c\/p\\u003e\"},\"mode\":\"preview\"} \/-->\n\n<!-- wp:acf\/common-image-right-section {\"name\":\"acf\/common-image-right-section\",\"data\":{\"image\":8233,\"_image\":\"field_60c66ddbbdafe\"},\"mode\":\"preview\"} \/-->\n\n<!-- wp:acf\/common-text-left-section {\"name\":\"acf\/common-text-left-section\",\"data\":{\"field_60c66a6067e54\":\"\\u003cstrong\\u003eTereny zielone\\u003c\/strong\\u003e\\r\\n\\r\\nJe\u015bli chcesz uciec od wype\u0142nionego gwarem deptaku, ukry\u0107 si\u0119 w cieniu drzew, w ciszy poobserwowa\u0107 pulsuj\u0105ce serce miasta siedz\u0105c na \u0142awce przy rabacie tulipan\u00f3w, napisa\u0107 kilka poczt\u00f3wek do przyjaci\u00f3\u0142 przy graj\u0105cej fontannie, doko\u0144czy\u0107 ostatnie strony lektury le\u017c\u0105c na dywanie z trawy lub urz\u0105dzi\u0107 piknik \u2013 oaza spokoju jest tu\u017c tu\u017c. Je\u015bli marzy Ci si\u0119 prawdziwy las, znajduje si\u0119 on zaledwie 4 km od centrum. Spacerkiem, biegiem, na hulajnodze, rowerem lub komunikacj\u0105 miejsk\u0105 dotrzesz tam dos\u0142ownie w par\u0119 minut.\\r\\n\\r\\n\\u003cstrong\\u003eParki i tereny rekreacyjne:\\u003c\/strong\\u003e\\r\\n\\u003cul\\u003e\\r\\n \\t\\u003cli\\u003ePark miejski\\u003c\/li\\u003e\\r\\n \\t\\u003cli\\u003ePark przy ulicy Hlavnej\\u003c\/li\\u003e\\r\\n \\t\\u003cli\\u003ePark przy fontannie\\u003c\/li\\u003e\\r\\n \\t\\u003cli\\u003ePark obok N\u00e1mestia slobody\\u003c\/li\\u003e\\r\\n \\t\\u003cli\\u003ePark Drevn\u00fd trh\\u003c\/li\\u003e\\r\\n \\t\\u003cli\\u003ePark przy ulicy Moyzesovej\\u003c\/li\\u003e\\r\\n \\t\\u003cli\\u003ePark Angelinum\\u003c\/li\\u003e\\r\\n \\t\\u003cli\\u003eKas\u00e1rne\/Kulturpark\\u003c\/li\\u003e\\r\\n \\t\\u003cli\\u003eJezioro\\u003c\/li\\u003e\\r\\n \\t\\u003cli\\u003ePark le\u015bny Fur\u010da\\u003c\/li\\u003e\\r\\n \\t\\u003cli\\u003eLas sosnowy\\u003c\/li\\u003e\\r\\n \\t\\u003cli\\u003eLas \u0164ahanovce\\u003c\/li\\u003e\\r\\n \\t\\u003cli\\u003eAni\u010dka\\u003c\/li\\u003e\\r\\n \\t\\u003cli\\u003eBankov\\u003c\/li\\u003e\\r\\n \\t\\u003cli\\u003eAlpinka\\u003c\/li\\u003e\\r\\n \\t\\u003cli\\u003ePod Hradovou\\u003c\/li\\u003e\\r\\n \\t\\u003cli\\u003ePark Bar\u010dansk\u00fd\\u003c\/li\\u003e\\r\\n \\t\\u003cli\\u003eHre\u0161n\u00e1\\u003c\/li\\u003e\\r\\n\\u003c\/ul\\u003e\"},\"mode\":\"preview\"} \/-->\n\n<!-- wp:acf\/theme-list-section {\"name\":\"acf\/theme-list-section\",\"data\":{\"field_60c7735b80f00\":\"Zielone \u201einstytucje\u201d\",\"field_60c7736880f01\":{\"row-0\":{\"field_60c773c280f02\":\"8276\",\"field_60c773e180f03\":\"Ogr\u00f3d botaniczny\",\"field_60c7741780f05\":\"\",\"field_60c773f280f04\":\"www.upjs.sk\/pracoviska\/botanicka-zahrada\/\",\"field_60c7743980f06\":\"Zaplanuj pobudzaj\u0105c\u0105 zmys\u0142y wizyt\u0119 w raju ro\u015blin subtropikalnych, tropikalnych, ozdobnych, u\u017cytkowych, bylin i paproci. Pod wzgl\u0119dem gatunkowym najbardziej r\u00f3\u017cnorodna jest kolekcja kaktus\u00f3w i sukulent\u00f3w, storczyk\u00f3w i bromelii. Ogr\u00f3d botaniczny zajmuje powierzchni\u0119 30 hektar\u00f3w, szklarnie maj\u0105 3500 m2, a kolekcja liczy ponad 4000 gatunk\u00f3w, podgatunk\u00f3w i odmian ro\u015blin. Koszycki ogr\u00f3d botaniczny jest najwi\u0119kszy w S\u0142owacji.\"},\"row-1\":{\"field_60c773c280f02\":\"8277\",\"field_60c773e180f03\":\"ZOO Ko\u0161ice\",\"field_60c7741780f05\":\"\",\"field_60c773f280f04\":\"www.zookosice.sk\",\"field_60c7743980f06\":\"Najwi\u0119kszy ogr\u00f3d zoologiczny w S\u0142owacji zajmuje powierzchni\u0119 288 ha, z czego prawie 75 ha jest udost\u0119pnionych zwiedzaj\u0105cym. Znajduje si\u0119 on w zielonym otoczeniu dzielnicy Kave\u010dany. Jako jedyny ogr\u00f3d zoologiczny w S\u0142owacji ma \u015bcie\u017cki edukacyjne: botaniczn\u0105 (z 2011 roku), ptasi\u0105 (z 2012 roku), pszczelarsk\u0105 (z 2013 roku) i geologiczn\u0105 (z 2015 roku). Obecnie mo\u017cna tu spotka\u0107 ponad 240 gatunk\u00f3w zwierz\u0105t, kt\u00f3rych \u0142\u0105cznie jest oko\u0142o tysi\u0105ca sztuk. Znajduje si\u0119 tu r\u00f3wnie\u017c najwi\u0119ksza woliera w S\u0142owacji i najwi\u0119kszy wybieg dla nied\u017awiedzia brunatnego w ogrodzie zoologicznym w Europie \u015arodkowej. W 2002 roku ogr\u00f3d zoologiczny odni\u00f3s\u0142 wyj\u0105tkowy sukces hodowlany. Na \u015bwiat przysz\u0142y nied\u017awiedzie pi\u0119cioraczki, kt\u00f3re zosta\u0142y wpisane do Ksi\u0119gi Guinnessa! Dwa z nich mieszkaj\u0105 w zoo do dzi\u015b. Dojazd do zoo komunikacj\u0105 miejsk\u0105.\"},\"row-2\":{\"field_60c773c280f02\":\"8278\",\"field_60c773e180f03\":\"Skansen archeologiczny Ni\u017en\u00e1 My\u0161\u013ea www.archeoskanzen.sk\",\"field_60c7741780f05\":\"\",\"field_60c773f280f04\":\"www.archeoskanzen.sk\",\"field_60c7743980f06\":\"Interesuj\u0105ce stanowisko archeologiczne ze starszej i wczesnej \u015brodkowej epoki br\u0105zu znajduje si\u0119 w V\u00e1rhegy, niedaleko Ni\u017enej My\u0161li. Od 7 lipca 1977 roku Instytut Archeologii S\u0142owackiej Akademii Nauk w Nitrze prowadzi w tym miejscu systematyczne badania we wsp\u00f3\u0142pracy ze specjalistami z Muzeum Wschodnios\u0142owackiego (V\u00fdchodoslovensk\u00e9 m\u00fazeum) w Koszycach. Stanowisko archeologiczne z lat 1700 \u2013 1500 p.n.e. jest jednym z najwa\u017cniejszych w skali \u015bwiatowej i stopniowo powstaje w tym miejscu skansen archeologiczny w formie unikalnej osady. Nowo\u015bci\u0105 dla zwiedzaj\u0105cych jest replika obrz\u0119dowego do\u0142u ofiarnego, rzadko spotykana ceramika czy bi\u017cuteria. Skansen znajduje si\u0119 zaledwie 15 km od Koszyc. Odkryj genius loci na d\u0142ugich zielonych pastwiskach V\u00e1rhegy.\"}}},\"mode\":\"preview\"} \/-->\n\n<!-- wp:heading -->\n<h2 class=\"wp-block-heading\"><strong><strong>WARSTWY HORYZONTALNE KOSZYC<\/strong><\/strong><\/h2>\n<!-- \/wp:heading -->\n\n<!-- wp:acf\/common-text-left-section {\"name\":\"acf\/common-text-left-section\",\"data\":{\"field_60c66a6067e54\":\"Je\u015bli chcesz lepiej pozna\u0107 Koszyce: przelotem \u2013\u00a0w powietrzu, przyziemnie \u2013\u00a0po ludzku albo dog\u0142\u0119bnie \u2013\u00a0pod ziemi\u0105, nie wahaj si\u0119 i odkrywaj jego warstwy horyzontalne. Zacznij od g\u00f3ry. Nie ma to jak widok z lotu ptaka, z perspektywy wie\u017cy, punktu widokowego albo kosza balonu. \u015arodkow\u0105 warstw\u0105 \u2013 po chodnikach, ulicach i placach \u2013 mo\u017cesz w\u0119drowa\u0107 ca\u0142ymi godzinami. W ko\u0144cu po to w\u0142a\u015bnie odwiedzi\u0142e\u015b miasto z najwi\u0119kszym rezerwatem zabytk\u00f3w w S\u0142owacji. Miasto, kt\u00f3re jest galeri\u0105 pod go\u0142ym niebem stworzon\u0105 dla mieszka\u0144c\u00f3w i turyst\u00f3w. Przemierzaj ulice z ksi\u0105\u017ckowym przewodnikiem w r\u0119ce lub w towarzystwie przewodnika z krwi i ko\u015bci, kt\u00f3ry zna odpowiedzi na wszystkie pytania. Podziemne Koszyce mo\u017cesz obejrze\u0107, je\u015bli zdecydujesz si\u0119 zej\u015b\u0107 po schodach Muzeum Archeologicznego przy Dolnej Bramie, przez drzwi wi\u0119zienia Miklu\u0161a (Miklu\u0161ova v\u00e4znica) albo przez katedr\u0119 \u015bw.\u00a0 El\u017cbiety i Kaplic\u0119 \u015bw. Micha\u0142a. Najwi\u0119cej o tajemniczych podziemiach Koszyc dowiesz si\u0119 od przewodnika.\\r\\n\\u003cp style=\\u0022background: white; margin: 0cm 0cm 18.0pt 0cm;\\u0022\\u003e\\u003cem\\u003e\\u003cspan lang=\\u0022PL\\u0022 style=\\u0022font-family: 'Source Sans Pro',sans-serif; color: #3b3b3b;\\u0022\\u003eMapa z punktami w warstwach horyzontalnych\\u003c\/span\\u003e\\u003c\/em\\u003e\\u003c\/p\\u003e\"},\"mode\":\"preview\"} \/-->\n\n<!-- wp:acf\/common-image-left-section {\"name\":\"acf\/common-image-left-section\",\"data\":{\"image\":7470,\"_image\":\"field_60c66ddbbdafe\"},\"mode\":\"preview\"} \/-->\n\n<!-- wp:acf\/theme-list-section {\"name\":\"acf\/theme-list-section\",\"data\":{\"field_60c7735b80f00\":\"Horyzontalne \u201einstytucje\u201d\",\"field_60c7736880f01\":{\"row-0\":{\"field_60c773c280f02\":\"7469\",\"field_60c773e180f03\":\"P\u00f3\u0142nocna Wie\u017ca Zygmuntowska \",\"field_60c7741780f05\":\"\",\"field_60c773f280f04\":\"http:\/\/domsvalzbety.sk\/?page_id=1562\",\"field_60c7743980f06\":\"Wyj\u015bcie na P\u00f3\u0142nocn\u0105 Wie\u017c\u0119 Zygmuntowsk\u0105 wymaga pokonania niespe\u0142na dwustu schod\u00f3w. I ju\u017c jeste\u015b na 60-metrowej wie\u017cy widokowej, z kt\u00f3rej rozpo\u015bciera si\u0119 panorama centrum, jedyny w swoim rodzaju widok z katedry \u015bw. El\u017cbiety. Zej\u015bcie kr\u0119conymi schodami r\u00f3wnie\u017c bywa wyzwaniem!\"},\"row-1\":{\"field_60c773c280f02\":\"8279\",\"field_60c773e180f03\":\"Wie\u017ca Macieja\",\"field_60c7741780f05\":\"\",\"field_60c773f280f04\":\"\",\"field_60c7743980f06\":\"Wie\u017ca Po\u0142udniowa, inaczej wie\u017ca Macieja, zosta\u0142a udost\u0119pniona zwiedzaj\u0105cym po remoncie katedry \u015bw. El\u017cbiety w 2016 roku.\"},\"row-2\":{\"field_60c773c280f02\":\"8280\",\"field_60c773e180f03\":\"Wie\u017ca Hradov\u00e1\",\"field_60c7741780f05\":\"\",\"field_60c773f280f04\":\"https:\/\/www.meleskosice.sk\/\\u002d\\u002d73-26-vyhliadkova-veza-hradova\",\"field_60c7743980f06\":\"Chodzi o wie\u017c\u0119 widokow\u0105 na szczycie wzg\u00f3rza Hradov\u00e1 na p\u00f3\u0142nocnych obrze\u017cach miasta. Doj\u015bcie \u015bcie\u017ck\u0105, dla piechur\u00f3w przez lasek z parkingu (oko\u0142o 20 min) lub przystanku komunikacji miejskiej (linia 29). Wie\u017ca ma 21 metr\u00f3w wysoko\u015bci i gwarantuje wspania\u0142e widoki. W pobli\u017cu znajduj\u0105 si\u0119 tarasy widokowe, pozosta\u0142o\u015bci niedoko\u0144czonego koszyckiego zamku, amfiteatr oraz centrum informacyjne z herbaciarni\u0105.\"},\"row-3\":{\"field_60c773c280f02\":\"8281\",\"field_60c773e180f03\":\"Muzeum Archeologiczne przy Dolnej Bramie \",\"field_60c7741780f05\":\"\",\"field_60c773f280f04\":\"http:\/\/www.visitkosice.org\/en\/monuments\/lower-gate\",\"field_60c7743980f06\":\"Muzeum Archeologiczne przy Dolnej Bramie pozwala zej\u015b\u0107 a\u017c do podziemi miasta. Pozosta\u0142o\u015bci dolnej bramy miejskiej odkryto podczas du\u017cej przebudowy ulicy Hlavnej w latach 1996-1997. W unikalnym kompleksie archeologicznym mo\u017cesz zobaczy\u0107 pozosta\u0142o\u015bci fortyfikacji miejskich z XIII wieku.\"},\"row-4\":{\"field_60c773c280f02\":\"8282\",\"field_60c773e180f03\":\"Koszycki z\u0142oty skarb \",\"field_60c7741780f05\":\"\",\"field_60c773f280f04\":\"https:\/\/www.vsmuzeum.sk\/kosicky-zlaty-poklad\/\",\"field_60c7743980f06\":\"Koszycki Z\u0142oty Skarb, czyli 2920 z\u0142otych monet, dukat\u00f3w i dwudukat\u00f3w, trzy z\u0142ote medale i renesansowy z\u0142oty \u0142a\u0144cuch, przechowywane w szkatu\u0142ce z kutej blachy miedzianej z wygrawerowanymi motywami zwierz\u0119cymi. Tak w\u0142a\u015bnie wygl\u0105da\u0142 Koszycki Z\u0142oty Skarb znaleziony w sierpniu 1935 roku podczas prac budowlanych prowadzonych w domu przy ulicy Hlavnej 68. To jeden z najwi\u0119kszych skarb\u00f3w odkrytych w Europie i na \u015bwiecie. Jest przechowywany w specjalnym podziemnym sejfie Muzeum Wschodnios\u0142owackiego w Koszycach, gdzie mo\u017cna go obejrze\u0107.\"},\"row-5\":{\"field_60c773c280f02\":\"8283\",\"field_60c773e180f03\":\"Krypta Franciszka Rakoczego\",\"field_60c7741780f05\":\"\",\"field_60c773f280f04\":\"\",\"field_60c7743980f06\":\"Krypta Franciszka II Rakoczego w katedrze \u015bw. El\u017cbiety znajduje si\u0119 przy p\u00f3\u0142nocnej \u015bcianie katedry i zosta\u0142a zbudowana w 1906 roku. Spocz\u0119\u0142y w niej szcz\u0105tki Franciszka II Rakoczego i jego kompan\u00f3w. Krypt\u0119 i cztery kamienne sarkofagi zaprojektowa\u0142 budapeszte\u0144ski profesor Frigyes Schulek. W \u015brodkowym, najwy\u017cszym pochowani s\u0105 ksi\u0105\u017c\u0119, jego matka Helena Zr\u00ednska i jego starszy syn Jozef. Na po\u0142udnie od niego znajduje si\u0119 sarkofag ze szcz\u0105tkami genera\u0142a hrabiego Antona Esterh\u00e1zego, a na p\u00f3\u0142noc od niego sarkofag jednego z kompan\u00f3w Rakoczego, Mikul\u00e1\u0161a \u0160ibrika. W czwartym sarkofagu po drugiej stronie krypty pochowany jest hrabia Mikul\u00e1\u0161 Ber\u010d\u00e9ni i jego druga \u017cona Krist\u00edna \u010c\u00e1kiov\u00e1\"},\"row-6\":{\"field_60c773c280f02\":\"8284\",\"field_60c773e180f03\":\"Podziemia Kaplicy \u015bw. Micha\u0142a\",\"field_60c7741780f05\":\"\",\"field_60c773f280f04\":\"\",\"field_60c7743980f06\":\"Podziemia Kaplicy \u015bw. Micha\u0142a to szczeg\u00f3lne miejsce z tzw. ossuariami, kt\u00f3re s\u0142u\u017c\u0105 do przechowywania ko\u015bci, gdy zape\u0142ni si\u0119 cmentarz. W 2006 roku podziemiom kaplicy przyznano nagrod\u0119 F\u00e9nix w kategorii \u201enajlepiej wyremontowany obiekt\u201d. \\r\\n\\r\\n\"},\"row-7\":{\"field_60c773c280f02\":\"8285\",\"field_60c773e180f03\":\"Wi\u0119zienie Miklu\u0161a (Miklu\u0161ova v\u00e4znica) \",\"field_60c7741780f05\":\"\",\"field_60c773f280f04\":\"https:\/\/www.vsmuzeum.sk\/portfolio-item\/miklusova-vaznica\/\",\"field_60c7743980f06\":\"Wi\u0119zienie Miklu\u0161a, czyli podziemia Muzeum Wschodnios\u0142owackiego (V\u00fdchodoslovensk\u00e9 m\u00fazeum). Budynek s\u0142u\u017cy\u0142 miastu jako wi\u0119zienie od XVII wieku. Jego nazwa pochodzi od nazwiska okrutnego zarz\u0105dcy wi\u0119zienia. Zwiedzaj\u0105c to miejsce nie przegap mieszkania kata z drugiej po\u0142owy XVII wieku, zlokalizowanego nad star\u0105 uliczk\u0105, gdzie znajduje si\u0119 ekspozycja Koszyce na przestrzeni wiek\u00f3w (Ko\u0161ick\u00e9 storo\u010dia).\"}}},\"mode\":\"preview\"} \/-->\n\n<!-- wp:acf\/theme-ambassador-section {\"name\":\"acf\/theme-ambassador-section\",\"data\":{},\"mode\":\"preview\"} \/-->","_pl_post_name":"vrstvy-casu-a-miesta","_pl_post_excerpt":"","_pl_post_title":"Warstwy czasu i miejsca","_it_post_content":"","_it_post_name":"","_it_post_excerpt":"","_it_post_title":"","edit_language":"es","footnotes":""},"topic_group":[431],"class_list":["post-7136","topic","type-topic","status-publish","format-standard","has-post-thumbnail","hentry","topic_group-mesto-ako-galeria"],"acf":[],"yoast_head":"<!-- This site is optimized with the Yoast SEO Premium plugin v25.5 (Yoast SEO v27.4) - https:\/\/yoast.com\/product\/yoast-seo-premium-wordpress\/ -->\n<title>Ko\u0161ice Regi\u00f3n<\/title>\n<meta name=\"description\" content=\"HORIZONT\u00c1LNE VRSTY KO\u0160\u00cdC\" \/>\n<meta name=\"robots\" content=\"index, follow, max-snippet:-1, max-image-preview:large, max-video-preview:-1\" \/>\n<link rel=\"canonical\" href=\"https:\/\/www.kosiceregion.com\/sk\/topic\/vrstvy-casu-a-miesta\/\" \/>\n<meta property=\"og:locale\" content=\"es_ES\" \/>\n<meta property=\"og:type\" content=\"article\" \/>\n<meta property=\"og:title\" content=\"Vrstvy \u010dasu a miesta\" \/>\n<meta property=\"og:description\" content=\"HORIZONT\u00c1LNE VRSTY KO\u0160\u00cdC\" \/>\n<meta property=\"og:url\" content=\"https:\/\/www.kosiceregion.com\/es\/wp-json\/wp\/v2\/topics\/7136\" \/>\n<meta property=\"og:site_name\" content=\"Ko\u0161ice Regi\u00f3n\" \/>\n<meta property=\"article:publisher\" content=\"https:\/\/www.facebook.com\/kosiceregion\" \/>\n<meta property=\"article:modified_time\" content=\"2023-09-11T11:09:08+00:00\" \/>\n<meta property=\"og:image\" content=\"https:\/\/www.kosiceregion.com\/wp-content\/uploads\/2021\/12\/KP_0023-scaled.jpg\" \/>\n\t<meta property=\"og:image:width\" content=\"2560\" \/>\n\t<meta property=\"og:image:height\" content=\"1707\" \/>\n\t<meta property=\"og:image:type\" content=\"image\/jpeg\" \/>\n<meta name=\"twitter:card\" content=\"summary_large_image\" \/>\n<meta name=\"twitter:site\" content=\"@KOSICEREGION\" \/>\n<meta name=\"twitter:label1\" content=\"Tiempo de lectura\" \/>\n\t<meta name=\"twitter:data1\" content=\"1 minute\" \/>\n<script type=\"application\/ld+json\" class=\"yoast-schema-graph\">{\"@context\":\"https:\\\/\\\/schema.org\",\"@graph\":[{\"@type\":\"WebPage\",\"@id\":\"https:\\\/\\\/www.kosiceregion.com\\\/sk\\\/topic\\\/vrstvy-casu-a-miesta\\\/\",\"url\":\"https:\\\/\\\/www.kosiceregion.com\\\/sk\\\/topic\\\/vrstvy-casu-a-miesta\\\/\",\"name\":\"Vrstvy \u010dasu a miesta - Ko\u0161ice Regi\u00f3n\",\"isPartOf\":{\"@id\":\"https:\\\/\\\/www.kosiceregion.com\\\/#website\"},\"primaryImageOfPage\":{\"@id\":\"https:\\\/\\\/www.kosiceregion.com\\\/sk\\\/topic\\\/vrstvy-casu-a-miesta\\\/#primaryimage\"},\"image\":{\"@id\":\"https:\\\/\\\/www.kosiceregion.com\\\/sk\\\/topic\\\/vrstvy-casu-a-miesta\\\/#primaryimage\"},\"thumbnailUrl\":\"https:\\\/\\\/www.kosiceregion.com\\\/wp-content\\\/uploads\\\/2021\\\/12\\\/KP_0023-scaled.jpg\",\"datePublished\":\"2021-12-09T11:13:24+00:00\",\"dateModified\":\"2023-09-11T11:09:08+00:00\",\"breadcrumb\":{\"@id\":\"https:\\\/\\\/www.kosiceregion.com\\\/sk\\\/topic\\\/vrstvy-casu-a-miesta\\\/#breadcrumb\"},\"inLanguage\":\"es-ES\",\"potentialAction\":[{\"@type\":\"ReadAction\",\"target\":[\"https:\\\/\\\/www.kosiceregion.com\\\/sk\\\/topic\\\/vrstvy-casu-a-miesta\\\/\"]}]},{\"@type\":\"ImageObject\",\"inLanguage\":\"es-ES\",\"@id\":\"https:\\\/\\\/www.kosiceregion.com\\\/sk\\\/topic\\\/vrstvy-casu-a-miesta\\\/#primaryimage\",\"url\":\"https:\\\/\\\/www.kosiceregion.com\\\/wp-content\\\/uploads\\\/2021\\\/12\\\/KP_0023-scaled.jpg\",\"contentUrl\":\"https:\\\/\\\/www.kosiceregion.com\\\/wp-content\\\/uploads\\\/2021\\\/12\\\/KP_0023-scaled.jpg\",\"width\":2560,\"height\":1707},{\"@type\":\"BreadcrumbList\",\"@id\":\"https:\\\/\\\/www.kosiceregion.com\\\/sk\\\/topic\\\/vrstvy-casu-a-miesta\\\/#breadcrumb\",\"itemListElement\":[{\"@type\":\"ListItem\",\"position\":1,\"name\":\"Home\",\"item\":\"https:\\\/\\\/www.kosiceregion.com\\\/sk\\\/\"},{\"@type\":\"ListItem\",\"position\":2,\"name\":\"Vrstvy \u010dasu a miesta\"}]},{\"@type\":\"WebSite\",\"@id\":\"https:\\\/\\\/www.kosiceregion.com\\\/#website\",\"url\":\"https:\\\/\\\/www.kosiceregion.com\\\/\",\"name\":\"Ko\u0161ice Regi\u00f3n\",\"description\":\"Turistick\u00fd sprievodca Ko\u0161ick\u00fdm krajom\",\"publisher\":{\"@id\":\"https:\\\/\\\/www.kosiceregion.com\\\/#organization\"},\"potentialAction\":[{\"@type\":\"SearchAction\",\"target\":{\"@type\":\"EntryPoint\",\"urlTemplate\":\"https:\\\/\\\/www.kosiceregion.com\\\/?s={search_term_string}\"},\"query-input\":{\"@type\":\"PropertyValueSpecification\",\"valueRequired\":true,\"valueName\":\"search_term_string\"}}],\"inLanguage\":\"es-ES\"},{\"@type\":\"Organization\",\"@id\":\"https:\\\/\\\/www.kosiceregion.com\\\/#organization\",\"name\":\"Ko\u0161ice Regi\u00f3n Turizmus\",\"url\":\"https:\\\/\\\/www.kosiceregion.com\\\/\",\"logo\":{\"@type\":\"ImageObject\",\"inLanguage\":\"es-ES\",\"@id\":\"https:\\\/\\\/www.kosiceregion.com\\\/#\\\/schema\\\/logo\\\/image\\\/\",\"url\":\"https:\\\/\\\/www.kosiceregion.com\\\/wp-content\\\/uploads\\\/2019\\\/03\\\/logo-web-sk.png\",\"contentUrl\":\"https:\\\/\\\/www.kosiceregion.com\\\/wp-content\\\/uploads\\\/2019\\\/03\\\/logo-web-sk.png\",\"width\":225,\"height\":100,\"caption\":\"Ko\u0161ice Regi\u00f3n Turizmus\"},\"image\":{\"@id\":\"https:\\\/\\\/www.kosiceregion.com\\\/#\\\/schema\\\/logo\\\/image\\\/\"},\"sameAs\":[\"https:\\\/\\\/www.facebook.com\\\/kosiceregion\",\"https:\\\/\\\/x.com\\\/KOSICEREGION\",\"https:\\\/\\\/www.instagram.com\\\/kosiceregion\",\"https:\\\/\\\/www.youtube.com\\\/kosiceregion\"]}]}<\/script>\n<!-- \/ Yoast SEO Premium plugin. -->","yoast_head_json":{"title":"Ko\u0161ice Regi\u00f3n","description":"HORIZONT\u00c1LNE VRSTY KO\u0160\u00cdC","robots":{"index":"index","follow":"follow","max-snippet":"max-snippet:-1","max-image-preview":"max-image-preview:large","max-video-preview":"max-video-preview:-1"},"canonical":"https:\/\/www.kosiceregion.com\/sk\/topic\/vrstvy-casu-a-miesta\/","og_locale":"es_ES","og_type":"article","og_title":"Vrstvy \u010dasu a miesta","og_description":"HORIZONT\u00c1LNE VRSTY KO\u0160\u00cdC","og_url":"https:\/\/www.kosiceregion.com\/es\/wp-json\/wp\/v2\/topics\/7136","og_site_name":"Ko\u0161ice Regi\u00f3n","article_publisher":"https:\/\/www.facebook.com\/kosiceregion","article_modified_time":"2023-09-11T11:09:08+00:00","og_image":[{"width":2560,"height":1707,"url":"https:\/\/www.kosiceregion.com\/wp-content\/uploads\/2021\/12\/KP_0023-scaled.jpg","type":"image\/jpeg"}],"twitter_card":"summary_large_image","twitter_site":"@KOSICEREGION","twitter_misc":{"Tiempo de lectura":"1 minute"},"schema":{"@context":"https:\/\/schema.org","@graph":[{"@type":"WebPage","@id":"https:\/\/www.kosiceregion.com\/sk\/topic\/vrstvy-casu-a-miesta\/","url":"https:\/\/www.kosiceregion.com\/sk\/topic\/vrstvy-casu-a-miesta\/","name":"Vrstvy \u010dasu a miesta - Ko\u0161ice Regi\u00f3n","isPartOf":{"@id":"https:\/\/www.kosiceregion.com\/#website"},"primaryImageOfPage":{"@id":"https:\/\/www.kosiceregion.com\/sk\/topic\/vrstvy-casu-a-miesta\/#primaryimage"},"image":{"@id":"https:\/\/www.kosiceregion.com\/sk\/topic\/vrstvy-casu-a-miesta\/#primaryimage"},"thumbnailUrl":"https:\/\/www.kosiceregion.com\/wp-content\/uploads\/2021\/12\/KP_0023-scaled.jpg","datePublished":"2021-12-09T11:13:24+00:00","dateModified":"2023-09-11T11:09:08+00:00","breadcrumb":{"@id":"https:\/\/www.kosiceregion.com\/sk\/topic\/vrstvy-casu-a-miesta\/#breadcrumb"},"inLanguage":"es-ES","potentialAction":[{"@type":"ReadAction","target":["https:\/\/www.kosiceregion.com\/sk\/topic\/vrstvy-casu-a-miesta\/"]}]},{"@type":"ImageObject","inLanguage":"es-ES","@id":"https:\/\/www.kosiceregion.com\/sk\/topic\/vrstvy-casu-a-miesta\/#primaryimage","url":"https:\/\/www.kosiceregion.com\/wp-content\/uploads\/2021\/12\/KP_0023-scaled.jpg","contentUrl":"https:\/\/www.kosiceregion.com\/wp-content\/uploads\/2021\/12\/KP_0023-scaled.jpg","width":2560,"height":1707},{"@type":"BreadcrumbList","@id":"https:\/\/www.kosiceregion.com\/sk\/topic\/vrstvy-casu-a-miesta\/#breadcrumb","itemListElement":[{"@type":"ListItem","position":1,"name":"Home","item":"https:\/\/www.kosiceregion.com\/sk\/"},{"@type":"ListItem","position":2,"name":"Vrstvy \u010dasu a miesta"}]},{"@type":"WebSite","@id":"https:\/\/www.kosiceregion.com\/#website","url":"https:\/\/www.kosiceregion.com\/","name":"Ko\u0161ice Regi\u00f3n","description":"Turistick\u00fd sprievodca Ko\u0161ick\u00fdm krajom","publisher":{"@id":"https:\/\/www.kosiceregion.com\/#organization"},"potentialAction":[{"@type":"SearchAction","target":{"@type":"EntryPoint","urlTemplate":"https:\/\/www.kosiceregion.com\/?s={search_term_string}"},"query-input":{"@type":"PropertyValueSpecification","valueRequired":true,"valueName":"search_term_string"}}],"inLanguage":"es-ES"},{"@type":"Organization","@id":"https:\/\/www.kosiceregion.com\/#organization","name":"Ko\u0161ice Regi\u00f3n Turizmus","url":"https:\/\/www.kosiceregion.com\/","logo":{"@type":"ImageObject","inLanguage":"es-ES","@id":"https:\/\/www.kosiceregion.com\/#\/schema\/logo\/image\/","url":"https:\/\/www.kosiceregion.com\/wp-content\/uploads\/2019\/03\/logo-web-sk.png","contentUrl":"https:\/\/www.kosiceregion.com\/wp-content\/uploads\/2019\/03\/logo-web-sk.png","width":225,"height":100,"caption":"Ko\u0161ice Regi\u00f3n Turizmus"},"image":{"@id":"https:\/\/www.kosiceregion.com\/#\/schema\/logo\/image\/"},"sameAs":["https:\/\/www.facebook.com\/kosiceregion","https:\/\/x.com\/KOSICEREGION","https:\/\/www.instagram.com\/kosiceregion","https:\/\/www.youtube.com\/kosiceregion"]}]}},"_links":{"self":[{"href":"https:\/\/www.kosiceregion.com\/es\/wp-json\/wp\/v2\/topics\/7136","targetHints":{"allow":["GET"]}}],"collection":[{"href":"https:\/\/www.kosiceregion.com\/es\/wp-json\/wp\/v2\/topics"}],"about":[{"href":"https:\/\/www.kosiceregion.com\/es\/wp-json\/wp\/v2\/types\/topic"}],"author":[{"embeddable":true,"href":"https:\/\/www.kosiceregion.com\/es\/wp-json\/wp\/v2\/users\/10"}],"version-history":[{"count":6,"href":"https:\/\/www.kosiceregion.com\/es\/wp-json\/wp\/v2\/topics\/7136\/revisions"}],"predecessor-version":[{"id":11453,"href":"https:\/\/www.kosiceregion.com\/es\/wp-json\/wp\/v2\/topics\/7136\/revisions\/11453"}],"wp:featuredmedia":[{"embeddable":true,"href":"https:\/\/www.kosiceregion.com\/es\/wp-json\/wp\/v2\/media\/8227"}],"wp:attachment":[{"href":"https:\/\/www.kosiceregion.com\/es\/wp-json\/wp\/v2\/media?parent=7136"}],"wp:term":[{"taxonomy":"topic_group","embeddable":true,"href":"https:\/\/www.kosiceregion.com\/es\/wp-json\/wp\/v2\/topic_group?post=7136"}],"curies":[{"name":"wp","href":"https:\/\/api.w.org\/{rel}","templated":true}]}}