{"id":10538,"date":"2023-05-30T11:00:55","date_gmt":"2023-05-30T09:00:55","guid":{"rendered":"https:\/\/www.kosiceregion.com\/sk\/?post_type=region&#038;p=10538"},"modified":"2025-10-28T14:28:18","modified_gmt":"2025-10-28T13:28:18","slug":"","status":"publish","type":"region","link":"https:\/\/www.kosiceregion.com\/hu\/region\/region-zemplin-dolny-zemplin\/","title":{"rendered":"","raw":""},"content":{"rendered":"","protected":false,"raw":""},"excerpt":{"rendered":"","protected":false,"raw":""},"author":3,"featured_media":11095,"menu_order":0,"template":"","format":"standard","meta":{"_acf_changed":false,"_sk_post_content":"<!-- wp:acf\/region-text-map-section {\"name\":\"acf\/region-text-map-section\",\"data\":{\"text\":\"\\u003cspan style=\\u0022font-weight: 400;\\u0022\\u003eRegi\u00f3n Doln\u00e9ho Zempl\u00edna sused\u00ed zo severu s Horn\u00fdm Zempl\u00ednom a zo z\u00e1padu s Ko\u0161ick\u00fdm regi\u00f3nom. Jeho v\u00fdchodn\u00e1 strana tvor\u00ed hranicu s Ukrajinou a ju\u017en\u00e1 strana zas hranicu s Ma\u010farskou republikou. Severn\u00e1 \u010das\u0165 regi\u00f3nu pon\u00faka horstvo Z\u00e1padn\u00fdch\u00a0 Karp\u00e1t, Vihorlatsk\u00e9 vrchy s vyhliadkov\u00fdm Sninsk\u00fdm kame\u0148om 1005 mnm. Na juhu Doln\u00e9ho Zempl\u00edna, v okrese Trebi\u0161ov v\u00e1s u\u017e z\u00a0dia\u013eky bude l\u00e1ka\u0165 Tokajsk\u00e1 vinohradn\u00edcka oblas\u0165 s vinohradn\u00edckymi obcami Mal\u00e1 a Ve\u013ek\u00e1 T\u0155\u0148a, kde sa vyr\u00e1ba svetozn\u00e1me Tokajsk\u00e9 v\u00edno.\u00a0\\u003c\/span\\u003e\\r\\n\\r\\n\\u003cspan style=\\u0022font-weight: 400;\\u0022\\u003ePr\u00e1ve prieniky s\u00a0t\u00fdmito hranicami dod\u00e1vaj\u00fa regi\u00f3nu pr\u00edrodn\u00fa aj kult\u00farnu pestros\u0165. Nielen pr\u00edroda a\u00a0dobr\u00e9 v\u00edno je l\u00e1kadlom pre turistov. Neodmyslite\u013enou letnou destin\u00e1ciou zameranou na vodn\u00e9 \u0161porty a akt\u00edvny oddych je v\u00a0regi\u00f3ne Doln\u00fd Zempl\u00edn tzv. Slovensk\u00e9 more, ako je pre svoju rozlohu naz\u00fdvan\u00e1 Zempl\u00ednska \u0160\u00edrava. Na \u00fazem\u00ed Doln\u00e9ho Zempl\u00edna sa nach\u00e1dza aj mno\u017estvo m\u00faze\u00ed. Pekn\u00e9 s\u00fa pamiatkov\u00e9 z\u00f3ny, a\u00a0to v\u00a0Michalovciach, kde sa nach\u00e1dza ka\u0161tie\u013e, koniare\u0148, rotunda, r\u00edmskokatol\u00edcky a gr\u00e9cko-katol\u00edcky kostol, alebo v\u00a0Trebi\u0161ove, kde nezabudnite na prech\u00e1dzku malebn\u00fdm historick\u00fdm parkom. Va\u0161ej pozornosti tu ur\u010dite neunikn\u00fa objekty v jeho bezprostrednom okol\u00ed ako hrad Pari\u010d, z\u00e1klady stredovek\u00e9ho kostola Sv. Ducha, ka\u0161tie\u013e s hospod\u00e1rskymi budovami, mauz\u00f3leum gr\u00f3fa J\u00faliusa Andr\u00e1ssyho, s\u00faso\u0161ie Immaculaty \u010di archeologick\u00e9 lokality z praveku a stredoveku. \\u003c\/span\\u003e\",\"_text\":\"field_60bca2eb0d20a\",\"map\":10814,\"_map\":\"field_60bca3270d20b\"},\"mode\":\"preview\"} \/-->\n\n<!-- wp:acf\/region-gallery-section {\"name\":\"acf\/region-gallery-section\",\"data\":{\"image\":11123,\"_image\":\"field_60bcbc877804c\",\"gallery\":[\"11090\",\"11091\",\"11092\",\"11093\",\"11094\",\"11095\",\"11096\",\"11097\",\"11098\",\"11099\",\"11100\",\"11101\",\"11104\",\"11105\",\"11106\",\"11107\",\"11108\",\"11110\",\"11111\",\"11112\",\"11113\",\"11114\",\"11115\",\"11116\",\"11117\",\"11118\",\"11119\",\"11120\",\"11121\",\"11122\",\"11123\",\"11124\",\"11125\"],\"_gallery\":\"field_60bcbd217804d\"},\"mode\":\"edit\"} \/-->\n\n<!-- wp:acf\/region-text-image-right-section {\"name\":\"acf\/region-text-image-right-section\",\"data\":{\"title\":\"Najzn\u00e1mej\u0161ie miesta\",\"_title\":\"field_60bcc92838f26\",\"text\":\"\\u003cspan style=\\u0022font-weight: 400;\\u0022\\u003eZa vstupn\u00fa br\u00e1nu do regi\u00f3nu Doln\u00fd Zempl\u00edn m\u00f4\u017eeme pova\u017eova\u0165 \u00fazemie rieky Bodrog, ktorej \\u003c\/span\\u003e\\u003cb\\u003e\\u003ca href=\\u0022https:\/\/www.kosiceregion.com\/sk\/poi\/plavba-lodou-po-rieke-bodrog\\u0022 target=\\u0022_blank\\u0022 rel=\\u0022noopener\\u0022\\u003erie\u010dny pr\u00edstav je jedin\u00fd na\u00a0\u00fazem\u00ed kraja\\u003c\/a\\u003e. \\u003c\/b\\u003e\\u003cspan style=\\u0022font-weight: 400;\\u0022\\u003eNe\u010faleko od\u00a0kotviska lod\u00ed sa nach\u00e1dza \\u003c\/span\\u003e\\u003cb\\u003enajni\u017e\u0161ie polo\u017een\u00e9 miesto \\u003ca href=\\u0022https:\/\/www.kosiceregion.com\/sk\/poi\/klin-nad-bodrogom\\u0022 target=\\u0022_blank\\u0022 rel=\\u0022noopener\\u0022\\u003eSlovenska Klin nad Bodrogom\\u003c\/a\\u003e\\u003c\/b\\u003e\\u003cspan style=\\u0022font-weight: 400;\\u0022\\u003e (94,3\u2009mnm). Na\u0161ej pozornosti by tie\u017e nemali ujs\u0165 \\u003c\/span\\u003e\\u003cb\\u003evz\u00e1cne korytna\u010dky mo\u010diarne\\u003c\/b\\u003e\\u003cspan style=\\u0022font-weight: 400;\\u0022\\u003e v\u00a0ne\u010falekej N\u00e1rodnej pr\u00edrodnej rezerv\u00e1cii \\u003c\/span\\u003e\\u003cb\\u003e\\u003ca href=\\u0022https:\/\/www.kosiceregion.com\/sk\/poi\/narodna-prirodna-rezervacia-tajba\\u0022 target=\\u0022_blank\\u0022 rel=\\u0022noopener\\u0022\\u003eTajba\\u003c\/a\\u003e.\\u003c\/b\\u003e\\r\\n\\r\\n\\u003cspan style=\\u0022font-weight: 400;\\u0022\\u003eV obci \\u003c\/span\\u003e\\u003ca href=\\u0022https:\/\/www.kosiceregion.com\/sk\/poi\/rakociho-kastiel-v-borsi\\u0022 target=\\u0022_blank\\u0022 rel=\\u0022noopener\\u0022\\u003e\\u003cb\\u003eBor\u0161a\\u003c\/b\\u003e \\u003cb\\u003eneob\u00ed\u010fte ka\u0161tie\u013e\\u003c\/b\\u003e\\u003c\/a\\u003e\\u003cspan style=\\u0022font-weight: 400;\\u0022\\u003e \u0161ari\u0161sk\u00e9ho \u017eupana a\u00a0sedmohradsk\u00e9ho knie\u017ea\u0165a \\u003c\/span\\u003e\\u003cb\\u003eFranti\u0161ka II. R\u00e1kocziho\\u003c\/b\\u003e\\u003cspan style=\\u0022font-weight: 400;\\u0022\\u003e, v\u00a0ktorom sa pod\u013ea dobov\u00fdch z\u00e1pisov narodil.\u00a0\\u003c\/span\\u003e\\r\\n\\r\\n\\u003cspan style=\\u0022font-weight: 400;\\u0022\\u003eObec \\u003c\/span\\u003e\\u003ca href=\\u0022https:\/\/www.kosiceregion.com\/sk\/poi\/solna-brana-penzion-aqua-maria\\u0022 target=\\u0022_blank\\u0022 rel=\\u0022noopener\\u0022\\u003e\\u003cb\\u003eVe\u013eaty\\u003c\/b\\u003e\\u003c\/a\\u003e\\u003cspan style=\\u0022font-weight: 400;\\u0022\\u003e d\u00e1va turistom\u00a0 mo\u017enos\u0165 ob\u010derstvi\u0165 sa slanou miner\u00e1lkou a\u00a0\u010falej pokra\u010dova\u0165 v\u00a0\u00fastrety radosti, ak\u00fa dok\u00e1\u017ee poskytn\u00fa\u0165 len v\u00edno z\u00a0tokajsk\u00fdch pivn\u00edc. \\u003c\/span\\u003e\\u003cb\\u003eTokaj\\u003c\/b\\u003e\\u003cspan style=\\u0022font-weight: 400;\\u0022\\u003e patr\u00ed so svojimi 907 hekt\u00e1rmi medzi\\u003c\/span\\u003e\\u003cb\\u003e najmen\u0161ie vinohradn\u00edcke oblasti sveta a\u00a0svetov\u00fa \u0161pi\u010dku z\u00e1rove\u0148\\u003c\/b\\u003e\\u003cspan style=\\u0022font-weight: 400;\\u0022\\u003e.\\u003c\/span\\u003e\\r\\n\\r\\n\\u003cspan style=\\u0022font-weight: 400;\\u0022\\u003eAk si po prech\u00e1dzke obcami a\u00a0pr\u00edrodou potrebujete odd\u00fdchnu\u0165 pri vode, odpor\u00fa\u010dame nav\u0161t\u00edvi\u0165 druh\u00fa najv\u00e4\u010d\u0161iu vodn\u00fa n\u00e1dr\u017e na\u00a0Slovensku \u2013 \\u003c\/span\\u003e\\u003cb\\u003eZempl\u00ednsku \u0160\u00edravu, alebo \\u003c\/b\\u003e\\u003cspan style=\\u0022font-weight: 400;\\u0022\\u003evyu\u017eite \\u003c\/span\\u003e\\u003cb\\u003ebaz\u00e9ny v Kalu\u017ei\\u003c\/b\\u003e\\u003cspan style=\\u0022font-weight: 400;\\u0022\\u003e \u010di 10 km vzdialen\u00e9 \\u003c\/span\\u003e\\u003cb\\u003e\\u003ca href=\\u0022https:\/\/www.kosiceregion.com\/sk\/poi\/rekreacne-stredisko-vinianske-jazero\\u0022 target=\\u0022_blank\\u0022 rel=\\u0022noopener\\u0022\\u003eVinianske jazero\\u003c\/a\\u003e.\\u003c\/b\\u003e\\u003cspan style=\\u0022font-weight: 400;\\u0022\\u003e\u00a0\\u003c\/span\\u003e\\r\\n\\r\\n\\u003cspan style=\\u0022font-weight: 400;\\u0022\\u003e\\u003ca href=\\u0022https:\/\/www.kosiceregion.com\/sk\/poi\/zemplinske-muzeum-v-michalovciach\\u0022 target=\\u0022_blank\\u0022 rel=\\u0022noopener\\u0022\\u003eM\u00fazeum, dvojkr\u00eddlov\u00fd ka\u0161tie\u013e\\u003c\/a\\u003e, \u010di gr\u00e9ckokatol\u00edcky \\u003c\/span\\u003e\\u003cb\\u003ebarokovo-klasicistick\u00fd chr\u00e1m z\u00a018. storo\u010dia n\u00e1jdete v\\u003c\/b\\u003e\\u003cspan style=\\u0022font-weight: 400;\\u0022\\u003e metropole Zempl\u00edna meste \\u003c\/span\\u003e\\u003cb\\u003eMichalovce.\\u003c\/b\\u003e \\u003cspan style=\\u0022font-weight: 400;\\u0022\\u003eBohat\u00fa hist\u00f3riu kraja pribli\u017euje \\u003ca href=\\u0022https:\/\/www.kosiceregion.com\/sk\/poi\/muzeum-a-kulturne-centrum-juzneho-zemplina-v-trebisove\\u0022 target=\\u0022_blank\\u0022 rel=\\u0022noopener\\u0022\\u003eVlastivedn\u00e9 m\u00fazeum\\u003c\/a\\u003e v\u00a0\\u003c\/span\\u003e\\u003cb\\u003eTrebi\u0161ove, \\u003c\/b\\u003e\\u003cspan style=\\u0022font-weight: 400;\\u0022\\u003etie\u017e katol\u00edcky \\u003c\/span\\u003e\\u003cb\\u003ekostol v\u00a0barokovom slohu.\\u003c\/b\\u003e\\u003cspan style=\\u0022font-weight: 400;\\u0022\\u003e V\u00a0katastri tohto mesta budete hne\u010f c\u00edti\u0165 stredovek\u00fa atmosf\u00e9ru \\u003c\/span\\u003e\\u003ca href=\\u0022https:\/\/www.kosiceregion.com\/sk\/poi\/hrad-paric\\u0022 target=\\u0022_blank\\u0022 rel=\\u0022noopener\\u0022\\u003e\\u003cb\\u003ehradu Pari\u010d \\u003c\/b\\u003e\\u003c\/a\\u003e\\u003cspan style=\\u0022font-weight: 400;\\u0022\\u003ea\\u003c\/span\\u003e \\u003cspan style=\\u0022font-weight: 400;\\u0022\\u003eve\u013emi pekn\u00fd park \\u003c\/span\\u003e\\u003cb\\u003es\u00a0hrobkou rodu Andr\u00e1ssyovcov. \\u003c\/b\\u003e\\u003cspan style=\\u0022font-weight: 400;\\u0022\\u003ePochovan\u00e1 je aj\\u003c\/span\\u003e \\u003cspan style=\\u0022font-weight: 400;\\u0022\\u003enav\u017edy nevyjasnen\u00e1 n\u00e1klonnos\u0165 a\u00a0bl\u00edzky vz\u0165ah J\u00faliusa Andr\u00e1ssyho st. s\u00a0cis\u00e1rovnou Al\u017ebetou Bavorskou, Sisi. Doteraz v\u0161ak \u017eije vin\u00e1rske dedi\u010dstvo jeho syna J\u00faliusa ml. - medzi riekami Dunaj a\u00a0Tisa sa vysadilo 800 tis\u00edc a\u017e mili\u00f3n saden\u00edc vini\u010da ro\u010dne. Okrem v\u00edna \u017eil J\u00falius Andr\u00e1ssy aj politikou, v poslednej uhorskej vl\u00e1de zast\u00e1val miesto ministra zahrani\u010dn\u00fdch vec\u00ed.\\u003c\/span\\u003e\\r\\n\\r\\n\\u003cspan style=\\u0022font-weight: 400;\\u0022\\u003eV\u00a0strede trojuholn\u00edka riek Latorica, Laborec a\u00a0Uh le\u017e\u00ed mesto\\u003c\/span\\u003e\\u003cb\\u003e Ve\u013ek\u00e9 Kapu\u0161any. \\u003c\/b\\u003e\\u003cspan style=\\u0022font-weight: 400;\\u0022\\u003eOdtia\u013e pokra\u010dujme do \\u003c\/span\\u003e\\u003cb\\u003eSobraniec\\u003c\/b\\u003e\\u003cspan style=\\u0022font-weight: 400;\\u0022\\u003e, kde nem\u00f4\u017eeme vynecha\u0165 m\u00fazeum so\\u003c\/span\\u003e\\u003cb\\u003e\u00a0\\u003ca href=\\u0022https:\/\/www.kosiceregion.com\/sk\/poi\/gitarove-muzeum-v-sobranciach\\u0022 target=\\u0022_blank\\u0022 rel=\\u0022noopener\\u0022\\u003ezbierkou viac ako 200 git\u00e1r z\u00a0cel\u00e9ho sveta\\u003c\/a\\u003e\\u003c\/b\\u003e\\u003cspan style=\\u0022font-weight: 400;\\u0022\\u003e. Je to jedno z\u00a0dvoch tak\u00fdchto m\u00faze\u00ed na\u00a0svete, druh\u00e9 sa nach\u00e1dza v\u00a0Amerike.\\u003c\/span\\u003e\\r\\n\\r\\n\\u003cspan style=\\u0022font-weight: 400;\\u0022\\u003eV\u00a0\u010dasoch sope\u010dnej \u010dinnosti pohoria a\u00a0zosuvom horsk\u00fdch mas\u00edvov bola vytvoren\u00e1 pr\u00edrodn\u00e1 barik\u00e1da zachyt\u00e1vaj\u00faca vodu, \u010d\u00edm vzniklo najzn\u00e1mej\u0161ie zo\u00a0zachoval\u00fdch jazier pohoria \\u003c\/span\\u003e\\u003cb\\u003e\\u003ca href=\\u0022https:\/\/www.kosiceregion.com\/sk\/poi\/jazero-morske-oko-vihorlat\\u0022 target=\\u0022_blank\\u0022 rel=\\u0022noopener\\u0022\\u003eMorsk\u00e9 oko\\u003c\/a\\u003e.\u00a0\u00a0\\u003c\/b\\u003e\\r\\n\\r\\n\\u003cspan style=\\u0022font-weight: 400;\\u0022\\u003eSvoje \u010daro pon\u00faka \\u003c\/span\\u003e\\u003ca href=\\u0022https:\/\/www.kosiceregion.com\/sk\/poi\/chram-prenesenia-ostatkov-svateho-mikulasa\\u0022 target=\\u0022_blank\\u0022 rel=\\u0022noopener\\u0022\\u003e\\u003cb\\u003edreven\u00e1 \u201ecerkev\u201c v\u00a0Ruskej Bystrej\\u003c\/b\\u003e\\u003c\/a\\u003e\\u003cspan style=\\u0022font-weight: 400;\\u0022\\u003e, ktorej unik\u00e1tnos\u0165 bola ocenen\u00e1 z\u00e1pisom do\u00a0Zoznamu svetov\u00e9ho pr\u00edrodn\u00e9ho a\u00a0kult\u00farneho dedi\u010dstva UNESCO spolu s\u00a0\u010fal\u0161\u00edmi siedmimi dreven\u00fdmi kostolmi Karpatsk\u00e9ho obl\u00faka.\u00a0\\u003c\/span\\u003e\\r\\n\\r\\n\\u003cspan style=\\u0022font-weight: 400;\\u0022\\u003eTo najlep\u0161ie mo\u017enosti turistick\u00e9ho vy\u017eitia poskytuje sope\u010dn\u00e9 pohorie \\u003c\/span\\u003e\\u003cb\\u003eSl\u00e1nske vrchy a\u00a0\\u003ca href=\\u0022https:\/\/www.kosiceregion.com\/sk\/poi\/vihorlatske-vrchy\\u0022 target=\\u0022_blank\\u0022 rel=\\u0022noopener\\u0022\\u003eVihorlat\\u003c\/a\\u003e\\u003c\/b\\u003e\\u003cspan style=\\u0022font-weight: 400;\\u0022\\u003e. \\u003c\/span\\u003e\",\"_text\":\"field_60bcc95038f27\",\"image\":11120,\"_image\":\"field_60bcc96c38f28\",\"video\":\"https:\/\/youtu.be\/hSgp5kPTZQc\",\"_video\":\"field_60bcd05f5a8d8\"},\"mode\":\"edit\"} \/-->\n\n<!-- wp:acf\/region-text-image-right-section {\"name\":\"acf\/region-text-image-right-section\",\"data\":{\"title\":\"Gastron\u00f3mia\",\"_title\":\"field_60bcc92838f26\",\"text\":\"\\u003cspan style=\\u0022font-weight: 400;\\u0022\\u003eZempl\u00ednska gastron\u00f3mia vynik\u00e1 hodnotn\u00fdmi surovinami \\u0022z vlastnej \u0161pajze\\u0022 roz\u013eahl\u00fdch pol\u00ed a ovocn\u00fdch sadov, ale pozna\u010den\u00e1 je najm\u00e4 \u010dasmi, kedy boli hlavn\u00fdmi surovinami v kuchyni kysl\u00e1 kapusta a zemiaky. Z mnoh\u00fdch tradi\u010dn\u00fdch jed\u00e1l vyber\u00e1me ciberej \u2013 mlie\u010dnu zemiakov\u00fa polievku, bor\u0161\u010d \u2013 polievku z \u010dervenej repy, ob\u013e\u00faben\u00fa najm\u00e4 v ruskej a ukrajinskej n\u00e1rodnej kuchyni, ktorej z\u00e1kladom je v\u00fdvar z kost\u00ed a m\u00e4sa a zmes osma\u017eenej zeleniny. Z kyslej kapusty a kapustovej vody sa var\u00ed polievka ju\u0161ka, zo zemiakov, z fazule a vody z kyslej kapusty roso\u013e alebo roso\u013eanka. Spomen\u00fa\u0165 je potrebn\u00e9 aj tradi\u010dn\u00e9 jedl\u00e1 ako hol\u00fabky, d\u017eatki, bandur\u010d\u00e1ky, hubov\u00fa ma\u010danku, hurky z mangalice \u010di\u00a0malohore\u0161sk\u00e9 bele\u0161e.\u00a0Kuchy\u0148a v\u00a0tejto oblasti rozvoniava aj n\u00ed\u017einnou zeleninou. Nezabudnite ochutna\u0165 dom\u00e1ci d\u017eem a sterilizovan\u00e9 su\u0161en\u00e9 ovocie. \u010eal\u0161\u00edmi v\u010fa\u010dn\u00fdmi surovinami je tu fazu\u013ea a mlieko. Jednou zo \u0161pecial\u00edt s\u00fa tatar\u010dene pirohy, ktor\u00fdch n\u00e1zov je odvoden\u00fd od tatarky (poh\u00e1nky), a jej n\u00e1zov je zas odvoden\u00fd od Tat\u00e1rov (pohanov), ktor\u00ed ju do na\u0161ej kuchyne priniesli. Sk\u00faste kr\u00e1\u013eovsk\u00e9 v\u00edno z Tokaja, najmen\u0161ej vinohradn\u00edckej oblasti Slovenska, objavte harmonick\u00e9 kombin\u00e1cie chut\u00ed a\u00a0v\u00f4ne.\\u003c\/span\\u003e\",\"_text\":\"field_60bcc95038f27\",\"image\":11134,\"_image\":\"field_60bcc96c38f28\",\"video\":\"https:\/\/youtu.be\/pM01UkeunI4\",\"_video\":\"field_60bcd05f5a8d8\"},\"mode\":\"edit\"} \/-->\n\n<!-- wp:acf\/region-text-image-left-section {\"name\":\"acf\/region-text-image-left-section\",\"data\":{\"title\":\"Typick\u00e9 produkty pre oblas\u0165\",\"_title\":\"field_60bcc92838f26\",\"text\":\"\\u003cspan style=\\u0022font-weight: 400;\\u0022\\u003eZ\u00e1padne od\u00a0Michaloviec prich\u00e1dzame do\u00a0zn\u00e1mej hrn\u010diarskej obce Pozdi\u0161ovce. Je to jedna z\u00a0m\u00e1la ded\u00edn, kde sa ru\u010dn\u00e1 v\u00fdroba \\u003c\/span\\u003e\\u003cb\\u003ekeramiky s\u00a0charakteristick\u00fdm ma\u013eovan\u00fdm dekorom\\u003c\/b\\u003e\\u003cspan style=\\u0022font-weight: 400;\\u0022\\u003e zachovala dodnes. Tokajsk\u00fd kraj nem\u00f4\u017eete opusti\u0165 bez f\u013ea\u0161e \\u003c\/span\\u003e\\u003cb\\u003ejedn\u00e9ho z\u00a0najchutnej\u0161\u00edch v\u00edn sveta. \\u003c\/b\\u003e\\u003cspan style=\\u0022font-weight: 400;\\u0022\\u003eMedzi typick\u00e9 produkty patria \\u003c\/span\\u003e\\u003cb\\u003ebylinn\u00e9 a ovocn\u00e9 sirupy, \u0161\u0165avy, su\u0161en\u00e9 bylinn\u00e9 zmesi\\u003c\/b\\u003e\\u003cspan style=\\u0022font-weight: 400;\\u0022\\u003e ru\u010dn\u00e9ho zberu a ru\u010dnej v\u00fdroby. Aj v\u00a0s\u00fa\u010dasnej dobe s\u00fa st\u00e1le akt\u00edvni mnoh\u00ed remeseln\u00edci, z\u00a0ktor\u00fdch dieln\u00ed so m\u00f4\u017eete odnies\u0165 \\u003c\/span\\u003e\\u003cb\\u003ev\u00fdrobky z ko\u017ee\\u003c\/b\\u003e\\u003cspan style=\\u0022font-weight: 400;\\u0022\\u003e, bi\u010de, pastierske kapsy, rozmanit\u00e9 \\u003c\/span\\u003e\\u003cb\\u003ev\u00fdrobky kov\u00e1\u010dov\\u003c\/b\\u003e\\u003cspan style=\\u0022font-weight: 400;\\u0022\\u003e alebo \\u003c\/span\\u003e\\u003cb\\u003eumeleck\u00e9 doplnky\\u003c\/b\\u003e\\u003cspan style=\\u0022font-weight: 400;\\u0022\\u003e z\u00a0kovu \u010di skla.\\u003c\/span\\u003e\",\"_text\":\"field_60bcc95038f27\",\"image\":11137,\"_image\":\"field_60bcc96c38f28\",\"video\":\"https:\/\/youtu.be\/_c7aW2uz2WA\",\"_video\":\"field_60bcd05f5a8d8\"},\"mode\":\"edit\"} \/-->\n\n<!-- wp:acf\/region-local-organization-section {\"name\":\"acf\/region-local-organization-section\",\"data\":{\"name\":\"Zempl\u00ednska OOCR\",\"_name\":\"field_60bdfa9e8a14f\",\"address\":\"N\u00e1mestie oslobodite\u013eov 30, 071 01 Michalovce\",\"_address\":\"field_60bdfac78a150\",\"email\":\"riaditel@dolnyzemplin.eu\",\"_email\":\"field_60bdfae38a151\",\"phone\":\"+421 905 435 882\",\"_phone\":\"field_60bdfb0e8a152\",\"website\":\"www.dolnyzemplin.eu\",\"_website\":\"field_60bdfb328a153\",\"logo\":10539,\"_logo\":\"field_60bdfb438a154\"},\"mode\":\"edit\"} \/-->","_sk_post_name":"region-zemplin-dolny-zemplin","_sk_post_excerpt":"","_sk_post_title":"Regi\u00f3n Zempl\u00edn (Doln\u00fd Zempl\u00edn)","_en_post_content":"","_en_post_name":"","_en_post_excerpt":"","_en_post_title":"","_hu_post_content":"","_hu_post_name":"","_hu_post_excerpt":"","_hu_post_title":"","_es_post_content":"","_es_post_name":"","_es_post_excerpt":"","_es_post_title":"","_de_post_content":"","_de_post_name":"","_de_post_excerpt":"","_de_post_title":"","_pl_post_content":"<!-- wp:acf\/region-text-map-section {\"name\":\"acf\/region-text-map-section\",\"data\":{\"field_60bca2eb0d20a\":\"Dolny Zemplin s\u0105siaduje od p\u00f3\u0142nocy z G\u00f3rnym Zemplinem, a od zachodu z regionem koszyckim. Jego wschodnia cz\u0119\u015b\u0107 stanowi granic\u0119 z Ukrain\u0105, za\u015b po\u0142udniowa z W\u0119grami. P\u00f3\u0142nocna cz\u0119\u015b\u0107 regionu to pasmo Karpat Zachodnich i Wyhorlat z widokowym szczytem Kamie\u0144 Sni\u0144ski (1005 m n.p.m.) Na po\u0142udnie, do powiatu Trebi\u0161ov, turyst\u00f3w przyci\u0105ga region winiarski Tokaj z malowniczymi miejscowo\u015bciami Mal\u00e1 T\u0155\u0148a i Ve\u013ek\u00e1 T\u0155\u0148a, gdzie powstaj\u0105 s\u0142ynne wina tokajskie.\\r\\n\\r\\nI w\u0142a\u015bnie zacieranie si\u0119 granic czyni region niezwykle bogatym pod wzgl\u0119dem przyrodniczym i kulturowym. Turyst\u00f3w przyci\u0105ga nie tylko tutejsza przyroda, lecz r\u00f3wnie\u017c wy\u015bmienite wino. Popularnym wakacyjnym kierunkiem jest zalew Zempl\u00ednska \u0160\u00edrava, ze wzgl\u0119du na imponuj\u0105c\u0105 powierzchni\u0119 nazywany s\u0142owackim morzem. Zbiornik jest wykorzystywany do uprawiania sport\u00f3w wodnych i aktywnego wypoczynku. Dolny Zemplin mo\u017ce si\u0119 poszczyci\u0107 tak\u017ce wieloma ekspozycjami muzealnymi. Warto przy okazji zwr\u00f3ci\u0107 uwag\u0119 na zabytkowe miasteczka, takie jak cho\u0107by\u00a0Michalovce, gdzie mo\u017cna zwiedzi\u0107 pa\u0142ac, uje\u017cd\u017calni\u0119 koni, rotund\u0119, rzymskokatolicki i greckokatolicki ko\u015bci\u00f3\u0142, czy Trebi\u0161ov, w kt\u00f3rym warto wybra\u0107 si\u0119 na spacer przez malowniczy historyczny park. Waszej uwadze z pewno\u015bci\u0105 nie umkn\u0105 takie ciekawostki jak ruiny zamku Pari\u010d, fundamenty \u015bredniowiecznego ko\u015bcio\u0142a \u015awi\u0119tego Ducha, dw\u00f3r z zabudowaniami gospodarczymi, mauzoleum hrabiego Gyuli Andr\u00e1ssy\u2019ego, figura Niepokalanej (Immaculata) czy stanowiska archeologiczne z czas\u00f3w prehistorycznych i okresu \u015bredniowiecza.\",\"field_60bca3270d20b\":\"10814\"},\"mode\":\"edit\"} \/-->\n\n<!-- wp:acf\/region-gallery-section {\"name\":\"acf\/region-gallery-section\",\"data\":{\"image\":11123,\"_image\":\"field_60bcbc877804c\",\"gallery\":[\"11090\",\"11091\",\"11092\",\"11093\",\"11094\",\"11095\",\"11096\",\"11097\",\"11098\",\"11099\",\"11100\",\"11101\",\"11104\",\"11105\",\"11106\",\"11107\",\"11108\",\"11110\",\"11111\",\"11112\",\"11113\",\"11114\",\"11115\",\"11116\",\"11117\",\"11118\",\"11119\",\"11120\",\"11121\",\"11122\",\"11123\",\"11124\",\"11125\"],\"_gallery\":\"field_60bcbd217804d\"},\"mode\":\"edit\"} \/-->\n\n<!-- wp:acf\/region-text-image-right-section {\"name\":\"acf\/region-text-image-right-section\",\"data\":{\"field_60bcc92838f26\":\"Najbardziej znane miejsca\",\"field_60bcc95038f27\":\"Bram\u0105 do Dolnego Zemplinu jest obszar, przez kt\u00f3ry przep\u0142ywa rzeka Bodrog. Znajduje si\u0119 na niej \\u003cstrong\\u003ejedyny port rzeczny w ca\u0142ym regionie.\\u003c\/strong\\u003e Niedaleko miejsca cumowania statk\u00f3w mo\u017cna odwiedzi\u0107 \\u003cstrong\\u003enajni\u017cej po\u0142o\u017cony punkt S\u0142owacji\\u003c\/strong\\u003e \\u003cstrong\\u003eKlin nad Bodrogom\\u003c\/strong\\u003e (94,3\u2009m n.p.m.). Ciekawostk\u0105 pobliskiego rezerwatu przyrody \\u003cstrong\\u003eTajba\\u003c\/strong\\u003e jest wyst\u0119powanie rzadkich \\u003cstrong\\u003e\u017c\u00f3\u0142wi b\u0142otnych.\\u003c\/strong\\u003e\\r\\n\\r\\nW \\u003cstrong\\u003eBor\u0161y koniecznie nale\u017cy zwiedzi\u0107\\u003c\/strong\\u003e pa\u0142ac \u017cupana szaryskiego i ksi\u0119cia Siedmiogrodu \\u003cstrong\\u003eFranciszka II Rakoczego\\u003c\/strong\\u003e, w kt\u00f3rym \u2013 jak m\u00f3wi\u0105 stare dokumenty \u2013 mia\u0142 on si\u0119 urodzi\u0107.\\r\\n\\r\\nW \\u003cstrong\\u003eVe\u013eatach\\u003c\/strong\\u003e mo\u017cna si\u0119 orze\u017awi\u0107 s\u0142on\u0105 wod\u0105 mineraln\u0105 i wyj\u015b\u0107 naprzeciw uciechom, jakich mo\u017ce dostarczy\u0107 tylko wino z tokajskich piwnic. \\u003cstrong\\u003eTokaj\\u003c\/strong\\u003e zajmuje powierzchni\u0119 907 hektar\u00f3w i cho\u0107 jest \\u003cstrong\\u003ejednym z najmniejszych region\u00f3w winiarskich na \u015bwiecie, produkuje si\u0119 tu wina najwy\u017cszej klasy.\\u003c\/strong\\u003e\\r\\n\\r\\nJe\u015bli po wyprawie po okolicy lub spacerze na \u0142onie natury zapragniecie relaksu nad wod\u0105, polecamy drugi co do wielko\u015bci zalew na S\u0142owacji \u2013 \\u003cstrong\\u003eZempl\u00ednsk\u0105 \u0160\u00edrav\u0119\\u003c\/strong\\u003e. Mo\u017cna te\u017c skorzysta\u0107 z \\u003cstrong\\u003ebasen\u00f3w w Kalu\u017ei\\u003c\/strong\\u003e albo wybra\u0107 si\u0119 nad oddalone o 10 km \\u003cstrong\\u003ejezioro Vinianske\\u003c\/strong\\u003e\\u003cstrong\\u003e.\\u003c\/strong\\u003e\\r\\n\\r\\n\\u003cstrong\\u003eMuzeum, dwuskrzyd\u0142owy pa\u0142ac\\u003c\/strong\\u003e i greckokatolick\u0105 \u015bwi\u0105tyni\u0119 \\u003cstrong\\u003ew stylu barokowo-klasycystycznym z XVIII wieku\\u003c\/strong\\u003e mo\u017cna podziwia\u0107 w stolicy regionu, Michalovcach. Bogat\u0105 histori\u0119 tego obszaru przedstawia \\u003cstrong\\u003emuzeum krajoznawcze\\u003c\/strong\\u003e w Trebi\u0161ovie, gdzie warto przy okazji zwr\u00f3ci\u0107 uwag\u0119 na \\u003cstrong\\u003eko\u015bci\u00f3\u0142 w stylu barokowym\\u003c\/strong\\u003e. I\u015bcie \u015bredniowieczn\u0105 atmosfer\u0119 mo\u017cna poczu\u0107 w okolicy, \\u003cstrong\\u003ena zamku Pari\u010d\\u003c\/strong\\u003e. Jednym z ciekawszych miejsc regionu jest tak\u017ce park z\u00a0\\u003cstrong\\u003emauzoleum, w kt\u00f3rym pochowani s\u0105 cz\u0142onkowie rodu Andr\u00e1ssy\\u003c\/strong\\u003e. Kryje si\u0119 tu tak\u017ce niewyja\u015bniona tajemnica bliskiej relacji Gyuli Andr\u00e1ssy\u2019ego z cesarzow\u0105 El\u017cbiet\u0105 Bawarsk\u0105, znan\u0105 jako Sisi. Po dzi\u015b dzie\u0144 trwa winiarskie dziedzictwo jego syna, Gyuli m\u0142odszego, kiedy to na terenach mi\u0119dzy Dunajem a Tis\u0105 sadzono od 800 tysi\u0119cy do miliona sadzonek winoro\u015bli rocznie. Jak wida\u0107 Gyula Andr\u00e1ssy \u017cy\u0142 winem, a drug\u0105 jego pasj\u0105 by\u0142a polityka. W ostatnim rz\u0105dzie w\u0119gierskim piastowa\u0142 nawet stanowisko ministra spraw zagranicznych.\\r\\n\\r\\nPo\u015brodku tr\u00f3jk\u0105ta, kt\u00f3ry tworz\u0105 rzeki Latorica, Laborec i\u00a0U\u017c le\u017cy miasto \\u003cstrong\\u003eVe\u013ek\u00e9 Kapu\u0161any\\u003c\/strong\\u003e. St\u0105d mo\u017cna si\u0119 wybra\u0107 do miejscowo\u015bci \\u003cstrong\\u003eSobrance\\u003c\/strong\\u003e i zwiedzi\u0107 \\u003cstrong\\u003emuzeum z ekspozycj\u0105 ponad 200 gitar z ca\u0142ego \u015bwiata.\\u003c\/strong\\u003e Jest to jedna z dw\u00f3ch tego typu kolekcji na \u015bwiecie. Druga znajduje si\u0119 w Ameryce.\\r\\n\\r\\nW czasach aktywno\u015bci wulkanicznej oraz na skutek przesuwania si\u0119 masyw\u00f3w g\u00f3rskich powsta\u0142 naturalny zbiornik zatrzymuj\u0105cy wod\u0119 i najbardziej znane spo\u015br\u00f3d zachowanych jezior pasma Wyhorlatu \\u003cstrong\\u003e\u2013 \\u003c\/strong\\u003e\\u003cstrong\\u003eMorskie Oko.\\u003c\/strong\\u003e\\r\\n\\r\\nUrzekaj\u0105ca \\u003cstrong\\u003edrewniana cerkiew w\u00a0Ruskiej Bystrej\\u003c\/strong\\u003e zosta\u0142a doceniona za sw\u0105 unikatowo\u015b\u0107 i trafi\u0142a na list\u0119 \u015bwiatowego dziedzictwa przyrodniczego i kulturowego UNESCO wraz z siedmioma innymi drewnianymi \u015bwi\u0105tyniami na \u0142uku karpackim.\\r\\n\\r\\nNajlepsze warunki do uprawiania turystyki zapewniaj\u0105 \\u003cstrong\\u003eG\u00f3ry Sla\u0144skie\\u003c\/strong\\u003e i \\u003cstrong\\u003eWyhorlat\\u003c\/strong\\u003e.\",\"field_60bcc96c38f28\":\"11120\",\"field_60bcd05f5a8d8\":\"https:\/\/youtu.be\/hSgp5kPTZQc\"},\"mode\":\"edit\"} \/-->\n\n<!-- wp:acf\/region-text-image-right-section {\"name\":\"acf\/region-text-image-right-section\",\"data\":{\"field_60bcc92838f26\":\"Kuchnia\",\"field_60bcc95038f27\":\"Kuchnia zempli\u0144ska odznacza si\u0119 najwy\u017cszej jako\u015bci sk\u0142adnikami \u201ez w\u0142asnej spi\u017carni\u201d, jakimi by\u0142y rozleg\u0142e pola i sady owocowe. Ale odcisn\u0119\u0142o si\u0119 na niej r\u00f3wnie\u017c pi\u0119tno czas\u00f3w, w kt\u00f3rych jedynymi dost\u0119pnymi produktami by\u0142y kiszona kapusta i ziemniaki. Spo\u015br\u00f3d wielu tradycyjnych potraw warto wspomnie\u0107 \\u003cem\\u003eciberej\\u003c\/em\\u003e \u2013 mleczn\u0105 zup\u0119 ziemniaczan\u0105, barszcz ukrai\u0144ski znany jako \\u003cem\\u003ebor\u0161\u010d\\u003c\/em\\u003e, przyrz\u0105dzany z burak\u00f3w, popularny zw\u0142aszcza w kuchni rosyjskiej i ukrai\u0144skiej, obowi\u0105zkowo na wywarze z ko\u015bci i mi\u0119sa, z dodatkiem duszonych warzyw. Z kiszonej kapusty i wody spod kapusty gotuje si\u0119 \\u003cem\\u003eju\u0161k\u0119\\u003c\/em\\u003e, z ziemniak\u00f3w, fasoli i wody spod kiszonej kapusty \u2013 \\u003cem\\u003eroso\u013e\\u003c\/em\\u003e lub \\u003cem\\u003eroso\u013eank\u0119\\u003c\/em\\u003e. Warto przypomnie\u0107 te\u017c tradycyjne potrawy, takie jak go\u0142\u0105bki, czyli \\u003cem\\u003ehol\u00fabky\\u003c\/em\\u003e albo \\u003cem\\u003ed\u017eatki\\u003c\/em\\u003e, czyli kluski z ziemniak\u00f3w, placki ziemniaczane, znane jako \\u003cem\\u003ebandur\u010d\u00e1ky\\u003c\/em\\u003e, zup\u0119 grzybow\u0105 o myl\u0105cej nazwie \\u003cem\\u003ehubov\u00e1 ma\u010danka\\u003c\/em\\u003e, kaszank\u0119 z mangalicy, zwan\u0105 przez miejscowych \\u003cem\\u003ehurka\\u003c\/em\\u003e czy placuszki przypominaj\u0105ce racuchy, znane jako \\u003cem\\u003emalohore\u0161sk\u00e9 bele\u0161e\\u003c\/em\\u003e.\u00a0Kuchnia tego regionu to aromat nizinnych warzyw. Skosztujcie tak\u017ce domowych d\u017cem\u00f3w i suszonych owoc\u00f3w. Typowymi sk\u0142adnikami tutejszych potraw s\u0105 fasola i mleko. Jednym ze specja\u0142\u00f3w za\u015b s\u0105 \\u003cem\\u003etatar\u010den\u00e9 pirohy\\u003c\/em\\u003e, czyli pierogi z ciasta z dodatkiem m\u0105ki gryczanej, od kt\u00f3rej wywodzi si\u0119 ich nazwa. W regionalnym dialekcie gryka, czyli s\u0142owacka \\u003cem\\u003epoh\u00e1nka,\\u003c\/em\\u003e to \\u003cem\\u003etatarka\\u003c\/em\\u003e. Nie spos\u00f3b nie dopatrze\u0107 si\u0119 tu skojarzenia z Tatarami, kt\u00f3rzy byli poganami i wprowadzili gryk\u0119 do miejscowej kuchni. Skosztujcie te\u017c kr\u00f3lewskich win z regionu Tokaj, najmniejszego regionu winiarskiego S\u0142owacji, odkrywaj\u0105c harmonijne kompozycje smak\u00f3w i aromat\u00f3w.\",\"field_60bcc96c38f28\":\"11134\",\"field_60bcd05f5a8d8\":\"https:\/\/youtu.be\/pM01UkeunI4\"},\"mode\":\"edit\"} \/-->\n\n<!-- wp:acf\/region-text-image-left-section {\"name\":\"acf\/region-text-image-left-section\",\"data\":{\"field_60bcc92838f26\":\"Wyroby regionalne\",\"field_60bcc95038f27\":\"Na zach\u00f3d od miasta Michalovce znajduje si\u0119 s\u0142yn\u0105ca z garncarstwa miejscowo\u015b\u0107 Pozdi\u0161ovce. To jedna z niewielu wiosek, w kt\u00f3rych przetrwa\u0142a \\u003cstrong\\u003er\u0119czna produkcja ceramiki\\u003c\/strong\\u003e z charakterystycznym \\u003cstrong\\u003emalowanym wzorem\\u003c\/strong\\u003e. Z regionu winiarskiego warto zabra\u0107 do domu butelk\u0119 \\u003cstrong\\u003ejednego z najwspanialszych win \u015bwiata\\u003c\/strong\\u003e. Do typowych produkt\u00f3w regionalnych zaliczaj\u0105 si\u0119 \\u003cstrong\\u003esyropy zio\u0142owe i owocowe, soki, r\u0119cznie zbierane i konfekcjonowane mieszanki zio\u0142owe.\\u003c\/strong\\u003e Wielu rzemie\u015blnik\u00f3w r\u00f3wnie\u017c dzi\u015b kontynuuje dawne tradycje, a w ich warsztatach mo\u017cna zakupi\u0107 \\u003cstrong\\u003ewyroby ze sk\u00f3ry,\\u003c\/strong\\u003e bicze, torby i sakwy pasterskie, rozmaite \\u003cstrong\\u003ewyroby kowalskie\\u003c\/strong\\u003e czy \\u003cstrong\\u003ewyroby z metalu i szk\u0142a.\\u003c\/strong\\u003e\",\"field_60bcc96c38f28\":\"11137\",\"field_60bcd05f5a8d8\":\"https:\/\/youtu.be\/_c7aW2uz2WA\"},\"mode\":\"edit\"} \/-->\n\n<!-- wp:acf\/region-local-organization-section {\"name\":\"acf\/region-local-organization-section\",\"data\":{\"name\":\"Zempl\u00ednska OOCR\",\"_name\":\"field_60bdfa9e8a14f\",\"address\":\"N\u00e1mestie oslobodite\u013eov 30, 071 01 Michalovce\",\"_address\":\"field_60bdfac78a150\",\"email\":\"info@zemplinregion.sk\",\"_email\":\"field_60bdfae38a151\",\"phone\":\"+421 918 473 656\",\"_phone\":\"field_60bdfb0e8a152\",\"website\":\"www.zemplinregion.sk\",\"_website\":\"field_60bdfb328a153\",\"logo\":10539,\"_logo\":\"field_60bdfb438a154\"},\"mode\":\"edit\"} \/-->","_pl_post_name":"","_pl_post_excerpt":"","_pl_post_title":"Region ZEMPLIN (Dolny Zemplin)","_it_post_content":"","_it_post_name":"","_it_post_excerpt":"","_it_post_title":"","edit_language":"hu","footnotes":""},"class_list":["post-10538","region","type-region","status-publish","format-standard","has-post-thumbnail","hentry"],"acf":[],"yoast_head":"<!-- This site is optimized with the Yoast SEO Premium plugin v25.5 (Yoast SEO v27.4) - https:\/\/yoast.com\/product\/yoast-seo-premium-wordpress\/ -->\n<title>Ko\u0161ice Regi\u00f3n<\/title>\n<meta name=\"robots\" content=\"index, follow, max-snippet:-1, max-image-preview:large, max-video-preview:-1\" \/>\n<link rel=\"canonical\" href=\"https:\/\/www.kosiceregion.com\/sk\/region\/region-zemplin-dolny-zemplin\/\" \/>\n<meta property=\"og:locale\" content=\"hu_HU\" \/>\n<meta property=\"og:type\" content=\"article\" \/>\n<meta property=\"og:title\" content=\"Regi\u00f3n Zempl\u00edn (Doln\u00fd Zempl\u00edn)\" \/>\n<meta property=\"og:url\" content=\"https:\/\/www.kosiceregion.com\/hu\/wp-json\/wp\/v2\/region\/10538\" \/>\n<meta property=\"og:site_name\" content=\"Ko\u0161ice Regi\u00f3n\" \/>\n<meta property=\"article:publisher\" content=\"https:\/\/www.facebook.com\/kosiceregion\" \/>\n<meta property=\"article:modified_time\" content=\"2025-10-28T13:28:18+00:00\" \/>\n<meta property=\"og:image\" content=\"https:\/\/www.kosiceregion.com\/wp-content\/uploads\/2023\/05\/20171018_120314.jpeg\" \/>\n\t<meta property=\"og:image:width\" content=\"2048\" \/>\n\t<meta property=\"og:image:height\" content=\"1152\" \/>\n\t<meta property=\"og:image:type\" content=\"image\/jpeg\" \/>\n<meta name=\"twitter:card\" content=\"summary_large_image\" \/>\n<meta name=\"twitter:site\" content=\"@KOSICEREGION\" \/>\n<meta name=\"twitter:label1\" content=\"Becs\u00fclt olvas\u00e1si id\u0151\" \/>\n\t<meta name=\"twitter:data1\" content=\"13 perc\" \/>\n<script type=\"application\/ld+json\" class=\"yoast-schema-graph\">{\"@context\":\"https:\\\/\\\/schema.org\",\"@graph\":[{\"@type\":\"WebPage\",\"@id\":\"https:\\\/\\\/www.kosiceregion.com\\\/sk\\\/region\\\/region-zemplin-dolny-zemplin\\\/\",\"url\":\"https:\\\/\\\/www.kosiceregion.com\\\/sk\\\/region\\\/region-zemplin-dolny-zemplin\\\/\",\"name\":\"Regi\u00f3n Zempl\u00edn (Doln\u00fd Zempl\u00edn) - Ko\u0161ice Regi\u00f3n\",\"isPartOf\":{\"@id\":\"https:\\\/\\\/www.kosiceregion.com\\\/#website\"},\"primaryImageOfPage\":{\"@id\":\"https:\\\/\\\/www.kosiceregion.com\\\/sk\\\/region\\\/region-zemplin-dolny-zemplin\\\/#primaryimage\"},\"image\":{\"@id\":\"https:\\\/\\\/www.kosiceregion.com\\\/sk\\\/region\\\/region-zemplin-dolny-zemplin\\\/#primaryimage\"},\"thumbnailUrl\":\"https:\\\/\\\/www.kosiceregion.com\\\/wp-content\\\/uploads\\\/2023\\\/05\\\/20171018_120314.jpeg\",\"datePublished\":\"2023-05-30T09:00:55+00:00\",\"dateModified\":\"2025-10-28T13:28:18+00:00\",\"breadcrumb\":{\"@id\":\"https:\\\/\\\/www.kosiceregion.com\\\/sk\\\/region\\\/region-zemplin-dolny-zemplin\\\/#breadcrumb\"},\"inLanguage\":\"hu\",\"potentialAction\":[{\"@type\":\"ReadAction\",\"target\":[\"https:\\\/\\\/www.kosiceregion.com\\\/sk\\\/region\\\/region-zemplin-dolny-zemplin\\\/\"]}]},{\"@type\":\"ImageObject\",\"inLanguage\":\"hu\",\"@id\":\"https:\\\/\\\/www.kosiceregion.com\\\/sk\\\/region\\\/region-zemplin-dolny-zemplin\\\/#primaryimage\",\"url\":\"https:\\\/\\\/www.kosiceregion.com\\\/wp-content\\\/uploads\\\/2023\\\/05\\\/20171018_120314.jpeg\",\"contentUrl\":\"https:\\\/\\\/www.kosiceregion.com\\\/wp-content\\\/uploads\\\/2023\\\/05\\\/20171018_120314.jpeg\",\"width\":2048,\"height\":1152},{\"@type\":\"BreadcrumbList\",\"@id\":\"https:\\\/\\\/www.kosiceregion.com\\\/sk\\\/region\\\/region-zemplin-dolny-zemplin\\\/#breadcrumb\",\"itemListElement\":[{\"@type\":\"ListItem\",\"position\":1,\"name\":\"Home\",\"item\":\"https:\\\/\\\/www.kosiceregion.com\\\/sk\\\/\"},{\"@type\":\"ListItem\",\"position\":2,\"name\":\"Regi\u00f3n Zempl\u00edn (Doln\u00fd Zempl\u00edn)\"}]},{\"@type\":\"WebSite\",\"@id\":\"https:\\\/\\\/www.kosiceregion.com\\\/#website\",\"url\":\"https:\\\/\\\/www.kosiceregion.com\\\/\",\"name\":\"Ko\u0161ice Regi\u00f3n\",\"description\":\"Turistick\u00fd sprievodca Ko\u0161ick\u00fdm krajom\",\"publisher\":{\"@id\":\"https:\\\/\\\/www.kosiceregion.com\\\/#organization\"},\"potentialAction\":[{\"@type\":\"SearchAction\",\"target\":{\"@type\":\"EntryPoint\",\"urlTemplate\":\"https:\\\/\\\/www.kosiceregion.com\\\/?s={search_term_string}\"},\"query-input\":{\"@type\":\"PropertyValueSpecification\",\"valueRequired\":true,\"valueName\":\"search_term_string\"}}],\"inLanguage\":\"hu\"},{\"@type\":\"Organization\",\"@id\":\"https:\\\/\\\/www.kosiceregion.com\\\/#organization\",\"name\":\"Ko\u0161ice Regi\u00f3n Turizmus\",\"url\":\"https:\\\/\\\/www.kosiceregion.com\\\/\",\"logo\":{\"@type\":\"ImageObject\",\"inLanguage\":\"hu\",\"@id\":\"https:\\\/\\\/www.kosiceregion.com\\\/#\\\/schema\\\/logo\\\/image\\\/\",\"url\":\"https:\\\/\\\/www.kosiceregion.com\\\/wp-content\\\/uploads\\\/2019\\\/03\\\/logo-web-sk.png\",\"contentUrl\":\"https:\\\/\\\/www.kosiceregion.com\\\/wp-content\\\/uploads\\\/2019\\\/03\\\/logo-web-sk.png\",\"width\":225,\"height\":100,\"caption\":\"Ko\u0161ice Regi\u00f3n Turizmus\"},\"image\":{\"@id\":\"https:\\\/\\\/www.kosiceregion.com\\\/#\\\/schema\\\/logo\\\/image\\\/\"},\"sameAs\":[\"https:\\\/\\\/www.facebook.com\\\/kosiceregion\",\"https:\\\/\\\/x.com\\\/KOSICEREGION\",\"https:\\\/\\\/www.instagram.com\\\/kosiceregion\",\"https:\\\/\\\/www.youtube.com\\\/kosiceregion\"]}]}<\/script>\n<!-- \/ Yoast SEO Premium plugin. -->","yoast_head_json":{"title":"Ko\u0161ice Regi\u00f3n","robots":{"index":"index","follow":"follow","max-snippet":"max-snippet:-1","max-image-preview":"max-image-preview:large","max-video-preview":"max-video-preview:-1"},"canonical":"https:\/\/www.kosiceregion.com\/sk\/region\/region-zemplin-dolny-zemplin\/","og_locale":"hu_HU","og_type":"article","og_title":"Regi\u00f3n Zempl\u00edn (Doln\u00fd Zempl\u00edn)","og_url":"https:\/\/www.kosiceregion.com\/hu\/wp-json\/wp\/v2\/region\/10538","og_site_name":"Ko\u0161ice Regi\u00f3n","article_publisher":"https:\/\/www.facebook.com\/kosiceregion","article_modified_time":"2025-10-28T13:28:18+00:00","og_image":[{"width":2048,"height":1152,"url":"https:\/\/www.kosiceregion.com\/wp-content\/uploads\/2023\/05\/20171018_120314.jpeg","type":"image\/jpeg"}],"twitter_card":"summary_large_image","twitter_site":"@KOSICEREGION","twitter_misc":{"Becs\u00fclt olvas\u00e1si id\u0151":"13 perc"},"schema":{"@context":"https:\/\/schema.org","@graph":[{"@type":"WebPage","@id":"https:\/\/www.kosiceregion.com\/sk\/region\/region-zemplin-dolny-zemplin\/","url":"https:\/\/www.kosiceregion.com\/sk\/region\/region-zemplin-dolny-zemplin\/","name":"Regi\u00f3n Zempl\u00edn (Doln\u00fd Zempl\u00edn) - Ko\u0161ice Regi\u00f3n","isPartOf":{"@id":"https:\/\/www.kosiceregion.com\/#website"},"primaryImageOfPage":{"@id":"https:\/\/www.kosiceregion.com\/sk\/region\/region-zemplin-dolny-zemplin\/#primaryimage"},"image":{"@id":"https:\/\/www.kosiceregion.com\/sk\/region\/region-zemplin-dolny-zemplin\/#primaryimage"},"thumbnailUrl":"https:\/\/www.kosiceregion.com\/wp-content\/uploads\/2023\/05\/20171018_120314.jpeg","datePublished":"2023-05-30T09:00:55+00:00","dateModified":"2025-10-28T13:28:18+00:00","breadcrumb":{"@id":"https:\/\/www.kosiceregion.com\/sk\/region\/region-zemplin-dolny-zemplin\/#breadcrumb"},"inLanguage":"hu","potentialAction":[{"@type":"ReadAction","target":["https:\/\/www.kosiceregion.com\/sk\/region\/region-zemplin-dolny-zemplin\/"]}]},{"@type":"ImageObject","inLanguage":"hu","@id":"https:\/\/www.kosiceregion.com\/sk\/region\/region-zemplin-dolny-zemplin\/#primaryimage","url":"https:\/\/www.kosiceregion.com\/wp-content\/uploads\/2023\/05\/20171018_120314.jpeg","contentUrl":"https:\/\/www.kosiceregion.com\/wp-content\/uploads\/2023\/05\/20171018_120314.jpeg","width":2048,"height":1152},{"@type":"BreadcrumbList","@id":"https:\/\/www.kosiceregion.com\/sk\/region\/region-zemplin-dolny-zemplin\/#breadcrumb","itemListElement":[{"@type":"ListItem","position":1,"name":"Home","item":"https:\/\/www.kosiceregion.com\/sk\/"},{"@type":"ListItem","position":2,"name":"Regi\u00f3n Zempl\u00edn (Doln\u00fd Zempl\u00edn)"}]},{"@type":"WebSite","@id":"https:\/\/www.kosiceregion.com\/#website","url":"https:\/\/www.kosiceregion.com\/","name":"Ko\u0161ice Regi\u00f3n","description":"Turistick\u00fd sprievodca Ko\u0161ick\u00fdm krajom","publisher":{"@id":"https:\/\/www.kosiceregion.com\/#organization"},"potentialAction":[{"@type":"SearchAction","target":{"@type":"EntryPoint","urlTemplate":"https:\/\/www.kosiceregion.com\/?s={search_term_string}"},"query-input":{"@type":"PropertyValueSpecification","valueRequired":true,"valueName":"search_term_string"}}],"inLanguage":"hu"},{"@type":"Organization","@id":"https:\/\/www.kosiceregion.com\/#organization","name":"Ko\u0161ice Regi\u00f3n Turizmus","url":"https:\/\/www.kosiceregion.com\/","logo":{"@type":"ImageObject","inLanguage":"hu","@id":"https:\/\/www.kosiceregion.com\/#\/schema\/logo\/image\/","url":"https:\/\/www.kosiceregion.com\/wp-content\/uploads\/2019\/03\/logo-web-sk.png","contentUrl":"https:\/\/www.kosiceregion.com\/wp-content\/uploads\/2019\/03\/logo-web-sk.png","width":225,"height":100,"caption":"Ko\u0161ice Regi\u00f3n Turizmus"},"image":{"@id":"https:\/\/www.kosiceregion.com\/#\/schema\/logo\/image\/"},"sameAs":["https:\/\/www.facebook.com\/kosiceregion","https:\/\/x.com\/KOSICEREGION","https:\/\/www.instagram.com\/kosiceregion","https:\/\/www.youtube.com\/kosiceregion"]}]}},"_links":{"self":[{"href":"https:\/\/www.kosiceregion.com\/hu\/wp-json\/wp\/v2\/region\/10538","targetHints":{"allow":["GET"]}}],"collection":[{"href":"https:\/\/www.kosiceregion.com\/hu\/wp-json\/wp\/v2\/region"}],"about":[{"href":"https:\/\/www.kosiceregion.com\/hu\/wp-json\/wp\/v2\/types\/region"}],"author":[{"embeddable":true,"href":"https:\/\/www.kosiceregion.com\/hu\/wp-json\/wp\/v2\/users\/3"}],"version-history":[{"count":6,"href":"https:\/\/www.kosiceregion.com\/hu\/wp-json\/wp\/v2\/region\/10538\/revisions"}],"predecessor-version":[{"id":15614,"href":"https:\/\/www.kosiceregion.com\/hu\/wp-json\/wp\/v2\/region\/10538\/revisions\/15614"}],"wp:featuredmedia":[{"embeddable":true,"href":"https:\/\/www.kosiceregion.com\/hu\/wp-json\/wp\/v2\/media\/11095"}],"wp:attachment":[{"href":"https:\/\/www.kosiceregion.com\/hu\/wp-json\/wp\/v2\/media?parent=10538"}],"curies":[{"name":"wp","href":"https:\/\/api.w.org\/{rel}","templated":true}]}}