{"id":10543,"date":"2023-05-30T11:10:05","date_gmt":"2023-05-30T09:10:05","guid":{"rendered":"https:\/\/www.kosiceregion.com\/sk\/?post_type=region&#038;p=10543"},"modified":"2024-03-20T09:21:32","modified_gmt":"2024-03-20T08:21:32","slug":"","status":"publish","type":"region","link":"https:\/\/www.kosiceregion.com\/it\/region\/region-spis-a-slovensky-raj\/","title":{"rendered":"","raw":""},"content":{"rendered":"","protected":false,"raw":""},"excerpt":{"rendered":"","protected":false,"raw":""},"author":3,"featured_media":3766,"menu_order":0,"template":"","format":"standard","meta":{"_acf_changed":false,"_sk_post_content":"<!-- wp:acf\/region-text-map-section {\"name\":\"acf\/region-text-map-section\",\"data\":{\"text\":\"\\u003cspan style=\\u0022font-weight: 400;\\u0022\\u003eSpi\u0161 je \u00fazem\u00edm Slovenska, ktor\u00e9 m\u00e1 v\u0161etky predpoklady by\u0165 ob\u013e\u00fabenou turistickou destin\u00e1ciou. Le\u017e\u00ed uprostred \u0161tyroch n\u00e1rodn\u00fdch parkov. Na severoz\u00e1pade otv\u00e1ra cestu do Tatransk\u00e9ho n\u00e1rodn\u00e9ho parku, smerom na sever sa m\u00f4\u017eete vybra\u0165 pozrie\u0165 si Pieninsk\u00fd n\u00e1rodn\u00fd park. Na juhov\u00fdchode je to N\u00e1rodn\u00fd park Slovensk\u00fd raj a\u00a0smerom juhoz\u00e1padn\u00fdm od regi\u00f3nu Spi\u0161 je zas N\u00e1rodn\u00fd park N\u00edzke Tatry.\\u003c\/span\\u003e\\r\\n\\r\\n\\u003cspan style=\\u0022font-weight: 400;\\u0022\\u003eAk\u00fdmko\u013evek smerom sa budete chcie\u0165 vybra\u0165, Spi\u0161 v\u00e1m len tak od\u00eds\u0165 nedovol\u00ed. Uchv\u00e1ti\u0165 dok\u00e1\u017eu jeho kotliny, ale aj neobvykle bohat\u00e1 klenotnica umelecko-historick\u00fdch pamiatok, najm\u00e4 gotickej a renesan\u010dnej architekt\u00fary, soch\u00e1rstva, n\u00e1stenn\u00e9ho i tabu\u013eov\u00e9ho maliarstva. Spi\u0161 sa ako regi\u00f3n p\u00fd\u0161i aj bohatstvom travert\u00ednov. Pr\u00e1ve v\u00a0tomto regi\u00f3ne n\u00e1jdete aj rozlohou najv\u00e4\u010d\u0161\u00ed hrad v\u00a0Eur\u00f3pe, Spi\u0161sk\u00fd hrad. Neskorogotick\u00fd dreven\u00fd olt\u00e1r v\u00a0kostole sv. Jakuba v\u00a0Levo\u010di zhotoven\u00fd z\u00a0lipov\u00e9ho dreva je najvy\u0161\u0161\u00ed svojho druhu na svete. Ve\u017ea kostola Nanebovzatia Panny M\u00e1rie, najvy\u0161\u0161ia ve\u017ea na Slovensku, tvor\u00ed zo v\u0161etk\u00fdch str\u00e1n najv\u00fdznamnej\u0161iu a\u00a0najcharakteristickej\u0161iu \u010das\u0165 siluety mesta Spi\u0161sk\u00e1 Nov\u00e1 Ves. Toto mesto sa pr\u00e1vom naz\u00fdva aj Br\u00e1nou do Slovensk\u00e9ho raja. U\u017e po kr\u00e1tkej prech\u00e1dzke pon\u00fakne tento n\u00e1rodn\u00fd park v\u00e1\u0161mu zraku nezabudnute\u013en\u00fd z\u00e1\u017eitok z Tom\u00e1\u0161ovsk\u00e9ho v\u00fdh\u013eadu. O\u010di z\u00a0cesty nespust\u00edte ani prechodom cez Prielom Horn\u00e1du, \u010di cez ties\u0148avy a\u00a0rokliny tohto n\u00e1rodn\u00e9ho parku. Vyh\u013ead\u00e1vanou je aj p\u00fatav\u00e1 najmen\u0161ia ZOO na Slovensku.\\u003c\/span\\u003e\",\"_text\":\"field_60bca2eb0d20a\",\"map\":10813,\"_map\":\"field_60bca3270d20b\"},\"mode\":\"preview\"} \/-->\n\n<!-- wp:acf\/region-gallery-section {\"name\":\"acf\/region-gallery-section\",\"data\":{\"image\":10781,\"_image\":\"field_60bcbc877804c\",\"gallery\":[\"6259\",\"10772\",\"10771\",\"10773\",\"10774\",\"10775\",\"10776\",\"10777\",\"10778\",\"10800\",\"10867\",\"10903\",\"10904\",\"10905\",\"10907\",\"10908\",\"10909\",\"10910\",\"10911\",\"10912\",\"10913\",\"10914\",\"10915\",\"10916\",\"10917\",\"10918\",\"10919\",\"10920\",\"10921\",\"10922\",\"10923\",\"10924\",\"10925\",\"10926\",\"10927\",\"10928\",\"10929\",\"10930\",\"10931\",\"10932\",\"10933\",\"10934\",\"10935\",\"10936\",\"10937\",\"10938\",\"10939\",\"10940\",\"10941\",\"10942\",\"10943\",\"10944\",\"10945\",\"10881\",\"10882\",\"10883\"],\"_gallery\":\"field_60bcbd217804d\"},\"mode\":\"edit\"} \/-->\n\n<!-- wp:acf\/region-text-image-right-section {\"name\":\"acf\/region-text-image-right-section\",\"data\":{\"title\":\"Najzn\u00e1mej\u0161ie miesta\",\"_title\":\"field_60bcc92838f26\",\"text\":\"\\u003cspan style=\\u0022font-weight: 400;\\u0022\\u003ePutovanie Spi\u0161om za\u010dneme rom\u00e1nsko-gotick\u00fdm klenotom, \\u003c\/span\\u003e\\u003ca href=\\u0022https:\/\/www.kosiceregion.com\/sk\/poi\/spissky-hrad-unesco\/\\u0022 target=\\u0022_blank\\u0022 rel=\\u0022noopener\\u0022\\u003e\\u003cb\\u003eSpi\u0161sk\u00fdm hradom\\u003c\/b\\u003e\\u003c\/a\\u003e\\u003cspan style=\\u0022font-weight: 400;\\u0022\\u003e, zap\u00edsan\u00fdm v\u00a0zoznamoch UNESCO. Pr\u00e1ve tu sa narodil posledn\u00fd uhorsk\u00fd kr\u00e1\u013e panuj\u00faci pred n\u00e1stupom dynastie Habsburgovcov \u2013 J\u00e1n Z\u00e1po\u013esk\u00fd. Hrad patr\u00ed medzi najrozsiahlej\u0161ie hradn\u00e9 komplexy Eur\u00f3py a je najv\u00e4\u010d\u0161\u00edm hradom na Slovensku.\\u003c\/span\\u003e\\r\\n\\r\\n\\u003cspan style=\\u0022font-weight: 400;\\u0022\\u003eT\u00e1to cesta stredovekom by mala nepochybne pokra\u010dova\u0165 prehliadkou \\u003c\/span\\u003e\\u003cb\\u003e\\u003ca href=\\u0022https:\/\/www.kosiceregion.com\/sk\/poi\/spisska-kapitula-unesco\/\\u0022 target=\\u0022_blank\\u0022 rel=\\u0022noopener\\u0022\\u003eSpi\u0161skej kapituly\\u003c\/a\\u003e, \\u003ca href=\\u0022https:\/\/www.kosiceregion.com\/sk\/poi\/katedrala-sv-martina-v-spisskej-kapitule\/\\u0022 target=\\u0022_blank\\u0022 rel=\\u0022noopener\\u0022\\u003eKatedr\u00e1ly sv. Martina a\u00a0lokality\\u003c\/a\\u003e tzv. \\u003ca href=\\u0022https:\/\/www.kosiceregion.com\/sk\/poi\/spissky-jeruzalem\/\\u0022 target=\\u0022_blank\\u0022 rel=\\u0022noopener\\u0022\\u003eSpi\u0161sk\u00e9ho Jeruzalema\\u003c\/a\\u003e.\\u003c\/b\\u003e\\u003cspan style=\\u0022font-weight: 400;\\u0022\\u003e Tou najlep\u0161ou odbo\u010dkou v\u00a0tejto oblasti je smer \\u003c\/span\\u003e\\u003ca href=\\u0022https:\/\/www.kosiceregion.com\/sk\/poi\/kostol-ducha-svateho-v-zehre-unesco\/\\u0022 target=\\u0022_blank\\u0022 rel=\\u0022noopener\\u0022\\u003e\\u003cb\\u003e\u017dehra\\u003c\/b\\u003e\\u003c\/a\\u003e\\u003cspan style=\\u0022font-weight: 400;\\u0022\\u003e a\u00a0jej ranogotick\u00fd \\u003c\/span\\u003e\\u003cb\\u003ekostol\u00edk Sv\u00e4t\u00e9ho Ducha s\u00a0jeho hodnotn\u00fdmi freskami.\\u003c\/b\\u003e\\u003cspan style=\\u0022font-weight: 400;\\u0022\\u003e Z pr\u00edrodn\u00fdch kr\u00e1s je to ne\u010faleko napr\u00edklad k \\u003c\/span\\u003e\\u003ca href=\\u0022https:\/\/www.kosiceregion.com\/sk\/poi\/skalne-mesto-drevenik\/\\u0022 target=\\u0022_blank\\u0022 rel=\\u0022noopener\\u0022\\u003e\\u003cb\\u003eDreven\u00edku\\u003c\/b\\u003e\\u003c\/a\\u003e\\u003cspan style=\\u0022font-weight: 400;\\u0022\\u003e \u2013 asi 2 km dlhej skalnatej plo\u0161ine s\u00a0typick\u00fdmi travert\u00ednov\u00fdmi ve\u017eami. Ide o\u00a0\\u003c\/span\\u003e\\u003cb\\u003enajv\u00e4\u010d\u0161\u00ed travert\u00ednov\u00fd \u00fatvar na\u00a0Slovensku\\u003c\/b\\u003e\\u003cspan style=\\u0022font-weight: 400;\\u0022\\u003e. O\u00a0hist\u00f3rii ne\u010falek\u00e9ho mesta stredovek\u00fdch \\u003c\/span\\u003e\\u003cb\\u003eSpi\u0161sk\u00fdch Vl\u00e1ch \\u003c\/b\\u003e\\u003cspan style=\\u0022font-weight: 400;\\u0022\\u003ehovoria me\u0161tianske domy, gotick\u00e1 radnica a\u00a0p\u00f4vodne rom\u00e1nsky kostol.\u00a0\\u003c\/span\\u003e\\r\\n\\r\\n\\u003cspan style=\\u0022font-weight: 400;\\u0022\\u003eAk sa vyd\u00e1me z\u00e1padn\u00fdm smerom, v\u00a0\\u003c\/span\\u003e\\u003cb\\u003eMarku\u0161ovciach\\u003c\/b\\u003e\\u003cspan style=\\u0022font-weight: 400;\\u0022\\u003e n\u00e1s up\u00fata n\u00e1dhern\u00fd renesan\u010dn\u00fd \\u003c\/span\\u003e\\u003cb\\u003e\\u003ca href=\\u0022https:\/\/www.kosiceregion.com\/sk\/poi\/kastiel-v-markusovciach\/\\u0022 target=\\u0022_blank\\u0022 rel=\\u0022noopener\\u0022\\u003eka\u0161tie\u013e\\u003c\/a\\u003e,\\u003c\/b\\u003e\\u003cspan style=\\u0022font-weight: 400;\\u0022\\u003e nesk\u00f4r rokokovo prestavan\u00fd. S\u00fa\u010das\u0165ou ka\u0161tie\u013ea je aj \\u003c\/span\\u003e\\u003cb\\u003efranc\u00fazsky park s\u00a0\\u003ca href=\\u0022https:\/\/www.kosiceregion.com\/sk\/poi\/kastiel-a-letohradok-dardanely-markusovce\/\\u0022 target=\\u0022_blank\\u0022 rel=\\u0022noopener\\u0022\\u003eletohr\u00e1dkom Dardanely. \\u003c\/a\\u003e\\u003c\/b\\u003e\\u003cspan style=\\u0022font-weight: 400;\\u0022\\u003eAsi 5 kilometrov od obce Marku\u0161ovce sa nach\u00e1dza zn\u00e1my pr\u00edrodn\u00fd \u00fatvar ne\u017eivej pr\u00edrody, stret dvoch r\u00f4znych geologick\u00fdch vrstiev, \\u003c\/span\\u003e\\u003cb\\u003e\\u003ca href=\\u0022https:\/\/www.kosiceregion.com\/sk\/poi\/markusovsky-skalny-hrib\/\\u0022 target=\\u0022_blank\\u0022 rel=\\u0022noopener\\u0022\\u003eMarku\u0161ovsk\u00fd skaln\u00fd hr\u00edb\\u003c\/a\\u003e. \\u003c\/b\\u003e\\u003cspan style=\\u0022font-weight: 400;\\u0022\\u003eVysok\u00fd je pribli\u017ene osem metrov. Vplyv vetrov, da\u017e\u010fov a\u00a0mrazov sa v\u00fdraznej\u0161ie prejavuje na\u00a0\u201enohe\u201c, ktor\u00e1 r\u00fdchlej\u0161ie zvetr\u00e1va, \u201eklob\u00fak\u201c je vo\u010di pr\u00edrodn\u00fdm vplyvom odolnej\u0161\u00ed.\u00a0\\u003c\/span\\u003e\\r\\n\\r\\n\\u003cspan style=\\u0022font-weight: 400;\\u0022\\u003e\u010ealej n\u00e1s Horn\u00e1d neomylne privedie do \\u003c\/span\\u003e\\u003cb\\u003eSpi\u0161skej Novej Vsi\\u003c\/b\\u003e\\u003cspan style=\\u0022font-weight: 400;\\u0022\\u003e, kde u\u017e z\u00a0dia\u013eky bude siluetu mesta tvori\u0165 \\u003c\/span\\u003e\\u003cb\\u003enajvy\u0161\u0161ia kostoln\u00e1 ve\u017ea na\u00a0Slovensku (87m)\\u003c\/b\\u003e\\u003cspan style=\\u0022font-weight: 400;\\u0022\\u003e farsk\u00e9ho kostola Nanebovzatia Panny M\u00e1rie z\u00a0polovice 14. storo\u010dia. Z historick\u00e9ho obdobia sa zachoval aj klasicistick\u00fd evanjelick\u00fd kostol z\u00a0konca 18. storo\u010dia, impozantn\u00e9 je aj \\u003c\/span\\u003e\\u003cb\\u003enajv\u00e4\u010d\u0161ie \u0161o\u0161ovkovit\u00e9 n\u00e1mestie na\u00a0Slovensku, \\u003c\/b\\u003e\\u003cspan style=\\u0022font-weight: 400;\\u0022\\u003evybudovan\u00e9 z\u00a0me\u0161tianskych a\u00a0remeseln\u00edckych domov i\u00a0klasicistickej radnice, ktor\u00e9 spolu pod\u00e1vaj\u00fa predstavu o\u00a0v\u00fdzname tohto mesta v\u00a0minulosti.\\u003c\/span\\u003e\\r\\n\\r\\n\\u003cspan style=\\u0022font-weight: 400;\\u0022\\u003eDoslova kult\u00farno-historick\u00fdm pokladom medzi slovensk\u00fdmi mestami je starobyl\u00e9 mesto \\u003c\/span\\u003e\\u003cb\\u003eLevo\u010da\\u003c\/b\\u003e\\u003cspan style=\\u0022font-weight: 400;\\u0022\\u003e so svojim farsk\u00fdm Kostolom sv. Jakuba zo 14. storo\u010dia a jeho mimoriadne cenn\u00fdm interi\u00e9rom stredovek\u00e9ho sakr\u00e1lneho umenia. Neskorogotick\u00fd \\u003c\/span\\u003e\\u003cb\\u003edreven\u00fd hlavn\u00fd olt\u00e1r sv. Jakuba\\u003c\/b\\u003e\\u003cspan style=\\u0022font-weight: 400;\\u0022\\u003e z lipov\u00e9ho dreva je s v\u00fd\u0161kou 18,6 m \\u003c\/span\\u003e\\u003cb\\u003enajvy\u0161\u0161\u00ed svojho druhu na svete\\u003c\/b\\u003e\\u003cspan style=\\u0022font-weight: 400;\\u0022\\u003e. Pri prech\u00e1dzke mestom ka\u017ed\u00e9ho u\u017e na prv\u00fd poh\u013ead zaujme renesan\u010dn\u00fd \\u003c\/span\\u003e\\u003cb\\u003eThurzov dom \u010di Radnica\\u003c\/b\\u003e\\u003cspan style=\\u0022font-weight: 400;\\u0022\\u003e, ktorej p\u00f4vod siaha do 15. storo\u010dia.\u00a0\\u003c\/span\\u003e\\r\\n\\r\\n\\u003cspan style=\\u0022font-weight: 400;\\u0022\\u003eJednou z\u00a0neodmyslite\u013enou zast\u00e1vok v\u00a0putovan\u00ed na\u00a0Spi\u0161i je podmaniv\u00e1 krajina \\u003c\/span\\u003e\\u003cb\\u003es\u00a0bralami a\u00a0roklinami Slovensk\u00e9ho raja\\u003c\/b\\u003e\\u003cspan style=\\u0022font-weight: 400;\\u0022\\u003e, prechod \\u003ca href=\\u0022https:\/\/www.kosiceregion.com\/sk\/poi\/slovensky-raj-prielom-hornadu-kanony\/\\u0022 target=\\u0022_blank\\u0022 rel=\\u0022noopener\\u0022\\u003ePrielomom Horn\u00e1du\\u003c\/a\\u003e a \\u003ca href=\\u0022https:\/\/www.kosiceregion.com\/sk\/poi\/slovensky-raj-sucha-bela\/\\u0022 target=\\u0022_blank\\u0022 rel=\\u0022noopener\\u0022\\u003eSuchou Belou\\u003c\/a\\u003e.\u00a0\\u003c\/span\\u003e\\r\\n\\r\\n\\u003cspan style=\\u0022font-weight: 400;\\u0022\\u003e\u010carovn\u00e9 na Spi\u0161i je aj obdobie zimy, kedy pon\u00faka aj akt\u00edvne vy\u017eitie v\u00a0mnoh\u00fdch \\u003c\/span\\u003e\\u003cb\\u003ely\u017eiarskych stredisk\u00e1ch,\\u003c\/b\\u003e\\u003cspan style=\\u0022font-weight: 400;\\u0022\\u003e napr\u00edklad Krompachy - \\u003ca href=\\u0022https:\/\/www.kosiceregion.com\/sk\/poi\/relax-center-plejsy\/\\u0022 target=\\u0022_blank\\u0022 rel=\\u0022noopener\\u0022\\u003ePlejsy\\u003c\/a\\u003e alebo \\u003ca href=\\u0022https:\/\/www.kosiceregion.com\/sk\/poi\/mlynky-biele-vody\/\\u0022 target=\\u0022_blank\\u0022 rel=\\u0022noopener\\u0022\\u003eMlynky\\u003c\/a\\u003e.\u00a0\\u003c\/span\\u003e\\u003cspan style=\\u0022font-weight: 400;\\u0022\\u003eMinulos\u0165 tu zanechala nezmazate\u013en\u00fa pe\u010da\u0165 v\u00a0architekt\u00fare bansk\u00fdch domov a\u00a0ban\u00edckych m\u00faze\u00ed. Azda \\u003c\/span\\u003e\\u003cb\\u003enajdlh\u0161ou dedinou\\u003c\/b\\u003e\\u003cspan style=\\u0022font-weight: 400;\\u0022\\u003e v\u00a0Ko\u0161ickom samospr\u00e1vnom kraji je ne\u010falek\u00fd \\u003c\/span\\u003e\\u003cb\\u003eHnil\u010d\u00edk\\u003c\/b\\u003e\\u003cspan style=\\u0022font-weight: 400;\\u0022\\u003e. \\u003c\/span\\u003e\\r\\n\\r\\n\\u003cspan style=\\u0022font-weight: 400;\\u0022\\u003eNajv\u00fdznamnej\u0161ie pamiatky gotiky na\u00a0Spi\u0161i sp\u00e1ja \\u003c\/span\\u003e\\u003cb\\u003eGotick\u00e1 cesta\\u003c\/b\\u003e\\u003cspan style=\\u0022font-weight: 400;\\u0022\\u003e, ktor\u00e1 vedie aj \u00fazem\u00edm Gemera.\\u003c\/span\\u003e\",\"_text\":\"field_60bcc95038f27\",\"image\":3714,\"_image\":\"field_60bcc96c38f28\",\"video\":\"https:\/\/youtu.be\/c-LfOsHddzY\",\"_video\":\"field_60bcd05f5a8d8\"},\"mode\":\"preview\"} \/-->\n\n<!-- wp:acf\/region-text-image-left-section {\"name\":\"acf\/region-text-image-left-section\",\"data\":{\"title\":\"Menej zn\u00e1me lokality\",\"_title\":\"field_60bcc92838f26\",\"text\":\"\\u003cspan style=\\u0022font-weight: 400;\\u0022\\u003eScen\u00e9riu Spi\u0161skej Novej Vsi dotv\u00e1ra na jej okraji \\u003c\/span\\u003e\\u003cb\\u003enajmen\u0161ia a\u00a0najmlad\u0161ia\\u003ca href=\\u0022https:\/\/www.kosiceregion.com\/sk\/poi\/zoo-spisska-nova-ves\/\\u0022 target=\\u0022_blank\\u0022 rel=\\u0022noopener\\u0022\\u003e ZOO Slovenska\\u003c\/a\\u003e\\u003c\/b\\u003e\\u003cspan style=\\u0022font-weight: 400;\\u0022\\u003e. Mno\u017estvo drev\u00edn poskytuje pr\u00edjemn\u00fd chl\u00e1dok pre zvierat\u00e1 i n\u00e1v\u0161tevn\u00edkov. Spi\u0161 sa stal domovom pre ve\u013ek\u00fa \u010das\u0165 rodiny \\u003c\/span\\u003e\\u003cb\\u003eM.R. \u0160tef\u00e1nika\\u003c\/b\\u003e\\u003cspan style=\\u0022font-weight: 400;\\u0022\\u003e, priamo v\u00a0Spi\u0161skej Novej Vsi sa nach\u00e1dza \u00fadajne \\u003c\/span\\u003e\\u003cb\\u003enajkraj\u0161\u00ed pam\u00e4tn\u00edk\\u003c\/b\\u003e\\u003cspan style=\\u0022font-weight: 400;\\u0022\\u003e jeho menu a dom, kde \u017eila a\u00a0zomrela \u0160tef\u00e1nikova matka Albert\u00edna u\u00a0jeho mlad\u0161ieho brata Ladislava. Len nieko\u013eko metrov od ich domu sa v\u00a0parku pod najvy\u0161\u0161ou ve\u017eou nach\u00e1dza aj \\u003c\/span\\u003e\\u003cb\\u003ePam\u00e4tn\u00edk elektrifik\u00e1cie mesta\\u003c\/b\\u003e\\u003cspan style=\\u0022font-weight: 400;\\u0022\\u003e (1894), preto\u017ee Spi\u0161sk\u00e1 Nov\u00e1 Ves predbehla elektrifik\u00e1ciou aj Bratislavu a\u00a0in\u00e9 eur\u00f3pske metropoly.\\u003c\/span\\u003e\\r\\n\\r\\n\\u003cspan style=\\u0022font-weight: 400;\\u0022\\u003eBl\u00edzka \\u003c\/span\\u003e\\u003cb\\u003eobec Smi\u017eany, najv\u00e4\u010d\u0161ia na Slovensku, \\u003c\/b\\u003e\\u003cspan style=\\u0022font-weight: 400;\\u0022\\u003em\u00e1 v ponuke expoz\u00edciu v\u00a0rodnom dome zn\u00e1meho bojovn\u00edka z\u00a0\u010dias II. svetovej vojny \\u003c\/span\\u003e\\u003cb\\u003ekpt. J\u00e1na N\u00e1lepku\\u003c\/b\\u003e\\u003cspan style=\\u0022font-weight: 400;\\u0022\\u003e a hodnotn\u00fd, hoci u\u017e mnohokr\u00e1t prestavan\u00fd \\u003c\/span\\u003e\\u003cb\\u003eranogotick\u00fd kostol \\u003c\/b\\u003e\\u003cspan style=\\u0022font-weight: 400;\\u0022\\u003ez\u00a0polovice 13. storo\u010dia.\u00a0\\u003c\/span\\u003e\\r\\n\\r\\n\\u003cspan style=\\u0022font-weight: 400;\\u0022\\u003eZo Smi\u017eian je to len na skok do Slovensk\u00e9ho raja, na miesta skuto\u010dn\u00e9ho pr\u00edrodn\u00e9ho a\u00a0turistick\u00e9ho osvie\u017eenia, nezabudnute\u013en\u00fdm z\u00e1\u017eitkom v\u00e1m bude \\u003c\/span\\u003e\\u003cb\\u003eKyse\u013e \u2013 ferrata\\u003c\/b\\u003e\\u003cspan style=\\u0022font-weight: 400;\\u0022\\u003e alebo \\u003c\/span\\u003e\\u003cb\\u003esvetov\u00fd unik\u00e1t Kopanick\u00e9 l\u00faky\\u003c\/b\\u003e\\u003cspan style=\\u0022font-weight: 400;\\u0022\\u003e. Juh Slovensk\u00e9ho raja je ob\u013e\u00faben\u00fd pre \\u003c\/span\\u003e\\u003cb\\u003evodn\u00fa n\u00e1dr\u017e \\u003ca href=\\u0022https:\/\/www.kosiceregion.com\/sk\/poi\/palcmanska-masa\/\\u0022 target=\\u0022_blank\\u0022 rel=\\u0022noopener\\u0022\\u003ePalcmansk\u00e1 Ma\u0161a\\u003c\/a\\u003e\\u003c\/b\\u003e\\u003cspan style=\\u0022font-weight: 400;\\u0022\\u003e pod ju\u017en\u00fdmi \\u003c\/span\\u003e\\u003cb\\u003eskalnat\u00fdmi zr\u00e1zmi Ger\u00e1v\\u003c\/b\\u003e\\u003cspan style=\\u0022font-weight: 400;\\u0022\\u003e a\u00a0bl\u00edzke ubytovacie, \u0161portov\u00e9 a rekrea\u010dn\u00e9 zariadenia.\\u003c\/span\\u003e\\r\\n\\r\\n\\u003cspan style=\\u0022font-weight: 400;\\u0022\\u003eV\u00a0letn\u00fdch hor\u00fa\u010dav\u00e1ch v\u00e1m odpor\u00fa\u010dame \\u003c\/span\\u003e\\u003cb\\u003ebiok\u00fapalisko \\u003c\/b\\u003e\\u003cspan style=\\u0022font-weight: 400;\\u0022\\u003ev\u00a0rekrea\u010dnej oblasti Levo\u010dsk\u00e1 dolina pri meste Levo\u010da. \\u003c\/span\\u003e\\u003cb\\u003eEvanjelick\u00fd kostol\\u003c\/b\\u003e\\u003cspan style=\\u0022font-weight: 400;\\u0022\\u003e sa nach\u00e1dza v ju\u017enej \u010dasti levo\u010dsk\u00e9ho n\u00e1mestia. Vo vn\u00fatri sa nach\u00e1dzaj\u00fa tri empory, na ktor\u00fdch je organ, arch\u00edv a hodnotn\u00e1 kni\u017enica.\u00a0\\u003c\/span\\u003e\\r\\n\\r\\n\\u003cspan style=\\u0022font-weight: 400;\\u0022\\u003eJeden z posledn\u00fdch \\u003c\/span\\u003e\\u003ca href=\\u0022https:\/\/www.kosiceregion.com\/sk\/poi\/dreveny-kryty-most-v-kluknave\/\\u0022 target=\\u0022_blank\\u0022 rel=\\u0022noopener\\u0022\\u003e\\u003cb\\u003ehistorick\u00fdch kryt\u00fdch dreven\u00fdch mostov\\u003c\/b\\u003e\\u003c\/a\\u003e\\u003cspan style=\\u0022font-weight: 400;\\u0022\\u003e na Slovensku sa nach\u00e1dza \\u003c\/span\\u003e\\u003cb\\u003ev\u00a0Kluknave\\u003c\/b\\u003e\\u003cspan style=\\u0022font-weight: 400;\\u0022\\u003e. O jeho kvalite vypoved\u00e1 skuto\u010dnos\u0165, \u017ee most sa do\u010dkal svojej prvej gener\u00e1lky a\u017e o sto rokov. Uprostred dediny \\u003c\/span\\u003e\\u003cb\\u003eKluknava \\u003c\/b\\u003e\\u003cspan style=\\u0022font-weight: 400;\\u0022\\u003esa nach\u00e1dza \\u003c\/span\\u003e\\u003cb\\u003ezvonica sv. Flori\u00e1na\\u003c\/b\\u003e\\u003cspan style=\\u0022font-weight: 400;\\u0022\\u003e z roku1795.\u00a0\\u003c\/span\\u003e\\r\\n\\r\\n\\u003cspan style=\\u0022font-weight: 400;\\u0022\\u003eZ ve\u013ek\u00e9ho stredovek\u00e9ho Spi\u0161sk\u00e9ho hradu sa m\u00f4\u017eete vybra\u0165 \u010falej k mal\u00e9mu kostol\u00edku \\u003c\/span\\u003e\\u003cb\\u003ev\u00a0Chrasti nad Horn\u00e1dom\\u003c\/b\\u003e\\u003cspan style=\\u0022font-weight: 400;\\u0022\\u003e, postavenom \\u003c\/span\\u003e\\u003cb\\u003ena\u00a0unik\u00e1tnej pieskovcovej Farskej skale\\u003c\/b\\u003e\\u003cspan style=\\u0022font-weight: 400;\\u0022\\u003e. Je pova\u017eovan\u00fd za jednu z\u00a0najstar\u0161\u00edch sakr\u00e1lnych stavieb na\u00a0Slovensku. \u017diaden turista by nemal ob\u00eds\u0165 ani \\u003c\/span\\u003e\\u003cb\\u003eSpi\u0161sk\u00fd Hru\u0161ov s\u00a0renesan\u010dno-barokov\u00fdm ka\u0161tie\u013eom\\u003c\/b\\u003e\\u003cspan style=\\u0022font-weight: 400;\\u0022\\u003e. Najv\u00e4\u010d\u0161ou pamiatkou v\u00a0obci \\u003c\/span\\u003e\\u003cb\\u003eBijacovce je Cs\u00e1kyho ka\u0161tie\u013e\\u003c\/b\\u003e\\u003cspan style=\\u0022font-weight: 400;\\u0022\\u003e poch\u00e1dzaj\u00faci z 18. storo\u010dia a je typick\u00fdm neskorobarokov\u00fdm, respekt\u00edve rokokovo-klasicistick\u00fdm obytn\u00fdm objektom.\u00a0\\u003c\/span\\u003e\\r\\n\\r\\n\\u003cspan style=\\u0022font-weight: 400;\\u0022\\u003eAk by ste chceli vidie\u0165 e\u0161te jednu z\u00a0ve\u013ek\u00fdch \\u003c\/span\\u003e\\u003cb\\u003ebansk\u00fdch obc\u00ed\\u003c\/b\\u003e\\u003cspan style=\\u0022font-weight: 400;\\u0022\\u003e, m\u00f4\u017eete z\u00e1js\u0165 do \\u003c\/span\\u003e\\u003cb\\u003eRud\u0148an\\u003c\/b\\u003e\\u003cspan style=\\u0022font-weight: 400;\\u0022\\u003e. Ban\u00edctvom sa tu \u013eudia \u017eivili u\u017e v\u00a014. storo\u010d\u00ed. \u0164a\u017eili striebro, me\u010f, neskor\u0161ie i\u00a0\u017eelezo a\u00a0ortu\u0165. Horsk\u00e1 ban\u00edcka obec \\u003c\/span\\u003e\\u003cb\\u003ePor\u00e1\u010d\\u003c\/b\\u003e\\u003cspan style=\\u0022font-weight: 400;\\u0022\\u003e spolu s\u00a0prekr\u00e1snou Por\u00e1\u010dskou dolinou je dnes strediskom cestovn\u00e9ho ruchu s\u00a0mnoh\u00fdmi atrakciami a\u00a0ly\u017eiarskymi vlekmi.\\u003c\/span\\u003e \\u003cspan style=\\u0022font-weight: 400;\\u0022\\u003eV\u00a0lete je pre turistov zauj\u00edmav\u00e1 aj \\u003c\/span\\u003e\\u003cb\\u003eHnileck\u00e1 cyklomagistr\u00e1la. Gelnica pon\u00faka\\u003c\/b\\u003e\\u003cspan style=\\u0022font-weight: 400;\\u0022\\u003e\\u003ca href=\\u0022https:\/\/www.kosiceregion.com\/sk\/poi\/stolna-jozef-a-bansky-skanzen\/\\u0022 target=\\u0022_blank\\u0022 rel=\\u0022noopener\\u0022\\u003e bansk\u00fd skanz\u00e9n\\u003c\/a\\u003e, Pochwerk, dedi\u010dn\u00fa \\u003ca href=\\u0022https:\/\/www.kosiceregion.com\/sk\/poi\/stolna-jozef-a-bansky-skanzen\/\\u0022 target=\\u0022_blank\\u0022 rel=\\u0022noopener\\u0022\\u003e\u0161t\u00f4l\u0148u Jozef\\u003c\/a\\u003e, kysl\u00edkov\u00e9 trasy \u010di ban\u00edcke m\u00fazeum.\\u003c\/span\\u003e\",\"_text\":\"field_60bcc95038f27\",\"image\":10760,\"_image\":\"field_60bcc96c38f28\",\"video\":\"https:\/\/youtu.be\/KBEarjqM6Y4\",\"_video\":\"field_60bcd05f5a8d8\"},\"mode\":\"preview\"} \/-->\n\n<!-- wp:acf\/region-text-image-right-section {\"name\":\"acf\/region-text-image-right-section\",\"data\":{\"title\":\"Gastron\u00f3mia\",\"_title\":\"field_60bcc92838f26\",\"text\":\"Sk\u00f4r ne\u017e spomenieme legend\u00e1rne spi\u0161sk\u00e9 p\u00e1rky \u010di spi\u0161sk\u00e9 pirohy, na spi\u0161sk\u00fd st\u00f4l prestrieme polievku- kminovu polifku, \u010do bola polievka s km\u00ednom, \u010di lahodn\u00fa bryndzovu polifku. Tak ako pri tejto polievke bola z\u00e1rukou jej chuti kvalitn\u00e1 bryndza, k tajomstvu v\u00fdroby kvalitn\u00fdch spi\u0161sk\u00fdch p\u00e1rkov patrilo kvalitn\u00e9 m\u00e4so, v\u00fdhradne z vysokohorsk\u00fdch pastv\u00edn, paprika a pochutiny, ktor\u00e9 dod\u00e1vali v\u00fdrobkom pr\u00edzna\u010dn\u00fa chu\u0165. D\u00f4le\u017eit\u00fd bol aj druh dreva, ktor\u00fdm sa v\u00fdrobky \u00fadili. P\u00e1rky sa jedli z\u00e1sadne rukami a zn\u00e1mkou kvality bolo prasknutie pri zahryznut\u00ed. Ale Spi\u0161\u00a0 nie je iba o p\u00e1rkoch, typick\u00e9 s\u00fa vari\u00e1cie zo zemiakov, tradi\u010dn\u00e9\u00a0 jedl\u00e1, plnen\u00e9 pirohy, halu\u0161ky, samozrejme s v\u00fdbornou, zdravou bryndzou s pr\u00edchu\u0165ou kvet\u00edn a byl\u00edn spi\u0161sk\u00fdch l\u00fak, ale tie\u017e nale\u0161niky - jedlo podobn\u00e9 plack\u00e1m, \u010di zemiakov\u00fd kol\u00e1\u010d gru\u013eovnik. Spi\u0161iaci vedeli v\u017edy doceni\u0165 vitam\u00ednov\u00e9 bohatstvo kvasenej kapusty.\u00a0Rovnako v\u017edy verili a\u00a0doteraz veria, \u017ee pre ich zdravie je \u201ena vypa\u013eene \u010derva\u201c najlep\u0161ia spi\u0161sk\u00e1 borovi\u010dka.\",\"_text\":\"field_60bcc95038f27\",\"image\":10786,\"_image\":\"field_60bcc96c38f28\",\"video\":\"https:\/\/youtu.be\/pc4BhKIf70k\",\"_video\":\"field_60bcd05f5a8d8\"},\"mode\":\"preview\"} \/-->\n\n<!-- wp:acf\/region-text-image-left-section {\"name\":\"acf\/region-text-image-left-section\",\"data\":{\"title\":\"Typick\u00e9 produkty pre oblas\u0165\",\"_title\":\"field_60bcc92838f26\",\"text\":\"\\u003cspan style=\\u0022font-weight: 400;\\u0022\\u003e\u010casto sa hovor\u00ed, \u017ee prostredie a\u00a0pr\u00edrodn\u00e9 scen\u00e9rie vpl\u00fdvaj\u00fa na \u010dloveka a\u00a0na jeho tvoriv\u00e9 produkty a\u00a0diela. U\u017e historicky bol Spi\u0161 bohat\u00fdm regi\u00f3nom, pri\u010dom toto bohatstvo si zachoval dodnes vo vidite\u013enej a\u00a0hmatate\u013enej podobe, ako s\u00fa rozmanit\u00e9 region\u00e1lne potravin\u00e1rske produkty a tradi\u010dn\u00e9 remeseln\u00e9 v\u00fdrobky. Turisti si ako suven\u00edr radi odn\u00e1\u0161aj\u00fa \\u003c\/span\\u003e\\u003cb\\u003ebylinkov\u00e9 dar\u010deky. \\u003c\/b\\u003e\\u003cspan style=\\u0022font-weight: 400;\\u0022\\u003eNimi sa zohrievali obyvatelia Spi\u0161a po\u010das z\u00edm, ktor\u00e9 tu v\u00a0minulosti boli skuto\u010dne krut\u00e9. Aj preto sa na Spi\u0161i rozvinulo ko\u017eu\u0161n\u00edctvo. Ko\u017ea a ko\u017eu\u0161ina z\u00a0oviec a\u00a0jahniat, ale aj in\u00fdch divo \u017eij\u00facich zvierat - l\u00ed\u0161ok, vlkov a\u00a0medve\u010fov, bola d\u00f4le\u017eit\u00fdm materi\u00e1lom na zhotovenie nielen \\u003c\/span\\u003e\\u003cb\\u003eko\u017euchov, ale vyr\u00e1bali si aj ko\u017eu\u0161inov\u00e9 vesty, mentieky, \u010diapky \u010di rukavice,\\u003c\/b\\u003e\\u003cspan style=\\u0022font-weight: 400;\\u0022\\u003e ktor\u00e9 v\u00e1m m\u00f4\u017eu aj po n\u00e1vrate zo Spi\u0161a domov, pripom\u00edna\u0165 t\u00fato malebn\u00fa krajinu.\\u003c\/span\\u003e\\r\\n\\r\\n\\u003cspan style=\\u0022font-weight: 400;\\u0022\\u003eNa cestu z\u00a0potuliek Spi\u0161om si priba\u013ete \\u003c\/span\\u003e\\u003cb\\u003etradi\u010dn\u00fd ov\u010d\u00ed hrudkov\u00fd syr alebo spi\u0161sk\u00fa bryndzu.\\u003c\/b\\u003e\",\"_text\":\"field_60bcc95038f27\",\"image\":\"\",\"_image\":\"field_60bcc96c38f28\",\"video\":\"https:\/\/youtu.be\/8QZGAOdxMeA\",\"_video\":\"field_60bcd05f5a8d8\"},\"mode\":\"preview\"} \/-->\n\n<!-- wp:acf\/region-local-organization-section {\"name\":\"acf\/region-local-organization-section\",\"data\":{\"name\":\"Oblastn\u00e1 organiz\u00e1cia cestovn\u00e9ho ruchu Slovensk\u00fd raj \\u0026 Spi\u0161\",\"_name\":\"field_60bdfa9e8a14f\",\"address\":\"N\u00e1bre\u017eie Horn\u00e1du 14, Spi\u0161sk\u00e1 Nov\u00e1 Ves\",\"_address\":\"field_60bdfac78a150\",\"email\":\"info@raj-spis.sk\",\"_email\":\"field_60bdfae38a151\",\"phone\":\"+421 948 846 506\",\"_phone\":\"field_60bdfb0e8a152\",\"website\":\"www.vraji.sk\",\"_website\":\"field_60bdfb328a153\",\"logo\":10544,\"_logo\":\"field_60bdfb438a154\"},\"mode\":\"edit\"} \/-->","_sk_post_name":"region-spis-a-slovensky-raj","_sk_post_excerpt":"","_sk_post_title":"Regi\u00f3n Spi\u0161 (a Slovensk\u00fd raj)","_en_post_content":"","_en_post_name":"","_en_post_excerpt":"","_en_post_title":"","_hu_post_content":"","_hu_post_name":"","_hu_post_excerpt":"","_hu_post_title":"","_es_post_content":"","_es_post_name":"","_es_post_excerpt":"","_es_post_title":"","_de_post_content":"","_de_post_name":"","_de_post_excerpt":"","_de_post_title":"","_pl_post_content":"<!-- wp:acf\/region-text-map-section {\"name\":\"acf\/region-text-map-section\",\"data\":{\"field_60bca2eb0d20a\":\"Spisz to region, kt\u00f3ry ma wszystkie atuty popularnego kierunku turystycznego. Na jego obszarze znajduj\u0105 si\u0119 cztery parki narodowe. Od p\u00f3\u0142nocnego zachodu stanowi bram\u0119 do Tatrza\u0144skiego Parku Narodowego, od p\u00f3\u0142nocy do Pieni\u0144skiego Parku Narodowego, od po\u0142udniowego wschodu rozci\u0105ga si\u0119 Park Narodowy S\u0142owacki Raj, a od po\u0142udniowego zachodu Park Narodowy Ni\u017cne Tatry.\\r\\n\\r\\nW kt\u00f3rym kierunku by\u015bcie si\u0119 nie wybrali, Spisz nie pozwoli Wam tak szybko wyjecha\u0107. Jego kotliny urzekaj\u0105 swoim pi\u0119knem, a bogactwo zabytk\u00f3w, zw\u0142aszcza architektury gotyckiej i renesansowej, rze\u017ab, malarstwa na\u015bciennego i tablicowego, nikogo nie pozostawia oboj\u0119tnym. Dum\u0105 regionu jest tak\u017ce trawertyn. Tutaj te\u017c znajduje si\u0119 Zamek Spiski \u2013 najwi\u0119kszy pod wzgl\u0119dem powierzchni kompleks zamkowy w Europie. P\u00f3\u017anogotycki o\u0142tarz wykonany z drewna lipowego, kt\u00f3ry mo\u017cna podziwia\u0107 w ko\u015bciele \u015bw. Jakuba w Lewoczy, to najwy\u017cszy tego typu obiekt na \u015bwiecie. Wie\u017ca ko\u015bcio\u0142a Wniebowzi\u0119cia NMP, najwy\u017csza na S\u0142owacji, jest wizyt\u00f3wk\u0105 Nowej Wsi Spiskiej i wida\u0107 j\u0105 z ka\u017cdej strony \u015bwiata. Samo miasto nie bez powodu jest nazywane bram\u0105 do S\u0142owackiego Raju. Wystarczy kr\u00f3tki spacer do punktu widokowego Tom\u00e1\u0161ovsk\u00fd v\u00fdh\u013ead, by przekona\u0107 si\u0119, \u017ce park narodowy kryje w sobie wiele ciekawostek. Prawdziw\u0105 uczt\u0105 dla oczu jest wycieczka przez Prze\u0142om Hornadu, a tak\u017ce spiskie w\u0105wozy i kaniony. Popularn\u0105 atrakcj\u0105 jest tak\u017ce najmniejsze ZOO na S\u0142owacji.\",\"field_60bca3270d20b\":\"10813\"},\"mode\":\"edit\"} \/-->\n\n<!-- wp:acf\/region-gallery-section {\"name\":\"acf\/region-gallery-section\",\"data\":{\"image\":10781,\"_image\":\"field_60bcbc877804c\",\"gallery\":[\"6259\",\"10772\",\"10771\",\"10773\",\"10774\",\"10775\",\"10776\",\"10777\",\"10778\",\"10800\",\"10867\",\"10903\",\"10904\",\"10905\",\"10907\",\"10908\",\"10909\",\"10910\",\"10911\",\"10912\",\"10913\",\"10914\",\"10915\",\"10916\",\"10917\",\"10918\",\"10919\",\"10920\",\"10921\",\"10922\",\"10923\",\"10924\",\"10925\",\"10926\",\"10927\",\"10928\",\"10929\",\"10930\",\"10931\",\"10932\",\"10933\",\"10934\",\"10935\",\"10936\",\"10937\",\"10938\",\"10939\",\"10940\",\"10941\",\"10942\",\"10943\",\"10944\",\"10945\",\"10881\",\"10882\",\"10883\"],\"_gallery\":\"field_60bcbd217804d\"},\"mode\":\"edit\"} \/-->\n\n<!-- wp:acf\/region-text-image-right-section {\"name\":\"acf\/region-text-image-right-section\",\"data\":{\"field_60bcc92838f26\":\"Najbardziej znane miejsca\",\"field_60bcc95038f27\":\"W\u0119dr\u00f3wki po Spiszu mo\u017cna zacz\u0105\u0107 od roma\u0144sko-gotyckiego klejnotu, jakim jest \\u003cstrong\\u003eZamek Spiski\\u003c\/strong\\u003e, zabytek wpisany na list\u0119 UNESCO. W\u0142a\u015bnie tu urodzi\u0142 si\u0119 ostatni kr\u00f3l W\u0119gier panuj\u0105cy przed dynasti\u0105 Habsburg\u00f3w \u2013 Jan Z\u00e1polya. Zamek Spiski jest jednym z najrozleglejszych kompleks\u00f3w zamkowych Europy i najwi\u0119kszym zamkiem na S\u0142owacji.\\r\\n\\r\\nJe\u015bli zamierzacie pod\u0105\u017ca\u0107 szlakiem \u015bredniowiecznych zabytk\u00f3w, nie spos\u00f3b pomin\u0105\u0107 \\u003cstrong\\u003eKapitu\u0142y Spiskiej z katedr\u0105 \u015bw. Marcina\\u003c\/strong\\u003e i tzw. \\u003cstrong\\u003eSpisk\u0105 Jerozolim\u0105\\u003c\/strong\\u003e. Dalej najlepiej wybra\u0107 si\u0119 w kierunku \\u003ca href=\\u0022https:\/\/www.kosiceregion.com\/sk\/poi\/kostol-ducha-svateho-v-zehre-unesco\/\\u0022\\u003e\\u003cstrong\\u003e\u017dehry\\u003c\/strong\\u003e\\u003c\/a\\u003e i obejrze\u0107 wczesnogotycki \\u003cstrong\\u003eko\u015bci\u00f3\u0142 \u015awi\u0119tego Ducha\\u003c\/strong\\u003e \\u003cstrong\\u003ez\\u003c\/strong\\u003e \\u003cstrong\\u003ecennymi freskami\\u003c\/strong\\u003e. Z ciekawostek przyrodniczych okolicy mo\u017cna poleci\u0107 pobliski \\u003ca href=\\u0022https:\/\/www.kosiceregion.com\/sk\/poi\/skalne-mesto-drevenik\/\\u0022\\u003e\\u003cstrong\\u003eDreven\u00edk\\u003c\/strong\\u003e\\u003c\/a\\u003e, oko\u0142o 2-kilometrowy skalisty p\u0142askowy\u017c z\u00a0charakterystycznymi trawertynowymi wie\u017cami. Jest to\u00a0\\u003cstrong\\u003enajwi\u0119ksza formacja trawertynowa na S\u0142owacji\\u003c\/strong\\u003e. Wiele o\u00a0historii pobliskiego miasta, \u015bredniowiecznych \\u003cstrong\\u003eSpiskich W\u0142och\u00f3w\\u003c\/strong\\u003e (Spi\u0161sk\u00e9 Vlachy) m\u00f3wi\u0105 kamieniczki, gotycki ratusz i pierwotnie roma\u0144ski ko\u015bci\u00f3\u0142.\\r\\n\\r\\nJe\u015bli wyruszycie dalej na zach\u00f3d, w \\u003cstrong\\u003eMarku\u0161ovcach\\u003c\/strong\\u003e\u00a0warto zwiedzi\u0107 przepi\u0119kny renresansowy \\u003ca href=\\u0022https:\/\/www.kosiceregion.com\/sk\/poi\/kastiel-v-markusovciach\/\\u0022\\u003e\\u003cstrong\\u003epa\u0142ac\\u003c\/strong\\u003e\\u003c\/a\\u003e\\u003cstrong\\u003e,\\u003c\/strong\\u003e\u00a0przebudowany w stylu rokokowym. Do pa\u0142acu nale\u017cy tak\u017ce \\u003cstrong\\u003epark francuski z \\u003c\/strong\\u003e\\u003ca href=\\u0022https:\/\/www.kosiceregion.com\/sk\/poi\/kastiel-a-letohradok-dardanely-markusovce\/\\u0022\\u003e\\u003cstrong\\u003eletni\u0105 rezydencj\u0105 Dardanely.\u00a0\\u003c\/strong\\u003e\\u003c\/a\\u003eOko\u0142o 5 km od miejscowo\u015bci Marku\u0161ovce znajduje si\u0119 znany wytw\u00f3r przyrody nieo\u017cywionej powsta\u0142y w rezultacie zderzenia r\u00f3\u017cnych warstw geologicznych,\u00a0znany jako \\u003ca href=\\u0022https:\/\/www.kosiceregion.com\/sk\/poi\/markusovsky-skalny-hrib\/\\u0022\\u003e\\u003cstrong\\u003eMarkuszowski Grzyb Skalny\\u003c\/strong\\u003e\\u003c\/a\\u003e.\\u003cstrong\\u003e\u00a0\\u003c\/strong\\u003eMa on oko\u0142o o\u015bmiu metr\u00f3w wysoko\u015bci. Oddzia\u0142ywanie wiatr\u00f3w, deszcz\u00f3w i mroz\u00f3w najbardziej odcisn\u0119\u0142o si\u0119 na \u201enodze\u201d, kt\u00f3ra szybciej wietrzeje, natomiast \u201ekapelusz\u201d wydaje si\u0119 bardziej odporny na warunki atmosferyczne.\\r\\n\\r\\nRzeka Hornad nieomylnie doprowadzi Was do\u00a0\\u003cstrong\\u003eNowej Wsi Spiskiej\\u003c\/strong\\u003e, gdzie ju\u017c z oddali wida\u0107 \\u003cstrong\\u003enajwy\u017csz\u0105 wie\u017c\u0119 ko\u015bcieln\u0105 na S\u0142owacji (87 m)\\u003c\/strong\\u003e, wznosz\u0105c\u0105 si\u0119 przy ko\u015bciele parafialnym Wniebowzi\u0119cia NMP pochodz\u0105cym z XIV wieku. Z tutejszych zabytk\u00f3w zachowa\u0142 si\u0119 mi\u0119dzy innymi klasycystyczny ko\u015bci\u00f3\u0142 ewangelicki z ko\u0144ca XVIII wieku. Podziw budzi tak\u017ce \\u003cstrong\\u003enajwi\u0119kszy w ca\u0142ej S\u0142owacji rynek w kszta\u0142cie soczewki\u00a0\\u003c\/strong\\u003eotoczony kamieniczkami mieszczan i rzemie\u015blnik\u00f3w, z klasycystycznym ratuszem, kt\u00f3re \u015bwiadcz\u0105 o wysokiej niegdy\u015b randze miasta.\\r\\n\\r\\nPrawdziw\u0105 per\u0142\u0105 w\u015br\u00f3d zabytkowych miast i miasteczek S\u0142owacji jest \\u003cstrong\\u003eLewocza \\u003c\/strong\\u003ez XIV-wiecznym ko\u015bcio\u0142em parafialnym \u015bw. Jakuba kryj\u0105cym niezwykle cenne wn\u0119trza pe\u0142ne zabytk\u00f3w \u015bredniowiecznej sztuki sakralnej. P\u00f3\u017anogotycki \\u003cstrong\\u003edrewniany o\u0142tarz \u015bw. Jakuba\\u003c\/strong\\u003e\u00a0wykonany z lipowego drewna ma 18,6 m\u00a0wysoko\u015bci i jest \\u003cstrong\\u003enajwy\u017cszym\\u003c\/strong\\u003e \\u003cstrong\\u003etego typu obiektem na \u015bwiecie\\u003c\/strong\\u003e. Podczas spaceru po mie\u015bcie mo\u017cna zobaczy\u0107 renesansowy \\u003cstrong\\u003edom rodziny Thurzon\u00f3w czy Ratusz\\u003c\/strong\\u003e, kt\u00f3rego pocz\u0105tki si\u0119gaj\u0105 XV wieku.\\r\\n\\r\\nNieod\u0142\u0105cznym przystankiem na trasie spiskich w\u0119dr\u00f3wek s\u0105 urzekaj\u0105ce krajobrazy \\u003cstrong\\u003eS\u0142owackiego Raju\\u003c\/strong\\u003e \\u003cstrong\\u003eobfituj\u0105ce w malownicze ska\u0142y i w\u0105wozy\\u003c\/strong\\u003e, \\u003ca href=\\u0022https:\/\/www.kosiceregion.com\/sk\/poi\/slovensky-raj-prielom-hornadu-kanony\/\\u0022\\u003ePrze\u0142om Hornadu\\u003c\/a\\u003e\u00a0i dolina \\u003ca href=\\u0022https:\/\/www.kosiceregion.com\/sk\/poi\/slovensky-raj-sucha-bela\/\\u0022\\u003eSuch\u00e1 Bel\u00e1\\u003c\/a\\u003e.\\r\\n\\r\\nSpisz potrafi zachwyci\u0107 r\u00f3wnie\u017c zim\u0105, oferuj\u0105c aktywny wypoczynek w licznych \\u003cstrong\\u003eo\u015brodkach narciarskich,\\u003c\/strong\\u003e\u00a0takich jak Krompachy \u2013\u00a0\\u003ca href=\\u0022https:\/\/www.kosiceregion.com\/sk\/poi\/relax-center-plejsy\/\\u0022\\u003ePlejsy\\u003c\/a\\u003e\u00a0czy \\u003ca href=\\u0022https:\/\/www.kosiceregion.com\/sk\/poi\/mlynky-biele-vody\/\\u0022\\u003eMlynky\\u003c\/a\\u003e.\u00a0Historia odcisn\u0119\u0142a niezatarte pi\u0119tno na architekturze dom\u00f3w g\u00f3rniczych i muze\u00f3w po\u015bwi\u0119conych g\u00f3rnictwu. Chyba \\u003cstrong\\u003enajd\u0142u\u017csz\u0105 wsi\u0105 \\u003c\/strong\\u003ew kraju koszyckim jest pobliska miejscowo\u015b\u0107 \\u003cstrong\\u003eHnil\u010d\u00edk\\u003c\/strong\\u003e.\\r\\n\\r\\nNajciekawsze zabytki gotyckie na Spiszu \u0142\u0105czy \\u003cstrong\\u003eszlak gotycki\\u003c\/strong\\u003e, kt\u00f3ry prowadzi te\u017c przez obszar Gemeru.\",\"field_60bcc96c38f28\":\"3714\",\"field_60bcd05f5a8d8\":\"https:\/\/youtu.be\/c-LfOsHddzY\"},\"mode\":\"edit\"} \/-->\n\n<!-- wp:acf\/region-text-image-left-section {\"name\":\"acf\/region-text-image-left-section\",\"data\":{\"field_60bcc92838f26\":\"Mniej znane miejsca\",\"field_60bcc95038f27\":\"Sceneri\u0119 Nowej Wsi Spiskiej dope\u0142nia po\u0142o\u017cone na obrze\u017cach miasta \\u003cstrong\\u003enajmniejsze i najm\u0142odsze \\u003c\/strong\\u003e\\u003ca href=\\u0022https:\/\/www.kosiceregion.com\/sk\/poi\/zoo-spisska-nova-ves\/\\u0022\\u003e\\u003cstrong\\u003eZOO na S\u0142owacji\\u003c\/strong\\u003e\\u003c\/a\\u003e. Latem tutejsze drzewa zapewniaj\u0105 przyjemny ch\u0142\u00f3d zar\u00f3wno mieszka\u0144com ogrodu zoologicznego, jak i odwiedzaj\u0105cym. Warto wspomnie\u0107, \u017ce Spisz sta\u0142 si\u0119 domem dla sporej cz\u0119\u015bci rodziny wybitnego s\u0142owackiego polityka, wojskowego i astronoma \\u003cstrong\\u003eM.R. \u0160tef\u00e1nika\\u003c\/strong\\u003e. W samej Nowej Wsi Spiskiej znajduje si\u0119 pono\u0107 jego \\u003cstrong\\u003enajpi\u0119kniejszy pomnik \\u003c\/strong\\u003eoraz dom, w kt\u00f3rym jego matka Albert\u00edna mieszka\u0142a do samej \u015bmierci u m\u0142odszego z braci, Ladislava. Zaledwie par\u0119 krok\u00f3w dalej, w parku pod najwy\u017csz\u0105 wie\u017c\u0105, znajduje si\u0119 tak\u017ce \\u003cstrong\\u003ePomnik elektryfikacji miasta \\u003c\/strong\\u003e(1894), jako \u017ce Nowa Wie\u015b Spiska wyprzedzi\u0142a pod tym wzgl\u0119dem nawet Bratys\u0142aw\u0119 i inne europejskie metropolie.\\r\\n\\r\\nW pobliskich \\u003cstrong\\u003eSmi\u017eanach, najwi\u0119kszej s\u0142owackiej wiosce\\u003c\/strong\\u003e, mo\u017cna zwiedzi\u0107 ekspozycj\u0119 w domu rodzinnym bohatera z czas\u00f3w II wojny \u015bwiatowej, \\u003cstrong\\u003ekpt. J\u00e1na N\u00e1lepki\\u003c\/strong\\u003e i cenny, cho\u0107 wielokrotnie przebudowywany \\u003cstrong\\u003ewczesnogotycki ko\u015bci\u00f3\u0142\\u003c\/strong\\u003e z\u00a0po\u0142owy XIII wieku.\\r\\n\\r\\nZe Smi\u017ean zaledwie krok dzieli Was od S\u0142owackiego Raju, gdzie czeka Was zachwycaj\u0105ce dziedzictwo przyrodnicze i wiele atrakcji turystycznych. Niezapomnianym prze\u017cyciem jest szlak wspinaczkowy \\u003cstrong\\u003eKyse\u013e\\u003c\/strong\\u003e \\u003cstrong\\u003eferrata \\u003c\/strong\\u003eczy \\u003cstrong\\u003e\u015bwiatowy unikat \u2013 \u0142\u0105ki Kopaneck\u00e9 l\u00faky\\u003c\/strong\\u003e. Po\u0142udniowa cz\u0119\u015b\u0107 S\u0142owackiego Raju \\u003cstrong\\u003ez zalewem\\u003c\/strong\\u003e \\u003ca href=\\u0022https:\/\/www.kosiceregion.com\/sk\/poi\/palcmanska-masa\/\\u0022\\u003e\\u003cstrong\\u003ePalcmansk\u00e1 Ma\u0161a\\u003c\/strong\\u003e\\u003c\/a\\u003e le\u017c\u0105cym u podn\u00f3\u017ca \\u003cstrong\\u003eskalistych po\u0142udniowych zboczy p\u0142askowy\u017cu Geravy\\u003c\/strong\\u003e jest popularnym miejscem rekreacji z baz\u0105 noclegow\u0105, infrastruktur\u0105 sportow\u0105 i rekreacyjn\u0105.\\r\\n\\r\\nW upalne dni warto odwiedzi\u0107 \\u003cstrong\\u003ebiok\u0105pielisko\\u003c\/strong\\u003e na terenach rekreacyjnych Dolina Lewocka pod Lewocz\u0105. W po\u0142udniowej cz\u0119\u015bci rynku w Lewoczy warto zwr\u00f3ci\u0107 uwag\u0119 na \\u003cstrong\\u003eko\u015bci\u00f3\u0142 ewangelicki\\u003c\/strong\\u003e. Wewn\u0105trz \u015bwi\u0105tyni znajduj\u0105 si\u0119 trzy empory, na kt\u00f3rych umieszczono organy, archiwum i cenn\u0105 bibliotek\u0119.\\r\\n\\r\\nJeden z ostatnich \\u003cstrong\\u003ezabytkowych krytych drewnianych most\u00f3w\\u003c\/strong\\u003e na S\u0142owacji znajduje si\u0119 w\u00a0\\u003cstrong\\u003eKluknavie\\u003c\/strong\\u003e. O jego niezawodno\u015bci \u015bwiadczy fakt, \u017ce na sw\u00f3j pierwszy remont generalny czeka\u0142 a\u017c sto lat. W \\u003cstrong\\u003eKluknavie\\u003c\/strong\\u003e znajduje si\u0119 \\u003cstrong\\u003edzwonnica \u015bw. Floriana\\u003c\/strong\\u003e z 1795 roku.\\r\\n\\r\\nZ imponuj\u0105cego \u015bredniowiecznego Zamku Spiskiego warto wyruszy\u0107 do niewielkiego ko\u015bcio\u0142a w miejscowo\u015bci \\u003cstrong\\u003eChras\u0165 nad Horn\u00e1dom\\u003c\/strong\\u003e, zbudowanego \\u003cstrong\\u003ena unikalnej piaskowcowej skale nosz\u0105cej nazw\u0119 Farsk\u00e1 skala\\u003c\/strong\\u003e. \u015awi\u0105tynia ta uchodzi za jeden z najstarszych obiekt\u00f3w sakralnych na S\u0142owacji. Podczas wyprawy na Spisz nie mo\u017cna pomin\u0105\u0107 miejscowo\u015bci \\u003cstrong\\u003eSpi\u0161sk\u00fd Hru\u0161ov\\u003c\/strong\\u003e \\u003cstrong\\u003ez renesansowo-barokowym dworem\\u003c\/strong\\u003e. Najwa\u017cniejszym zabytkiem miejscowo\u015bci \\u003cstrong\\u003eBijacovce\\u003c\/strong\\u003e jest XVIII-wieczny \\u003cstrong\\u003epa\u0142ac Cs\u00e1kiego\\u003c\/strong\\u003e, b\u0119d\u0105cy typowym przyk\u0142adem p\u00f3\u017anobarokowej czy rokokowo-klasycystycznej rezydencji mieszkalnej.\\r\\n\\r\\nJe\u015bli chcieliby\u015bcie zobaczy\u0107 jeszcze jedn\u0105 z wi\u0119kszych \\u003cstrong\\u003eosad g\u00f3rniczych\\u003c\/strong\\u003e, wybierzcie si\u0119 do \\u003cstrong\\u003eRudnian\\u003c\/strong\\u003e. Tutejsi mieszka\u0144cy utrzymywali si\u0119 z g\u00f3rnictwa ju\u017c od\u00a0XIV wieku. Wydobywali rudy srebra, miedzi, a p\u00f3\u017aniej tak\u017ce \u017celaza i rt\u0119ci. Po\u0142o\u017cona w g\u00f3rach dawna osada g\u00f3rnicza \\u003cstrong\\u003ePor\u00e1\u010d\\u003c\/strong\\u003e wraz z przepi\u0119kn\u0105 dolin\u0105 (Por\u00e1\u010dska dolina) jest dzi\u015b popularn\u0105 atrakcj\u0105. Oferuje doskona\u0142\u0105 zabaw\u0119 i stoki narciarskie, a latem \u015bcie\u017cki \\u003cstrong\\u003eHnileckiej Magistrali Rowerowej. \\u003c\/strong\\u003eZ kolei w\\u003cstrong\\u003e Gelnicy \\u003c\/strong\\u003emo\u017cna zobaczy\u0107 skansen g\u00f3rniczy, Pochwerk, sztolni\u0119 dziedziczn\u0105 Jozef, muzeum g\u00f3rnictwa lub skorzysta\u0107 ze \u015bcie\u017cek tlenowych.\",\"field_60bcc96c38f28\":\"10760\",\"field_60bcd05f5a8d8\":\"https:\/\/youtu.be\/KBEarjqM6Y4\"},\"mode\":\"edit\"} \/-->\n\n<!-- wp:acf\/region-text-image-right-section {\"name\":\"acf\/region-text-image-right-section\",\"data\":{\"field_60bcc92838f26\":\"Kuchnia\",\"field_60bcc95038f27\":\"Zanim dojdziemy do legendarnych par\u00f3wek (spi\u0161sk\u00e9 p\u00e1rky) czy pierog\u00f3w (spi\u0161sk\u00e9 pirohy), na stole powinna pojawi\u0107 si\u0119 zupa kminkowa (kminov\u00e1 polifka) albo kremowa zupa na bazie bryndzy (bryndzov\u00e1 polifka). I tak jak gwarancj\u0105 jej doskona\u0142ego smaku jest jako\u015bciowa bryndza, tak sekretem legendarnych par\u00f3wek jest mi\u0119so, wy\u0142\u0105cznie ze zwierz\u0105t wypasanych na wysokog\u00f3rskich \u0142\u0105kach, oraz dodatek papryki i przypraw, kt\u00f3re nadaj\u0105 par\u00f3wkom wyj\u0105tkowego smaku. Znaczenie ma nawet rodzaj drewna u\u017cywanego do ich w\u0119dzenia. Zasadniczo par\u00f3wki jada\u0142o si\u0119 niegdy\u015b r\u0119kami, a o ich jako\u015bci \u015bwiadczy\u0142o charakterystyczne chrupni\u0119cie, jakie powinni\u015bmy us\u0142ysze\u0107 po ugryzieniu. Jednak Spisz to nie tylko par\u00f3wki. Sk\u0142adnikiem wielu potraw s\u0105 ziemniaki. Przyrz\u0105dzano z nich tradycyjne dania, takie jak pierogi, haluszki \\u003cem\\u003e(halu\u0161ky)\\u003c\/em\\u003e, oczywi\u015bcie z doskona\u0142\u0105 aromatyczn\u0105 bryndz\u0105, czy \\u003cem\\u003enale\u0161niky\\u003c\/em\\u003e, kt\u00f3re wcale nie s\u0105 nale\u015bnikami, jakby ich nazwa wskazywa\u0142a \u2013 przypominaj\u0105 raczej placki ziemniaczane. Z kolei \\u003cem\\u003egru\u013eovnik\\u003c\/em\\u003e to tradycyjne ciasto z farszem ziemniaczanym. Spiszacy potrafi\u0105 te\u017c doceni\u0107 bogactwo sk\u0142adnik\u00f3w od\u017cywczych i smaku zawarte w kiszonej kapu\u015bcie.\u00a0A poza tym wci\u0105\u017c wierz\u0105, \u017ce dla zdrowia i \u201ena lepsze trawienie\u201d najlepsza jest \\u003cem\\u003espi\u0161sk\u00e1 borovi\u010dka\\u003c\/em\\u003e, czyli tradycyjna ja\u0142owc\u00f3wka.\",\"field_60bcc96c38f28\":\"10786\",\"field_60bcd05f5a8d8\":\"https:\/\/youtu.be\/pc4BhKIf70k\"},\"mode\":\"edit\"} \/-->\n\n<!-- wp:acf\/region-text-image-left-section {\"name\":\"acf\/region-text-image-left-section\",\"data\":{\"field_60bcc92838f26\":\"Wyroby regionalne\",\"field_60bcc95038f27\":\"Cz\u0119sto m\u00f3wi si\u0119, \u017ce otoczenie czy krajobraz oddzia\u0142uj\u0105 na ludzi, odciskaj\u0105 pi\u0119tno na wytworach i dzie\u0142ach cz\u0142owieka. Spisz by\u0142 niegdy\u015b bogatym regionem, a jego bogactwo zachowa\u0142o si\u0119 po dzi\u015b dzie\u0144 w postaci wytwor\u00f3w kultury materialnej, takich jak rozmaite produkty regionalne i wyroby rzemie\u015blnicze. Przyjezdni ch\u0119tnie si\u0119gaj\u0105 po tutejsze \\u003cstrong\\u003eprodukty zielarskie\\u003c\/strong\\u003e. To w\u0142a\u015bnie nimi mieszka\u0144cy Spiszu rozgrzewali si\u0119 podczas srogich zim. I mi\u0119dzy innymi z powodu tych zim na Spiszu rozwin\u0119\u0142o si\u0119 ko\u017cusznictwo. Sk\u00f3ry z owiec i jagni\u0105t oraz wolno \u017cyj\u0105cych zwierz\u0105t \u2013 lis\u00f3w, wilk\u00f3w i nied\u017awiedzi \u2013 by\u0142y wa\u017cnym surowcem do produkcji \\u003cstrong\\u003efuter i ko\u017cuch\u00f3w\\u003c\/strong\\u003e. Ale szyto tak\u017ce \\u003cstrong\\u003ekamizelki, kr\u00f3tkie ozdobne ko\u017cuszki, czapki i r\u0119kawice\\u003c\/strong\\u003e, kt\u00f3re po powrocie do domu b\u0119d\u0105 Wam przypomina\u0107 ten malowniczy zak\u0105tek S\u0142owacji.\\r\\n\\r\\nNa drog\u0119 zabierzcie ze sob\u0105 \\u003cstrong\\u003etradycyjny ser owczy lub bryndz\u0119.\\u003c\/strong\\u003e\",\"field_60bcc96c38f28\":\"\",\"field_60bcd05f5a8d8\":\"https:\/\/youtu.be\/8QZGAOdxMeA\"},\"mode\":\"edit\"} \/-->\n\n<!-- wp:acf\/region-local-organization-section {\"name\":\"acf\/region-local-organization-section\",\"data\":{\"name\":\"Oblastn\u00e1 organiz\u00e1cia cestovn\u00e9ho ruchu Slovensk\u00fd raj \\u0026 Spi\u0161\",\"_name\":\"field_60bdfa9e8a14f\",\"address\":\"N\u00e1bre\u017eie Horn\u00e1du 14, Spi\u0161sk\u00e1 Nov\u00e1 Ves\",\"_address\":\"field_60bdfac78a150\",\"email\":\"info@raj-spis.sk\",\"_email\":\"field_60bdfae38a151\",\"phone\":\"+421 948 846 506\",\"_phone\":\"field_60bdfb0e8a152\",\"website\":\"www.vraji.sk\",\"_website\":\"field_60bdfb328a153\",\"logo\":10544,\"_logo\":\"field_60bdfb438a154\"},\"mode\":\"edit\"} \/-->","_pl_post_name":"region-spisz-i-slowacki-raj","_pl_post_excerpt":"","_pl_post_title":"Region SPISZ (i S\u0142owacki Raj)","_it_post_content":"","_it_post_name":"","_it_post_excerpt":"","_it_post_title":"","edit_language":"it","footnotes":""},"class_list":["post-10543","region","type-region","status-publish","format-standard","has-post-thumbnail","hentry"],"acf":[],"yoast_head":"<!-- This site is optimized with the Yoast SEO Premium plugin v25.5 (Yoast SEO v27.4) - https:\/\/yoast.com\/product\/yoast-seo-premium-wordpress\/ -->\n<title>Ko\u0161ice Regi\u00f3n<\/title>\n<meta name=\"robots\" content=\"index, follow, max-snippet:-1, max-image-preview:large, max-video-preview:-1\" \/>\n<link rel=\"canonical\" href=\"https:\/\/www.kosiceregion.com\/sk\/region\/region-spis-a-slovensky-raj\/\" \/>\n<meta property=\"og:locale\" content=\"it_IT\" \/>\n<meta property=\"og:type\" content=\"article\" \/>\n<meta property=\"og:title\" content=\"Regi\u00f3n Spi\u0161 (a Slovensk\u00fd raj)\" \/>\n<meta property=\"og:url\" content=\"https:\/\/www.kosiceregion.com\/it\/wp-json\/wp\/v2\/region\/10543\" \/>\n<meta property=\"og:site_name\" content=\"Ko\u0161ice Regi\u00f3n\" \/>\n<meta property=\"article:publisher\" content=\"https:\/\/www.facebook.com\/kosiceregion\" \/>\n<meta property=\"article:modified_time\" content=\"2024-03-20T08:21:32+00:00\" \/>\n<meta property=\"og:image\" content=\"https:\/\/www.kosiceregion.com\/wp-content\/uploads\/2020\/08\/spissky-hrad.jpg\" \/>\n\t<meta property=\"og:image:width\" content=\"2048\" \/>\n\t<meta property=\"og:image:height\" content=\"1080\" \/>\n\t<meta property=\"og:image:type\" content=\"image\/jpeg\" \/>\n<meta name=\"twitter:card\" content=\"summary_large_image\" \/>\n<meta name=\"twitter:site\" content=\"@KOSICEREGION\" \/>\n<meta name=\"twitter:label1\" content=\"Tempo di lettura stimato\" \/>\n\t<meta name=\"twitter:data1\" content=\"20 minutes\" \/>\n<script type=\"application\/ld+json\" class=\"yoast-schema-graph\">{\"@context\":\"https:\\\/\\\/schema.org\",\"@graph\":[{\"@type\":\"WebPage\",\"@id\":\"https:\\\/\\\/www.kosiceregion.com\\\/sk\\\/region\\\/region-spis-a-slovensky-raj\\\/\",\"url\":\"https:\\\/\\\/www.kosiceregion.com\\\/sk\\\/region\\\/region-spis-a-slovensky-raj\\\/\",\"name\":\"Regi\u00f3n Spi\u0161 (a Slovensk\u00fd raj) - Ko\u0161ice Regi\u00f3n\",\"isPartOf\":{\"@id\":\"https:\\\/\\\/www.kosiceregion.com\\\/#website\"},\"primaryImageOfPage\":{\"@id\":\"https:\\\/\\\/www.kosiceregion.com\\\/sk\\\/region\\\/region-spis-a-slovensky-raj\\\/#primaryimage\"},\"image\":{\"@id\":\"https:\\\/\\\/www.kosiceregion.com\\\/sk\\\/region\\\/region-spis-a-slovensky-raj\\\/#primaryimage\"},\"thumbnailUrl\":\"https:\\\/\\\/www.kosiceregion.com\\\/wp-content\\\/uploads\\\/2020\\\/08\\\/spissky-hrad.jpg\",\"datePublished\":\"2023-05-30T09:10:05+00:00\",\"dateModified\":\"2024-03-20T08:21:32+00:00\",\"breadcrumb\":{\"@id\":\"https:\\\/\\\/www.kosiceregion.com\\\/sk\\\/region\\\/region-spis-a-slovensky-raj\\\/#breadcrumb\"},\"inLanguage\":\"it-IT\",\"potentialAction\":[{\"@type\":\"ReadAction\",\"target\":[\"https:\\\/\\\/www.kosiceregion.com\\\/sk\\\/region\\\/region-spis-a-slovensky-raj\\\/\"]}]},{\"@type\":\"ImageObject\",\"inLanguage\":\"it-IT\",\"@id\":\"https:\\\/\\\/www.kosiceregion.com\\\/sk\\\/region\\\/region-spis-a-slovensky-raj\\\/#primaryimage\",\"url\":\"https:\\\/\\\/www.kosiceregion.com\\\/wp-content\\\/uploads\\\/2020\\\/08\\\/spissky-hrad.jpg\",\"contentUrl\":\"https:\\\/\\\/www.kosiceregion.com\\\/wp-content\\\/uploads\\\/2020\\\/08\\\/spissky-hrad.jpg\",\"width\":2048,\"height\":1080,\"caption\":\"Spi\u0161sk\u00fd hrad\"},{\"@type\":\"BreadcrumbList\",\"@id\":\"https:\\\/\\\/www.kosiceregion.com\\\/sk\\\/region\\\/region-spis-a-slovensky-raj\\\/#breadcrumb\",\"itemListElement\":[{\"@type\":\"ListItem\",\"position\":1,\"name\":\"Home\",\"item\":\"https:\\\/\\\/www.kosiceregion.com\\\/sk\\\/\"},{\"@type\":\"ListItem\",\"position\":2,\"name\":\"Regi\u00f3n Spi\u0161 (a Slovensk\u00fd raj)\"}]},{\"@type\":\"WebSite\",\"@id\":\"https:\\\/\\\/www.kosiceregion.com\\\/#website\",\"url\":\"https:\\\/\\\/www.kosiceregion.com\\\/\",\"name\":\"Ko\u0161ice Regi\u00f3n\",\"description\":\"Turistick\u00fd sprievodca Ko\u0161ick\u00fdm krajom\",\"publisher\":{\"@id\":\"https:\\\/\\\/www.kosiceregion.com\\\/#organization\"},\"potentialAction\":[{\"@type\":\"SearchAction\",\"target\":{\"@type\":\"EntryPoint\",\"urlTemplate\":\"https:\\\/\\\/www.kosiceregion.com\\\/?s={search_term_string}\"},\"query-input\":{\"@type\":\"PropertyValueSpecification\",\"valueRequired\":true,\"valueName\":\"search_term_string\"}}],\"inLanguage\":\"it-IT\"},{\"@type\":\"Organization\",\"@id\":\"https:\\\/\\\/www.kosiceregion.com\\\/#organization\",\"name\":\"Ko\u0161ice Regi\u00f3n Turizmus\",\"url\":\"https:\\\/\\\/www.kosiceregion.com\\\/\",\"logo\":{\"@type\":\"ImageObject\",\"inLanguage\":\"it-IT\",\"@id\":\"https:\\\/\\\/www.kosiceregion.com\\\/#\\\/schema\\\/logo\\\/image\\\/\",\"url\":\"https:\\\/\\\/www.kosiceregion.com\\\/wp-content\\\/uploads\\\/2019\\\/03\\\/logo-web-sk.png\",\"contentUrl\":\"https:\\\/\\\/www.kosiceregion.com\\\/wp-content\\\/uploads\\\/2019\\\/03\\\/logo-web-sk.png\",\"width\":225,\"height\":100,\"caption\":\"Ko\u0161ice Regi\u00f3n Turizmus\"},\"image\":{\"@id\":\"https:\\\/\\\/www.kosiceregion.com\\\/#\\\/schema\\\/logo\\\/image\\\/\"},\"sameAs\":[\"https:\\\/\\\/www.facebook.com\\\/kosiceregion\",\"https:\\\/\\\/x.com\\\/KOSICEREGION\",\"https:\\\/\\\/www.instagram.com\\\/kosiceregion\",\"https:\\\/\\\/www.youtube.com\\\/kosiceregion\"]}]}<\/script>\n<!-- \/ Yoast SEO Premium plugin. -->","yoast_head_json":{"title":"Ko\u0161ice Regi\u00f3n","robots":{"index":"index","follow":"follow","max-snippet":"max-snippet:-1","max-image-preview":"max-image-preview:large","max-video-preview":"max-video-preview:-1"},"canonical":"https:\/\/www.kosiceregion.com\/sk\/region\/region-spis-a-slovensky-raj\/","og_locale":"it_IT","og_type":"article","og_title":"Regi\u00f3n Spi\u0161 (a Slovensk\u00fd raj)","og_url":"https:\/\/www.kosiceregion.com\/it\/wp-json\/wp\/v2\/region\/10543","og_site_name":"Ko\u0161ice Regi\u00f3n","article_publisher":"https:\/\/www.facebook.com\/kosiceregion","article_modified_time":"2024-03-20T08:21:32+00:00","og_image":[{"width":2048,"height":1080,"url":"https:\/\/www.kosiceregion.com\/wp-content\/uploads\/2020\/08\/spissky-hrad.jpg","type":"image\/jpeg"}],"twitter_card":"summary_large_image","twitter_site":"@KOSICEREGION","twitter_misc":{"Tempo di lettura stimato":"20 minutes"},"schema":{"@context":"https:\/\/schema.org","@graph":[{"@type":"WebPage","@id":"https:\/\/www.kosiceregion.com\/sk\/region\/region-spis-a-slovensky-raj\/","url":"https:\/\/www.kosiceregion.com\/sk\/region\/region-spis-a-slovensky-raj\/","name":"Regi\u00f3n Spi\u0161 (a Slovensk\u00fd raj) - Ko\u0161ice Regi\u00f3n","isPartOf":{"@id":"https:\/\/www.kosiceregion.com\/#website"},"primaryImageOfPage":{"@id":"https:\/\/www.kosiceregion.com\/sk\/region\/region-spis-a-slovensky-raj\/#primaryimage"},"image":{"@id":"https:\/\/www.kosiceregion.com\/sk\/region\/region-spis-a-slovensky-raj\/#primaryimage"},"thumbnailUrl":"https:\/\/www.kosiceregion.com\/wp-content\/uploads\/2020\/08\/spissky-hrad.jpg","datePublished":"2023-05-30T09:10:05+00:00","dateModified":"2024-03-20T08:21:32+00:00","breadcrumb":{"@id":"https:\/\/www.kosiceregion.com\/sk\/region\/region-spis-a-slovensky-raj\/#breadcrumb"},"inLanguage":"it-IT","potentialAction":[{"@type":"ReadAction","target":["https:\/\/www.kosiceregion.com\/sk\/region\/region-spis-a-slovensky-raj\/"]}]},{"@type":"ImageObject","inLanguage":"it-IT","@id":"https:\/\/www.kosiceregion.com\/sk\/region\/region-spis-a-slovensky-raj\/#primaryimage","url":"https:\/\/www.kosiceregion.com\/wp-content\/uploads\/2020\/08\/spissky-hrad.jpg","contentUrl":"https:\/\/www.kosiceregion.com\/wp-content\/uploads\/2020\/08\/spissky-hrad.jpg","width":2048,"height":1080,"caption":"Spi\u0161sk\u00fd hrad"},{"@type":"BreadcrumbList","@id":"https:\/\/www.kosiceregion.com\/sk\/region\/region-spis-a-slovensky-raj\/#breadcrumb","itemListElement":[{"@type":"ListItem","position":1,"name":"Home","item":"https:\/\/www.kosiceregion.com\/sk\/"},{"@type":"ListItem","position":2,"name":"Regi\u00f3n Spi\u0161 (a Slovensk\u00fd raj)"}]},{"@type":"WebSite","@id":"https:\/\/www.kosiceregion.com\/#website","url":"https:\/\/www.kosiceregion.com\/","name":"Ko\u0161ice Regi\u00f3n","description":"Turistick\u00fd sprievodca Ko\u0161ick\u00fdm krajom","publisher":{"@id":"https:\/\/www.kosiceregion.com\/#organization"},"potentialAction":[{"@type":"SearchAction","target":{"@type":"EntryPoint","urlTemplate":"https:\/\/www.kosiceregion.com\/?s={search_term_string}"},"query-input":{"@type":"PropertyValueSpecification","valueRequired":true,"valueName":"search_term_string"}}],"inLanguage":"it-IT"},{"@type":"Organization","@id":"https:\/\/www.kosiceregion.com\/#organization","name":"Ko\u0161ice Regi\u00f3n Turizmus","url":"https:\/\/www.kosiceregion.com\/","logo":{"@type":"ImageObject","inLanguage":"it-IT","@id":"https:\/\/www.kosiceregion.com\/#\/schema\/logo\/image\/","url":"https:\/\/www.kosiceregion.com\/wp-content\/uploads\/2019\/03\/logo-web-sk.png","contentUrl":"https:\/\/www.kosiceregion.com\/wp-content\/uploads\/2019\/03\/logo-web-sk.png","width":225,"height":100,"caption":"Ko\u0161ice Regi\u00f3n Turizmus"},"image":{"@id":"https:\/\/www.kosiceregion.com\/#\/schema\/logo\/image\/"},"sameAs":["https:\/\/www.facebook.com\/kosiceregion","https:\/\/x.com\/KOSICEREGION","https:\/\/www.instagram.com\/kosiceregion","https:\/\/www.youtube.com\/kosiceregion"]}]}},"_links":{"self":[{"href":"https:\/\/www.kosiceregion.com\/it\/wp-json\/wp\/v2\/region\/10543","targetHints":{"allow":["GET"]}}],"collection":[{"href":"https:\/\/www.kosiceregion.com\/it\/wp-json\/wp\/v2\/region"}],"about":[{"href":"https:\/\/www.kosiceregion.com\/it\/wp-json\/wp\/v2\/types\/region"}],"author":[{"embeddable":true,"href":"https:\/\/www.kosiceregion.com\/it\/wp-json\/wp\/v2\/users\/3"}],"version-history":[{"count":6,"href":"https:\/\/www.kosiceregion.com\/it\/wp-json\/wp\/v2\/region\/10543\/revisions"}],"predecessor-version":[{"id":11967,"href":"https:\/\/www.kosiceregion.com\/it\/wp-json\/wp\/v2\/region\/10543\/revisions\/11967"}],"wp:featuredmedia":[{"embeddable":true,"href":"https:\/\/www.kosiceregion.com\/it\/wp-json\/wp\/v2\/media\/3766"}],"wp:attachment":[{"href":"https:\/\/www.kosiceregion.com\/it\/wp-json\/wp\/v2\/media?parent=10543"}],"curies":[{"name":"wp","href":"https:\/\/api.w.org\/{rel}","templated":true}]}}