{"id":6651,"date":"2021-06-07T20:15:29","date_gmt":"2021-06-07T18:15:29","guid":{"rendered":"https:\/\/www.kosiceregion.com\/sk\/?post_type=region&#038;p=6651"},"modified":"2023-12-13T15:47:16","modified_gmt":"2023-12-13T14:47:16","slug":"","status":"publish","type":"region","link":"https:\/\/www.kosiceregion.com\/it\/region\/region-gemer\/","title":{"rendered":"","raw":""},"content":{"rendered":"","protected":false,"raw":""},"excerpt":{"rendered":"","protected":false,"raw":""},"author":1,"featured_media":6955,"menu_order":0,"template":"","format":"standard","meta":{"_acf_changed":false,"_sk_post_content":"<!-- wp:acf\/region-text-map-section {\"name\":\"acf\/region-text-map-section\",\"data\":{\"text\":\"Regi\u00f3n Gemera v\u00e1s geograficky povedie od prame\u0148a Hrona na severe a\u017e po v\u00fdbe\u017eky Cerovej vrchoviny na juhu, od Soro\u0161ky na v\u00fdchode po O\u017edianske serpent\u00edny na z\u00e1pade. Gemer hrani\u010d\u00ed s n\u00e1rodn\u00fdmi parkmi Slovensk\u00fd raj a Mur\u00e1nska planina, na juhu sa rozprestiera kr\u00e1sny Slovensk\u00fd kras.\\r\\n\\r\\nAk v\u00e1m relax prin\u00e1\u0161a \u010daro hust\u00fdch lesov, h\u00f4r, drav\u00fdch bystr\u00edn a strm\u00fdch horsk\u00fdch l\u00fak, modrej hladiny jazier a rybn\u00edkov, v regi\u00f3ne Gemer si pr\u00eddete ur\u010dite na svoje. Gemer je kraj starobyl\u00fdch kostolov, pansk\u00fdch ka\u0161tie\u013eov a statk\u00e1rskych k\u00fari\u00ed. V\u0161ade naokolo charakter regi\u00f3nu vyzdvihuje aj zachovan\u00e1 \u013eudov\u00e1 architekt\u00fara. Na severe dreven\u00e1, zrubov\u00e1, na juhu murovan\u00e1, s typick\u00fdmi bielymi st\u013aporadiami podstienkov, pod ktor\u00fdmi sa v p\u00e1\u013eave zrel\u00e9ho leta su\u0161ia girlandy \u010dervenej papriky a trsy zlato\u017eltej kukurice. Kostoly, katol\u00edcke aj evanjelick\u00e9, si zachovali umelecky hodnotn\u00e9 rezb\u00e1rske diela - renesan\u010dn\u00e9 a barokov\u00e9 olt\u00e1re, kazate\u013enice, krstite\u013enice s mno\u017estvom s\u00f4ch a obrazov. Unik\u00e1tnym dokladom miestnej \u013eudovej tvorivosti s\u00fa kostoln\u00e9 lavice aj stropy s pestrou ma\u013eovanou ornamentikou. R\u00e1z tomuto regi\u00f3nu vtla\u010dili bohat\u00e9 n\u00e1lezisk\u00e1 drah\u00fdch a \u00fa\u017eitkov\u00fdch kovov vo vrchoch Spi\u0161sko-gemersk\u00e9ho rudohoria a ich n\u00e1sledn\u00e9 spracov\u00e1vanie. Nesmiernym bohatstvom \u00fazemia s\u00fa jedine\u010dn\u00e9 fenom\u00e9ny - krasov\u00e9 a \u013eadov\u00e9 jaskyne v podzem\u00ed troch n\u00e1rodn\u00fdch parkov, a to Slovensk\u00e9ho raja, Slovensk\u00e9ho krasu a Mur\u00e1nskej planiny. Spomedzi nich Dob\u0161insk\u00e1 \u013eadov\u00e1 jasky\u0148a a Ochtinsk\u00e1 aragonitov\u00e1 jasky\u0148a s\u00fa svetov\u00fdmi unik\u00e1tmi.\",\"_text\":\"field_60bca2eb0d20a\",\"map\":10812,\"_map\":\"field_60bca3270d20b\"},\"mode\":\"edit\"} \/-->\n\n<!-- wp:acf\/region-gallery-section {\"name\":\"acf\/region-gallery-section\",\"data\":{\"image\":10964,\"_image\":\"field_60bcbc877804c\",\"gallery\":[\"10962\",\"10963\",\"10964\",\"10965\",\"10966\",\"10967\",\"10968\",\"10969\",\"10970\",\"10971\",\"10972\",\"10973\",\"10974\",\"10975\",\"10976\",\"10977\",\"10978\",\"10979\",\"10980\",\"10981\",\"10982\",\"10983\",\"10984\",\"10985\",\"10986\",\"10987\",\"10988\",\"10989\",\"10990\",\"10991\",\"10992\",\"10993\",\"10994\",\"10995\",\"10996\",\"10997\"],\"_gallery\":\"field_60bcbd217804d\"},\"mode\":\"edit\"} \/-->\n\n<!-- wp:acf\/region-text-image-right-section {\"name\":\"acf\/region-text-image-right-section\",\"data\":{\"title\":\"Najzn\u00e1mej\u0161ie miesta\",\"_title\":\"field_60bcc92838f26\",\"text\":\"Ke\u010f n\u00e1v\u0161tevn\u00edk vstupuje na \u00fazemie Gemera, jeho pozornosti neunikne fakt, \u017ee tento regi\u00f3n m\u00e1 bohat\u00fa ban\u00edcku hist\u00f3riu. Po st\u00e1ro\u010dia sa v jeho chot\u00e1ri \u0165a\u017eili vz\u00e1cne kovy \u2013 me\u010f, nikel i kobalt. Vypoved\u00e1 o tom starobyl\u00e1 ban\u00edcka obec Straten\u00e1, sl\u00e1vne ban\u00edcke mesto Dob\u0161in\u00e1. A aj n\u00e1mestie i bohat\u00e9 domy najv\u00e4\u010d\u0161ieho mesta Gemera v Ko\u0161ickom kraji v Ro\u017e\u0148ave d\u00e1vaj\u00fa tu\u0161i\u0165 niekdaj\u0161\u00ed z\u00e1ujem nemeck\u00fdch podnikate\u013eov o bohatstvo, ktor\u00e9 sa nach\u00e1dzalo v podzem\u00ed. Rovnako \\u003ca href=\\u0022https:\/\/www.kosiceregion.com\/sk\/poi\/banicke-muzeum-v-roznave\/\\u0022\\u003e\\u003cb\\u003eExpoz\u00edcia ban\u00edctva a hutn\u00edctva Gemera\\u003c\/b\\u003e\\u003c\/a\\u003e mapuje prierez hist\u00f3riou gemersk\u00e9ho ban\u00edctva a hutn\u00edctva od praveku po s\u00fa\u010dasnos\u0165 s uk\u00e1\u017ekami prvotn\u00fdch dob\u00fdvac\u00edch pracovn\u00fdch n\u00e1strojov, dopravn\u00fdch prostriedkov, banskej mera\u010dskej a osvet\u013eovacej techniky. \\u003ca href=\\u0022https:\/\/www.kosiceregion.com\/sk\/poi\/banicke-muzeum-v-roznave\/\\u0022\\u003e\\u003cb\\u003eV expoz\u00edcii Bansk\u00e9 pracovisk\u00e1\\u003c\/b\\u003e \\u003c\/a\\u003emo\u017eno vidie\u0165 bansk\u00e9 diela v podzem\u00ed a v are\u00e1li Ban\u00edckeho z\u00e1\u017eitkov\u00e9ho centra sa nach\u00e1dzaj\u00fa \\u003cb\\u003eunik\u00e1ty - tret\u00ed najstar\u0161\u00ed parn\u00fd valec na svete\\u003c\/b\\u003e a \\u003cb\\u003ejedin\u00fd parn\u00fd n\u00e1kladn\u00fd automobil \u0160koda Sentinel na Slovensku.\u00a0\\u003c\/b\\u003e\\r\\n\\r\\n\u017diaden turista neob\u00edde hist\u00f3riou presiaknut\u00e9 pamiatky ako stredovek\u00fd p\u00f4vodne gotick\u00fd \\u003cb\\u003e\\u003ca href=\\u0022https:\/\/www.kosiceregion.com\/sk\/poi\/hrad-krasna-horka\/\\u0022\\u003eHrad Kr\u00e1sna H\u00f4rka\\u003c\/a\\u003e.\\u003c\/b\\u003e Ne\u010faleko je secesn\u00e9 \\u003ca href=\\u0022https:\/\/www.kosiceregion.com\/sk\/poi\/mauzoleum-andrassyovcov\/\\u0022\\u003eMauz\u00f3leum rodiny Andr\u00e1ssyovcov\\u003c\/a\\u003e. Odtia\u013e zamierme na\u00a0okraj Ro\u017e\u0148avskej kotliny do\u00a0\\u003cb\\u003eBetliara.\\u003c\/b\\u003e Pr\u00e1ve tu, uprostred parku franc\u00fazskeho \u0161t\u00fdlu, stoj\u00ed azda najzn\u00e1mej\u0161\u00ed \\u003ca href=\\u0022https:\/\/www.kosiceregion.com\/sk\/poi\/kastiel-betliar-a-anglicky-park\/\\u0022\\u003e\\u003cb\\u003eka\u0161tie\u013e Andr\u00e1ssyovcov\\u003c\/b\\u003e\\u003c\/a\\u003e. Postaven\u00fd bol za\u010diatkom 18. storo\u010dia v\u00a0renesan\u010dno-barokovom slohu. Dnes je v\u00a0\u0148om m\u00fazeum a unik\u00e1tna je aj kni\u017enica, ktor\u00e1 na\u00a0svojich policiach nech\u00e1va odpo\u010d\u00edva\u0165 viac ako 20 000 zv\u00e4zkov.\\r\\n\\r\\nNajzauj\u00edmavej\u0161ie pamiatky z\u00a0obdobia gotiky na\u00a0Gemeri sp\u00e1ja \\u003cb\\u003eGotick\u00e1 cesta\\u003c\/b\\u003e, ktor\u00e1 pokra\u010duje aj na\u00a0\u00fazem\u00ed Spi\u0161a. \u00a0\\u003ca href=\\u0022https:\/\/www.terraincognita.sk\/tip-na-vylet-21-za-panmi-z-gemera\/\\u0022\\u003ehttps:\/\/www.terraincognita.sk\/tip-na-vylet-21-za-panmi-z-gemera\/\\u003c\/a\\u003e\\r\\n\\r\\nNa Gemeri nepochybne naraz\u00edte aj na\u00a0unik\u00e1tny chr\u00e1nen\u00fd pr\u00edrodn\u00fd v\u00fdtvor, najv\u00e4\u010d\u0161iu \u013eadov\u00fa jasky\u0148u a prv\u00fa elektricky osvetlen\u00fa jasky\u0148u v Eur\u00f3pe (od roku 1887) \\u003cb\\u003e\\u003ca href=\\u0022https:\/\/www.kosiceregion.com\/sk\/poi\/dobsinska-ladova-jaskyna-unesco\/\\u0022\\u003eDob\u0161insk\u00fa \u013eadov\u00fa jasky\u0148u\\u003c\/a\\u003e.\\u003c\/b\\u003e \\u003ca href=\\u0022https:\/\/www.kosiceregion.com\/sk\/poi\/ochtinska-aragonitova-jaskyna-unesco\/\\u0022\\u003e\\u003cb\\u003eOchtinsk\u00e1 aragonitov\u00e1 jasky\u0148a\\u003c\/b\\u003e\\u003c\/a\\u003e je s\u00edce dlh\u00e1 iba 300m, no jej bohat\u00e1 \\u003cb\\u003earagonitov\u00e1 v\u00fdpl\u0148\\u003c\/b\\u003e vynik\u00e1 jedine\u010dnos\u0165ou. Medzi Slovenskom a\u00a0Ma\u010farskom sa v\u00a0podzemnom syst\u00e9me ukr\u00fdva \\u003cb\\u003ejasky\u0148a \\u003ca href=\\u0022https:\/\/www.kosiceregion.com\/sk\/poi\/jaskyna-domica-unesco\/\\u0022\\u003eDomica\\u003c\/a\\u003e\\u003c\/b\\u003e, ktorej zvl\u00e1\u0161tnos\u0165ou je\\u003cb\\u003e hojn\u00fd v\u00fdskyt netopierov \\u003c\/b\\u003e(okolo 1500 kusov 16 r\u00f4znych druhov). Zauj\u00edmavou atrakciou je tu aj plavba \u010dlnkom po rie\u010dke Styx. Ak z Domice pokra\u010dujeme \u010falej na\u00a0v\u00fdchod, nemali by sme ob\u00eds\u0165 \u010fal\u0161iu spr\u00edstupnen\u00fa \\u003cb\\u003ejasky\u0148u -\u00a0 \\u003ca href=\\u0022https:\/\/www.kosiceregion.com\/sk\/poi\/gombasecka-jaskyna\/\\u0022\\u003eGombaseck\u00fa\\u003c\/a\\u003e\\u003c\/b\\u003e. Medzi jej osobitosti sa rad\u00ed tzv. \u010cierna vyviera\u010dka. \u010eal\u0161ia jasky\u0148a, ale bez sprievodcovskej slu\u017eby, je unik\u00e1tna \\u003ca href=\\u0022https:\/\/www.kosiceregion.com\/sk\/poi\/jaskyna-silicka-ladnica\/\\u0022\\u003e\\u003cb\\u003eSilick\u00e1 \u013eadnica\\u003c\/b\\u003e\\u003c\/a\\u003e s celoro\u010dnou \u013eadovou v\u00fdzdobou v\u00a0spodnej \u010dasti. Je najni\u017e\u0161ie polo\u017eenou \u013eadovou jasky\u0148ou na\u00a0svete v\u00a0mierne klimatickom p\u00e1sme. \\u003ca href=\\u0022https:\/\/www.kosiceregion.com\/sk\/poi\/krasnohorska-jaskyna-unesco\/\\u0022\\u003e\\u003cb\\u003eKr\u00e1snohorsk\u00e1 jasky\u0148a\\u003c\/b\\u003e \\u003c\/a\\u003esa s\u00a0unik\u00e1tnym stalagmitom s\u00a0v\u00fd\u0161kou 32,7 m rad\u00ed medzi najv\u00e4\u010d\u0161ie na\u00a0svete.\\r\\n\\r\\nGemer je kraj zrubov\u00fdch domov, mil\u00fdch \u013eud\u00ed s\u00a0charakteristick\u00fdm n\u00e1re\u010d\u00edm, ale i\u00a0kr\u00e1snou pr\u00edrodou. Nach\u00e1dza sa tu \\u003cb\\u003eStolica \\u003c\/b\\u003e(1476m n. m.),\\u003cb\\u003e najvy\u0161\u0161\u00ed bod Ko\u0161ick\u00e9ho samospr\u00e1vneho kraja.\\u003c\/b\\u003e L\u00e1ka\u0165 v\u00e1s bude aj majest\u00e1tny 990 metrov vysok\u00fd \\u003cb\\u003eVe\u013ek\u00fd Radzim\\u003c\/b\\u003e.\\r\\n\\r\\nPozoruhodn\u00fdm miestom je rodn\u00fd dom spisovate\u013ea a\u00a0zberate\u013ea slovensk\u00fdch \u013eudov\u00fdch rozpr\u00e1vok \\u003cb\\u003ePavla Dob\u0161insk\u00e9ho\\u003c\/b\\u003e v\u00a0Kobeliarove.\",\"_text\":\"field_60bcc95038f27\",\"image\":6959,\"_image\":\"field_60bcc96c38f28\",\"video\":\"\",\"_video\":\"field_60bcd05f5a8d8\"},\"mode\":\"preview\"} \/-->\n\n<!-- wp:acf\/region-text-image-left-section {\"name\":\"acf\/region-text-image-left-section\",\"data\":{\"title\":\"Menej zn\u00e1me lokality\",\"_title\":\"field_60bcc92838f26\",\"text\":\"\\u003cb\\u003eZa pozornos\u0165 v Ro\u017e\u0148ave \\u003c\/b\\u003estoj\u00ed \\u003ca href=\\u0022https:\/\/www.kosiceregion.com\/sk\/poi\/strazna-veza\/\\u0022\\u003eStr\u00e1\u017ena ve\u017ea\\u003c\/a\\u003e \u010di Radnica.\\r\\n\\r\\nJu\u017ene od Ro\u017e\u0148avy sa nach\u00e1dza atypick\u00fd pr\u00edrodn\u00fd v\u00fdtvor \\u003cb\\u003ejazero Far\u00e1rova jama.\\u003c\/b\\u003e V\u00fdchodne zas\\u003ca href=\\u0022https:\/\/www.kosiceregion.com\/sk\/poi\/husitsky-kostolik-lucka\/\\u0022\\u003e\\u003cb\\u003e Husitsk\u00fd kostol\u00edk L\u00fa\u010dka\\u003c\/b\\u003e\\u003c\/a\\u003e kedysi sl\u00fa\u017eil ako pevn\u00f4stka Jana Jiskru z Brand\u00fdsa a jeho vojska zlo\u017een\u00e9ho z b\u00fdval\u00fdch husitov, v\u010faka \u010domu si vysl\u00fa\u017eil pr\u00edvlastok husitsk\u00fd.\\r\\n\\r\\nM\u00fazeum \\u003ca href=\\u0022https:\/\/www.kosiceregion.com\/sk\/poi\/vodny-mlyn-v-obci-kovacova\/\\u0022\\u003e\\u003cb\\u003eVodn\u00fd mlyn\\u003c\/b\\u003e\\u003c\/a\\u003e v obci Kov\u00e1\u010dov\u00e1, ktor\u00fd patril kedysi rodine Andr\u00e1ssyovcov z Kr\u00e1snej H\u00f4rky, m\u00e1 p\u00f4vodn\u00e9 origin\u00e1lne technick\u00e9 zariadenia a\u00a0stroje na proces mletia m\u00faky.\\r\\n\\r\\n\\u003ca href=\\u0022https:\/\/www.kosiceregion.com\/sk\/poi\/goticky-kostol-v-kocelovciach\/\\u0022\\u003e\\u003cb\\u003eKoce\u013eovce \\u003c\/b\\u003e\\u003c\/a\\u003ev\u00a0\u00fadol\u00ed Hankovsk\u00e9ho potoka boli zalo\u017een\u00e9 nemeck\u00fdmi osadn\u00edkmi, ktor\u00ed sem pri\u0161li zaklada\u0165 bane. Najvz\u00e1cnej\u0161ou pamiatkou je tu \\u003cb\\u003egotick\u00fd chr\u00e1m z\u00a0prvej polovice 14. storo\u010dia\\u003c\/b\\u003e.\\r\\n\\r\\n\\u003ca href=\\u0022https:\/\/www.kosiceregion.com\/sk\/poi\/ranc-pod-ostrou-skalou\/\\u0022\\u003e\\u003cb\\u003eRan\u010d pod Ostrou skalou\\u003c\/b\\u003e \\u003c\/a\\u003esa nach\u00e1dza v bl\u00edzkosti Dob\u0161inskej \u013eadovej jaskye. Zaober\u00e1 sa chovom kon\u00ed r\u00f4znych plemien, ako aj chovom kr\u00e1v. Pre za\u010diato\u010dn\u00edkov ale aj pokro\u010dil\u00fdch pon\u00faka v\u00fduku jazdy na koni, pre n\u00e1ro\u010dnej\u0161\u00edch z\u00e1kazn\u00edkov organizuje ran\u010d jedno aj viac d\u0148ov\u00e9 v\u00fdlety v sedle kon\u00ed s mo\u017enos\u0165ou t\u00e1borenia v pr\u00edrode.\\r\\n\\r\\n\\u003cb\\u003ePri Jablonove nad Tur\u0148ou\\u003c\/b\\u003e je ve\u013emi vyh\u013ead\u00e1vanou stredovek\u00e1 s\u00fdpka\\u003cb\\u003e\\u003ca href=\\u0022https:\/\/www.kosiceregion.com\/sk\/poi\/granarium-v-jablonove-nad-turnou\/\\u0022\\u003e Gran\u00e1rium\\u003c\/a\\u003e. \\u003c\/b\\u003eV Kr\u00e1snohorskej dlhej l\u00fake nav\u0161t\u00edvte \\u003ca href=\\u0022https:\/\/www.kosiceregion.com\/sk\/poi\/dom-remesiel-krasnohorska-dlha-luka\/\\u0022\\u003e\\u003cb\\u003eDom remesiel\\u003c\/b\\u003e\\u003c\/a\\u003e, v\u00a0Rejdovej \\u003ca href=\\u0022https:\/\/www.kosiceregion.com\/sk\/poi\/muzeum-tradicnej-ludovej-kultury-rejdova\/\\u0022\\u003e\\u003cb\\u003eM\u00fazeum tradi\u010dnej kult\u00fary\\u003c\/b\\u003e\\u003c\/a\\u003e, v\u00a0\u0160t\u00edtniku sa nach\u00e1dza \\u003cb\\u003eprotitureck\u00e1 pevnos\u0165 Vodn\u00fd hrad\\u003c\/b\\u003e, v minulosti chr\u00e1nen\u00fd ve\u013ek\u00fdmi mo\u010dariskami.\\r\\n\\r\\nNa v\u0161etk\u00fdch milovn\u00edkov adrenal\u00ednu, r\u00fdchlej jazdy, a dobrej z\u00e1bavy \u010dak\u00e1 v\u00a0Ple\u0161ivci (16 km od Ro\u017e\u0148avy) \\u003ca href=\\u0022https:\/\/www.kosiceregion.com\/sk\/poi\/karting-arena-plesivec\/\\u0022\\u003e\\u003cb\\u003emotok\u00e1rov\u00e1 dr\u00e1ha\\u003c\/b\\u003e\\u003c\/a\\u003e. Pre sk\u00fasen\u00fdch pretek\u00e1rov aj be\u017en\u00fa verejnos\u0165 pon\u00faka tra\u0165 s d\u013a\u017ekou 650 metrov. Alebo si z\u00e1jdite do Brzot\u00edna do \\u003cb\\u003e\\u003ca href=\\u0022https:\/\/www.kosiceregion.com\/sk\/poi\/konsky-dvor-brzotin\/\\u0022\\u003ejazdeck\u00e9ho are\u00e1lu\\u003c\/a\\u003e.\\u003c\/b\\u003e\",\"_text\":\"field_60bcc95038f27\",\"image\":10995,\"_image\":\"field_60bcc96c38f28\",\"video\":\"https:\/\/youtu.be\/96yaut-72M4\",\"_video\":\"field_60bcd05f5a8d8\"},\"mode\":\"preview\"} \/-->\n\n<!-- wp:acf\/region-text-image-right-section {\"name\":\"acf\/region-text-image-right-section\",\"data\":{\"title\":\"Gastron\u00f3mia\",\"_title\":\"field_60bcc92838f26\",\"text\":\"Gastron\u00f3mia tohto \u0161pecifick\u00e9ho regi\u00f3nu sp\u00e1jaj\u00faceho po ju\u017enej ma\u010farskej hranici v\u00fdchod a z\u00e1pad Slovenska odkazuje na mimoriadne pestr\u00e9 kulin\u00e1rske dedi\u010dstvo, od tradi\u010dn\u00fdch pokrmov a\u017e po \\u0022finom csemege\\u0022 lukulsk\u00e9 k\u00fasky. Ma\u010farsk\u00fd vplyv je mo\u017en\u00e9 ochutna\u0165 v jedl\u00e1ch z hov\u00e4dzieho m\u00e4sa, ka\u010d\u00edc a hus\u00ed. Z polievok spome\u0148me polievku z kysl\u00e9ho mlieka, ovocn\u00fa polievku z dul\u00ed \u010di baraniu polievku. V miestnych kuchyniach sa \u010dasto na pr\u00edpravu jed\u00e1l pou\u017e\u00edva brav\u010dov\u00e1 mas\u0165 alebo olej. Aby tu miestni kuch\u00e1ri dodali jedlu zvl\u00e1\u0161tnu v\u00f4\u0148u, vari\u0165 neza\u010dn\u00fa bez cibule, mletej papriky \u010di major\u00e1nu. K mnoh\u00fdm druhom jed\u00e1l sa pod\u00e1va kned\u013ea, vyroben\u00e1 z m\u00faky a kvasn\u00edc alebo zemiakov\u00e9ho cesta. Zauj\u00edmav\u00e9 s\u00fa aj pr\u00edlohov\u00e9 om\u00e1\u010dky na b\u00e1ze zeleniny. Jedno je v\u0161ak pri v\u0161etk\u00fdch vari\u00e1ci\u00e1ch zhodn\u00e9, na Gemeri sa preferuje jedlo v tvare gu\u013eky. Gemersk\u00e9 gu\u013eky, jedlo ban\u00edkov a drevoruba\u010dov, s\u00fa zo zemiakov a prerasten\u00e9ho \u00faden\u00e9ho m\u00e4sa, utopen\u00e9 v paradajkovej om\u00e1\u010dke \u010di kyslej kapuste s om\u00e1\u010dkou. \u010ealej s\u00fa to sladk\u00e9 tvarohov\u00e9 gombolce s marhu\u013eami, paren\u00e9 buchty s dom\u00e1cim slivkov\u00fdm lekv\u00e1rom alebo makom. Zauj\u00edmav\u00e9 s\u00fa tvary polievkovej cestoviny - \u0161pecifick\u00fdch g\u00e1gorikov, ktor\u00e9 sa vyr\u00e1baj\u00fa za pomoci vretena a brda. Z kukuri\u010dnej krupice sa robia tzv. \u0161korce s makom. Z hladkej chlebovej m\u00faky sa zas pe\u010d\u00fa kysnut\u00e9 pos\u00fachy, kysnut\u00fd je aj hubovn\u00edk \u2013 slan\u00fd kol\u00e1\u010d plnen\u00fd hubami. Jedn\u00fdm z prekvapen\u00ed je egre\u0161ov\u00e1 om\u00e1\u010dka, neuver\u00edte - k stejku. Z n\u00e1pojov je tu ob\u013e\u00faben\u00e1 u\u017e klasick\u00e1 hriata p\u00e1lenka.\",\"_text\":\"field_60bcc95038f27\",\"image\":10316,\"_image\":\"field_60bcc96c38f28\",\"video\":\"https:\/\/www.youtube.com\/watch?v=22N44KkdUpI\",\"_video\":\"field_60bcd05f5a8d8\"},\"mode\":\"edit\"} \/-->\n\n<!-- wp:acf\/region-text-image-left-section {\"name\":\"acf\/region-text-image-left-section\",\"data\":{\"title\":\"Typick\u00e9 produkty pre oblas\u0165\",\"_title\":\"field_60bcc92838f26\",\"text\":\"\u0160pecifick\u00e9 produkty regi\u00f3nu Gemer sa zrodili v jeho malebn\u00fdch obciach, Vy\u0161n\u00e1 Slan\u00e1 a Rejdov\u00e1 s\u00fa pr\u00edkladom bohatej folkl\u00f3rnej trad\u00edcie a zvyklost\u00ed. V Rejdovej je dokonca hojne zast\u00fapen\u00e1 aj p\u00f4vodn\u00e1 \u013eudov\u00e1 architekt\u00fara, \u010d\u00edm sa stala n\u00e1rodopisnou lokalitou celoslovensk\u00e9ho v\u00fdznamu. Zauj\u00edmav\u00e9 s\u00fa tu \\u003cb\\u003etkan\u00e9 koberce aj pali\u010dkovan\u00e1 \u010dipka. \\u003c\/b\\u003eGemer\u010dania boli zn\u00e1mi\\u003cb\\u003e \u0161it\u00edm ko\u017e\u00fa\u0161kov, \\u003c\/b\\u003ekvalitnou\\u003cb\\u003e pr\u00e1cou drevorezb\u00e1rov \u010di drot\u00e1rov.\\u003c\/b\\u003e Mo\u017eno pr\u00e1ve z tohto regi\u00f3nu je ide\u00e1lne odnies\u0165 si nejak\u00fa hra\u010dku z dreva alebo umeleck\u00fd v\u00fdrobok z kov\u00e1\u010dskej \u010di drot\u00e1rskej\u00a0 dielne. Hrn\u010diarstvo kedysi d\u00e1valo v Gemeri pr\u00e1cu stovk\u00e1m \u013eud\u00ed, vyberte si z rozsiahlych zbierok gemerskej keramiky, misu alebo kr\u010dah. Ob\u013e\u00faben\u00e1 je st\u00e1le \\u003cb\\u003ev\u00fdroba ko\u017een\u00fdch pastierskych k\u00e1ps a ko\u017een\u00fdch obalov na f\u013ea\u0161e, \\u003c\/b\\u003eale aj kvalitn\u00e1\\u003cb\\u003e v\u00fdroba \u0161ind\u013eov. \\u003c\/b\\u003eZa feudalizmu bolo dieln\u00ed na \u00fazem\u00ed Gemera v Dob\u0161inej, Ro\u017e\u0148ave, \u0160t\u00edtniku a vo Vlachove nieko\u013eko zvonolej\u00e1rskych dieln\u00ed, preto nech va\u0161u cestu Gemerom \u0161\u0165astne ukon\u010d\u00ed napr\u00edklad symbolick\u00fd zvon\u010dek, ktor\u00fd si z tohto regi\u00f3nu odnesiete.\",\"_text\":\"field_60bcc95038f27\",\"image\":11002,\"_image\":\"field_60bcc96c38f28\",\"video\":\"https:\/\/youtu.be\/96yaut-72M4\",\"_video\":\"field_60bcd05f5a8d8\"},\"mode\":\"preview\"} \/-->\n\n<!-- wp:acf\/region-local-organization-section {\"name\":\"acf\/region-local-organization-section\",\"data\":{\"name\":\"OOCR Gemer\",\"_name\":\"field_60bdfa9e8a14f\",\"address\":\"Mur\u00e1nska 1331\/4, 050 01  Rev\u00faca\",\"_address\":\"field_60bdfac78a150\",\"email\":\"info@regiongemer.sk\",\"_email\":\"field_60bdfae38a151\",\"phone\":\"\",\"_phone\":\"field_60bdfb0e8a152\",\"website\":\"www.regiongemer.sk\",\"_website\":\"field_60bdfb328a153\",\"logo\":6852,\"_logo\":\"field_60bdfb438a154\"},\"mode\":\"edit\"} \/-->\n\n<!-- wp:acf\/region-local-organization-section {\"name\":\"acf\/region-local-organization-section\",\"data\":{\"name\":\"Turistick\u00e9 informa\u010dn\u00e9 centrum Ro\u017e\u0148ava\",\"_name\":\"field_60bdfa9e8a14f\",\"address\":\"N\u00e1mestie Ban\u00edkov 32, Ro\u017e\u0148ava\",\"_address\":\"field_60bdfac78a150\",\"email\":\"info@roznavatic.sk\",\"_email\":\"field_60bdfae38a151\",\"phone\":\"+421 949 552 568\",\"_phone\":\"field_60bdfb0e8a152\",\"website\":\"www.roznavatic.sk\",\"_website\":\"field_60bdfb328a153\",\"logo\":10322,\"_logo\":\"field_60bdfb438a154\"},\"mode\":\"edit\"} \/-->","_sk_post_name":"region-gemer","_sk_post_excerpt":"","_sk_post_title":"Regi\u00f3n Gemer","_en_post_content":"","_en_post_name":"","_en_post_excerpt":"","_en_post_title":"","_hu_post_content":"","_hu_post_name":"","_hu_post_excerpt":"","_hu_post_title":"","_es_post_content":"","_es_post_name":"","_es_post_excerpt":"","_es_post_title":"","_de_post_content":"","_de_post_name":"","_de_post_excerpt":"","_de_post_title":"","_pl_post_content":"<!-- wp:acf\/region-text-map-section {\"name\":\"acf\/region-text-map-section\",\"data\":{\"field_60bca2eb0d20a\":\"Granice geograficzne regionu Gemer wyznaczaj\u0105 \u017ar\u00f3d\u0142a Hronu na p\u00f3\u0142nocy i szczyty Cerovej vrchoviny na po\u0142udniu, tunel Soro\u0161ka na wschodzie i serpentyny pod miejscowo\u015bci\u0105 O\u017e\u010fany na zachodzie. Gemer graniczy z parkami narodowymi S\u0142owacki Raj i P\u0142askowy\u017c Mura\u0144ski (Mur\u00e1nska planina), od po\u0142udnia za\u015b rozpo\u015bciera si\u0119 przepi\u0119kny Kras S\u0142owacko-W\u0119gierski (Slovensk\u00fd kras).\\r\\n\\r\\nJe\u015bli relaks w le\u015bnej g\u0142uszy, g\u00f3rach, nad bystrymi potokami i\u00a0na g\u00f3rskich \u0142\u0105kach, po\u015br\u00f3d b\u0142\u0119kitnej toni jezior i staw\u00f3w sprawia Wam przyjemno\u015b\u0107, tutaj znajdziecie wszystko, czego trzeba do szcz\u0119\u015bcia. Gemer to region wiekowych \u015bwi\u0105ty\u0144, pa\u0142ac\u00f3w i dwor\u00f3w ziemia\u0144skich. Dope\u0142nieniem lokalnego kolorytu jest dobrze zachowana architektura ludowa. Na p\u00f3\u0142nocy dominuje budownictwo drewniane \u2013 zr\u0119bowe chaty, na po\u0142udniu za\u015b murowane domy z charakterystycznymi bia\u0142ymi filarami i gankiem, pod kt\u00f3rym u schy\u0142ku upalnego lata susz\u0105 si\u0119 girlandy czerwonej papryki i kolby z\u0142otej kukurydzy. Ko\u015bcio\u0142y \u2013 katolickie i ewangelickie \u2013 kryj\u0105 w swoich murach cenne zabytki: renesansowe i barokowe o\u0142tarze, kazalnice, chrzcielnice, pos\u0105gi i obrazy. Unikalnym \u015bwiadectwem tw\u00f3rczo\u015bci ludowej s\u0105 \u0142awki ko\u015bcielne i malowane stropy z bogat\u0105 ornamentyk\u0105. Region, a dok\u0142adniej Rudawy Spisko-Gemerskie s\u0142yn\u0119\u0142y niegdy\u015b z wydobycia i obr\u00f3bki rud metali szlachetnych i u\u017cytkowych. Prawdziwym bogactwem tego obszaru s\u0105 niezwyk\u0142e jaskinie krasowe i lodowe ukryte w podziemiach trzech park\u00f3w narodowych: S\u0142owackiego Raju, S\u0142owackiego Krasu i P\u0142askowy\u017cu Mura\u0144skiego. Spo\u015br\u00f3d nich prawdziwymi unikatami na skal\u0119 \u015bwiata s\u0105 Dobszy\u0144ska Jaskinia Lodowa i Ochty\u0144ska Jaskinia Aragonitowa.\",\"field_60bca3270d20b\":\"10812\"},\"mode\":\"edit\"} \/-->\n\n<!-- wp:acf\/region-gallery-section {\"name\":\"acf\/region-gallery-section\",\"data\":{\"image\":10964,\"_image\":\"field_60bcbc877804c\",\"gallery\":[\"10962\",\"10963\",\"10964\",\"10965\",\"10966\",\"10967\",\"10968\",\"10969\",\"10970\",\"10971\",\"10972\",\"10973\",\"10974\",\"10975\",\"10976\",\"10977\",\"10978\",\"10979\",\"10980\",\"10981\",\"10982\",\"10983\",\"10984\",\"10985\",\"10986\",\"10987\",\"10988\",\"10989\",\"10990\",\"10991\",\"10992\",\"10993\",\"10994\",\"10995\",\"10996\",\"10997\"],\"_gallery\":\"field_60bcbd217804d\"},\"mode\":\"edit\"} \/-->\n\n<!-- wp:acf\/region-text-image-right-section {\"name\":\"acf\/region-text-image-right-section\",\"data\":{\"field_60bcc92838f26\":\"Najbardziej znane miejsca\",\"field_60bcc95038f27\":\"Odwiedzaj\u0105c Gemer trudno nie zauwa\u017cy\u0107, \u017ce jest to region o bogatych tradycjach g\u00f3rniczych. Przez ca\u0142e stulecia na tym obszarze wydobywano cenne rudy metali \u2013 mied\u017a, nikiel i\u00a0kobalt. Pozosta\u0142o\u015bci\u0105 g\u00f3rniczej historii jest dawna osada Straten\u00e1 czy s\u0142ynne miasteczko g\u00f3rnicze Dob\u0161in\u00e1. Nawet rynek i bogate kamienice najwi\u0119kszego miasta regionu le\u017c\u0105cego w kraju koszyckim, czyli Ro\u017cniawy s\u0105 \u015bwiadectwem wielkiego zainteresowania niemieckich przemys\u0142owc\u00f3w eksploracj\u0105 podziemnego bogactwa. \\u003cstrong\\u003eEkspozycja g\u00f3rnictwa i hutnictwa Gemeru\\u003c\/strong\\u003e przedstawia przekr\u00f3j przez histori\u0119 obu przemys\u0142u g\u00f3rniczego i hutniczego od czas\u00f3w prehistorycznych po wsp\u00f3\u0142czesno\u015b\u0107, a tak\u017ce pierwotne narz\u0119dzia pracy, \u015brodki transportu, g\u00f3rnicze urz\u0105dzenia pomiarowe czy dawne o\u015bwietlenie. Na wystawie \\u003cstrong\\u003eG\u00f3rnicze stanowiska pracy\\u003c\/strong\\u003e mo\u017cna z kolei zobaczy\u0107 na czym polega\u0142a praca pod ziemi\u0105, a w Centrum Do\u015bwiadcze\u0144 G\u00f3rniczych znajduj\u0105 si\u0119 prawdziwe \\u003cstrong\\u003eunikaty \u2013 trzeci najstarszy walec parowy na \u015bwiecie i jedyny parowy samoch\u00f3d ci\u0119\u017carowy marki \u0160koda Sentinel na S\u0142owacji. \\u003c\/strong\\u003e\\r\\n\\r\\n\u017baden prawdziwy turysta nie przepu\u015bci okazji do zwiedzenia przesi\u0105kni\u0119tych histori\u0105 zabytk\u00f3w, takich jak \u015bredniowieczny, pierwotnie gotycki \\u003cstrong\\u003ezamek Kr\u00e1sna H\u00f4rka.\\u003c\/strong\\u003e Niedaleko st\u0105d znajduje si\u0119 secesyjne mauzoleum rodu Andr\u00e1ssy. Dalej warto ruszy\u0107 na sam skraj Kotliny Ro\u017cniawskiej, do miejscowo\u015bci\u00a0\\u003cstrong\\u003eBetliar\\u003c\/strong\\u003e. W\u0142a\u015bnie tu, po\u015brodku parku w stylu francuskim, wznosi si\u0119 chyba najs\u0142ynniejszy \\u003cstrong\\u003epa\u0142ac rodu Andr\u00e1ssy\\u003c\/strong\\u003e. Zosta\u0142 on zbudowany na pocz\u0105tku XVIII wieku w stylu renesansowo-barokowym. Obecnie mie\u015bci si\u0119 w nim muzeum i unikalna biblioteka, kt\u00f3rej p\u00f3\u0142ki mieszcz\u0105 ponad 20 tysi\u0119cy wolumin\u00f3w.\\r\\n\\r\\nNajciekawsze zabytki z okresu gotyku w regionie \u0142\u0105czy \\u003cstrong\\u003eszlak gotycki\\u003c\/strong\\u003e, kt\u00f3ry prowadzi a\u017c na Spisz.\u00a0 \\u003ca href=\\u0022https:\/\/www.terraincognita.sk\/tip-na-vylet-21-za-panmi-z-gemera\/\\u0022\\u003ehttps:\/\/www.terraincognita.sk\/tip-na-vylet-21-za-panmi-z-gemera\/\\u003c\/a\\u003e\\r\\n\\r\\nW trakcie podr\u00f3\u017cy po Gemerze nie spos\u00f3b nie natkn\u0105\u0107 si\u0119 na unikalny chroniony pomnik przyrody nieo\u017cywionej, jakim jest najwi\u0119ksza jaskinia lodowa i pierwsza jaskinia z o\u015bwietleniem elektrycznym w Europie (od 1887 roku), czyli \\u003cstrong\\u003eDobszy\u0144ska Jaskinia Lodowa. Ochty\u0144ska Jaskinia Aragonitowa\\u003c\/strong\\u003e ma co prawda zaledwie 300 m d\u0142ugo\u015bci, ale za to jej \\u003cstrong\\u003earagonitowa szata\\u003c\/strong\\u003e zachwyca swoj\u0105 oryginalno\u015bci\u0105. W podziemnych korytarzach mi\u0119dzy S\u0142owacj\u0105 a W\u0119grami znajduje si\u0119 tak\u017ce \\u003cstrong\\u003ejaskinia\\u003c\/strong\\u003e \\u003ca href=\\u0022https:\/\/www.kosiceregion.com\/sk\/poi\/jaskyna-domica-unesco\/\\u0022\\u003e\\u003cstrong\\u003eDomica\\u003c\/strong\\u003e\\u003c\/a\\u003e, kt\u00f3ra s\u0142ynie z \\u003cstrong\\u003elicznego wyst\u0119powania nietoperzy\\u003c\/strong\\u003e (oko\u0142o 1500 osobnik\u00f3w nale\u017c\u0105cych do 16 gatunk\u00f3w). Ciekaw\u0105 atrakcj\u0105 tej jaskini jest r\u00f3wnie\u017c mo\u017cliwo\u015b\u0107 przep\u0142yni\u0119cia \u0142\u00f3dk\u0105 podziemnej rzeki Styks. Je\u015bli z Domicy wyruszycie na wsch\u00f3d, nie przegapcie \\u003cstrong\\u003ejaskini Gombaseckiej.\\u003c\/strong\\u003e Jej specyfik\u0105 jest z kolei tzw. Czarne Wywietrzysko. Kolejna jaskinia, kt\u00f3r\u0105 mo\u017cna zwiedza\u0107 bez przewodnika, to \\u003ca href=\\u0022https:\/\/www.kosiceregion.com\/sk\/poi\/jaskyna-silicka-ladnica\/\\u0022\\u003e\\u003cstrong\\u003eSilick\u00e1 \u013eadnica\\u003c\/strong\\u003e\\u003c\/a\\u003e z ca\u0142oroczn\u0105 szat\u0105 lodow\u0105 w dolnych pi\u0119trach. Jest najni\u017cej po\u0142o\u017con\u0105 jaskini\u0105 lodow\u0105 w strefie klimatu umiarkowanego na \u015bwiecie. \\u003cstrong\\u003eJaskinia Krasnog\u00f3rska\\u003c\/strong\\u003e mo\u017ce si\u0119 z kolei poszczyci\u0107 imponuj\u0105cym\u00a0stalagmitem o wysoko\u015bci 32,7 metra, kt\u00f3ry jest jednym z najwi\u0119kszych na \u015bwiecie.\\r\\n\\r\\nGemer to region zr\u0119bowych chat, przyjaznych ludzi m\u00f3wi\u0105cych charakterystycznym dialektem i urzekaj\u0105cej przyrody. \\u003cstrong\\u003eNajwy\u017cszym punktem kraju koszyckiego\\u003c\/strong\\u003e jest szczyt \\u003cstrong\\u003eStolica\\u003c\/strong\\u003e (1476 m n.p.m.). Uwag\u0119 przykuwa tak\u017ce majestatyczny \\u003cstrong\\u003eVe\u013ek\u00fd Radzim\\u003c\/strong\\u003e (990 m n.p.m.).\\r\\n\\r\\nMiejscem wartym odwiedzenia jest tak\u017ce dom rodzinny pisarza i zbieracza s\u0142owackich bajek ludowych, \\u003cstrong\\u003ePavla Dob\u0161inskiego\\u003c\/strong\\u003e, w miejscowo\u015bci Kobeliarov.\",\"field_60bcc96c38f28\":\"6959\",\"field_60bcd05f5a8d8\":\"\"},\"mode\":\"edit\"} \/-->\n\n<!-- wp:acf\/region-text-image-left-section {\"name\":\"acf\/region-text-image-left-section\",\"data\":{\"field_60bcc92838f26\":\"Mniej znane miejsca\",\"field_60bcc95038f27\":\"\\u003cstrong\\u003eW Ro\u017cniawie warto zwr\u00f3ci\u0107 uwag\u0119\\u003c\/strong\\u003e na wie\u017c\u0119 stra\u017cnicz\u0105 i ratusz.\\r\\n\\r\\nNa po\u0142udnie od Ro\u017cniawy znajduje si\u0119 niecodzienne zjawisko przyrodnicze \u2013 \\u003cstrong\\u003ejezioro Far\u00e1rova jama\\u003c\/strong\\u003e, a z kolei na wsch\u00f3d od miasta mo\u017cna zobaczy\u0107 \\u003cstrong\\u003ehusycki ko\u015bci\u00f3\u0142 L\u00fa\u010dka,\\u003c\/strong\\u003e kt\u00f3ry niegdy\u015b s\u0142u\u017cy\u0142 do obrony Janowi Jiskrze z Brandysa i jego wojskom sk\u0142adaj\u0105cym si\u0119 z dawnych husyt\u00f3w, czemu \u015bwi\u0105tynia zawdzi\u0119cza okre\u015blenie \u201ehusycka\u201d.\\r\\n\\r\\nW miejscowo\u015bci Kov\u00e1\u010dov\u00e1 znajduje si\u0119 muzeum \\u003cstrong\\u003eM\u0142yn Wodny\\u003c\/strong\\u003e. M\u0142yn nale\u017ca\u0142 niegdy\u015b do rodu Andr\u00e1ssy z Kr\u00e1snej H\u00f4rki. Zachowa\u0142o si\u0119 w nim oryginalne wyposa\u017cenie i urz\u0105dzenia u\u017cywane do przemia\u0142u ziarna na m\u0105k\u0119.\\r\\n\\r\\n\\u003ca href=\\u0022https:\/\/www.kosiceregion.com\/sk\/poi\/goticky-kostol-v-kocelovciach\/\\u0022\\u003e\\u003cstrong\\u003eKoce\u013eovce\u00a0\\u003c\/strong\\u003e\\u003c\/a\\u003epo\u0142o\u017cone w dolinie potoku\u00a0Hankovskiego to miejscowo\u015b\u0107 za\u0142o\u017cona przez niemieckich osadnik\u00f3w, kt\u00f3rzy przybyli na te tereny zak\u0142ada\u0107 kopalnie. Najcenniejszym zabytkiem wsi jest \\u003cstrong\\u003egotycka \u015bwi\u0105tynia z pierwszej po\u0142owy XIV wieku.\\u003c\/strong\\u003e\\r\\n\\r\\n\\u0026nbsp;\\r\\n\\r\\n\\u003ca href=\\u0022https:\/\/www.kosiceregion.com\/sk\/poi\/ranc-pod-ostrou-skalou\/\\u0022\\u003e\\u003cstrong\\u003eRanczo pod Ostr\u0105 Ska\u0142\u0105\\u003c\/strong\\u003e\u00a0\\u003c\/a\\u003e(\\u003ca href=\\u0022https:\/\/www.kosiceregion.com\/sk\/poi\/ranc-pod-ostrou-skalou\/\\u0022\\u003eRan\u010d pod Ostrou skalou\u00a0\\u003c\/a\\u003e) znajduje si\u0119 niedaleko Dobszynskiej Jaskini Lodowej. Zajmuje si\u0119 hodowl\u0105 kr\u00f3w i r\u00f3\u017cnych ras koni. Oferuje nauk\u0119 jazdy konnej dla pocz\u0105tkuj\u0105cych i zaawansowanych. Wychodz\u0105c naprzeciw potrzebom bardziej wymagaj\u0105cych klient\u00f3w, ranczo organizuje jedno- i kilkudniowe wyprawy w siodle z mo\u017cliwo\u015bci\u0105 obozowania na \u0142onie natury.\\r\\n\\r\\nNiedaleko \\u003cstrong\\u003eJablonova nad Tur\u0148ou\\u003c\/strong\\u003e znajduje si\u0119 popularna atrakcja \u2013 \u015bredniowieczny spichlerz \\u003cstrong\\u003eGran\u00e1rium\\u003c\/strong\\u003e\\u003cstrong\\u003e.\\u003c\/strong\\u003e W miejscowo\u015bci Kr\u00e1snohorsk\u00e1 dlh\u00e1 l\u00faka warto odwiedzi\u0107 \\u003cstrong\\u003eDom Rzemios\u0142,\\u003c\/strong\\u003e w\u00a0Rejdovej za\u015b \\u003cstrong\\u003eMuzeum Kultury Tradycyjnej\\u003c\/strong\\u003e\\u003cstrong\\u003e,\\u003c\/strong\\u003e a w\u00a0\u0160t\u00edtniku Zamek Wodny, twierdz\u0119, kt\u00f3ra w przesz\u0142o\u015bci by\u0142a otoczona rozleg\u0142ymi moczarami i \\u003cstrong\\u003emia\u0142a chroni\u0107 przed najazdami tureckimi\\u003c\/strong\\u003e.\\r\\n\\r\\nWszystkich mi\u0142o\u015bnik\u00f3w adrenaliny, pr\u0119dko\u015bci i wy\u015bmienitej zabawy zapraszamy na \\u003cstrong\\u003etor gokartowy\\u003c\/strong\\u003e w Ple\u0161ivcu (16 km od Ro\u017cniawy). Dla do\u015bwiadczonych zawodnik\u00f3w i zainteresowanych dost\u0119pna jest trasa o d\u0142ugo\u015bci 650 metr\u00f3w. Na jazd\u0119 konn\u0105 mo\u017cna si\u0119 wybra\u0107 do \\u003cstrong\\u003estadniny koni\\u003c\/strong\\u003e w Brzot\u00ednie.\",\"field_60bcc96c38f28\":\"10995\",\"field_60bcd05f5a8d8\":\"https:\/\/youtu.be\/96yaut-72M4\"},\"mode\":\"edit\"} \/-->\n\n<!-- wp:acf\/region-text-image-right-section {\"name\":\"acf\/region-text-image-right-section\",\"data\":{\"field_60bcc92838f26\":\"Kuchnia\",\"field_60bcc95038f27\":\"Ten specyficzny region, ci\u0105gn\u0105cy si\u0119 wzd\u0142u\u017c granicy z W\u0119grami, \u0142\u0105cz\u0105cy wschodni\u0105 i zachodni\u0105 S\u0142owacj\u0119, posiada bogate dziedzictwo kulinarne. W jego kuchni mo\u017cna znale\u017a\u0107 wszystko, pocz\u0105wszy od tradycyjnych potraw a\u017c po lokalne \\u003cem\\u003efinom csemege\\u003c\/em\\u003e, czyli \\u003cem\\u003elukulsk\u00e9 k\u00fasky\\u003c\/em\\u003e. Wp\u0142ywy w\u0119gierskie uwidaczniaj\u0105 si\u0119 zw\u0142aszcza w potrawach z mi\u0119sa wo\u0142owego, kaczek i g\u0119si. Spo\u015br\u00f3d zup warto wspomnie\u0107 t\u0119 bazuj\u0105c\u0105 na kwa\u015bnym mleku, zup\u0119 owocow\u0105 z pigwy i zup\u0119 na baraninie. W tutejszej kuchni cz\u0119sto goszcz\u0105 smalec wieprzowy i olej. Charakterystyczny aromat uzyskuje si\u0119 dzi\u0119ki dodatkowi cebuli, mielonej papryki i majeranku. Do wielu potraw podaje si\u0119 \\u003cem\\u003eknedliki\\u003c\/em\\u003e przygotowywane z m\u0105ki i dro\u017cd\u017cy lub ciasta ziemniaczanego. Ciekawostk\u0105 s\u0105 tak\u017ce sosy na bazie warzyw. Przy ca\u0142ej tej r\u00f3\u017cnorodno\u015bci jedno wydaje si\u0119 pewne: miejscowi preferuj\u0105 jedzenie w kszta\u0142cie kulek. \\u003cem\\u003eGemersk\u00e9 gu\u013eky\\u003c\/em\\u003e, maj\u0105ce kszta\u0142t kulek, to potrawa g\u00f3rnik\u00f3w i drwali. Przygotowuje si\u0119 je z ziemniak\u00f3w i t\u0142ustej w\u0119dzonki. Kulki p\u0142ywaj\u0105 w sosie pomidorowym albo podawane s\u0105 w towarzystwie kiszonej kapusty i sosu. Nie spos\u00f3b pomin\u0105\u0107 te\u017c s\u0142odkich okr\u0105glutkich twarogowych knedli z morelami znanych jako \\u003cem\\u003egombolce\\u003c\/em\\u003e, klusek na parze zwanych \\u003cem\\u003eparen\u00e9 buchty\\u003c\/em\\u003e z nieod\u0142\u0105cznym powid\u0142em \u015bliwkowym lub makiem. Zwr\u00f3\u0107cie uwag\u0119 na kszta\u0142t makaronu dodawanego do zup. To sto\u017cki z charakterystycznymi \u017c\u0142obieniami. Do przygotowania takiego makaronu u\u017cywa si\u0119 wrzeciona i p\u0142ochy tkackiej. Z kaszy kukurydzianej robi si\u0119 tutaj kluski z makiem, znane jako \\u003cem\\u003e\u0161korce s\u00a0makom\\u003c\/em\\u003e. Z m\u0105ki chlebowej wypiekane s\u0105 dro\u017cd\u017cowe placki, kt\u00f3re kryj\u0105 si\u0119 pod nazw\u0105 \\u003cem\\u003eposuchy\\u003c\/em\\u003e. Dro\u017cd\u017cowy jest tak\u017ce \\u003cem\\u003ehubovn\u00edk\\u003c\/em\\u003e \u2013 s\u0142ony placek nadziewany grzybami. Jednym z kulinarnych zaskocze\u0144 jest sos agrestowy podawany, co ciekawe, w towarzystwie stek\u00f3w. W\u015br\u00f3d mocnych trunk\u00f3w du\u017c\u0105 popularno\u015bci\u0105 cieszy si\u0119 tradycyjny rozgrzewaj\u0105cy napitek zwany \\u003cem\\u003ehriata p\u00e1lenka\\u003c\/em\\u003e.\",\"field_60bcc96c38f28\":\"10316\",\"field_60bcd05f5a8d8\":\"https:\/\/www.youtube.com\/watch?v=22N44KkdUpI\"},\"mode\":\"edit\"} \/-->\n\n<!-- wp:acf\/region-text-image-left-section {\"name\":\"acf\/region-text-image-left-section\",\"data\":{\"field_60bcc92838f26\":\"Wyroby regionalne\",\"field_60bcc95038f27\":\"Produkty typowe dla regionu powstawa\u0142y w malowniczych wioskach. Vy\u0161n\u00e1 Slan\u00e1 i Rejdov\u00e1 s\u0105 przyk\u0142adami bogatych zwyczaj\u00f3w i tradycji folklorystycznych. W Rejdovej mo\u017cna podziwia\u0107 oryginalne budownictwo ludowe, a sama miejscowo\u015b\u0107 sta\u0142a si\u0119 ewenementem etnograficznym na skal\u0119 ca\u0142ego kraju. Produktem regionalnym s\u0105 \\u003cstrong\\u003etkane dywaniki i koronka klockowa.\\u003c\/strong\\u003e Mieszka\u0144cy regionu byli znani z \\u003cstrong\\u003eszycia ko\u017cuszk\u00f3w\\u003c\/strong\\u003e, ws\u0142awili si\u0119 te\u017c w \\u003cstrong\\u003esnycerce i druciarstwie\\u003c\/strong\\u003e. Dlatego w\u0142a\u015bnie tutaj najlepiej kupi\u0107 na pami\u0105tk\u0119 drewnian\u0105 zabawk\u0119 lub jaki\u015b artystyczny przedmiot pochodz\u0105cy z warsztatu kowalskiego czy druciarskiego. Garncarstwo dawa\u0142o niegdy\u015b zatrudnienie wielu mieszka\u0144c\u00f3w regionu, dlatego warto wybra\u0107 tak\u017ce co\u015b z bogatych kolekcji gemerskiej ceramiki \u2013 mis\u0119 czy dzban. Du\u017c\u0105 popularno\u015bci\u0105 ciesz\u0105 si\u0119 nadal \\u003cstrong\\u003esk\u00f3rzane wyroby pasterskie, sakwy, torby czy buk\u0142aki\\u003c\/strong\\u003e, a tak\u017ce jako\u015bciowe \\u003cstrong\\u003edach\u00f3wki\\u003c\/strong\\u003e. W czasach feudalnych w regionie, a konkretnie w Dob\u0161inie, Ro\u017cniawie, \u0160t\u00edtniku i Vlachovie funkcjonowa\u0142o kilka warsztat\u00f3w ludwisarskich, dlatego z podr\u00f3\u017cy po Gemerze mo\u017cna zabra\u0107 na pami\u0105tk\u0119 symboliczny dzwoneczek.\\r\\n\\r\\n\\u0026nbsp;\",\"field_60bcc96c38f28\":\"11002\",\"field_60bcd05f5a8d8\":\"https:\/\/youtu.be\/96yaut-72M4\"},\"mode\":\"edit\"} \/-->\n\n<!-- wp:acf\/region-local-organization-section {\"name\":\"acf\/region-local-organization-section\",\"data\":{\"name\":\"OOCR Gemer\",\"_name\":\"field_60bdfa9e8a14f\",\"address\":\"Mur\u00e1nska 1331\/4, 050 01  Rev\u00faca\",\"_address\":\"field_60bdfac78a150\",\"email\":\"info@regiongemer.sk\",\"_email\":\"field_60bdfae38a151\",\"phone\":\"\",\"_phone\":\"field_60bdfb0e8a152\",\"website\":\"www.regiongemer.sk\",\"_website\":\"field_60bdfb328a153\",\"logo\":6852,\"_logo\":\"field_60bdfb438a154\"},\"mode\":\"edit\"} \/-->\n\n<!-- wp:acf\/region-local-organization-section {\"name\":\"acf\/region-local-organization-section\",\"data\":{\"name\":\"Turistick\u00e9 informa\u010dn\u00e9 centrum Ro\u017e\u0148ava\",\"_name\":\"field_60bdfa9e8a14f\",\"address\":\"N\u00e1mestie Ban\u00edkov 32, Ro\u017e\u0148ava\",\"_address\":\"field_60bdfac78a150\",\"email\":\"info@roznavatic.sk\",\"_email\":\"field_60bdfae38a151\",\"phone\":\"+421 949 552 568\",\"_phone\":\"field_60bdfb0e8a152\",\"website\":\"www.roznavatic.sk\",\"_website\":\"field_60bdfb328a153\",\"logo\":10322,\"_logo\":\"field_60bdfb438a154\"},\"mode\":\"edit\"} \/-->","_pl_post_name":"","_pl_post_excerpt":"","_pl_post_title":"Region GEMER","_it_post_content":"","_it_post_name":"","_it_post_excerpt":"","_it_post_title":"","edit_language":"it","footnotes":""},"class_list":["post-6651","region","type-region","status-publish","format-standard","has-post-thumbnail","hentry"],"acf":[],"yoast_head":"<!-- This site is optimized with the Yoast SEO Premium plugin v25.5 (Yoast SEO v27.4) - https:\/\/yoast.com\/product\/yoast-seo-premium-wordpress\/ -->\n<title>Ko\u0161ice Regi\u00f3n<\/title>\n<meta name=\"robots\" content=\"index, follow, max-snippet:-1, max-image-preview:large, max-video-preview:-1\" \/>\n<link rel=\"canonical\" href=\"https:\/\/www.kosiceregion.com\/sk\/region\/region-gemer\/\" \/>\n<meta property=\"og:locale\" content=\"it_IT\" \/>\n<meta property=\"og:type\" content=\"article\" \/>\n<meta property=\"og:title\" content=\"Regi\u00f3n Gemer\" \/>\n<meta property=\"og:url\" content=\"https:\/\/www.kosiceregion.com\/it\/wp-json\/wp\/v2\/region\/6651\" \/>\n<meta property=\"og:site_name\" content=\"Ko\u0161ice Regi\u00f3n\" \/>\n<meta property=\"article:publisher\" content=\"https:\/\/www.facebook.com\/kosiceregion\" \/>\n<meta property=\"article:modified_time\" content=\"2023-12-13T14:47:16+00:00\" \/>\n<meta property=\"og:image\" content=\"https:\/\/www.kosiceregion.com\/wp-content\/uploads\/2021\/06\/3-5.jpg\" \/>\n\t<meta property=\"og:image:width\" content=\"2254\" \/>\n\t<meta property=\"og:image:height\" content=\"1280\" \/>\n\t<meta property=\"og:image:type\" content=\"image\/jpeg\" \/>\n<meta name=\"twitter:card\" content=\"summary_large_image\" \/>\n<meta name=\"twitter:site\" content=\"@KOSICEREGION\" \/>\n<script type=\"application\/ld+json\" class=\"yoast-schema-graph\">{\"@context\":\"https:\\\/\\\/schema.org\",\"@graph\":[{\"@type\":\"WebPage\",\"@id\":\"https:\\\/\\\/www.kosiceregion.com\\\/sk\\\/region\\\/region-gemer\\\/\",\"url\":\"https:\\\/\\\/www.kosiceregion.com\\\/sk\\\/region\\\/region-gemer\\\/\",\"name\":\"Regi\u00f3n Gemer - Ko\u0161ice Regi\u00f3n\",\"isPartOf\":{\"@id\":\"https:\\\/\\\/www.kosiceregion.com\\\/#website\"},\"primaryImageOfPage\":{\"@id\":\"https:\\\/\\\/www.kosiceregion.com\\\/sk\\\/region\\\/region-gemer\\\/#primaryimage\"},\"image\":{\"@id\":\"https:\\\/\\\/www.kosiceregion.com\\\/sk\\\/region\\\/region-gemer\\\/#primaryimage\"},\"thumbnailUrl\":\"https:\\\/\\\/www.kosiceregion.com\\\/wp-content\\\/uploads\\\/2021\\\/06\\\/3-5.jpg\",\"datePublished\":\"2021-06-07T18:15:29+00:00\",\"dateModified\":\"2023-12-13T14:47:16+00:00\",\"breadcrumb\":{\"@id\":\"https:\\\/\\\/www.kosiceregion.com\\\/sk\\\/region\\\/region-gemer\\\/#breadcrumb\"},\"inLanguage\":\"it-IT\",\"potentialAction\":[{\"@type\":\"ReadAction\",\"target\":[\"https:\\\/\\\/www.kosiceregion.com\\\/sk\\\/region\\\/region-gemer\\\/\"]}]},{\"@type\":\"ImageObject\",\"inLanguage\":\"it-IT\",\"@id\":\"https:\\\/\\\/www.kosiceregion.com\\\/sk\\\/region\\\/region-gemer\\\/#primaryimage\",\"url\":\"https:\\\/\\\/www.kosiceregion.com\\\/wp-content\\\/uploads\\\/2021\\\/06\\\/3-5.jpg\",\"contentUrl\":\"https:\\\/\\\/www.kosiceregion.com\\\/wp-content\\\/uploads\\\/2021\\\/06\\\/3-5.jpg\",\"width\":2254,\"height\":1280},{\"@type\":\"BreadcrumbList\",\"@id\":\"https:\\\/\\\/www.kosiceregion.com\\\/sk\\\/region\\\/region-gemer\\\/#breadcrumb\",\"itemListElement\":[{\"@type\":\"ListItem\",\"position\":1,\"name\":\"Home\",\"item\":\"https:\\\/\\\/www.kosiceregion.com\\\/sk\\\/\"},{\"@type\":\"ListItem\",\"position\":2,\"name\":\"Regi\u00f3n Gemer\"}]},{\"@type\":\"WebSite\",\"@id\":\"https:\\\/\\\/www.kosiceregion.com\\\/#website\",\"url\":\"https:\\\/\\\/www.kosiceregion.com\\\/\",\"name\":\"Ko\u0161ice Regi\u00f3n\",\"description\":\"Turistick\u00fd sprievodca Ko\u0161ick\u00fdm krajom\",\"publisher\":{\"@id\":\"https:\\\/\\\/www.kosiceregion.com\\\/#organization\"},\"potentialAction\":[{\"@type\":\"SearchAction\",\"target\":{\"@type\":\"EntryPoint\",\"urlTemplate\":\"https:\\\/\\\/www.kosiceregion.com\\\/?s={search_term_string}\"},\"query-input\":{\"@type\":\"PropertyValueSpecification\",\"valueRequired\":true,\"valueName\":\"search_term_string\"}}],\"inLanguage\":\"it-IT\"},{\"@type\":\"Organization\",\"@id\":\"https:\\\/\\\/www.kosiceregion.com\\\/#organization\",\"name\":\"Ko\u0161ice Regi\u00f3n Turizmus\",\"url\":\"https:\\\/\\\/www.kosiceregion.com\\\/\",\"logo\":{\"@type\":\"ImageObject\",\"inLanguage\":\"it-IT\",\"@id\":\"https:\\\/\\\/www.kosiceregion.com\\\/#\\\/schema\\\/logo\\\/image\\\/\",\"url\":\"https:\\\/\\\/www.kosiceregion.com\\\/wp-content\\\/uploads\\\/2019\\\/03\\\/logo-web-sk.png\",\"contentUrl\":\"https:\\\/\\\/www.kosiceregion.com\\\/wp-content\\\/uploads\\\/2019\\\/03\\\/logo-web-sk.png\",\"width\":225,\"height\":100,\"caption\":\"Ko\u0161ice Regi\u00f3n Turizmus\"},\"image\":{\"@id\":\"https:\\\/\\\/www.kosiceregion.com\\\/#\\\/schema\\\/logo\\\/image\\\/\"},\"sameAs\":[\"https:\\\/\\\/www.facebook.com\\\/kosiceregion\",\"https:\\\/\\\/x.com\\\/KOSICEREGION\",\"https:\\\/\\\/www.instagram.com\\\/kosiceregion\",\"https:\\\/\\\/www.youtube.com\\\/kosiceregion\"]}]}<\/script>\n<!-- \/ Yoast SEO Premium plugin. -->","yoast_head_json":{"title":"Ko\u0161ice Regi\u00f3n","robots":{"index":"index","follow":"follow","max-snippet":"max-snippet:-1","max-image-preview":"max-image-preview:large","max-video-preview":"max-video-preview:-1"},"canonical":"https:\/\/www.kosiceregion.com\/sk\/region\/region-gemer\/","og_locale":"it_IT","og_type":"article","og_title":"Regi\u00f3n Gemer","og_url":"https:\/\/www.kosiceregion.com\/it\/wp-json\/wp\/v2\/region\/6651","og_site_name":"Ko\u0161ice Regi\u00f3n","article_publisher":"https:\/\/www.facebook.com\/kosiceregion","article_modified_time":"2023-12-13T14:47:16+00:00","og_image":[{"width":2254,"height":1280,"url":"https:\/\/www.kosiceregion.com\/wp-content\/uploads\/2021\/06\/3-5.jpg","type":"image\/jpeg"}],"twitter_card":"summary_large_image","twitter_site":"@KOSICEREGION","schema":{"@context":"https:\/\/schema.org","@graph":[{"@type":"WebPage","@id":"https:\/\/www.kosiceregion.com\/sk\/region\/region-gemer\/","url":"https:\/\/www.kosiceregion.com\/sk\/region\/region-gemer\/","name":"Regi\u00f3n Gemer - Ko\u0161ice Regi\u00f3n","isPartOf":{"@id":"https:\/\/www.kosiceregion.com\/#website"},"primaryImageOfPage":{"@id":"https:\/\/www.kosiceregion.com\/sk\/region\/region-gemer\/#primaryimage"},"image":{"@id":"https:\/\/www.kosiceregion.com\/sk\/region\/region-gemer\/#primaryimage"},"thumbnailUrl":"https:\/\/www.kosiceregion.com\/wp-content\/uploads\/2021\/06\/3-5.jpg","datePublished":"2021-06-07T18:15:29+00:00","dateModified":"2023-12-13T14:47:16+00:00","breadcrumb":{"@id":"https:\/\/www.kosiceregion.com\/sk\/region\/region-gemer\/#breadcrumb"},"inLanguage":"it-IT","potentialAction":[{"@type":"ReadAction","target":["https:\/\/www.kosiceregion.com\/sk\/region\/region-gemer\/"]}]},{"@type":"ImageObject","inLanguage":"it-IT","@id":"https:\/\/www.kosiceregion.com\/sk\/region\/region-gemer\/#primaryimage","url":"https:\/\/www.kosiceregion.com\/wp-content\/uploads\/2021\/06\/3-5.jpg","contentUrl":"https:\/\/www.kosiceregion.com\/wp-content\/uploads\/2021\/06\/3-5.jpg","width":2254,"height":1280},{"@type":"BreadcrumbList","@id":"https:\/\/www.kosiceregion.com\/sk\/region\/region-gemer\/#breadcrumb","itemListElement":[{"@type":"ListItem","position":1,"name":"Home","item":"https:\/\/www.kosiceregion.com\/sk\/"},{"@type":"ListItem","position":2,"name":"Regi\u00f3n Gemer"}]},{"@type":"WebSite","@id":"https:\/\/www.kosiceregion.com\/#website","url":"https:\/\/www.kosiceregion.com\/","name":"Ko\u0161ice Regi\u00f3n","description":"Turistick\u00fd sprievodca Ko\u0161ick\u00fdm krajom","publisher":{"@id":"https:\/\/www.kosiceregion.com\/#organization"},"potentialAction":[{"@type":"SearchAction","target":{"@type":"EntryPoint","urlTemplate":"https:\/\/www.kosiceregion.com\/?s={search_term_string}"},"query-input":{"@type":"PropertyValueSpecification","valueRequired":true,"valueName":"search_term_string"}}],"inLanguage":"it-IT"},{"@type":"Organization","@id":"https:\/\/www.kosiceregion.com\/#organization","name":"Ko\u0161ice Regi\u00f3n Turizmus","url":"https:\/\/www.kosiceregion.com\/","logo":{"@type":"ImageObject","inLanguage":"it-IT","@id":"https:\/\/www.kosiceregion.com\/#\/schema\/logo\/image\/","url":"https:\/\/www.kosiceregion.com\/wp-content\/uploads\/2019\/03\/logo-web-sk.png","contentUrl":"https:\/\/www.kosiceregion.com\/wp-content\/uploads\/2019\/03\/logo-web-sk.png","width":225,"height":100,"caption":"Ko\u0161ice Regi\u00f3n Turizmus"},"image":{"@id":"https:\/\/www.kosiceregion.com\/#\/schema\/logo\/image\/"},"sameAs":["https:\/\/www.facebook.com\/kosiceregion","https:\/\/x.com\/KOSICEREGION","https:\/\/www.instagram.com\/kosiceregion","https:\/\/www.youtube.com\/kosiceregion"]}]}},"_links":{"self":[{"href":"https:\/\/www.kosiceregion.com\/it\/wp-json\/wp\/v2\/region\/6651","targetHints":{"allow":["GET"]}}],"collection":[{"href":"https:\/\/www.kosiceregion.com\/it\/wp-json\/wp\/v2\/region"}],"about":[{"href":"https:\/\/www.kosiceregion.com\/it\/wp-json\/wp\/v2\/types\/region"}],"author":[{"embeddable":true,"href":"https:\/\/www.kosiceregion.com\/it\/wp-json\/wp\/v2\/users\/1"}],"version-history":[{"count":6,"href":"https:\/\/www.kosiceregion.com\/it\/wp-json\/wp\/v2\/region\/6651\/revisions"}],"predecessor-version":[{"id":11773,"href":"https:\/\/www.kosiceregion.com\/it\/wp-json\/wp\/v2\/region\/6651\/revisions\/11773"}],"wp:featuredmedia":[{"embeddable":true,"href":"https:\/\/www.kosiceregion.com\/it\/wp-json\/wp\/v2\/media\/6955"}],"wp:attachment":[{"href":"https:\/\/www.kosiceregion.com\/it\/wp-json\/wp\/v2\/media?parent=6651"}],"curies":[{"name":"wp","href":"https:\/\/api.w.org\/{rel}","templated":true}]}}