{"id":7401,"date":"2021-12-09T09:47:35","date_gmt":"2021-12-09T08:47:35","guid":{"rendered":"https:\/\/www.kosiceregion.com\/?post_type=topic&#038;p=7401"},"modified":"2023-06-29T14:59:59","modified_gmt":"2023-06-29T12:59:59","slug":"","status":"publish","type":"topic","link":"https:\/\/www.kosiceregion.com\/pl\/topic\/neskroteny-vychod\/","title":{"rendered":" Dziki Wsch\u00f3d","raw":" Dziki Wsch\u00f3d"},"content":{"rendered":"\n<div id=\"common-text-3-4-left-block_44d3c8dcce3d02c13706073374760e6a\" class=\"common-text-3-4-left col-lg-10 offset-lg-1 col-xl-8 offset-xl-2 col-12\">\n    <div class=\"col-sm-8 col-12 px-0\">\n        <p><p style=\"background: white; margin: 0cm 0cm 18.0pt 0cm;\"><strong><span lang=\"PL\" style=\"font-family: 'Source Sans Pro',sans-serif; color: #3b3b3b;\">Czy wiedzia\u0142e\u015b, \u017ce wschodnia S\u0142owacja ma sw\u00f3j w\u0142asny Dziki Wsch\u00f3d? Jakie\u015b 100 km po drogach I i II klasy. U podn\u00f3\u017ca Wyhorlatu nie u\u015bwiadczysz co prawda luksusowych hoteli, ale nic nie szkodzi. Do puszczy karpackiej (wpisanej na list\u0119 UNESCO) nie przyje\u017cd\u017ca si\u0119 tylko po przygody, ale przede wszystkim dla ludzi.<\/span><\/strong><\/p>\n<\/p>\n    <\/div>\n    <style type=\"text\/css\">\n        #common-text-3-4-left-block_44d3c8dcce3d02c13706073374760e6a {\n            margin-top: 3rem;\n        }\n    <\/style>\n<\/div>\n\n\n<div id=\"common-text-3-4-right-block_6c29cc589e08eb7d075a42dd9365998d\" class=\"common-text-3-4-right col-lg-10 offset-lg-1 col-xl-8 offset-xl-2 col-12\">\n<div class=\"col-sm-8 col-12 offset-sm-4 px-0\">\n        <p><p style=\"background: white; margin: 0cm 0cm 18.0pt 0cm;\"><span lang=\"PL\" style=\"font-family: 'Source Sans Pro',sans-serif; color: #3b3b3b;\">Poniewa\u017c turystyka nie zd\u0105\u017cy\u0142a tu jeszcze rozwin\u0105\u0107 skrzyde\u0142, spotkasz na swojej drodze wielu otwartych, bezpo\u015brednich, go\u015bcinnych i pe\u0142nych temperamentu ludzi. Bez degustacji domowych napitk\u00f3w i pi\u0105tego \u201erozchodniaczka\u201d Ci\u0119 nie wypuszcz\u0105. Odkryj dziewiczy, wci\u0105\u017c ma\u0142o znany zak\u0105tek na Kra\u0144cu \u015awiata. To miejsce to nieokie\u0142znana natura, temperament, \u017cywe tradycje, interesuj\u0105ca historia, bogata duchowo\u015b\u0107 i kuchnia regionu Zemplin.<\/span><\/p>\n<\/p>\n    <\/div>\n    <style type=\"text\/css\">\n        #common-text-3-4-right-block_6c29cc589e08eb7d075a42dd9365998d {\n            margin-top: 3rem;\n        }\n    <\/style>\n<\/div>\n\n\n<div id=\"common-image-3-4-left-block_93327aade9760cadaf63e8a5ac1f8be4\" class=\"common-image-3-4-left col-lg-10 offset-lg-1 col-xl-8 offset-xl-2 col-12\">\n    <div class=\"col-sm-8 col-12 offset-sm-4 px-0\">\n        <div class=\"image-container\">\n            <img decoding=\"async\" src=\"https:\/\/www.kosiceregion.com\/wp-content\/uploads\/2021\/08\/DJI_0997-1024x576.jpg\" \/>\n        <\/div>\n    <\/div>\n    <style type=\"text\/css\">\n        #common-image-3-4-left-block_93327aade9760cadaf63e8a5ac1f8be4 {\n            margin-top: 3rem;\n        }\n        #common-image-3-4-left-block_93327aade9760cadaf63e8a5ac1f8be4 .image-container { \n            position: relative; \n            padding-bottom: 56.25%;\n            overflow: hidden;\n            max-width: 100%;\n            height: auto;\n        } \n        #common-image-3-4-left-block_93327aade9760cadaf63e8a5ac1f8be4 .image-container img { \n            position: absolute;\n            top: 0;\n            left: 0;\n            width: 100%;\n            height: 100%;\n            object-fit: cover;\n        }\n    <\/style>\n<\/div>\n\n\n<div id=\"common-image-3-4-left-block_6e5b68ab81cd8b2a313b6b28508c6217\" class=\"common-image-3-4-left col-lg-10 offset-lg-1 col-xl-8 offset-xl-2 col-12\">\n    <div class=\"col-sm-8 col-12 px-0\">\n        <div class=\"image-container\">\n            <img decoding=\"async\" src=\"https:\/\/www.kosiceregion.com\/wp-content\/uploads\/2021\/08\/AA_9837-1024x683.jpg\" \/>\n        <\/div>\n    <\/div>\n    <style type=\"text\/css\">\n        #common-image-3-4-left-block_6e5b68ab81cd8b2a313b6b28508c6217 {\n            margin-top: 3rem;\n        }\n        #common-image-3-4-left-block_6e5b68ab81cd8b2a313b6b28508c6217 .image-container { \n            position: relative; \n            padding-bottom: 56.25%;\n            overflow: hidden;\n            max-width: 100%;\n            height: auto;\n        } \n        #common-image-3-4-left-block_6e5b68ab81cd8b2a313b6b28508c6217 .image-container img { \n            position: absolute;\n            top: 0;\n            left: 0;\n            width: 100%;\n            height: 100%;\n            object-fit: cover;\n        }\n    <\/style>\n<\/div>\n\n\n<div id=\"common-text-3-4-right-block_981f79c292c9bd71c4184de98f45a505\" class=\"common-text-3-4-right col-lg-10 offset-lg-1 col-xl-8 offset-xl-2 col-12\">\n<div class=\"col-sm-8 col-12 offset-sm-4 px-0\">\n        <p><p style=\"background: white; margin: 0cm 0cm 18.0pt 0cm;\"><strong><span lang=\"PL\" style=\"font-family: 'Source Sans Pro',sans-serif; color: #3b3b3b;\">Puszcza Wyhorlacka (Vihorlatsk\u00fd prales)<\/span><\/strong><\/p>\n<p style=\"background: white; margin: 0cm 0cm 18.0pt 0cm;\"><span lang=\"PL\" style=\"font-family: 'Source Sans Pro',sans-serif; color: #3b3b3b;\">Drzewa od niepami\u0119tnych czas\u00f3w porasta\u0142y g\u00f3ry Wyhorlatu. Niedawno jednak, wraz z trzema innymi puszczami we wschodniej S\u0142owacji, sze\u015bcioma puszczami w Ukrainie i pi\u0119cioma lasami w Niemczech, zosta\u0142y wpisane na List\u0119 \u015awiatowego Dziedzictwa Kulturowego i Przyrodniczego UNESCO jako pierwotne karpackie lasy bukowe i stare lasy bukowe w Niemczech. Szykuj buty i w drog\u0119! Bez obaw, nie czeka Ci\u0119 mozolna w\u0119dr\u00f3wka, po kt\u00f3rej b\u0119dziesz pada\u0142 z n\u00f3g. Twoim celem jest brama do puszczy, czyli s\u0142owackie Morskie Oko, trzecie pod wzgl\u0119dem wielko\u015bci naturalne jezioro S\u0142owacji. I to w towarzystwie przewodnika, kt\u00f3ry odpowie na wszystkie Twoje pytania szybciej i trafniej ni\u017c Google. Odwied\u017a jedn\u0105 ze s\u0142owackich puszczy, odkryj urok ponad 240 rosn\u0105cych w niej buk\u00f3w, podziwiaj las w jego najbardziej naturalnej postaci. Puszcz\u0119 zamieszkuj\u0105 niezwyk\u0142e zwierz\u0119ta, takie jak salamandra plamista, nadobnica alpejska i pomr\u00f3w b\u0142\u0119kitny. A je\u015bli to wci\u0105\u017c ma\u0142o, mo\u017cesz wr\u00f3ci\u0107 i wspi\u0105\u0107 si\u0119 na Kamie\u0144 Sni\u0144ski (Sninsk\u00fd kame\u0148), z kt\u00f3rego rozpo\u015bciera si\u0119 pi\u0119kna panorama. Albo zdoby\u0107 Vihorlat.<\/span><\/p>\n<\/p>\n    <\/div>\n    <style type=\"text\/css\">\n        #common-text-3-4-right-block_981f79c292c9bd71c4184de98f45a505 {\n            margin-top: 3rem;\n        }\n    <\/style>\n<\/div>\n\n\n<div id=\"common-image-3-4-left-block_82bf5ea0ab64fafc224e0690a8efde31\" class=\"common-image-3-4-left col-lg-10 offset-lg-1 col-xl-8 offset-xl-2 col-12\">\n    <div class=\"col-sm-8 col-12 offset-sm-4 px-0\">\n        <div class=\"image-container\">\n            <img decoding=\"async\" src=\"https:\/\/www.kosiceregion.com\/wp-content\/uploads\/2021\/12\/MicrosoftTeams-image-1024x683.jpg\" \/>\n        <\/div>\n    <\/div>\n    <style type=\"text\/css\">\n        #common-image-3-4-left-block_82bf5ea0ab64fafc224e0690a8efde31 {\n            margin-top: 3rem;\n        }\n        #common-image-3-4-left-block_82bf5ea0ab64fafc224e0690a8efde31 .image-container { \n            position: relative; \n            padding-bottom: 56.25%;\n            overflow: hidden;\n            max-width: 100%;\n            height: auto;\n        } \n        #common-image-3-4-left-block_82bf5ea0ab64fafc224e0690a8efde31 .image-container img { \n            position: absolute;\n            top: 0;\n            left: 0;\n            width: 100%;\n            height: 100%;\n            object-fit: cover;\n        }\n    <\/style>\n<\/div>\n\n\n<div id=\"common-text-3-4-left-block_ef9f8ac215029370038005def4a8324b\" class=\"common-text-3-4-left col-lg-10 offset-lg-1 col-xl-8 offset-xl-2 col-12\">\n    <div class=\"col-sm-8 col-12 px-0\">\n        <p><p style=\"background: white; margin: 0cm 0cm 18.0pt 0cm;\"><strong><span lang=\"PL\" style=\"font-family: 'Source Sans Pro',sans-serif; color: #3b3b3b;\">Drewniana cerkiew w Ruskiej Bystrej<\/span><\/strong><\/p>\n<p style=\"background: white; margin: 0cm 0cm 18.0pt 0cm;\"><span lang=\"PL\" style=\"font-family: 'Source Sans Pro',sans-serif; color: #3b3b3b;\">Po\u015br\u00f3d las\u00f3w, we wsi Rusk\u00e1 Bystr\u00e1, znajduje si\u0119 najdalej na wsch\u00f3d po\u0142o\u017cona s\u0142owacka cerkiew wpisana na list\u0119 UNESCO \u2013 greckokatolicka cerkiew pw. Przeniesienia Relikwii \u015bw. Miko\u0142aja. Zosta\u0142a ona zbudowana w 1730 roku. Wznosi si\u0119 na wzg\u00f3rzu w samym centrum wsi i wyr\u00f3\u017cnia kolorami na zielonym tle wynios\u0142ych drzew. Dominuj\u0105cym elementem wn\u0119trza jest pi\u0119ciorz\u0119dowy barokowy ikonostas, b\u0119d\u0105cy sercem ka\u017cdej \u015bwi\u0105tyni obrz\u0105dku wschodniego i stanowi\u0105cy przegrod\u0119 architektoniczno-sakraln\u0105 pomi\u0119dzy prezbiterium (przestrzeni\u0105 dla Boga) a naw\u0105 (miejscem dla wiernych). Tutejszy ikonostas nietypowo rozci\u0105ga si\u0119 na \u015bciany i sufit \u015bwi\u0105tyni, robi\u0105c ogromne wra\u017cenie. W prezbiterium mo\u017cna zobaczy\u0107 cenn\u0105 ikon\u0119 Ukrzy\u017cowania.<\/span><\/p>\n<\/p>\n    <\/div>\n    <style type=\"text\/css\">\n        #common-text-3-4-left-block_ef9f8ac215029370038005def4a8324b {\n            margin-top: 3rem;\n        }\n    <\/style>\n<\/div>\n\n\n<div id=\"common-image-3-4-left-block_3a001fedd449453457f6e2945f882542\" class=\"common-image-3-4-left col-lg-10 offset-lg-1 col-xl-8 offset-xl-2 col-12\">\n    <div class=\"col-sm-8 col-12 px-0\">\n        <div class=\"image-container\">\n            <img decoding=\"async\" src=\"https:\/\/www.kosiceregion.com\/wp-content\/uploads\/2021\/08\/DJI_0994-1024x576.jpg\" \/>\n        <\/div>\n    <\/div>\n    <style type=\"text\/css\">\n        #common-image-3-4-left-block_3a001fedd449453457f6e2945f882542 {\n            margin-top: 3rem;\n        }\n        #common-image-3-4-left-block_3a001fedd449453457f6e2945f882542 .image-container { \n            position: relative; \n            padding-bottom: 56.25%;\n            overflow: hidden;\n            max-width: 100%;\n            height: auto;\n        } \n        #common-image-3-4-left-block_3a001fedd449453457f6e2945f882542 .image-container img { \n            position: absolute;\n            top: 0;\n            left: 0;\n            width: 100%;\n            height: 100%;\n            object-fit: cover;\n        }\n    <\/style>\n<\/div>\n\n\n<div id=\"common-text-3-4-right-block_1147bdf285a28debc538a38d2db04393\" class=\"common-text-3-4-right col-lg-10 offset-lg-1 col-xl-8 offset-xl-2 col-12\">\n<div class=\"col-sm-8 col-12 offset-sm-4 px-0\">\n        <p><p style=\"background: white; margin: 0cm 0cm 18.0pt 0cm;\"><strong><span lang=\"PL\" style=\"font-family: 'Source Sans Pro',sans-serif; color: #3b3b3b;\">Jezioro Beniati\u0144skie (Be\u0148atinsk\u00e9 jazero)<\/span><\/strong><\/p>\n<p style=\"background: white; margin: 0cm 0cm 18.0pt 0cm;\"><span lang=\"PL\" style=\"font-family: 'Source Sans Pro',sans-serif; color: #3b3b3b;\">Swoim kolorem przypomina s\u0142ynne Jeziora Plitwickie. We wsi Be\u0148atina w powiecie Sobrance znajduje si\u0119 wspania\u0142y pomnik przyrody \u2013 turkusowe jeziorko w dawnym kamienio\u0142omie. B\u0119d\u0105c w tym miejscu, sp\u00f3jrz na trawertynow\u0105 \u015bcian\u0119, kt\u00f3ra zdaje si\u0119 przedstawia\u0107 wieloryba. M\u00f3wi si\u0119, \u017ce to odcisk jakiego\u015b pradawnego stworzenia. A mo\u017ce po prostu gra kolor\u00f3w na ska\u0142ach? Sam si\u0119 przekonaj! Jeziorko cieszy si\u0119 coraz wi\u0119ksz\u0105 popularno\u015bci\u0105, dlatego nie mog\u0142o go zabrakn\u0105\u0107 na li\u015bcie miejsc do odwiedzenia. Tutejsze okolice znane s\u0105 z filmu <i>Linia<\/i> <i>(\u010ciara)<\/i> z 2017 roku<i>.<\/i> Od niedawna s\u0105 tutaj \u0142awki, a w najbli\u017cszym czasie ma si\u0119 pojawi\u0107 tyrolka.<\/span><\/p>\n<\/p>\n    <\/div>\n    <style type=\"text\/css\">\n        #common-text-3-4-right-block_1147bdf285a28debc538a38d2db04393 {\n            margin-top: 3rem;\n        }\n    <\/style>\n<\/div>\n\n\n<div id=\"common-image-3-4-left-block_2e2e435773f706bac8361e75a72af518\" class=\"common-image-3-4-left col-lg-10 offset-lg-1 col-xl-8 offset-xl-2 col-12\">\n    <div class=\"col-sm-8 col-12 offset-sm-4 px-0\">\n        <div class=\"image-container\">\n            <img decoding=\"async\" src=\"https:\/\/www.kosiceregion.com\/wp-content\/uploads\/2021\/08\/8I0A8635-1024x683.jpg\" \/>\n        <\/div>\n    <\/div>\n    <style type=\"text\/css\">\n        #common-image-3-4-left-block_2e2e435773f706bac8361e75a72af518 {\n            margin-top: 3rem;\n        }\n        #common-image-3-4-left-block_2e2e435773f706bac8361e75a72af518 .image-container { \n            position: relative; \n            padding-bottom: 56.25%;\n            overflow: hidden;\n            max-width: 100%;\n            height: auto;\n        } \n        #common-image-3-4-left-block_2e2e435773f706bac8361e75a72af518 .image-container img { \n            position: absolute;\n            top: 0;\n            left: 0;\n            width: 100%;\n            height: 100%;\n            object-fit: cover;\n        }\n    <\/style>\n<\/div>\n\n\n<div id=\"theme-ambassador-section-block_bcc6362339174c125c7a6fe15ddcfa4c\" class=\"theme-ambassador-section\" style=\"background-color: #64e42b;\">\n    <div class=\" col-lg-10 offset-lg-1 col-xl-8 offset-xl-2 col-12\">\n        <div id=\"carouselAmbassadors\" class=\"carousel slide col-12\" data-ride=\"carousel\" data-interval=\"7000\">\n            <div class=\"carousel-inner pt-4\">\n                                <div class=\"carousel-item active\">\n                        <div class=\"row col-12 py-5\">\n                            <div class=\"col-sm-4 col-12\">\n                                <div class=\"img-square\" style=\"background-image: url(https:\/\/www.kosiceregion.com\/wp-content\/uploads\/2021\/07\/Sabovcik-1024x683.jpg);\"><\/div>\n                            <\/div>\n                            <div class=\"col-sm-8 col-12 mt-sm-0 mt-3\">\n                                <h3>Michal Sabov\u010d\u00edk &#8211; ADRENAL\u00cdN<\/h3>\n                                <p><p><b>Tags<\/b><\/p>\n<p>G\u00f3ry, dziewicza przyroda, adrenalina<\/p>\n<p><b>O Michale<\/b><\/p>\n<p>Sukcesy alpinistyczne pozwalaj\u0105 Micha\u0142owi spokojnie buja\u0107 w ob\u0142okach, co faktycznie robi! Ju\u017c w m\u0142odo\u015bci wdrapa\u0142 si\u0119 na wysoko\u015b\u0107 7\u00a0134 m n.p.m. i stoj\u0105c na wierzcho\u0142ku Szczytu Lenina (Awicenny) podziwia\u0142 widoki. Z pokor\u0105 zdoby\u0142 szczyt patago\u0144skiego Cerro Torre, a tak\u017ce uda\u0142o mu si\u0119 wej\u015b\u0107 na legendarny Fitz Roy. Jego odwag\u0119 i talent alpinistyczny doceni\u0142o S\u0142owackie Towarzystwo Wspinaczkowe JAMES, kt\u00f3re przyzna\u0142o mu kilka nagr\u00f3d oraz przyj\u0119\u0142o do s\u0142owackiej reprezentacji alpinistycznej. Micha\u0142 potrafi tak\u017ce zmieni\u0107 ka\u017cdego \u201emieszczucha\u201d w \u0142owc\u0119 przyg\u00f3d, kt\u00f3ry pokocha dzik\u0105 przyrod\u0119!<\/p>\n<p><strong>Wi\u0119cej informacji:<\/strong><\/p>\n<p><a href=\"http:\/\/michalsabovcik.com\/\"><span style=\"font-weight: 400;\">http:\/\/michalsabovcik.com\/<\/span><\/a><\/p>\n<\/p>\n                            <\/div>\n                        <\/div>\n                    <\/div>\n                                                            <\/div>\n        <\/div>\n    <\/div>\n    <style type=\"text\/css\">\n        #theme-ambassador-section-block_bcc6362339174c125c7a6fe15ddcfa4c {\n            margin-top: 5rem;\n        }\n        #theme-ambassador-section-block_bcc6362339174c125c7a6fe15ddcfa4c h3 {\n            color: #fff;\n            margin-top: .5rem;\n            margin-bottom: .5rem;\n        }\n        #theme-ambassador-section-block_bcc6362339174c125c7a6fe15ddcfa4c p {\n            color: #000;\n        }\n    <\/style>\n<\/div>\n\n<div class=\"section-front\">\n    <div class=\"row col-12 center-horizontal max-width\">\n        <div class=\"section-title mt-sm-3 mt-5 mb-5\">ambassadors of kraj sveta<\/div>\n        <div class=\"ambassadors-top-nav owl-nav\"><\/div>\n        <div class=\"owl-vl\"><\/div>\n    <\/div>\n\n    <div class=\"row col-12 center-horizontal max-width mb-5\">\n        <div class=\"owl-content\">\n            <div id=\"owl-carousel-ambassadors\" class=\"owl-carousel owl-theme\">\n                        <div class=\"item card-poi-item pb-3 px-2\" style=\"overflow: hidden;\">\n                <a href=\"https:\/\/www.kosiceregion.com\/pl\/ambassador\/matus-vdovjak-vinarstvo-vdovjak\/\">\n                    <div style=\"position: relative; background-image: url('https:\/\/www.kosiceregion.com\/wp-content\/uploads\/2021\/08\/AA_8229-1024x683.jpg')\" class=\"img-square hvr-grow\"><\/div>\n                    <div style=\"position: absolute; bottom: 1rem; left: 1.5rem; right: 45%; color: #fff;\">\n                        <h5 style=\"font-size: 1.1rem; text-shadow: 0 3px 6px rgb(0 0 0 \/ 36%);\">Mat\u00fa\u0161 Vdovjak &#8211; VIN\u00c1RSTVO VDOVJAK<\/h5>\n                    <\/div>\n                    <div class=\"p-sm-3 p-2\" style=\"position: absolute; bottom: -1rem; right: 1.5rem; width: 30%; height: 30%; color: #fff; background-color: #fedd00;\">\n                        <img decoding=\"async\" class=\"topic-icon\" src=\"https:\/\/www.kosiceregion.com\/wp-content\/uploads\/2021\/12\/tradicie.png\" \/>\n                    <\/div>\n                <\/a>\n            <\/div>\n                        <div class=\"item card-poi-item pb-3 px-2\" style=\"overflow: hidden;\">\n                <a href=\"https:\/\/www.kosiceregion.com\/pl\/ambassador\/viktor-feher-street-art-communication-sac\/\">\n                    <div style=\"position: relative; background-image: url('https:\/\/www.kosiceregion.com\/wp-content\/uploads\/2021\/07\/AA_8245-1-1024x683.jpg')\" class=\"img-square hvr-grow\"><\/div>\n                    <div style=\"position: absolute; bottom: 1rem; left: 1.5rem; right: 45%; color: #fff;\">\n                        <h5 style=\"font-size: 1.1rem; text-shadow: 0 3px 6px rgb(0 0 0 \/ 36%);\">Viktor Feher &#8211; STREET ART COMMUNICATION (SAC)<\/h5>\n                    <\/div>\n                    <div class=\"p-sm-3 p-2\" style=\"position: absolute; bottom: -1rem; right: 1.5rem; width: 30%; height: 30%; color: #fff; background-color: #00c5fe;\">\n                        <img decoding=\"async\" class=\"topic-icon\" src=\"https:\/\/www.kosiceregion.com\/wp-content\/uploads\/2021\/12\/mesto.png\" \/>\n                    <\/div>\n                <\/a>\n            <\/div>\n                        <div class=\"item card-poi-item pb-3 px-2\" style=\"overflow: hidden;\">\n                <a href=\"https:\/\/www.kosiceregion.com\/pl\/ambassador\/marcel-slivka-vcely-raja\/\">\n                    <div style=\"position: relative; background-image: url('https:\/\/www.kosiceregion.com\/wp-content\/uploads\/2021\/07\/AA_8218-2-1024x683.jpg')\" class=\"img-square hvr-grow\"><\/div>\n                    <div style=\"position: absolute; bottom: 1rem; left: 1.5rem; right: 45%; color: #fff;\">\n                        <h5 style=\"font-size: 1.1rem; text-shadow: 0 3px 6px rgb(0 0 0 \/ 36%);\">Marcel Slivka &#8211; V\u010cELY RAJA<\/h5>\n                    <\/div>\n                    <div class=\"p-sm-3 p-2\" style=\"position: absolute; bottom: -1rem; right: 1.5rem; width: 30%; height: 30%; color: #fff; background-color: #fedd00;\">\n                        <img decoding=\"async\" class=\"topic-icon\" src=\"https:\/\/www.kosiceregion.com\/wp-content\/uploads\/2021\/12\/tradicie.png\" \/>\n                    <\/div>\n                <\/a>\n            <\/div>\n                        <div class=\"item card-poi-item pb-3 px-2\" style=\"overflow: hidden;\">\n                <a href=\"https:\/\/www.kosiceregion.com\/pl\/ambassador\/milan-kolcun-potulky-mestom-kosice\/\">\n                    <div style=\"position: relative; background-image: url('https:\/\/www.kosiceregion.com\/wp-content\/uploads\/2021\/07\/AA_8256-1024x683.jpg')\" class=\"img-square hvr-grow\"><\/div>\n                    <div style=\"position: absolute; bottom: 1rem; left: 1.5rem; right: 45%; color: #fff;\">\n                        <h5 style=\"font-size: 1.1rem; text-shadow: 0 3px 6px rgb(0 0 0 \/ 36%);\">Milan Kolc\u00fan &#8211; POTULKY MESTOM KO\u0160ICE<\/h5>\n                    <\/div>\n                    <div class=\"p-sm-3 p-2\" style=\"position: absolute; bottom: -1rem; right: 1.5rem; width: 30%; height: 30%; color: #fff; background-color: #00c5fe;\">\n                        <img decoding=\"async\" class=\"topic-icon\" src=\"https:\/\/www.kosiceregion.com\/wp-content\/uploads\/2021\/12\/mesto.png\" \/>\n                    <\/div>\n                <\/a>\n            <\/div>\n                        <div class=\"item card-poi-item pb-3 px-2\" style=\"overflow: hidden;\">\n                <a href=\"https:\/\/www.kosiceregion.com\/pl\/ambassador\/juraj-hidveghy-hladac-hudobnych-pokladov\/\">\n                    <div style=\"position: relative; background-image: url('https:\/\/www.kosiceregion.com\/wp-content\/uploads\/2025\/09\/A064554B-3D3E-43D7-8CF2-0E6D669BF7E9-1024x683.jpg')\" class=\"img-square hvr-grow\"><\/div>\n                    <div style=\"position: absolute; bottom: 1rem; left: 1.5rem; right: 45%; color: #fff;\">\n                        <h5 style=\"font-size: 1.1rem; text-shadow: 0 3px 6px rgb(0 0 0 \/ 36%);\">Juraj Hidv\u00e9ghy \u2013 h\u013eada\u010d hudobn\u00fdch pokladov<\/h5>\n                    <\/div>\n                    <div class=\"p-sm-3 p-2\" style=\"position: absolute; bottom: -1rem; right: 1.5rem; width: 30%; height: 30%; color: #fff; background-color: ;\">\n                        <img decoding=\"async\" class=\"topic-icon\" src=\"\" \/>\n                    <\/div>\n                <\/a>\n            <\/div>\n                        <div class=\"item card-poi-item pb-3 px-2\" style=\"overflow: hidden;\">\n                <a href=\"https:\/\/www.kosiceregion.com\/pl\/ambassador\/berta-staskova-lesny-kupel\/\">\n                    <div style=\"position: relative; background-image: url('https:\/\/www.kosiceregion.com\/wp-content\/uploads\/2024\/09\/1553DF71-9D43-461D-86A3-6CACCFA486A7-1024x683.jpg')\" class=\"img-square hvr-grow\"><\/div>\n                    <div style=\"position: absolute; bottom: 1rem; left: 1.5rem; right: 45%; color: #fff;\">\n                        <h5 style=\"font-size: 1.1rem; text-shadow: 0 3px 6px rgb(0 0 0 \/ 36%);\">Berta Sta\u0161kov\u00e1 &#8211; Lesn\u00fd k\u00fape\u013e<\/h5>\n                    <\/div>\n                    <div class=\"p-sm-3 p-2\" style=\"position: absolute; bottom: -1rem; right: 1.5rem; width: 30%; height: 30%; color: #fff; background-color: #fedd00;\">\n                        <img decoding=\"async\" class=\"topic-icon\" src=\"https:\/\/www.kosiceregion.com\/wp-content\/uploads\/2021\/12\/tradicie.png\" \/>\n                    <\/div>\n                <\/a>\n            <\/div>\n                        <div class=\"item card-poi-item pb-3 px-2\" style=\"overflow: hidden;\">\n                <a href=\"https:\/\/www.kosiceregion.com\/pl\/ambassador\/miso-hudak-vychodne-pobrezie\/\">\n                    <div style=\"position: relative; background-image: url('https:\/\/www.kosiceregion.com\/wp-content\/uploads\/2021\/07\/AA_8269-1-1024x683.jpg')\" class=\"img-square hvr-grow\"><\/div>\n                    <div style=\"position: absolute; bottom: 1rem; left: 1.5rem; right: 45%; color: #fff;\">\n                        <h5 style=\"font-size: 1.1rem; text-shadow: 0 3px 6px rgb(0 0 0 \/ 36%);\">Mi\u0161o Hud\u00e1k &#8211; V\u00ddCHODN\u00c9 POBRE\u017dIE<\/h5>\n                    <\/div>\n                    <div class=\"p-sm-3 p-2\" style=\"position: absolute; bottom: -1rem; right: 1.5rem; width: 30%; height: 30%; color: #fff; background-color: #00c5fe;\">\n                        <img decoding=\"async\" class=\"topic-icon\" src=\"https:\/\/www.kosiceregion.com\/wp-content\/uploads\/2021\/12\/mesto.png\" \/>\n                    <\/div>\n                <\/a>\n            <\/div>\n                        <div class=\"item card-poi-item pb-3 px-2\" style=\"overflow: hidden;\">\n                <a href=\"https:\/\/www.kosiceregion.com\/pl\/ambassador\/gabriel-oprendek-mellos-opre\/\">\n                    <div style=\"position: relative; background-image: url('https:\/\/www.kosiceregion.com\/wp-content\/uploads\/2021\/07\/AA_7737-1-1024x683.jpg')\" class=\"img-square hvr-grow\"><\/div>\n                    <div style=\"position: absolute; bottom: 1rem; left: 1.5rem; right: 45%; color: #fff;\">\n                        <h5 style=\"font-size: 1.1rem; text-shadow: 0 3px 6px rgb(0 0 0 \/ 36%);\">Gabriel Oprendek &#8211; MELLOS, OPRE\u00b4<\/h5>\n                    <\/div>\n                    <div class=\"p-sm-3 p-2\" style=\"position: absolute; bottom: -1rem; right: 1.5rem; width: 30%; height: 30%; color: #fff; background-color: #ff7800;\">\n                        <img decoding=\"async\" class=\"topic-icon\" src=\"https:\/\/www.kosiceregion.com\/wp-content\/uploads\/2021\/12\/den-noc.png\" \/>\n                    <\/div>\n                <\/a>\n            <\/div>\n                        <div class=\"item card-poi-item pb-3 px-2\" style=\"overflow: hidden;\">\n                <a href=\"https:\/\/www.kosiceregion.com\/pl\/ambassador\/katerina-krnanska-katerina-je-ina-veganstvo-vsade-snima\/\">\n                    <div style=\"position: relative; background-image: url('https:\/\/www.kosiceregion.com\/wp-content\/uploads\/2024\/09\/CB98BADF-380D-495A-A289-365751D9BEA6-1024x683.jpg')\" class=\"img-square hvr-grow\"><\/div>\n                    <div style=\"position: absolute; bottom: 1rem; left: 1.5rem; right: 45%; color: #fff;\">\n                        <h5 style=\"font-size: 1.1rem; text-shadow: 0 3px 6px rgb(0 0 0 \/ 36%);\">Kate\u0159ina Kr\u0148ansk\u00e1 &#8211; Veganius<\/h5>\n                    <\/div>\n                    <div class=\"p-sm-3 p-2\" style=\"position: absolute; bottom: -1rem; right: 1.5rem; width: 30%; height: 30%; color: #fff; background-color: #fedd00;\">\n                        <img decoding=\"async\" class=\"topic-icon\" src=\"https:\/\/www.kosiceregion.com\/wp-content\/uploads\/2021\/12\/tradicie.png\" \/>\n                    <\/div>\n                <\/a>\n            <\/div>\n                        <div class=\"item card-poi-item pb-3 px-2\" style=\"overflow: hidden;\">\n                <a href=\"https:\/\/www.kosiceregion.com\/pl\/ambassador\/martin-jakub-kubbo-select\/\">\n                    <div style=\"position: relative; background-image: url('https:\/\/www.kosiceregion.com\/wp-content\/uploads\/2021\/07\/AA_7756-1-1024x683.jpg')\" class=\"img-square hvr-grow\"><\/div>\n                    <div style=\"position: absolute; bottom: 1rem; left: 1.5rem; right: 45%; color: #fff;\">\n                        <h5 style=\"font-size: 1.1rem; text-shadow: 0 3px 6px rgb(0 0 0 \/ 36%);\">Martin Jakub &#8211; KUBBO SELECT<\/h5>\n                    <\/div>\n                    <div class=\"p-sm-3 p-2\" style=\"position: absolute; bottom: -1rem; right: 1.5rem; width: 30%; height: 30%; color: #fff; background-color: #ff7800;\">\n                        <img decoding=\"async\" class=\"topic-icon\" src=\"https:\/\/www.kosiceregion.com\/wp-content\/uploads\/2021\/12\/den-noc.png\" \/>\n                    <\/div>\n                <\/a>\n            <\/div>\n                        <div class=\"item card-poi-item pb-3 px-2\" style=\"overflow: hidden;\">\n                <a href=\"https:\/\/www.kosiceregion.com\/pl\/ambassador\/erik-sikora-dzumelec\/\">\n                    <div style=\"position: relative; background-image: url('https:\/\/www.kosiceregion.com\/wp-content\/uploads\/2021\/07\/Sikora-1-1-1024x683.jpg')\" class=\"img-square hvr-grow\"><\/div>\n                    <div style=\"position: absolute; bottom: 1rem; left: 1.5rem; right: 45%; color: #fff;\">\n                        <h5 style=\"font-size: 1.1rem; text-shadow: 0 3px 6px rgb(0 0 0 \/ 36%);\">Erik Sikora &#8211; D\u017dUMELEC<\/h5>\n                    <\/div>\n                    <div class=\"p-sm-3 p-2\" style=\"position: absolute; bottom: -1rem; right: 1.5rem; width: 30%; height: 30%; color: #fff; background-color: #00c5fe;\">\n                        <img decoding=\"async\" class=\"topic-icon\" src=\"https:\/\/www.kosiceregion.com\/wp-content\/uploads\/2021\/12\/mesto.png\" \/>\n                    <\/div>\n                <\/a>\n            <\/div>\n                        <div class=\"item card-poi-item pb-3 px-2\" style=\"overflow: hidden;\">\n                <a href=\"https:\/\/www.kosiceregion.com\/pl\/ambassador\/dana-oprendek-robin-street-food\/\">\n                    <div style=\"position: relative; background-image: url('https:\/\/www.kosiceregion.com\/wp-content\/uploads\/2021\/07\/AA_7769-1-1024x683.jpg')\" class=\"img-square hvr-grow\"><\/div>\n                    <div style=\"position: absolute; bottom: 1rem; left: 1.5rem; right: 45%; color: #fff;\">\n                        <h5 style=\"font-size: 1.1rem; text-shadow: 0 3px 6px rgb(0 0 0 \/ 36%);\">Dana Oprendek &#8211; ROBIN STREET FOOD<\/h5>\n                    <\/div>\n                    <div class=\"p-sm-3 p-2\" style=\"position: absolute; bottom: -1rem; right: 1.5rem; width: 30%; height: 30%; color: #fff; background-color: #ff7800;\">\n                        <img decoding=\"async\" class=\"topic-icon\" src=\"https:\/\/www.kosiceregion.com\/wp-content\/uploads\/2021\/12\/den-noc.png\" \/>\n                    <\/div>\n                <\/a>\n            <\/div>\n                        <\/div>\n            <div class=\"owl-theme\">\n                <div class=\"owl-controls\">\n                <\/div>\n            <\/div>\n        <\/div>\n    <\/div>\n<\/div>\n\n<script type=\"text\/javascript\"\n        src=\"https:\/\/www.kosiceregion.com\/wp-content\/themes\/kscregion\/js\/custom-owl-slider.js?version=20211208\"><\/script>\n\n\n<div id=\"common-text-3-4-right-block_0402c6aeacd61cbefc9eb1818552a761\" class=\"common-text-3-4-right col-lg-10 offset-lg-1 col-xl-8 offset-xl-2 col-12\">\n<div class=\"col-sm-8 col-12 offset-sm-4 px-0\">\n        <p><p>Cestovn\u00fd ruch tu e\u0161te nestihol vtla\u010di\u0165 pe\u010da\u0165 masovosti. Ale je tu \u00fastretovos\u0165, priamos\u0165, pohostinnos\u0165 a vesel\u00fd temperament miestnych. Bez ko\u0161tovky dom\u00e1cej a piatej kapurkovej v\u00e1s z dvora nepustia. Objavte tento nedotknut\u00fd, recenziami nepo\u010dm\u00e1ran\u00fd, \u00fa\u017easn\u00fd kraj sveta. Dzivosc (divokos\u0165) jeho pr\u00edrody, \u201c\u0161a\u013eenu\u201c n\u00e1turu (temperamentn\u00fa povahu), pretrv\u00e1vaj\u00face trad\u00edcie, siln\u00e9 historick\u00e9 pr\u00edbehy, jemn\u00fa mystiku a tradi\u010dn\u00fa zempl\u00ednsku kuchy\u0148u.<\/p>\n<\/p>\n    <\/div>\n    <style type=\"text\/css\">\n        #common-text-3-4-right-block_0402c6aeacd61cbefc9eb1818552a761 {\n            margin-top: 3rem;\n        }\n    <\/style>\n<\/div>\n\n\n<div id=\"common-image-3-4-left-block_93327aade9760cadaf63e8a5ac1f8be4\" class=\"common-image-3-4-left col-lg-10 offset-lg-1 col-xl-8 offset-xl-2 col-12\">\n    <div class=\"col-sm-8 col-12 offset-sm-4 px-0\">\n        <div class=\"image-container\">\n            <img decoding=\"async\" src=\"https:\/\/www.kosiceregion.com\/wp-content\/uploads\/2021\/08\/DJI_0997-1024x576.jpg\" \/>\n        <\/div>\n    <\/div>\n    <style type=\"text\/css\">\n        #common-image-3-4-left-block_93327aade9760cadaf63e8a5ac1f8be4 {\n            margin-top: 3rem;\n        }\n        #common-image-3-4-left-block_93327aade9760cadaf63e8a5ac1f8be4 .image-container { \n            position: relative; \n            padding-bottom: 56.25%;\n            overflow: hidden;\n            max-width: 100%;\n            height: auto;\n        } \n        #common-image-3-4-left-block_93327aade9760cadaf63e8a5ac1f8be4 .image-container img { \n            position: absolute;\n            top: 0;\n            left: 0;\n            width: 100%;\n            height: 100%;\n            object-fit: cover;\n        }\n    <\/style>\n<\/div>\n\n\n<div id=\"common-image-3-4-left-block_6e5b68ab81cd8b2a313b6b28508c6217\" class=\"common-image-3-4-left col-lg-10 offset-lg-1 col-xl-8 offset-xl-2 col-12\">\n    <div class=\"col-sm-8 col-12 px-0\">\n        <div class=\"image-container\">\n            <img decoding=\"async\" src=\"https:\/\/www.kosiceregion.com\/wp-content\/uploads\/2021\/08\/AA_9837-1024x683.jpg\" \/>\n        <\/div>\n    <\/div>\n    <style type=\"text\/css\">\n        #common-image-3-4-left-block_6e5b68ab81cd8b2a313b6b28508c6217 {\n            margin-top: 3rem;\n        }\n        #common-image-3-4-left-block_6e5b68ab81cd8b2a313b6b28508c6217 .image-container { \n            position: relative; \n            padding-bottom: 56.25%;\n            overflow: hidden;\n            max-width: 100%;\n            height: auto;\n        } \n        #common-image-3-4-left-block_6e5b68ab81cd8b2a313b6b28508c6217 .image-container img { \n            position: absolute;\n            top: 0;\n            left: 0;\n            width: 100%;\n            height: 100%;\n            object-fit: cover;\n        }\n    <\/style>\n<\/div>\n\n\n<div id=\"common-text-3-4-right-block_747e7130c770ccb959a5dd1f36ca19e0\" class=\"common-text-3-4-right col-lg-10 offset-lg-1 col-xl-8 offset-xl-2 col-12\">\n<div class=\"col-sm-8 col-12 offset-sm-4 px-0\">\n        <p><p><strong>Vihorlatsk\u00fd prales<\/strong><\/p>\n<p>\u00dazemie vo Vihorlatsk\u00fdch vrchoch, ktor\u00e9 je spolu s \u010fal\u0161\u00edmi troma pralesmi na v\u00fdchodnom Slovensku, s \u010fal\u0161\u00edmi \u0161iestimi na Ukrajine a piatimi star\u00fdmi lesmi v\u00a0Nemecku s\u00fa\u010das\u0165ou jedin\u00e9ho z\u00e1pisu na Zozname svetov\u00e9ho kult\u00farneho a pr\u00edrodn\u00e9ho dedi\u010dstva UNESCO &#8211; Karpatsk\u00e9 bukov\u00e9 pralesy a star\u00e9 bukov\u00e9 lesy Nemecka. Pripravte si teda turistick\u00e9 top\u00e1nky a kone\u010dne vyrazte! Bu\u010fte bez ob\u00e1v, ne\u010dak\u00e1 v\u00e1s \u017eiadna \u00famorn\u00e1 t\u00fara do vy\u010derpania. Va\u0161\u00edm cie\u013eom je len vstupn\u00e1 br\u00e1na do pralesa &#8211; Morsk\u00e9 oko &#8211; tretie najv\u00e4\u010d\u0161ie pr\u00edrodn\u00e9 jazero na Slovensku. A to v spolo\u010dnosti\u00a0 super sprievodcu, ktor\u00fd na va\u0161e ot\u00e1zky zodpovie r\u00fdchlej\u0161ie a presnej\u0161ie ako Google. Nav\u0161t\u00edvte jeden zo slovensk\u00fdch pralesov, objavte silu viac ako 240 bukov, spoznajte les v jeho najprirodzenej\u0161ej nedotknutej podobe. Prales ob\u00fdvaj\u00fa aj pozoruhodn\u00e9 \u017eivo\u010d\u00edchy \u2013 salamandra \u0161kvrnit\u00e1, f\u00faza\u010d alpsk\u00fd i slizniak karpatsk\u00fd. Ak by sa v\u00e1m m\u00e1lilo, m\u00f4\u017eete sa tam vr\u00e1ti\u0165 a vy\u0161liapnu\u0165 si na vyhliadkov\u00fd Sninsk\u00fd kame\u0148. Alebo zdola\u0165 samotn\u00fd vrch Vihorlat.<\/p>\n<\/p>\n    <\/div>\n    <style type=\"text\/css\">\n        #common-text-3-4-right-block_747e7130c770ccb959a5dd1f36ca19e0 {\n            margin-top: 3rem;\n        }\n    <\/style>\n<\/div>\n\n\n<div id=\"common-image-3-4-left-block_82bf5ea0ab64fafc224e0690a8efde31\" class=\"common-image-3-4-left col-lg-10 offset-lg-1 col-xl-8 offset-xl-2 col-12\">\n    <div class=\"col-sm-8 col-12 offset-sm-4 px-0\">\n        <div class=\"image-container\">\n            <img decoding=\"async\" src=\"https:\/\/www.kosiceregion.com\/wp-content\/uploads\/2021\/12\/MicrosoftTeams-image-1024x683.jpg\" \/>\n        <\/div>\n    <\/div>\n    <style type=\"text\/css\">\n        #common-image-3-4-left-block_82bf5ea0ab64fafc224e0690a8efde31 {\n            margin-top: 3rem;\n        }\n        #common-image-3-4-left-block_82bf5ea0ab64fafc224e0690a8efde31 .image-container { \n            position: relative; \n            padding-bottom: 56.25%;\n            overflow: hidden;\n            max-width: 100%;\n            height: auto;\n        } \n        #common-image-3-4-left-block_82bf5ea0ab64fafc224e0690a8efde31 .image-container img { \n            position: absolute;\n            top: 0;\n            left: 0;\n            width: 100%;\n            height: 100%;\n            object-fit: cover;\n        }\n    <\/style>\n<\/div>\n\n\n<div id=\"common-text-3-4-left-block_93d8d394d9e49ba11a24c2781a2f521e\" class=\"common-text-3-4-left col-lg-10 offset-lg-1 col-xl-8 offset-xl-2 col-12\">\n    <div class=\"col-sm-8 col-12 px-0\">\n        <p><p><strong>Dreven\u00fd kostol\u00edk v Ruskej Bystrej <\/strong><\/p>\n<p>V n\u00e1dhernom prostred\u00ed lesov, v obci Rusk\u00e1 Bystr\u00e1, sa nach\u00e1dza najv\u00fdchodnej\u0161\u00ed z\u00e1stupca spomedzi v\u0161etk\u00fdch slovensk\u00fdch dreven\u00fdch kostol\u00edkov zap\u00edsan\u00fdch k UNESCO pamiatkam &#8211; Gr\u00e9ckokatol\u00edcky Chr\u00e1m Prenesenia ostatkov sv. Mikul\u00e1\u0161a. Kostol bol postaven\u00fd v roku 1730. T\u00fd\u010di sa na vyv\u00fd\u0161enine uprostred obce a farebne vynik\u00e1 na zelenom pozad\u00ed okolit\u00fdch mohutn\u00fdch stromov. Interi\u00e9ru dominuje p\u00e4\u0165radov\u00fd barokov\u00fd ikonostas. Ikonostas je srdcom ka\u017ed\u00e9ho chr\u00e1mu v\u00fdchodn\u00e9ho obradu a tvor\u00ed architektonicko-sakr\u00e1lny predel medzi sv\u00e4ty\u0148ou (priestorom pre Boha) a lo\u010fou (priestorom pre veriacich). O\u010dar\u00ed v\u00e1s vz\u00e1cny ikonostas, ktor\u00fd presahuje netradi\u010dne aj na bo\u010dn\u00e9 steny a strop chr\u00e1mu. Vo sv\u00e4tyni sa nach\u00e1dza vz\u00e1cna ikona Ukri\u017eovania.<\/p>\n<\/p>\n    <\/div>\n    <style type=\"text\/css\">\n        #common-text-3-4-left-block_93d8d394d9e49ba11a24c2781a2f521e {\n            margin-top: 3rem;\n        }\n    <\/style>\n<\/div>\n\n\n<div id=\"common-image-3-4-left-block_3a001fedd449453457f6e2945f882542\" class=\"common-image-3-4-left col-lg-10 offset-lg-1 col-xl-8 offset-xl-2 col-12\">\n    <div class=\"col-sm-8 col-12 px-0\">\n        <div class=\"image-container\">\n            <img decoding=\"async\" src=\"https:\/\/www.kosiceregion.com\/wp-content\/uploads\/2021\/08\/DJI_0994-1024x576.jpg\" \/>\n        <\/div>\n    <\/div>\n    <style type=\"text\/css\">\n        #common-image-3-4-left-block_3a001fedd449453457f6e2945f882542 {\n            margin-top: 3rem;\n        }\n        #common-image-3-4-left-block_3a001fedd449453457f6e2945f882542 .image-container { \n            position: relative; \n            padding-bottom: 56.25%;\n            overflow: hidden;\n            max-width: 100%;\n            height: auto;\n        } \n        #common-image-3-4-left-block_3a001fedd449453457f6e2945f882542 .image-container img { \n            position: absolute;\n            top: 0;\n            left: 0;\n            width: 100%;\n            height: 100%;\n            object-fit: cover;\n        }\n    <\/style>\n<\/div>\n\n\n<div id=\"common-text-3-4-right-block_1b345784afc2dae30ec86f5e753badbb\" class=\"common-text-3-4-right col-lg-10 offset-lg-1 col-xl-8 offset-xl-2 col-12\">\n<div class=\"col-sm-8 col-12 offset-sm-4 px-0\">\n        <p><p><strong>Be\u0148atinsk\u00e9 jazero<\/strong><\/p>\n<p>Pripom\u00edna svojou farbou sl\u00e1vne Plitvick\u00e9 jazer\u00e1. V obci Be\u0148atina v\u00a0okrese Sobrance je ukryt\u00e1 n\u00e1dhern\u00e1 pr\u00edrodn\u00e1 pamiatka \u2013 tyrkysov\u00e9 jazierko v b\u00fdvalom lome. Popul\u00e1rny je poh\u013ead na travert\u00ednov\u00fa stenu, na ktorej akoby bola zn\u00e1zornen\u00e1 ve\u013eryba. Ide vraj o odtla\u010dok prad\u00e1vneho tvora. Alebo len o hru farieb vo vrstv\u00e1ch horniny? To u\u017e nech\u00e1vame na va\u0161e pos\u00fadenie. Jazierko pri Be\u0148atine je \u010doraz viac nav\u0161tevovan\u00e9, ur\u010dite by teda nemalo ch\u00fdba\u0165 ani vo va\u0161ej turistickej zbierke. Jeho okolie ste mohli vidie\u0165 aj v exteri\u00e9rov\u00fdch z\u00e1beroch vo filme \u010ciara. Odvtedy tam pribudli l\u00e1vky a v najbli\u017e\u0161ej sez\u00f3ne sa tam pl\u00e1nuje in\u0161tal\u00e1cia adrenal\u00ednov\u00e9ho zipline.<\/p>\n<\/p>\n    <\/div>\n    <style type=\"text\/css\">\n        #common-text-3-4-right-block_1b345784afc2dae30ec86f5e753badbb {\n            margin-top: 3rem;\n        }\n    <\/style>\n<\/div>\n\n\n<div id=\"common-image-3-4-left-block_2e2e435773f706bac8361e75a72af518\" class=\"common-image-3-4-left col-lg-10 offset-lg-1 col-xl-8 offset-xl-2 col-12\">\n    <div class=\"col-sm-8 col-12 offset-sm-4 px-0\">\n        <div class=\"image-container\">\n            <img decoding=\"async\" src=\"https:\/\/www.kosiceregion.com\/wp-content\/uploads\/2021\/08\/8I0A8635-1024x683.jpg\" \/>\n        <\/div>\n    <\/div>\n    <style type=\"text\/css\">\n        #common-image-3-4-left-block_2e2e435773f706bac8361e75a72af518 {\n            margin-top: 3rem;\n        }\n        #common-image-3-4-left-block_2e2e435773f706bac8361e75a72af518 .image-container { \n            position: relative; \n            padding-bottom: 56.25%;\n            overflow: hidden;\n            max-width: 100%;\n            height: auto;\n        } \n        #common-image-3-4-left-block_2e2e435773f706bac8361e75a72af518 .image-container img { \n            position: absolute;\n            top: 0;\n            left: 0;\n            width: 100%;\n            height: 100%;\n            object-fit: cover;\n        }\n    <\/style>\n<\/div>\n\n\n<div id=\"theme-ambassador-section-block_bcc6362339174c125c7a6fe15ddcfa4c\" class=\"theme-ambassador-section\" style=\"background-color: #64e42b;\">\n    <div class=\" col-lg-10 offset-lg-1 col-xl-8 offset-xl-2 col-12\">\n        <div id=\"carouselAmbassadors\" class=\"carousel slide col-12\" data-ride=\"carousel\" data-interval=\"7000\">\n            <div class=\"carousel-inner pt-4\">\n                                <div class=\"carousel-item active\">\n                        <div class=\"row col-12 py-5\">\n                            <div class=\"col-sm-4 col-12\">\n                                <div class=\"img-square\" style=\"background-image: url(https:\/\/www.kosiceregion.com\/wp-content\/uploads\/2021\/07\/Sabovcik-1024x683.jpg);\"><\/div>\n                            <\/div>\n                            <div class=\"col-sm-8 col-12 mt-sm-0 mt-3\">\n                                <h3>Michal Sabov\u010d\u00edk &#8211; ADRENAL\u00cdN<\/h3>\n                                <p><p><b>Tags<\/b><\/p>\n<p>G\u00f3ry, dziewicza przyroda, adrenalina<\/p>\n<p><b>O Michale<\/b><\/p>\n<p>Sukcesy alpinistyczne pozwalaj\u0105 Micha\u0142owi spokojnie buja\u0107 w ob\u0142okach, co faktycznie robi! Ju\u017c w m\u0142odo\u015bci wdrapa\u0142 si\u0119 na wysoko\u015b\u0107 7\u00a0134 m n.p.m. i stoj\u0105c na wierzcho\u0142ku Szczytu Lenina (Awicenny) podziwia\u0142 widoki. Z pokor\u0105 zdoby\u0142 szczyt patago\u0144skiego Cerro Torre, a tak\u017ce uda\u0142o mu si\u0119 wej\u015b\u0107 na legendarny Fitz Roy. Jego odwag\u0119 i talent alpinistyczny doceni\u0142o S\u0142owackie Towarzystwo Wspinaczkowe JAMES, kt\u00f3re przyzna\u0142o mu kilka nagr\u00f3d oraz przyj\u0119\u0142o do s\u0142owackiej reprezentacji alpinistycznej. Micha\u0142 potrafi tak\u017ce zmieni\u0107 ka\u017cdego \u201emieszczucha\u201d w \u0142owc\u0119 przyg\u00f3d, kt\u00f3ry pokocha dzik\u0105 przyrod\u0119!<\/p>\n<p><strong>Wi\u0119cej informacji:<\/strong><\/p>\n<p><a href=\"http:\/\/michalsabovcik.com\/\"><span style=\"font-weight: 400;\">http:\/\/michalsabovcik.com\/<\/span><\/a><\/p>\n<\/p>\n                            <\/div>\n                        <\/div>\n                    <\/div>\n                                                            <\/div>\n        <\/div>\n    <\/div>\n    <style type=\"text\/css\">\n        #theme-ambassador-section-block_bcc6362339174c125c7a6fe15ddcfa4c {\n            margin-top: 5rem;\n        }\n        #theme-ambassador-section-block_bcc6362339174c125c7a6fe15ddcfa4c h3 {\n            color: #fff;\n            margin-top: .5rem;\n            margin-bottom: .5rem;\n        }\n        #theme-ambassador-section-block_bcc6362339174c125c7a6fe15ddcfa4c p {\n            color: #000;\n        }\n    <\/style>\n<\/div>\n\n<div class=\"section-front\">\n    <div class=\"row col-12 center-horizontal max-width\">\n        <div class=\"section-title mt-sm-3 mt-5 mb-5\">ambassadors of kraj sveta<\/div>\n        <div class=\"ambassadors-top-nav owl-nav\"><\/div>\n        <div class=\"owl-vl\"><\/div>\n    <\/div>\n\n    <div class=\"row col-12 center-horizontal max-width mb-5\">\n        <div class=\"owl-content\">\n            <div id=\"owl-carousel-ambassadors\" class=\"owl-carousel owl-theme\">\n                        <div class=\"item card-poi-item pb-3 px-2\" style=\"overflow: hidden;\">\n                <a href=\"https:\/\/www.kosiceregion.com\/pl\/ambassador\/miso-hudak-vychodne-pobrezie\/\">\n                    <div style=\"position: relative; background-image: url('https:\/\/www.kosiceregion.com\/wp-content\/uploads\/2021\/07\/AA_8269-1-1024x683.jpg')\" class=\"img-square hvr-grow\"><\/div>\n                    <div style=\"position: absolute; bottom: 1rem; left: 1.5rem; right: 45%; color: #fff;\">\n                        <h5 style=\"font-size: 1.1rem; text-shadow: 0 3px 6px rgb(0 0 0 \/ 36%);\">Mi\u0161o Hud\u00e1k &#8211; V\u00ddCHODN\u00c9 POBRE\u017dIE<\/h5>\n                    <\/div>\n                    <div class=\"p-sm-3 p-2\" style=\"position: absolute; bottom: -1rem; right: 1.5rem; width: 30%; height: 30%; color: #fff; background-color: #00c5fe;\">\n                        <img decoding=\"async\" class=\"topic-icon\" src=\"https:\/\/www.kosiceregion.com\/wp-content\/uploads\/2021\/12\/mesto.png\" \/>\n                    <\/div>\n                <\/a>\n            <\/div>\n                        <div class=\"item card-poi-item pb-3 px-2\" style=\"overflow: hidden;\">\n                <a href=\"https:\/\/www.kosiceregion.com\/pl\/ambassador\/martin-jakub-kubbo-select\/\">\n                    <div style=\"position: relative; background-image: url('https:\/\/www.kosiceregion.com\/wp-content\/uploads\/2021\/07\/AA_7756-1-1024x683.jpg')\" class=\"img-square hvr-grow\"><\/div>\n                    <div style=\"position: absolute; bottom: 1rem; left: 1.5rem; right: 45%; color: #fff;\">\n                        <h5 style=\"font-size: 1.1rem; text-shadow: 0 3px 6px rgb(0 0 0 \/ 36%);\">Martin Jakub &#8211; KUBBO SELECT<\/h5>\n                    <\/div>\n                    <div class=\"p-sm-3 p-2\" style=\"position: absolute; bottom: -1rem; right: 1.5rem; width: 30%; height: 30%; color: #fff; background-color: #ff7800;\">\n                        <img decoding=\"async\" class=\"topic-icon\" src=\"https:\/\/www.kosiceregion.com\/wp-content\/uploads\/2021\/12\/den-noc.png\" \/>\n                    <\/div>\n                <\/a>\n            <\/div>\n                        <div class=\"item card-poi-item pb-3 px-2\" style=\"overflow: hidden;\">\n                <a href=\"https:\/\/www.kosiceregion.com\/pl\/ambassador\/gabriel-oprendek-mellos-opre\/\">\n                    <div style=\"position: relative; background-image: url('https:\/\/www.kosiceregion.com\/wp-content\/uploads\/2021\/07\/AA_7737-1-1024x683.jpg')\" class=\"img-square hvr-grow\"><\/div>\n                    <div style=\"position: absolute; bottom: 1rem; left: 1.5rem; right: 45%; color: #fff;\">\n                        <h5 style=\"font-size: 1.1rem; text-shadow: 0 3px 6px rgb(0 0 0 \/ 36%);\">Gabriel Oprendek &#8211; MELLOS, OPRE\u00b4<\/h5>\n                    <\/div>\n                    <div class=\"p-sm-3 p-2\" style=\"position: absolute; bottom: -1rem; right: 1.5rem; width: 30%; height: 30%; color: #fff; background-color: #ff7800;\">\n                        <img decoding=\"async\" class=\"topic-icon\" src=\"https:\/\/www.kosiceregion.com\/wp-content\/uploads\/2021\/12\/den-noc.png\" \/>\n                    <\/div>\n                <\/a>\n            <\/div>\n                        <div class=\"item card-poi-item pb-3 px-2\" style=\"overflow: hidden;\">\n                <a href=\"https:\/\/www.kosiceregion.com\/pl\/ambassador\/marcel-slivka-vcely-raja\/\">\n                    <div style=\"position: relative; background-image: url('https:\/\/www.kosiceregion.com\/wp-content\/uploads\/2021\/07\/AA_8218-2-1024x683.jpg')\" class=\"img-square hvr-grow\"><\/div>\n                    <div style=\"position: absolute; bottom: 1rem; left: 1.5rem; right: 45%; color: #fff;\">\n                        <h5 style=\"font-size: 1.1rem; text-shadow: 0 3px 6px rgb(0 0 0 \/ 36%);\">Marcel Slivka &#8211; V\u010cELY RAJA<\/h5>\n                    <\/div>\n                    <div class=\"p-sm-3 p-2\" style=\"position: absolute; bottom: -1rem; right: 1.5rem; width: 30%; height: 30%; color: #fff; background-color: #fedd00;\">\n                        <img decoding=\"async\" class=\"topic-icon\" src=\"https:\/\/www.kosiceregion.com\/wp-content\/uploads\/2021\/12\/tradicie.png\" \/>\n                    <\/div>\n                <\/a>\n            <\/div>\n                        <div class=\"item card-poi-item pb-3 px-2\" style=\"overflow: hidden;\">\n                <a href=\"https:\/\/www.kosiceregion.com\/pl\/ambassador\/katerina-krnanska-katerina-je-ina-veganstvo-vsade-snima\/\">\n                    <div style=\"position: relative; background-image: url('https:\/\/www.kosiceregion.com\/wp-content\/uploads\/2024\/09\/CB98BADF-380D-495A-A289-365751D9BEA6-1024x683.jpg')\" class=\"img-square hvr-grow\"><\/div>\n                    <div style=\"position: absolute; bottom: 1rem; left: 1.5rem; right: 45%; color: #fff;\">\n                        <h5 style=\"font-size: 1.1rem; text-shadow: 0 3px 6px rgb(0 0 0 \/ 36%);\">Kate\u0159ina Kr\u0148ansk\u00e1 &#8211; Veganius<\/h5>\n                    <\/div>\n                    <div class=\"p-sm-3 p-2\" style=\"position: absolute; bottom: -1rem; right: 1.5rem; width: 30%; height: 30%; color: #fff; background-color: #fedd00;\">\n                        <img decoding=\"async\" class=\"topic-icon\" src=\"https:\/\/www.kosiceregion.com\/wp-content\/uploads\/2021\/12\/tradicie.png\" \/>\n                    <\/div>\n                <\/a>\n            <\/div>\n                        <div class=\"item card-poi-item pb-3 px-2\" style=\"overflow: hidden;\">\n                <a href=\"https:\/\/www.kosiceregion.com\/pl\/ambassador\/dana-oprendek-robin-street-food\/\">\n                    <div style=\"position: relative; background-image: url('https:\/\/www.kosiceregion.com\/wp-content\/uploads\/2021\/07\/AA_7769-1-1024x683.jpg')\" class=\"img-square hvr-grow\"><\/div>\n                    <div style=\"position: absolute; bottom: 1rem; left: 1.5rem; right: 45%; color: #fff;\">\n                        <h5 style=\"font-size: 1.1rem; text-shadow: 0 3px 6px rgb(0 0 0 \/ 36%);\">Dana Oprendek &#8211; ROBIN STREET FOOD<\/h5>\n                    <\/div>\n                    <div class=\"p-sm-3 p-2\" style=\"position: absolute; bottom: -1rem; right: 1.5rem; width: 30%; height: 30%; color: #fff; background-color: #ff7800;\">\n                        <img decoding=\"async\" class=\"topic-icon\" src=\"https:\/\/www.kosiceregion.com\/wp-content\/uploads\/2021\/12\/den-noc.png\" \/>\n                    <\/div>\n                <\/a>\n            <\/div>\n                        <div class=\"item card-poi-item pb-3 px-2\" style=\"overflow: hidden;\">\n                <a href=\"https:\/\/www.kosiceregion.com\/pl\/ambassador\/berta-staskova-lesny-kupel\/\">\n                    <div style=\"position: relative; background-image: url('https:\/\/www.kosiceregion.com\/wp-content\/uploads\/2024\/09\/1553DF71-9D43-461D-86A3-6CACCFA486A7-1024x683.jpg')\" class=\"img-square hvr-grow\"><\/div>\n                    <div style=\"position: absolute; bottom: 1rem; left: 1.5rem; right: 45%; color: #fff;\">\n                        <h5 style=\"font-size: 1.1rem; text-shadow: 0 3px 6px rgb(0 0 0 \/ 36%);\">Berta Sta\u0161kov\u00e1 &#8211; Lesn\u00fd k\u00fape\u013e<\/h5>\n                    <\/div>\n                    <div class=\"p-sm-3 p-2\" style=\"position: absolute; bottom: -1rem; right: 1.5rem; width: 30%; height: 30%; color: #fff; background-color: #fedd00;\">\n                        <img decoding=\"async\" class=\"topic-icon\" src=\"https:\/\/www.kosiceregion.com\/wp-content\/uploads\/2021\/12\/tradicie.png\" \/>\n                    <\/div>\n                <\/a>\n            <\/div>\n                        <div class=\"item card-poi-item pb-3 px-2\" style=\"overflow: hidden;\">\n                <a href=\"https:\/\/www.kosiceregion.com\/pl\/ambassador\/milan-kolcun-potulky-mestom-kosice\/\">\n                    <div style=\"position: relative; background-image: url('https:\/\/www.kosiceregion.com\/wp-content\/uploads\/2021\/07\/AA_8256-1024x683.jpg')\" class=\"img-square hvr-grow\"><\/div>\n                    <div style=\"position: absolute; bottom: 1rem; left: 1.5rem; right: 45%; color: #fff;\">\n                        <h5 style=\"font-size: 1.1rem; text-shadow: 0 3px 6px rgb(0 0 0 \/ 36%);\">Milan Kolc\u00fan &#8211; POTULKY MESTOM KO\u0160ICE<\/h5>\n                    <\/div>\n                    <div class=\"p-sm-3 p-2\" style=\"position: absolute; bottom: -1rem; right: 1.5rem; width: 30%; height: 30%; color: #fff; background-color: #00c5fe;\">\n                        <img decoding=\"async\" class=\"topic-icon\" src=\"https:\/\/www.kosiceregion.com\/wp-content\/uploads\/2021\/12\/mesto.png\" \/>\n                    <\/div>\n                <\/a>\n            <\/div>\n                        <div class=\"item card-poi-item pb-3 px-2\" style=\"overflow: hidden;\">\n                <a href=\"https:\/\/www.kosiceregion.com\/pl\/ambassador\/matus-vdovjak-vinarstvo-vdovjak\/\">\n                    <div style=\"position: relative; background-image: url('https:\/\/www.kosiceregion.com\/wp-content\/uploads\/2021\/08\/AA_8229-1024x683.jpg')\" class=\"img-square hvr-grow\"><\/div>\n                    <div style=\"position: absolute; bottom: 1rem; left: 1.5rem; right: 45%; color: #fff;\">\n                        <h5 style=\"font-size: 1.1rem; text-shadow: 0 3px 6px rgb(0 0 0 \/ 36%);\">Mat\u00fa\u0161 Vdovjak &#8211; VIN\u00c1RSTVO VDOVJAK<\/h5>\n                    <\/div>\n                    <div class=\"p-sm-3 p-2\" style=\"position: absolute; bottom: -1rem; right: 1.5rem; width: 30%; height: 30%; color: #fff; background-color: #fedd00;\">\n                        <img decoding=\"async\" class=\"topic-icon\" src=\"https:\/\/www.kosiceregion.com\/wp-content\/uploads\/2021\/12\/tradicie.png\" \/>\n                    <\/div>\n                <\/a>\n            <\/div>\n                        <div class=\"item card-poi-item pb-3 px-2\" style=\"overflow: hidden;\">\n                <a href=\"https:\/\/www.kosiceregion.com\/pl\/ambassador\/juraj-hidveghy-hladac-hudobnych-pokladov\/\">\n                    <div style=\"position: relative; background-image: url('https:\/\/www.kosiceregion.com\/wp-content\/uploads\/2025\/09\/A064554B-3D3E-43D7-8CF2-0E6D669BF7E9-1024x683.jpg')\" class=\"img-square hvr-grow\"><\/div>\n                    <div style=\"position: absolute; bottom: 1rem; left: 1.5rem; right: 45%; color: #fff;\">\n                        <h5 style=\"font-size: 1.1rem; text-shadow: 0 3px 6px rgb(0 0 0 \/ 36%);\">Juraj Hidv\u00e9ghy \u2013 h\u013eada\u010d hudobn\u00fdch pokladov<\/h5>\n                    <\/div>\n                    <div class=\"p-sm-3 p-2\" style=\"position: absolute; bottom: -1rem; right: 1.5rem; width: 30%; height: 30%; color: #fff; background-color: ;\">\n                        <img decoding=\"async\" class=\"topic-icon\" src=\"\" \/>\n                    <\/div>\n                <\/a>\n            <\/div>\n                        <div class=\"item card-poi-item pb-3 px-2\" style=\"overflow: hidden;\">\n                <a href=\"https:\/\/www.kosiceregion.com\/pl\/ambassador\/erik-sikora-dzumelec\/\">\n                    <div style=\"position: relative; background-image: url('https:\/\/www.kosiceregion.com\/wp-content\/uploads\/2021\/07\/Sikora-1-1-1024x683.jpg')\" class=\"img-square hvr-grow\"><\/div>\n                    <div style=\"position: absolute; bottom: 1rem; left: 1.5rem; right: 45%; color: #fff;\">\n                        <h5 style=\"font-size: 1.1rem; text-shadow: 0 3px 6px rgb(0 0 0 \/ 36%);\">Erik Sikora &#8211; D\u017dUMELEC<\/h5>\n                    <\/div>\n                    <div class=\"p-sm-3 p-2\" style=\"position: absolute; bottom: -1rem; right: 1.5rem; width: 30%; height: 30%; color: #fff; background-color: #00c5fe;\">\n                        <img decoding=\"async\" class=\"topic-icon\" src=\"https:\/\/www.kosiceregion.com\/wp-content\/uploads\/2021\/12\/mesto.png\" \/>\n                    <\/div>\n                <\/a>\n            <\/div>\n                        <div class=\"item card-poi-item pb-3 px-2\" style=\"overflow: hidden;\">\n                <a href=\"https:\/\/www.kosiceregion.com\/pl\/ambassador\/viktor-feher-street-art-communication-sac\/\">\n                    <div style=\"position: relative; background-image: url('https:\/\/www.kosiceregion.com\/wp-content\/uploads\/2021\/07\/AA_8245-1-1024x683.jpg')\" class=\"img-square hvr-grow\"><\/div>\n                    <div style=\"position: absolute; bottom: 1rem; left: 1.5rem; right: 45%; color: #fff;\">\n                        <h5 style=\"font-size: 1.1rem; text-shadow: 0 3px 6px rgb(0 0 0 \/ 36%);\">Viktor Feher &#8211; STREET ART COMMUNICATION (SAC)<\/h5>\n                    <\/div>\n                    <div class=\"p-sm-3 p-2\" style=\"position: absolute; bottom: -1rem; right: 1.5rem; width: 30%; height: 30%; color: #fff; background-color: #00c5fe;\">\n                        <img decoding=\"async\" class=\"topic-icon\" src=\"https:\/\/www.kosiceregion.com\/wp-content\/uploads\/2021\/12\/mesto.png\" \/>\n                    <\/div>\n                <\/a>\n            <\/div>\n                        <\/div>\n            <div class=\"owl-theme\">\n                <div class=\"owl-controls\">\n                <\/div>\n            <\/div>\n        <\/div>\n    <\/div>\n<\/div>\n\n<script type=\"text\/javascript\"\n        src=\"https:\/\/www.kosiceregion.com\/wp-content\/themes\/kscregion\/js\/custom-owl-slider.js?version=20211208\"><\/script>","protected":false,"raw":"<!-- wp:acf\/common-text-left-section {\"name\":\"acf\/common-text-left-section\",\"data\":{\"field_60c66a6067e54\":\"\\u003cp style=\\u0022background: white; margin: 0cm 0cm 18.0pt 0cm;\\u0022\\u003e\\u003cstrong\\u003e\\u003cspan lang=\\u0022PL\\u0022 style=\\u0022font-family: 'Source Sans Pro',sans-serif; color: #3b3b3b;\\u0022\\u003eCzy wiedzia\u0142e\u015b, \u017ce wschodnia S\u0142owacja ma sw\u00f3j w\u0142asny Dziki Wsch\u00f3d? Jakie\u015b 100 km po drogach I i II klasy. U podn\u00f3\u017ca Wyhorlatu nie u\u015bwiadczysz co prawda luksusowych hoteli, ale nic nie szkodzi. Do puszczy karpackiej (wpisanej na list\u0119 UNESCO) nie przyje\u017cd\u017ca si\u0119 tylko po przygody, ale przede wszystkim dla ludzi.\\u003c\/span\\u003e\\u003c\/strong\\u003e\\u003c\/p\\u003e\"},\"mode\":\"preview\"} \/-->\n\n<!-- wp:acf\/common-text-right-section {\"name\":\"acf\/common-text-right-section\",\"data\":{\"field_60c66a6067e54\":\"\\u003cp style=\\u0022background: white; margin: 0cm 0cm 18.0pt 0cm;\\u0022\\u003e\\u003cspan lang=\\u0022PL\\u0022 style=\\u0022font-family: 'Source Sans Pro',sans-serif; color: #3b3b3b;\\u0022\\u003ePoniewa\u017c turystyka nie zd\u0105\u017cy\u0142a tu jeszcze rozwin\u0105\u0107 skrzyde\u0142, spotkasz na swojej drodze wielu otwartych, bezpo\u015brednich, go\u015bcinnych i pe\u0142nych temperamentu ludzi. Bez degustacji domowych napitk\u00f3w i pi\u0105tego \u201erozchodniaczka\u201d Ci\u0119 nie wypuszcz\u0105. Odkryj dziewiczy, wci\u0105\u017c ma\u0142o znany zak\u0105tek na Kra\u0144cu \u015awiata. To miejsce to nieokie\u0142znana natura, temperament, \u017cywe tradycje, interesuj\u0105ca historia, bogata duchowo\u015b\u0107 i kuchnia regionu Zemplin.\\u003c\/span\\u003e\\u003c\/p\\u003e\"},\"mode\":\"preview\"} \/-->\n\n<!-- wp:acf\/common-image-right-section {\"name\":\"acf\/common-image-right-section\",\"data\":{\"image\":7502,\"_image\":\"field_60c66ddbbdafe\"},\"mode\":\"preview\"} \/-->\n\n<!-- wp:acf\/common-image-left-section {\"name\":\"acf\/common-image-left-section\",\"data\":{\"image\":7503,\"_image\":\"field_60c66ddbbdafe\"},\"mode\":\"preview\"} \/-->\n\n<!-- wp:acf\/common-text-right-section {\"name\":\"acf\/common-text-right-section\",\"data\":{\"field_60c66a6067e54\":\"\\u003cp style=\\u0022background: white; margin: 0cm 0cm 18.0pt 0cm;\\u0022\\u003e\\u003cstrong\\u003e\\u003cspan lang=\\u0022PL\\u0022 style=\\u0022font-family: 'Source Sans Pro',sans-serif; color: #3b3b3b;\\u0022\\u003ePuszcza Wyhorlacka (Vihorlatsk\u00fd prales)\\u003c\/span\\u003e\\u003c\/strong\\u003e\\u003c\/p\\u003e\\r\\n\\u003cp style=\\u0022background: white; margin: 0cm 0cm 18.0pt 0cm;\\u0022\\u003e\\u003cspan lang=\\u0022PL\\u0022 style=\\u0022font-family: 'Source Sans Pro',sans-serif; color: #3b3b3b;\\u0022\\u003eDrzewa od niepami\u0119tnych czas\u00f3w porasta\u0142y g\u00f3ry Wyhorlatu. Niedawno jednak, wraz z trzema innymi puszczami we wschodniej S\u0142owacji, sze\u015bcioma puszczami w Ukrainie i pi\u0119cioma lasami w Niemczech, zosta\u0142y wpisane na List\u0119 \u015awiatowego Dziedzictwa Kulturowego i Przyrodniczego UNESCO jako pierwotne karpackie lasy bukowe i stare lasy bukowe w Niemczech. Szykuj buty i w drog\u0119! Bez obaw, nie czeka Ci\u0119 mozolna w\u0119dr\u00f3wka, po kt\u00f3rej b\u0119dziesz pada\u0142 z n\u00f3g. Twoim celem jest brama do puszczy, czyli s\u0142owackie Morskie Oko, trzecie pod wzgl\u0119dem wielko\u015bci naturalne jezioro S\u0142owacji. I to w towarzystwie przewodnika, kt\u00f3ry odpowie na wszystkie Twoje pytania szybciej i trafniej ni\u017c Google. Odwied\u017a jedn\u0105 ze s\u0142owackich puszczy, odkryj urok ponad 240 rosn\u0105cych w niej buk\u00f3w, podziwiaj las w jego najbardziej naturalnej postaci. Puszcz\u0119 zamieszkuj\u0105 niezwyk\u0142e zwierz\u0119ta, takie jak salamandra plamista, nadobnica alpejska i pomr\u00f3w b\u0142\u0119kitny. A je\u015bli to wci\u0105\u017c ma\u0142o, mo\u017cesz wr\u00f3ci\u0107 i wspi\u0105\u0107 si\u0119 na Kamie\u0144 Sni\u0144ski (Sninsk\u00fd kame\u0148), z kt\u00f3rego rozpo\u015bciera si\u0119 pi\u0119kna panorama. Albo zdoby\u0107 Vihorlat.\\u003c\/span\\u003e\\u003c\/p\\u003e\"},\"mode\":\"preview\"} \/-->\n\n<!-- wp:acf\/common-image-right-section {\"name\":\"acf\/common-image-right-section\",\"data\":{\"image\":8252,\"_image\":\"field_60c66ddbbdafe\"},\"mode\":\"preview\"} \/-->\n\n<!-- wp:acf\/common-text-left-section {\"name\":\"acf\/common-text-left-section\",\"data\":{\"field_60c66a6067e54\":\"\\u003cp style=\\u0022background: white; margin: 0cm 0cm 18.0pt 0cm;\\u0022\\u003e\\u003cstrong\\u003e\\u003cspan lang=\\u0022PL\\u0022 style=\\u0022font-family: 'Source Sans Pro',sans-serif; color: #3b3b3b;\\u0022\\u003eDrewniana cerkiew w Ruskiej Bystrej\\u003c\/span\\u003e\\u003c\/strong\\u003e\\u003c\/p\\u003e\\r\\n\\u003cp style=\\u0022background: white; margin: 0cm 0cm 18.0pt 0cm;\\u0022\\u003e\\u003cspan lang=\\u0022PL\\u0022 style=\\u0022font-family: 'Source Sans Pro',sans-serif; color: #3b3b3b;\\u0022\\u003ePo\u015br\u00f3d las\u00f3w, we wsi Rusk\u00e1 Bystr\u00e1, znajduje si\u0119 najdalej na wsch\u00f3d po\u0142o\u017cona s\u0142owacka cerkiew wpisana na list\u0119 UNESCO \u2013 greckokatolicka cerkiew pw. Przeniesienia Relikwii \u015bw. Miko\u0142aja. Zosta\u0142a ona zbudowana w 1730 roku. Wznosi si\u0119 na wzg\u00f3rzu w samym centrum wsi i wyr\u00f3\u017cnia kolorami na zielonym tle wynios\u0142ych drzew. Dominuj\u0105cym elementem wn\u0119trza jest pi\u0119ciorz\u0119dowy barokowy ikonostas, b\u0119d\u0105cy sercem ka\u017cdej \u015bwi\u0105tyni obrz\u0105dku wschodniego i stanowi\u0105cy przegrod\u0119 architektoniczno-sakraln\u0105 pomi\u0119dzy prezbiterium (przestrzeni\u0105 dla Boga) a naw\u0105 (miejscem dla wiernych). Tutejszy ikonostas nietypowo rozci\u0105ga si\u0119 na \u015bciany i sufit \u015bwi\u0105tyni, robi\u0105c ogromne wra\u017cenie. W prezbiterium mo\u017cna zobaczy\u0107 cenn\u0105 ikon\u0119 Ukrzy\u017cowania.\\u003c\/span\\u003e\\u003c\/p\\u003e\"},\"mode\":\"preview\"} \/-->\n\n<!-- wp:acf\/common-image-left-section {\"name\":\"acf\/common-image-left-section\",\"data\":{\"image\":7500,\"_image\":\"field_60c66ddbbdafe\"},\"mode\":\"preview\"} \/-->\n\n<!-- wp:acf\/common-text-right-section {\"name\":\"acf\/common-text-right-section\",\"data\":{\"field_60c66a6067e54\":\"\\u003cp style=\\u0022background: white; margin: 0cm 0cm 18.0pt 0cm;\\u0022\\u003e\\u003cstrong\\u003e\\u003cspan lang=\\u0022PL\\u0022 style=\\u0022font-family: 'Source Sans Pro',sans-serif; color: #3b3b3b;\\u0022\\u003eJezioro Beniati\u0144skie (Be\u0148atinsk\u00e9 jazero)\\u003c\/span\\u003e\\u003c\/strong\\u003e\\u003c\/p\\u003e\\r\\n\\u003cp style=\\u0022background: white; margin: 0cm 0cm 18.0pt 0cm;\\u0022\\u003e\\u003cspan lang=\\u0022PL\\u0022 style=\\u0022font-family: 'Source Sans Pro',sans-serif; color: #3b3b3b;\\u0022\\u003eSwoim kolorem przypomina s\u0142ynne Jeziora Plitwickie. We wsi Be\u0148atina w powiecie Sobrance znajduje si\u0119 wspania\u0142y pomnik przyrody \u2013 turkusowe jeziorko w dawnym kamienio\u0142omie. B\u0119d\u0105c w tym miejscu, sp\u00f3jrz na trawertynow\u0105 \u015bcian\u0119, kt\u00f3ra zdaje si\u0119 przedstawia\u0107 wieloryba. M\u00f3wi si\u0119, \u017ce to odcisk jakiego\u015b pradawnego stworzenia. A mo\u017ce po prostu gra kolor\u00f3w na ska\u0142ach? Sam si\u0119 przekonaj! Jeziorko cieszy si\u0119 coraz wi\u0119ksz\u0105 popularno\u015bci\u0105, dlatego nie mog\u0142o go zabrakn\u0105\u0107 na li\u015bcie miejsc do odwiedzenia. Tutejsze okolice znane s\u0105 z filmu \\u003ci\\u003eLinia\\u003c\/i\\u003e \\u003ci\\u003e(\u010ciara)\\u003c\/i\\u003e z 2017 roku\\u003ci\\u003e.\\u003c\/i\\u003e Od niedawna s\u0105 tutaj \u0142awki, a w najbli\u017cszym czasie ma si\u0119 pojawi\u0107 tyrolka.\\u003c\/span\\u003e\\u003c\/p\\u003e\"},\"mode\":\"preview\"} \/-->\n\n<!-- wp:acf\/common-image-right-section {\"name\":\"acf\/common-image-right-section\",\"data\":{\"image\":7501,\"_image\":\"field_60c66ddbbdafe\"},\"mode\":\"preview\"} \/-->\n\n<!-- wp:acf\/theme-ambassador-section {\"name\":\"acf\/theme-ambassador-section\",\"data\":{},\"mode\":\"preview\"} \/-->\n\n<!-- wp:acf\/common-text-right-section {\"name\":\"acf\/common-text-right-section\",\"data\":{\"text\":\"Cestovn\u00fd ruch tu e\u0161te nestihol vtla\u010di\u0165 pe\u010da\u0165 masovosti. Ale je tu \u00fastretovos\u0165, priamos\u0165, pohostinnos\u0165 a vesel\u00fd temperament miestnych. Bez ko\u0161tovky dom\u00e1cej a piatej kapurkovej v\u00e1s z dvora nepustia. Objavte tento nedotknut\u00fd, recenziami nepo\u010dm\u00e1ran\u00fd, \u00fa\u017easn\u00fd kraj sveta. Dzivosc (divokos\u0165) jeho pr\u00edrody, \u201c\u0161a\u013eenu\u201c n\u00e1turu (temperamentn\u00fa povahu), pretrv\u00e1vaj\u00face trad\u00edcie, siln\u00e9 historick\u00e9 pr\u00edbehy, jemn\u00fa mystiku a tradi\u010dn\u00fa zempl\u00ednsku kuchy\u0148u.\",\"_text\":\"field_60c66a6067e54\"},\"mode\":\"preview\"} \/-->\n\n<!-- wp:acf\/common-image-right-section {\"name\":\"acf\/common-image-right-section\",\"data\":{\"image\":7502,\"_image\":\"field_60c66ddbbdafe\"},\"mode\":\"preview\"} \/-->\n\n<!-- wp:acf\/common-image-left-section {\"name\":\"acf\/common-image-left-section\",\"data\":{\"image\":7503,\"_image\":\"field_60c66ddbbdafe\"},\"mode\":\"preview\"} \/-->\n\n<!-- wp:acf\/common-text-right-section {\"name\":\"acf\/common-text-right-section\",\"data\":{\"text\":\"\\u003cstrong\\u003eVihorlatsk\u00fd prales\\u003c\/strong\\u003e\\r\\n\\r\\n\u00dazemie vo Vihorlatsk\u00fdch vrchoch, ktor\u00e9 je spolu s \u010fal\u0161\u00edmi troma pralesmi na v\u00fdchodnom Slovensku, s \u010fal\u0161\u00edmi \u0161iestimi na Ukrajine a piatimi star\u00fdmi lesmi v\u00a0Nemecku s\u00fa\u010das\u0165ou jedin\u00e9ho z\u00e1pisu na Zozname svetov\u00e9ho kult\u00farneho a pr\u00edrodn\u00e9ho dedi\u010dstva UNESCO - Karpatsk\u00e9 bukov\u00e9 pralesy a star\u00e9 bukov\u00e9 lesy Nemecka. Pripravte si teda turistick\u00e9 top\u00e1nky a kone\u010dne vyrazte! Bu\u010fte bez ob\u00e1v, ne\u010dak\u00e1 v\u00e1s \u017eiadna \u00famorn\u00e1 t\u00fara do vy\u010derpania. Va\u0161\u00edm cie\u013eom je len vstupn\u00e1 br\u00e1na do pralesa - Morsk\u00e9 oko - tretie najv\u00e4\u010d\u0161ie pr\u00edrodn\u00e9 jazero na Slovensku. A to v spolo\u010dnosti\u00a0 super sprievodcu, ktor\u00fd na va\u0161e ot\u00e1zky zodpovie r\u00fdchlej\u0161ie a presnej\u0161ie ako Google. Nav\u0161t\u00edvte jeden zo slovensk\u00fdch pralesov, objavte silu viac ako 240 bukov, spoznajte les v jeho najprirodzenej\u0161ej nedotknutej podobe. Prales ob\u00fdvaj\u00fa aj pozoruhodn\u00e9 \u017eivo\u010d\u00edchy \u2013 salamandra \u0161kvrnit\u00e1, f\u00faza\u010d alpsk\u00fd i slizniak karpatsk\u00fd. Ak by sa v\u00e1m m\u00e1lilo, m\u00f4\u017eete sa tam vr\u00e1ti\u0165 a vy\u0161liapnu\u0165 si na vyhliadkov\u00fd Sninsk\u00fd kame\u0148. Alebo zdola\u0165 samotn\u00fd vrch Vihorlat.\",\"_text\":\"field_60c66a6067e54\"},\"mode\":\"preview\"} \/-->\n\n<!-- wp:acf\/common-image-right-section {\"name\":\"acf\/common-image-right-section\",\"data\":{\"image\":8252,\"_image\":\"field_60c66ddbbdafe\"},\"mode\":\"preview\"} \/-->\n\n<!-- wp:acf\/common-text-left-section {\"name\":\"acf\/common-text-left-section\",\"data\":{\"text\":\"\\u003cstrong\\u003eDreven\u00fd kostol\u00edk v Ruskej Bystrej \\u003c\/strong\\u003e\\r\\n\\r\\nV n\u00e1dhernom prostred\u00ed lesov, v obci Rusk\u00e1 Bystr\u00e1, sa nach\u00e1dza najv\u00fdchodnej\u0161\u00ed z\u00e1stupca spomedzi v\u0161etk\u00fdch slovensk\u00fdch dreven\u00fdch kostol\u00edkov zap\u00edsan\u00fdch k UNESCO pamiatkam - Gr\u00e9ckokatol\u00edcky Chr\u00e1m Prenesenia ostatkov sv. Mikul\u00e1\u0161a. Kostol bol postaven\u00fd v roku 1730. T\u00fd\u010di sa na vyv\u00fd\u0161enine uprostred obce a farebne vynik\u00e1 na zelenom pozad\u00ed okolit\u00fdch mohutn\u00fdch stromov. Interi\u00e9ru dominuje p\u00e4\u0165radov\u00fd barokov\u00fd ikonostas. Ikonostas je srdcom ka\u017ed\u00e9ho chr\u00e1mu v\u00fdchodn\u00e9ho obradu a tvor\u00ed architektonicko-sakr\u00e1lny predel medzi sv\u00e4ty\u0148ou (priestorom pre Boha) a lo\u010fou (priestorom pre veriacich). O\u010dar\u00ed v\u00e1s vz\u00e1cny ikonostas, ktor\u00fd presahuje netradi\u010dne aj na bo\u010dn\u00e9 steny a strop chr\u00e1mu. Vo sv\u00e4tyni sa nach\u00e1dza vz\u00e1cna ikona Ukri\u017eovania.\",\"_text\":\"field_60c66a6067e54\"},\"mode\":\"preview\"} \/-->\n\n<!-- wp:acf\/common-image-left-section {\"name\":\"acf\/common-image-left-section\",\"data\":{\"image\":7500,\"_image\":\"field_60c66ddbbdafe\"},\"mode\":\"preview\"} \/-->\n\n<!-- wp:acf\/common-text-right-section {\"name\":\"acf\/common-text-right-section\",\"data\":{\"text\":\"\\u003cstrong\\u003eBe\u0148atinsk\u00e9 jazero\\u003c\/strong\\u003e\\r\\n\\r\\nPripom\u00edna svojou farbou sl\u00e1vne Plitvick\u00e9 jazer\u00e1. V obci Be\u0148atina v\u00a0okrese Sobrance je ukryt\u00e1 n\u00e1dhern\u00e1 pr\u00edrodn\u00e1 pamiatka \u2013 tyrkysov\u00e9 jazierko v b\u00fdvalom lome. Popul\u00e1rny je poh\u013ead na travert\u00ednov\u00fa stenu, na ktorej akoby bola zn\u00e1zornen\u00e1 ve\u013eryba. Ide vraj o odtla\u010dok prad\u00e1vneho tvora. Alebo len o hru farieb vo vrstv\u00e1ch horniny? To u\u017e nech\u00e1vame na va\u0161e pos\u00fadenie. Jazierko pri Be\u0148atine je \u010doraz viac nav\u0161tevovan\u00e9, ur\u010dite by teda nemalo ch\u00fdba\u0165 ani vo va\u0161ej turistickej zbierke. Jeho okolie ste mohli vidie\u0165 aj v exteri\u00e9rov\u00fdch z\u00e1beroch vo filme \u010ciara. Odvtedy tam pribudli l\u00e1vky a v najbli\u017e\u0161ej sez\u00f3ne sa tam pl\u00e1nuje in\u0161tal\u00e1cia adrenal\u00ednov\u00e9ho zipline.\",\"_text\":\"field_60c66a6067e54\"},\"mode\":\"preview\"} \/-->\n\n<!-- wp:acf\/common-image-right-section {\"name\":\"acf\/common-image-right-section\",\"data\":{\"image\":7501,\"_image\":\"field_60c66ddbbdafe\"},\"mode\":\"preview\"} \/-->\n\n<!-- wp:acf\/theme-ambassador-section {\"name\":\"acf\/theme-ambassador-section\",\"mode\":\"preview\"} \/-->"},"excerpt":{"rendered":"","protected":false,"raw":""},"author":10,"featured_media":8253,"menu_order":0,"template":"","format":"standard","meta":{"_acf_changed":false,"_sk_post_content":"<!-- wp:acf\/common-text-left-section {\"name\":\"acf\/common-text-left-section\",\"data\":{\"text\":\"\\u003cstrong data-rich-text-format-boundary=\\u0022true\\u0022\\u003eAj V\u00fdchodn\u00e9 Slovensko m\u00e1 svoj v\u00fdchod. Pribli\u017ene 100 km cestami prvej a druhej triedy. Nen\u00e1jdete tam honosn\u00e9 hotelov\u00e9 satelity na \u00fap\u00e4t\u00ed Vihorlatsk\u00e9ho pohoria v tesnej bl\u00edzkosti bukov\u00e9ho pralesu Karp\u00e1t (UNESCO), preto\u017ee je to miesto, kde n\u00e1v\u0161tevn\u00edk prich\u00e1dza nie len do turistickej destin\u00e1cie, ale hlavne na n\u00e1v\u0161tevu k\u00a0\u013eu\u010fom.\\u003c\/strong\\u003e\",\"_text\":\"field_60c66a6067e54\"},\"mode\":\"preview\"} \/-->\n\n<!-- wp:acf\/common-text-right-section {\"name\":\"acf\/common-text-right-section\",\"data\":{\"text\":\"Cestovn\u00fd ruch tu e\u0161te nestihol vtla\u010di\u0165 pe\u010da\u0165 masovosti. Ale je tu \u00fastretovos\u0165, priamos\u0165, pohostinnos\u0165 a vesel\u00fd temperament miestnych. Bez ko\u0161tovky dom\u00e1cej a piatej kapurkovej v\u00e1s z dvora nepustia. Objavte tento nedotknut\u00fd, recenziami nepo\u010dm\u00e1ran\u00fd, \u00fa\u017easn\u00fd kraj sveta. Dzivosc (divokos\u0165) jeho pr\u00edrody, \u201c\u0161a\u013eenu\u201c n\u00e1turu (temperamentn\u00fa povahu), pretrv\u00e1vaj\u00face trad\u00edcie, siln\u00e9 historick\u00e9 pr\u00edbehy, jemn\u00fa mystiku a tradi\u010dn\u00fa zempl\u00ednsku kuchy\u0148u.\",\"_text\":\"field_60c66a6067e54\"},\"mode\":\"preview\"} \/-->\n\n<!-- wp:acf\/common-image-right-section {\"name\":\"acf\/common-image-right-section\",\"data\":{\"image\":7502,\"_image\":\"field_60c66ddbbdafe\"},\"mode\":\"preview\"} \/-->\n\n<!-- wp:acf\/common-image-left-section {\"name\":\"acf\/common-image-left-section\",\"data\":{\"image\":7503,\"_image\":\"field_60c66ddbbdafe\"},\"mode\":\"preview\"} \/-->\n\n<!-- wp:acf\/common-text-right-section {\"name\":\"acf\/common-text-right-section\",\"data\":{\"text\":\"\\u003cstrong\\u003eVihorlatsk\u00fd prales\\u003c\/strong\\u003e\\r\\n\\r\\n\u00dazemie vo Vihorlatsk\u00fdch vrchoch, ktor\u00e9 je spolu s \u010fal\u0161\u00edmi troma pralesmi na v\u00fdchodnom Slovensku, s \u010fal\u0161\u00edmi \u0161iestimi na Ukrajine a piatimi star\u00fdmi lesmi v\u00a0Nemecku s\u00fa\u010das\u0165ou jedin\u00e9ho z\u00e1pisu na Zozname svetov\u00e9ho kult\u00farneho a pr\u00edrodn\u00e9ho dedi\u010dstva UNESCO - Karpatsk\u00e9 bukov\u00e9 pralesy a star\u00e9 bukov\u00e9 lesy Nemecka. Pripravte si teda turistick\u00e9 top\u00e1nky a kone\u010dne vyrazte! Bu\u010fte bez ob\u00e1v, ne\u010dak\u00e1 v\u00e1s \u017eiadna \u00famorn\u00e1 t\u00fara do vy\u010derpania. Va\u0161\u00edm cie\u013eom je len vstupn\u00e1 br\u00e1na do pralesa - Morsk\u00e9 oko - tretie najv\u00e4\u010d\u0161ie pr\u00edrodn\u00e9 jazero na Slovensku. A to v spolo\u010dnosti\u00a0 super sprievodcu, ktor\u00fd na va\u0161e ot\u00e1zky zodpovie r\u00fdchlej\u0161ie a presnej\u0161ie ako Google. Nav\u0161t\u00edvte jeden zo slovensk\u00fdch pralesov, objavte silu viac ako 240 bukov, spoznajte les v jeho najprirodzenej\u0161ej nedotknutej podobe. Prales ob\u00fdvaj\u00fa aj pozoruhodn\u00e9 \u017eivo\u010d\u00edchy \u2013 salamandra \u0161kvrnit\u00e1, f\u00faza\u010d alpsk\u00fd i slizniak karpatsk\u00fd. Ak by sa v\u00e1m m\u00e1lilo, m\u00f4\u017eete sa tam vr\u00e1ti\u0165 a vy\u0161liapnu\u0165 si na vyhliadkov\u00fd Sninsk\u00fd kame\u0148. Alebo zdola\u0165 samotn\u00fd vrch Vihorlat.\",\"_text\":\"field_60c66a6067e54\"},\"mode\":\"preview\"} \/-->\n\n<!-- wp:acf\/common-image-right-section {\"name\":\"acf\/common-image-right-section\",\"data\":{\"image\":8252,\"_image\":\"field_60c66ddbbdafe\"},\"mode\":\"preview\"} \/-->\n\n<!-- wp:acf\/common-text-left-section {\"name\":\"acf\/common-text-left-section\",\"data\":{\"text\":\"\\u003cstrong\\u003eDreven\u00fd kostol\u00edk v Ruskej Bystrej \\u003c\/strong\\u003e\\r\\n\\r\\nV n\u00e1dhernom prostred\u00ed lesov, v obci Rusk\u00e1 Bystr\u00e1, sa nach\u00e1dza najv\u00fdchodnej\u0161\u00ed z\u00e1stupca spomedzi v\u0161etk\u00fdch slovensk\u00fdch dreven\u00fdch kostol\u00edkov zap\u00edsan\u00fdch k UNESCO pamiatkam - Gr\u00e9ckokatol\u00edcky Chr\u00e1m Prenesenia ostatkov sv. Mikul\u00e1\u0161a. Kostol bol postaven\u00fd v roku 1730. T\u00fd\u010di sa na vyv\u00fd\u0161enine uprostred obce a farebne vynik\u00e1 na zelenom pozad\u00ed okolit\u00fdch mohutn\u00fdch stromov. Interi\u00e9ru dominuje p\u00e4\u0165radov\u00fd barokov\u00fd ikonostas. Ikonostas je srdcom ka\u017ed\u00e9ho chr\u00e1mu v\u00fdchodn\u00e9ho obradu a tvor\u00ed architektonicko-sakr\u00e1lny predel medzi sv\u00e4ty\u0148ou (priestorom pre Boha) a lo\u010fou (priestorom pre veriacich). O\u010dar\u00ed v\u00e1s vz\u00e1cny ikonostas, ktor\u00fd presahuje netradi\u010dne aj na bo\u010dn\u00e9 steny a strop chr\u00e1mu. Vo sv\u00e4tyni sa nach\u00e1dza vz\u00e1cna ikona Ukri\u017eovania.\",\"_text\":\"field_60c66a6067e54\"},\"mode\":\"preview\"} \/-->\n\n<!-- wp:acf\/common-image-left-section {\"name\":\"acf\/common-image-left-section\",\"data\":{\"image\":7500,\"_image\":\"field_60c66ddbbdafe\"},\"mode\":\"preview\"} \/-->\n\n<!-- wp:acf\/common-text-right-section {\"name\":\"acf\/common-text-right-section\",\"data\":{\"text\":\"\\u003cstrong\\u003eBe\u0148atinsk\u00e9 jazero\\u003c\/strong\\u003e\\r\\n\\r\\nPripom\u00edna svojou farbou sl\u00e1vne Plitvick\u00e9 jazer\u00e1. V obci Be\u0148atina v\u00a0okrese Sobrance je ukryt\u00e1 n\u00e1dhern\u00e1 pr\u00edrodn\u00e1 pamiatka \u2013 tyrkysov\u00e9 jazierko v b\u00fdvalom lome. Popul\u00e1rny je poh\u013ead na travert\u00ednov\u00fa stenu, na ktorej akoby bola zn\u00e1zornen\u00e1 ve\u013eryba. Ide vraj o odtla\u010dok prad\u00e1vneho tvora. Alebo len o hru farieb vo vrstv\u00e1ch horniny? To u\u017e nech\u00e1vame na va\u0161e pos\u00fadenie. Jazierko pri Be\u0148atine je \u010doraz viac nav\u0161tevovan\u00e9, ur\u010dite by teda nemalo ch\u00fdba\u0165 ani vo va\u0161ej turistickej zbierke. Jeho okolie ste mohli vidie\u0165 aj v exteri\u00e9rov\u00fdch z\u00e1beroch vo filme \u010ciara. Odvtedy tam pribudli l\u00e1vky a v najbli\u017e\u0161ej sez\u00f3ne sa tam pl\u00e1nuje in\u0161tal\u00e1cia adrenal\u00ednov\u00e9ho zipline.\",\"_text\":\"field_60c66a6067e54\"},\"mode\":\"preview\"} \/-->\n\n<!-- wp:acf\/common-image-right-section {\"name\":\"acf\/common-image-right-section\",\"data\":{\"image\":7501,\"_image\":\"field_60c66ddbbdafe\"},\"mode\":\"preview\"} \/-->\n\n<!-- wp:acf\/theme-ambassador-section {\"name\":\"acf\/theme-ambassador-section\",\"mode\":\"preview\"} \/-->","_sk_post_name":"neskroteny-vychod","_sk_post_excerpt":"","_sk_post_title":"Neskroten\u00fd v\u00fdchod","_en_post_content":"<!-- wp:acf\/common-text-left-section {\"id\":\"block_6298b72529128\",\"name\":\"acf\/common-text-left-section\",\"data\":{\"field_60c66a6067e54\":\"\\u003cb\\u003eEven eastern Slovakia has its east. About 100 km on the first- and second-class roads. You will not find the magnificent hotel satellites at the foot of the Vihorlat Mountains in the immediate vicinity of the Beech Carpathian Prime Forest (UNESCO), because it is a place where the visitor comes not only to a tourist destination, but mainly to visit people.\\u003c\/b\\u003e\"},\"align\":\"\",\"mode\":\"preview\"} \/-->\n\n<!-- wp:acf\/common-text-right-section {\"id\":\"block_6298b74429129\",\"name\":\"acf\/common-text-right-section\",\"data\":{\"field_60c66a6067e54\":\"\\u003cspan style=\\u0022font-weight: 400;\\u0022\\u003eTourism has not yet managed to put the seal of mass here. But there is the friendliness, directness, hospitality, and cheerful temperament of the locals. They will not let you out of the yard without the home-made and fifth final drink. Discover this pristine, unadulterated, amazing region of the world. Dzivosc (wildness) of its nature, \\u0022crazy\\u0022 nature (temperamental nature), enduring traditions, strong historical stories, fine mysticism and traditional Zempl\u00edn cuisine.\\u003c\/span\\u003e\"},\"align\":\"\",\"mode\":\"preview\"} \/-->\n\n<!-- wp:acf\/common-image-right-section {\"id\":\"block_6298b7042911f\",\"name\":\"acf\/common-image-right-section\",\"data\":{\"image\":7502,\"_image\":\"field_60c66ddbbdafe\"},\"align\":\"\",\"mode\":\"preview\"} \/-->\n\n<!-- wp:acf\/common-image-left-section {\"id\":\"block_6298b70429120\",\"name\":\"acf\/common-image-left-section\",\"data\":{\"image\":7503,\"_image\":\"field_60c66ddbbdafe\"},\"align\":\"\",\"mode\":\"preview\"} \/-->\n\n<!-- wp:acf\/common-text-right-section {\"id\":\"block_6298b7532912a\",\"name\":\"acf\/common-text-right-section\",\"data\":{\"field_60c66a6067e54\":\"\\u003cstrong\\u003eVihorlat Prime Forest\\u003c\/strong\\u003e\\r\\n\\r\\n\\u003cspan style=\\u0022font-weight: 400;\\u0022\\u003eThe area in the Vihorlatsk\u00e9 Vrchy mountains, which together with three other forests in eastern Slovakia, six other in Ukraine and five old forests in Germany is part of the only inscription on the UNESCO World Cultural and Natural Heritage List - Carpathian Beech Forests and Old Beech Forests of Germany. So get your hiking boots ready and you're off! Don't worry, no weary hike awaits you until exhausted. Your only goal is the entrance gate to the forest - the Morsk\u00e9 Oko sea eye - the third largest natural lake in Slovakia. And a great guide in the company that will answer your questions faster and more accurately than Google. Visit one of the Slovak prime forests, discover the power of more than 240 beeches, get to know the forest in its most natural untouched form. The forest is also inhabited by remarkable animals - spotted salamander, alpine beard and Carpathian gasteropod. If you don't like it, you can go back there and step on the Sninsk\u00fd Kame\u0148 stone lookout tower. Or conquer the hill Vihorlat itself.\\u003c\/span\\u003e\"},\"align\":\"\",\"mode\":\"preview\"} \/-->\n\n<!-- wp:acf\/common-image-right-section {\"id\":\"block_6298b70429122\",\"name\":\"acf\/common-image-right-section\",\"data\":{\"image\":8252,\"_image\":\"field_60c66ddbbdafe\"},\"align\":\"\",\"mode\":\"preview\"} \/-->\n\n<!-- wp:acf\/common-text-left-section {\"id\":\"block_6298b7722912b\",\"name\":\"acf\/common-text-left-section\",\"data\":{\"field_60c66a6067e54\":\"\\u003cstrong\\u003eWooden church in Rusk\u00e1 Bystr\u00e1\\u003c\/strong\\u003e\\r\\n\\r\\n\\u003cspan style=\\u0022font-weight: 400;\\u0022\\u003eIn the beautiful environment of forests, in the village of Rusk\u00e1 Bystr\u00e1, there is the easternmost representative of all Slovak wooden churches registered for UNESCO monuments - the Greek Catholic Church of the Transfer of St. Nicholas Remains. The church was built in 1730. It stands on a hill in the middle of the village and stands out in colour against the green background of the surrounding massive trees. The interior is dominated by a five-row baroque iconostasis. The iconostasis is the heart of every temple of the Eastern Rite and forms the architectural-sacral divide between the shrine (space for God) and the nave (space for believers). You will be enchanted by the rare iconostasis, which extends untraditionally to the side walls and ceiling of the temple. There is a rare Crucifixion icon in the sanctuary.\\u003c\/span\\u003e\"},\"align\":\"\",\"mode\":\"preview\"} \/-->\n\n<!-- wp:acf\/common-image-left-section {\"id\":\"block_6298b70429124\",\"name\":\"acf\/common-image-left-section\",\"data\":{\"image\":7500,\"_image\":\"field_60c66ddbbdafe\"},\"align\":\"\",\"mode\":\"preview\"} \/-->\n\n<!-- wp:acf\/common-text-right-section {\"id\":\"block_6298b7872912c\",\"name\":\"acf\/common-text-right-section\",\"data\":{\"field_60c66a6067e54\":\"\\u003cstrong\\u003eBe\u0148atinsk\u00e9 Jazero Lake\\u003c\/strong\\u003e\\r\\n\\r\\n\\u003cspan style=\\u0022font-weight: 400;\\u0022\\u003eIts colour is reminiscent of the famous Plitvice Lakes. In the village Be\u0148atina in the district of Sobrance, a beautiful natural monument - a turquoise lake in a former quarry is hidden. The view of the travertine wall, on which a whale appears, is popular. It is said to be an imprint of an ancient creature. Or is it just about the play of colours in the layers of rock? We leave that to your discretion. The lake near Be\u0148atina is ever more visited, so it should definitely not be missing in your tourist collection either. You could also see its surroundings in exterior shots in the film \u010ciara (Line). Since then, footbridges have been added and the installation of an adrenaline zipline is planned for the next season.\\u003c\/span\\u003e\"},\"align\":\"\",\"mode\":\"preview\"} \/-->\n\n<!-- wp:acf\/common-image-right-section {\"id\":\"block_6298b70429126\",\"name\":\"acf\/common-image-right-section\",\"data\":{\"image\":7501,\"_image\":\"field_60c66ddbbdafe\"},\"align\":\"\",\"mode\":\"preview\"} \/-->\n\n<!-- wp:acf\/theme-ambassador-section {\"id\":\"block_6298b70429127\",\"name\":\"acf\/theme-ambassador-section\",\"data\":{},\"align\":\"\",\"mode\":\"preview\"} \/-->","_en_post_name":"","_en_post_excerpt":"","_en_post_title":"The East Untamed ","_hu_post_content":"","_hu_post_name":"","_hu_post_excerpt":"","_hu_post_title":"","_es_post_content":"","_es_post_name":"","_es_post_excerpt":"","_es_post_title":"","_de_post_content":"<!-- wp:acf\/common-text-left-section {\"id\":\"block_63628abded4f2\",\"name\":\"acf\/common-text-left-section\",\"data\":{\"field_60c66a6067e54\":\"\\u003cstrong\\u003eAuch die Ostslowakei hat ihren Osten. Ca. 100 km entlang von Stra\u00dfen erster und zweiter Klasse. Am Fu\u00dfe des Vihorlat-Gebirges in unmittelbarer N\u00e4he zum Buchenurwald der Karpaten (UNESCO) findest du keine prachtvollen Hotel-Satelliten, denn es handelt sich um einen Ort, wo der Besucher nicht nur ein touristisches Reiseziel besucht, sondern haupts\u00e4chlich auch Menschen.\\u003c\/strong\\u003e\"},\"align\":\"\",\"mode\":\"preview\"} \/-->\n\n<!-- wp:acf\/common-text-right-section {\"id\":\"block_6351119d6c60e\",\"name\":\"acf\/common-text-right-section\",\"data\":{\"field_60c66a6067e54\":\"\\u003cspan data-sheets-value=\\u0022{\\u0026quot;1\\u0026quot;:2,\\u0026quot;2\\u0026quot;:\\u0026quot;Dem Massentourismus ist es noch nicht gelungen, hier sein Siegel zu setzen. Daf\u00fcr findet man hier Hilfsbereitschaft, Direktheit, Gastfreundlichkeit und das fr\u00f6hliche Temperament der Einheimischen. Ohne den hausgemachten Schnaps zu probieren und ohne das f\u00fcnfte \u00b4letzte\u00b4 Schnapsgl\u00e4schen (slow. kapurkov\u00e1) l\u00e4sst man dich hier nicht aus dem Hof gehen. Entdecke diesen unber\u00fchrten, nicht mit Rezensionen bekritzelten, erstaunlichen Teil der Welt - die Wildheit (ostslow. dzivosc) seiner Natur, sein temperamentvolles Wesen (ostslow. \u0161a\u013eena n\u00e1tura), dauerhafte Traditionen, starke historische Geschichten, subtile Mystik und traditionelle Sempliner K\u00fcche.\\u0026quot;}\\u0022 data-sheets-userformat=\\u0022{\\u0026quot;2\\u0026quot;:12737,\\u0026quot;3\\u0026quot;:{\\u0026quot;1\\u0026quot;:0,\\u0026quot;3\\u0026quot;:1},\\u0026quot;9\\u0026quot;:0,\\u0026quot;10\\u0026quot;:1,\\u0026quot;11\\u0026quot;:4,\\u0026quot;15\\u0026quot;:\\u0026quot;Calibri\\u0026quot;,\\u0026quot;16\\u0026quot;:11}\\u0022 data-sheets-textstyleruns=\\u0022{\\u0026quot;1\\u0026quot;:0}\uee10{\\u0026quot;1\\u0026quot;:287,\\u0026quot;2\\u0026quot;:{\\u0026quot;3\\u0026quot;:\\u0026quot;Calibri\\u0026quot;,\\u0026quot;4\\u0026quot;:11,\\u0026quot;6\\u0026quot;:1}}\uee10{\\u0026quot;1\\u0026quot;:302,\\u0026quot;2\\u0026quot;:{\\u0026quot;3\\u0026quot;:\\u0026quot;Calibri\\u0026quot;,\\u0026quot;4\\u0026quot;:11}}\uee10{\\u0026quot;1\\u0026quot;:458,\\u0026quot;2\\u0026quot;:{\\u0026quot;3\\u0026quot;:\\u0026quot;Calibri\\u0026quot;,\\u0026quot;4\\u0026quot;:11,\\u0026quot;6\\u0026quot;:1}}\uee10{\\u0026quot;1\\u0026quot;:474,\\u0026quot;2\\u0026quot;:{\\u0026quot;3\\u0026quot;:\\u0026quot;Calibri\\u0026quot;,\\u0026quot;4\\u0026quot;:11}}\uee10{\\u0026quot;1\\u0026quot;:520,\\u0026quot;2\\u0026quot;:{\\u0026quot;3\\u0026quot;:\\u0026quot;Calibri\\u0026quot;,\\u0026quot;4\\u0026quot;:11,\\u0026quot;6\\u0026quot;:1}}\uee10{\\u0026quot;1\\u0026quot;:542,\\u0026quot;2\\u0026quot;:{\\u0026quot;3\\u0026quot;:\\u0026quot;Calibri\\u0026quot;,\\u0026quot;4\\u0026quot;:11}}\\u0022\\u003eDem Massentourismus ist es noch nicht gelungen, hier sein Siegel zu setzen. Daf\u00fcr findet man hier Hilfsbereitschaft, Direktheit, Gastfreundlichkeit und das fr\u00f6hliche Temperament der Einheimischen. Ohne den hausgemachten Schnaps zu probieren und ohne das f\u00fcnfte \u00b4letzte\u00b4 Schnapsgl\u00e4schen (slow. kapurkov\u00e1) l\u00e4sst man dich hier nicht aus dem Hof gehen. Entdecke diesen unber\u00fchrten, nicht mit Rezensionen bekritzelten, erstaunlichen Teil der Welt - die Wildheit (ostslow. dzivosc) seiner Natur, sein temperamentvolles Wesen (ostslow. \u0161a\u013eena n\u00e1tura), dauerhafte Traditionen, starke historische Geschichten, subtile Mystik und traditionelle Sempliner K\u00fcche.\\u003c\/span\\u003e\"},\"align\":\"\",\"mode\":\"preview\"} \/-->\n\n<!-- wp:acf\/common-image-right-section {\"id\":\"block_6351119d6c60f\",\"name\":\"acf\/common-image-right-section\",\"data\":{\"image\":7502,\"_image\":\"field_60c66ddbbdafe\"},\"align\":\"\",\"mode\":\"preview\"} \/-->\n\n<!-- wp:acf\/common-image-left-section {\"id\":\"block_6351119d6c610\",\"name\":\"acf\/common-image-left-section\",\"data\":{\"image\":7503,\"_image\":\"field_60c66ddbbdafe\"},\"align\":\"\",\"mode\":\"preview\"} \/-->\n\n<!-- wp:acf\/common-text-right-section {\"id\":\"block_6351119d6c611\",\"name\":\"acf\/common-text-right-section\",\"data\":{\"field_60c66a6067e54\":\"\\u003cstrong\\u003eVihorlat-Urwald\\u003c\/strong\\u003e\\r\\n\\r\\n\\u003cspan data-sheets-value=\\u0022{\\u0026quot;1\\u0026quot;:2,\\u0026quot;2\\u0026quot;:\\u0026quot;Ein Gebiet im Vihorlat-Gebirge, das zusammen mit drei anderen Urw\u00e4ldern in der Ostslowakei, weiteren sechs in der Ukraine und f\u00fcnf alten W\u00e4ldern in Deutschland Teil einer gemeinsamen Eintragung auf der UNESCO-Liste des Weltkultur- und Naturerbes ist \u2013 Buchenurw\u00e4lder der Karpaten und alte Buchenw\u00e4lder Deutschlands. Bereite also deine Wanderschuhe vor und mach dich endlich auf den Weg! Keine Sorge, dich erwartet keine anstrengende Wanderung bis zur v\u00f6lligen Ersch\u00f6pfung. Dein Ziel ist lediglich das Tor zum Urwald - Morsk\u00e9 oko - der drittgr\u00f6\u00dfte nat\u00fcrliche See in der Slowakei. Und zwar in Begleitung eines tollen Wanderf\u00fchrers, der deine Fragen schneller und genauer beantwortet als Google. Besuch einen der slowakischen Urw\u00e4lder, entdecke die Kraft der mehr als 240 Jahre alten Buchen, lerne den Wald in seiner nat\u00fcrlichsten, unber\u00fchrten Form kennen. Der Urwald wird auch von bemerkenswerten Tieren bewohnt \u2013 dem Feuersalamander, Alpenbock oder Blauschnegel. Wenn du Lust auf mehr bekommst, kehre sp\u00e4ter wieder dorthin zur\u00fcck und steige auf den Aussichtsberg Sninsk\u00fd kame\u0148. Oder erklimm den Berg Vihorlat.\\u0026quot;}\\u0022 data-sheets-userformat=\\u0022{\\u0026quot;2\\u0026quot;:12737,\\u0026quot;3\\u0026quot;:{\\u0026quot;1\\u0026quot;:0,\\u0026quot;3\\u0026quot;:1},\\u0026quot;9\\u0026quot;:0,\\u0026quot;10\\u0026quot;:1,\\u0026quot;11\\u0026quot;:4,\\u0026quot;15\\u0026quot;:\\u0026quot;Calibri\\u0026quot;,\\u0026quot;16\\u0026quot;:11}\\u0022\\u003eEin Gebiet im Vihorlat-Gebirge, das zusammen mit drei anderen Urw\u00e4ldern in der Ostslowakei, weiteren sechs in der Ukraine und f\u00fcnf alten W\u00e4ldern in Deutschland Teil einer gemeinsamen Eintragung auf der UNESCO-Liste des Weltkultur- und Naturerbes ist \u2013 Buchenurw\u00e4lder der Karpaten und alte Buchenw\u00e4lder Deutschlands. Bereite also deine Wanderschuhe vor und mach dich endlich auf den Weg! Keine Sorge, dich erwartet keine anstrengende Wanderung bis zur v\u00f6lligen Ersch\u00f6pfung. Dein Ziel ist lediglich das Tor zum Urwald - Morsk\u00e9 oko - der drittgr\u00f6\u00dfte nat\u00fcrliche See in der Slowakei. Und zwar in Begleitung eines tollen Wanderf\u00fchrers, der deine Fragen schneller und genauer beantwortet als Google. Besuch einen der slowakischen Urw\u00e4lder, entdecke die Kraft der mehr als 240 Jahre alten Buchen, lerne den Wald in seiner nat\u00fcrlichsten, unber\u00fchrten Form kennen. Der Urwald wird auch von bemerkenswerten Tieren bewohnt \u2013 dem Feuersalamander, Alpenbock oder Blauschnegel. Wenn du Lust auf mehr bekommst, kehre sp\u00e4ter wieder dorthin zur\u00fcck und steige auf den Aussichtsberg Sninsk\u00fd kame\u0148. Oder erklimm den Berg Vihorlat.\\u003c\/span\\u003e\"},\"align\":\"\",\"mode\":\"preview\"} \/-->\n\n<!-- wp:acf\/common-image-right-section {\"id\":\"block_6351119d6c612\",\"name\":\"acf\/common-image-right-section\",\"data\":{\"image\":8252,\"_image\":\"field_60c66ddbbdafe\"},\"align\":\"\",\"mode\":\"preview\"} \/-->\n\n<!-- wp:acf\/common-text-left-section {\"id\":\"block_6351119d6c613\",\"name\":\"acf\/common-text-left-section\",\"data\":{\"field_60c66a6067e54\":\"\\u003cstrong\\u003eHolzkirche in Rusk\u00e1 Bystr\u00e1\\u003c\/strong\\u003e\\r\\n\\r\\n\\u003cspan data-sheets-value=\\u0022{\\u0026quot;1\\u0026quot;:2,\\u0026quot;2\\u0026quot;:\\u0026quot;In einer wundersch\u00f6nen Waldumgebung, in der Gemeinde Rusk\u00e1 Bystr\u00e1, befindet sich die \u00f6stlichste Vertreterin aller slowakischen Holzkirchen, die als UNESCO-Denkm\u00e4ler gef\u00fchrt werden - die griechisch-katholische Kirche der \u00dcberf\u00fchrung der Reliquien des Hl. Nikolaus. Die Kirche wurde 1730 erbaut. Sie steht auf einem H\u00fcgel inmitten der Gemeinde und hebt sich farblich von dem gr\u00fcnen Hintergrund der umgebenden m\u00e4chtigen B\u00e4ume ab. Den Innenraum dominiert eine f\u00fcnfreihige barocke Ikonostase. Die Ikonostase ist das Herzst\u00fcck einer jeden Kirche des \u00f6stlichen Ritus und bildet eine architektonisch-sakrale Trennung zwischen dem Heiligtum (Raum f\u00fcr Gott) und dem Kirchenschiff (Raum f\u00fcr die Gl\u00e4ubigen). Lass dich von dieser seltenen Ikonostase verzaubern, die sich hier unkonventionell bis an die Seitenw\u00e4nde und die Decke der Kirche erstreckt. Im Heiligtum befindet sich eine seltene Ikone der Kreuzigung.\\u0026quot;}\\u0022 data-sheets-userformat=\\u0022{\\u0026quot;2\\u0026quot;:12737,\\u0026quot;3\\u0026quot;:{\\u0026quot;1\\u0026quot;:0,\\u0026quot;3\\u0026quot;:1},\\u0026quot;9\\u0026quot;:0,\\u0026quot;10\\u0026quot;:1,\\u0026quot;11\\u0026quot;:4,\\u0026quot;15\\u0026quot;:\\u0026quot;Calibri\\u0026quot;,\\u0026quot;16\\u0026quot;:11}\\u0022\\u003eIn einer wundersch\u00f6nen Waldumgebung, in der Gemeinde Rusk\u00e1 Bystr\u00e1, befindet sich die \u00f6stlichste Vertreterin aller slowakischen Holzkirchen, die als UNESCO-Denkm\u00e4ler gef\u00fchrt werden - die griechisch-katholische Kirche der \u00dcberf\u00fchrung der Reliquien des Hl. Nikolaus. Die Kirche wurde 1730 erbaut. Sie steht auf einem H\u00fcgel inmitten der Gemeinde und hebt sich farblich von dem gr\u00fcnen Hintergrund der umgebenden m\u00e4chtigen B\u00e4ume ab. Den Innenraum dominiert eine f\u00fcnfreihige barocke Ikonostase. Die Ikonostase ist das Herzst\u00fcck einer jeden Kirche des \u00f6stlichen Ritus und bildet eine architektonisch-sakrale Trennung zwischen dem Heiligtum (Raum f\u00fcr Gott) und dem Kirchenschiff (Raum f\u00fcr die Gl\u00e4ubigen). Lass dich von dieser seltenen Ikonostase verzaubern, die sich hier unkonventionell bis an die Seitenw\u00e4nde und die Decke der Kirche erstreckt. Im Heiligtum befindet sich eine seltene Ikone der Kreuzigung.\\u003c\/span\\u003e\"},\"align\":\"\",\"mode\":\"preview\"} \/-->\n\n<!-- wp:acf\/common-image-left-section {\"id\":\"block_6351119d6c614\",\"name\":\"acf\/common-image-left-section\",\"data\":{\"image\":7500,\"_image\":\"field_60c66ddbbdafe\"},\"align\":\"\",\"mode\":\"preview\"} \/-->\n\n<!-- wp:acf\/common-text-right-section {\"id\":\"block_6351119d6c615\",\"name\":\"acf\/common-text-right-section\",\"data\":{\"field_60c66a6067e54\":\"\\u003cstrong\\u003eSee von Be\u0148atina\\u003c\/strong\\u003e\\r\\n\\r\\n\\u003cspan data-sheets-value=\\u0022{\\u0026quot;1\\u0026quot;:2,\\u0026quot;2\\u0026quot;:\\u0026quot;Mit seiner Farbe erinnert der See an die ber\u00fchmten Plitvicer Seen. In der Gemeinde Be\u0148atina im Bezirk Sobrance verbirgt sich ein wundersch\u00f6nes Naturdenkmal \u2013 ein t\u00fcrkisfarbener See in einem ehemaligen Steinbruch. Beliebt ist der Blick auf eine Travertinwand, auf der ein Wal abgebildet zu sein scheint. Es soll der Abdruck einer uralten Kreatur sein. Oder nur ein Farbspiel in den Gesteinsschichten? Das \u00fcberlassen wir dir. Der See von Be\u0148atina wird von Besuchern immer h\u00e4ufiger aufgesucht, daher sollte er auch in deiner Reisesammlung auf keinen Fall fehlen. Seine Umgebung war auch in den Au\u00dfenaufnahmen des Films \u010ciara (dt. Linie) zu sehen. Seither wurden dort Stege errichtet, und f\u00fcr die n\u00e4chste Saison ist die Installation einer Adrenalin-Seilrutsche in Planung.\\u0026quot;}\\u0022 data-sheets-userformat=\\u0022{\\u0026quot;2\\u0026quot;:12737,\\u0026quot;3\\u0026quot;:{\\u0026quot;1\\u0026quot;:0,\\u0026quot;3\\u0026quot;:1},\\u0026quot;9\\u0026quot;:0,\\u0026quot;10\\u0026quot;:1,\\u0026quot;11\\u0026quot;:4,\\u0026quot;15\\u0026quot;:\\u0026quot;Calibri\\u0026quot;,\\u0026quot;16\\u0026quot;:11}\\u0022 data-sheets-textstyleruns=\\u0022{\\u0026quot;1\\u0026quot;:0}\uee10{\\u0026quot;1\\u0026quot;:623,\\u0026quot;2\\u0026quot;:{\\u0026quot;3\\u0026quot;:\\u0026quot;Calibri\\u0026quot;,\\u0026quot;4\\u0026quot;:11,\\u0026quot;6\\u0026quot;:1}}\uee10{\\u0026quot;1\\u0026quot;:632,\\u0026quot;2\\u0026quot;:{\\u0026quot;3\\u0026quot;:\\u0026quot;Calibri\\u0026quot;,\\u0026quot;4\\u0026quot;:11}}\\u0022\\u003eMit seiner Farbe erinnert der See an die ber\u00fchmten Plitvicer Seen. In der Gemeinde Be\u0148atina im Bezirk Sobrance verbirgt sich ein wundersch\u00f6nes Naturdenkmal \u2013 ein t\u00fcrkisfarbener See in einem ehemaligen Steinbruch. Beliebt ist der Blick auf eine Travertinwand, auf der ein Wal abgebildet zu sein scheint. Es soll der Abdruck einer uralten Kreatur sein. Oder nur ein Farbspiel in den Gesteinsschichten? Das \u00fcberlassen wir dir. Der See von Be\u0148atina wird von Besuchern immer h\u00e4ufiger aufgesucht, daher sollte er auch in deiner Reisesammlung auf keinen Fall fehlen. Seine Umgebung war auch in den Au\u00dfenaufnahmen des Films \u010ciara (dt. Linie) zu sehen. Seither wurden dort Stege errichtet, und f\u00fcr die n\u00e4chste Saison ist die Installation einer Adrenalin-Seilrutsche in Planung.\\u003c\/span\\u003e\"},\"align\":\"\",\"mode\":\"preview\"} \/-->\n\n<!-- wp:acf\/common-image-right-section {\"id\":\"block_6351119d6c616\",\"name\":\"acf\/common-image-right-section\",\"data\":{\"image\":7501,\"_image\":\"field_60c66ddbbdafe\"},\"align\":\"\",\"mode\":\"preview\"} \/-->\n\n<!-- wp:acf\/theme-ambassador-section {\"id\":\"block_6351119d6c617\",\"name\":\"acf\/theme-ambassador-section\",\"data\":{},\"align\":\"\",\"mode\":\"preview\"} \/-->","_de_post_name":"","_de_post_excerpt":"","_de_post_title":"Ungez\u00e4hmter Osten","_pl_post_content":"<!-- wp:acf\/common-text-left-section {\"name\":\"acf\/common-text-left-section\",\"data\":{\"field_60c66a6067e54\":\"\\u003cp style=\\u0022background: white; margin: 0cm 0cm 18.0pt 0cm;\\u0022\\u003e\\u003cstrong\\u003e\\u003cspan lang=\\u0022PL\\u0022 style=\\u0022font-family: 'Source Sans Pro',sans-serif; color: #3b3b3b;\\u0022\\u003eCzy wiedzia\u0142e\u015b, \u017ce wschodnia S\u0142owacja ma sw\u00f3j w\u0142asny Dziki Wsch\u00f3d? Jakie\u015b 100 km po drogach I i II klasy. U podn\u00f3\u017ca Wyhorlatu nie u\u015bwiadczysz co prawda luksusowych hoteli, ale nic nie szkodzi. Do puszczy karpackiej (wpisanej na list\u0119 UNESCO) nie przyje\u017cd\u017ca si\u0119 tylko po przygody, ale przede wszystkim dla ludzi.\\u003c\/span\\u003e\\u003c\/strong\\u003e\\u003c\/p\\u003e\"},\"mode\":\"preview\"} \/-->\n\n<!-- wp:acf\/common-text-right-section {\"name\":\"acf\/common-text-right-section\",\"data\":{\"field_60c66a6067e54\":\"\\u003cp style=\\u0022background: white; margin: 0cm 0cm 18.0pt 0cm;\\u0022\\u003e\\u003cspan lang=\\u0022PL\\u0022 style=\\u0022font-family: 'Source Sans Pro',sans-serif; color: #3b3b3b;\\u0022\\u003ePoniewa\u017c turystyka nie zd\u0105\u017cy\u0142a tu jeszcze rozwin\u0105\u0107 skrzyde\u0142, spotkasz na swojej drodze wielu otwartych, bezpo\u015brednich, go\u015bcinnych i pe\u0142nych temperamentu ludzi. Bez degustacji domowych napitk\u00f3w i pi\u0105tego \u201erozchodniaczka\u201d Ci\u0119 nie wypuszcz\u0105. Odkryj dziewiczy, wci\u0105\u017c ma\u0142o znany zak\u0105tek na Kra\u0144cu \u015awiata. To miejsce to nieokie\u0142znana natura, temperament, \u017cywe tradycje, interesuj\u0105ca historia, bogata duchowo\u015b\u0107 i kuchnia regionu Zemplin.\\u003c\/span\\u003e\\u003c\/p\\u003e\"},\"mode\":\"preview\"} \/-->\n\n<!-- wp:acf\/common-image-right-section {\"name\":\"acf\/common-image-right-section\",\"data\":{\"image\":7502,\"_image\":\"field_60c66ddbbdafe\"},\"mode\":\"preview\"} \/-->\n\n<!-- wp:acf\/common-image-left-section {\"name\":\"acf\/common-image-left-section\",\"data\":{\"image\":7503,\"_image\":\"field_60c66ddbbdafe\"},\"mode\":\"preview\"} \/-->\n\n<!-- wp:acf\/common-text-right-section {\"name\":\"acf\/common-text-right-section\",\"data\":{\"field_60c66a6067e54\":\"\\u003cp style=\\u0022background: white; margin: 0cm 0cm 18.0pt 0cm;\\u0022\\u003e\\u003cstrong\\u003e\\u003cspan lang=\\u0022PL\\u0022 style=\\u0022font-family: 'Source Sans Pro',sans-serif; color: #3b3b3b;\\u0022\\u003ePuszcza Wyhorlacka (Vihorlatsk\u00fd prales)\\u003c\/span\\u003e\\u003c\/strong\\u003e\\u003c\/p\\u003e\\r\\n\\u003cp style=\\u0022background: white; margin: 0cm 0cm 18.0pt 0cm;\\u0022\\u003e\\u003cspan lang=\\u0022PL\\u0022 style=\\u0022font-family: 'Source Sans Pro',sans-serif; color: #3b3b3b;\\u0022\\u003eDrzewa od niepami\u0119tnych czas\u00f3w porasta\u0142y g\u00f3ry Wyhorlatu. Niedawno jednak, wraz z trzema innymi puszczami we wschodniej S\u0142owacji, sze\u015bcioma puszczami w Ukrainie i pi\u0119cioma lasami w Niemczech, zosta\u0142y wpisane na List\u0119 \u015awiatowego Dziedzictwa Kulturowego i Przyrodniczego UNESCO jako pierwotne karpackie lasy bukowe i stare lasy bukowe w Niemczech. Szykuj buty i w drog\u0119! Bez obaw, nie czeka Ci\u0119 mozolna w\u0119dr\u00f3wka, po kt\u00f3rej b\u0119dziesz pada\u0142 z n\u00f3g. Twoim celem jest brama do puszczy, czyli s\u0142owackie Morskie Oko, trzecie pod wzgl\u0119dem wielko\u015bci naturalne jezioro S\u0142owacji. I to w towarzystwie przewodnika, kt\u00f3ry odpowie na wszystkie Twoje pytania szybciej i trafniej ni\u017c Google. Odwied\u017a jedn\u0105 ze s\u0142owackich puszczy, odkryj urok ponad 240 rosn\u0105cych w niej buk\u00f3w, podziwiaj las w jego najbardziej naturalnej postaci. Puszcz\u0119 zamieszkuj\u0105 niezwyk\u0142e zwierz\u0119ta, takie jak salamandra plamista, nadobnica alpejska i pomr\u00f3w b\u0142\u0119kitny. A je\u015bli to wci\u0105\u017c ma\u0142o, mo\u017cesz wr\u00f3ci\u0107 i wspi\u0105\u0107 si\u0119 na Kamie\u0144 Sni\u0144ski (Sninsk\u00fd kame\u0148), z kt\u00f3rego rozpo\u015bciera si\u0119 pi\u0119kna panorama. Albo zdoby\u0107 Vihorlat.\\u003c\/span\\u003e\\u003c\/p\\u003e\"},\"mode\":\"preview\"} \/-->\n\n<!-- wp:acf\/common-image-right-section {\"name\":\"acf\/common-image-right-section\",\"data\":{\"image\":8252,\"_image\":\"field_60c66ddbbdafe\"},\"mode\":\"preview\"} \/-->\n\n<!-- wp:acf\/common-text-left-section {\"name\":\"acf\/common-text-left-section\",\"data\":{\"field_60c66a6067e54\":\"\\u003cp style=\\u0022background: white; margin: 0cm 0cm 18.0pt 0cm;\\u0022\\u003e\\u003cstrong\\u003e\\u003cspan lang=\\u0022PL\\u0022 style=\\u0022font-family: 'Source Sans Pro',sans-serif; color: #3b3b3b;\\u0022\\u003eDrewniana cerkiew w Ruskiej Bystrej\\u003c\/span\\u003e\\u003c\/strong\\u003e\\u003c\/p\\u003e\\r\\n\\u003cp style=\\u0022background: white; margin: 0cm 0cm 18.0pt 0cm;\\u0022\\u003e\\u003cspan lang=\\u0022PL\\u0022 style=\\u0022font-family: 'Source Sans Pro',sans-serif; color: #3b3b3b;\\u0022\\u003ePo\u015br\u00f3d las\u00f3w, we wsi Rusk\u00e1 Bystr\u00e1, znajduje si\u0119 najdalej na wsch\u00f3d po\u0142o\u017cona s\u0142owacka cerkiew wpisana na list\u0119 UNESCO \u2013 greckokatolicka cerkiew pw. Przeniesienia Relikwii \u015bw. Miko\u0142aja. Zosta\u0142a ona zbudowana w 1730 roku. Wznosi si\u0119 na wzg\u00f3rzu w samym centrum wsi i wyr\u00f3\u017cnia kolorami na zielonym tle wynios\u0142ych drzew. Dominuj\u0105cym elementem wn\u0119trza jest pi\u0119ciorz\u0119dowy barokowy ikonostas, b\u0119d\u0105cy sercem ka\u017cdej \u015bwi\u0105tyni obrz\u0105dku wschodniego i stanowi\u0105cy przegrod\u0119 architektoniczno-sakraln\u0105 pomi\u0119dzy prezbiterium (przestrzeni\u0105 dla Boga) a naw\u0105 (miejscem dla wiernych). Tutejszy ikonostas nietypowo rozci\u0105ga si\u0119 na \u015bciany i sufit \u015bwi\u0105tyni, robi\u0105c ogromne wra\u017cenie. W prezbiterium mo\u017cna zobaczy\u0107 cenn\u0105 ikon\u0119 Ukrzy\u017cowania.\\u003c\/span\\u003e\\u003c\/p\\u003e\"},\"mode\":\"preview\"} \/-->\n\n<!-- wp:acf\/common-image-left-section {\"name\":\"acf\/common-image-left-section\",\"data\":{\"image\":7500,\"_image\":\"field_60c66ddbbdafe\"},\"mode\":\"preview\"} \/-->\n\n<!-- wp:acf\/common-text-right-section {\"name\":\"acf\/common-text-right-section\",\"data\":{\"field_60c66a6067e54\":\"\\u003cp style=\\u0022background: white; margin: 0cm 0cm 18.0pt 0cm;\\u0022\\u003e\\u003cstrong\\u003e\\u003cspan lang=\\u0022PL\\u0022 style=\\u0022font-family: 'Source Sans Pro',sans-serif; color: #3b3b3b;\\u0022\\u003eJezioro Beniati\u0144skie (Be\u0148atinsk\u00e9 jazero)\\u003c\/span\\u003e\\u003c\/strong\\u003e\\u003c\/p\\u003e\\r\\n\\u003cp style=\\u0022background: white; margin: 0cm 0cm 18.0pt 0cm;\\u0022\\u003e\\u003cspan lang=\\u0022PL\\u0022 style=\\u0022font-family: 'Source Sans Pro',sans-serif; color: #3b3b3b;\\u0022\\u003eSwoim kolorem przypomina s\u0142ynne Jeziora Plitwickie. We wsi Be\u0148atina w powiecie Sobrance znajduje si\u0119 wspania\u0142y pomnik przyrody \u2013 turkusowe jeziorko w dawnym kamienio\u0142omie. B\u0119d\u0105c w tym miejscu, sp\u00f3jrz na trawertynow\u0105 \u015bcian\u0119, kt\u00f3ra zdaje si\u0119 przedstawia\u0107 wieloryba. M\u00f3wi si\u0119, \u017ce to odcisk jakiego\u015b pradawnego stworzenia. A mo\u017ce po prostu gra kolor\u00f3w na ska\u0142ach? Sam si\u0119 przekonaj! Jeziorko cieszy si\u0119 coraz wi\u0119ksz\u0105 popularno\u015bci\u0105, dlatego nie mog\u0142o go zabrakn\u0105\u0107 na li\u015bcie miejsc do odwiedzenia. Tutejsze okolice znane s\u0105 z filmu \\u003ci\\u003eLinia\\u003c\/i\\u003e \\u003ci\\u003e(\u010ciara)\\u003c\/i\\u003e z 2017 roku\\u003ci\\u003e.\\u003c\/i\\u003e Od niedawna s\u0105 tutaj \u0142awki, a w najbli\u017cszym czasie ma si\u0119 pojawi\u0107 tyrolka.\\u003c\/span\\u003e\\u003c\/p\\u003e\"},\"mode\":\"preview\"} \/-->\n\n<!-- wp:acf\/common-image-right-section {\"name\":\"acf\/common-image-right-section\",\"data\":{\"image\":7501,\"_image\":\"field_60c66ddbbdafe\"},\"mode\":\"preview\"} \/-->\n\n<!-- wp:acf\/theme-ambassador-section {\"name\":\"acf\/theme-ambassador-section\",\"data\":{},\"mode\":\"preview\"} \/-->\n\n<!-- wp:acf\/common-text-right-section {\"name\":\"acf\/common-text-right-section\",\"data\":{\"text\":\"Cestovn\u00fd ruch tu e\u0161te nestihol vtla\u010di\u0165 pe\u010da\u0165 masovosti. Ale je tu \u00fastretovos\u0165, priamos\u0165, pohostinnos\u0165 a vesel\u00fd temperament miestnych. Bez ko\u0161tovky dom\u00e1cej a piatej kapurkovej v\u00e1s z dvora nepustia. Objavte tento nedotknut\u00fd, recenziami nepo\u010dm\u00e1ran\u00fd, \u00fa\u017easn\u00fd kraj sveta. Dzivosc (divokos\u0165) jeho pr\u00edrody, \u201c\u0161a\u013eenu\u201c n\u00e1turu (temperamentn\u00fa povahu), pretrv\u00e1vaj\u00face trad\u00edcie, siln\u00e9 historick\u00e9 pr\u00edbehy, jemn\u00fa mystiku a tradi\u010dn\u00fa zempl\u00ednsku kuchy\u0148u.\",\"_text\":\"field_60c66a6067e54\"},\"mode\":\"preview\"} \/-->\n\n<!-- wp:acf\/common-image-right-section {\"name\":\"acf\/common-image-right-section\",\"data\":{\"image\":7502,\"_image\":\"field_60c66ddbbdafe\"},\"mode\":\"preview\"} \/-->\n\n<!-- wp:acf\/common-image-left-section {\"name\":\"acf\/common-image-left-section\",\"data\":{\"image\":7503,\"_image\":\"field_60c66ddbbdafe\"},\"mode\":\"preview\"} \/-->\n\n<!-- wp:acf\/common-text-right-section {\"name\":\"acf\/common-text-right-section\",\"data\":{\"text\":\"\\u003cstrong\\u003eVihorlatsk\u00fd prales\\u003c\/strong\\u003e\\r\\n\\r\\n\u00dazemie vo Vihorlatsk\u00fdch vrchoch, ktor\u00e9 je spolu s \u010fal\u0161\u00edmi troma pralesmi na v\u00fdchodnom Slovensku, s \u010fal\u0161\u00edmi \u0161iestimi na Ukrajine a piatimi star\u00fdmi lesmi v\u00a0Nemecku s\u00fa\u010das\u0165ou jedin\u00e9ho z\u00e1pisu na Zozname svetov\u00e9ho kult\u00farneho a pr\u00edrodn\u00e9ho dedi\u010dstva UNESCO - Karpatsk\u00e9 bukov\u00e9 pralesy a star\u00e9 bukov\u00e9 lesy Nemecka. Pripravte si teda turistick\u00e9 top\u00e1nky a kone\u010dne vyrazte! Bu\u010fte bez ob\u00e1v, ne\u010dak\u00e1 v\u00e1s \u017eiadna \u00famorn\u00e1 t\u00fara do vy\u010derpania. Va\u0161\u00edm cie\u013eom je len vstupn\u00e1 br\u00e1na do pralesa - Morsk\u00e9 oko - tretie najv\u00e4\u010d\u0161ie pr\u00edrodn\u00e9 jazero na Slovensku. A to v spolo\u010dnosti\u00a0 super sprievodcu, ktor\u00fd na va\u0161e ot\u00e1zky zodpovie r\u00fdchlej\u0161ie a presnej\u0161ie ako Google. Nav\u0161t\u00edvte jeden zo slovensk\u00fdch pralesov, objavte silu viac ako 240 bukov, spoznajte les v jeho najprirodzenej\u0161ej nedotknutej podobe. Prales ob\u00fdvaj\u00fa aj pozoruhodn\u00e9 \u017eivo\u010d\u00edchy \u2013 salamandra \u0161kvrnit\u00e1, f\u00faza\u010d alpsk\u00fd i slizniak karpatsk\u00fd. Ak by sa v\u00e1m m\u00e1lilo, m\u00f4\u017eete sa tam vr\u00e1ti\u0165 a vy\u0161liapnu\u0165 si na vyhliadkov\u00fd Sninsk\u00fd kame\u0148. Alebo zdola\u0165 samotn\u00fd vrch Vihorlat.\",\"_text\":\"field_60c66a6067e54\"},\"mode\":\"preview\"} \/-->\n\n<!-- wp:acf\/common-image-right-section {\"name\":\"acf\/common-image-right-section\",\"data\":{\"image\":8252,\"_image\":\"field_60c66ddbbdafe\"},\"mode\":\"preview\"} \/-->\n\n<!-- wp:acf\/common-text-left-section {\"name\":\"acf\/common-text-left-section\",\"data\":{\"text\":\"\\u003cstrong\\u003eDreven\u00fd kostol\u00edk v Ruskej Bystrej \\u003c\/strong\\u003e\\r\\n\\r\\nV n\u00e1dhernom prostred\u00ed lesov, v obci Rusk\u00e1 Bystr\u00e1, sa nach\u00e1dza najv\u00fdchodnej\u0161\u00ed z\u00e1stupca spomedzi v\u0161etk\u00fdch slovensk\u00fdch dreven\u00fdch kostol\u00edkov zap\u00edsan\u00fdch k UNESCO pamiatkam - Gr\u00e9ckokatol\u00edcky Chr\u00e1m Prenesenia ostatkov sv. Mikul\u00e1\u0161a. Kostol bol postaven\u00fd v roku 1730. T\u00fd\u010di sa na vyv\u00fd\u0161enine uprostred obce a farebne vynik\u00e1 na zelenom pozad\u00ed okolit\u00fdch mohutn\u00fdch stromov. Interi\u00e9ru dominuje p\u00e4\u0165radov\u00fd barokov\u00fd ikonostas. Ikonostas je srdcom ka\u017ed\u00e9ho chr\u00e1mu v\u00fdchodn\u00e9ho obradu a tvor\u00ed architektonicko-sakr\u00e1lny predel medzi sv\u00e4ty\u0148ou (priestorom pre Boha) a lo\u010fou (priestorom pre veriacich). O\u010dar\u00ed v\u00e1s vz\u00e1cny ikonostas, ktor\u00fd presahuje netradi\u010dne aj na bo\u010dn\u00e9 steny a strop chr\u00e1mu. Vo sv\u00e4tyni sa nach\u00e1dza vz\u00e1cna ikona Ukri\u017eovania.\",\"_text\":\"field_60c66a6067e54\"},\"mode\":\"preview\"} \/-->\n\n<!-- wp:acf\/common-image-left-section {\"name\":\"acf\/common-image-left-section\",\"data\":{\"image\":7500,\"_image\":\"field_60c66ddbbdafe\"},\"mode\":\"preview\"} \/-->\n\n<!-- wp:acf\/common-text-right-section {\"name\":\"acf\/common-text-right-section\",\"data\":{\"text\":\"\\u003cstrong\\u003eBe\u0148atinsk\u00e9 jazero\\u003c\/strong\\u003e\\r\\n\\r\\nPripom\u00edna svojou farbou sl\u00e1vne Plitvick\u00e9 jazer\u00e1. V obci Be\u0148atina v\u00a0okrese Sobrance je ukryt\u00e1 n\u00e1dhern\u00e1 pr\u00edrodn\u00e1 pamiatka \u2013 tyrkysov\u00e9 jazierko v b\u00fdvalom lome. Popul\u00e1rny je poh\u013ead na travert\u00ednov\u00fa stenu, na ktorej akoby bola zn\u00e1zornen\u00e1 ve\u013eryba. Ide vraj o odtla\u010dok prad\u00e1vneho tvora. Alebo len o hru farieb vo vrstv\u00e1ch horniny? To u\u017e nech\u00e1vame na va\u0161e pos\u00fadenie. Jazierko pri Be\u0148atine je \u010doraz viac nav\u0161tevovan\u00e9, ur\u010dite by teda nemalo ch\u00fdba\u0165 ani vo va\u0161ej turistickej zbierke. Jeho okolie ste mohli vidie\u0165 aj v exteri\u00e9rov\u00fdch z\u00e1beroch vo filme \u010ciara. Odvtedy tam pribudli l\u00e1vky a v najbli\u017e\u0161ej sez\u00f3ne sa tam pl\u00e1nuje in\u0161tal\u00e1cia adrenal\u00ednov\u00e9ho zipline.\",\"_text\":\"field_60c66a6067e54\"},\"mode\":\"preview\"} \/-->\n\n<!-- wp:acf\/common-image-right-section {\"name\":\"acf\/common-image-right-section\",\"data\":{\"image\":7501,\"_image\":\"field_60c66ddbbdafe\"},\"mode\":\"preview\"} \/-->\n\n<!-- wp:acf\/theme-ambassador-section {\"name\":\"acf\/theme-ambassador-section\",\"mode\":\"preview\"} \/-->","_pl_post_name":"","_pl_post_excerpt":"","_pl_post_title":" Dziki Wsch\u00f3d","_it_post_content":"","_it_post_name":"","_it_post_excerpt":"","_it_post_title":"","edit_language":"pl","footnotes":""},"topic_group":[430],"class_list":["post-7401","topic","type-topic","status-publish","format-standard","has-post-thumbnail","hentry","topic_group-strat-sa-v-regionoch"],"acf":[],"yoast_head":"<!-- This site is optimized with the Yoast SEO Premium plugin v25.5 (Yoast SEO v27.4) - https:\/\/yoast.com\/product\/yoast-seo-premium-wordpress\/ -->\n<title>Ko\u0161ice Regi\u00f3n<\/title>\n<meta name=\"robots\" content=\"index, follow, max-snippet:-1, max-image-preview:large, max-video-preview:-1\" \/>\n<link rel=\"canonical\" href=\"https:\/\/www.kosiceregion.com\/sk\/topic\/neskroteny-vychod\/\" \/>\n<meta property=\"og:locale\" content=\"pl_PL\" \/>\n<meta property=\"og:type\" content=\"article\" \/>\n<meta property=\"og:title\" content=\"Neskroten\u00fd v\u00fdchod\" \/>\n<meta property=\"og:url\" content=\"https:\/\/www.kosiceregion.com\/pl\/wp-json\/wp\/v2\/topics\/7401\" \/>\n<meta property=\"og:site_name\" content=\"Ko\u0161ice Regi\u00f3n\" \/>\n<meta property=\"article:publisher\" content=\"https:\/\/www.facebook.com\/kosiceregion\" \/>\n<meta property=\"article:modified_time\" content=\"2023-06-29T12:59:59+00:00\" \/>\n<meta property=\"og:image\" content=\"https:\/\/www.kosiceregion.com\/wp-content\/uploads\/2021\/12\/MicrosoftTeams-image-1.jpg\" \/>\n\t<meta property=\"og:image:width\" content=\"1126\" \/>\n\t<meta property=\"og:image:height\" content=\"754\" \/>\n\t<meta property=\"og:image:type\" content=\"image\/jpeg\" \/>\n<meta name=\"twitter:card\" content=\"summary_large_image\" \/>\n<meta name=\"twitter:site\" content=\"@KOSICEREGION\" \/>\n<script type=\"application\/ld+json\" class=\"yoast-schema-graph\">{\"@context\":\"https:\\\/\\\/schema.org\",\"@graph\":[{\"@type\":\"WebPage\",\"@id\":\"https:\\\/\\\/www.kosiceregion.com\\\/sk\\\/topic\\\/neskroteny-vychod\\\/\",\"url\":\"https:\\\/\\\/www.kosiceregion.com\\\/sk\\\/topic\\\/neskroteny-vychod\\\/\",\"name\":\"Neskroten\u00fd v\u00fdchod - Ko\u0161ice Regi\u00f3n\",\"isPartOf\":{\"@id\":\"https:\\\/\\\/www.kosiceregion.com\\\/#website\"},\"primaryImageOfPage\":{\"@id\":\"https:\\\/\\\/www.kosiceregion.com\\\/sk\\\/topic\\\/neskroteny-vychod\\\/#primaryimage\"},\"image\":{\"@id\":\"https:\\\/\\\/www.kosiceregion.com\\\/sk\\\/topic\\\/neskroteny-vychod\\\/#primaryimage\"},\"thumbnailUrl\":\"https:\\\/\\\/www.kosiceregion.com\\\/wp-content\\\/uploads\\\/2021\\\/12\\\/MicrosoftTeams-image-1.jpg\",\"datePublished\":\"2021-12-09T08:47:35+00:00\",\"dateModified\":\"2023-06-29T12:59:59+00:00\",\"breadcrumb\":{\"@id\":\"https:\\\/\\\/www.kosiceregion.com\\\/sk\\\/topic\\\/neskroteny-vychod\\\/#breadcrumb\"},\"inLanguage\":\"pl-PL\",\"potentialAction\":[{\"@type\":\"ReadAction\",\"target\":[\"https:\\\/\\\/www.kosiceregion.com\\\/sk\\\/topic\\\/neskroteny-vychod\\\/\"]}]},{\"@type\":\"ImageObject\",\"inLanguage\":\"pl-PL\",\"@id\":\"https:\\\/\\\/www.kosiceregion.com\\\/sk\\\/topic\\\/neskroteny-vychod\\\/#primaryimage\",\"url\":\"https:\\\/\\\/www.kosiceregion.com\\\/wp-content\\\/uploads\\\/2021\\\/12\\\/MicrosoftTeams-image-1.jpg\",\"contentUrl\":\"https:\\\/\\\/www.kosiceregion.com\\\/wp-content\\\/uploads\\\/2021\\\/12\\\/MicrosoftTeams-image-1.jpg\",\"width\":1126,\"height\":754},{\"@type\":\"BreadcrumbList\",\"@id\":\"https:\\\/\\\/www.kosiceregion.com\\\/sk\\\/topic\\\/neskroteny-vychod\\\/#breadcrumb\",\"itemListElement\":[{\"@type\":\"ListItem\",\"position\":1,\"name\":\"Home\",\"item\":\"https:\\\/\\\/www.kosiceregion.com\\\/sk\\\/\"},{\"@type\":\"ListItem\",\"position\":2,\"name\":\"Neskroten\u00fd v\u00fdchod\"}]},{\"@type\":\"WebSite\",\"@id\":\"https:\\\/\\\/www.kosiceregion.com\\\/#website\",\"url\":\"https:\\\/\\\/www.kosiceregion.com\\\/\",\"name\":\"Ko\u0161ice Regi\u00f3n\",\"description\":\"Turistick\u00fd sprievodca Ko\u0161ick\u00fdm krajom\",\"publisher\":{\"@id\":\"https:\\\/\\\/www.kosiceregion.com\\\/#organization\"},\"potentialAction\":[{\"@type\":\"SearchAction\",\"target\":{\"@type\":\"EntryPoint\",\"urlTemplate\":\"https:\\\/\\\/www.kosiceregion.com\\\/?s={search_term_string}\"},\"query-input\":{\"@type\":\"PropertyValueSpecification\",\"valueRequired\":true,\"valueName\":\"search_term_string\"}}],\"inLanguage\":\"pl-PL\"},{\"@type\":\"Organization\",\"@id\":\"https:\\\/\\\/www.kosiceregion.com\\\/#organization\",\"name\":\"Ko\u0161ice Regi\u00f3n Turizmus\",\"url\":\"https:\\\/\\\/www.kosiceregion.com\\\/\",\"logo\":{\"@type\":\"ImageObject\",\"inLanguage\":\"pl-PL\",\"@id\":\"https:\\\/\\\/www.kosiceregion.com\\\/#\\\/schema\\\/logo\\\/image\\\/\",\"url\":\"https:\\\/\\\/www.kosiceregion.com\\\/wp-content\\\/uploads\\\/2019\\\/03\\\/logo-web-sk.png\",\"contentUrl\":\"https:\\\/\\\/www.kosiceregion.com\\\/wp-content\\\/uploads\\\/2019\\\/03\\\/logo-web-sk.png\",\"width\":225,\"height\":100,\"caption\":\"Ko\u0161ice Regi\u00f3n Turizmus\"},\"image\":{\"@id\":\"https:\\\/\\\/www.kosiceregion.com\\\/#\\\/schema\\\/logo\\\/image\\\/\"},\"sameAs\":[\"https:\\\/\\\/www.facebook.com\\\/kosiceregion\",\"https:\\\/\\\/x.com\\\/KOSICEREGION\",\"https:\\\/\\\/www.instagram.com\\\/kosiceregion\",\"https:\\\/\\\/www.youtube.com\\\/kosiceregion\"]}]}<\/script>\n<!-- \/ Yoast SEO Premium plugin. -->","yoast_head_json":{"title":"Ko\u0161ice Regi\u00f3n","robots":{"index":"index","follow":"follow","max-snippet":"max-snippet:-1","max-image-preview":"max-image-preview:large","max-video-preview":"max-video-preview:-1"},"canonical":"https:\/\/www.kosiceregion.com\/sk\/topic\/neskroteny-vychod\/","og_locale":"pl_PL","og_type":"article","og_title":"Neskroten\u00fd v\u00fdchod","og_url":"https:\/\/www.kosiceregion.com\/pl\/wp-json\/wp\/v2\/topics\/7401","og_site_name":"Ko\u0161ice Regi\u00f3n","article_publisher":"https:\/\/www.facebook.com\/kosiceregion","article_modified_time":"2023-06-29T12:59:59+00:00","og_image":[{"width":1126,"height":754,"url":"https:\/\/www.kosiceregion.com\/wp-content\/uploads\/2021\/12\/MicrosoftTeams-image-1.jpg","type":"image\/jpeg"}],"twitter_card":"summary_large_image","twitter_site":"@KOSICEREGION","schema":{"@context":"https:\/\/schema.org","@graph":[{"@type":"WebPage","@id":"https:\/\/www.kosiceregion.com\/sk\/topic\/neskroteny-vychod\/","url":"https:\/\/www.kosiceregion.com\/sk\/topic\/neskroteny-vychod\/","name":"Neskroten\u00fd v\u00fdchod - Ko\u0161ice Regi\u00f3n","isPartOf":{"@id":"https:\/\/www.kosiceregion.com\/#website"},"primaryImageOfPage":{"@id":"https:\/\/www.kosiceregion.com\/sk\/topic\/neskroteny-vychod\/#primaryimage"},"image":{"@id":"https:\/\/www.kosiceregion.com\/sk\/topic\/neskroteny-vychod\/#primaryimage"},"thumbnailUrl":"https:\/\/www.kosiceregion.com\/wp-content\/uploads\/2021\/12\/MicrosoftTeams-image-1.jpg","datePublished":"2021-12-09T08:47:35+00:00","dateModified":"2023-06-29T12:59:59+00:00","breadcrumb":{"@id":"https:\/\/www.kosiceregion.com\/sk\/topic\/neskroteny-vychod\/#breadcrumb"},"inLanguage":"pl-PL","potentialAction":[{"@type":"ReadAction","target":["https:\/\/www.kosiceregion.com\/sk\/topic\/neskroteny-vychod\/"]}]},{"@type":"ImageObject","inLanguage":"pl-PL","@id":"https:\/\/www.kosiceregion.com\/sk\/topic\/neskroteny-vychod\/#primaryimage","url":"https:\/\/www.kosiceregion.com\/wp-content\/uploads\/2021\/12\/MicrosoftTeams-image-1.jpg","contentUrl":"https:\/\/www.kosiceregion.com\/wp-content\/uploads\/2021\/12\/MicrosoftTeams-image-1.jpg","width":1126,"height":754},{"@type":"BreadcrumbList","@id":"https:\/\/www.kosiceregion.com\/sk\/topic\/neskroteny-vychod\/#breadcrumb","itemListElement":[{"@type":"ListItem","position":1,"name":"Home","item":"https:\/\/www.kosiceregion.com\/sk\/"},{"@type":"ListItem","position":2,"name":"Neskroten\u00fd v\u00fdchod"}]},{"@type":"WebSite","@id":"https:\/\/www.kosiceregion.com\/#website","url":"https:\/\/www.kosiceregion.com\/","name":"Ko\u0161ice Regi\u00f3n","description":"Turistick\u00fd sprievodca Ko\u0161ick\u00fdm krajom","publisher":{"@id":"https:\/\/www.kosiceregion.com\/#organization"},"potentialAction":[{"@type":"SearchAction","target":{"@type":"EntryPoint","urlTemplate":"https:\/\/www.kosiceregion.com\/?s={search_term_string}"},"query-input":{"@type":"PropertyValueSpecification","valueRequired":true,"valueName":"search_term_string"}}],"inLanguage":"pl-PL"},{"@type":"Organization","@id":"https:\/\/www.kosiceregion.com\/#organization","name":"Ko\u0161ice Regi\u00f3n Turizmus","url":"https:\/\/www.kosiceregion.com\/","logo":{"@type":"ImageObject","inLanguage":"pl-PL","@id":"https:\/\/www.kosiceregion.com\/#\/schema\/logo\/image\/","url":"https:\/\/www.kosiceregion.com\/wp-content\/uploads\/2019\/03\/logo-web-sk.png","contentUrl":"https:\/\/www.kosiceregion.com\/wp-content\/uploads\/2019\/03\/logo-web-sk.png","width":225,"height":100,"caption":"Ko\u0161ice Regi\u00f3n Turizmus"},"image":{"@id":"https:\/\/www.kosiceregion.com\/#\/schema\/logo\/image\/"},"sameAs":["https:\/\/www.facebook.com\/kosiceregion","https:\/\/x.com\/KOSICEREGION","https:\/\/www.instagram.com\/kosiceregion","https:\/\/www.youtube.com\/kosiceregion"]}]}},"_links":{"self":[{"href":"https:\/\/www.kosiceregion.com\/pl\/wp-json\/wp\/v2\/topics\/7401","targetHints":{"allow":["GET"]}}],"collection":[{"href":"https:\/\/www.kosiceregion.com\/pl\/wp-json\/wp\/v2\/topics"}],"about":[{"href":"https:\/\/www.kosiceregion.com\/pl\/wp-json\/wp\/v2\/types\/topic"}],"author":[{"embeddable":true,"href":"https:\/\/www.kosiceregion.com\/pl\/wp-json\/wp\/v2\/users\/10"}],"version-history":[{"count":5,"href":"https:\/\/www.kosiceregion.com\/pl\/wp-json\/wp\/v2\/topics\/7401\/revisions"}],"predecessor-version":[{"id":11236,"href":"https:\/\/www.kosiceregion.com\/pl\/wp-json\/wp\/v2\/topics\/7401\/revisions\/11236"}],"wp:featuredmedia":[{"embeddable":true,"href":"https:\/\/www.kosiceregion.com\/pl\/wp-json\/wp\/v2\/media\/8253"}],"wp:attachment":[{"href":"https:\/\/www.kosiceregion.com\/pl\/wp-json\/wp\/v2\/media?parent=7401"}],"wp:term":[{"taxonomy":"topic_group","embeddable":true,"href":"https:\/\/www.kosiceregion.com\/pl\/wp-json\/wp\/v2\/topic_group?post=7401"}],"curies":[{"name":"wp","href":"https:\/\/api.w.org\/{rel}","templated":true}]}}