{"id":7404,"date":"2021-12-09T14:29:42","date_gmt":"2021-12-09T13:29:42","guid":{"rendered":"https:\/\/www.kosiceregion.com\/?post_type=topic&#038;p=7404"},"modified":"2023-06-29T14:50:53","modified_gmt":"2023-06-29T12:50:53","slug":"","status":"publish","type":"topic","link":"https:\/\/www.kosiceregion.com\/pl\/topic\/strateny-v-silici\/","title":{"rendered":" Zagubiony w Silicy","raw":" Zagubiony w Silicy"},"content":{"rendered":"\n<div id=\"common-text-3-4-left-block_cbc1722337076c49acb47761c224f6b7\" class=\"common-text-3-4-left col-lg-10 offset-lg-1 col-xl-8 offset-xl-2 col-12\">\n    <div class=\"col-sm-8 col-12 px-0\">\n        <p><p style=\"background: white; margin: 0cm 0cm 18.0pt 0cm;\"><strong><span lang=\"PL\" style=\"font-family: 'Source Sans Pro',sans-serif; color: #3b3b3b;\">Szukasz ucieczki od nudy i raz po raz si\u0119gasz po zastrzyk adrenaliny, wykre\u015blaj\u0105c z listy kolejne atrakcje, kt\u00f3re musisz zaliczy\u0107 przed \u015bmierci\u0105? A mo\u017ce na Ciebie to nie dzia\u0142a? Chyba wiemy, dlaczego. Kosztowne i przereklamowane ucieczki w \u015bwiat tanich marze\u0144 po prostu si\u0119 nie sprawdzaj\u0105. Dlatego omi\u0144 szerokim \u0142ukiem wszystkie pu\u0142apki konsumpcjonizmu i otw\u00f3rz si\u0119 na co\u015b innego. Zakosztuj leniwego podr\u00f3\u017cowania, w kt\u00f3rym nie chodzi o \u201ezabaw\u0119 i relaks\u201d z folderu reklamowego.<\/span><\/strong><\/p>\n<\/p>\n    <\/div>\n    <style type=\"text\/css\">\n        #common-text-3-4-left-block_cbc1722337076c49acb47761c224f6b7 {\n            margin-top: 3rem;\n        }\n    <\/style>\n<\/div>\n\n\n<div id=\"common-text-3-4-right-block_6af443dc71b0971c593b2b91ee71ef38\" class=\"common-text-3-4-right col-lg-10 offset-lg-1 col-xl-8 offset-xl-2 col-12\">\n<div class=\"col-sm-8 col-12 offset-sm-4 px-0\">\n        <p><p style=\"background: white; margin: 0cm 0cm 18.0pt 0cm;\"><span lang=\"PL\" style=\"font-family: 'Source Sans Pro',sans-serif; color: #3b3b3b;\">Leniwe podr\u00f3\u017cowanie, takie, kt\u00f3re ma g\u0142\u0119bi\u0119, to tak naprawd\u0119 styl bycia. Wyobra\u017a sobie zielone \u0142\u0105ki porastaj\u0105ce ci\u0105gn\u0105ce si\u0119 w niesko\u0144czono\u015b\u0107 \u0142agodne wzg\u00f3rza, bia\u0142e ob\u0142oczki niczym owieczki p\u0142ywaj\u0105ce po niebie, kusz\u0105ce jak wata cukrowa. A po\u015br\u00f3d nich zupe\u0142nie pust\u0105, zakurzon\u0105 \u015bcie\u017ck\u0119. Oto prosta droga do wolno\u015bci i \u015bwietna okazja do oddania si\u0119 jednej z najbardziej niedocenianych czynno\u015bci \u2013 refleksji. Znamy takie miejsca! Proponujemy Ci punkt startowy i punkt ko\u0144cowy \u2013 sam zdecydujesz, czym wype\u0142nisz przestrze\u0144 pomi\u0119dzy. Tylko w ten spos\u00f3b b\u0119dziesz mia\u0142 szans\u0119 opu\u015bci\u0107 swoj\u0105 stref\u0119 komfortu, zagada\u0107 do obcych, a nawet polega\u0107 na ich radach. A przy okazji by\u0107 mo\u017ce pozb\u0119dziesz si\u0119 uprzedze\u0144 i zmienisz swoj\u0105 optyk\u0119. Bo to w\u0142a\u015bnie istota podr\u00f3\u017cowania \u2013 powr\u00f3t do autentyczno\u015bci, poznawanie \u015bwiata bez kiczowatej scenerii. Droga ma by\u0107 lekarstwem, okazj\u0105, by dotrze\u0107 do siebie i nawi\u0105za\u0107 nowe znajomo\u015bci. Zatem powodzenia w gubieniu i odnajdywaniu siebie na nowo na KRA\u0143CU \u015aWIATA!<\/span><\/p>\n<\/p>\n    <\/div>\n    <style type=\"text\/css\">\n        #common-text-3-4-right-block_6af443dc71b0971c593b2b91ee71ef38 {\n            margin-top: 3rem;\n        }\n    <\/style>\n<\/div>\n\n\n<div id=\"common-image-3-4-left-block_b77acfd8c706c1093906b88396e3bb9c\" class=\"common-image-3-4-left col-lg-10 offset-lg-1 col-xl-8 offset-xl-2 col-12\">\n    <div class=\"col-sm-8 col-12 offset-sm-4 px-0\">\n        <div class=\"image-container\">\n            <img decoding=\"async\" src=\"https:\/\/www.kosiceregion.com\/wp-content\/uploads\/2021\/12\/KP_0102-1024x683.jpg\" \/>\n        <\/div>\n    <\/div>\n    <style type=\"text\/css\">\n        #common-image-3-4-left-block_b77acfd8c706c1093906b88396e3bb9c {\n            margin-top: 3rem;\n        }\n        #common-image-3-4-left-block_b77acfd8c706c1093906b88396e3bb9c .image-container { \n            position: relative; \n            padding-bottom: 56.25%;\n            overflow: hidden;\n            max-width: 100%;\n            height: auto;\n        } \n        #common-image-3-4-left-block_b77acfd8c706c1093906b88396e3bb9c .image-container img { \n            position: absolute;\n            top: 0;\n            left: 0;\n            width: 100%;\n            height: 100%;\n            object-fit: cover;\n        }\n    <\/style>\n<\/div>\n\n\n<div id=\"common-image-3-4-left-block_f3a635685d4b3697d8a44a62f76823e2\" class=\"common-image-3-4-left col-lg-10 offset-lg-1 col-xl-8 offset-xl-2 col-12\">\n    <div class=\"col-sm-8 col-12 px-0\">\n        <div class=\"image-container\">\n            <img decoding=\"async\" src=\"https:\/\/www.kosiceregion.com\/wp-content\/uploads\/2021\/12\/KP_0104-1024x682.jpg\" \/>\n        <\/div>\n    <\/div>\n    <style type=\"text\/css\">\n        #common-image-3-4-left-block_f3a635685d4b3697d8a44a62f76823e2 {\n            margin-top: 3rem;\n        }\n        #common-image-3-4-left-block_f3a635685d4b3697d8a44a62f76823e2 .image-container { \n            position: relative; \n            padding-bottom: 56.25%;\n            overflow: hidden;\n            max-width: 100%;\n            height: auto;\n        } \n        #common-image-3-4-left-block_f3a635685d4b3697d8a44a62f76823e2 .image-container img { \n            position: absolute;\n            top: 0;\n            left: 0;\n            width: 100%;\n            height: 100%;\n            object-fit: cover;\n        }\n    <\/style>\n<\/div>\n\n\n<div id=\"common-text-3-4-right-block_0ac7a1f1e171c87f34854a470f14ea48\" class=\"common-text-3-4-right col-lg-10 offset-lg-1 col-xl-8 offset-xl-2 col-12\">\n<div class=\"col-sm-8 col-12 offset-sm-4 px-0\">\n        <p><p style=\"background: white; margin: 0cm 0cm 18.0pt 0cm;\"><strong><span lang=\"PL\" style=\"font-family: 'Source Sans Pro',sans-serif; color: #3b3b3b;\">Jaskinia Silicka Ladnica (Silick\u00e1 \u013eadnica)<\/span><\/strong><\/p>\n<p style=\"background: white; margin: 0cm 0cm 18.0pt 0cm;\"><span lang=\"PL\" style=\"font-family: 'Source Sans Pro',sans-serif; color: #3b3b3b;\">Jakie\u015b 1,5 km za wsi\u0105 Silica znajduje si\u0119 niewielki parking. St\u0105d pieszo dotrzesz do oddalonej o 1 km jaskini, kt\u00f3ra jest otwarta przez ca\u0142y rok, a za wej\u015bcie i fotografowanie nie s\u0105 pobierane \u017cadne op\u0142aty. Ale polecamy Ci j\u0105 z innego powodu. Ot\u00f3\u017c jest to jaskinia z otwartym stropem. Dzi\u0119ki temu z tzw. galerii mo\u017cesz zobaczy\u0107 90-metrow\u0105 przepa\u015b\u0107. Co ciekawe, nawet w upalne letnie dni mo\u017cesz w niej zobaczy\u0107 sople lodu. St\u0105d ju\u017c tylko kawa\u0142ek do jaskini Babsk\u00e1 diera. Jest to w zasadzie przepa\u015b\u0107 o d\u0142ugo\u015bci 46 metr\u00f3w, kt\u00f3ra w zamierzch\u0142ej przesz\u0142o\u015bci by\u0142a miejscem kultu pradawnej kultury kyjatyckiej i \u015bwiadkiem krwawych obrz\u0119d\u00f3w z m\u0142odszej epoki kamienia. \u015awiadczy o tym odkrycie maski z ludzkiej czaszki u\u017cywanej w celach obrz\u0119dowych, a zatem sk\u0142adano tu ofiary z ludzi.<\/span><\/p>\n<\/p>\n    <\/div>\n    <style type=\"text\/css\">\n        #common-text-3-4-right-block_0ac7a1f1e171c87f34854a470f14ea48 {\n            margin-top: 3rem;\n        }\n    <\/style>\n<\/div>\n\n\n<div id=\"common-image-3-4-left-block_a8fda507f39f1a51ad2d0e4a3902cceb\" class=\"common-image-3-4-left col-lg-10 offset-lg-1 col-xl-8 offset-xl-2 col-12\">\n    <div class=\"col-sm-8 col-12 offset-sm-4 px-0\">\n        <div class=\"image-container\">\n            <img decoding=\"async\" src=\"https:\/\/www.kosiceregion.com\/wp-content\/uploads\/2021\/12\/KP_0009-1024x683.jpg\" \/>\n        <\/div>\n    <\/div>\n    <style type=\"text\/css\">\n        #common-image-3-4-left-block_a8fda507f39f1a51ad2d0e4a3902cceb {\n            margin-top: 3rem;\n        }\n        #common-image-3-4-left-block_a8fda507f39f1a51ad2d0e4a3902cceb .image-container { \n            position: relative; \n            padding-bottom: 56.25%;\n            overflow: hidden;\n            max-width: 100%;\n            height: auto;\n        } \n        #common-image-3-4-left-block_a8fda507f39f1a51ad2d0e4a3902cceb .image-container img { \n            position: absolute;\n            top: 0;\n            left: 0;\n            width: 100%;\n            height: 100%;\n            object-fit: cover;\n        }\n    <\/style>\n<\/div>\n\n\n<div id=\"common-text-3-4-left-block_45c2e97d2380de1e4495094abdc1a0a4\" class=\"common-text-3-4-left col-lg-10 offset-lg-1 col-xl-8 offset-xl-2 col-12\">\n    <div class=\"col-sm-8 col-12 px-0\">\n        <p><p style=\"background: white; margin: 0cm 0cm 18.0pt 0cm;\"><strong><span lang=\"PL\" style=\"font-family: 'Source Sans Pro',sans-serif; color: #3b3b3b;\">P\u0142askowy\u017c Silicki (Silick\u00e1 planina)<\/span><\/strong><\/p>\n<p>Zajmuje powierzchni\u0119 153 km2 i jest najwi\u0119kszym p\u0142askowy\u017cem w S\u0142owacji. Odkryto tu 17 jaski\u0144 i 14 przepa\u015bci. Niebo nad p\u0142askowy\u017cem jest na wyci\u0105gni\u0119cie r\u0119ki. Je\u015bli spojrze\u0107 w lewo, mo\u017cna dostrzec odleg\u0142e wierzcho\u0142ki g\u00f3r. Po mniej wi\u0119cej p\u00f3\u0142godzinnym spacerze dotrzesz do studni wahad\u0142owej z prost\u0105 \u0142aweczk\u0105. W pobli\u017cu znajduje si\u0119 podziemne Jaszczurze Jezioro (Ja\u0161teri\u010die jazero), o kt\u00f3rym dowiesz si\u0119 wi\u0119cej z tablicy informacyjnej. St\u0105d dojdziesz a\u017c do wsi Kr\u00e1snohorsk\u00e1 Dlh\u00e1 L\u00faka. Wyobra\u017a sobie w\u0119dr\u00f3wk\u0119 przez p\u0142askowy\u017c przy \u015bwietle ksi\u0119\u017cyca i gwiazd\u2026 A co powiesz na wsch\u00f3d s\u0142o\u0144ca na p\u0142askowy\u017cu?<\/p>\n<\/p>\n    <\/div>\n    <style type=\"text\/css\">\n        #common-text-3-4-left-block_45c2e97d2380de1e4495094abdc1a0a4 {\n            margin-top: 3rem;\n        }\n    <\/style>\n<\/div>\n\n\n<div id=\"common-image-3-4-left-block_e8d8b4515a208e4bc1faac8a82422c2b\" class=\"common-image-3-4-left col-lg-10 offset-lg-1 col-xl-8 offset-xl-2 col-12\">\n    <div class=\"col-sm-8 col-12 px-0\">\n        <div class=\"image-container\">\n            <img decoding=\"async\" src=\"https:\/\/www.kosiceregion.com\/wp-content\/uploads\/2021\/12\/KP_0103-1024x682.jpg\" \/>\n        <\/div>\n    <\/div>\n    <style type=\"text\/css\">\n        #common-image-3-4-left-block_e8d8b4515a208e4bc1faac8a82422c2b {\n            margin-top: 3rem;\n        }\n        #common-image-3-4-left-block_e8d8b4515a208e4bc1faac8a82422c2b .image-container { \n            position: relative; \n            padding-bottom: 56.25%;\n            overflow: hidden;\n            max-width: 100%;\n            height: auto;\n        } \n        #common-image-3-4-left-block_e8d8b4515a208e4bc1faac8a82422c2b .image-container img { \n            position: absolute;\n            top: 0;\n            left: 0;\n            width: 100%;\n            height: 100%;\n            object-fit: cover;\n        }\n    <\/style>\n<\/div>\n\n\n<div id=\"common-text-3-4-right-block_2293efb5247fe827e215307c30bf04d4\" class=\"common-text-3-4-right col-lg-10 offset-lg-1 col-xl-8 offset-xl-2 col-12\">\n<div class=\"col-sm-8 col-12 offset-sm-4 px-0\">\n        <p><p style=\"background: white; margin: 0cm 0cm 18.0pt 0cm;\"><strong><span lang=\"PL\" style=\"font-family: 'Source Sans Pro',sans-serif; color: #3b3b3b;\">Jaskinia Krasnog\u00f3rska (Kr\u00e1snohorsk\u00e1 jasky\u0148a)<\/span><\/strong><\/p>\n<p>To nie jest zwyk\u0142a jaskinia. B\u0119dziesz do niej potrzebowa\u0107 specjalnego ekwipunku: odzie\u017cy, obuwia i kasku z czo\u0142\u00f3wk\u0105. To wszystko otrzymasz od przewodnika oprowadzaj\u0105cego po podziemiach, kt\u00f3ry b\u0119dzie towarzyszy\u0142 Ci w poszukiwaniu przyg\u00f3d.<\/p>\n<p><a href=\"http:\/\/www.krasnohorska-jaskyna.sk\">www.krasnohorska-jaskyna.sk<\/a><\/p>\n<p>&nbsp;<\/p>\n<p>Informacje praktyczne:<\/p>\n<p>Jaskinia jest otwarta od 1 kwietnia do 31 pa\u017adziernika. Sezon trwa od 1 lipca do 31 sierpnia. W sezonie odbywaj\u0105 si\u0119 dwa wej\u015bcia dziennie, maksymalnie 20 os\u00f3b podzielonych na dwie grupy po 10 os\u00f3b. Minimalna liczba zwiedzaj\u0105cych to 4 osoby. Poza sezonem zwiedzanie jaskini jest mo\u017cliwe po telefonicznym lub mailowym uzgodnieniu terminu. Z uwagi na ograniczon\u0105 liczb\u0119 odwiedzaj\u0105cych warto zarezerwowa\u0107 konkretny termin. Dzieci w wieku od 6 do 15 lat mog\u0105 zwiedza\u0107 jaskini\u0119 pod opiek\u0105 doros\u0142ych.<\/p>\n<p>Cho\u0107 wi\u0119kszo\u015b\u0107 os\u00f3b nie powinna mie\u0107 problem\u00f3w z przebyciem trasy, to jednak wymagana jest pewna sprawno\u015b\u0107 ruchowa. Wizyt\u0119 w jaskini powinny rozwa\u017cy\u0107 osoby z nadwag\u0105 i powa\u017cnymi problemami zdrowotnymi.<\/p>\n<p>Tel.: +421 905 412 048<\/p>\n<p>E- mail: stankov@ke.psg.sk<\/p>\n<\/p>\n    <\/div>\n    <style type=\"text\/css\">\n        #common-text-3-4-right-block_2293efb5247fe827e215307c30bf04d4 {\n            margin-top: 3rem;\n        }\n    <\/style>\n<\/div>\n\n\n<div id=\"common-image-3-4-left-block_6809e93ec7e5d51e28248adfaa85fad7\" class=\"common-image-3-4-left col-lg-10 offset-lg-1 col-xl-8 offset-xl-2 col-12\">\n    <div class=\"col-sm-8 col-12 offset-sm-4 px-0\">\n        <div class=\"image-container\">\n            <img decoding=\"async\" src=\"https:\/\/www.kosiceregion.com\/wp-content\/uploads\/2021\/12\/DSC06474-1024x683.jpg\" \/>\n        <\/div>\n    <\/div>\n    <style type=\"text\/css\">\n        #common-image-3-4-left-block_6809e93ec7e5d51e28248adfaa85fad7 {\n            margin-top: 3rem;\n        }\n        #common-image-3-4-left-block_6809e93ec7e5d51e28248adfaa85fad7 .image-container { \n            position: relative; \n            padding-bottom: 56.25%;\n            overflow: hidden;\n            max-width: 100%;\n            height: auto;\n        } \n        #common-image-3-4-left-block_6809e93ec7e5d51e28248adfaa85fad7 .image-container img { \n            position: absolute;\n            top: 0;\n            left: 0;\n            width: 100%;\n            height: 100%;\n            object-fit: cover;\n        }\n    <\/style>\n<\/div>\n\n\n<div id=\"theme-ambassador-section-block_718f4af8e2d0edd03cf1e58472827fa8\" class=\"theme-ambassador-section\" style=\"background-color: #64e42b;\">\n    <div class=\" col-lg-10 offset-lg-1 col-xl-8 offset-xl-2 col-12\">\n        <div id=\"carouselAmbassadors\" class=\"carousel slide col-12\" data-ride=\"carousel\" data-interval=\"7000\">\n            <div class=\"carousel-inner pt-4\">\n                                <div class=\"carousel-item active\">\n                        <div class=\"row col-12 py-5\">\n                            <div class=\"col-sm-4 col-12\">\n                                <div class=\"img-square\" style=\"background-image: url(https:\/\/www.kosiceregion.com\/wp-content\/uploads\/2021\/07\/Sabovcik-1024x683.jpg);\"><\/div>\n                            <\/div>\n                            <div class=\"col-sm-8 col-12 mt-sm-0 mt-3\">\n                                <h3>Michal Sabov\u010d\u00edk &#8211; ADRENAL\u00cdN<\/h3>\n                                <p><p><b>Tags<\/b><\/p>\n<p>G\u00f3ry, dziewicza przyroda, adrenalina<\/p>\n<p><b>O Michale<\/b><\/p>\n<p>Sukcesy alpinistyczne pozwalaj\u0105 Micha\u0142owi spokojnie buja\u0107 w ob\u0142okach, co faktycznie robi! Ju\u017c w m\u0142odo\u015bci wdrapa\u0142 si\u0119 na wysoko\u015b\u0107 7\u00a0134 m n.p.m. i stoj\u0105c na wierzcho\u0142ku Szczytu Lenina (Awicenny) podziwia\u0142 widoki. Z pokor\u0105 zdoby\u0142 szczyt patago\u0144skiego Cerro Torre, a tak\u017ce uda\u0142o mu si\u0119 wej\u015b\u0107 na legendarny Fitz Roy. Jego odwag\u0119 i talent alpinistyczny doceni\u0142o S\u0142owackie Towarzystwo Wspinaczkowe JAMES, kt\u00f3re przyzna\u0142o mu kilka nagr\u00f3d oraz przyj\u0119\u0142o do s\u0142owackiej reprezentacji alpinistycznej. Micha\u0142 potrafi tak\u017ce zmieni\u0107 ka\u017cdego \u201emieszczucha\u201d w \u0142owc\u0119 przyg\u00f3d, kt\u00f3ry pokocha dzik\u0105 przyrod\u0119!<\/p>\n<p><strong>Wi\u0119cej informacji:<\/strong><\/p>\n<p><a href=\"http:\/\/michalsabovcik.com\/\"><span style=\"font-weight: 400;\">http:\/\/michalsabovcik.com\/<\/span><\/a><\/p>\n<\/p>\n                            <\/div>\n                        <\/div>\n                    <\/div>\n                                                            <\/div>\n        <\/div>\n    <\/div>\n    <style type=\"text\/css\">\n        #theme-ambassador-section-block_718f4af8e2d0edd03cf1e58472827fa8 {\n            margin-top: 5rem;\n        }\n        #theme-ambassador-section-block_718f4af8e2d0edd03cf1e58472827fa8 h3 {\n            color: #fff;\n            margin-top: .5rem;\n            margin-bottom: .5rem;\n        }\n        #theme-ambassador-section-block_718f4af8e2d0edd03cf1e58472827fa8 p {\n            color: #000;\n        }\n    <\/style>\n<\/div>\n\n<div class=\"section-front\">\n    <div class=\"row col-12 center-horizontal max-width\">\n        <div class=\"section-title mt-sm-3 mt-5 mb-5\">ambassadors of kraj sveta<\/div>\n        <div class=\"ambassadors-top-nav owl-nav\"><\/div>\n        <div class=\"owl-vl\"><\/div>\n    <\/div>\n\n    <div class=\"row col-12 center-horizontal max-width mb-5\">\n        <div class=\"owl-content\">\n            <div id=\"owl-carousel-ambassadors\" class=\"owl-carousel owl-theme\">\n                        <div class=\"item card-poi-item pb-3 px-2\" style=\"overflow: hidden;\">\n                <a href=\"https:\/\/www.kosiceregion.com\/pl\/ambassador\/juraj-hidveghy-hladac-hudobnych-pokladov\/\">\n                    <div style=\"position: relative; background-image: url('https:\/\/www.kosiceregion.com\/wp-content\/uploads\/2025\/09\/A064554B-3D3E-43D7-8CF2-0E6D669BF7E9-1024x683.jpg')\" class=\"img-square hvr-grow\"><\/div>\n                    <div style=\"position: absolute; bottom: 1rem; left: 1.5rem; right: 45%; color: #fff;\">\n                        <h5 style=\"font-size: 1.1rem; text-shadow: 0 3px 6px rgb(0 0 0 \/ 36%);\">Juraj Hidv\u00e9ghy \u2013 h\u013eada\u010d hudobn\u00fdch pokladov<\/h5>\n                    <\/div>\n                    <div class=\"p-sm-3 p-2\" style=\"position: absolute; bottom: -1rem; right: 1.5rem; width: 30%; height: 30%; color: #fff; background-color: ;\">\n                        <img decoding=\"async\" class=\"topic-icon\" src=\"\" \/>\n                    <\/div>\n                <\/a>\n            <\/div>\n                        <div class=\"item card-poi-item pb-3 px-2\" style=\"overflow: hidden;\">\n                <a href=\"https:\/\/www.kosiceregion.com\/pl\/ambassador\/matus-vdovjak-vinarstvo-vdovjak\/\">\n                    <div style=\"position: relative; background-image: url('https:\/\/www.kosiceregion.com\/wp-content\/uploads\/2021\/08\/AA_8229-1024x683.jpg')\" class=\"img-square hvr-grow\"><\/div>\n                    <div style=\"position: absolute; bottom: 1rem; left: 1.5rem; right: 45%; color: #fff;\">\n                        <h5 style=\"font-size: 1.1rem; text-shadow: 0 3px 6px rgb(0 0 0 \/ 36%);\">Mat\u00fa\u0161 Vdovjak &#8211; VIN\u00c1RSTVO VDOVJAK<\/h5>\n                    <\/div>\n                    <div class=\"p-sm-3 p-2\" style=\"position: absolute; bottom: -1rem; right: 1.5rem; width: 30%; height: 30%; color: #fff; background-color: #fedd00;\">\n                        <img decoding=\"async\" class=\"topic-icon\" src=\"https:\/\/www.kosiceregion.com\/wp-content\/uploads\/2021\/12\/tradicie.png\" \/>\n                    <\/div>\n                <\/a>\n            <\/div>\n                        <div class=\"item card-poi-item pb-3 px-2\" style=\"overflow: hidden;\">\n                <a href=\"https:\/\/www.kosiceregion.com\/pl\/ambassador\/miso-hudak-vychodne-pobrezie\/\">\n                    <div style=\"position: relative; background-image: url('https:\/\/www.kosiceregion.com\/wp-content\/uploads\/2021\/07\/AA_8269-1-1024x683.jpg')\" class=\"img-square hvr-grow\"><\/div>\n                    <div style=\"position: absolute; bottom: 1rem; left: 1.5rem; right: 45%; color: #fff;\">\n                        <h5 style=\"font-size: 1.1rem; text-shadow: 0 3px 6px rgb(0 0 0 \/ 36%);\">Mi\u0161o Hud\u00e1k &#8211; V\u00ddCHODN\u00c9 POBRE\u017dIE<\/h5>\n                    <\/div>\n                    <div class=\"p-sm-3 p-2\" style=\"position: absolute; bottom: -1rem; right: 1.5rem; width: 30%; height: 30%; color: #fff; background-color: #00c5fe;\">\n                        <img decoding=\"async\" class=\"topic-icon\" src=\"https:\/\/www.kosiceregion.com\/wp-content\/uploads\/2021\/12\/mesto.png\" \/>\n                    <\/div>\n                <\/a>\n            <\/div>\n                        <div class=\"item card-poi-item pb-3 px-2\" style=\"overflow: hidden;\">\n                <a href=\"https:\/\/www.kosiceregion.com\/pl\/ambassador\/berta-staskova-lesny-kupel\/\">\n                    <div style=\"position: relative; background-image: url('https:\/\/www.kosiceregion.com\/wp-content\/uploads\/2024\/09\/1553DF71-9D43-461D-86A3-6CACCFA486A7-1024x683.jpg')\" class=\"img-square hvr-grow\"><\/div>\n                    <div style=\"position: absolute; bottom: 1rem; left: 1.5rem; right: 45%; color: #fff;\">\n                        <h5 style=\"font-size: 1.1rem; text-shadow: 0 3px 6px rgb(0 0 0 \/ 36%);\">Berta Sta\u0161kov\u00e1 &#8211; Lesn\u00fd k\u00fape\u013e<\/h5>\n                    <\/div>\n                    <div class=\"p-sm-3 p-2\" style=\"position: absolute; bottom: -1rem; right: 1.5rem; width: 30%; height: 30%; color: #fff; background-color: #fedd00;\">\n                        <img decoding=\"async\" class=\"topic-icon\" src=\"https:\/\/www.kosiceregion.com\/wp-content\/uploads\/2021\/12\/tradicie.png\" \/>\n                    <\/div>\n                <\/a>\n            <\/div>\n                        <div class=\"item card-poi-item pb-3 px-2\" style=\"overflow: hidden;\">\n                <a href=\"https:\/\/www.kosiceregion.com\/pl\/ambassador\/erik-sikora-dzumelec\/\">\n                    <div style=\"position: relative; background-image: url('https:\/\/www.kosiceregion.com\/wp-content\/uploads\/2021\/07\/Sikora-1-1-1024x683.jpg')\" class=\"img-square hvr-grow\"><\/div>\n                    <div style=\"position: absolute; bottom: 1rem; left: 1.5rem; right: 45%; color: #fff;\">\n                        <h5 style=\"font-size: 1.1rem; text-shadow: 0 3px 6px rgb(0 0 0 \/ 36%);\">Erik Sikora &#8211; D\u017dUMELEC<\/h5>\n                    <\/div>\n                    <div class=\"p-sm-3 p-2\" style=\"position: absolute; bottom: -1rem; right: 1.5rem; width: 30%; height: 30%; color: #fff; background-color: #00c5fe;\">\n                        <img decoding=\"async\" class=\"topic-icon\" src=\"https:\/\/www.kosiceregion.com\/wp-content\/uploads\/2021\/12\/mesto.png\" \/>\n                    <\/div>\n                <\/a>\n            <\/div>\n                        <div class=\"item card-poi-item pb-3 px-2\" style=\"overflow: hidden;\">\n                <a href=\"https:\/\/www.kosiceregion.com\/pl\/ambassador\/dana-oprendek-robin-street-food\/\">\n                    <div style=\"position: relative; background-image: url('https:\/\/www.kosiceregion.com\/wp-content\/uploads\/2021\/07\/AA_7769-1-1024x683.jpg')\" class=\"img-square hvr-grow\"><\/div>\n                    <div style=\"position: absolute; bottom: 1rem; left: 1.5rem; right: 45%; color: #fff;\">\n                        <h5 style=\"font-size: 1.1rem; text-shadow: 0 3px 6px rgb(0 0 0 \/ 36%);\">Dana Oprendek &#8211; ROBIN STREET FOOD<\/h5>\n                    <\/div>\n                    <div class=\"p-sm-3 p-2\" style=\"position: absolute; bottom: -1rem; right: 1.5rem; width: 30%; height: 30%; color: #fff; background-color: #ff7800;\">\n                        <img decoding=\"async\" class=\"topic-icon\" src=\"https:\/\/www.kosiceregion.com\/wp-content\/uploads\/2021\/12\/den-noc.png\" \/>\n                    <\/div>\n                <\/a>\n            <\/div>\n                        <div class=\"item card-poi-item pb-3 px-2\" style=\"overflow: hidden;\">\n                <a href=\"https:\/\/www.kosiceregion.com\/pl\/ambassador\/katerina-krnanska-katerina-je-ina-veganstvo-vsade-snima\/\">\n                    <div style=\"position: relative; background-image: url('https:\/\/www.kosiceregion.com\/wp-content\/uploads\/2024\/09\/CB98BADF-380D-495A-A289-365751D9BEA6-1024x683.jpg')\" class=\"img-square hvr-grow\"><\/div>\n                    <div style=\"position: absolute; bottom: 1rem; left: 1.5rem; right: 45%; color: #fff;\">\n                        <h5 style=\"font-size: 1.1rem; text-shadow: 0 3px 6px rgb(0 0 0 \/ 36%);\">Kate\u0159ina Kr\u0148ansk\u00e1 &#8211; Veganius<\/h5>\n                    <\/div>\n                    <div class=\"p-sm-3 p-2\" style=\"position: absolute; bottom: -1rem; right: 1.5rem; width: 30%; height: 30%; color: #fff; background-color: #fedd00;\">\n                        <img decoding=\"async\" class=\"topic-icon\" src=\"https:\/\/www.kosiceregion.com\/wp-content\/uploads\/2021\/12\/tradicie.png\" \/>\n                    <\/div>\n                <\/a>\n            <\/div>\n                        <div class=\"item card-poi-item pb-3 px-2\" style=\"overflow: hidden;\">\n                <a href=\"https:\/\/www.kosiceregion.com\/pl\/ambassador\/gabriel-oprendek-mellos-opre\/\">\n                    <div style=\"position: relative; background-image: url('https:\/\/www.kosiceregion.com\/wp-content\/uploads\/2021\/07\/AA_7737-1-1024x683.jpg')\" class=\"img-square hvr-grow\"><\/div>\n                    <div style=\"position: absolute; bottom: 1rem; left: 1.5rem; right: 45%; color: #fff;\">\n                        <h5 style=\"font-size: 1.1rem; text-shadow: 0 3px 6px rgb(0 0 0 \/ 36%);\">Gabriel Oprendek &#8211; MELLOS, OPRE\u00b4<\/h5>\n                    <\/div>\n                    <div class=\"p-sm-3 p-2\" style=\"position: absolute; bottom: -1rem; right: 1.5rem; width: 30%; height: 30%; color: #fff; background-color: #ff7800;\">\n                        <img decoding=\"async\" class=\"topic-icon\" src=\"https:\/\/www.kosiceregion.com\/wp-content\/uploads\/2021\/12\/den-noc.png\" \/>\n                    <\/div>\n                <\/a>\n            <\/div>\n                        <div class=\"item card-poi-item pb-3 px-2\" style=\"overflow: hidden;\">\n                <a href=\"https:\/\/www.kosiceregion.com\/pl\/ambassador\/viktor-feher-street-art-communication-sac\/\">\n                    <div style=\"position: relative; background-image: url('https:\/\/www.kosiceregion.com\/wp-content\/uploads\/2021\/07\/AA_8245-1-1024x683.jpg')\" class=\"img-square hvr-grow\"><\/div>\n                    <div style=\"position: absolute; bottom: 1rem; left: 1.5rem; right: 45%; color: #fff;\">\n                        <h5 style=\"font-size: 1.1rem; text-shadow: 0 3px 6px rgb(0 0 0 \/ 36%);\">Viktor Feher &#8211; STREET ART COMMUNICATION (SAC)<\/h5>\n                    <\/div>\n                    <div class=\"p-sm-3 p-2\" style=\"position: absolute; bottom: -1rem; right: 1.5rem; width: 30%; height: 30%; color: #fff; background-color: #00c5fe;\">\n                        <img decoding=\"async\" class=\"topic-icon\" src=\"https:\/\/www.kosiceregion.com\/wp-content\/uploads\/2021\/12\/mesto.png\" \/>\n                    <\/div>\n                <\/a>\n            <\/div>\n                        <div class=\"item card-poi-item pb-3 px-2\" style=\"overflow: hidden;\">\n                <a href=\"https:\/\/www.kosiceregion.com\/pl\/ambassador\/martin-jakub-kubbo-select\/\">\n                    <div style=\"position: relative; background-image: url('https:\/\/www.kosiceregion.com\/wp-content\/uploads\/2021\/07\/AA_7756-1-1024x683.jpg')\" class=\"img-square hvr-grow\"><\/div>\n                    <div style=\"position: absolute; bottom: 1rem; left: 1.5rem; right: 45%; color: #fff;\">\n                        <h5 style=\"font-size: 1.1rem; text-shadow: 0 3px 6px rgb(0 0 0 \/ 36%);\">Martin Jakub &#8211; KUBBO SELECT<\/h5>\n                    <\/div>\n                    <div class=\"p-sm-3 p-2\" style=\"position: absolute; bottom: -1rem; right: 1.5rem; width: 30%; height: 30%; color: #fff; background-color: #ff7800;\">\n                        <img decoding=\"async\" class=\"topic-icon\" src=\"https:\/\/www.kosiceregion.com\/wp-content\/uploads\/2021\/12\/den-noc.png\" \/>\n                    <\/div>\n                <\/a>\n            <\/div>\n                        <div class=\"item card-poi-item pb-3 px-2\" style=\"overflow: hidden;\">\n                <a href=\"https:\/\/www.kosiceregion.com\/pl\/ambassador\/milan-kolcun-potulky-mestom-kosice\/\">\n                    <div style=\"position: relative; background-image: url('https:\/\/www.kosiceregion.com\/wp-content\/uploads\/2021\/07\/AA_8256-1024x683.jpg')\" class=\"img-square hvr-grow\"><\/div>\n                    <div style=\"position: absolute; bottom: 1rem; left: 1.5rem; right: 45%; color: #fff;\">\n                        <h5 style=\"font-size: 1.1rem; text-shadow: 0 3px 6px rgb(0 0 0 \/ 36%);\">Milan Kolc\u00fan &#8211; POTULKY MESTOM KO\u0160ICE<\/h5>\n                    <\/div>\n                    <div class=\"p-sm-3 p-2\" style=\"position: absolute; bottom: -1rem; right: 1.5rem; width: 30%; height: 30%; color: #fff; background-color: #00c5fe;\">\n                        <img decoding=\"async\" class=\"topic-icon\" src=\"https:\/\/www.kosiceregion.com\/wp-content\/uploads\/2021\/12\/mesto.png\" \/>\n                    <\/div>\n                <\/a>\n            <\/div>\n                        <div class=\"item card-poi-item pb-3 px-2\" style=\"overflow: hidden;\">\n                <a href=\"https:\/\/www.kosiceregion.com\/pl\/ambassador\/marcel-slivka-vcely-raja\/\">\n                    <div style=\"position: relative; background-image: url('https:\/\/www.kosiceregion.com\/wp-content\/uploads\/2021\/07\/AA_8218-2-1024x683.jpg')\" class=\"img-square hvr-grow\"><\/div>\n                    <div style=\"position: absolute; bottom: 1rem; left: 1.5rem; right: 45%; color: #fff;\">\n                        <h5 style=\"font-size: 1.1rem; text-shadow: 0 3px 6px rgb(0 0 0 \/ 36%);\">Marcel Slivka &#8211; V\u010cELY RAJA<\/h5>\n                    <\/div>\n                    <div class=\"p-sm-3 p-2\" style=\"position: absolute; bottom: -1rem; right: 1.5rem; width: 30%; height: 30%; color: #fff; background-color: #fedd00;\">\n                        <img decoding=\"async\" class=\"topic-icon\" src=\"https:\/\/www.kosiceregion.com\/wp-content\/uploads\/2021\/12\/tradicie.png\" \/>\n                    <\/div>\n                <\/a>\n            <\/div>\n                        <\/div>\n            <div class=\"owl-theme\">\n                <div class=\"owl-controls\">\n                <\/div>\n            <\/div>\n        <\/div>\n    <\/div>\n<\/div>\n\n<script type=\"text\/javascript\"\n        src=\"https:\/\/www.kosiceregion.com\/wp-content\/themes\/kscregion\/js\/custom-owl-slider.js?version=20211208\"><\/script>\n\n\n<div id=\"common-text-3-4-right-block_e67cc4e64858f4a98c14d53dea4bd0aa\" class=\"common-text-3-4-right col-lg-10 offset-lg-1 col-xl-8 offset-xl-2 col-12\">\n<div class=\"col-sm-8 col-12 offset-sm-4 px-0\">\n        <p><p>Leniv\u00e9 cestovanie, &#8220;cestovanie s porozumen\u00edm&#8221;, je s\u00fa\u010das\u0165ou \u017eivotn\u00e9ho postoja. Predstavte si zelen\u00fa l\u00faku na nekone\u010dnom jemne zaoblenom chrbte planiny, biele pavu\u010dinov\u00e9 obl\u00e1\u010diky pl\u00e1vaj\u00face na modrej oblohe, z ktor\u00fdch si viete odrhn\u00fa\u0165 ako z cukrovej vaty. Jeden \u00fazky pra\u0161n\u00fd chodn\u00edk pre v\u00e1s. Ve\u013emi jednoduch\u00e1 cesta k slobode a s\u00fa\u010dasne skvel\u00e1 \u0161anca venova\u0165 sa jednej z najpodce\u0148ovanej\u0161\u00edch aktiv\u00edt &#8211; prem\u00fd\u0161\u013eaniu. Pozn\u00e1me tak\u00e9 miesta! Pon\u00fakame iba \u0161tart a cie\u013e, to \u010d\u00edm priestor medzi t\u00fdmito bodmi vypln\u00edte je na v\u00e1s. Viackr\u00e1t vyjdete zo svojej komfortnej z\u00f3ny, budete musie\u0165 hovori\u0165 a spolieha\u0165 na cudz\u00edch \u013eud\u00ed, popri tom mo\u017eno strat\u00edte predsudky, prep\u00ed\u0161ete mnoho osobn\u00fdch pravidiel. Toto je podstata cestovania &#8211; n\u00e1vrat k skuto\u010dn\u00e9mu, spozn\u00e1vanie bez g\u00fd\u010dov\u00fdch kul\u00eds. Cestovanie m\u00e1 by\u0165 liek, pr\u00edle\u017eitos\u0165 n\u00e1js\u0165 s\u00e1m seba i nov\u00fdch priate\u013eov. Stra\u0165te sa a znova n\u00e1jdite na KRAJI SVETA.<\/p>\n<\/p>\n    <\/div>\n    <style type=\"text\/css\">\n        #common-text-3-4-right-block_e67cc4e64858f4a98c14d53dea4bd0aa {\n            margin-top: 3rem;\n        }\n    <\/style>\n<\/div>\n\n\n<div id=\"common-image-3-4-left-block_b77acfd8c706c1093906b88396e3bb9c\" class=\"common-image-3-4-left col-lg-10 offset-lg-1 col-xl-8 offset-xl-2 col-12\">\n    <div class=\"col-sm-8 col-12 offset-sm-4 px-0\">\n        <div class=\"image-container\">\n            <img decoding=\"async\" src=\"https:\/\/www.kosiceregion.com\/wp-content\/uploads\/2021\/12\/KP_0102-1024x683.jpg\" \/>\n        <\/div>\n    <\/div>\n    <style type=\"text\/css\">\n        #common-image-3-4-left-block_b77acfd8c706c1093906b88396e3bb9c {\n            margin-top: 3rem;\n        }\n        #common-image-3-4-left-block_b77acfd8c706c1093906b88396e3bb9c .image-container { \n            position: relative; \n            padding-bottom: 56.25%;\n            overflow: hidden;\n            max-width: 100%;\n            height: auto;\n        } \n        #common-image-3-4-left-block_b77acfd8c706c1093906b88396e3bb9c .image-container img { \n            position: absolute;\n            top: 0;\n            left: 0;\n            width: 100%;\n            height: 100%;\n            object-fit: cover;\n        }\n    <\/style>\n<\/div>\n\n\n<div id=\"common-image-3-4-left-block_f3a635685d4b3697d8a44a62f76823e2\" class=\"common-image-3-4-left col-lg-10 offset-lg-1 col-xl-8 offset-xl-2 col-12\">\n    <div class=\"col-sm-8 col-12 px-0\">\n        <div class=\"image-container\">\n            <img decoding=\"async\" src=\"https:\/\/www.kosiceregion.com\/wp-content\/uploads\/2021\/12\/KP_0104-1024x682.jpg\" \/>\n        <\/div>\n    <\/div>\n    <style type=\"text\/css\">\n        #common-image-3-4-left-block_f3a635685d4b3697d8a44a62f76823e2 {\n            margin-top: 3rem;\n        }\n        #common-image-3-4-left-block_f3a635685d4b3697d8a44a62f76823e2 .image-container { \n            position: relative; \n            padding-bottom: 56.25%;\n            overflow: hidden;\n            max-width: 100%;\n            height: auto;\n        } \n        #common-image-3-4-left-block_f3a635685d4b3697d8a44a62f76823e2 .image-container img { \n            position: absolute;\n            top: 0;\n            left: 0;\n            width: 100%;\n            height: 100%;\n            object-fit: cover;\n        }\n    <\/style>\n<\/div>\n\n\n<div id=\"common-text-3-4-right-block_500ffbc91a921114819b0bcf822e7d38\" class=\"common-text-3-4-right col-lg-10 offset-lg-1 col-xl-8 offset-xl-2 col-12\">\n<div class=\"col-sm-8 col-12 offset-sm-4 px-0\">\n        <p><p><strong>Silick\u00e1 \u013eadnica<\/strong><\/p>\n<p>Asi kilometer a pol za obcou Silica sa nach\u00e1dza mal\u00e9 odstavn\u00e9 parkovisko pri Silickej \u013eadnici. Odtia\u013e sa pe\u0161i dostanete k 1 km vzdialenej jaskyni. Silick\u00e1 \u013eadnica je verejnosti dostupn\u00e1 celoro\u010dne, bez vstupn\u00e9ho a fotopoplatkov. Ale to nie je jedin\u00fd d\u00f4vod, pre\u010do v\u00e1s tam posielame. Silick\u00e1 \u013eadnica je jasky\u0148a s preboren\u00fdm stropom. Zo zabezpe\u010den\u00e9ho chodn\u00edka \u2013 gal\u00e9rie, m\u00f4\u017eete pozorova\u0165 a\u017e 90 metrov\u00fa hlbok\u00fa priepas\u0165. Zvl\u00e1\u0161tne je, \u017ee sa v nej aj po\u010das hor\u00facich letn\u00fdch dn\u00ed udr\u017e\u00ed mal\u00fd \u013eadov\u00fd kvape\u013e. Odtia\u013e je len k\u00fasok k Babskej diere &#8211; 46 metrov dlhej jaskynnej priepasti \u2013 n\u00e1lezisku kultov\u00e9ho s\u00eddla d\u00e1vnej kyjatickej kult\u00fary. Toto miesto je svedkom krvav\u00fdch obradov mlad\u0161ej doby kamennej. D\u00f4kazom je n\u00e1lez masky vyrobenej z tv\u00e1rovej lebky \u010dloveka, ktor\u00e1 sa pou\u017e\u00edvala pri kultov\u00fdch obradoch s \u013eudsk\u00fdmi obe\u0165ami.<\/p>\n<\/p>\n    <\/div>\n    <style type=\"text\/css\">\n        #common-text-3-4-right-block_500ffbc91a921114819b0bcf822e7d38 {\n            margin-top: 3rem;\n        }\n    <\/style>\n<\/div>\n\n\n<div id=\"common-image-3-4-left-block_a8fda507f39f1a51ad2d0e4a3902cceb\" class=\"common-image-3-4-left col-lg-10 offset-lg-1 col-xl-8 offset-xl-2 col-12\">\n    <div class=\"col-sm-8 col-12 offset-sm-4 px-0\">\n        <div class=\"image-container\">\n            <img decoding=\"async\" src=\"https:\/\/www.kosiceregion.com\/wp-content\/uploads\/2021\/12\/KP_0009-1024x683.jpg\" \/>\n        <\/div>\n    <\/div>\n    <style type=\"text\/css\">\n        #common-image-3-4-left-block_a8fda507f39f1a51ad2d0e4a3902cceb {\n            margin-top: 3rem;\n        }\n        #common-image-3-4-left-block_a8fda507f39f1a51ad2d0e4a3902cceb .image-container { \n            position: relative; \n            padding-bottom: 56.25%;\n            overflow: hidden;\n            max-width: 100%;\n            height: auto;\n        } \n        #common-image-3-4-left-block_a8fda507f39f1a51ad2d0e4a3902cceb .image-container img { \n            position: absolute;\n            top: 0;\n            left: 0;\n            width: 100%;\n            height: 100%;\n            object-fit: cover;\n        }\n    <\/style>\n<\/div>\n\n\n<div id=\"common-text-3-4-left-block_940a0eed6f7d072fdd55eabb486b91d3\" class=\"common-text-3-4-left col-lg-10 offset-lg-1 col-xl-8 offset-xl-2 col-12\">\n    <div class=\"col-sm-8 col-12 px-0\">\n        <p><p><strong>Silick\u00e1 planina<\/strong><\/p>\n<p>M\u00e1 rozlohu 153 km \u0161tvorcov\u00fdch, je najv\u00e4\u010d\u0161ou planinou Slovenska zo 17 objaven\u00fdmi jasky\u0148ami a 14 priepas\u0165ami. Nebo nad planinou je \u00faplne na dotyk. V\u013eavo m\u00f4\u017eete pozorova\u0165 aj vzdialen\u00e9 \u0161t\u00edty slovensk\u00fdch ve\u013eh\u00f4r. Pribli\u017ene po polhodine ch\u00f4dze sa dostanete k tradi\u010dnej vahadlovej studni s jednoduch\u00fdm posedom. Bl\u00edzko sa nach\u00e1dza podzemn\u00e9 Ja\u0161teri\u010die jazero, o ktorom sa dozviete z osadenej informa\u010dnej tabule. Dostanete sa a\u017e do Kr\u00e1snohorskej Dlhej l\u00faky. Viete si predstavi\u0165 prejs\u0165 planinou len za svitu mesiaca a hviezd? A \u010do tak vy\u010dka\u0165 na v\u00fdchod slnka priamo na planine?<\/p>\n<\/p>\n    <\/div>\n    <style type=\"text\/css\">\n        #common-text-3-4-left-block_940a0eed6f7d072fdd55eabb486b91d3 {\n            margin-top: 3rem;\n        }\n    <\/style>\n<\/div>\n\n\n<div id=\"common-image-3-4-left-block_e8d8b4515a208e4bc1faac8a82422c2b\" class=\"common-image-3-4-left col-lg-10 offset-lg-1 col-xl-8 offset-xl-2 col-12\">\n    <div class=\"col-sm-8 col-12 px-0\">\n        <div class=\"image-container\">\n            <img decoding=\"async\" src=\"https:\/\/www.kosiceregion.com\/wp-content\/uploads\/2021\/12\/KP_0103-1024x682.jpg\" \/>\n        <\/div>\n    <\/div>\n    <style type=\"text\/css\">\n        #common-image-3-4-left-block_e8d8b4515a208e4bc1faac8a82422c2b {\n            margin-top: 3rem;\n        }\n        #common-image-3-4-left-block_e8d8b4515a208e4bc1faac8a82422c2b .image-container { \n            position: relative; \n            padding-bottom: 56.25%;\n            overflow: hidden;\n            max-width: 100%;\n            height: auto;\n        } \n        #common-image-3-4-left-block_e8d8b4515a208e4bc1faac8a82422c2b .image-container img { \n            position: absolute;\n            top: 0;\n            left: 0;\n            width: 100%;\n            height: 100%;\n            object-fit: cover;\n        }\n    <\/style>\n<\/div>\n\n\n<div id=\"common-text-3-4-right-block_c7fe938d808906b49d18e436cd00d191\" class=\"common-text-3-4-right col-lg-10 offset-lg-1 col-xl-8 offset-xl-2 col-12\">\n<div class=\"col-sm-8 col-12 offset-sm-4 px-0\">\n        <p><p><strong>Kr\u00e1snohorsk\u00e1 jasky\u0148a<\/strong><\/p>\n<p>Nie je to oby\u010dajn\u00e1 jasky\u0148a, budete potrebova\u0165 jaskyniarsky odev, obuv, \u010delovku a helmu. To v\u0161etko v\u00e1m zabezpe\u010d\u00ed jaskyniar, ktor\u00fd v\u00e1s jasky\u0148ou a h\u013eadan\u00edm skuto\u010dn\u00e9ho dobrodru\u017estva prevedie. www.krasnohorska-jaskyna.sk<\/p>\n<p>Praktick\u00e9 inform\u00e1cie: Jasky\u0148a je otvoren\u00e1 od 1. 4. do 31. 10. Sez\u00f3na trv\u00e1 od 1. 7. do 31. 8. V sez\u00f3ne sa uskuto\u010d\u0148uj\u00fa do jaskyne 2 vstupy denne pre maxim\u00e1lne 20 os\u00f4b na jeden vstup v dvoch skupin\u00e1ch po maxim\u00e1lne 10 os\u00f4b. Minim\u00e1lny po\u010det na vstup s\u00fa 4 osoby. Mimo sez\u00f3ny je potrebn\u00e9 vstup do jaskyne dopredu dohodn\u00fa\u0165 telefonicky na \u010d\u00edsle: 0905 412 048 alebo emailom: stankov@ke.psg.sk. Vzh\u013eadom na obmedzen\u00fd po\u010det n\u00e1v\u0161tevn\u00edkov na jeden vstup je lep\u0161ie si n\u00e1v\u0161tevu jaskyne rezervova\u0165, aby ste na vybran\u00fd term\u00edn do jaskyne aj dostali. Jasky\u0148u m\u00f4\u017eu nav\u0161t\u00edvi\u0165 deti od 6 do 15 rokov v\u00a0 sprievode rodi\u010dov. Prehliadkov\u00e1 trasa je vhodn\u00e1 takmer pre v\u0161etk\u00fdch. Vy\u017eaduje v\u0161ak ur\u010dit\u00fa pohyblivos\u0165. N\u00e1v\u0161tevu by mali zv\u00e1\u017ei\u0165 \u013eudia s nadv\u00e1hou alebo s v\u00e1\u017enymi zdravotn\u00fdmi probl\u00e9mami.<\/p>\n<\/p>\n    <\/div>\n    <style type=\"text\/css\">\n        #common-text-3-4-right-block_c7fe938d808906b49d18e436cd00d191 {\n            margin-top: 3rem;\n        }\n    <\/style>\n<\/div>\n\n\n<div id=\"common-image-3-4-left-block_6809e93ec7e5d51e28248adfaa85fad7\" class=\"common-image-3-4-left col-lg-10 offset-lg-1 col-xl-8 offset-xl-2 col-12\">\n    <div class=\"col-sm-8 col-12 offset-sm-4 px-0\">\n        <div class=\"image-container\">\n            <img decoding=\"async\" src=\"https:\/\/www.kosiceregion.com\/wp-content\/uploads\/2021\/12\/DSC06474-1024x683.jpg\" \/>\n        <\/div>\n    <\/div>\n    <style type=\"text\/css\">\n        #common-image-3-4-left-block_6809e93ec7e5d51e28248adfaa85fad7 {\n            margin-top: 3rem;\n        }\n        #common-image-3-4-left-block_6809e93ec7e5d51e28248adfaa85fad7 .image-container { \n            position: relative; \n            padding-bottom: 56.25%;\n            overflow: hidden;\n            max-width: 100%;\n            height: auto;\n        } \n        #common-image-3-4-left-block_6809e93ec7e5d51e28248adfaa85fad7 .image-container img { \n            position: absolute;\n            top: 0;\n            left: 0;\n            width: 100%;\n            height: 100%;\n            object-fit: cover;\n        }\n    <\/style>\n<\/div>\n\n\n<div id=\"theme-ambassador-section-block_718f4af8e2d0edd03cf1e58472827fa8\" class=\"theme-ambassador-section\" style=\"background-color: #64e42b;\">\n    <div class=\" col-lg-10 offset-lg-1 col-xl-8 offset-xl-2 col-12\">\n        <div id=\"carouselAmbassadors\" class=\"carousel slide col-12\" data-ride=\"carousel\" data-interval=\"7000\">\n            <div class=\"carousel-inner pt-4\">\n                                <div class=\"carousel-item active\">\n                        <div class=\"row col-12 py-5\">\n                            <div class=\"col-sm-4 col-12\">\n                                <div class=\"img-square\" style=\"background-image: url(https:\/\/www.kosiceregion.com\/wp-content\/uploads\/2021\/07\/Sabovcik-1024x683.jpg);\"><\/div>\n                            <\/div>\n                            <div class=\"col-sm-8 col-12 mt-sm-0 mt-3\">\n                                <h3>Michal Sabov\u010d\u00edk &#8211; ADRENAL\u00cdN<\/h3>\n                                <p><p><b>Tags<\/b><\/p>\n<p>G\u00f3ry, dziewicza przyroda, adrenalina<\/p>\n<p><b>O Michale<\/b><\/p>\n<p>Sukcesy alpinistyczne pozwalaj\u0105 Micha\u0142owi spokojnie buja\u0107 w ob\u0142okach, co faktycznie robi! Ju\u017c w m\u0142odo\u015bci wdrapa\u0142 si\u0119 na wysoko\u015b\u0107 7\u00a0134 m n.p.m. i stoj\u0105c na wierzcho\u0142ku Szczytu Lenina (Awicenny) podziwia\u0142 widoki. Z pokor\u0105 zdoby\u0142 szczyt patago\u0144skiego Cerro Torre, a tak\u017ce uda\u0142o mu si\u0119 wej\u015b\u0107 na legendarny Fitz Roy. Jego odwag\u0119 i talent alpinistyczny doceni\u0142o S\u0142owackie Towarzystwo Wspinaczkowe JAMES, kt\u00f3re przyzna\u0142o mu kilka nagr\u00f3d oraz przyj\u0119\u0142o do s\u0142owackiej reprezentacji alpinistycznej. Micha\u0142 potrafi tak\u017ce zmieni\u0107 ka\u017cdego \u201emieszczucha\u201d w \u0142owc\u0119 przyg\u00f3d, kt\u00f3ry pokocha dzik\u0105 przyrod\u0119!<\/p>\n<p><strong>Wi\u0119cej informacji:<\/strong><\/p>\n<p><a href=\"http:\/\/michalsabovcik.com\/\"><span style=\"font-weight: 400;\">http:\/\/michalsabovcik.com\/<\/span><\/a><\/p>\n<\/p>\n                            <\/div>\n                        <\/div>\n                    <\/div>\n                                                            <\/div>\n        <\/div>\n    <\/div>\n    <style type=\"text\/css\">\n        #theme-ambassador-section-block_718f4af8e2d0edd03cf1e58472827fa8 {\n            margin-top: 5rem;\n        }\n        #theme-ambassador-section-block_718f4af8e2d0edd03cf1e58472827fa8 h3 {\n            color: #fff;\n            margin-top: .5rem;\n            margin-bottom: .5rem;\n        }\n        #theme-ambassador-section-block_718f4af8e2d0edd03cf1e58472827fa8 p {\n            color: #000;\n        }\n    <\/style>\n<\/div>\n\n<div class=\"section-front\">\n    <div class=\"row col-12 center-horizontal max-width\">\n        <div class=\"section-title mt-sm-3 mt-5 mb-5\">ambassadors of kraj sveta<\/div>\n        <div class=\"ambassadors-top-nav owl-nav\"><\/div>\n        <div class=\"owl-vl\"><\/div>\n    <\/div>\n\n    <div class=\"row col-12 center-horizontal max-width mb-5\">\n        <div class=\"owl-content\">\n            <div id=\"owl-carousel-ambassadors\" class=\"owl-carousel owl-theme\">\n                        <div class=\"item card-poi-item pb-3 px-2\" style=\"overflow: hidden;\">\n                <a href=\"https:\/\/www.kosiceregion.com\/pl\/ambassador\/katerina-krnanska-katerina-je-ina-veganstvo-vsade-snima\/\">\n                    <div style=\"position: relative; background-image: url('https:\/\/www.kosiceregion.com\/wp-content\/uploads\/2024\/09\/CB98BADF-380D-495A-A289-365751D9BEA6-1024x683.jpg')\" class=\"img-square hvr-grow\"><\/div>\n                    <div style=\"position: absolute; bottom: 1rem; left: 1.5rem; right: 45%; color: #fff;\">\n                        <h5 style=\"font-size: 1.1rem; text-shadow: 0 3px 6px rgb(0 0 0 \/ 36%);\">Kate\u0159ina Kr\u0148ansk\u00e1 &#8211; Veganius<\/h5>\n                    <\/div>\n                    <div class=\"p-sm-3 p-2\" style=\"position: absolute; bottom: -1rem; right: 1.5rem; width: 30%; height: 30%; color: #fff; background-color: #fedd00;\">\n                        <img decoding=\"async\" class=\"topic-icon\" src=\"https:\/\/www.kosiceregion.com\/wp-content\/uploads\/2021\/12\/tradicie.png\" \/>\n                    <\/div>\n                <\/a>\n            <\/div>\n                        <div class=\"item card-poi-item pb-3 px-2\" style=\"overflow: hidden;\">\n                <a href=\"https:\/\/www.kosiceregion.com\/pl\/ambassador\/miso-hudak-vychodne-pobrezie\/\">\n                    <div style=\"position: relative; background-image: url('https:\/\/www.kosiceregion.com\/wp-content\/uploads\/2021\/07\/AA_8269-1-1024x683.jpg')\" class=\"img-square hvr-grow\"><\/div>\n                    <div style=\"position: absolute; bottom: 1rem; left: 1.5rem; right: 45%; color: #fff;\">\n                        <h5 style=\"font-size: 1.1rem; text-shadow: 0 3px 6px rgb(0 0 0 \/ 36%);\">Mi\u0161o Hud\u00e1k &#8211; V\u00ddCHODN\u00c9 POBRE\u017dIE<\/h5>\n                    <\/div>\n                    <div class=\"p-sm-3 p-2\" style=\"position: absolute; bottom: -1rem; right: 1.5rem; width: 30%; height: 30%; color: #fff; background-color: #00c5fe;\">\n                        <img decoding=\"async\" class=\"topic-icon\" src=\"https:\/\/www.kosiceregion.com\/wp-content\/uploads\/2021\/12\/mesto.png\" \/>\n                    <\/div>\n                <\/a>\n            <\/div>\n                        <div class=\"item card-poi-item pb-3 px-2\" style=\"overflow: hidden;\">\n                <a href=\"https:\/\/www.kosiceregion.com\/pl\/ambassador\/berta-staskova-lesny-kupel\/\">\n                    <div style=\"position: relative; background-image: url('https:\/\/www.kosiceregion.com\/wp-content\/uploads\/2024\/09\/1553DF71-9D43-461D-86A3-6CACCFA486A7-1024x683.jpg')\" class=\"img-square hvr-grow\"><\/div>\n                    <div style=\"position: absolute; bottom: 1rem; left: 1.5rem; right: 45%; color: #fff;\">\n                        <h5 style=\"font-size: 1.1rem; text-shadow: 0 3px 6px rgb(0 0 0 \/ 36%);\">Berta Sta\u0161kov\u00e1 &#8211; Lesn\u00fd k\u00fape\u013e<\/h5>\n                    <\/div>\n                    <div class=\"p-sm-3 p-2\" style=\"position: absolute; bottom: -1rem; right: 1.5rem; width: 30%; height: 30%; color: #fff; background-color: #fedd00;\">\n                        <img decoding=\"async\" class=\"topic-icon\" src=\"https:\/\/www.kosiceregion.com\/wp-content\/uploads\/2021\/12\/tradicie.png\" \/>\n                    <\/div>\n                <\/a>\n            <\/div>\n                        <div class=\"item card-poi-item pb-3 px-2\" style=\"overflow: hidden;\">\n                <a href=\"https:\/\/www.kosiceregion.com\/pl\/ambassador\/martin-jakub-kubbo-select\/\">\n                    <div style=\"position: relative; background-image: url('https:\/\/www.kosiceregion.com\/wp-content\/uploads\/2021\/07\/AA_7756-1-1024x683.jpg')\" class=\"img-square hvr-grow\"><\/div>\n                    <div style=\"position: absolute; bottom: 1rem; left: 1.5rem; right: 45%; color: #fff;\">\n                        <h5 style=\"font-size: 1.1rem; text-shadow: 0 3px 6px rgb(0 0 0 \/ 36%);\">Martin Jakub &#8211; KUBBO SELECT<\/h5>\n                    <\/div>\n                    <div class=\"p-sm-3 p-2\" style=\"position: absolute; bottom: -1rem; right: 1.5rem; width: 30%; height: 30%; color: #fff; background-color: #ff7800;\">\n                        <img decoding=\"async\" class=\"topic-icon\" src=\"https:\/\/www.kosiceregion.com\/wp-content\/uploads\/2021\/12\/den-noc.png\" \/>\n                    <\/div>\n                <\/a>\n            <\/div>\n                        <div class=\"item card-poi-item pb-3 px-2\" style=\"overflow: hidden;\">\n                <a href=\"https:\/\/www.kosiceregion.com\/pl\/ambassador\/viktor-feher-street-art-communication-sac\/\">\n                    <div style=\"position: relative; background-image: url('https:\/\/www.kosiceregion.com\/wp-content\/uploads\/2021\/07\/AA_8245-1-1024x683.jpg')\" class=\"img-square hvr-grow\"><\/div>\n                    <div style=\"position: absolute; bottom: 1rem; left: 1.5rem; right: 45%; color: #fff;\">\n                        <h5 style=\"font-size: 1.1rem; text-shadow: 0 3px 6px rgb(0 0 0 \/ 36%);\">Viktor Feher &#8211; STREET ART COMMUNICATION (SAC)<\/h5>\n                    <\/div>\n                    <div class=\"p-sm-3 p-2\" style=\"position: absolute; bottom: -1rem; right: 1.5rem; width: 30%; height: 30%; color: #fff; background-color: #00c5fe;\">\n                        <img decoding=\"async\" class=\"topic-icon\" src=\"https:\/\/www.kosiceregion.com\/wp-content\/uploads\/2021\/12\/mesto.png\" \/>\n                    <\/div>\n                <\/a>\n            <\/div>\n                        <div class=\"item card-poi-item pb-3 px-2\" style=\"overflow: hidden;\">\n                <a href=\"https:\/\/www.kosiceregion.com\/pl\/ambassador\/marcel-slivka-vcely-raja\/\">\n                    <div style=\"position: relative; background-image: url('https:\/\/www.kosiceregion.com\/wp-content\/uploads\/2021\/07\/AA_8218-2-1024x683.jpg')\" class=\"img-square hvr-grow\"><\/div>\n                    <div style=\"position: absolute; bottom: 1rem; left: 1.5rem; right: 45%; color: #fff;\">\n                        <h5 style=\"font-size: 1.1rem; text-shadow: 0 3px 6px rgb(0 0 0 \/ 36%);\">Marcel Slivka &#8211; V\u010cELY RAJA<\/h5>\n                    <\/div>\n                    <div class=\"p-sm-3 p-2\" style=\"position: absolute; bottom: -1rem; right: 1.5rem; width: 30%; height: 30%; color: #fff; background-color: #fedd00;\">\n                        <img decoding=\"async\" class=\"topic-icon\" src=\"https:\/\/www.kosiceregion.com\/wp-content\/uploads\/2021\/12\/tradicie.png\" \/>\n                    <\/div>\n                <\/a>\n            <\/div>\n                        <div class=\"item card-poi-item pb-3 px-2\" style=\"overflow: hidden;\">\n                <a href=\"https:\/\/www.kosiceregion.com\/pl\/ambassador\/dana-oprendek-robin-street-food\/\">\n                    <div style=\"position: relative; background-image: url('https:\/\/www.kosiceregion.com\/wp-content\/uploads\/2021\/07\/AA_7769-1-1024x683.jpg')\" class=\"img-square hvr-grow\"><\/div>\n                    <div style=\"position: absolute; bottom: 1rem; left: 1.5rem; right: 45%; color: #fff;\">\n                        <h5 style=\"font-size: 1.1rem; text-shadow: 0 3px 6px rgb(0 0 0 \/ 36%);\">Dana Oprendek &#8211; ROBIN STREET FOOD<\/h5>\n                    <\/div>\n                    <div class=\"p-sm-3 p-2\" style=\"position: absolute; bottom: -1rem; right: 1.5rem; width: 30%; height: 30%; color: #fff; background-color: #ff7800;\">\n                        <img decoding=\"async\" class=\"topic-icon\" src=\"https:\/\/www.kosiceregion.com\/wp-content\/uploads\/2021\/12\/den-noc.png\" \/>\n                    <\/div>\n                <\/a>\n            <\/div>\n                        <div class=\"item card-poi-item pb-3 px-2\" style=\"overflow: hidden;\">\n                <a href=\"https:\/\/www.kosiceregion.com\/pl\/ambassador\/matus-vdovjak-vinarstvo-vdovjak\/\">\n                    <div style=\"position: relative; background-image: url('https:\/\/www.kosiceregion.com\/wp-content\/uploads\/2021\/08\/AA_8229-1024x683.jpg')\" class=\"img-square hvr-grow\"><\/div>\n                    <div style=\"position: absolute; bottom: 1rem; left: 1.5rem; right: 45%; color: #fff;\">\n                        <h5 style=\"font-size: 1.1rem; text-shadow: 0 3px 6px rgb(0 0 0 \/ 36%);\">Mat\u00fa\u0161 Vdovjak &#8211; VIN\u00c1RSTVO VDOVJAK<\/h5>\n                    <\/div>\n                    <div class=\"p-sm-3 p-2\" style=\"position: absolute; bottom: -1rem; right: 1.5rem; width: 30%; height: 30%; color: #fff; background-color: #fedd00;\">\n                        <img decoding=\"async\" class=\"topic-icon\" src=\"https:\/\/www.kosiceregion.com\/wp-content\/uploads\/2021\/12\/tradicie.png\" \/>\n                    <\/div>\n                <\/a>\n            <\/div>\n                        <div class=\"item card-poi-item pb-3 px-2\" style=\"overflow: hidden;\">\n                <a href=\"https:\/\/www.kosiceregion.com\/pl\/ambassador\/juraj-hidveghy-hladac-hudobnych-pokladov\/\">\n                    <div style=\"position: relative; background-image: url('https:\/\/www.kosiceregion.com\/wp-content\/uploads\/2025\/09\/A064554B-3D3E-43D7-8CF2-0E6D669BF7E9-1024x683.jpg')\" class=\"img-square hvr-grow\"><\/div>\n                    <div style=\"position: absolute; bottom: 1rem; left: 1.5rem; right: 45%; color: #fff;\">\n                        <h5 style=\"font-size: 1.1rem; text-shadow: 0 3px 6px rgb(0 0 0 \/ 36%);\">Juraj Hidv\u00e9ghy \u2013 h\u013eada\u010d hudobn\u00fdch pokladov<\/h5>\n                    <\/div>\n                    <div class=\"p-sm-3 p-2\" style=\"position: absolute; bottom: -1rem; right: 1.5rem; width: 30%; height: 30%; color: #fff; background-color: ;\">\n                        <img decoding=\"async\" class=\"topic-icon\" src=\"\" \/>\n                    <\/div>\n                <\/a>\n            <\/div>\n                        <div class=\"item card-poi-item pb-3 px-2\" style=\"overflow: hidden;\">\n                <a href=\"https:\/\/www.kosiceregion.com\/pl\/ambassador\/gabriel-oprendek-mellos-opre\/\">\n                    <div style=\"position: relative; background-image: url('https:\/\/www.kosiceregion.com\/wp-content\/uploads\/2021\/07\/AA_7737-1-1024x683.jpg')\" class=\"img-square hvr-grow\"><\/div>\n                    <div style=\"position: absolute; bottom: 1rem; left: 1.5rem; right: 45%; color: #fff;\">\n                        <h5 style=\"font-size: 1.1rem; text-shadow: 0 3px 6px rgb(0 0 0 \/ 36%);\">Gabriel Oprendek &#8211; MELLOS, OPRE\u00b4<\/h5>\n                    <\/div>\n                    <div class=\"p-sm-3 p-2\" style=\"position: absolute; bottom: -1rem; right: 1.5rem; width: 30%; height: 30%; color: #fff; background-color: #ff7800;\">\n                        <img decoding=\"async\" class=\"topic-icon\" src=\"https:\/\/www.kosiceregion.com\/wp-content\/uploads\/2021\/12\/den-noc.png\" \/>\n                    <\/div>\n                <\/a>\n            <\/div>\n                        <div class=\"item card-poi-item pb-3 px-2\" style=\"overflow: hidden;\">\n                <a href=\"https:\/\/www.kosiceregion.com\/pl\/ambassador\/milan-kolcun-potulky-mestom-kosice\/\">\n                    <div style=\"position: relative; background-image: url('https:\/\/www.kosiceregion.com\/wp-content\/uploads\/2021\/07\/AA_8256-1024x683.jpg')\" class=\"img-square hvr-grow\"><\/div>\n                    <div style=\"position: absolute; bottom: 1rem; left: 1.5rem; right: 45%; color: #fff;\">\n                        <h5 style=\"font-size: 1.1rem; text-shadow: 0 3px 6px rgb(0 0 0 \/ 36%);\">Milan Kolc\u00fan &#8211; POTULKY MESTOM KO\u0160ICE<\/h5>\n                    <\/div>\n                    <div class=\"p-sm-3 p-2\" style=\"position: absolute; bottom: -1rem; right: 1.5rem; width: 30%; height: 30%; color: #fff; background-color: #00c5fe;\">\n                        <img decoding=\"async\" class=\"topic-icon\" src=\"https:\/\/www.kosiceregion.com\/wp-content\/uploads\/2021\/12\/mesto.png\" \/>\n                    <\/div>\n                <\/a>\n            <\/div>\n                        <div class=\"item card-poi-item pb-3 px-2\" style=\"overflow: hidden;\">\n                <a href=\"https:\/\/www.kosiceregion.com\/pl\/ambassador\/erik-sikora-dzumelec\/\">\n                    <div style=\"position: relative; background-image: url('https:\/\/www.kosiceregion.com\/wp-content\/uploads\/2021\/07\/Sikora-1-1-1024x683.jpg')\" class=\"img-square hvr-grow\"><\/div>\n                    <div style=\"position: absolute; bottom: 1rem; left: 1.5rem; right: 45%; color: #fff;\">\n                        <h5 style=\"font-size: 1.1rem; text-shadow: 0 3px 6px rgb(0 0 0 \/ 36%);\">Erik Sikora &#8211; D\u017dUMELEC<\/h5>\n                    <\/div>\n                    <div class=\"p-sm-3 p-2\" style=\"position: absolute; bottom: -1rem; right: 1.5rem; width: 30%; height: 30%; color: #fff; background-color: #00c5fe;\">\n                        <img decoding=\"async\" class=\"topic-icon\" src=\"https:\/\/www.kosiceregion.com\/wp-content\/uploads\/2021\/12\/mesto.png\" \/>\n                    <\/div>\n                <\/a>\n            <\/div>\n                        <\/div>\n            <div class=\"owl-theme\">\n                <div class=\"owl-controls\">\n                <\/div>\n            <\/div>\n        <\/div>\n    <\/div>\n<\/div>\n\n<script type=\"text\/javascript\"\n        src=\"https:\/\/www.kosiceregion.com\/wp-content\/themes\/kscregion\/js\/custom-owl-slider.js?version=20211208\"><\/script>","protected":false,"raw":"<!-- wp:acf\/common-text-left-section {\"name\":\"acf\/common-text-left-section\",\"data\":{\"field_60c66a6067e54\":\"\\u003cp style=\\u0022background: white; margin: 0cm 0cm 18.0pt 0cm;\\u0022\\u003e\\u003cstrong\\u003e\\u003cspan lang=\\u0022PL\\u0022 style=\\u0022font-family: 'Source Sans Pro',sans-serif; color: #3b3b3b;\\u0022\\u003eSzukasz ucieczki od nudy i raz po raz si\u0119gasz po zastrzyk adrenaliny, wykre\u015blaj\u0105c z listy kolejne atrakcje, kt\u00f3re musisz zaliczy\u0107 przed \u015bmierci\u0105? A mo\u017ce na Ciebie to nie dzia\u0142a? Chyba wiemy, dlaczego. Kosztowne i przereklamowane ucieczki w \u015bwiat tanich marze\u0144 po prostu si\u0119 nie sprawdzaj\u0105. Dlatego omi\u0144 szerokim \u0142ukiem wszystkie pu\u0142apki konsumpcjonizmu i otw\u00f3rz si\u0119 na co\u015b innego. Zakosztuj leniwego podr\u00f3\u017cowania, w kt\u00f3rym nie chodzi o \u201ezabaw\u0119 i relaks\u201d z folderu reklamowego.\\u003c\/span\\u003e\\u003c\/strong\\u003e\\u003c\/p\\u003e\"},\"mode\":\"preview\"} \/-->\n\n<!-- wp:acf\/common-text-right-section {\"name\":\"acf\/common-text-right-section\",\"data\":{\"field_60c66a6067e54\":\"\\u003cp style=\\u0022background: white; margin: 0cm 0cm 18.0pt 0cm;\\u0022\\u003e\\u003cspan lang=\\u0022PL\\u0022 style=\\u0022font-family: 'Source Sans Pro',sans-serif; color: #3b3b3b;\\u0022\\u003eLeniwe podr\u00f3\u017cowanie, takie, kt\u00f3re ma g\u0142\u0119bi\u0119, to tak naprawd\u0119 styl bycia. Wyobra\u017a sobie zielone \u0142\u0105ki porastaj\u0105ce ci\u0105gn\u0105ce si\u0119 w niesko\u0144czono\u015b\u0107 \u0142agodne wzg\u00f3rza, bia\u0142e ob\u0142oczki niczym owieczki p\u0142ywaj\u0105ce po niebie, kusz\u0105ce jak wata cukrowa. A po\u015br\u00f3d nich zupe\u0142nie pust\u0105, zakurzon\u0105 \u015bcie\u017ck\u0119. Oto prosta droga do wolno\u015bci i \u015bwietna okazja do oddania si\u0119 jednej z najbardziej niedocenianych czynno\u015bci \u2013 refleksji. Znamy takie miejsca! Proponujemy Ci punkt startowy i punkt ko\u0144cowy \u2013 sam zdecydujesz, czym wype\u0142nisz przestrze\u0144 pomi\u0119dzy. Tylko w ten spos\u00f3b b\u0119dziesz mia\u0142 szans\u0119 opu\u015bci\u0107 swoj\u0105 stref\u0119 komfortu, zagada\u0107 do obcych, a nawet polega\u0107 na ich radach. A przy okazji by\u0107 mo\u017ce pozb\u0119dziesz si\u0119 uprzedze\u0144 i zmienisz swoj\u0105 optyk\u0119. Bo to w\u0142a\u015bnie istota podr\u00f3\u017cowania \u2013 powr\u00f3t do autentyczno\u015bci, poznawanie \u015bwiata bez kiczowatej scenerii. Droga ma by\u0107 lekarstwem, okazj\u0105, by dotrze\u0107 do siebie i nawi\u0105za\u0107 nowe znajomo\u015bci. Zatem powodzenia w gubieniu i odnajdywaniu siebie na nowo na KRA\u0143CU \u015aWIATA!\\u003c\/span\\u003e\\u003c\/p\\u003e\"},\"mode\":\"preview\"} \/-->\n\n<!-- wp:acf\/common-image-right-section {\"name\":\"acf\/common-image-right-section\",\"data\":{\"image\":8247,\"_image\":\"field_60c66ddbbdafe\"},\"mode\":\"preview\"} \/-->\n\n<!-- wp:acf\/common-image-left-section {\"name\":\"acf\/common-image-left-section\",\"data\":{\"image\":8246,\"_image\":\"field_60c66ddbbdafe\"},\"mode\":\"preview\"} \/-->\n\n<!-- wp:acf\/common-text-right-section {\"name\":\"acf\/common-text-right-section\",\"data\":{\"field_60c66a6067e54\":\"\\u003cp style=\\u0022background: white; margin: 0cm 0cm 18.0pt 0cm;\\u0022\\u003e\\u003cstrong\\u003e\\u003cspan lang=\\u0022PL\\u0022 style=\\u0022font-family: 'Source Sans Pro',sans-serif; color: #3b3b3b;\\u0022\\u003eJaskinia Silicka Ladnica (Silick\u00e1 \u013eadnica)\\u003c\/span\\u003e\\u003c\/strong\\u003e\\u003c\/p\\u003e\\r\\n\\u003cp style=\\u0022background: white; margin: 0cm 0cm 18.0pt 0cm;\\u0022\\u003e\\u003cspan lang=\\u0022PL\\u0022 style=\\u0022font-family: 'Source Sans Pro',sans-serif; color: #3b3b3b;\\u0022\\u003eJakie\u015b 1,5 km za wsi\u0105 Silica znajduje si\u0119 niewielki parking. St\u0105d pieszo dotrzesz do oddalonej o 1 km jaskini, kt\u00f3ra jest otwarta przez ca\u0142y rok, a za wej\u015bcie i fotografowanie nie s\u0105 pobierane \u017cadne op\u0142aty. Ale polecamy Ci j\u0105 z innego powodu. Ot\u00f3\u017c jest to jaskinia z otwartym stropem. Dzi\u0119ki temu z tzw. galerii mo\u017cesz zobaczy\u0107 90-metrow\u0105 przepa\u015b\u0107. Co ciekawe, nawet w upalne letnie dni mo\u017cesz w niej zobaczy\u0107 sople lodu. St\u0105d ju\u017c tylko kawa\u0142ek do jaskini Babsk\u00e1 diera. Jest to w zasadzie przepa\u015b\u0107 o d\u0142ugo\u015bci 46 metr\u00f3w, kt\u00f3ra w zamierzch\u0142ej przesz\u0142o\u015bci by\u0142a miejscem kultu pradawnej kultury kyjatyckiej i \u015bwiadkiem krwawych obrz\u0119d\u00f3w z m\u0142odszej epoki kamienia. \u015awiadczy o tym odkrycie maski z ludzkiej czaszki u\u017cywanej w celach obrz\u0119dowych, a zatem sk\u0142adano tu ofiary z ludzi.\\u003c\/span\\u003e\\u003c\/p\\u003e\"},\"mode\":\"preview\"} \/-->\n\n<!-- wp:acf\/common-image-right-section {\"name\":\"acf\/common-image-right-section\",\"data\":{\"image\":8244,\"_image\":\"field_60c66ddbbdafe\"},\"mode\":\"preview\"} \/-->\n\n<!-- wp:acf\/common-text-left-section {\"name\":\"acf\/common-text-left-section\",\"data\":{\"field_60c66a6067e54\":\"\\u003cp style=\\u0022background: white; margin: 0cm 0cm 18.0pt 0cm;\\u0022\\u003e\\u003cstrong\\u003e\\u003cspan lang=\\u0022PL\\u0022 style=\\u0022font-family: 'Source Sans Pro',sans-serif; color: #3b3b3b;\\u0022\\u003eP\u0142askowy\u017c Silicki (Silick\u00e1 planina)\\u003c\/span\\u003e\\u003c\/strong\\u003e\\u003c\/p\\u003e\\r\\nZajmuje powierzchni\u0119 153 km2 i jest najwi\u0119kszym p\u0142askowy\u017cem w S\u0142owacji. Odkryto tu 17 jaski\u0144 i 14 przepa\u015bci. Niebo nad p\u0142askowy\u017cem jest na wyci\u0105gni\u0119cie r\u0119ki. Je\u015bli spojrze\u0107 w lewo, mo\u017cna dostrzec odleg\u0142e wierzcho\u0142ki g\u00f3r. Po mniej wi\u0119cej p\u00f3\u0142godzinnym spacerze dotrzesz do studni wahad\u0142owej z prost\u0105 \u0142aweczk\u0105. W pobli\u017cu znajduje si\u0119 podziemne Jaszczurze Jezioro (Ja\u0161teri\u010die jazero), o kt\u00f3rym dowiesz si\u0119 wi\u0119cej z tablicy informacyjnej. St\u0105d dojdziesz a\u017c do wsi Kr\u00e1snohorsk\u00e1 Dlh\u00e1 L\u00faka. Wyobra\u017a sobie w\u0119dr\u00f3wk\u0119 przez p\u0142askowy\u017c przy \u015bwietle ksi\u0119\u017cyca i gwiazd\u2026 A co powiesz na wsch\u00f3d s\u0142o\u0144ca na p\u0142askowy\u017cu?\"},\"mode\":\"preview\"} \/-->\n\n<!-- wp:acf\/common-image-left-section {\"name\":\"acf\/common-image-left-section\",\"data\":{\"image\":8245,\"_image\":\"field_60c66ddbbdafe\"},\"mode\":\"preview\"} \/-->\n\n<!-- wp:acf\/common-text-right-section {\"name\":\"acf\/common-text-right-section\",\"data\":{\"field_60c66a6067e54\":\"\\u003cp style=\\u0022background: white; margin: 0cm 0cm 18.0pt 0cm;\\u0022\\u003e\\u003cstrong\\u003e\\u003cspan lang=\\u0022PL\\u0022 style=\\u0022font-family: 'Source Sans Pro',sans-serif; color: #3b3b3b;\\u0022\\u003eJaskinia Krasnog\u00f3rska (Kr\u00e1snohorsk\u00e1 jasky\u0148a)\\u003c\/span\\u003e\\u003c\/strong\\u003e\\u003c\/p\\u003e\\r\\nTo nie jest zwyk\u0142a jaskinia. B\u0119dziesz do niej potrzebowa\u0107 specjalnego ekwipunku: odzie\u017cy, obuwia i kasku z czo\u0142\u00f3wk\u0105. To wszystko otrzymasz od przewodnika oprowadzaj\u0105cego po podziemiach, kt\u00f3ry b\u0119dzie towarzyszy\u0142 Ci w poszukiwaniu przyg\u00f3d.\\r\\n\\r\\n\\u003ca href=\\u0022http:\/\/www.krasnohorska-jaskyna.sk\\u0022\\u003ewww.krasnohorska-jaskyna.sk\\u003c\/a\\u003e\\r\\n\\r\\n\\u0026nbsp;\\r\\n\\r\\nInformacje praktyczne:\\r\\n\\r\\nJaskinia jest otwarta od 1 kwietnia do 31 pa\u017adziernika. Sezon trwa od 1 lipca do 31 sierpnia. W sezonie odbywaj\u0105 si\u0119 dwa wej\u015bcia dziennie, maksymalnie 20 os\u00f3b podzielonych na dwie grupy po 10 os\u00f3b. Minimalna liczba zwiedzaj\u0105cych to 4 osoby. Poza sezonem zwiedzanie jaskini jest mo\u017cliwe po telefonicznym lub mailowym uzgodnieniu terminu. Z uwagi na ograniczon\u0105 liczb\u0119 odwiedzaj\u0105cych warto zarezerwowa\u0107 konkretny termin. Dzieci w wieku od 6 do 15 lat mog\u0105 zwiedza\u0107 jaskini\u0119 pod opiek\u0105 doros\u0142ych.\\r\\n\\r\\nCho\u0107 wi\u0119kszo\u015b\u0107 os\u00f3b nie powinna mie\u0107 problem\u00f3w z przebyciem trasy, to jednak wymagana jest pewna sprawno\u015b\u0107 ruchowa. Wizyt\u0119 w jaskini powinny rozwa\u017cy\u0107 osoby z nadwag\u0105 i powa\u017cnymi problemami zdrowotnymi.\\r\\n\\r\\nTel.: +421 905 412 048\\r\\n\\r\\nE- mail: stankov@ke.psg.sk\"},\"mode\":\"preview\"} \/-->\n\n<!-- wp:acf\/common-image-right-section {\"name\":\"acf\/common-image-right-section\",\"data\":{\"image\":8248,\"_image\":\"field_60c66ddbbdafe\"},\"mode\":\"preview\"} \/-->\n\n<!-- wp:acf\/theme-ambassador-section {\"name\":\"acf\/theme-ambassador-section\",\"data\":{},\"mode\":\"preview\"} \/-->\n\n<!-- wp:acf\/common-text-right-section {\"name\":\"acf\/common-text-right-section\",\"data\":{\"text\":\"Leniv\u00e9 cestovanie, \\u0022cestovanie s porozumen\u00edm\\u0022, je s\u00fa\u010das\u0165ou \u017eivotn\u00e9ho postoja. Predstavte si zelen\u00fa l\u00faku na nekone\u010dnom jemne zaoblenom chrbte planiny, biele pavu\u010dinov\u00e9 obl\u00e1\u010diky pl\u00e1vaj\u00face na modrej oblohe, z ktor\u00fdch si viete odrhn\u00fa\u0165 ako z cukrovej vaty. Jeden \u00fazky pra\u0161n\u00fd chodn\u00edk pre v\u00e1s. Ve\u013emi jednoduch\u00e1 cesta k slobode a s\u00fa\u010dasne skvel\u00e1 \u0161anca venova\u0165 sa jednej z najpodce\u0148ovanej\u0161\u00edch aktiv\u00edt - prem\u00fd\u0161\u013eaniu. Pozn\u00e1me tak\u00e9 miesta! Pon\u00fakame iba \u0161tart a cie\u013e, to \u010d\u00edm priestor medzi t\u00fdmito bodmi vypln\u00edte je na v\u00e1s. Viackr\u00e1t vyjdete zo svojej komfortnej z\u00f3ny, budete musie\u0165 hovori\u0165 a spolieha\u0165 na cudz\u00edch \u013eud\u00ed, popri tom mo\u017eno strat\u00edte predsudky, prep\u00ed\u0161ete mnoho osobn\u00fdch pravidiel. Toto je podstata cestovania - n\u00e1vrat k skuto\u010dn\u00e9mu, spozn\u00e1vanie bez g\u00fd\u010dov\u00fdch kul\u00eds. Cestovanie m\u00e1 by\u0165 liek, pr\u00edle\u017eitos\u0165 n\u00e1js\u0165 s\u00e1m seba i nov\u00fdch priate\u013eov. Stra\u0165te sa a znova n\u00e1jdite na KRAJI SVETA.\",\"_text\":\"field_60c66a6067e54\"},\"mode\":\"preview\"} \/-->\n\n<!-- wp:acf\/common-image-right-section {\"name\":\"acf\/common-image-right-section\",\"data\":{\"image\":8247,\"_image\":\"field_60c66ddbbdafe\"},\"mode\":\"preview\"} \/-->\n\n<!-- wp:acf\/common-image-left-section {\"name\":\"acf\/common-image-left-section\",\"data\":{\"image\":8246,\"_image\":\"field_60c66ddbbdafe\"},\"mode\":\"preview\"} \/-->\n\n<!-- wp:acf\/common-text-right-section {\"name\":\"acf\/common-text-right-section\",\"data\":{\"text\":\"\\u003cstrong\\u003eSilick\u00e1 \u013eadnica\\u003c\/strong\\u003e\\r\\n\\r\\nAsi kilometer a pol za obcou Silica sa nach\u00e1dza mal\u00e9 odstavn\u00e9 parkovisko pri Silickej \u013eadnici. Odtia\u013e sa pe\u0161i dostanete k 1 km vzdialenej jaskyni. Silick\u00e1 \u013eadnica je verejnosti dostupn\u00e1 celoro\u010dne, bez vstupn\u00e9ho a fotopoplatkov. Ale to nie je jedin\u00fd d\u00f4vod, pre\u010do v\u00e1s tam posielame. Silick\u00e1 \u013eadnica je jasky\u0148a s preboren\u00fdm stropom. Zo zabezpe\u010den\u00e9ho chodn\u00edka \u2013 gal\u00e9rie, m\u00f4\u017eete pozorova\u0165 a\u017e 90 metrov\u00fa hlbok\u00fa priepas\u0165. Zvl\u00e1\u0161tne je, \u017ee sa v nej aj po\u010das hor\u00facich letn\u00fdch dn\u00ed udr\u017e\u00ed mal\u00fd \u013eadov\u00fd kvape\u013e. Odtia\u013e je len k\u00fasok k Babskej diere - 46 metrov dlhej jaskynnej priepasti \u2013 n\u00e1lezisku kultov\u00e9ho s\u00eddla d\u00e1vnej kyjatickej kult\u00fary. Toto miesto je svedkom krvav\u00fdch obradov mlad\u0161ej doby kamennej. D\u00f4kazom je n\u00e1lez masky vyrobenej z tv\u00e1rovej lebky \u010dloveka, ktor\u00e1 sa pou\u017e\u00edvala pri kultov\u00fdch obradoch s \u013eudsk\u00fdmi obe\u0165ami.\",\"_text\":\"field_60c66a6067e54\"},\"mode\":\"preview\"} \/-->\n\n<!-- wp:acf\/common-image-right-section {\"name\":\"acf\/common-image-right-section\",\"data\":{\"image\":8244,\"_image\":\"field_60c66ddbbdafe\"},\"mode\":\"preview\"} \/-->\n\n<!-- wp:acf\/common-text-left-section {\"name\":\"acf\/common-text-left-section\",\"data\":{\"text\":\"\\u003cstrong\\u003eSilick\u00e1 planina\\u003c\/strong\\u003e\\r\\n\\r\\nM\u00e1 rozlohu 153 km \u0161tvorcov\u00fdch, je najv\u00e4\u010d\u0161ou planinou Slovenska zo 17 objaven\u00fdmi jasky\u0148ami a 14 priepas\u0165ami. Nebo nad planinou je \u00faplne na dotyk. V\u013eavo m\u00f4\u017eete pozorova\u0165 aj vzdialen\u00e9 \u0161t\u00edty slovensk\u00fdch ve\u013eh\u00f4r. Pribli\u017ene po polhodine ch\u00f4dze sa dostanete k tradi\u010dnej vahadlovej studni s jednoduch\u00fdm posedom. Bl\u00edzko sa nach\u00e1dza podzemn\u00e9 Ja\u0161teri\u010die jazero, o ktorom sa dozviete z osadenej informa\u010dnej tabule. Dostanete sa a\u017e do Kr\u00e1snohorskej Dlhej l\u00faky. Viete si predstavi\u0165 prejs\u0165 planinou len za svitu mesiaca a hviezd? A \u010do tak vy\u010dka\u0165 na v\u00fdchod slnka priamo na planine?\",\"_text\":\"field_60c66a6067e54\"},\"mode\":\"preview\"} \/-->\n\n<!-- wp:acf\/common-image-left-section {\"name\":\"acf\/common-image-left-section\",\"data\":{\"image\":8245,\"_image\":\"field_60c66ddbbdafe\"},\"mode\":\"preview\"} \/-->\n\n<!-- wp:acf\/common-text-right-section {\"name\":\"acf\/common-text-right-section\",\"data\":{\"text\":\"\\u003cstrong\\u003eKr\u00e1snohorsk\u00e1 jasky\u0148a\\u003c\/strong\\u003e\\r\\n\\r\\nNie je to oby\u010dajn\u00e1 jasky\u0148a, budete potrebova\u0165 jaskyniarsky odev, obuv, \u010delovku a helmu. To v\u0161etko v\u00e1m zabezpe\u010d\u00ed jaskyniar, ktor\u00fd v\u00e1s jasky\u0148ou a h\u013eadan\u00edm skuto\u010dn\u00e9ho dobrodru\u017estva prevedie. www.krasnohorska-jaskyna.sk\\r\\n\\r\\nPraktick\u00e9 inform\u00e1cie: Jasky\u0148a je otvoren\u00e1 od 1. 4. do 31. 10. Sez\u00f3na trv\u00e1 od 1. 7. do 31. 8. V sez\u00f3ne sa uskuto\u010d\u0148uj\u00fa do jaskyne 2 vstupy denne pre maxim\u00e1lne 20 os\u00f4b na jeden vstup v dvoch skupin\u00e1ch po maxim\u00e1lne 10 os\u00f4b. Minim\u00e1lny po\u010det na vstup s\u00fa 4 osoby. Mimo sez\u00f3ny je potrebn\u00e9 vstup do jaskyne dopredu dohodn\u00fa\u0165 telefonicky na \u010d\u00edsle: 0905 412 048 alebo emailom: stankov@ke.psg.sk. Vzh\u013eadom na obmedzen\u00fd po\u010det n\u00e1v\u0161tevn\u00edkov na jeden vstup je lep\u0161ie si n\u00e1v\u0161tevu jaskyne rezervova\u0165, aby ste na vybran\u00fd term\u00edn do jaskyne aj dostali. Jasky\u0148u m\u00f4\u017eu nav\u0161t\u00edvi\u0165 deti od 6 do 15 rokov v\u00a0 sprievode rodi\u010dov. Prehliadkov\u00e1 trasa je vhodn\u00e1 takmer pre v\u0161etk\u00fdch. Vy\u017eaduje v\u0161ak ur\u010dit\u00fa pohyblivos\u0165. N\u00e1v\u0161tevu by mali zv\u00e1\u017ei\u0165 \u013eudia s nadv\u00e1hou alebo s v\u00e1\u017enymi zdravotn\u00fdmi probl\u00e9mami.\",\"_text\":\"field_60c66a6067e54\"},\"mode\":\"preview\"} \/-->\n\n<!-- wp:acf\/common-image-right-section {\"name\":\"acf\/common-image-right-section\",\"data\":{\"image\":8248,\"_image\":\"field_60c66ddbbdafe\"},\"mode\":\"preview\"} \/-->\n\n<!-- wp:acf\/theme-ambassador-section {\"name\":\"acf\/theme-ambassador-section\",\"mode\":\"preview\"} \/-->"},"excerpt":{"rendered":"","protected":false,"raw":""},"author":10,"featured_media":8918,"menu_order":0,"template":"","format":"standard","meta":{"_acf_changed":false,"_sk_post_content":"<!-- wp:acf\/common-text-left-section {\"name\":\"acf\/common-text-left-section\",\"data\":{\"text\":\"\\u003cstrong\\u003eH\u013ead\u00e1te \u00fanik z nudy odme\u0148ovan\u00edm sa adrenal\u00ednov\u00fdmi z\u00e1\u017eitkami a vy\u0161krt\u00e1vate si ich zo zoznamu vec\u00ed, ktor\u00e9 mus\u00edte stihn\u00fa\u0165 do svojej smrti? Nefunguje v\u00e1m to? Vieme pre\u010do, predra\u017een\u00e9 a nadhodnoten\u00e9 \u00faniky do sveta lacn\u00fdch snov nefunguj\u00fa. \u00c1no, nav\u00e1dzame v\u00e1s ignorova\u0165 tradi\u010dne pon\u00fakan\u00fd konzum a otvori\u0165 inej strane, sk\u00fasi\u0165 leniv\u00e9 cestovanie, ktor\u00e9ho zmyslom nie je \\u0022z\u00e1bava a oddych\\u0022.\\u003c\/strong\\u003e\",\"_text\":\"field_60c66a6067e54\"},\"mode\":\"preview\"} \/-->\n\n<!-- wp:acf\/common-text-right-section {\"name\":\"acf\/common-text-right-section\",\"data\":{\"text\":\"Leniv\u00e9 cestovanie, \\u0022cestovanie s porozumen\u00edm\\u0022, je s\u00fa\u010das\u0165ou \u017eivotn\u00e9ho postoja. Predstavte si zelen\u00fa l\u00faku na nekone\u010dnom jemne zaoblenom chrbte planiny, biele pavu\u010dinov\u00e9 obl\u00e1\u010diky pl\u00e1vaj\u00face na modrej oblohe, z ktor\u00fdch si viete odrhn\u00fa\u0165 ako z cukrovej vaty. Jeden \u00fazky pra\u0161n\u00fd chodn\u00edk pre v\u00e1s. Ve\u013emi jednoduch\u00e1 cesta k slobode a s\u00fa\u010dasne skvel\u00e1 \u0161anca venova\u0165 sa jednej z najpodce\u0148ovanej\u0161\u00edch aktiv\u00edt - prem\u00fd\u0161\u013eaniu. Pozn\u00e1me tak\u00e9 miesta! Pon\u00fakame iba \u0161tart a cie\u013e, to \u010d\u00edm priestor medzi t\u00fdmito bodmi vypln\u00edte je na v\u00e1s. Viackr\u00e1t vyjdete zo svojej komfortnej z\u00f3ny, budete musie\u0165 hovori\u0165 a spolieha\u0165 na cudz\u00edch \u013eud\u00ed, popri tom mo\u017eno strat\u00edte predsudky, prep\u00ed\u0161ete mnoho osobn\u00fdch pravidiel. Toto je podstata cestovania - n\u00e1vrat k skuto\u010dn\u00e9mu, spozn\u00e1vanie bez g\u00fd\u010dov\u00fdch kul\u00eds. Cestovanie m\u00e1 by\u0165 liek, pr\u00edle\u017eitos\u0165 n\u00e1js\u0165 s\u00e1m seba i nov\u00fdch priate\u013eov. Stra\u0165te sa a znova n\u00e1jdite na KRAJI SVETA.\",\"_text\":\"field_60c66a6067e54\"},\"mode\":\"preview\"} \/-->\n\n<!-- wp:acf\/common-image-right-section {\"name\":\"acf\/common-image-right-section\",\"data\":{\"image\":8247,\"_image\":\"field_60c66ddbbdafe\"},\"mode\":\"preview\"} \/-->\n\n<!-- wp:acf\/common-image-left-section {\"name\":\"acf\/common-image-left-section\",\"data\":{\"image\":8246,\"_image\":\"field_60c66ddbbdafe\"},\"mode\":\"preview\"} \/-->\n\n<!-- wp:acf\/common-text-right-section {\"name\":\"acf\/common-text-right-section\",\"data\":{\"text\":\"\\u003cstrong\\u003eSilick\u00e1 \u013eadnica\\u003c\/strong\\u003e\\r\\n\\r\\nAsi kilometer a pol za obcou Silica sa nach\u00e1dza mal\u00e9 odstavn\u00e9 parkovisko pri Silickej \u013eadnici. Odtia\u013e sa pe\u0161i dostanete k 1 km vzdialenej jaskyni. Silick\u00e1 \u013eadnica je verejnosti dostupn\u00e1 celoro\u010dne, bez vstupn\u00e9ho a fotopoplatkov. Ale to nie je jedin\u00fd d\u00f4vod, pre\u010do v\u00e1s tam posielame. Silick\u00e1 \u013eadnica je jasky\u0148a s preboren\u00fdm stropom. Zo zabezpe\u010den\u00e9ho chodn\u00edka \u2013 gal\u00e9rie, m\u00f4\u017eete pozorova\u0165 a\u017e 90 metrov\u00fa hlbok\u00fa priepas\u0165. Zvl\u00e1\u0161tne je, \u017ee sa v nej aj po\u010das hor\u00facich letn\u00fdch dn\u00ed udr\u017e\u00ed mal\u00fd \u013eadov\u00fd kvape\u013e. Odtia\u013e je len k\u00fasok k Babskej diere - 46 metrov dlhej jaskynnej priepasti \u2013 n\u00e1lezisku kultov\u00e9ho s\u00eddla d\u00e1vnej kyjatickej kult\u00fary. Toto miesto je svedkom krvav\u00fdch obradov mlad\u0161ej doby kamennej. D\u00f4kazom je n\u00e1lez masky vyrobenej z tv\u00e1rovej lebky \u010dloveka, ktor\u00e1 sa pou\u017e\u00edvala pri kultov\u00fdch obradoch s \u013eudsk\u00fdmi obe\u0165ami.\",\"_text\":\"field_60c66a6067e54\"},\"mode\":\"preview\"} \/-->\n\n<!-- wp:acf\/common-image-right-section {\"name\":\"acf\/common-image-right-section\",\"data\":{\"image\":8244,\"_image\":\"field_60c66ddbbdafe\"},\"mode\":\"preview\"} \/-->\n\n<!-- wp:acf\/common-text-left-section {\"name\":\"acf\/common-text-left-section\",\"data\":{\"text\":\"\\u003cstrong\\u003eSilick\u00e1 planina\\u003c\/strong\\u003e\\r\\n\\r\\nM\u00e1 rozlohu 153 km \u0161tvorcov\u00fdch, je najv\u00e4\u010d\u0161ou planinou Slovenska zo 17 objaven\u00fdmi jasky\u0148ami a 14 priepas\u0165ami. Nebo nad planinou je \u00faplne na dotyk. V\u013eavo m\u00f4\u017eete pozorova\u0165 aj vzdialen\u00e9 \u0161t\u00edty slovensk\u00fdch ve\u013eh\u00f4r. Pribli\u017ene po polhodine ch\u00f4dze sa dostanete k tradi\u010dnej vahadlovej studni s jednoduch\u00fdm posedom. Bl\u00edzko sa nach\u00e1dza podzemn\u00e9 Ja\u0161teri\u010die jazero, o ktorom sa dozviete z osadenej informa\u010dnej tabule. Dostanete sa a\u017e do Kr\u00e1snohorskej Dlhej l\u00faky. Viete si predstavi\u0165 prejs\u0165 planinou len za svitu mesiaca a hviezd? A \u010do tak vy\u010dka\u0165 na v\u00fdchod slnka priamo na planine?\",\"_text\":\"field_60c66a6067e54\"},\"mode\":\"preview\"} \/-->\n\n<!-- wp:acf\/common-image-left-section {\"name\":\"acf\/common-image-left-section\",\"data\":{\"image\":8245,\"_image\":\"field_60c66ddbbdafe\"},\"mode\":\"preview\"} \/-->\n\n<!-- wp:acf\/common-text-right-section {\"name\":\"acf\/common-text-right-section\",\"data\":{\"text\":\"\\u003cstrong\\u003eKr\u00e1snohorsk\u00e1 jasky\u0148a\\u003c\/strong\\u003e\\r\\n\\r\\nNie je to oby\u010dajn\u00e1 jasky\u0148a, budete potrebova\u0165 jaskyniarsky odev, obuv, \u010delovku a helmu. To v\u0161etko v\u00e1m zabezpe\u010d\u00ed jaskyniar, ktor\u00fd v\u00e1s jasky\u0148ou a h\u013eadan\u00edm skuto\u010dn\u00e9ho dobrodru\u017estva prevedie. www.krasnohorska-jaskyna.sk\\r\\n\\r\\nPraktick\u00e9 inform\u00e1cie: Jasky\u0148a je otvoren\u00e1 od 1. 4. do 31. 10. Sez\u00f3na trv\u00e1 od 1. 7. do 31. 8. V sez\u00f3ne sa uskuto\u010d\u0148uj\u00fa do jaskyne 2 vstupy denne pre maxim\u00e1lne 20 os\u00f4b na jeden vstup v dvoch skupin\u00e1ch po maxim\u00e1lne 10 os\u00f4b. Minim\u00e1lny po\u010det na vstup s\u00fa 4 osoby. Mimo sez\u00f3ny je potrebn\u00e9 vstup do jaskyne dopredu dohodn\u00fa\u0165 telefonicky na \u010d\u00edsle: 0905 412 048 alebo emailom: stankov@ke.psg.sk. Vzh\u013eadom na obmedzen\u00fd po\u010det n\u00e1v\u0161tevn\u00edkov na jeden vstup je lep\u0161ie si n\u00e1v\u0161tevu jaskyne rezervova\u0165, aby ste na vybran\u00fd term\u00edn do jaskyne aj dostali. Jasky\u0148u m\u00f4\u017eu nav\u0161t\u00edvi\u0165 deti od 6 do 15 rokov v\u00a0 sprievode rodi\u010dov. Prehliadkov\u00e1 trasa je vhodn\u00e1 takmer pre v\u0161etk\u00fdch. Vy\u017eaduje v\u0161ak ur\u010dit\u00fa pohyblivos\u0165. N\u00e1v\u0161tevu by mali zv\u00e1\u017ei\u0165 \u013eudia s nadv\u00e1hou alebo s v\u00e1\u017enymi zdravotn\u00fdmi probl\u00e9mami.\",\"_text\":\"field_60c66a6067e54\"},\"mode\":\"preview\"} \/-->\n\n<!-- wp:acf\/common-image-right-section {\"name\":\"acf\/common-image-right-section\",\"data\":{\"image\":8248,\"_image\":\"field_60c66ddbbdafe\"},\"mode\":\"preview\"} \/-->\n\n<!-- wp:acf\/theme-ambassador-section {\"name\":\"acf\/theme-ambassador-section\",\"mode\":\"preview\"} \/-->","_sk_post_name":"strateny-v-silici","_sk_post_excerpt":"","_sk_post_title":"Straten\u00fd v Silici","_en_post_content":"<!-- wp:acf\/common-text-left-section {\"id\":\"block_6298ae0ff0b28\",\"name\":\"acf\/common-text-left-section\",\"data\":{\"field_60c66a6067e54\":\"\\u003cb\\u003eAre you looking for an escape from boredom by rewarding yourself with adrenaline experiences and deleting them from the list of things you have to do till your death? Is it not working for you? We know why overpriced and overvalued escapes into the world of cheap dreams do not work. Yes, we encourage you to ignore the traditionally offered consumption and open up to the other side, to try lazy travel, the meaning of which is not \\u0022fun and relaxation\\u0022.\\u003c\/b\\u003e\"},\"align\":\"\",\"mode\":\"preview\"} \/-->\n\n<!-- wp:acf\/common-text-right-section {\"id\":\"block_62977a3aed5d2\",\"name\":\"acf\/common-text-right-section\",\"data\":{\"field_60c66a6067e54\":\"Lazy travel, \\u0022travel with understanding\\u0022, is part of one's attitude. Imagine a green meadow on the endless gently rounded ridge of the plain, white cobweb clouds floating in the blue sky, which you can tear off like cotton candy. One narrow dusty sidewalk for you. A very easy path to freedom and at the same time a great chance to engage in one of the most underrated activities - thinking. We also know places! We only offer a start and a goal, what you fill the space between these points with is up to you. You will leave your comfort zone several times, you will have to talk and rely on strangers, in addition to which you may lose prejudice, rewrite many personal rules. This is the essence of travel - a return to the real, getting to know each other without kitch scenery. Travelling should be a cure, an opportunity to find yourself and new friends. Get back and find yourself again at the THE EDGE OF THE WORLD.\"},\"align\":\"\",\"mode\":\"preview\"} \/-->\n\n<!-- wp:acf\/common-image-right-section {\"id\":\"block_62977a3aed5d3\",\"name\":\"acf\/common-image-right-section\",\"data\":{\"image\":8247,\"_image\":\"field_60c66ddbbdafe\"},\"align\":\"\",\"mode\":\"preview\"} \/-->\n\n<!-- wp:acf\/common-image-left-section {\"id\":\"block_62977a3aed5d4\",\"name\":\"acf\/common-image-left-section\",\"data\":{\"image\":8246,\"_image\":\"field_60c66ddbbdafe\"},\"align\":\"\",\"mode\":\"preview\"} \/-->\n\n<!-- wp:acf\/common-text-right-section {\"id\":\"block_62977a3aed5d5\",\"name\":\"acf\/common-text-right-section\",\"data\":{\"field_60c66a6067e54\":\"\\u003cstrong\\u003eSilica Ice Cave\\u003c\/strong\\u003e\\r\\n\\r\\nAbout a kilometre and a half from the village of Silica, there is a small parking lot by the Silica Ice Cave. From here, you may walk to a cave 1 km away. The Silica Ice Cave is available to the public all year round, without entrance fees and photo fees. But that's not the only reason we're sending you there. The Silica Ice Cave is a cave with a broken ceiling. From the secured sidewalk - gallery, you can observe an abyss 90 metres deep. It is strange that a small ice drop is kept in it even on hot summer days. From there, it is only a short walk to Babsk\u00e1 Diera hole - a 46-metre-long cave abyss - the site of the cult seat of ancient Kyjatice Culture. This place is a witness to the bloody ceremonies of the Early Stone Age. The proof is in the discovery of a mask made of a human skull, which was used in cult ceremonies with human victims.\"},\"align\":\"\",\"mode\":\"preview\"} \/-->\n\n<!-- wp:acf\/common-image-right-section {\"id\":\"block_62977a3aed5d6\",\"name\":\"acf\/common-image-right-section\",\"data\":{\"image\":8244,\"_image\":\"field_60c66ddbbdafe\"},\"align\":\"\",\"mode\":\"preview\"} \/-->\n\n<!-- wp:acf\/common-text-left-section {\"id\":\"block_62977a3aed5d7\",\"name\":\"acf\/common-text-left-section\",\"data\":{\"field_60c66a6067e54\":\"\\u003cstrong\\u003eSilick\u00e1 Planina plateau\\u003c\/strong\\u003e\\r\\n\\r\\nIt has an area of \u200b\u200b153 square km, it is the largest plain in Slovakia with 17 discovered caves and 14 abysses. Or above the plain, heaven is completely within hand's reach. On the left, you can also see the distant peaks of the Slovak high mountains. After about half an hour's walk, you will reach a traditional rocking well with a simple sitting area. Nearby is the underground Ja\u0161teri\u010die jazero (lizard lake), which you can find out from the information board. You will get to Kr\u00e1snohorsk\u00e1 Dlh\u00e1 l\u00faka. Can you imagine crossing the plain only in the moonlight? So how about waiting for the sunrise right on the plain?\"},\"align\":\"\",\"mode\":\"preview\"} \/-->\n\n<!-- wp:acf\/common-image-left-section {\"id\":\"block_62977a3aed5d8\",\"name\":\"acf\/common-image-left-section\",\"data\":{\"image\":8245,\"_image\":\"field_60c66ddbbdafe\"},\"align\":\"\",\"mode\":\"preview\"} \/-->\n\n<!-- wp:acf\/common-text-right-section {\"id\":\"block_62977a3aed5d9\",\"name\":\"acf\/common-text-right-section\",\"data\":{\"field_60c66a6067e54\":\"\\u003cstrong\\u003eKr\u00e1snohorsk\u00e1 Jasky\u0148a cave\\u003c\/strong\\u003e\\r\\n\\r\\nIt is not an ordinary cave, you will need to be wearing cave clothing, shoes, a headlamp and a helmet. All this will be provided by a caveman who will guide you through the cave and search for a real adventure. www.krasnohorska-jaskyna.sk\\r\\n\\r\\nPractical information: The cave is open from 1 April to 31 October. The season lasts from 1 July to 31 August. During the season, there are 2 entrances a day for a maximum of 10 persons per one entry in the groups of a maximum of 10 persons. The minimum number for entry is 4 persons. Out of season, it is necessary to arrange entry to the cave in advance by phone at: 0905 412 048 or by email: stankov@ke.psg.sk. Due to the limited number of visitors per entry, it is better to book a visit to the cave so that you can also get to the cave at the selected date. The cave can be visited by children from 6 to 15 years of age accompanied by parents. The tour route is suitable for almost everyone. However, it requires some mobility. People who are overweight or have serious health problems should consider the visit.\"},\"align\":\"\",\"mode\":\"preview\"} \/-->\n\n<!-- wp:acf\/common-image-right-section {\"id\":\"block_62977a3aed5da\",\"name\":\"acf\/common-image-right-section\",\"data\":{\"image\":8248,\"_image\":\"field_60c66ddbbdafe\"},\"align\":\"\",\"mode\":\"preview\"} \/-->\n\n<!-- wp:acf\/theme-ambassador-section {\"id\":\"block_61b1e57271cee\",\"name\":\"acf\/theme-ambassador-section\",\"align\":\"\",\"mode\":\"preview\"} \/-->","_en_post_name":"","_en_post_excerpt":"","_en_post_title":"Lost in Silica","_hu_post_content":"","_hu_post_name":"","_hu_post_excerpt":"","_hu_post_title":"","_es_post_content":"","_es_post_name":"","_es_post_excerpt":"","_es_post_title":"","_de_post_content":"<!-- wp:acf\/common-text-left-section {\"id\":\"block_636289aac9a36\",\"name\":\"acf\/common-text-left-section\",\"data\":{\"field_60c66a6067e54\":\"\\u003cstrong\\u003eSuchst du einen Ausweg aus der Langeweile, indem du dich mit Adrenalin-Erlebnissen belohnst und diese dann auf deiner Liste von Zielen abhakst, die du vor deinem Tod noch erreichen m\u00f6chtest? Und es funktioniert doch nicht? Wir wissen warum, \u00fcberteuerte und \u00fcberbewertete Fluchtwege in die Welt billiger Tr\u00e4ume funktionieren nicht. Richtig, wir wollen dich dazu ermutigen, den traditionell angebotenen Konsum zu ignorieren und sich einer anderen Seite zu \u00f6ffnen, es stattdessen mit faulem Reisen zu versuchen, dessen Ziel nicht \\u0022Spa\u00df und Entspannung\\u0022 ist.\\u003c\/strong\\u003e\"},\"align\":\"\",\"mode\":\"preview\"} \/-->\n\n<!-- wp:acf\/common-text-right-section {\"id\":\"block_63510e2474898\",\"name\":\"acf\/common-text-right-section\",\"data\":{\"field_60c66a6067e54\":\"\\u003cspan data-sheets-value=\\u0022{\\u0026quot;1\\u0026quot;:2,\\u0026quot;2\\u0026quot;:\\u0026quot;Faules Reisen, \u201eReisen mit Erkenntnis\u201c, geh\u00f6rt zur Lebenseinstellung. Stell dir eine gr\u00fcne Wiese auf einem endlosen, leicht abgerundeten R\u00fccken einer Hochebene vor, wei\u00dfe Spinnweben-Wolken, die am blauen Himmel schweben und die du dir wie ein St\u00fcck Zuckerwatte abzupfen kannst. Ein schmaler staubiger Weg nur f\u00fcr dich allein. Ein ganz einfacher Weg hin zur Freiheit und gleichzeitig eine tolle Chance, sich einer der am meisten untersch\u00e4tzten T\u00e4tigkeiten zu widmen \u2013 dem Nachdenken. Wir kennen solche Orte! Wir bieten dir nur den Start und das Ziel an, womit du den Raum zwischen diesen Punkten f\u00fcllst, bleibt dir \u00fcberlassen. Mehrmals wirst du deine Komfortzone verlassen m\u00fcssen, musst dich mit Fremden unterhalten und dich auf sie verlassen, dabei verlierst du wom\u00f6glich deine Vorurteile, schreibst viele deiner pers\u00f6nlichen Regeln um. Das ist die Essenz des Reisens \u2013 die R\u00fcckkehr zur Realit\u00e4t, Erkunden ohne kitschige Kulissen. Reisen soll Medizin sein, eine Gelegenheit, sich selbst und neue Freunde zu finden. Verliere und finde dich wieder am RAND DER WELT.\\u0026quot;}\\u0022 data-sheets-userformat=\\u0022{\\u0026quot;2\\u0026quot;:12737,\\u0026quot;3\\u0026quot;:{\\u0026quot;1\\u0026quot;:0,\\u0026quot;3\\u0026quot;:1},\\u0026quot;9\\u0026quot;:0,\\u0026quot;10\\u0026quot;:1,\\u0026quot;11\\u0026quot;:4,\\u0026quot;15\\u0026quot;:\\u0026quot;Calibri\\u0026quot;,\\u0026quot;16\\u0026quot;:11}\\u0022\\u003eFaules Reisen, \u201eReisen mit Erkenntnis\u201c, geh\u00f6rt zur Lebenseinstellung. Stell dir eine gr\u00fcne Wiese auf einem endlosen, leicht abgerundeten R\u00fccken einer Hochebene vor, wei\u00dfe Spinnweben-Wolken, die am blauen Himmel schweben und die du dir wie ein St\u00fcck Zuckerwatte abzupfen kannst. Ein schmaler staubiger Weg nur f\u00fcr dich allein. Ein ganz einfacher Weg hin zur Freiheit und gleichzeitig eine tolle Chance, sich einer der am meisten untersch\u00e4tzten T\u00e4tigkeiten zu widmen \u2013 dem Nachdenken. Wir kennen solche Orte! Wir bieten dir nur den Start und das Ziel an, womit du den Raum zwischen diesen Punkten f\u00fcllst, bleibt dir \u00fcberlassen. Mehrmals wirst du deine Komfortzone verlassen m\u00fcssen, musst dich mit Fremden unterhalten und dich auf sie verlassen, dabei verlierst du wom\u00f6glich deine Vorurteile, schreibst viele deiner pers\u00f6nlichen Regeln um. Das ist die Essenz des Reisens \u2013 die R\u00fcckkehr zur Realit\u00e4t, Erkunden ohne kitschige Kulissen. Reisen soll Medizin sein, eine Gelegenheit, sich selbst und neue Freunde zu finden. Verliere und finde dich wieder am RAND DER WELT.\\u003c\/span\\u003e\"},\"align\":\"\",\"mode\":\"preview\"} \/-->\n\n<!-- wp:acf\/common-image-right-section {\"id\":\"block_63510e2474899\",\"name\":\"acf\/common-image-right-section\",\"data\":{\"image\":8247,\"_image\":\"field_60c66ddbbdafe\"},\"align\":\"\",\"mode\":\"preview\"} \/-->\n\n<!-- wp:acf\/common-image-left-section {\"id\":\"block_63510e247489a\",\"name\":\"acf\/common-image-left-section\",\"data\":{\"image\":8246,\"_image\":\"field_60c66ddbbdafe\"},\"align\":\"\",\"mode\":\"preview\"} \/-->\n\n<!-- wp:acf\/common-text-right-section {\"id\":\"block_63510e247489b\",\"name\":\"acf\/common-text-right-section\",\"data\":{\"field_60c66a6067e54\":\"\\u003cstrong\\u003eEish\u00f6hle von Silica\\u003c\/strong\\u003e\\r\\n\\r\\n\\u003cspan data-sheets-value=\\u0022{\\u0026quot;1\\u0026quot;:2,\\u0026quot;2\\u0026quot;:\\u0026quot;Ungef\u00e4hr anderthalb Kilometer hinter der Gemeinde Silica befindet sich ein kleiner Parkplatz an der Eish\u00f6hle von Silica (slow. Silick\u00e1 \u013eadnica). Von dort erreichst du die einen Kilometer entfernte H\u00f6hle zu Fu\u00df. Die Eish\u00f6hle von Silica ist das ganze Jahr \u00fcber f\u00fcr die \u00d6ffentlichkeit zug\u00e4nglich, ohne Eintritts- oder Fotogeb\u00fchr. Doch das ist nicht der einzige Grund, warum wir dich dorthin schicken. Die Eish\u00f6hle von Silica ist eine H\u00f6hle mit eingest\u00fcrzter Decke. Von einem gesicherten Steg \u2013 der Galerie \u2013 aus kannst du in die 90 Meter tiefe Kluft hineinblicken. Bemerkenswert ist, dass selbst an hei\u00dfen Sommertagen darin ein kleiner Eiszapfen verbleibt. Von dort ist es wiederum nur noch ein kurzes St\u00fcck bis zur Babsk\u00e1 diera \u2013 einer 46 Meter langen H\u00f6hlenkluft \u2013 dem Fundort des Kultsitzes der uralten Kyjatice-Kultur. Dieser Ort ist ein Zeugnis blutiger Zeremonien in der Jungsteinzeit. Einen Beweis daf\u00fcr liefert der Fund einer Maske aus menschlichem Gesichtssch\u00e4del, die bei den kultischen Zeremonien mit Menschenopfern Verwendung fand.\\u0026quot;}\\u0022 data-sheets-userformat=\\u0022{\\u0026quot;2\\u0026quot;:12737,\\u0026quot;3\\u0026quot;:{\\u0026quot;1\\u0026quot;:0,\\u0026quot;3\\u0026quot;:1},\\u0026quot;9\\u0026quot;:0,\\u0026quot;10\\u0026quot;:1,\\u0026quot;11\\u0026quot;:4,\\u0026quot;15\\u0026quot;:\\u0026quot;Calibri\\u0026quot;,\\u0026quot;16\\u0026quot;:11}\\u0022 data-sheets-textstyleruns=\\u0022{\\u0026quot;1\\u0026quot;:0}\uee10{\\u0026quot;1\\u0026quot;:120,\\u0026quot;2\\u0026quot;:{\\u0026quot;3\\u0026quot;:\\u0026quot;Calibri\\u0026quot;,\\u0026quot;4\\u0026quot;:11,\\u0026quot;6\\u0026quot;:1}}\uee10{\\u0026quot;1\\u0026quot;:143,\\u0026quot;2\\u0026quot;:{\\u0026quot;3\\u0026quot;:\\u0026quot;Calibri\\u0026quot;,\\u0026quot;4\\u0026quot;:11}}\\u0022\\u003eUngef\u00e4hr anderthalb Kilometer hinter der Gemeinde Silica befindet sich ein kleiner Parkplatz an der Eish\u00f6hle von Silica (slow. Silick\u00e1 \u013eadnica). Von dort erreichst du die einen Kilometer entfernte H\u00f6hle zu Fu\u00df. Die Eish\u00f6hle von Silica ist das ganze Jahr \u00fcber f\u00fcr die \u00d6ffentlichkeit zug\u00e4nglich, ohne Eintritts- oder Fotogeb\u00fchr. Doch das ist nicht der einzige Grund, warum wir dich dorthin schicken. Die Eish\u00f6hle von Silica ist eine H\u00f6hle mit eingest\u00fcrzter Decke. Von einem gesicherten Steg \u2013 der Galerie \u2013 aus kannst du in die 90 Meter tiefe Kluft hineinblicken. Bemerkenswert ist, dass selbst an hei\u00dfen Sommertagen darin ein kleiner Eiszapfen verbleibt. Von dort ist es wiederum nur noch ein kurzes St\u00fcck bis zur Babsk\u00e1 diera \u2013 einer 46 Meter langen H\u00f6hlenkluft \u2013 dem Fundort des Kultsitzes der uralten Kyjatice-Kultur. Dieser Ort ist ein Zeugnis blutiger Zeremonien in der Jungsteinzeit. Einen Beweis daf\u00fcr liefert der Fund einer Maske aus menschlichem Gesichtssch\u00e4del, die bei den kultischen Zeremonien mit Menschenopfern Verwendung fand.\\u003c\/span\\u003e\"},\"align\":\"\",\"mode\":\"preview\"} \/-->\n\n<!-- wp:acf\/common-image-right-section {\"id\":\"block_63510e247489c\",\"name\":\"acf\/common-image-right-section\",\"data\":{\"image\":8244,\"_image\":\"field_60c66ddbbdafe\"},\"align\":\"\",\"mode\":\"preview\"} \/-->\n\n<!-- wp:acf\/common-text-left-section {\"id\":\"block_63510e247489d\",\"name\":\"acf\/common-text-left-section\",\"data\":{\"field_60c66a6067e54\":\"\\u003cstrong\\u003eSilica-Plateau\\u003c\/strong\\u003e\\r\\n\\r\\n\\u003cspan data-sheets-value=\\u0022{\\u0026quot;1\\u0026quot;:2,\\u0026quot;2\\u0026quot;:\\u0026quot;Es hat eine Fl\u00e4che von 153 Quadratkilometern und ist die gr\u00f6\u00dfte Hochebene in der Slowakei mit 17 entdeckten H\u00f6hlen und 14 Abgr\u00fcnden. Der Himmel \u00fcber dem Plateau ist zum Greifen nah. Zu deiner linken Seite kannst du sogar die entfernten Gipfel des slowakischen Hochgebirges beobachten. Nach etwa einer halben Stunde Gehzeit erreichst du einen traditionellen Schwengelbrunnen mit einfacher Sitzgelegenheit. In der N\u00e4he befindet sich der unterirdische Eidechsensee (slow. Ja\u0161teri\u010die jazero), zu dem die aufgestellte Informationstafel Auskunft gibt. Du gelangst bis zur Gemeinde Kr\u00e1snohorsk\u00e1 Dlha l\u00faka. Kannst du dir vorstellen, die Hochebene nur im Licht des Mondes und der Sterne zu durchqueren? Wie w\u00e4re es, direkt auf dem Plateau auf den Sonnenaufgang zu warten?\\u0026quot;}\\u0022 data-sheets-userformat=\\u0022{\\u0026quot;2\\u0026quot;:12737,\\u0026quot;3\\u0026quot;:{\\u0026quot;1\\u0026quot;:0,\\u0026quot;3\\u0026quot;:1},\\u0026quot;9\\u0026quot;:0,\\u0026quot;10\\u0026quot;:1,\\u0026quot;11\\u0026quot;:4,\\u0026quot;15\\u0026quot;:\\u0026quot;Calibri\\u0026quot;,\\u0026quot;16\\u0026quot;:11}\\u0022 data-sheets-textstyleruns=\\u0022{\\u0026quot;1\\u0026quot;:0}\uee10{\\u0026quot;1\\u0026quot;:463,\\u0026quot;2\\u0026quot;:{\\u0026quot;3\\u0026quot;:\\u0026quot;Calibri\\u0026quot;,\\u0026quot;4\\u0026quot;:11,\\u0026quot;6\\u0026quot;:1}}\uee10{\\u0026quot;1\\u0026quot;:486,\\u0026quot;2\\u0026quot;:{\\u0026quot;3\\u0026quot;:\\u0026quot;Calibri\\u0026quot;,\\u0026quot;4\\u0026quot;:11}}\\u0022\\u003eEs hat eine Fl\u00e4che von 153 Quadratkilometern und ist die gr\u00f6\u00dfte Hochebene in der Slowakei mit 17 entdeckten H\u00f6hlen und 14 Abgr\u00fcnden. Der Himmel \u00fcber dem Plateau ist zum Greifen nah. Zu deiner linken Seite kannst du sogar die entfernten Gipfel des slowakischen Hochgebirges beobachten. Nach etwa einer halben Stunde Gehzeit erreichst du einen traditionellen Schwengelbrunnen mit einfacher Sitzgelegenheit. In der N\u00e4he befindet sich der unterirdische Eidechsensee (slow. Ja\u0161teri\u010die jazero), zu dem die aufgestellte Informationstafel Auskunft gibt. Du gelangst bis zur Gemeinde Kr\u00e1snohorsk\u00e1 Dlha l\u00faka. Kannst du dir vorstellen, die Hochebene nur im Licht des Mondes und der Sterne zu durchqueren? Wie w\u00e4re es, direkt auf dem Plateau auf den Sonnenaufgang zu warten?\\u003c\/span\\u003e\"},\"align\":\"\",\"mode\":\"preview\"} \/-->\n\n<!-- wp:acf\/common-image-left-section {\"id\":\"block_63510e247489e\",\"name\":\"acf\/common-image-left-section\",\"data\":{\"image\":8245,\"_image\":\"field_60c66ddbbdafe\"},\"align\":\"\",\"mode\":\"preview\"} \/-->\n\n<!-- wp:acf\/common-text-right-section {\"id\":\"block_63510e247489f\",\"name\":\"acf\/common-text-right-section\",\"data\":{\"field_60c66a6067e54\":\"\\u003cspan data-sheets-value=\\u0022{\\u0026quot;1\\u0026quot;:2,\\u0026quot;2\\u0026quot;:\\u0026quot;Kr\u00e1snohorsk\u00e1-H\u00f6hle\\u0026quot;}\\u0022 data-sheets-userformat=\\u0022{\\u0026quot;2\\u0026quot;:29121,\\u0026quot;3\\u0026quot;:{\\u0026quot;1\\u0026quot;:0,\\u0026quot;3\\u0026quot;:1},\\u0026quot;9\\u0026quot;:0,\\u0026quot;10\\u0026quot;:1,\\u0026quot;11\\u0026quot;:4,\\u0026quot;15\\u0026quot;:\\u0026quot;Calibri\\u0026quot;,\\u0026quot;16\\u0026quot;:11,\\u0026quot;17\\u0026quot;:1}\\u0022\\u003eKr\u00e1snohorsk\u00e1-H\u00f6hle\\u003c\/span\\u003e\\r\\n\\r\\n\\u003cspan data-sheets-value=\\u0022{\\u0026quot;1\\u0026quot;:2,\\u0026quot;2\\u0026quot;:\\u0026quot;Dies ist keine gew\u00f6hnliche H\u00f6hle, du ben\u00f6tigst H\u00f6hlenbekleidung, -schuhe, eine Stirnlampe und einen Helm. All dies wird dir von einem H\u00f6hlenf\u00fchrer bereitgestellt, der dich auf dem Weg durch die H\u00f6hle und bei der Suche nach einem echten Abenteuer begleitet.\\u0026quot;}\\u0022 data-sheets-userformat=\\u0022{\\u0026quot;2\\u0026quot;:12737,\\u0026quot;3\\u0026quot;:{\\u0026quot;1\\u0026quot;:0,\\u0026quot;3\\u0026quot;:1},\\u0026quot;9\\u0026quot;:0,\\u0026quot;10\\u0026quot;:1,\\u0026quot;11\\u0026quot;:4,\\u0026quot;15\\u0026quot;:\\u0026quot;Calibri\\u0026quot;,\\u0026quot;16\\u0026quot;:11}\\u0022\\u003eDies ist keine gew\u00f6hnliche H\u00f6hle, du ben\u00f6tigst H\u00f6hlenbekleidung, -schuhe, eine Stirnlampe und einen Helm. All dies wird dir von einem H\u00f6hlenf\u00fchrer bereitgestellt, der dich auf dem Weg durch die H\u00f6hle und bei der Suche nach einem echten Abenteuer begleitet.\\u003c\/span\\u003e\\r\\n\\r\\n\\u003cspan data-sheets-value=\\u0022{\\u0026quot;1\\u0026quot;:2,\\u0026quot;2\\u0026quot;:\\u0026quot;www.krasnohorska-jaskyna.sk\\u0026quot;}\\u0022 data-sheets-userformat=\\u0022{\\u0026quot;2\\u0026quot;:12737,\\u0026quot;3\\u0026quot;:{\\u0026quot;1\\u0026quot;:0,\\u0026quot;3\\u0026quot;:1},\\u0026quot;9\\u0026quot;:0,\\u0026quot;10\\u0026quot;:1,\\u0026quot;11\\u0026quot;:4,\\u0026quot;15\\u0026quot;:\\u0026quot;Calibri\\u0026quot;,\\u0026quot;16\\u0026quot;:11}\\u0022 data-sheets-hyperlink=\\u0022http:\/\/www.krasnohorska-jaskyna.sk\/\\u0022\\u003e\\u003ca class=\\u0022in-cell-link\\u0022 href=\\u0022http:\/\/www.krasnohorska-jaskyna.sk\/\\u0022 target=\\u0022_blank\\u0022 rel=\\u0022noopener\\u0022\\u003ewww.krasnohorska-jaskyna.sk\\u003c\/a\\u003e\\u003c\/span\\u003e\\r\\n\\r\\n\\u003cspan data-sheets-value=\\u0022{\\u0026quot;1\\u0026quot;:2,\\u0026quot;2\\u0026quot;:\\u0026quot;Praktische Informationen: Die H\u00f6hle ist vom 1.4. bis 31.10. ge\u00f6ffnet Die Saison dauert vom 1.7. bis 31.8. W\u00e4hrend der Saison finden in die H\u00f6hle zwei Eintritte pro Tag f\u00fcr maximal 20 Personen pro Eintritt, jeweils in zwei Gruppen mit jeweils max. 10 Personen statt. Die Mindestbesucherzahl betr\u00e4gt 4 Personen. Au\u00dferhalb der Saison ist der Eintritt in die H\u00f6hle nur nach vorheriger telefonischer Vereinbarung unter der Nummer: +421 905 412 048 oder per E-Mail: stankov@ke.psg.sk m\u00f6glich. Im Hinblick auf die begrenzte Besucherzahl pro Eintritt ist es ratsam, den H\u00f6hlenbesuch vorher zu reservieren, um den Zugang zur H\u00f6hle am gew\u00fcnschten Termin sicherzustellen. Kinder von 6 bis 15 Jahren k\u00f6nnen die H\u00f6hle in Begleitung ihrer Eltern besuchen. Der H\u00f6hlenrundgang ist nahezu f\u00fcr jeden geeignet. Er erfordert jedoch ein gewisses Ma\u00df an Beweglichkeit. Personen mit \u00dcbergewicht oder ernsten gesundheitlichen Problemen sollten den Besuch gut \u00fcberdenken.\\u0026quot;}\\u0022 data-sheets-userformat=\\u0022{\\u0026quot;2\\u0026quot;:12737,\\u0026quot;3\\u0026quot;:{\\u0026quot;1\\u0026quot;:0,\\u0026quot;3\\u0026quot;:1},\\u0026quot;9\\u0026quot;:0,\\u0026quot;10\\u0026quot;:1,\\u0026quot;11\\u0026quot;:4,\\u0026quot;15\\u0026quot;:\\u0026quot;Calibri\\u0026quot;,\\u0026quot;16\\u0026quot;:11}\\u0022\\u003ePraktische Informationen: Die H\u00f6hle ist vom 1.4. bis 31.10. ge\u00f6ffnet Die Saison dauert vom 1.7. bis 31.8. W\u00e4hrend der Saison finden in die H\u00f6hle zwei Eintritte pro Tag f\u00fcr maximal 20 Personen pro Eintritt, jeweils in zwei Gruppen mit jeweils max. 10 Personen statt. Die Mindestbesucherzahl betr\u00e4gt 4 Personen. Au\u00dferhalb der Saison ist der Eintritt in die H\u00f6hle nur nach vorheriger telefonischer Vereinbarung unter der Nummer: +421 905 412 048 oder per E-Mail: stankov@ke.psg.sk m\u00f6glich. Im Hinblick auf die begrenzte Besucherzahl pro Eintritt ist es ratsam, den H\u00f6hlenbesuch vorher zu reservieren, um den Zugang zur H\u00f6hle am gew\u00fcnschten Termin sicherzustellen. Kinder von 6 bis 15 Jahren k\u00f6nnen die H\u00f6hle in Begleitung ihrer Eltern besuchen. Der H\u00f6hlenrundgang ist nahezu f\u00fcr jeden geeignet. Er erfordert jedoch ein gewisses Ma\u00df an Beweglichkeit. Personen mit \u00dcbergewicht oder ernsten gesundheitlichen Problemen sollten den Besuch gut \u00fcberdenken.\\u003c\/span\\u003e\"},\"align\":\"\",\"mode\":\"preview\"} \/-->\n\n<!-- wp:acf\/common-image-right-section {\"id\":\"block_63510e24748a0\",\"name\":\"acf\/common-image-right-section\",\"data\":{\"image\":8248,\"_image\":\"field_60c66ddbbdafe\"},\"align\":\"\",\"mode\":\"preview\"} \/-->\n\n<!-- wp:acf\/theme-ambassador-section {\"id\":\"block_63510e24748a1\",\"name\":\"acf\/theme-ambassador-section\",\"data\":{},\"align\":\"\",\"mode\":\"preview\"} \/-->","_de_post_name":"","_de_post_excerpt":"","_de_post_title":"Verloren in Silica","_pl_post_content":"<!-- wp:acf\/common-text-left-section {\"name\":\"acf\/common-text-left-section\",\"data\":{\"field_60c66a6067e54\":\"\\u003cp style=\\u0022background: white; margin: 0cm 0cm 18.0pt 0cm;\\u0022\\u003e\\u003cstrong\\u003e\\u003cspan lang=\\u0022PL\\u0022 style=\\u0022font-family: 'Source Sans Pro',sans-serif; color: #3b3b3b;\\u0022\\u003eSzukasz ucieczki od nudy i raz po raz si\u0119gasz po zastrzyk adrenaliny, wykre\u015blaj\u0105c z listy kolejne atrakcje, kt\u00f3re musisz zaliczy\u0107 przed \u015bmierci\u0105? A mo\u017ce na Ciebie to nie dzia\u0142a? Chyba wiemy, dlaczego. Kosztowne i przereklamowane ucieczki w \u015bwiat tanich marze\u0144 po prostu si\u0119 nie sprawdzaj\u0105. Dlatego omi\u0144 szerokim \u0142ukiem wszystkie pu\u0142apki konsumpcjonizmu i otw\u00f3rz si\u0119 na co\u015b innego. Zakosztuj leniwego podr\u00f3\u017cowania, w kt\u00f3rym nie chodzi o \u201ezabaw\u0119 i relaks\u201d z folderu reklamowego.\\u003c\/span\\u003e\\u003c\/strong\\u003e\\u003c\/p\\u003e\"},\"mode\":\"preview\"} \/-->\n\n<!-- wp:acf\/common-text-right-section {\"name\":\"acf\/common-text-right-section\",\"data\":{\"field_60c66a6067e54\":\"\\u003cp style=\\u0022background: white; margin: 0cm 0cm 18.0pt 0cm;\\u0022\\u003e\\u003cspan lang=\\u0022PL\\u0022 style=\\u0022font-family: 'Source Sans Pro',sans-serif; color: #3b3b3b;\\u0022\\u003eLeniwe podr\u00f3\u017cowanie, takie, kt\u00f3re ma g\u0142\u0119bi\u0119, to tak naprawd\u0119 styl bycia. Wyobra\u017a sobie zielone \u0142\u0105ki porastaj\u0105ce ci\u0105gn\u0105ce si\u0119 w niesko\u0144czono\u015b\u0107 \u0142agodne wzg\u00f3rza, bia\u0142e ob\u0142oczki niczym owieczki p\u0142ywaj\u0105ce po niebie, kusz\u0105ce jak wata cukrowa. A po\u015br\u00f3d nich zupe\u0142nie pust\u0105, zakurzon\u0105 \u015bcie\u017ck\u0119. Oto prosta droga do wolno\u015bci i \u015bwietna okazja do oddania si\u0119 jednej z najbardziej niedocenianych czynno\u015bci \u2013 refleksji. Znamy takie miejsca! Proponujemy Ci punkt startowy i punkt ko\u0144cowy \u2013 sam zdecydujesz, czym wype\u0142nisz przestrze\u0144 pomi\u0119dzy. Tylko w ten spos\u00f3b b\u0119dziesz mia\u0142 szans\u0119 opu\u015bci\u0107 swoj\u0105 stref\u0119 komfortu, zagada\u0107 do obcych, a nawet polega\u0107 na ich radach. A przy okazji by\u0107 mo\u017ce pozb\u0119dziesz si\u0119 uprzedze\u0144 i zmienisz swoj\u0105 optyk\u0119. Bo to w\u0142a\u015bnie istota podr\u00f3\u017cowania \u2013 powr\u00f3t do autentyczno\u015bci, poznawanie \u015bwiata bez kiczowatej scenerii. Droga ma by\u0107 lekarstwem, okazj\u0105, by dotrze\u0107 do siebie i nawi\u0105za\u0107 nowe znajomo\u015bci. Zatem powodzenia w gubieniu i odnajdywaniu siebie na nowo na KRA\u0143CU \u015aWIATA!\\u003c\/span\\u003e\\u003c\/p\\u003e\"},\"mode\":\"preview\"} \/-->\n\n<!-- wp:acf\/common-image-right-section {\"name\":\"acf\/common-image-right-section\",\"data\":{\"image\":8247,\"_image\":\"field_60c66ddbbdafe\"},\"mode\":\"preview\"} \/-->\n\n<!-- wp:acf\/common-image-left-section {\"name\":\"acf\/common-image-left-section\",\"data\":{\"image\":8246,\"_image\":\"field_60c66ddbbdafe\"},\"mode\":\"preview\"} \/-->\n\n<!-- wp:acf\/common-text-right-section {\"name\":\"acf\/common-text-right-section\",\"data\":{\"field_60c66a6067e54\":\"\\u003cp style=\\u0022background: white; margin: 0cm 0cm 18.0pt 0cm;\\u0022\\u003e\\u003cstrong\\u003e\\u003cspan lang=\\u0022PL\\u0022 style=\\u0022font-family: 'Source Sans Pro',sans-serif; color: #3b3b3b;\\u0022\\u003eJaskinia Silicka Ladnica (Silick\u00e1 \u013eadnica)\\u003c\/span\\u003e\\u003c\/strong\\u003e\\u003c\/p\\u003e\\r\\n\\u003cp style=\\u0022background: white; margin: 0cm 0cm 18.0pt 0cm;\\u0022\\u003e\\u003cspan lang=\\u0022PL\\u0022 style=\\u0022font-family: 'Source Sans Pro',sans-serif; color: #3b3b3b;\\u0022\\u003eJakie\u015b 1,5 km za wsi\u0105 Silica znajduje si\u0119 niewielki parking. St\u0105d pieszo dotrzesz do oddalonej o 1 km jaskini, kt\u00f3ra jest otwarta przez ca\u0142y rok, a za wej\u015bcie i fotografowanie nie s\u0105 pobierane \u017cadne op\u0142aty. Ale polecamy Ci j\u0105 z innego powodu. Ot\u00f3\u017c jest to jaskinia z otwartym stropem. Dzi\u0119ki temu z tzw. galerii mo\u017cesz zobaczy\u0107 90-metrow\u0105 przepa\u015b\u0107. Co ciekawe, nawet w upalne letnie dni mo\u017cesz w niej zobaczy\u0107 sople lodu. St\u0105d ju\u017c tylko kawa\u0142ek do jaskini Babsk\u00e1 diera. Jest to w zasadzie przepa\u015b\u0107 o d\u0142ugo\u015bci 46 metr\u00f3w, kt\u00f3ra w zamierzch\u0142ej przesz\u0142o\u015bci by\u0142a miejscem kultu pradawnej kultury kyjatyckiej i \u015bwiadkiem krwawych obrz\u0119d\u00f3w z m\u0142odszej epoki kamienia. \u015awiadczy o tym odkrycie maski z ludzkiej czaszki u\u017cywanej w celach obrz\u0119dowych, a zatem sk\u0142adano tu ofiary z ludzi.\\u003c\/span\\u003e\\u003c\/p\\u003e\"},\"mode\":\"preview\"} \/-->\n\n<!-- wp:acf\/common-image-right-section {\"name\":\"acf\/common-image-right-section\",\"data\":{\"image\":8244,\"_image\":\"field_60c66ddbbdafe\"},\"mode\":\"preview\"} \/-->\n\n<!-- wp:acf\/common-text-left-section {\"name\":\"acf\/common-text-left-section\",\"data\":{\"field_60c66a6067e54\":\"\\u003cp style=\\u0022background: white; margin: 0cm 0cm 18.0pt 0cm;\\u0022\\u003e\\u003cstrong\\u003e\\u003cspan lang=\\u0022PL\\u0022 style=\\u0022font-family: 'Source Sans Pro',sans-serif; color: #3b3b3b;\\u0022\\u003eP\u0142askowy\u017c Silicki (Silick\u00e1 planina)\\u003c\/span\\u003e\\u003c\/strong\\u003e\\u003c\/p\\u003e\\r\\nZajmuje powierzchni\u0119 153 km2 i jest najwi\u0119kszym p\u0142askowy\u017cem w S\u0142owacji. Odkryto tu 17 jaski\u0144 i 14 przepa\u015bci. Niebo nad p\u0142askowy\u017cem jest na wyci\u0105gni\u0119cie r\u0119ki. Je\u015bli spojrze\u0107 w lewo, mo\u017cna dostrzec odleg\u0142e wierzcho\u0142ki g\u00f3r. Po mniej wi\u0119cej p\u00f3\u0142godzinnym spacerze dotrzesz do studni wahad\u0142owej z prost\u0105 \u0142aweczk\u0105. W pobli\u017cu znajduje si\u0119 podziemne Jaszczurze Jezioro (Ja\u0161teri\u010die jazero), o kt\u00f3rym dowiesz si\u0119 wi\u0119cej z tablicy informacyjnej. St\u0105d dojdziesz a\u017c do wsi Kr\u00e1snohorsk\u00e1 Dlh\u00e1 L\u00faka. Wyobra\u017a sobie w\u0119dr\u00f3wk\u0119 przez p\u0142askowy\u017c przy \u015bwietle ksi\u0119\u017cyca i gwiazd\u2026 A co powiesz na wsch\u00f3d s\u0142o\u0144ca na p\u0142askowy\u017cu?\"},\"mode\":\"preview\"} \/-->\n\n<!-- wp:acf\/common-image-left-section {\"name\":\"acf\/common-image-left-section\",\"data\":{\"image\":8245,\"_image\":\"field_60c66ddbbdafe\"},\"mode\":\"preview\"} \/-->\n\n<!-- wp:acf\/common-text-right-section {\"name\":\"acf\/common-text-right-section\",\"data\":{\"field_60c66a6067e54\":\"\\u003cp style=\\u0022background: white; margin: 0cm 0cm 18.0pt 0cm;\\u0022\\u003e\\u003cstrong\\u003e\\u003cspan lang=\\u0022PL\\u0022 style=\\u0022font-family: 'Source Sans Pro',sans-serif; color: #3b3b3b;\\u0022\\u003eJaskinia Krasnog\u00f3rska (Kr\u00e1snohorsk\u00e1 jasky\u0148a)\\u003c\/span\\u003e\\u003c\/strong\\u003e\\u003c\/p\\u003e\\r\\nTo nie jest zwyk\u0142a jaskinia. B\u0119dziesz do niej potrzebowa\u0107 specjalnego ekwipunku: odzie\u017cy, obuwia i kasku z czo\u0142\u00f3wk\u0105. To wszystko otrzymasz od przewodnika oprowadzaj\u0105cego po podziemiach, kt\u00f3ry b\u0119dzie towarzyszy\u0142 Ci w poszukiwaniu przyg\u00f3d.\\r\\n\\r\\n\\u003ca href=\\u0022http:\/\/www.krasnohorska-jaskyna.sk\\u0022\\u003ewww.krasnohorska-jaskyna.sk\\u003c\/a\\u003e\\r\\n\\r\\n\\u0026nbsp;\\r\\n\\r\\nInformacje praktyczne:\\r\\n\\r\\nJaskinia jest otwarta od 1 kwietnia do 31 pa\u017adziernika. Sezon trwa od 1 lipca do 31 sierpnia. W sezonie odbywaj\u0105 si\u0119 dwa wej\u015bcia dziennie, maksymalnie 20 os\u00f3b podzielonych na dwie grupy po 10 os\u00f3b. Minimalna liczba zwiedzaj\u0105cych to 4 osoby. Poza sezonem zwiedzanie jaskini jest mo\u017cliwe po telefonicznym lub mailowym uzgodnieniu terminu. Z uwagi na ograniczon\u0105 liczb\u0119 odwiedzaj\u0105cych warto zarezerwowa\u0107 konkretny termin. Dzieci w wieku od 6 do 15 lat mog\u0105 zwiedza\u0107 jaskini\u0119 pod opiek\u0105 doros\u0142ych.\\r\\n\\r\\nCho\u0107 wi\u0119kszo\u015b\u0107 os\u00f3b nie powinna mie\u0107 problem\u00f3w z przebyciem trasy, to jednak wymagana jest pewna sprawno\u015b\u0107 ruchowa. Wizyt\u0119 w jaskini powinny rozwa\u017cy\u0107 osoby z nadwag\u0105 i powa\u017cnymi problemami zdrowotnymi.\\r\\n\\r\\nTel.: +421 905 412 048\\r\\n\\r\\nE- mail: stankov@ke.psg.sk\"},\"mode\":\"preview\"} \/-->\n\n<!-- wp:acf\/common-image-right-section {\"name\":\"acf\/common-image-right-section\",\"data\":{\"image\":8248,\"_image\":\"field_60c66ddbbdafe\"},\"mode\":\"preview\"} \/-->\n\n<!-- wp:acf\/theme-ambassador-section {\"name\":\"acf\/theme-ambassador-section\",\"data\":{},\"mode\":\"preview\"} \/-->\n\n<!-- wp:acf\/common-text-right-section {\"name\":\"acf\/common-text-right-section\",\"data\":{\"text\":\"Leniv\u00e9 cestovanie, \\u0022cestovanie s porozumen\u00edm\\u0022, je s\u00fa\u010das\u0165ou \u017eivotn\u00e9ho postoja. Predstavte si zelen\u00fa l\u00faku na nekone\u010dnom jemne zaoblenom chrbte planiny, biele pavu\u010dinov\u00e9 obl\u00e1\u010diky pl\u00e1vaj\u00face na modrej oblohe, z ktor\u00fdch si viete odrhn\u00fa\u0165 ako z cukrovej vaty. Jeden \u00fazky pra\u0161n\u00fd chodn\u00edk pre v\u00e1s. Ve\u013emi jednoduch\u00e1 cesta k slobode a s\u00fa\u010dasne skvel\u00e1 \u0161anca venova\u0165 sa jednej z najpodce\u0148ovanej\u0161\u00edch aktiv\u00edt - prem\u00fd\u0161\u013eaniu. Pozn\u00e1me tak\u00e9 miesta! Pon\u00fakame iba \u0161tart a cie\u013e, to \u010d\u00edm priestor medzi t\u00fdmito bodmi vypln\u00edte je na v\u00e1s. Viackr\u00e1t vyjdete zo svojej komfortnej z\u00f3ny, budete musie\u0165 hovori\u0165 a spolieha\u0165 na cudz\u00edch \u013eud\u00ed, popri tom mo\u017eno strat\u00edte predsudky, prep\u00ed\u0161ete mnoho osobn\u00fdch pravidiel. Toto je podstata cestovania - n\u00e1vrat k skuto\u010dn\u00e9mu, spozn\u00e1vanie bez g\u00fd\u010dov\u00fdch kul\u00eds. Cestovanie m\u00e1 by\u0165 liek, pr\u00edle\u017eitos\u0165 n\u00e1js\u0165 s\u00e1m seba i nov\u00fdch priate\u013eov. Stra\u0165te sa a znova n\u00e1jdite na KRAJI SVETA.\",\"_text\":\"field_60c66a6067e54\"},\"mode\":\"preview\"} \/-->\n\n<!-- wp:acf\/common-image-right-section {\"name\":\"acf\/common-image-right-section\",\"data\":{\"image\":8247,\"_image\":\"field_60c66ddbbdafe\"},\"mode\":\"preview\"} \/-->\n\n<!-- wp:acf\/common-image-left-section {\"name\":\"acf\/common-image-left-section\",\"data\":{\"image\":8246,\"_image\":\"field_60c66ddbbdafe\"},\"mode\":\"preview\"} \/-->\n\n<!-- wp:acf\/common-text-right-section {\"name\":\"acf\/common-text-right-section\",\"data\":{\"text\":\"\\u003cstrong\\u003eSilick\u00e1 \u013eadnica\\u003c\/strong\\u003e\\r\\n\\r\\nAsi kilometer a pol za obcou Silica sa nach\u00e1dza mal\u00e9 odstavn\u00e9 parkovisko pri Silickej \u013eadnici. Odtia\u013e sa pe\u0161i dostanete k 1 km vzdialenej jaskyni. Silick\u00e1 \u013eadnica je verejnosti dostupn\u00e1 celoro\u010dne, bez vstupn\u00e9ho a fotopoplatkov. Ale to nie je jedin\u00fd d\u00f4vod, pre\u010do v\u00e1s tam posielame. Silick\u00e1 \u013eadnica je jasky\u0148a s preboren\u00fdm stropom. Zo zabezpe\u010den\u00e9ho chodn\u00edka \u2013 gal\u00e9rie, m\u00f4\u017eete pozorova\u0165 a\u017e 90 metrov\u00fa hlbok\u00fa priepas\u0165. Zvl\u00e1\u0161tne je, \u017ee sa v nej aj po\u010das hor\u00facich letn\u00fdch dn\u00ed udr\u017e\u00ed mal\u00fd \u013eadov\u00fd kvape\u013e. Odtia\u013e je len k\u00fasok k Babskej diere - 46 metrov dlhej jaskynnej priepasti \u2013 n\u00e1lezisku kultov\u00e9ho s\u00eddla d\u00e1vnej kyjatickej kult\u00fary. Toto miesto je svedkom krvav\u00fdch obradov mlad\u0161ej doby kamennej. D\u00f4kazom je n\u00e1lez masky vyrobenej z tv\u00e1rovej lebky \u010dloveka, ktor\u00e1 sa pou\u017e\u00edvala pri kultov\u00fdch obradoch s \u013eudsk\u00fdmi obe\u0165ami.\",\"_text\":\"field_60c66a6067e54\"},\"mode\":\"preview\"} \/-->\n\n<!-- wp:acf\/common-image-right-section {\"name\":\"acf\/common-image-right-section\",\"data\":{\"image\":8244,\"_image\":\"field_60c66ddbbdafe\"},\"mode\":\"preview\"} \/-->\n\n<!-- wp:acf\/common-text-left-section {\"name\":\"acf\/common-text-left-section\",\"data\":{\"text\":\"\\u003cstrong\\u003eSilick\u00e1 planina\\u003c\/strong\\u003e\\r\\n\\r\\nM\u00e1 rozlohu 153 km \u0161tvorcov\u00fdch, je najv\u00e4\u010d\u0161ou planinou Slovenska zo 17 objaven\u00fdmi jasky\u0148ami a 14 priepas\u0165ami. Nebo nad planinou je \u00faplne na dotyk. V\u013eavo m\u00f4\u017eete pozorova\u0165 aj vzdialen\u00e9 \u0161t\u00edty slovensk\u00fdch ve\u013eh\u00f4r. Pribli\u017ene po polhodine ch\u00f4dze sa dostanete k tradi\u010dnej vahadlovej studni s jednoduch\u00fdm posedom. Bl\u00edzko sa nach\u00e1dza podzemn\u00e9 Ja\u0161teri\u010die jazero, o ktorom sa dozviete z osadenej informa\u010dnej tabule. Dostanete sa a\u017e do Kr\u00e1snohorskej Dlhej l\u00faky. Viete si predstavi\u0165 prejs\u0165 planinou len za svitu mesiaca a hviezd? A \u010do tak vy\u010dka\u0165 na v\u00fdchod slnka priamo na planine?\",\"_text\":\"field_60c66a6067e54\"},\"mode\":\"preview\"} \/-->\n\n<!-- wp:acf\/common-image-left-section {\"name\":\"acf\/common-image-left-section\",\"data\":{\"image\":8245,\"_image\":\"field_60c66ddbbdafe\"},\"mode\":\"preview\"} \/-->\n\n<!-- wp:acf\/common-text-right-section {\"name\":\"acf\/common-text-right-section\",\"data\":{\"text\":\"\\u003cstrong\\u003eKr\u00e1snohorsk\u00e1 jasky\u0148a\\u003c\/strong\\u003e\\r\\n\\r\\nNie je to oby\u010dajn\u00e1 jasky\u0148a, budete potrebova\u0165 jaskyniarsky odev, obuv, \u010delovku a helmu. To v\u0161etko v\u00e1m zabezpe\u010d\u00ed jaskyniar, ktor\u00fd v\u00e1s jasky\u0148ou a h\u013eadan\u00edm skuto\u010dn\u00e9ho dobrodru\u017estva prevedie. www.krasnohorska-jaskyna.sk\\r\\n\\r\\nPraktick\u00e9 inform\u00e1cie: Jasky\u0148a je otvoren\u00e1 od 1. 4. do 31. 10. Sez\u00f3na trv\u00e1 od 1. 7. do 31. 8. V sez\u00f3ne sa uskuto\u010d\u0148uj\u00fa do jaskyne 2 vstupy denne pre maxim\u00e1lne 20 os\u00f4b na jeden vstup v dvoch skupin\u00e1ch po maxim\u00e1lne 10 os\u00f4b. Minim\u00e1lny po\u010det na vstup s\u00fa 4 osoby. Mimo sez\u00f3ny je potrebn\u00e9 vstup do jaskyne dopredu dohodn\u00fa\u0165 telefonicky na \u010d\u00edsle: 0905 412 048 alebo emailom: stankov@ke.psg.sk. Vzh\u013eadom na obmedzen\u00fd po\u010det n\u00e1v\u0161tevn\u00edkov na jeden vstup je lep\u0161ie si n\u00e1v\u0161tevu jaskyne rezervova\u0165, aby ste na vybran\u00fd term\u00edn do jaskyne aj dostali. Jasky\u0148u m\u00f4\u017eu nav\u0161t\u00edvi\u0165 deti od 6 do 15 rokov v\u00a0 sprievode rodi\u010dov. Prehliadkov\u00e1 trasa je vhodn\u00e1 takmer pre v\u0161etk\u00fdch. Vy\u017eaduje v\u0161ak ur\u010dit\u00fa pohyblivos\u0165. N\u00e1v\u0161tevu by mali zv\u00e1\u017ei\u0165 \u013eudia s nadv\u00e1hou alebo s v\u00e1\u017enymi zdravotn\u00fdmi probl\u00e9mami.\",\"_text\":\"field_60c66a6067e54\"},\"mode\":\"preview\"} \/-->\n\n<!-- wp:acf\/common-image-right-section {\"name\":\"acf\/common-image-right-section\",\"data\":{\"image\":8248,\"_image\":\"field_60c66ddbbdafe\"},\"mode\":\"preview\"} \/-->\n\n<!-- wp:acf\/theme-ambassador-section {\"name\":\"acf\/theme-ambassador-section\",\"mode\":\"preview\"} \/-->","_pl_post_name":"","_pl_post_excerpt":"","_pl_post_title":" Zagubiony w Silicy","_it_post_content":"","_it_post_name":"","_it_post_excerpt":"","_it_post_title":"","edit_language":"pl","footnotes":""},"topic_group":[430],"class_list":["post-7404","topic","type-topic","status-publish","format-standard","has-post-thumbnail","hentry","topic_group-strat-sa-v-regionoch"],"acf":[],"yoast_head":"<!-- This site is optimized with the Yoast SEO Premium plugin v25.5 (Yoast SEO v27.4) - https:\/\/yoast.com\/product\/yoast-seo-premium-wordpress\/ -->\n<title>Ko\u0161ice Regi\u00f3n<\/title>\n<meta name=\"robots\" content=\"index, follow, max-snippet:-1, max-image-preview:large, max-video-preview:-1\" \/>\n<link rel=\"canonical\" href=\"https:\/\/www.kosiceregion.com\/sk\/topic\/strateny-v-silici\/\" \/>\n<meta property=\"og:locale\" content=\"pl_PL\" \/>\n<meta property=\"og:type\" content=\"article\" \/>\n<meta property=\"og:title\" content=\"Straten\u00fd v Silici\" \/>\n<meta property=\"og:url\" content=\"https:\/\/www.kosiceregion.com\/pl\/wp-json\/wp\/v2\/topics\/7404\" \/>\n<meta property=\"og:site_name\" content=\"Ko\u0161ice Regi\u00f3n\" \/>\n<meta property=\"article:publisher\" content=\"https:\/\/www.facebook.com\/kosiceregion\" \/>\n<meta property=\"article:modified_time\" content=\"2023-06-29T12:50:53+00:00\" \/>\n<meta property=\"og:image\" content=\"https:\/\/www.kosiceregion.com\/wp-content\/uploads\/2021\/12\/krasnohorska_jaskyna_ALTWAY-11-scaled.jpg\" \/>\n\t<meta property=\"og:image:width\" content=\"2560\" \/>\n\t<meta property=\"og:image:height\" content=\"1440\" \/>\n\t<meta property=\"og:image:type\" content=\"image\/jpeg\" \/>\n<meta name=\"twitter:card\" content=\"summary_large_image\" \/>\n<meta name=\"twitter:site\" content=\"@KOSICEREGION\" \/>\n<script type=\"application\/ld+json\" class=\"yoast-schema-graph\">{\"@context\":\"https:\\\/\\\/schema.org\",\"@graph\":[{\"@type\":\"WebPage\",\"@id\":\"https:\\\/\\\/www.kosiceregion.com\\\/sk\\\/topic\\\/strateny-v-silici\\\/\",\"url\":\"https:\\\/\\\/www.kosiceregion.com\\\/sk\\\/topic\\\/strateny-v-silici\\\/\",\"name\":\"Straten\u00fd v Silici - Ko\u0161ice Regi\u00f3n\",\"isPartOf\":{\"@id\":\"https:\\\/\\\/www.kosiceregion.com\\\/#website\"},\"primaryImageOfPage\":{\"@id\":\"https:\\\/\\\/www.kosiceregion.com\\\/sk\\\/topic\\\/strateny-v-silici\\\/#primaryimage\"},\"image\":{\"@id\":\"https:\\\/\\\/www.kosiceregion.com\\\/sk\\\/topic\\\/strateny-v-silici\\\/#primaryimage\"},\"thumbnailUrl\":\"https:\\\/\\\/www.kosiceregion.com\\\/wp-content\\\/uploads\\\/2021\\\/12\\\/krasnohorska_jaskyna_ALTWAY-11-scaled.jpg\",\"datePublished\":\"2021-12-09T13:29:42+00:00\",\"dateModified\":\"2023-06-29T12:50:53+00:00\",\"breadcrumb\":{\"@id\":\"https:\\\/\\\/www.kosiceregion.com\\\/sk\\\/topic\\\/strateny-v-silici\\\/#breadcrumb\"},\"inLanguage\":\"pl-PL\",\"potentialAction\":[{\"@type\":\"ReadAction\",\"target\":[\"https:\\\/\\\/www.kosiceregion.com\\\/sk\\\/topic\\\/strateny-v-silici\\\/\"]}]},{\"@type\":\"ImageObject\",\"inLanguage\":\"pl-PL\",\"@id\":\"https:\\\/\\\/www.kosiceregion.com\\\/sk\\\/topic\\\/strateny-v-silici\\\/#primaryimage\",\"url\":\"https:\\\/\\\/www.kosiceregion.com\\\/wp-content\\\/uploads\\\/2021\\\/12\\\/krasnohorska_jaskyna_ALTWAY-11-scaled.jpg\",\"contentUrl\":\"https:\\\/\\\/www.kosiceregion.com\\\/wp-content\\\/uploads\\\/2021\\\/12\\\/krasnohorska_jaskyna_ALTWAY-11-scaled.jpg\",\"width\":2560,\"height\":1440},{\"@type\":\"BreadcrumbList\",\"@id\":\"https:\\\/\\\/www.kosiceregion.com\\\/sk\\\/topic\\\/strateny-v-silici\\\/#breadcrumb\",\"itemListElement\":[{\"@type\":\"ListItem\",\"position\":1,\"name\":\"Home\",\"item\":\"https:\\\/\\\/www.kosiceregion.com\\\/sk\\\/\"},{\"@type\":\"ListItem\",\"position\":2,\"name\":\"Straten\u00fd v Silici\"}]},{\"@type\":\"WebSite\",\"@id\":\"https:\\\/\\\/www.kosiceregion.com\\\/#website\",\"url\":\"https:\\\/\\\/www.kosiceregion.com\\\/\",\"name\":\"Ko\u0161ice Regi\u00f3n\",\"description\":\"Turistick\u00fd sprievodca Ko\u0161ick\u00fdm krajom\",\"publisher\":{\"@id\":\"https:\\\/\\\/www.kosiceregion.com\\\/#organization\"},\"potentialAction\":[{\"@type\":\"SearchAction\",\"target\":{\"@type\":\"EntryPoint\",\"urlTemplate\":\"https:\\\/\\\/www.kosiceregion.com\\\/?s={search_term_string}\"},\"query-input\":{\"@type\":\"PropertyValueSpecification\",\"valueRequired\":true,\"valueName\":\"search_term_string\"}}],\"inLanguage\":\"pl-PL\"},{\"@type\":\"Organization\",\"@id\":\"https:\\\/\\\/www.kosiceregion.com\\\/#organization\",\"name\":\"Ko\u0161ice Regi\u00f3n Turizmus\",\"url\":\"https:\\\/\\\/www.kosiceregion.com\\\/\",\"logo\":{\"@type\":\"ImageObject\",\"inLanguage\":\"pl-PL\",\"@id\":\"https:\\\/\\\/www.kosiceregion.com\\\/#\\\/schema\\\/logo\\\/image\\\/\",\"url\":\"https:\\\/\\\/www.kosiceregion.com\\\/wp-content\\\/uploads\\\/2019\\\/03\\\/logo-web-sk.png\",\"contentUrl\":\"https:\\\/\\\/www.kosiceregion.com\\\/wp-content\\\/uploads\\\/2019\\\/03\\\/logo-web-sk.png\",\"width\":225,\"height\":100,\"caption\":\"Ko\u0161ice Regi\u00f3n Turizmus\"},\"image\":{\"@id\":\"https:\\\/\\\/www.kosiceregion.com\\\/#\\\/schema\\\/logo\\\/image\\\/\"},\"sameAs\":[\"https:\\\/\\\/www.facebook.com\\\/kosiceregion\",\"https:\\\/\\\/x.com\\\/KOSICEREGION\",\"https:\\\/\\\/www.instagram.com\\\/kosiceregion\",\"https:\\\/\\\/www.youtube.com\\\/kosiceregion\"]}]}<\/script>\n<!-- \/ Yoast SEO Premium plugin. -->","yoast_head_json":{"title":"Ko\u0161ice Regi\u00f3n","robots":{"index":"index","follow":"follow","max-snippet":"max-snippet:-1","max-image-preview":"max-image-preview:large","max-video-preview":"max-video-preview:-1"},"canonical":"https:\/\/www.kosiceregion.com\/sk\/topic\/strateny-v-silici\/","og_locale":"pl_PL","og_type":"article","og_title":"Straten\u00fd v Silici","og_url":"https:\/\/www.kosiceregion.com\/pl\/wp-json\/wp\/v2\/topics\/7404","og_site_name":"Ko\u0161ice Regi\u00f3n","article_publisher":"https:\/\/www.facebook.com\/kosiceregion","article_modified_time":"2023-06-29T12:50:53+00:00","og_image":[{"width":2560,"height":1440,"url":"https:\/\/www.kosiceregion.com\/wp-content\/uploads\/2021\/12\/krasnohorska_jaskyna_ALTWAY-11-scaled.jpg","type":"image\/jpeg"}],"twitter_card":"summary_large_image","twitter_site":"@KOSICEREGION","schema":{"@context":"https:\/\/schema.org","@graph":[{"@type":"WebPage","@id":"https:\/\/www.kosiceregion.com\/sk\/topic\/strateny-v-silici\/","url":"https:\/\/www.kosiceregion.com\/sk\/topic\/strateny-v-silici\/","name":"Straten\u00fd v Silici - Ko\u0161ice Regi\u00f3n","isPartOf":{"@id":"https:\/\/www.kosiceregion.com\/#website"},"primaryImageOfPage":{"@id":"https:\/\/www.kosiceregion.com\/sk\/topic\/strateny-v-silici\/#primaryimage"},"image":{"@id":"https:\/\/www.kosiceregion.com\/sk\/topic\/strateny-v-silici\/#primaryimage"},"thumbnailUrl":"https:\/\/www.kosiceregion.com\/wp-content\/uploads\/2021\/12\/krasnohorska_jaskyna_ALTWAY-11-scaled.jpg","datePublished":"2021-12-09T13:29:42+00:00","dateModified":"2023-06-29T12:50:53+00:00","breadcrumb":{"@id":"https:\/\/www.kosiceregion.com\/sk\/topic\/strateny-v-silici\/#breadcrumb"},"inLanguage":"pl-PL","potentialAction":[{"@type":"ReadAction","target":["https:\/\/www.kosiceregion.com\/sk\/topic\/strateny-v-silici\/"]}]},{"@type":"ImageObject","inLanguage":"pl-PL","@id":"https:\/\/www.kosiceregion.com\/sk\/topic\/strateny-v-silici\/#primaryimage","url":"https:\/\/www.kosiceregion.com\/wp-content\/uploads\/2021\/12\/krasnohorska_jaskyna_ALTWAY-11-scaled.jpg","contentUrl":"https:\/\/www.kosiceregion.com\/wp-content\/uploads\/2021\/12\/krasnohorska_jaskyna_ALTWAY-11-scaled.jpg","width":2560,"height":1440},{"@type":"BreadcrumbList","@id":"https:\/\/www.kosiceregion.com\/sk\/topic\/strateny-v-silici\/#breadcrumb","itemListElement":[{"@type":"ListItem","position":1,"name":"Home","item":"https:\/\/www.kosiceregion.com\/sk\/"},{"@type":"ListItem","position":2,"name":"Straten\u00fd v Silici"}]},{"@type":"WebSite","@id":"https:\/\/www.kosiceregion.com\/#website","url":"https:\/\/www.kosiceregion.com\/","name":"Ko\u0161ice Regi\u00f3n","description":"Turistick\u00fd sprievodca Ko\u0161ick\u00fdm krajom","publisher":{"@id":"https:\/\/www.kosiceregion.com\/#organization"},"potentialAction":[{"@type":"SearchAction","target":{"@type":"EntryPoint","urlTemplate":"https:\/\/www.kosiceregion.com\/?s={search_term_string}"},"query-input":{"@type":"PropertyValueSpecification","valueRequired":true,"valueName":"search_term_string"}}],"inLanguage":"pl-PL"},{"@type":"Organization","@id":"https:\/\/www.kosiceregion.com\/#organization","name":"Ko\u0161ice Regi\u00f3n Turizmus","url":"https:\/\/www.kosiceregion.com\/","logo":{"@type":"ImageObject","inLanguage":"pl-PL","@id":"https:\/\/www.kosiceregion.com\/#\/schema\/logo\/image\/","url":"https:\/\/www.kosiceregion.com\/wp-content\/uploads\/2019\/03\/logo-web-sk.png","contentUrl":"https:\/\/www.kosiceregion.com\/wp-content\/uploads\/2019\/03\/logo-web-sk.png","width":225,"height":100,"caption":"Ko\u0161ice Regi\u00f3n Turizmus"},"image":{"@id":"https:\/\/www.kosiceregion.com\/#\/schema\/logo\/image\/"},"sameAs":["https:\/\/www.facebook.com\/kosiceregion","https:\/\/x.com\/KOSICEREGION","https:\/\/www.instagram.com\/kosiceregion","https:\/\/www.youtube.com\/kosiceregion"]}]}},"_links":{"self":[{"href":"https:\/\/www.kosiceregion.com\/pl\/wp-json\/wp\/v2\/topics\/7404","targetHints":{"allow":["GET"]}}],"collection":[{"href":"https:\/\/www.kosiceregion.com\/pl\/wp-json\/wp\/v2\/topics"}],"about":[{"href":"https:\/\/www.kosiceregion.com\/pl\/wp-json\/wp\/v2\/types\/topic"}],"author":[{"embeddable":true,"href":"https:\/\/www.kosiceregion.com\/pl\/wp-json\/wp\/v2\/users\/10"}],"version-history":[{"count":5,"href":"https:\/\/www.kosiceregion.com\/pl\/wp-json\/wp\/v2\/topics\/7404\/revisions"}],"predecessor-version":[{"id":11227,"href":"https:\/\/www.kosiceregion.com\/pl\/wp-json\/wp\/v2\/topics\/7404\/revisions\/11227"}],"wp:featuredmedia":[{"embeddable":true,"href":"https:\/\/www.kosiceregion.com\/pl\/wp-json\/wp\/v2\/media\/8918"}],"wp:attachment":[{"href":"https:\/\/www.kosiceregion.com\/pl\/wp-json\/wp\/v2\/media?parent=7404"}],"wp:term":[{"taxonomy":"topic_group","embeddable":true,"href":"https:\/\/www.kosiceregion.com\/pl\/wp-json\/wp\/v2\/topic_group?post=7404"}],"curies":[{"name":"wp","href":"https:\/\/api.w.org\/{rel}","templated":true}]}}